{"id":868,"date":"2023-06-07T09:42:29","date_gmt":"2023-06-07T07:42:29","guid":{"rendered":"https:\/\/www.entreculturas.org\/?post_type=xxx&#038;p=868"},"modified":"2024-09-20T09:45:08","modified_gmt":"2024-09-20T07:45:08","slug":"la-campana-la-luz-de-las-ninas-llega-a-sudan-del-sur","status":"publish","type":"xxx","link":"https:\/\/www.entreculturas.org\/gl\/la-luz-de-las-ninas\/noticia\/la-campana-la-luz-de-las-ninas-llega-a-sudan-del-sur\/","title":{"rendered":"La campa\u00f1a La LUZ de las NI\u00d1AS llega a Sud\u00e1n del Sur"},"content":{"rendered":"<p><span style=\"color: #ff0000;\"><b>Un contexto complejo para la educaci\u00f3n de las ni\u00f1as<\/b><\/span><\/p>\n<p><span style=\"font-weight: 400;\">En <strong>Sud\u00e1n del Sur,<\/strong> como en otros pa\u00edses del mundo, <strong>las ni\u00f1as se enfrentan a m\u00faltiples tipos de violencia<\/strong>. Adem\u00e1s, el cierre de las escuelas a causa del covid &#8211; 19 en 2021 ha supuesto en el pa\u00eds un aumento del matrimonio infantil y los embarazos precoces en ni\u00f1as y adolescentes, lo que hace que, ahora m\u00e1s que nunca, sea importante reforzar todo el trabajo realizado en el pa\u00eds a trav\u00e9s de nuestra intervenci\u00f3n de<strong> La LUZ de las NI\u00d1AS,<\/strong> presente en la zona desde hace cuatro a\u00f1os. Queremos <strong>visibilizar e incidir sobre la situaci\u00f3n de las ni\u00f1as desplazadas y escuchar sus voces<\/strong>. Por eso, este a\u00f1o, Sud\u00e1n del Sur es el nuevo pa\u00eds que se incorpora a la campa\u00f1a<strong> La LUZ de las NI\u00d1AS.<\/strong><\/span><\/p>\n<p><span style=\"font-weight: 400;\">\u201cEl covid 19 afect\u00f3 mucho a las ni\u00f1as, muchas no volvieron a la escuela cuando abrieron o se hab\u00edan quedado embarazadas. Mi deseo es que se aumente el apoyo para la educaci\u00f3n de las ni\u00f1as, ya que no es suficiente, y que los Gobiernos nos consideren a las ni\u00f1as y tomen en cuenta nuestras voces\u201d, afirma Wilma (15 a\u00f1os), alumna del King\u2019s College en Yambio, Sud\u00e1n del Sur.\u00a0<\/span><\/p>\n<p><span style=\"font-weight: 400;\">Sud\u00e1n del Sur es considerado el pa\u00eds m\u00e1s joven del mundo, pero sigue siendo la <strong>mayor crisis humanitaria y de personas desplazadas de \u00c1frica<\/strong> con 2,2 millones de personas refugiadas y 1,66 millones desplazadas internas, seg\u00fan ACNUR. Adem\u00e1s, en 2019, ocupaba el s\u00e9ptimo puesto en el ranking mundial de <strong>pa\u00edses con mayor tasa de matrimonio infantil,<\/strong> ya que un 52% de las ni\u00f1as menores de 18 a\u00f1o estaban casadas.<\/span><\/p>\n<p><span style=\"color: #ff0000;\"><b>La LUZ de las NI\u00d1AS en Sud\u00e1n del Sur<\/b><\/span><\/p>\n<p><span style=\"font-weight: 400;\">A trav\u00e9s del programa de <strong>La LUZ de las NI\u00d1AS en Sud\u00e1n del Sur<\/strong>, trabajamos en Yambio, al sudeste del pa\u00eds, junto con el <strong>Servicio Jesuita a Refugiados<\/strong>, donde hemos acompa\u00f1ado a m\u00e1s de<strong> 1.000 ni\u00f1as y adolescentes afectadas por el conflicto,<\/strong> promoviendo el acceso y continuidad de su educaci\u00f3n, una mejora en su educaci\u00f3n sexual y gesti\u00f3n de la menstruaci\u00f3n o generaci\u00f3n de espacios seguros.<\/span><\/p>\n<p><span style=\"font-weight: 400;\">En este contexto, existen muy pocos espacios donde las ni\u00f1as puedan socializar, y las tareas dom\u00e9sticas limitan su tiempo disponible para estudiar o participar en actividades fuera del hogar. Es esencial asegurar que la comunidad escolar asuma un papel m\u00e1s activo en el apoyo a los espacios seguros para que las ni\u00f1as puedan mejorar sus conocimientos sobre sus derechos y acceder a modelos de conducta que puedan ayudarlas a ampliar sus horizontes e imaginar una vida diferente m\u00e1s all\u00e1 del matrimonio y la maternidad inminentes.<\/span><\/p>\n<p><span style=\"font-weight: 400;\">A pesar de la complejidad del contexto, y los riesgos a los que se enfrentan las ni\u00f1as en esta situaci\u00f3n de crisis, gracias al acompa\u00f1amiento y capacitaci\u00f3n a trav\u00e9s de<strong> La LUZ de las NI\u00d1AS<\/strong> se ha conseguido grandes logros, como <strong>reducir el abandono escolar de las ni\u00f1as a causa del matrimonio o el embarazo precoz.<\/strong>\u00a0<\/span><\/p>\n<p><span style=\"color: #ff0000;\"><b>Visibilizar la violencia para que la LUZ siga brillando<\/b><\/span><\/p>\n<p><img decoding=\"async\" class=\"alignnone wp-image-871 size-large\" src=\"https:\/\/www.laluzdelasninas.org\/app\/uploads\/2023\/06\/IMG_20230524_114515-1024x768.jpg\" alt=\"\" width=\"1024\" height=\"768\" \/><i><span style=\"font-weight: 400;\">Ni\u00f1as en Yambio durante la actividad del mural painting. \u00a9 Laura Lora\/Entreculturas<\/span><\/i><\/p>\n<p><img decoding=\"async\" class=\"alignnone wp-image-872 size-large\" src=\"https:\/\/www.laluzdelasninas.org\/app\/uploads\/2023\/06\/IMG_20230524_115024-1024x768.jpg\" alt=\"\" width=\"1024\" height=\"768\" \/><i><span style=\"font-weight: 400;\">Ni\u00f1as en Yambio durante la actividad del mural painting. \u00a9 Laura Lora\/Entreculturas<\/span><\/i><\/p>\n<p><span style=\"font-weight: 400;\">La campa\u00f1a La LUZ de las NI\u00d1AS arranc\u00f3 el mes de mayo en Yambio con dos actividades para visibilizar la violencia que sufren las ni\u00f1as en la zona:<\/span><\/p>\n<p><b>Mural painting: <\/b><span style=\"font-weight: 400;\">\u00a0un grupo de ni\u00f1as, participantes del proyecto La LUZ de las NI\u00d1AS, se reunieron durante una sesi\u00f3n creativa para pintar un mural reivindicativo contra la violencia hacia las ni\u00f1as. El proceso creativo estuvo acompa\u00f1ado por una especialista en educaci\u00f3n que ayud\u00f3 a las ni\u00f1as a expresarse a trav\u00e9s del arte. La sesi\u00f3n comenz\u00f3 con un focus group y una charla introductoria sobre los derechos de las ni\u00f1as y los tipos de violencia a los que hacen frente para finalizar con la decoraci\u00f3n del mural en una de las paredes de la escuela primaria.\u00a0<\/span><\/p>\n<p><b>I will tell you my story:<\/b><span style=\"font-weight: 400;\"> durante el segundo d\u00eda de trabajo de la campa\u00f1a, un grupo de 6 ni\u00f1as llevaron a cabo la actividad \u201cI will tell you my\u00a0 story\u201d. La actividad consisti\u00f3 en una serie de\u00a0 entrevistas grupales guiadas y una discusi\u00f3n sobre diferentes temas, como la violencia hacia las ni\u00f1as, la importancia de la educaci\u00f3n, los efectos del conflicto, la desigualdad de g\u00e9nero o la gesti\u00f3n de la menstruaci\u00f3n, entre otros. Al final de la sesi\u00f3n las ni\u00f1as hicieron unos dibujos que representaban algunos de los temas que hab\u00edan tratado. Actualmente, esta\u00a0 actividad se est\u00e1 llevando a cabo en otros pa\u00edses como Uganda, Kenia y Etiop\u00eda y el resultado ser\u00e1 un libro recopilatorio de las historias de ni\u00f1as que se lanzar\u00e1 en el mes de septiembre.\u00a0<\/span><\/p>\n<p><span style=\"font-weight: 400;\">A trav\u00e9s de la incorporaci\u00f3n de Sud\u00e1n del Sur a la campa\u00f1a <strong>La LUZ de las NI\u00d1AS,<\/strong> reforzaremos nuestro trabajo en la zona y seguiremos <strong>visibilizando la situaci\u00f3n de las ni\u00f1as v\u00edctimas del conflicto para que su LUZ siga brillando<\/strong>.<\/span><\/p>\n","protected":false},"excerpt":{"rendered":"<p>Un contexto complejo para la educaci\u00f3n de las ni\u00f1as En Sud\u00e1n del Sur, como en otros pa\u00edses del mundo, las ni\u00f1as se enfrentan a m\u00faltiples tipos de violencia. Adem\u00e1s, el cierre de las escuelas a causa del covid &#8211; 19 en 2021 ha supuesto en el pa\u00eds un aumento del matrimonio infantil y los embarazos precoces en ni\u00f1as y adolescentes, lo que hace que, ahora m\u00e1s que nunca, sea importante reforzar todo el trabajo realizado en el pa\u00eds a trav\u00e9s de nuestra intervenci\u00f3n de La LUZ de las NI\u00d1AS, presente en la zona desde hace cuatro a\u00f1os. Queremos visibilizar e incidir sobre la situaci\u00f3n de las ni\u00f1as desplazadas y escuchar sus voces. Por eso, este a\u00f1o, Sud\u00e1n del Sur es el nuevo pa\u00eds que se incorpora a la campa\u00f1a La LUZ de las NI\u00d1AS. \u201cEl covid 19 afect\u00f3 mucho a las ni\u00f1as, muchas no volvieron a la escuela cuando abrieron [&hellip;]<\/p>\n","protected":false},"featured_media":869,"template":"wp-custom-template-noticias-la-luz-de-las-ninas-2","meta":{"_acf_changed":false},"categories":[7],"tags":[],"class_list":["post-868","xxx","type-xxx","status-publish","has-post-thumbnail","hentry","category-noticia"],"acf":[],"yoast_head":"<!-- This site is optimized with the Yoast SEO Premium plugin v21.6 (Yoast SEO v27.5) - https:\/\/yoast.com\/product\/yoast-seo-premium-wordpress\/ -->\n<title>La campa\u00f1a La LUZ de las NI\u00d1AS llega a Sud\u00e1n del Sur - Entreculturas<\/title>\n<meta name=\"robots\" content=\"index, follow, max-snippet:-1, max-image-preview:large, max-video-preview:-1\" \/>\n<link rel=\"canonical\" href=\"https:\/\/www.entreculturas.org\/gl\/la-luz-de-las-ninas\/noticia\/la-campana-la-luz-de-las-ninas-llega-a-sudan-del-sur\/\" \/>\n<meta property=\"og:locale\" content=\"gl_ES\" \/>\n<meta property=\"og:type\" content=\"article\" \/>\n<meta property=\"og:title\" content=\"La campa\u00f1a La LUZ de las NI\u00d1AS llega a Sud\u00e1n del Sur\" \/>\n<meta property=\"og:description\" content=\"Un contexto complejo para la educaci\u00f3n de las ni\u00f1as En Sud\u00e1n del Sur, como en otros pa\u00edses del mundo, las ni\u00f1as se enfrentan a m\u00faltiples tipos de violencia. Adem\u00e1s, el cierre de las escuelas a causa del covid &#8211; 19 en 2021 ha supuesto en el pa\u00eds un aumento del matrimonio infantil y los embarazos precoces en ni\u00f1as y adolescentes, lo que hace que, ahora m\u00e1s que nunca, sea importante reforzar todo el trabajo realizado en el pa\u00eds a trav\u00e9s de nuestra intervenci\u00f3n de La LUZ de las NI\u00d1AS, presente en la zona desde hace cuatro a\u00f1os. Queremos visibilizar e incidir sobre la situaci\u00f3n de las ni\u00f1as desplazadas y escuchar sus voces. Por eso, este a\u00f1o, Sud\u00e1n del Sur es el nuevo pa\u00eds que se incorpora a la campa\u00f1a La LUZ de las NI\u00d1AS. \u201cEl covid 19 afect\u00f3 mucho a las ni\u00f1as, muchas no volvieron a la escuela cuando abrieron [&hellip;]\" \/>\n<meta property=\"og:url\" content=\"https:\/\/www.entreculturas.org\/gl\/la-luz-de-las-ninas\/noticia\/la-campana-la-luz-de-las-ninas-llega-a-sudan-del-sur\/\" \/>\n<meta property=\"og:site_name\" content=\"Entreculturas\" \/>\n<meta property=\"article:publisher\" content=\"https:\/\/www.facebook.com\/entreculturas\" \/>\n<meta property=\"article:modified_time\" content=\"2024-09-20T07:45:08+00:00\" \/>\n<meta property=\"og:image\" content=\"https:\/\/www.entreculturas.org\/wp-content\/uploads\/2023\/06\/IMG_20230523_111714-scaled-1.jpg\" \/>\n\t<meta property=\"og:image:width\" content=\"2560\" \/>\n\t<meta property=\"og:image:height\" content=\"1920\" \/>\n\t<meta property=\"og:image:type\" content=\"image\/jpeg\" \/>\n<meta name=\"twitter:card\" content=\"summary_large_image\" \/>\n<meta name=\"twitter:site\" content=\"@Entreculturas\" \/>\n<script type=\"application\/ld+json\" class=\"yoast-schema-graph\">{\"@context\":\"https:\\\/\\\/schema.org\",\"@graph\":[{\"@type\":\"WebPage\",\"@id\":\"https:\\\/\\\/www.entreculturas.org\\\/gl\\\/la-luz-de-las-ninas\\\/noticia\\\/la-campana-la-luz-de-las-ninas-llega-a-sudan-del-sur\\\/\",\"url\":\"https:\\\/\\\/www.entreculturas.org\\\/gl\\\/la-luz-de-las-ninas\\\/noticia\\\/la-campana-la-luz-de-las-ninas-llega-a-sudan-del-sur\\\/\",\"name\":\"La campa\u00f1a La LUZ de las NI\u00d1AS llega a Sud\u00e1n del Sur - Entreculturas\",\"isPartOf\":{\"@id\":\"https:\\\/\\\/www.entreculturas.org\\\/gl\\\/#website\"},\"primaryImageOfPage\":{\"@id\":\"https:\\\/\\\/www.entreculturas.org\\\/gl\\\/la-luz-de-las-ninas\\\/noticia\\\/la-campana-la-luz-de-las-ninas-llega-a-sudan-del-sur\\\/#primaryimage\"},\"image\":{\"@id\":\"https:\\\/\\\/www.entreculturas.org\\\/gl\\\/la-luz-de-las-ninas\\\/noticia\\\/la-campana-la-luz-de-las-ninas-llega-a-sudan-del-sur\\\/#primaryimage\"},\"thumbnailUrl\":\"https:\\\/\\\/www.entreculturas.org\\\/wp-content\\\/uploads\\\/2023\\\/06\\\/IMG_20230523_111714-scaled-1.jpg\",\"datePublished\":\"2023-06-07T07:42:29+00:00\",\"dateModified\":\"2024-09-20T07:45:08+00:00\",\"breadcrumb\":{\"@id\":\"https:\\\/\\\/www.entreculturas.org\\\/gl\\\/la-luz-de-las-ninas\\\/noticia\\\/la-campana-la-luz-de-las-ninas-llega-a-sudan-del-sur\\\/#breadcrumb\"},\"inLanguage\":\"gl-ES\",\"potentialAction\":[{\"@type\":\"ReadAction\",\"target\":[\"https:\\\/\\\/www.entreculturas.org\\\/gl\\\/la-luz-de-las-ninas\\\/noticia\\\/la-campana-la-luz-de-las-ninas-llega-a-sudan-del-sur\\\/\"]}]},{\"@type\":\"ImageObject\",\"inLanguage\":\"gl-ES\",\"@id\":\"https:\\\/\\\/www.entreculturas.org\\\/gl\\\/la-luz-de-las-ninas\\\/noticia\\\/la-campana-la-luz-de-las-ninas-llega-a-sudan-del-sur\\\/#primaryimage\",\"url\":\"https:\\\/\\\/www.entreculturas.org\\\/wp-content\\\/uploads\\\/2023\\\/06\\\/IMG_20230523_111714-scaled-1.jpg\",\"contentUrl\":\"https:\\\/\\\/www.entreculturas.org\\\/wp-content\\\/uploads\\\/2023\\\/06\\\/IMG_20230523_111714-scaled-1.jpg\",\"width\":2560,\"height\":1920},{\"@type\":\"BreadcrumbList\",\"@id\":\"https:\\\/\\\/www.entreculturas.org\\\/gl\\\/la-luz-de-las-ninas\\\/noticia\\\/la-campana-la-luz-de-las-ninas-llega-a-sudan-del-sur\\\/#breadcrumb\",\"itemListElement\":[{\"@type\":\"ListItem\",\"position\":1,\"name\":\"Home\",\"item\":\"https:\\\/\\\/www.entreculturas.org\\\/gl\\\/\"},{\"@type\":\"ListItem\",\"position\":2,\"name\":\"Noticias LLDLN\",\"item\":\"https:\\\/\\\/www.entreculturas.org\\\/gl\\\/noticias-la-luz-de-las-ninas\\\/\"},{\"@type\":\"ListItem\",\"position\":3,\"name\":\"La campa\u00f1a La LUZ de las NI\u00d1AS llega a Sud\u00e1n del Sur\"}]},{\"@type\":\"WebSite\",\"@id\":\"https:\\\/\\\/www.entreculturas.org\\\/gl\\\/#website\",\"url\":\"https:\\\/\\\/www.entreculturas.org\\\/gl\\\/\",\"name\":\"Entreculturas\",\"description\":\"\",\"publisher\":{\"@id\":\"https:\\\/\\\/www.entreculturas.org\\\/gl\\\/#organization\"},\"alternateName\":\"Entreculturas\",\"potentialAction\":[{\"@type\":\"SearchAction\",\"target\":{\"@type\":\"EntryPoint\",\"urlTemplate\":\"https:\\\/\\\/www.entreculturas.org\\\/gl\\\/?s={search_term_string}\"},\"query-input\":{\"@type\":\"PropertyValueSpecification\",\"valueRequired\":true,\"valueName\":\"search_term_string\"}}],\"inLanguage\":\"gl-ES\"},{\"@type\":\"Organization\",\"@id\":\"https:\\\/\\\/www.entreculturas.org\\\/gl\\\/#organization\",\"name\":\"Entreculturas\",\"url\":\"https:\\\/\\\/www.entreculturas.org\\\/gl\\\/\",\"logo\":{\"@type\":\"ImageObject\",\"inLanguage\":\"gl-ES\",\"@id\":\"https:\\\/\\\/www.entreculturas.org\\\/gl\\\/#\\\/schema\\\/logo\\\/image\\\/\",\"url\":\"https:\\\/\\\/www.entreculturas.org\\\/wp-content\\\/uploads\\\/2025\\\/10\\\/ESP.svg\",\"contentUrl\":\"https:\\\/\\\/www.entreculturas.org\\\/wp-content\\\/uploads\\\/2025\\\/10\\\/ESP.svg\",\"caption\":\"Entreculturas\"},\"image\":{\"@id\":\"https:\\\/\\\/www.entreculturas.org\\\/gl\\\/#\\\/schema\\\/logo\\\/image\\\/\"},\"sameAs\":[\"https:\\\/\\\/www.facebook.com\\\/entreculturas\",\"https:\\\/\\\/x.com\\\/Entreculturas\",\"https:\\\/\\\/www.instagram.com\\\/entreculturas\\\/\",\"https:\\\/\\\/www.youtube.com\\\/user\\\/entreculturasvideo\",\"https:\\\/\\\/www.linkedin.com\\\/company\\\/fundacion-entreculturas-ngdo\\\/\",\"https:\\\/\\\/www.flickr.com\\\/photos\\\/98455522@N04\\\/albums\\\/\"]}]}<\/script>\n<!-- \/ Yoast SEO Premium plugin. -->","yoast_head_json":{"title":"La campa\u00f1a La LUZ de las NI\u00d1AS llega a Sud\u00e1n del Sur - Entreculturas","robots":{"index":"index","follow":"follow","max-snippet":"max-snippet:-1","max-image-preview":"max-image-preview:large","max-video-preview":"max-video-preview:-1"},"canonical":"https:\/\/www.entreculturas.org\/gl\/la-luz-de-las-ninas\/noticia\/la-campana-la-luz-de-las-ninas-llega-a-sudan-del-sur\/","og_locale":"gl_ES","og_type":"article","og_title":"La campa\u00f1a La LUZ de las NI\u00d1AS llega a Sud\u00e1n del Sur","og_description":"Un contexto complejo para la educaci\u00f3n de las ni\u00f1as En Sud\u00e1n del Sur, como en otros pa\u00edses del mundo, las ni\u00f1as se enfrentan a m\u00faltiples tipos de violencia. Adem\u00e1s, el cierre de las escuelas a causa del covid &#8211; 19 en 2021 ha supuesto en el pa\u00eds un aumento del matrimonio infantil y los embarazos precoces en ni\u00f1as y adolescentes, lo que hace que, ahora m\u00e1s que nunca, sea importante reforzar todo el trabajo realizado en el pa\u00eds a trav\u00e9s de nuestra intervenci\u00f3n de La LUZ de las NI\u00d1AS, presente en la zona desde hace cuatro a\u00f1os. Queremos visibilizar e incidir sobre la situaci\u00f3n de las ni\u00f1as desplazadas y escuchar sus voces. Por eso, este a\u00f1o, Sud\u00e1n del Sur es el nuevo pa\u00eds que se incorpora a la campa\u00f1a La LUZ de las NI\u00d1AS. \u201cEl covid 19 afect\u00f3 mucho a las ni\u00f1as, muchas no volvieron a la escuela cuando abrieron [&hellip;]","og_url":"https:\/\/www.entreculturas.org\/gl\/la-luz-de-las-ninas\/noticia\/la-campana-la-luz-de-las-ninas-llega-a-sudan-del-sur\/","og_site_name":"Entreculturas","article_publisher":"https:\/\/www.facebook.com\/entreculturas","article_modified_time":"2024-09-20T07:45:08+00:00","og_image":[{"width":2560,"height":1920,"url":"https:\/\/www.entreculturas.org\/wp-content\/uploads\/2023\/06\/IMG_20230523_111714-scaled-1.jpg","type":"image\/jpeg"}],"twitter_card":"summary_large_image","twitter_site":"@Entreculturas","schema":{"@context":"https:\/\/schema.org","@graph":[{"@type":"WebPage","@id":"https:\/\/www.entreculturas.org\/gl\/la-luz-de-las-ninas\/noticia\/la-campana-la-luz-de-las-ninas-llega-a-sudan-del-sur\/","url":"https:\/\/www.entreculturas.org\/gl\/la-luz-de-las-ninas\/noticia\/la-campana-la-luz-de-las-ninas-llega-a-sudan-del-sur\/","name":"La campa\u00f1a La LUZ de las NI\u00d1AS llega a Sud\u00e1n del Sur - Entreculturas","isPartOf":{"@id":"https:\/\/www.entreculturas.org\/gl\/#website"},"primaryImageOfPage":{"@id":"https:\/\/www.entreculturas.org\/gl\/la-luz-de-las-ninas\/noticia\/la-campana-la-luz-de-las-ninas-llega-a-sudan-del-sur\/#primaryimage"},"image":{"@id":"https:\/\/www.entreculturas.org\/gl\/la-luz-de-las-ninas\/noticia\/la-campana-la-luz-de-las-ninas-llega-a-sudan-del-sur\/#primaryimage"},"thumbnailUrl":"https:\/\/www.entreculturas.org\/wp-content\/uploads\/2023\/06\/IMG_20230523_111714-scaled-1.jpg","datePublished":"2023-06-07T07:42:29+00:00","dateModified":"2024-09-20T07:45:08+00:00","breadcrumb":{"@id":"https:\/\/www.entreculturas.org\/gl\/la-luz-de-las-ninas\/noticia\/la-campana-la-luz-de-las-ninas-llega-a-sudan-del-sur\/#breadcrumb"},"inLanguage":"gl-ES","potentialAction":[{"@type":"ReadAction","target":["https:\/\/www.entreculturas.org\/gl\/la-luz-de-las-ninas\/noticia\/la-campana-la-luz-de-las-ninas-llega-a-sudan-del-sur\/"]}]},{"@type":"ImageObject","inLanguage":"gl-ES","@id":"https:\/\/www.entreculturas.org\/gl\/la-luz-de-las-ninas\/noticia\/la-campana-la-luz-de-las-ninas-llega-a-sudan-del-sur\/#primaryimage","url":"https:\/\/www.entreculturas.org\/wp-content\/uploads\/2023\/06\/IMG_20230523_111714-scaled-1.jpg","contentUrl":"https:\/\/www.entreculturas.org\/wp-content\/uploads\/2023\/06\/IMG_20230523_111714-scaled-1.jpg","width":2560,"height":1920},{"@type":"BreadcrumbList","@id":"https:\/\/www.entreculturas.org\/gl\/la-luz-de-las-ninas\/noticia\/la-campana-la-luz-de-las-ninas-llega-a-sudan-del-sur\/#breadcrumb","itemListElement":[{"@type":"ListItem","position":1,"name":"Home","item":"https:\/\/www.entreculturas.org\/gl\/"},{"@type":"ListItem","position":2,"name":"Noticias LLDLN","item":"https:\/\/www.entreculturas.org\/gl\/noticias-la-luz-de-las-ninas\/"},{"@type":"ListItem","position":3,"name":"La campa\u00f1a La LUZ de las NI\u00d1AS llega a Sud\u00e1n del Sur"}]},{"@type":"WebSite","@id":"https:\/\/www.entreculturas.org\/gl\/#website","url":"https:\/\/www.entreculturas.org\/gl\/","name":"Entreculturas","description":"","publisher":{"@id":"https:\/\/www.entreculturas.org\/gl\/#organization"},"alternateName":"Entreculturas","potentialAction":[{"@type":"SearchAction","target":{"@type":"EntryPoint","urlTemplate":"https:\/\/www.entreculturas.org\/gl\/?s={search_term_string}"},"query-input":{"@type":"PropertyValueSpecification","valueRequired":true,"valueName":"search_term_string"}}],"inLanguage":"gl-ES"},{"@type":"Organization","@id":"https:\/\/www.entreculturas.org\/gl\/#organization","name":"Entreculturas","url":"https:\/\/www.entreculturas.org\/gl\/","logo":{"@type":"ImageObject","inLanguage":"gl-ES","@id":"https:\/\/www.entreculturas.org\/gl\/#\/schema\/logo\/image\/","url":"https:\/\/www.entreculturas.org\/wp-content\/uploads\/2025\/10\/ESP.svg","contentUrl":"https:\/\/www.entreculturas.org\/wp-content\/uploads\/2025\/10\/ESP.svg","caption":"Entreculturas"},"image":{"@id":"https:\/\/www.entreculturas.org\/gl\/#\/schema\/logo\/image\/"},"sameAs":["https:\/\/www.facebook.com\/entreculturas","https:\/\/x.com\/Entreculturas","https:\/\/www.instagram.com\/entreculturas\/","https:\/\/www.youtube.com\/user\/entreculturasvideo","https:\/\/www.linkedin.com\/company\/fundacion-entreculturas-ngdo\/","https:\/\/www.flickr.com\/photos\/98455522@N04\/albums\/"]}]}},"_links":{"self":[{"href":"https:\/\/www.entreculturas.org\/gl\/wp-json\/wp\/v2\/xxx\/868","targetHints":{"allow":["GET"]}}],"collection":[{"href":"https:\/\/www.entreculturas.org\/gl\/wp-json\/wp\/v2\/xxx"}],"about":[{"href":"https:\/\/www.entreculturas.org\/gl\/wp-json\/wp\/v2\/types\/xxx"}],"wp:featuredmedia":[{"embeddable":true,"href":"https:\/\/www.entreculturas.org\/gl\/wp-json\/wp\/v2\/media\/869"}],"wp:attachment":[{"href":"https:\/\/www.entreculturas.org\/gl\/wp-json\/wp\/v2\/media?parent=868"}],"wp:term":[{"taxonomy":"category","embeddable":true,"href":"https:\/\/www.entreculturas.org\/gl\/wp-json\/wp\/v2\/categories?post=868"},{"taxonomy":"post_tag","embeddable":true,"href":"https:\/\/www.entreculturas.org\/gl\/wp-json\/wp\/v2\/tags?post=868"}],"curies":[{"name":"wp","href":"https:\/\/api.w.org\/{rel}","templated":true}]}}