{"id":844,"date":"2023-02-10T14:18:23","date_gmt":"2023-02-10T13:18:23","guid":{"rendered":"https:\/\/www.entreculturas.org\/?post_type=xxx&#038;p=844"},"modified":"2024-09-20T09:42:05","modified_gmt":"2024-09-20T07:42:05","slug":"las-ninas-en-chad-alzan-su-voz-a-traves-de-la-radio","status":"publish","type":"xxx","link":"https:\/\/www.entreculturas.org\/gl\/la-luz-de-las-ninas\/noticia\/las-ninas-en-chad-alzan-su-voz-a-traves-de-la-radio\/","title":{"rendered":"Las ni\u00f1as en Chad alzan su voz a trav\u00e9s de la radio"},"content":{"rendered":"<p><span style=\"font-weight: 400;\">\u201cAl principio me intimidaba hablar por la radio, pero despu\u00e9s de transmitir, me sent\u00ed feliz de poder expresarme; me ayud\u00f3 mucho. <strong>Si las ni\u00f1as empezamos a hablar en la radio desde peque\u00f1as, podremos decir de todo y en todas partes<\/strong>. Adem\u00e1s, es una muy buena manera de crear conciencia para que la sociedad abandone las malas pr\u00e1cticas contra nosotras\u201d.\u00a0<\/span><\/p>\n<p><span style=\"font-weight: 400;\">Elbeka, de 16 a\u00f1os, es una de las ni\u00f1as que participa en los programas de radio en la <strong>provincia del Lago Chad<\/strong>, a trav\u00e9s de la campa\u00f1a <\/span><b>La LUZ de las NI\u00d1AS<\/b><span style=\"font-weight: 400;\">, desarrollada por Entreculturas y el <strong>Servicio Jesuita a Refugiados<\/strong> (JRS). Esta es una de las actividades culturales y art\u00edsticas que se llevan a cabo en Chad, a trav\u00e9s de la campa\u00f1a,\u00a0 para contribuir al <strong>empoderamiento femenino<\/strong> en la zona.<\/span><\/p>\n<p><span style=\"font-weight: 400;\">En colaboraci\u00f3n con las radios locales, JRS y Entreculturas organizamos las transmisiones de radio, permitiendo que m\u00e1s de 21 ni\u00f1as alcen su voz y hablen libremente sobre el manejo de la <strong>higiene menstrual (MHM), pubertad, violencia de g\u00e9nero (GBV), violencia en la escuela o matrimonio precoz y forzado<\/strong>. Para elaborar el contenido de las emisiones, las ni\u00f1as cuentan con el apoyo de sus profesores y profesoras, las ayudan a difundir su voz a trav\u00e9s de debates, poemas y obras de radioteatro.\u00a0<\/span><\/p>\n<p><span style=\"font-weight: 400;\">\u201cEs la primera vez que hablo en la radio, y me encant\u00f3. La radio difunde mi voz. El objetivo de nuestra transmisi\u00f3n era permitir que las ni\u00f1as y las madres supieran c\u00f3mo comportarse durante la menstruaci\u00f3n\u201d, nos cuenta Koubra, de 17 a\u00f1os, integrante de los llamados \u201cClubes de Ni\u00f1as\u201d que particip\u00f3 en el programa especial de la Radio Ningui, el pasado 28 de mayo de 2022, D\u00eda de la Higiene Menstrual.<\/span><\/p>\n<p><span style=\"font-weight: 400;\">En Chad, y en muchos otros pa\u00edses, <strong>las ni\u00f1as dejan de asistir a la escuela los d\u00edas que tienen la menstruaci\u00f3n<\/strong>, lo que perjudica su educaci\u00f3n y <strong>vulnera sus derechos<\/strong>. Muchas no saben c\u00f3mo actuar y se averg\u00fcenzan si su ropa se mancha. Sin embargo, gracias a estos programas de radio, las ni\u00f1as han generado conciencia dentro de sus familias y sus comunidades para <strong>erradicar el estigma social<\/strong> de la regla.\u00a0<\/span><\/p>\n<p><span style=\"font-weight: 400;\">\u201cSomos valientes. Antes de venir a la radio organizamos un evento en la escuela donde imprimimos im\u00e1genes sobre el ciclo menstrual para mostrar a las ni\u00f1as qu\u00e9 hacer cuando menstruamos, c\u00f3mo prepararnos antes de que nos llegue el per\u00edodo y c\u00f3mo lavarnos correctamente; mucha gente nos lo agradeci\u00f3\u201d, afirma Mariam, de 14 a\u00f1os, participante de los programas de radio y los \u201cClubes Ni\u00f1as\u201d.\u00a0<\/span><\/p>\n<p><span style=\"font-weight: 400;\">Ahora, la sociedad chadiana puede escuchar, a trav\u00e9s de la radio, a <strong>ni\u00f1as empoderadas y organizadas en grupos<\/strong>, hablando y difundiendo diferentes mensajes para<strong> erradicar la estigmatizaci\u00f3n de la menstruaci\u00f3n en la escuela y los matrimonios precoces y forzados<\/strong> a los que se someten, con el fin de que <strong>ellas mismas sean agentes de cambio de su propia realidad<\/strong>, concienciando a sus familias y comunidades a trav\u00e9s de la educaci\u00f3n.<\/span><\/p>\n<p><img decoding=\"async\" class=\"alignnone wp-image-848 size-full\" src=\"https:\/\/www.entreculturas.org\/wp-content\/uploads\/2023\/02\/Chad_lake_radioNingui_credits_JRS_IreneGalera-1.jpg\" alt=\"\" width=\"1379\" height=\"847\" srcset=\"https:\/\/www.entreculturas.org\/wp-content\/uploads\/2023\/02\/Chad_lake_radioNingui_credits_JRS_IreneGalera-1.jpg 1379w, https:\/\/www.entreculturas.org\/wp-content\/uploads\/2023\/02\/Chad_lake_radioNingui_credits_JRS_IreneGalera-1-300x184.jpg 300w, https:\/\/www.entreculturas.org\/wp-content\/uploads\/2023\/02\/Chad_lake_radioNingui_credits_JRS_IreneGalera-1-1024x629.jpg 1024w, https:\/\/www.entreculturas.org\/wp-content\/uploads\/2023\/02\/Chad_lake_radioNingui_credits_JRS_IreneGalera-1-768x472.jpg 768w\" sizes=\"(max-width: 1379px) 100vw, 1379px\" \/><\/p>\n","protected":false},"excerpt":{"rendered":"<p>\u201cAl principio me intimidaba hablar por la radio, pero despu\u00e9s de transmitir, me sent\u00ed feliz de poder expresarme; me ayud\u00f3 mucho. Si las ni\u00f1as empezamos a hablar en la radio desde peque\u00f1as, podremos decir de todo y en todas partes. Adem\u00e1s, es una muy buena manera de crear conciencia para que la sociedad abandone las malas pr\u00e1cticas contra nosotras\u201d.\u00a0 Elbeka, de 16 a\u00f1os, es una de las ni\u00f1as que participa en los programas de radio en la provincia del Lago Chad, a trav\u00e9s de la campa\u00f1a La LUZ de las NI\u00d1AS, desarrollada por Entreculturas y el Servicio Jesuita a Refugiados (JRS). Esta es una de las actividades culturales y art\u00edsticas que se llevan a cabo en Chad, a trav\u00e9s de la campa\u00f1a,\u00a0 para contribuir al empoderamiento femenino en la zona. En colaboraci\u00f3n con las radios locales, JRS y Entreculturas organizamos las transmisiones de radio, permitiendo que m\u00e1s de 21 ni\u00f1as [&hellip;]<\/p>\n","protected":false},"featured_media":847,"template":"wp-custom-template-noticias-la-luz-de-las-ninas-2","meta":{"_acf_changed":false},"categories":[7],"tags":[],"class_list":["post-844","xxx","type-xxx","status-publish","has-post-thumbnail","hentry","category-noticia"],"acf":[],"yoast_head":"<!-- This site is optimized with the Yoast SEO Premium plugin v21.6 (Yoast SEO v27.5) - https:\/\/yoast.com\/product\/yoast-seo-premium-wordpress\/ -->\n<title>Las ni\u00f1as en Chad alzan su voz a trav\u00e9s de la radio - Entreculturas<\/title>\n<meta name=\"robots\" content=\"index, follow, max-snippet:-1, max-image-preview:large, max-video-preview:-1\" \/>\n<link rel=\"canonical\" href=\"https:\/\/www.entreculturas.org\/gl\/la-luz-de-las-ninas\/noticia\/las-ninas-en-chad-alzan-su-voz-a-traves-de-la-radio\/\" \/>\n<meta property=\"og:locale\" content=\"gl_ES\" \/>\n<meta property=\"og:type\" content=\"article\" \/>\n<meta property=\"og:title\" content=\"Las ni\u00f1as en Chad alzan su voz a trav\u00e9s de la radio\" \/>\n<meta property=\"og:description\" content=\"\u201cAl principio me intimidaba hablar por la radio, pero despu\u00e9s de transmitir, me sent\u00ed feliz de poder expresarme; me ayud\u00f3 mucho. Si las ni\u00f1as empezamos a hablar en la radio desde peque\u00f1as, podremos decir de todo y en todas partes. Adem\u00e1s, es una muy buena manera de crear conciencia para que la sociedad abandone las malas pr\u00e1cticas contra nosotras\u201d.\u00a0 Elbeka, de 16 a\u00f1os, es una de las ni\u00f1as que participa en los programas de radio en la provincia del Lago Chad, a trav\u00e9s de la campa\u00f1a La LUZ de las NI\u00d1AS, desarrollada por Entreculturas y el Servicio Jesuita a Refugiados (JRS). Esta es una de las actividades culturales y art\u00edsticas que se llevan a cabo en Chad, a trav\u00e9s de la campa\u00f1a,\u00a0 para contribuir al empoderamiento femenino en la zona. En colaboraci\u00f3n con las radios locales, JRS y Entreculturas organizamos las transmisiones de radio, permitiendo que m\u00e1s de 21 ni\u00f1as [&hellip;]\" \/>\n<meta property=\"og:url\" content=\"https:\/\/www.entreculturas.org\/gl\/la-luz-de-las-ninas\/noticia\/las-ninas-en-chad-alzan-su-voz-a-traves-de-la-radio\/\" \/>\n<meta property=\"og:site_name\" content=\"Entreculturas\" \/>\n<meta property=\"article:publisher\" content=\"https:\/\/www.facebook.com\/entreculturas\" \/>\n<meta property=\"article:modified_time\" content=\"2024-09-20T07:42:05+00:00\" \/>\n<meta property=\"og:image\" content=\"https:\/\/www.entreculturas.org\/wp-content\/uploads\/2023\/02\/Chad-radio-1.jpg\" \/>\n\t<meta property=\"og:image:width\" content=\"1379\" \/>\n\t<meta property=\"og:image:height\" content=\"775\" \/>\n\t<meta property=\"og:image:type\" content=\"image\/jpeg\" \/>\n<meta name=\"twitter:card\" content=\"summary_large_image\" \/>\n<meta name=\"twitter:site\" content=\"@Entreculturas\" \/>\n<script type=\"application\/ld+json\" class=\"yoast-schema-graph\">{\"@context\":\"https:\\\/\\\/schema.org\",\"@graph\":[{\"@type\":\"WebPage\",\"@id\":\"https:\\\/\\\/www.entreculturas.org\\\/gl\\\/la-luz-de-las-ninas\\\/noticia\\\/las-ninas-en-chad-alzan-su-voz-a-traves-de-la-radio\\\/\",\"url\":\"https:\\\/\\\/www.entreculturas.org\\\/gl\\\/la-luz-de-las-ninas\\\/noticia\\\/las-ninas-en-chad-alzan-su-voz-a-traves-de-la-radio\\\/\",\"name\":\"Las ni\u00f1as en Chad alzan su voz a trav\u00e9s de la radio - Entreculturas\",\"isPartOf\":{\"@id\":\"https:\\\/\\\/www.entreculturas.org\\\/gl\\\/#website\"},\"primaryImageOfPage\":{\"@id\":\"https:\\\/\\\/www.entreculturas.org\\\/gl\\\/la-luz-de-las-ninas\\\/noticia\\\/las-ninas-en-chad-alzan-su-voz-a-traves-de-la-radio\\\/#primaryimage\"},\"image\":{\"@id\":\"https:\\\/\\\/www.entreculturas.org\\\/gl\\\/la-luz-de-las-ninas\\\/noticia\\\/las-ninas-en-chad-alzan-su-voz-a-traves-de-la-radio\\\/#primaryimage\"},\"thumbnailUrl\":\"https:\\\/\\\/www.entreculturas.org\\\/wp-content\\\/uploads\\\/2023\\\/02\\\/Chad-radio-1.jpg\",\"datePublished\":\"2023-02-10T13:18:23+00:00\",\"dateModified\":\"2024-09-20T07:42:05+00:00\",\"breadcrumb\":{\"@id\":\"https:\\\/\\\/www.entreculturas.org\\\/gl\\\/la-luz-de-las-ninas\\\/noticia\\\/las-ninas-en-chad-alzan-su-voz-a-traves-de-la-radio\\\/#breadcrumb\"},\"inLanguage\":\"gl-ES\",\"potentialAction\":[{\"@type\":\"ReadAction\",\"target\":[\"https:\\\/\\\/www.entreculturas.org\\\/gl\\\/la-luz-de-las-ninas\\\/noticia\\\/las-ninas-en-chad-alzan-su-voz-a-traves-de-la-radio\\\/\"]}]},{\"@type\":\"ImageObject\",\"inLanguage\":\"gl-ES\",\"@id\":\"https:\\\/\\\/www.entreculturas.org\\\/gl\\\/la-luz-de-las-ninas\\\/noticia\\\/las-ninas-en-chad-alzan-su-voz-a-traves-de-la-radio\\\/#primaryimage\",\"url\":\"https:\\\/\\\/www.entreculturas.org\\\/wp-content\\\/uploads\\\/2023\\\/02\\\/Chad-radio-1.jpg\",\"contentUrl\":\"https:\\\/\\\/www.entreculturas.org\\\/wp-content\\\/uploads\\\/2023\\\/02\\\/Chad-radio-1.jpg\",\"width\":1379,\"height\":775},{\"@type\":\"BreadcrumbList\",\"@id\":\"https:\\\/\\\/www.entreculturas.org\\\/gl\\\/la-luz-de-las-ninas\\\/noticia\\\/las-ninas-en-chad-alzan-su-voz-a-traves-de-la-radio\\\/#breadcrumb\",\"itemListElement\":[{\"@type\":\"ListItem\",\"position\":1,\"name\":\"Home\",\"item\":\"https:\\\/\\\/www.entreculturas.org\\\/gl\\\/\"},{\"@type\":\"ListItem\",\"position\":2,\"name\":\"Noticias LLDLN\",\"item\":\"https:\\\/\\\/www.entreculturas.org\\\/gl\\\/noticias-la-luz-de-las-ninas\\\/\"},{\"@type\":\"ListItem\",\"position\":3,\"name\":\"Las ni\u00f1as en Chad alzan su voz a trav\u00e9s de la radio\"}]},{\"@type\":\"WebSite\",\"@id\":\"https:\\\/\\\/www.entreculturas.org\\\/gl\\\/#website\",\"url\":\"https:\\\/\\\/www.entreculturas.org\\\/gl\\\/\",\"name\":\"Entreculturas\",\"description\":\"\",\"publisher\":{\"@id\":\"https:\\\/\\\/www.entreculturas.org\\\/gl\\\/#organization\"},\"alternateName\":\"Entreculturas\",\"potentialAction\":[{\"@type\":\"SearchAction\",\"target\":{\"@type\":\"EntryPoint\",\"urlTemplate\":\"https:\\\/\\\/www.entreculturas.org\\\/gl\\\/?s={search_term_string}\"},\"query-input\":{\"@type\":\"PropertyValueSpecification\",\"valueRequired\":true,\"valueName\":\"search_term_string\"}}],\"inLanguage\":\"gl-ES\"},{\"@type\":\"Organization\",\"@id\":\"https:\\\/\\\/www.entreculturas.org\\\/gl\\\/#organization\",\"name\":\"Entreculturas\",\"url\":\"https:\\\/\\\/www.entreculturas.org\\\/gl\\\/\",\"logo\":{\"@type\":\"ImageObject\",\"inLanguage\":\"gl-ES\",\"@id\":\"https:\\\/\\\/www.entreculturas.org\\\/gl\\\/#\\\/schema\\\/logo\\\/image\\\/\",\"url\":\"https:\\\/\\\/www.entreculturas.org\\\/wp-content\\\/uploads\\\/2025\\\/10\\\/ESP.svg\",\"contentUrl\":\"https:\\\/\\\/www.entreculturas.org\\\/wp-content\\\/uploads\\\/2025\\\/10\\\/ESP.svg\",\"caption\":\"Entreculturas\"},\"image\":{\"@id\":\"https:\\\/\\\/www.entreculturas.org\\\/gl\\\/#\\\/schema\\\/logo\\\/image\\\/\"},\"sameAs\":[\"https:\\\/\\\/www.facebook.com\\\/entreculturas\",\"https:\\\/\\\/x.com\\\/Entreculturas\",\"https:\\\/\\\/www.instagram.com\\\/entreculturas\\\/\",\"https:\\\/\\\/www.youtube.com\\\/user\\\/entreculturasvideo\",\"https:\\\/\\\/www.linkedin.com\\\/company\\\/fundacion-entreculturas-ngdo\\\/\",\"https:\\\/\\\/www.flickr.com\\\/photos\\\/98455522@N04\\\/albums\\\/\"]}]}<\/script>\n<!-- \/ Yoast SEO Premium plugin. -->","yoast_head_json":{"title":"Las ni\u00f1as en Chad alzan su voz a trav\u00e9s de la radio - Entreculturas","robots":{"index":"index","follow":"follow","max-snippet":"max-snippet:-1","max-image-preview":"max-image-preview:large","max-video-preview":"max-video-preview:-1"},"canonical":"https:\/\/www.entreculturas.org\/gl\/la-luz-de-las-ninas\/noticia\/las-ninas-en-chad-alzan-su-voz-a-traves-de-la-radio\/","og_locale":"gl_ES","og_type":"article","og_title":"Las ni\u00f1as en Chad alzan su voz a trav\u00e9s de la radio","og_description":"\u201cAl principio me intimidaba hablar por la radio, pero despu\u00e9s de transmitir, me sent\u00ed feliz de poder expresarme; me ayud\u00f3 mucho. Si las ni\u00f1as empezamos a hablar en la radio desde peque\u00f1as, podremos decir de todo y en todas partes. Adem\u00e1s, es una muy buena manera de crear conciencia para que la sociedad abandone las malas pr\u00e1cticas contra nosotras\u201d.\u00a0 Elbeka, de 16 a\u00f1os, es una de las ni\u00f1as que participa en los programas de radio en la provincia del Lago Chad, a trav\u00e9s de la campa\u00f1a La LUZ de las NI\u00d1AS, desarrollada por Entreculturas y el Servicio Jesuita a Refugiados (JRS). Esta es una de las actividades culturales y art\u00edsticas que se llevan a cabo en Chad, a trav\u00e9s de la campa\u00f1a,\u00a0 para contribuir al empoderamiento femenino en la zona. En colaboraci\u00f3n con las radios locales, JRS y Entreculturas organizamos las transmisiones de radio, permitiendo que m\u00e1s de 21 ni\u00f1as [&hellip;]","og_url":"https:\/\/www.entreculturas.org\/gl\/la-luz-de-las-ninas\/noticia\/las-ninas-en-chad-alzan-su-voz-a-traves-de-la-radio\/","og_site_name":"Entreculturas","article_publisher":"https:\/\/www.facebook.com\/entreculturas","article_modified_time":"2024-09-20T07:42:05+00:00","og_image":[{"width":1379,"height":775,"url":"https:\/\/www.entreculturas.org\/wp-content\/uploads\/2023\/02\/Chad-radio-1.jpg","type":"image\/jpeg"}],"twitter_card":"summary_large_image","twitter_site":"@Entreculturas","schema":{"@context":"https:\/\/schema.org","@graph":[{"@type":"WebPage","@id":"https:\/\/www.entreculturas.org\/gl\/la-luz-de-las-ninas\/noticia\/las-ninas-en-chad-alzan-su-voz-a-traves-de-la-radio\/","url":"https:\/\/www.entreculturas.org\/gl\/la-luz-de-las-ninas\/noticia\/las-ninas-en-chad-alzan-su-voz-a-traves-de-la-radio\/","name":"Las ni\u00f1as en Chad alzan su voz a trav\u00e9s de la radio - Entreculturas","isPartOf":{"@id":"https:\/\/www.entreculturas.org\/gl\/#website"},"primaryImageOfPage":{"@id":"https:\/\/www.entreculturas.org\/gl\/la-luz-de-las-ninas\/noticia\/las-ninas-en-chad-alzan-su-voz-a-traves-de-la-radio\/#primaryimage"},"image":{"@id":"https:\/\/www.entreculturas.org\/gl\/la-luz-de-las-ninas\/noticia\/las-ninas-en-chad-alzan-su-voz-a-traves-de-la-radio\/#primaryimage"},"thumbnailUrl":"https:\/\/www.entreculturas.org\/wp-content\/uploads\/2023\/02\/Chad-radio-1.jpg","datePublished":"2023-02-10T13:18:23+00:00","dateModified":"2024-09-20T07:42:05+00:00","breadcrumb":{"@id":"https:\/\/www.entreculturas.org\/gl\/la-luz-de-las-ninas\/noticia\/las-ninas-en-chad-alzan-su-voz-a-traves-de-la-radio\/#breadcrumb"},"inLanguage":"gl-ES","potentialAction":[{"@type":"ReadAction","target":["https:\/\/www.entreculturas.org\/gl\/la-luz-de-las-ninas\/noticia\/las-ninas-en-chad-alzan-su-voz-a-traves-de-la-radio\/"]}]},{"@type":"ImageObject","inLanguage":"gl-ES","@id":"https:\/\/www.entreculturas.org\/gl\/la-luz-de-las-ninas\/noticia\/las-ninas-en-chad-alzan-su-voz-a-traves-de-la-radio\/#primaryimage","url":"https:\/\/www.entreculturas.org\/wp-content\/uploads\/2023\/02\/Chad-radio-1.jpg","contentUrl":"https:\/\/www.entreculturas.org\/wp-content\/uploads\/2023\/02\/Chad-radio-1.jpg","width":1379,"height":775},{"@type":"BreadcrumbList","@id":"https:\/\/www.entreculturas.org\/gl\/la-luz-de-las-ninas\/noticia\/las-ninas-en-chad-alzan-su-voz-a-traves-de-la-radio\/#breadcrumb","itemListElement":[{"@type":"ListItem","position":1,"name":"Home","item":"https:\/\/www.entreculturas.org\/gl\/"},{"@type":"ListItem","position":2,"name":"Noticias LLDLN","item":"https:\/\/www.entreculturas.org\/gl\/noticias-la-luz-de-las-ninas\/"},{"@type":"ListItem","position":3,"name":"Las ni\u00f1as en Chad alzan su voz a trav\u00e9s de la radio"}]},{"@type":"WebSite","@id":"https:\/\/www.entreculturas.org\/gl\/#website","url":"https:\/\/www.entreculturas.org\/gl\/","name":"Entreculturas","description":"","publisher":{"@id":"https:\/\/www.entreculturas.org\/gl\/#organization"},"alternateName":"Entreculturas","potentialAction":[{"@type":"SearchAction","target":{"@type":"EntryPoint","urlTemplate":"https:\/\/www.entreculturas.org\/gl\/?s={search_term_string}"},"query-input":{"@type":"PropertyValueSpecification","valueRequired":true,"valueName":"search_term_string"}}],"inLanguage":"gl-ES"},{"@type":"Organization","@id":"https:\/\/www.entreculturas.org\/gl\/#organization","name":"Entreculturas","url":"https:\/\/www.entreculturas.org\/gl\/","logo":{"@type":"ImageObject","inLanguage":"gl-ES","@id":"https:\/\/www.entreculturas.org\/gl\/#\/schema\/logo\/image\/","url":"https:\/\/www.entreculturas.org\/wp-content\/uploads\/2025\/10\/ESP.svg","contentUrl":"https:\/\/www.entreculturas.org\/wp-content\/uploads\/2025\/10\/ESP.svg","caption":"Entreculturas"},"image":{"@id":"https:\/\/www.entreculturas.org\/gl\/#\/schema\/logo\/image\/"},"sameAs":["https:\/\/www.facebook.com\/entreculturas","https:\/\/x.com\/Entreculturas","https:\/\/www.instagram.com\/entreculturas\/","https:\/\/www.youtube.com\/user\/entreculturasvideo","https:\/\/www.linkedin.com\/company\/fundacion-entreculturas-ngdo\/","https:\/\/www.flickr.com\/photos\/98455522@N04\/albums\/"]}]}},"_links":{"self":[{"href":"https:\/\/www.entreculturas.org\/gl\/wp-json\/wp\/v2\/xxx\/844","targetHints":{"allow":["GET"]}}],"collection":[{"href":"https:\/\/www.entreculturas.org\/gl\/wp-json\/wp\/v2\/xxx"}],"about":[{"href":"https:\/\/www.entreculturas.org\/gl\/wp-json\/wp\/v2\/types\/xxx"}],"wp:featuredmedia":[{"embeddable":true,"href":"https:\/\/www.entreculturas.org\/gl\/wp-json\/wp\/v2\/media\/847"}],"wp:attachment":[{"href":"https:\/\/www.entreculturas.org\/gl\/wp-json\/wp\/v2\/media?parent=844"}],"wp:term":[{"taxonomy":"category","embeddable":true,"href":"https:\/\/www.entreculturas.org\/gl\/wp-json\/wp\/v2\/categories?post=844"},{"taxonomy":"post_tag","embeddable":true,"href":"https:\/\/www.entreculturas.org\/gl\/wp-json\/wp\/v2\/tags?post=844"}],"curies":[{"name":"wp","href":"https:\/\/api.w.org\/{rel}","templated":true}]}}