{"id":814,"date":"2022-10-03T22:44:43","date_gmt":"2022-10-03T20:44:43","guid":{"rendered":"https:\/\/www.entreculturas.org\/?post_type=xxx&#038;p=814"},"modified":"2024-09-20T09:38:01","modified_gmt":"2024-09-20T07:38:01","slug":"presentacion-del-libro-la-maldicion-de-ser-nina-circulo-de-bellas-artes-de-madrid","status":"publish","type":"xxx","link":"https:\/\/www.entreculturas.org\/gl\/la-luz-de-las-ninas\/noticia\/presentacion-del-libro-la-maldicion-de-ser-nina-circulo-de-bellas-artes-de-madrid\/","title":{"rendered":"Presentaci\u00f3n del libro \u00abLa maldici\u00f3n de ser ni\u00f1a\u00bb \u2013 C\u00edrculo de Bellas Artes de Madrid"},"content":{"rendered":"<div class=\"m8h3af8h l7ghb35v kjdc1dyq kmwttqpk gh25dzvf n3t5jt4f\">\n<div dir=\"auto\">Con motivo de la celebraci\u00f3n del D\u00eda Internacional de la Ni\u00f1a, desde Entreculturas, Mundo Cooperante y Save the Children Espa\u00f1a\u00a0invitamos a la conferencia de la periodista francesa Dominique Sigaud, autora del libro \u00abLa maldici\u00f3n de ser ni\u00f1a\u00bb, premio Libro y Derechos Humanos en Francia en 2019.<\/div>\n<div dir=\"auto\"><\/div>\n<\/div>\n<div class=\"l7ghb35v kjdc1dyq kmwttqpk gh25dzvf jikcssrz n3t5jt4f\">\n<div dir=\"auto\"><span class=\"fxk3tzhb b2rh1bv3 gh55jysx m8h3af8h ewco64xe kjdc1dyq ms56khn7 bq6c9xl4 eohcrkr5 akh3l2rg\"><img decoding=\"async\" src=\"https:\/\/static.xx.fbcdn.net\/images\/emoji.php\/v9\/tb5\/1.5\/16\/1f5d3.png\" alt=\"\ud83d\uddd3\ufe0f\" width=\"16\" height=\"16\" \/><\/span>\u00a0Ser\u00e1 el pr\u00f3ximo 11 de octubre a las 19 h en el C\u00edrculo de Bellas Artes de Madrid.<\/div>\n<div dir=\"auto\"><span class=\"fxk3tzhb b2rh1bv3 gh55jysx m8h3af8h ewco64xe kjdc1dyq ms56khn7 bq6c9xl4 eohcrkr5 akh3l2rg\"><img decoding=\"async\" class=\"\" src=\"https:\/\/static.xx.fbcdn.net\/images\/emoji.php\/v9\/tc\/1.5\/16\/1f517.png\" alt=\"\ud83d\udd17\" width=\"16\" height=\"16\" \/><\/span>\u00a0Inscripciones a trav\u00e9s de este enlace:\u00a0<a class=\"qi72231t nu7423ey n3hqoq4p r86q59rh b3qcqh3k fq87ekyn bdao358l fsf7x5fv rse6dlih s5oniofx m8h3af8h l7ghb35v kjdc1dyq kmwttqpk srn514ro oxkhqvkx rl78xhln nch0832m cr00lzj9 rn8ck1ys s3jn8y49 icdlwmnq cxfqmxzd ezidihy3\" tabindex=\"0\" role=\"link\" href=\"https:\/\/bit.ly\/PresentacionLaMaldicionDeSerNi%C3%B1a\" target=\"_blank\" rel=\"nofollow noopener\">bit.ly\/PresentacionLaMaldicionDeSerNi\u00f1a<\/a><\/div>\n<\/div>\n<div dir=\"auto\"><\/div>\n<div dir=\"auto\"><\/div>\n<div dir=\"auto\"><\/div>\n<div class=\"l7ghb35v kjdc1dyq kmwttqpk gh25dzvf jikcssrz n3t5jt4f\">\n<div dir=\"auto\"><img decoding=\"async\" class=\"alignnone wp-image-816 size-full\" src=\"https:\/\/www.entreculturas.org\/wp-content\/uploads\/2022\/10\/InvitacionVF-1-768x896-1.jpg\" alt=\"\" width=\"768\" height=\"896\" srcset=\"https:\/\/www.entreculturas.org\/wp-content\/uploads\/2022\/10\/InvitacionVF-1-768x896-1.jpg 768w, https:\/\/www.entreculturas.org\/wp-content\/uploads\/2022\/10\/InvitacionVF-1-768x896-1-257x300.jpg 257w\" sizes=\"(max-width: 768px) 100vw, 768px\" \/><\/div>\n<\/div>\n","protected":false},"excerpt":{"rendered":"<p>Con motivo de la celebraci\u00f3n del D\u00eda Internacional de la Ni\u00f1a, desde Entreculturas, Mundo Cooperante y Save the Children Espa\u00f1a\u00a0invitamos a la conferencia de la periodista francesa Dominique Sigaud, autora del libro \u00abLa maldici\u00f3n de ser ni\u00f1a\u00bb, premio Libro y Derechos Humanos en Francia en 2019. \u00a0Ser\u00e1 el pr\u00f3ximo 11 de octubre a las 19 h en el C\u00edrculo de Bellas Artes de Madrid. \u00a0Inscripciones a trav\u00e9s de este enlace:\u00a0bit.ly\/PresentacionLaMaldicionDeSerNi\u00f1a<\/p>\n","protected":false},"featured_media":815,"template":"wp-custom-template-noticias-la-luz-de-las-ninas-2","meta":{"_acf_changed":false},"categories":[7],"tags":[],"class_list":["post-814","xxx","type-xxx","status-publish","has-post-thumbnail","hentry","category-noticia"],"acf":[],"yoast_head":"<!-- This site is optimized with the Yoast SEO Premium plugin v21.6 (Yoast SEO v27.5) - https:\/\/yoast.com\/product\/yoast-seo-premium-wordpress\/ -->\n<title>Presentaci\u00f3n del libro \u00abLa maldici\u00f3n de ser ni\u00f1a\u00bb \u2013 C\u00edrculo de Bellas Artes de Madrid - Entreculturas<\/title>\n<meta name=\"robots\" content=\"index, follow, max-snippet:-1, max-image-preview:large, max-video-preview:-1\" \/>\n<link rel=\"canonical\" href=\"https:\/\/www.entreculturas.org\/gl\/la-luz-de-las-ninas\/noticia\/presentacion-del-libro-la-maldicion-de-ser-nina-circulo-de-bellas-artes-de-madrid\/\" \/>\n<meta property=\"og:locale\" content=\"gl_ES\" \/>\n<meta property=\"og:type\" content=\"article\" \/>\n<meta property=\"og:title\" content=\"Presentaci\u00f3n del libro \u00abLa maldici\u00f3n de ser ni\u00f1a\u00bb \u2013 C\u00edrculo de Bellas Artes de Madrid\" \/>\n<meta property=\"og:description\" content=\"Con motivo de la celebraci\u00f3n del D\u00eda Internacional de la Ni\u00f1a, desde Entreculturas, Mundo Cooperante y Save the Children Espa\u00f1a\u00a0invitamos a la conferencia de la periodista francesa Dominique Sigaud, autora del libro \u00abLa maldici\u00f3n de ser ni\u00f1a\u00bb, premio Libro y Derechos Humanos en Francia en 2019. \u00a0Ser\u00e1 el pr\u00f3ximo 11 de octubre a las 19 h en el C\u00edrculo de Bellas Artes de Madrid. \u00a0Inscripciones a trav\u00e9s de este enlace:\u00a0bit.ly\/PresentacionLaMaldicionDeSerNi\u00f1a\" \/>\n<meta property=\"og:url\" content=\"https:\/\/www.entreculturas.org\/gl\/la-luz-de-las-ninas\/noticia\/presentacion-del-libro-la-maldicion-de-ser-nina-circulo-de-bellas-artes-de-madrid\/\" \/>\n<meta property=\"og:site_name\" content=\"Entreculturas\" \/>\n<meta property=\"article:publisher\" content=\"https:\/\/www.facebook.com\/entreculturas\" \/>\n<meta property=\"article:modified_time\" content=\"2024-09-20T07:38:01+00:00\" \/>\n<meta property=\"og:image\" content=\"https:\/\/www.entreculturas.org\/wp-content\/uploads\/2022\/10\/Captura-de-pantalla-2022-10-03-151312-880x319-1.png\" \/>\n\t<meta property=\"og:image:width\" content=\"880\" \/>\n\t<meta property=\"og:image:height\" content=\"319\" \/>\n\t<meta property=\"og:image:type\" content=\"image\/png\" \/>\n<meta name=\"twitter:card\" content=\"summary_large_image\" \/>\n<meta name=\"twitter:site\" content=\"@Entreculturas\" \/>\n<script type=\"application\/ld+json\" class=\"yoast-schema-graph\">{\"@context\":\"https:\\\/\\\/schema.org\",\"@graph\":[{\"@type\":\"WebPage\",\"@id\":\"https:\\\/\\\/www.entreculturas.org\\\/gl\\\/la-luz-de-las-ninas\\\/noticia\\\/presentacion-del-libro-la-maldicion-de-ser-nina-circulo-de-bellas-artes-de-madrid\\\/\",\"url\":\"https:\\\/\\\/www.entreculturas.org\\\/gl\\\/la-luz-de-las-ninas\\\/noticia\\\/presentacion-del-libro-la-maldicion-de-ser-nina-circulo-de-bellas-artes-de-madrid\\\/\",\"name\":\"Presentaci\u00f3n del libro \u00abLa maldici\u00f3n de ser ni\u00f1a\u00bb \u2013 C\u00edrculo de Bellas Artes de Madrid - Entreculturas\",\"isPartOf\":{\"@id\":\"https:\\\/\\\/www.entreculturas.org\\\/gl\\\/#website\"},\"primaryImageOfPage\":{\"@id\":\"https:\\\/\\\/www.entreculturas.org\\\/gl\\\/la-luz-de-las-ninas\\\/noticia\\\/presentacion-del-libro-la-maldicion-de-ser-nina-circulo-de-bellas-artes-de-madrid\\\/#primaryimage\"},\"image\":{\"@id\":\"https:\\\/\\\/www.entreculturas.org\\\/gl\\\/la-luz-de-las-ninas\\\/noticia\\\/presentacion-del-libro-la-maldicion-de-ser-nina-circulo-de-bellas-artes-de-madrid\\\/#primaryimage\"},\"thumbnailUrl\":\"https:\\\/\\\/www.entreculturas.org\\\/wp-content\\\/uploads\\\/2022\\\/10\\\/Captura-de-pantalla-2022-10-03-151312-880x319-1.png\",\"datePublished\":\"2022-10-03T20:44:43+00:00\",\"dateModified\":\"2024-09-20T07:38:01+00:00\",\"breadcrumb\":{\"@id\":\"https:\\\/\\\/www.entreculturas.org\\\/gl\\\/la-luz-de-las-ninas\\\/noticia\\\/presentacion-del-libro-la-maldicion-de-ser-nina-circulo-de-bellas-artes-de-madrid\\\/#breadcrumb\"},\"inLanguage\":\"gl-ES\",\"potentialAction\":[{\"@type\":\"ReadAction\",\"target\":[\"https:\\\/\\\/www.entreculturas.org\\\/gl\\\/la-luz-de-las-ninas\\\/noticia\\\/presentacion-del-libro-la-maldicion-de-ser-nina-circulo-de-bellas-artes-de-madrid\\\/\"]}]},{\"@type\":\"ImageObject\",\"inLanguage\":\"gl-ES\",\"@id\":\"https:\\\/\\\/www.entreculturas.org\\\/gl\\\/la-luz-de-las-ninas\\\/noticia\\\/presentacion-del-libro-la-maldicion-de-ser-nina-circulo-de-bellas-artes-de-madrid\\\/#primaryimage\",\"url\":\"https:\\\/\\\/www.entreculturas.org\\\/wp-content\\\/uploads\\\/2022\\\/10\\\/Captura-de-pantalla-2022-10-03-151312-880x319-1.png\",\"contentUrl\":\"https:\\\/\\\/www.entreculturas.org\\\/wp-content\\\/uploads\\\/2022\\\/10\\\/Captura-de-pantalla-2022-10-03-151312-880x319-1.png\",\"width\":880,\"height\":319},{\"@type\":\"BreadcrumbList\",\"@id\":\"https:\\\/\\\/www.entreculturas.org\\\/gl\\\/la-luz-de-las-ninas\\\/noticia\\\/presentacion-del-libro-la-maldicion-de-ser-nina-circulo-de-bellas-artes-de-madrid\\\/#breadcrumb\",\"itemListElement\":[{\"@type\":\"ListItem\",\"position\":1,\"name\":\"Home\",\"item\":\"https:\\\/\\\/www.entreculturas.org\\\/gl\\\/\"},{\"@type\":\"ListItem\",\"position\":2,\"name\":\"Noticias LLDLN\",\"item\":\"https:\\\/\\\/www.entreculturas.org\\\/gl\\\/noticias-la-luz-de-las-ninas\\\/\"},{\"@type\":\"ListItem\",\"position\":3,\"name\":\"Presentaci\u00f3n del libro \u00abLa maldici\u00f3n de ser ni\u00f1a\u00bb \u2013 C\u00edrculo de Bellas Artes de Madrid\"}]},{\"@type\":\"WebSite\",\"@id\":\"https:\\\/\\\/www.entreculturas.org\\\/gl\\\/#website\",\"url\":\"https:\\\/\\\/www.entreculturas.org\\\/gl\\\/\",\"name\":\"Entreculturas\",\"description\":\"\",\"publisher\":{\"@id\":\"https:\\\/\\\/www.entreculturas.org\\\/gl\\\/#organization\"},\"alternateName\":\"Entreculturas\",\"potentialAction\":[{\"@type\":\"SearchAction\",\"target\":{\"@type\":\"EntryPoint\",\"urlTemplate\":\"https:\\\/\\\/www.entreculturas.org\\\/gl\\\/?s={search_term_string}\"},\"query-input\":{\"@type\":\"PropertyValueSpecification\",\"valueRequired\":true,\"valueName\":\"search_term_string\"}}],\"inLanguage\":\"gl-ES\"},{\"@type\":\"Organization\",\"@id\":\"https:\\\/\\\/www.entreculturas.org\\\/gl\\\/#organization\",\"name\":\"Entreculturas\",\"url\":\"https:\\\/\\\/www.entreculturas.org\\\/gl\\\/\",\"logo\":{\"@type\":\"ImageObject\",\"inLanguage\":\"gl-ES\",\"@id\":\"https:\\\/\\\/www.entreculturas.org\\\/gl\\\/#\\\/schema\\\/logo\\\/image\\\/\",\"url\":\"https:\\\/\\\/www.entreculturas.org\\\/wp-content\\\/uploads\\\/2025\\\/10\\\/ESP.svg\",\"contentUrl\":\"https:\\\/\\\/www.entreculturas.org\\\/wp-content\\\/uploads\\\/2025\\\/10\\\/ESP.svg\",\"caption\":\"Entreculturas\"},\"image\":{\"@id\":\"https:\\\/\\\/www.entreculturas.org\\\/gl\\\/#\\\/schema\\\/logo\\\/image\\\/\"},\"sameAs\":[\"https:\\\/\\\/www.facebook.com\\\/entreculturas\",\"https:\\\/\\\/x.com\\\/Entreculturas\",\"https:\\\/\\\/www.instagram.com\\\/entreculturas\\\/\",\"https:\\\/\\\/www.youtube.com\\\/user\\\/entreculturasvideo\",\"https:\\\/\\\/www.linkedin.com\\\/company\\\/fundacion-entreculturas-ngdo\\\/\",\"https:\\\/\\\/www.flickr.com\\\/photos\\\/98455522@N04\\\/albums\\\/\"]}]}<\/script>\n<!-- \/ Yoast SEO Premium plugin. -->","yoast_head_json":{"title":"Presentaci\u00f3n del libro \u00abLa maldici\u00f3n de ser ni\u00f1a\u00bb \u2013 C\u00edrculo de Bellas Artes de Madrid - Entreculturas","robots":{"index":"index","follow":"follow","max-snippet":"max-snippet:-1","max-image-preview":"max-image-preview:large","max-video-preview":"max-video-preview:-1"},"canonical":"https:\/\/www.entreculturas.org\/gl\/la-luz-de-las-ninas\/noticia\/presentacion-del-libro-la-maldicion-de-ser-nina-circulo-de-bellas-artes-de-madrid\/","og_locale":"gl_ES","og_type":"article","og_title":"Presentaci\u00f3n del libro \u00abLa maldici\u00f3n de ser ni\u00f1a\u00bb \u2013 C\u00edrculo de Bellas Artes de Madrid","og_description":"Con motivo de la celebraci\u00f3n del D\u00eda Internacional de la Ni\u00f1a, desde Entreculturas, Mundo Cooperante y Save the Children Espa\u00f1a\u00a0invitamos a la conferencia de la periodista francesa Dominique Sigaud, autora del libro \u00abLa maldici\u00f3n de ser ni\u00f1a\u00bb, premio Libro y Derechos Humanos en Francia en 2019. \u00a0Ser\u00e1 el pr\u00f3ximo 11 de octubre a las 19 h en el C\u00edrculo de Bellas Artes de Madrid. \u00a0Inscripciones a trav\u00e9s de este enlace:\u00a0bit.ly\/PresentacionLaMaldicionDeSerNi\u00f1a","og_url":"https:\/\/www.entreculturas.org\/gl\/la-luz-de-las-ninas\/noticia\/presentacion-del-libro-la-maldicion-de-ser-nina-circulo-de-bellas-artes-de-madrid\/","og_site_name":"Entreculturas","article_publisher":"https:\/\/www.facebook.com\/entreculturas","article_modified_time":"2024-09-20T07:38:01+00:00","og_image":[{"width":880,"height":319,"url":"https:\/\/www.entreculturas.org\/wp-content\/uploads\/2022\/10\/Captura-de-pantalla-2022-10-03-151312-880x319-1.png","type":"image\/png"}],"twitter_card":"summary_large_image","twitter_site":"@Entreculturas","schema":{"@context":"https:\/\/schema.org","@graph":[{"@type":"WebPage","@id":"https:\/\/www.entreculturas.org\/gl\/la-luz-de-las-ninas\/noticia\/presentacion-del-libro-la-maldicion-de-ser-nina-circulo-de-bellas-artes-de-madrid\/","url":"https:\/\/www.entreculturas.org\/gl\/la-luz-de-las-ninas\/noticia\/presentacion-del-libro-la-maldicion-de-ser-nina-circulo-de-bellas-artes-de-madrid\/","name":"Presentaci\u00f3n del libro \u00abLa maldici\u00f3n de ser ni\u00f1a\u00bb \u2013 C\u00edrculo de Bellas Artes de Madrid - Entreculturas","isPartOf":{"@id":"https:\/\/www.entreculturas.org\/gl\/#website"},"primaryImageOfPage":{"@id":"https:\/\/www.entreculturas.org\/gl\/la-luz-de-las-ninas\/noticia\/presentacion-del-libro-la-maldicion-de-ser-nina-circulo-de-bellas-artes-de-madrid\/#primaryimage"},"image":{"@id":"https:\/\/www.entreculturas.org\/gl\/la-luz-de-las-ninas\/noticia\/presentacion-del-libro-la-maldicion-de-ser-nina-circulo-de-bellas-artes-de-madrid\/#primaryimage"},"thumbnailUrl":"https:\/\/www.entreculturas.org\/wp-content\/uploads\/2022\/10\/Captura-de-pantalla-2022-10-03-151312-880x319-1.png","datePublished":"2022-10-03T20:44:43+00:00","dateModified":"2024-09-20T07:38:01+00:00","breadcrumb":{"@id":"https:\/\/www.entreculturas.org\/gl\/la-luz-de-las-ninas\/noticia\/presentacion-del-libro-la-maldicion-de-ser-nina-circulo-de-bellas-artes-de-madrid\/#breadcrumb"},"inLanguage":"gl-ES","potentialAction":[{"@type":"ReadAction","target":["https:\/\/www.entreculturas.org\/gl\/la-luz-de-las-ninas\/noticia\/presentacion-del-libro-la-maldicion-de-ser-nina-circulo-de-bellas-artes-de-madrid\/"]}]},{"@type":"ImageObject","inLanguage":"gl-ES","@id":"https:\/\/www.entreculturas.org\/gl\/la-luz-de-las-ninas\/noticia\/presentacion-del-libro-la-maldicion-de-ser-nina-circulo-de-bellas-artes-de-madrid\/#primaryimage","url":"https:\/\/www.entreculturas.org\/wp-content\/uploads\/2022\/10\/Captura-de-pantalla-2022-10-03-151312-880x319-1.png","contentUrl":"https:\/\/www.entreculturas.org\/wp-content\/uploads\/2022\/10\/Captura-de-pantalla-2022-10-03-151312-880x319-1.png","width":880,"height":319},{"@type":"BreadcrumbList","@id":"https:\/\/www.entreculturas.org\/gl\/la-luz-de-las-ninas\/noticia\/presentacion-del-libro-la-maldicion-de-ser-nina-circulo-de-bellas-artes-de-madrid\/#breadcrumb","itemListElement":[{"@type":"ListItem","position":1,"name":"Home","item":"https:\/\/www.entreculturas.org\/gl\/"},{"@type":"ListItem","position":2,"name":"Noticias LLDLN","item":"https:\/\/www.entreculturas.org\/gl\/noticias-la-luz-de-las-ninas\/"},{"@type":"ListItem","position":3,"name":"Presentaci\u00f3n del libro \u00abLa maldici\u00f3n de ser ni\u00f1a\u00bb \u2013 C\u00edrculo de Bellas Artes de Madrid"}]},{"@type":"WebSite","@id":"https:\/\/www.entreculturas.org\/gl\/#website","url":"https:\/\/www.entreculturas.org\/gl\/","name":"Entreculturas","description":"","publisher":{"@id":"https:\/\/www.entreculturas.org\/gl\/#organization"},"alternateName":"Entreculturas","potentialAction":[{"@type":"SearchAction","target":{"@type":"EntryPoint","urlTemplate":"https:\/\/www.entreculturas.org\/gl\/?s={search_term_string}"},"query-input":{"@type":"PropertyValueSpecification","valueRequired":true,"valueName":"search_term_string"}}],"inLanguage":"gl-ES"},{"@type":"Organization","@id":"https:\/\/www.entreculturas.org\/gl\/#organization","name":"Entreculturas","url":"https:\/\/www.entreculturas.org\/gl\/","logo":{"@type":"ImageObject","inLanguage":"gl-ES","@id":"https:\/\/www.entreculturas.org\/gl\/#\/schema\/logo\/image\/","url":"https:\/\/www.entreculturas.org\/wp-content\/uploads\/2025\/10\/ESP.svg","contentUrl":"https:\/\/www.entreculturas.org\/wp-content\/uploads\/2025\/10\/ESP.svg","caption":"Entreculturas"},"image":{"@id":"https:\/\/www.entreculturas.org\/gl\/#\/schema\/logo\/image\/"},"sameAs":["https:\/\/www.facebook.com\/entreculturas","https:\/\/x.com\/Entreculturas","https:\/\/www.instagram.com\/entreculturas\/","https:\/\/www.youtube.com\/user\/entreculturasvideo","https:\/\/www.linkedin.com\/company\/fundacion-entreculturas-ngdo\/","https:\/\/www.flickr.com\/photos\/98455522@N04\/albums\/"]}]}},"_links":{"self":[{"href":"https:\/\/www.entreculturas.org\/gl\/wp-json\/wp\/v2\/xxx\/814","targetHints":{"allow":["GET"]}}],"collection":[{"href":"https:\/\/www.entreculturas.org\/gl\/wp-json\/wp\/v2\/xxx"}],"about":[{"href":"https:\/\/www.entreculturas.org\/gl\/wp-json\/wp\/v2\/types\/xxx"}],"wp:featuredmedia":[{"embeddable":true,"href":"https:\/\/www.entreculturas.org\/gl\/wp-json\/wp\/v2\/media\/815"}],"wp:attachment":[{"href":"https:\/\/www.entreculturas.org\/gl\/wp-json\/wp\/v2\/media?parent=814"}],"wp:term":[{"taxonomy":"category","embeddable":true,"href":"https:\/\/www.entreculturas.org\/gl\/wp-json\/wp\/v2\/categories?post=814"},{"taxonomy":"post_tag","embeddable":true,"href":"https:\/\/www.entreculturas.org\/gl\/wp-json\/wp\/v2\/tags?post=814"}],"curies":[{"name":"wp","href":"https:\/\/api.w.org\/{rel}","templated":true}]}}