{"id":803,"date":"2022-09-23T09:54:56","date_gmt":"2022-09-23T07:54:56","guid":{"rendered":"https:\/\/www.entreculturas.org\/?post_type=xxx&#038;p=803"},"modified":"2024-09-20T09:37:22","modified_gmt":"2024-09-20T07:37:22","slug":"las-ninas-del-mundo-se-unen-para-exigir-su-derecho-a-vivir-sanas-y-salvas","status":"publish","type":"xxx","link":"https:\/\/www.entreculturas.org\/gl\/la-luz-de-las-ninas\/noticia\/las-ninas-del-mundo-se-unen-para-exigir-su-derecho-a-vivir-sanas-y-salvas\/","title":{"rendered":"Las NI\u00d1AS del mundo se unen para exigir su derecho a vivir SANAS Y SALVAS"},"content":{"rendered":"<p><span style=\"font-weight: 400;\">Con motivo del 11 de octubre, <\/span><b>D\u00eda Internacional de las Ni\u00f1as<\/b><span style=\"font-weight: 400;\">, las ni\u00f1as de diferentes pa\u00edses del mundo se han unido para reivindicar y defender su derecho a vivir <\/span><b>SANAS Y SALVAS<\/b><span style=\"font-weight: 400;\">.<\/span><\/p>\n<p><span style=\"font-weight: 400;\">Desde el pasado mes de junio, <\/span><b>m\u00e1s de 100 ni\u00f1as en 9 pa\u00edses se han reunido<\/b><span style=\"font-weight: 400;\"> en varias sesiones, impulsadas por la campa\u00f1a global <\/span><b>La LUZ de las NI\u00d1AS<\/b><span style=\"font-weight: 400;\">, para discutir sobre la situaci\u00f3n de violencia que sufren las ni\u00f1as en sus pa\u00edses, y alrededor del mundo, y abordar las posibles soluciones y peticiones para exigir que sus derechos sean respetados.\u00a0<\/span><\/p>\n<p><span style=\"font-weight: 400;\">Tras las sesiones de trabajo a nivel local, el pasado 21 de septiembre, las ni\u00f1as de Guatemala, Sud\u00e1n del Sur, Espa\u00f1a, El Salvador, Per\u00fa, Honduras, Kenia, Nicaragua y Chad han tenido la oportunidad de reunirse de forma virtual en un emocionante<\/span><b> taller global<\/b><span style=\"font-weight: 400;\">, donde han podido tratar la problem\u00e1tica de la violencia, intercambiar ideas, opiniones y sue\u00f1os acerc\u00e1ndose a otras realidades y trabajando juntas para el cambio global.\u00a0<\/span><\/p>\n<p><img decoding=\"async\" class=\"alignnone wp-image-805 size-large\" src=\"https:\/\/www.laluzdelasninas.org\/app\/uploads\/2022\/09\/Talleres-Kenia-1-1024x575.jpg\" alt=\"\" width=\"1024\" height=\"575\" \/><\/p>\n<p><span style=\"font-weight: 400;\">\u201cTodas conocemos la violencia y las desigualdades que sufrimos y tambi\u00e9n las que hemos visto en otros pa\u00edses&#8221; afirm\u00f3 Lamaku, ni\u00f1a participante de Sud\u00e1n del Sur. &#8220;<\/span><b>Lo que s\u00e9 es que las ni\u00f1as deber\u00edamos estar unidas y luchar juntas por nuestra propia supervivencia<\/b><span style=\"font-weight: 400;\">, para que nosotras podamos tener nuestros derechos como ni\u00f1as y para ser fuertes. Quiz\u00e1s la educaci\u00f3n es lo que m\u00e1s nos puede ayudar para conseguir nuestros objetivos y para que se nos vea como personas valiosas para el pa\u00eds. Estamos muy muy felices de estar aqu\u00ed hoy\u201d. El resultado de este taller global ser\u00e1 un <\/span><b>manifiesto<\/b> <b>con 11 peticiones,<\/b><span style=\"font-weight: 400;\"> construido de forma colaborativa por las propias ni\u00f1as, en el que exigimos la<\/span><b> protecci\u00f3n internacional efectiva de los Derechos de las Ni\u00f1as<\/b><span style=\"font-weight: 400;\">. <\/span><\/p>\n<p><span style=\"font-weight: 400;\">Desde el 26 de septiembre, y durante el mes de octubre, las ni\u00f1as, junto a nuestras organizaciones socias, Fe y Alegr\u00eda y el Servicio Jesuita a Refugiados, presentar\u00e1n este manifiesto ante diferentes instituciones p\u00fablicas y llevar\u00e1n a cabo numerosos actos de incidencia. En una oleada mundial de indignaci\u00f3n y sororidad, las ni\u00f1as del mundo se han unido y est\u00e1n saliendo a las calles para llevar su grito de protesta.<\/span><\/p>\n<p><b>\u201cLas ni\u00f1as podemos crear nuestras propias comunidades para luchar. En nuestra generaci\u00f3n, la mayor\u00eda de las ni\u00f1as somos valientes. Somos diferentes y creo que podemos cambiar el mundo\u201d<\/b><span style=\"font-weight: 400;\">, afirma Benedicte, refugiada congole\u00f1a en Uganda de 12 a\u00f1os.<\/span><b>\u00a0<\/b><\/p>\n<p><span style=\"font-weight: 400;\">Quieren ser ni\u00f1as<\/span><b> SANAS Y SALVAS <\/b><span style=\"font-weight: 400;\">y plenas de derechos, y nos invitan a unirnos a su gesto de rechazo a la violencia y difundir este manifiesto global.\u00a0<\/span><\/p>\n<p><a href=\"https:\/\/www.laluzdelasninas.org\/app\/uploads\/2022\/09\/Manifiesto_LDN_ES.pdf\"><strong><span style=\"color: #ff0000;\">Descarga el manifiesto en espa\u00f1ol<\/span><\/strong><\/a><\/p>\n<p><a href=\"https:\/\/www.laluzdelasninas.org\/app\/uploads\/sites\/2\/2022\/09\/Manifiesto-EN.pdf\"><strong><span style=\"color: #ff0000;\">Descarga el manifiesto en ingl\u00e9s<\/span><\/strong><\/a><\/p>\n<p><a href=\"https:\/\/www.laluzdelasninas.org\/app\/uploads\/sites\/3\/2022\/09\/Manifiesto-FR.pdf\"><strong><span style=\"color: #ff0000;\">Descarga el manifiesto en franc\u00e9s<\/span><\/strong><\/a><\/p>\n","protected":false},"excerpt":{"rendered":"<p>Con motivo del 11 de octubre, D\u00eda Internacional de las Ni\u00f1as, las ni\u00f1as de diferentes pa\u00edses del mundo se han unido para reivindicar y defender su derecho a vivir SANAS Y SALVAS. Desde el pasado mes de junio, m\u00e1s de 100 ni\u00f1as en 9 pa\u00edses se han reunido en varias sesiones, impulsadas por la campa\u00f1a global La LUZ de las NI\u00d1AS, para discutir sobre la situaci\u00f3n de violencia que sufren las ni\u00f1as en sus pa\u00edses, y alrededor del mundo, y abordar las posibles soluciones y peticiones para exigir que sus derechos sean respetados.\u00a0 Tras las sesiones de trabajo a nivel local, el pasado 21 de septiembre, las ni\u00f1as de Guatemala, Sud\u00e1n del Sur, Espa\u00f1a, El Salvador, Per\u00fa, Honduras, Kenia, Nicaragua y Chad han tenido la oportunidad de reunirse de forma virtual en un emocionante taller global, donde han podido tratar la problem\u00e1tica de la violencia, intercambiar ideas, opiniones y sue\u00f1os [&hellip;]<\/p>\n","protected":false},"featured_media":807,"template":"wp-custom-template-noticias-la-luz-de-las-ninas-2","meta":{"_acf_changed":false},"categories":[7],"tags":[],"class_list":["post-803","xxx","type-xxx","status-publish","has-post-thumbnail","hentry","category-noticia"],"acf":[],"yoast_head":"<!-- This site is optimized with the Yoast SEO Premium plugin v21.6 (Yoast SEO v27.5) - https:\/\/yoast.com\/product\/yoast-seo-premium-wordpress\/ -->\n<title>Las NI\u00d1AS del mundo se unen para exigir su derecho a vivir SANAS Y SALVAS - Entreculturas<\/title>\n<meta name=\"robots\" content=\"index, follow, max-snippet:-1, max-image-preview:large, max-video-preview:-1\" \/>\n<link rel=\"canonical\" href=\"https:\/\/www.entreculturas.org\/gl\/la-luz-de-las-ninas\/noticia\/las-ninas-del-mundo-se-unen-para-exigir-su-derecho-a-vivir-sanas-y-salvas\/\" \/>\n<meta property=\"og:locale\" content=\"gl_ES\" \/>\n<meta property=\"og:type\" content=\"article\" \/>\n<meta property=\"og:title\" content=\"Las NI\u00d1AS del mundo se unen para exigir su derecho a vivir SANAS Y SALVAS\" \/>\n<meta property=\"og:description\" content=\"Con motivo del 11 de octubre, D\u00eda Internacional de las Ni\u00f1as, las ni\u00f1as de diferentes pa\u00edses del mundo se han unido para reivindicar y defender su derecho a vivir SANAS Y SALVAS. Desde el pasado mes de junio, m\u00e1s de 100 ni\u00f1as en 9 pa\u00edses se han reunido en varias sesiones, impulsadas por la campa\u00f1a global La LUZ de las NI\u00d1AS, para discutir sobre la situaci\u00f3n de violencia que sufren las ni\u00f1as en sus pa\u00edses, y alrededor del mundo, y abordar las posibles soluciones y peticiones para exigir que sus derechos sean respetados.\u00a0 Tras las sesiones de trabajo a nivel local, el pasado 21 de septiembre, las ni\u00f1as de Guatemala, Sud\u00e1n del Sur, Espa\u00f1a, El Salvador, Per\u00fa, Honduras, Kenia, Nicaragua y Chad han tenido la oportunidad de reunirse de forma virtual en un emocionante taller global, donde han podido tratar la problem\u00e1tica de la violencia, intercambiar ideas, opiniones y sue\u00f1os [&hellip;]\" \/>\n<meta property=\"og:url\" content=\"https:\/\/www.entreculturas.org\/gl\/la-luz-de-las-ninas\/noticia\/las-ninas-del-mundo-se-unen-para-exigir-su-derecho-a-vivir-sanas-y-salvas\/\" \/>\n<meta property=\"og:site_name\" content=\"Entreculturas\" \/>\n<meta property=\"article:publisher\" content=\"https:\/\/www.facebook.com\/entreculturas\" \/>\n<meta property=\"article:modified_time\" content=\"2024-09-20T07:37:22+00:00\" \/>\n<meta property=\"og:image\" content=\"https:\/\/www.entreculturas.org\/wp-content\/uploads\/2022\/09\/Foto-noticia-taller-global-pequenpa.png\" \/>\n\t<meta property=\"og:image:width\" content=\"1071\" \/>\n\t<meta property=\"og:image:height\" content=\"626\" \/>\n\t<meta property=\"og:image:type\" content=\"image\/png\" \/>\n<meta name=\"twitter:card\" content=\"summary_large_image\" \/>\n<meta name=\"twitter:site\" content=\"@Entreculturas\" \/>\n<script type=\"application\/ld+json\" class=\"yoast-schema-graph\">{\"@context\":\"https:\\\/\\\/schema.org\",\"@graph\":[{\"@type\":\"WebPage\",\"@id\":\"https:\\\/\\\/www.entreculturas.org\\\/gl\\\/la-luz-de-las-ninas\\\/noticia\\\/las-ninas-del-mundo-se-unen-para-exigir-su-derecho-a-vivir-sanas-y-salvas\\\/\",\"url\":\"https:\\\/\\\/www.entreculturas.org\\\/gl\\\/la-luz-de-las-ninas\\\/noticia\\\/las-ninas-del-mundo-se-unen-para-exigir-su-derecho-a-vivir-sanas-y-salvas\\\/\",\"name\":\"Las NI\u00d1AS del mundo se unen para exigir su derecho a vivir SANAS Y SALVAS - Entreculturas\",\"isPartOf\":{\"@id\":\"https:\\\/\\\/www.entreculturas.org\\\/gl\\\/#website\"},\"primaryImageOfPage\":{\"@id\":\"https:\\\/\\\/www.entreculturas.org\\\/gl\\\/la-luz-de-las-ninas\\\/noticia\\\/las-ninas-del-mundo-se-unen-para-exigir-su-derecho-a-vivir-sanas-y-salvas\\\/#primaryimage\"},\"image\":{\"@id\":\"https:\\\/\\\/www.entreculturas.org\\\/gl\\\/la-luz-de-las-ninas\\\/noticia\\\/las-ninas-del-mundo-se-unen-para-exigir-su-derecho-a-vivir-sanas-y-salvas\\\/#primaryimage\"},\"thumbnailUrl\":\"https:\\\/\\\/www.entreculturas.org\\\/wp-content\\\/uploads\\\/2022\\\/09\\\/Foto-noticia-taller-global-pequenpa.png\",\"datePublished\":\"2022-09-23T07:54:56+00:00\",\"dateModified\":\"2024-09-20T07:37:22+00:00\",\"breadcrumb\":{\"@id\":\"https:\\\/\\\/www.entreculturas.org\\\/gl\\\/la-luz-de-las-ninas\\\/noticia\\\/las-ninas-del-mundo-se-unen-para-exigir-su-derecho-a-vivir-sanas-y-salvas\\\/#breadcrumb\"},\"inLanguage\":\"gl-ES\",\"potentialAction\":[{\"@type\":\"ReadAction\",\"target\":[\"https:\\\/\\\/www.entreculturas.org\\\/gl\\\/la-luz-de-las-ninas\\\/noticia\\\/las-ninas-del-mundo-se-unen-para-exigir-su-derecho-a-vivir-sanas-y-salvas\\\/\"]}]},{\"@type\":\"ImageObject\",\"inLanguage\":\"gl-ES\",\"@id\":\"https:\\\/\\\/www.entreculturas.org\\\/gl\\\/la-luz-de-las-ninas\\\/noticia\\\/las-ninas-del-mundo-se-unen-para-exigir-su-derecho-a-vivir-sanas-y-salvas\\\/#primaryimage\",\"url\":\"https:\\\/\\\/www.entreculturas.org\\\/wp-content\\\/uploads\\\/2022\\\/09\\\/Foto-noticia-taller-global-pequenpa.png\",\"contentUrl\":\"https:\\\/\\\/www.entreculturas.org\\\/wp-content\\\/uploads\\\/2022\\\/09\\\/Foto-noticia-taller-global-pequenpa.png\",\"width\":1071,\"height\":626},{\"@type\":\"BreadcrumbList\",\"@id\":\"https:\\\/\\\/www.entreculturas.org\\\/gl\\\/la-luz-de-las-ninas\\\/noticia\\\/las-ninas-del-mundo-se-unen-para-exigir-su-derecho-a-vivir-sanas-y-salvas\\\/#breadcrumb\",\"itemListElement\":[{\"@type\":\"ListItem\",\"position\":1,\"name\":\"Home\",\"item\":\"https:\\\/\\\/www.entreculturas.org\\\/gl\\\/\"},{\"@type\":\"ListItem\",\"position\":2,\"name\":\"Noticias LLDLN\",\"item\":\"https:\\\/\\\/www.entreculturas.org\\\/gl\\\/noticias-la-luz-de-las-ninas\\\/\"},{\"@type\":\"ListItem\",\"position\":3,\"name\":\"Las NI\u00d1AS del mundo se unen para exigir su derecho a vivir SANAS Y SALVAS\"}]},{\"@type\":\"WebSite\",\"@id\":\"https:\\\/\\\/www.entreculturas.org\\\/gl\\\/#website\",\"url\":\"https:\\\/\\\/www.entreculturas.org\\\/gl\\\/\",\"name\":\"Entreculturas\",\"description\":\"\",\"publisher\":{\"@id\":\"https:\\\/\\\/www.entreculturas.org\\\/gl\\\/#organization\"},\"alternateName\":\"Entreculturas\",\"potentialAction\":[{\"@type\":\"SearchAction\",\"target\":{\"@type\":\"EntryPoint\",\"urlTemplate\":\"https:\\\/\\\/www.entreculturas.org\\\/gl\\\/?s={search_term_string}\"},\"query-input\":{\"@type\":\"PropertyValueSpecification\",\"valueRequired\":true,\"valueName\":\"search_term_string\"}}],\"inLanguage\":\"gl-ES\"},{\"@type\":\"Organization\",\"@id\":\"https:\\\/\\\/www.entreculturas.org\\\/gl\\\/#organization\",\"name\":\"Entreculturas\",\"url\":\"https:\\\/\\\/www.entreculturas.org\\\/gl\\\/\",\"logo\":{\"@type\":\"ImageObject\",\"inLanguage\":\"gl-ES\",\"@id\":\"https:\\\/\\\/www.entreculturas.org\\\/gl\\\/#\\\/schema\\\/logo\\\/image\\\/\",\"url\":\"https:\\\/\\\/www.entreculturas.org\\\/wp-content\\\/uploads\\\/2025\\\/10\\\/ESP.svg\",\"contentUrl\":\"https:\\\/\\\/www.entreculturas.org\\\/wp-content\\\/uploads\\\/2025\\\/10\\\/ESP.svg\",\"caption\":\"Entreculturas\"},\"image\":{\"@id\":\"https:\\\/\\\/www.entreculturas.org\\\/gl\\\/#\\\/schema\\\/logo\\\/image\\\/\"},\"sameAs\":[\"https:\\\/\\\/www.facebook.com\\\/entreculturas\",\"https:\\\/\\\/x.com\\\/Entreculturas\",\"https:\\\/\\\/www.instagram.com\\\/entreculturas\\\/\",\"https:\\\/\\\/www.youtube.com\\\/user\\\/entreculturasvideo\",\"https:\\\/\\\/www.linkedin.com\\\/company\\\/fundacion-entreculturas-ngdo\\\/\",\"https:\\\/\\\/www.flickr.com\\\/photos\\\/98455522@N04\\\/albums\\\/\"]}]}<\/script>\n<!-- \/ Yoast SEO Premium plugin. -->","yoast_head_json":{"title":"Las NI\u00d1AS del mundo se unen para exigir su derecho a vivir SANAS Y SALVAS - Entreculturas","robots":{"index":"index","follow":"follow","max-snippet":"max-snippet:-1","max-image-preview":"max-image-preview:large","max-video-preview":"max-video-preview:-1"},"canonical":"https:\/\/www.entreculturas.org\/gl\/la-luz-de-las-ninas\/noticia\/las-ninas-del-mundo-se-unen-para-exigir-su-derecho-a-vivir-sanas-y-salvas\/","og_locale":"gl_ES","og_type":"article","og_title":"Las NI\u00d1AS del mundo se unen para exigir su derecho a vivir SANAS Y SALVAS","og_description":"Con motivo del 11 de octubre, D\u00eda Internacional de las Ni\u00f1as, las ni\u00f1as de diferentes pa\u00edses del mundo se han unido para reivindicar y defender su derecho a vivir SANAS Y SALVAS. Desde el pasado mes de junio, m\u00e1s de 100 ni\u00f1as en 9 pa\u00edses se han reunido en varias sesiones, impulsadas por la campa\u00f1a global La LUZ de las NI\u00d1AS, para discutir sobre la situaci\u00f3n de violencia que sufren las ni\u00f1as en sus pa\u00edses, y alrededor del mundo, y abordar las posibles soluciones y peticiones para exigir que sus derechos sean respetados.\u00a0 Tras las sesiones de trabajo a nivel local, el pasado 21 de septiembre, las ni\u00f1as de Guatemala, Sud\u00e1n del Sur, Espa\u00f1a, El Salvador, Per\u00fa, Honduras, Kenia, Nicaragua y Chad han tenido la oportunidad de reunirse de forma virtual en un emocionante taller global, donde han podido tratar la problem\u00e1tica de la violencia, intercambiar ideas, opiniones y sue\u00f1os [&hellip;]","og_url":"https:\/\/www.entreculturas.org\/gl\/la-luz-de-las-ninas\/noticia\/las-ninas-del-mundo-se-unen-para-exigir-su-derecho-a-vivir-sanas-y-salvas\/","og_site_name":"Entreculturas","article_publisher":"https:\/\/www.facebook.com\/entreculturas","article_modified_time":"2024-09-20T07:37:22+00:00","og_image":[{"width":1071,"height":626,"url":"https:\/\/www.entreculturas.org\/wp-content\/uploads\/2022\/09\/Foto-noticia-taller-global-pequenpa.png","type":"image\/png"}],"twitter_card":"summary_large_image","twitter_site":"@Entreculturas","schema":{"@context":"https:\/\/schema.org","@graph":[{"@type":"WebPage","@id":"https:\/\/www.entreculturas.org\/gl\/la-luz-de-las-ninas\/noticia\/las-ninas-del-mundo-se-unen-para-exigir-su-derecho-a-vivir-sanas-y-salvas\/","url":"https:\/\/www.entreculturas.org\/gl\/la-luz-de-las-ninas\/noticia\/las-ninas-del-mundo-se-unen-para-exigir-su-derecho-a-vivir-sanas-y-salvas\/","name":"Las NI\u00d1AS del mundo se unen para exigir su derecho a vivir SANAS Y SALVAS - Entreculturas","isPartOf":{"@id":"https:\/\/www.entreculturas.org\/gl\/#website"},"primaryImageOfPage":{"@id":"https:\/\/www.entreculturas.org\/gl\/la-luz-de-las-ninas\/noticia\/las-ninas-del-mundo-se-unen-para-exigir-su-derecho-a-vivir-sanas-y-salvas\/#primaryimage"},"image":{"@id":"https:\/\/www.entreculturas.org\/gl\/la-luz-de-las-ninas\/noticia\/las-ninas-del-mundo-se-unen-para-exigir-su-derecho-a-vivir-sanas-y-salvas\/#primaryimage"},"thumbnailUrl":"https:\/\/www.entreculturas.org\/wp-content\/uploads\/2022\/09\/Foto-noticia-taller-global-pequenpa.png","datePublished":"2022-09-23T07:54:56+00:00","dateModified":"2024-09-20T07:37:22+00:00","breadcrumb":{"@id":"https:\/\/www.entreculturas.org\/gl\/la-luz-de-las-ninas\/noticia\/las-ninas-del-mundo-se-unen-para-exigir-su-derecho-a-vivir-sanas-y-salvas\/#breadcrumb"},"inLanguage":"gl-ES","potentialAction":[{"@type":"ReadAction","target":["https:\/\/www.entreculturas.org\/gl\/la-luz-de-las-ninas\/noticia\/las-ninas-del-mundo-se-unen-para-exigir-su-derecho-a-vivir-sanas-y-salvas\/"]}]},{"@type":"ImageObject","inLanguage":"gl-ES","@id":"https:\/\/www.entreculturas.org\/gl\/la-luz-de-las-ninas\/noticia\/las-ninas-del-mundo-se-unen-para-exigir-su-derecho-a-vivir-sanas-y-salvas\/#primaryimage","url":"https:\/\/www.entreculturas.org\/wp-content\/uploads\/2022\/09\/Foto-noticia-taller-global-pequenpa.png","contentUrl":"https:\/\/www.entreculturas.org\/wp-content\/uploads\/2022\/09\/Foto-noticia-taller-global-pequenpa.png","width":1071,"height":626},{"@type":"BreadcrumbList","@id":"https:\/\/www.entreculturas.org\/gl\/la-luz-de-las-ninas\/noticia\/las-ninas-del-mundo-se-unen-para-exigir-su-derecho-a-vivir-sanas-y-salvas\/#breadcrumb","itemListElement":[{"@type":"ListItem","position":1,"name":"Home","item":"https:\/\/www.entreculturas.org\/gl\/"},{"@type":"ListItem","position":2,"name":"Noticias LLDLN","item":"https:\/\/www.entreculturas.org\/gl\/noticias-la-luz-de-las-ninas\/"},{"@type":"ListItem","position":3,"name":"Las NI\u00d1AS del mundo se unen para exigir su derecho a vivir SANAS Y SALVAS"}]},{"@type":"WebSite","@id":"https:\/\/www.entreculturas.org\/gl\/#website","url":"https:\/\/www.entreculturas.org\/gl\/","name":"Entreculturas","description":"","publisher":{"@id":"https:\/\/www.entreculturas.org\/gl\/#organization"},"alternateName":"Entreculturas","potentialAction":[{"@type":"SearchAction","target":{"@type":"EntryPoint","urlTemplate":"https:\/\/www.entreculturas.org\/gl\/?s={search_term_string}"},"query-input":{"@type":"PropertyValueSpecification","valueRequired":true,"valueName":"search_term_string"}}],"inLanguage":"gl-ES"},{"@type":"Organization","@id":"https:\/\/www.entreculturas.org\/gl\/#organization","name":"Entreculturas","url":"https:\/\/www.entreculturas.org\/gl\/","logo":{"@type":"ImageObject","inLanguage":"gl-ES","@id":"https:\/\/www.entreculturas.org\/gl\/#\/schema\/logo\/image\/","url":"https:\/\/www.entreculturas.org\/wp-content\/uploads\/2025\/10\/ESP.svg","contentUrl":"https:\/\/www.entreculturas.org\/wp-content\/uploads\/2025\/10\/ESP.svg","caption":"Entreculturas"},"image":{"@id":"https:\/\/www.entreculturas.org\/gl\/#\/schema\/logo\/image\/"},"sameAs":["https:\/\/www.facebook.com\/entreculturas","https:\/\/x.com\/Entreculturas","https:\/\/www.instagram.com\/entreculturas\/","https:\/\/www.youtube.com\/user\/entreculturasvideo","https:\/\/www.linkedin.com\/company\/fundacion-entreculturas-ngdo\/","https:\/\/www.flickr.com\/photos\/98455522@N04\/albums\/"]}]}},"_links":{"self":[{"href":"https:\/\/www.entreculturas.org\/gl\/wp-json\/wp\/v2\/xxx\/803","targetHints":{"allow":["GET"]}}],"collection":[{"href":"https:\/\/www.entreculturas.org\/gl\/wp-json\/wp\/v2\/xxx"}],"about":[{"href":"https:\/\/www.entreculturas.org\/gl\/wp-json\/wp\/v2\/types\/xxx"}],"wp:featuredmedia":[{"embeddable":true,"href":"https:\/\/www.entreculturas.org\/gl\/wp-json\/wp\/v2\/media\/807"}],"wp:attachment":[{"href":"https:\/\/www.entreculturas.org\/gl\/wp-json\/wp\/v2\/media?parent=803"}],"wp:term":[{"taxonomy":"category","embeddable":true,"href":"https:\/\/www.entreculturas.org\/gl\/wp-json\/wp\/v2\/categories?post=803"},{"taxonomy":"post_tag","embeddable":true,"href":"https:\/\/www.entreculturas.org\/gl\/wp-json\/wp\/v2\/tags?post=803"}],"curies":[{"name":"wp","href":"https:\/\/api.w.org\/{rel}","templated":true}]}}