{"id":792,"date":"2022-07-27T22:36:12","date_gmt":"2022-07-27T20:36:12","guid":{"rendered":"https:\/\/www.entreculturas.org\/?post_type=xxx&#038;p=792"},"modified":"2024-09-20T09:35:49","modified_gmt":"2024-09-20T07:35:49","slug":"cuatro-anos-de-la-campana-global-la-luz-de-las-ninas","status":"publish","type":"xxx","link":"https:\/\/www.entreculturas.org\/gl\/la-luz-de-las-ninas\/noticia\/cuatro-anos-de-la-campana-global-la-luz-de-las-ninas\/","title":{"rendered":"CUATRO A\u00d1OS DE LA CAMPA\u00d1A GLOBAL LA LUZ DE LAS NI\u00d1AS"},"content":{"rendered":"<p><span style=\"font-weight: 400;\">La Campa\u00f1a Global La LUZ de las NI\u00d1AS, que promovemos desde Entreculturas Fe y Alegr\u00eda y el Servicio Jesuita a Refugiados, cumple cuatro a\u00f1os desde su implementaci\u00f3n. Cuatro a\u00f1os intensos, llenos de aprendizajes y, por supuesto, de LUZ. <\/span><span style=\"font-weight: 400;\">La campa\u00f1a sigue creciendo y son muchas las actividades que se est\u00e1n llevando a cabo en los diferentes pa\u00edses de \u00c1frica y Am\u00e9rica Latina.<\/span><\/p>\n<p><span style=\"font-weight: 400;\">\u00a1Desc\u00fabrelas!<\/span><\/p>\n<p><span style=\"color: #ff0000;\"><b>GUATEMALA<\/b><\/span><\/p>\n<p>&nbsp;<\/p>\n<p><img decoding=\"async\" class=\"alignnone wp-image-736 size-full\" src=\"https:\/\/www.entreculturas.org\/wp-content\/uploads\/2021\/11\/Portada-1536x864-1.png\" alt=\"\" width=\"1536\" height=\"864\" srcset=\"https:\/\/www.entreculturas.org\/wp-content\/uploads\/2021\/11\/Portada-1536x864-1.png 1536w, https:\/\/www.entreculturas.org\/wp-content\/uploads\/2021\/11\/Portada-1536x864-1-300x169.png 300w, https:\/\/www.entreculturas.org\/wp-content\/uploads\/2021\/11\/Portada-1536x864-1-1024x576.png 1024w, https:\/\/www.entreculturas.org\/wp-content\/uploads\/2021\/11\/Portada-1536x864-1-768x432.png 768w\" sizes=\"(max-width: 1536px) 100vw, 1536px\" \/><\/p>\n<p><b>Fe y Alegr\u00eda Guatemala present\u00f3 su informe &#8220;Factores que limitan el acceso y continuidad educativa en NI\u00d1AS, adolescentes y mujeres en Guatemala&#8221;<\/b><span style=\"font-weight: 400;\">.\u00a0<\/span><\/p>\n<p><span style=\"font-weight: 400;\">Fe y Alegr\u00eda Guatemala llev\u00f3 a cabo un informe de incidencia pol\u00edtica que se present\u00f3 en 2021 con el objetivo de establecer una base cient\u00edfica, desde la informaci\u00f3n p\u00fablica existente, acerca de la situaci\u00f3n de los factores sociales que limitan el acceso y la continuidad educativa de las NI\u00d1AS en Guatemala y denunciarlo ante instituciones y gobiernos locales.<\/span><\/p>\n<p><span style=\"font-weight: 400;\">Las conclusiones de este informe, en el que el equipo de Fe y Alegr\u00eda Guatemala ha trabajado durante todo un a\u00f1o, nos muestra datos escalofriantes como que \u201ccada d\u00eda en Guatemala, en promedio, se registran m\u00e1s de 200 partos en NI\u00d1AS y adolescentes de 10 a 19 a\u00f1os y 7.6 en NI\u00d1AS entre los 10 y los 14 a\u00f1os; producto de una violaci\u00f3n\u201d.<\/span><\/p>\n<p><a href=\"https:\/\/bit.ly\/InformeLdNGuatemala\"><b>Descargar el informe<\/b><\/a><\/p>\n<p><b>Evento\u00a0 \u201cLa Educaci\u00f3n: Una Luz para la Igualdad\u201d<\/b><\/p>\n<p><span style=\"font-weight: 400;\">En el marco del D\u00eda Nacional del Educador en Guatemala se realiz\u00f3 el evento virtual Abramos Di\u00e1logo \u201cLa Educaci\u00f3n: Una Luz para la Igualdad\u201d. El principal objetivo del evento fue evidenciar la importancia de la educaci\u00f3n en igualdad para los ni\u00f1os y NI\u00d1AS de Guatemala y discutir sobre el importante rol que realizan los docentes de Guatemala para ser Agentes Transformadores de las realidades de las NI\u00d1AS en el pa\u00eds. El evento tambi\u00e9n cont\u00f3 con la participaci\u00f3n de diferentes personas expertas y representantes de instituciones en defensa de los derechos de la infancia en el \u00e1mbito nacional.<\/span><\/p>\n<p><b>Fe y Alegr\u00eda Guatemala ofreci\u00f3 el espacio de di\u00e1logo \u201c\u00bfC\u00f3mo contribuye la educaci\u00f3n a mantener a las NI\u00d1AS SANAS Y SALVAS?\u201d<\/b><\/p>\n<p><span style=\"font-weight: 400;\">El\u00a0 25 de octubre, tuvimos la oportunidad de dialogar sobre el contexto de violencia en el que viven las NI\u00d1AS en Guatemala a trav\u00e9s del webinar #AbramosDi\u00e1logo de Fe y Alegr\u00eda Guatemala que, adem\u00e1s, tuvo un fuerte componente de incidencia pol\u00edtica, ya que se propuso el reto de obtener 5.000 firmas para instar a gobiernos locales e instituciones del pa\u00eds a proteger a NI\u00d1AS ante la violencia machista.\u00a0<\/span><\/p>\n<p><span style=\"font-weight: 400;\">El grito de indignaci\u00f3n de las NI\u00d1AS de Guatemala lleg\u00f3 a las calles del pa\u00eds, donde se instalaron m\u00e1s de 300 mupis con el lema \u201cLas queremos SANAS Y SALVAS\u201d, gracias a la campa\u00f1a masiva de medios de comunicaci\u00f3n y sensibilizaci\u00f3n que Fe y Alegr\u00eda Guatemala est\u00e1 llevando a cabo. La campa\u00f1a sigue en marcha y para el a\u00f1o 2022 tienen prevista una agenda de reuniones pol\u00edticas para continuar con su fuerte trabajo de incidencia.\u00a0<\/span><\/p>\n<p><img decoding=\"async\" class=\"alignnone wp-image-747 size-large\" src=\"https:\/\/www.entreculturas.org\/wp-content\/uploads\/2022\/01\/Emily-Alvarado-crop-1024x1018.jpg\" alt=\"\" width=\"1024\" height=\"1018\" srcset=\"https:\/\/www.entreculturas.org\/wp-content\/uploads\/2022\/01\/Emily-Alvarado-crop-1024x1018.jpg 1024w, https:\/\/www.entreculturas.org\/wp-content\/uploads\/2022\/01\/Emily-Alvarado-crop-300x298.jpg 300w, https:\/\/www.entreculturas.org\/wp-content\/uploads\/2022\/01\/Emily-Alvarado-crop-150x150.jpg 150w, https:\/\/www.entreculturas.org\/wp-content\/uploads\/2022\/01\/Emily-Alvarado-crop-768x764.jpg 768w, https:\/\/www.entreculturas.org\/wp-content\/uploads\/2022\/01\/Emily-Alvarado-crop.jpg 1536w\" sizes=\"(max-width: 1024px) 100vw, 1024px\" \/><\/p>\n<p>&nbsp;<\/p>\n<p><span style=\"font-weight: 400; color: #ff0000;\"><b>CHAD<\/b><\/span><\/p>\n<p><img decoding=\"async\" class=\"wp-image-721 size-large\" src=\"https:\/\/www.entreculturas.org\/wp-content\/uploads\/2021\/10\/TCD12_2021_1013_Sanas-y-Salvas-9-1024x576.jpg\" alt=\"\" width=\"1024\" height=\"576\" srcset=\"https:\/\/www.entreculturas.org\/wp-content\/uploads\/2021\/10\/TCD12_2021_1013_Sanas-y-Salvas-9-1024x576.jpg 1024w, https:\/\/www.entreculturas.org\/wp-content\/uploads\/2021\/10\/TCD12_2021_1013_Sanas-y-Salvas-9-300x169.jpg 300w, https:\/\/www.entreculturas.org\/wp-content\/uploads\/2021\/10\/TCD12_2021_1013_Sanas-y-Salvas-9-768x432.jpg 768w, https:\/\/www.entreculturas.org\/wp-content\/uploads\/2021\/10\/TCD12_2021_1013_Sanas-y-Salvas-9.jpg 1200w\" sizes=\"(max-width: 1024px) 100vw, 1024px\" \/><\/p>\n<p>&nbsp;<\/p>\n<p><b>Creaci\u00f3n y presentaci\u00f3n del cuento \u201cAfaf y el huevo dorado\u201d en Chad<\/b><\/p>\n<p><span style=\"font-weight: 400;\">A trav\u00e9s de ilustraciones y canciones, las NI\u00d1AS refugiadas en Chad compartieron sus experiencias con la artista Salma Khalil, ella misma fue refugiada y ha vivido la represi\u00f3n y la violencia por ser ni\u00f1a. Las NI\u00d1AS que han participado en los cuentos son en su mayor\u00eda procedentes de Sud\u00e1n o Rep\u00fablica Centroafricana y viven en los campos de personas refugiadas al este de Chad, en los que el Servicio Jesuita a Refugiados (JRS) se encarga de apoyarlas mejorando su acceso educativo.\u00a0<\/span><\/p>\n<p><span style=\"font-weight: 400;\">El principal objetivo de esta actividad de \u201cAfaf y el huevo dorado\u201d era que las NI\u00d1AS pudieran hablar de la violencia que viven y facilitarles, a trav\u00e9s del dibujo, que trataran las experiencias traum\u00e1ticas que han vivido.\u00a0 El resultado final de estos talleres, promovidos por el JRS Chad, ha sido un cuento ilustrado que ha permitido a las NI\u00d1AS tomar la palabra y combatir la violencia que sufren, adem\u00e1s de ser usado como material did\u00e1ctico para facilitar a las NI\u00d1AS abrirse y nombrar la violencia que las rodea, numerosas formas de violencia, como la mutilaci\u00f3n genital femenina, los matrimonios forzados, la violencia sexual o el trabajo dom\u00e9stico. Todo ello sit\u00faa al pa\u00eds centroafricano en el puesto 153 en el \u00cdndice de Desarrollo de G\u00e9nero.<\/span><\/p>\n<p><iframe loading=\"lazy\" title=\"&quot;Afaf y el huevo dorado&quot;, un cuento escrito con el coraje de las ni\u00f1as\" width=\"500\" height=\"281\" src=\"https:\/\/www.youtube.com\/embed\/zVXNZ6C5kuA?start=23&#038;feature=oembed\" frameborder=\"0\" allow=\"accelerometer; autoplay; clipboard-write; encrypted-media; gyroscope; picture-in-picture; web-share\" referrerpolicy=\"strict-origin-when-cross-origin\" allowfullscreen><\/iframe><\/p>\n<p>&nbsp;<\/p>\n<p><b>Fe y Alegr\u00eda Chad contin\u00faa sensibilizando sobre los derechos de las NI\u00d1AS<\/b><\/p>\n<p><img decoding=\"async\" class=\"alignnone wp-image-619 size-full\" src=\"https:\/\/www.entreculturas.org\/wp-content\/uploads\/2020\/10\/Hapsa-1.jpeg\" alt=\"\" width=\"1024\" height=\"683\" srcset=\"https:\/\/www.entreculturas.org\/wp-content\/uploads\/2020\/10\/Hapsa-1.jpeg 1024w, https:\/\/www.entreculturas.org\/wp-content\/uploads\/2020\/10\/Hapsa-1-300x200.jpeg 300w, https:\/\/www.entreculturas.org\/wp-content\/uploads\/2020\/10\/Hapsa-1-768x512.jpeg 768w\" sizes=\"(max-width: 1024px) 100vw, 1024px\" \/><\/p>\n<p><span style=\"font-weight: 400;\">Desde Fe y Alegr\u00eda Chad continuaron incidiendo en la sensibilizaci\u00f3n de la comunidad sobre los derechos de las NI\u00d1AS y su visibilizaci\u00f3n a trav\u00e9s de la campa\u00f1a La LUZ de las NI\u00d1AS y la Red Generaci\u00f3n 21+, trabajando particularmente en la regi\u00f3n de Guera, una de las zonas con los \u00edndices m\u00e1s altos de matrimonio infantil y mutilaci\u00f3n genital femenina, ya que en la regi\u00f3n un 67% de las NI\u00d1AS son casadas antes de los 18 a\u00f1os y el 90% han sido mutiladas, convirti\u00e9ndose en un proyecto clave que est\u00e1 aportando grandes cambios para las NI\u00d1AS en la regi\u00f3n.\u00a0<\/span><\/p>\n<p><span style=\"font-weight: 400;\">El programa tiene como objetivo principal sensibilizar a la comunidad a trav\u00e9s de la educaci\u00f3n para cambiar actitudes y creencias que generan violencia contra las NI\u00d1AS, y promover su derecho a la educaci\u00f3n. Adem\u00e1s, se llevaron a cabo otras estrategias de campa\u00f1a para el refuerzo de la intervenci\u00f3n como\u00a0 los clubs de seguimiento y motivaci\u00f3n para las NI\u00d1AS y los espacios de participaci\u00f3n y sensibilizaci\u00f3n social sobre salud sexual e higiene menstrual en la comunidad.\u00a0<\/span><\/p>\n<p><iframe loading=\"lazy\" title=\"Tolerancia Cero con la Mutilaci\u00f3n Genital Femenina\" width=\"500\" height=\"281\" src=\"https:\/\/www.youtube.com\/embed\/BP4aVVsQKXo?feature=oembed\" frameborder=\"0\" allow=\"accelerometer; autoplay; clipboard-write; encrypted-media; gyroscope; picture-in-picture; web-share\" referrerpolicy=\"strict-origin-when-cross-origin\" allowfullscreen><\/iframe><\/p>\n<p>&nbsp;<\/p>\n<p><span style=\"color: #ff0000;\"><b>INICIATIVA DE G\u00c9NERO<\/b><\/span><\/p>\n<p><span style=\"font-weight: 400;\">Este a\u00f1o 2021 cumplimos uno de los prop\u00f3sitos que nos hab\u00edamos planteado y la campa\u00f1a La LUZ de las NI\u00d1AS se expandi\u00f3 a varios pa\u00edses de Am\u00e9rica Latina (Per\u00fa, Nicaragua, El Salvador y Honduras) a trav\u00e9s de la Iniciativa de g\u00e9nero de la Federaci\u00f3n Internacional de Fe y Alegr\u00eda. A lo largo del a\u00f1o estos cuatro pa\u00edses lanzaron numerosas acciones:<\/span><\/p>\n<p><iframe loading=\"lazy\" title=\"&quot;Que no se queden calladas&quot;, G\u00e9nesis, estudiante de Fe y Alegr\u00eda Nicaragua\" width=\"500\" height=\"281\" src=\"https:\/\/www.youtube.com\/embed\/3_DD7RADb-A?start=149&#038;feature=oembed\" frameborder=\"0\" allow=\"accelerometer; autoplay; clipboard-write; encrypted-media; gyroscope; picture-in-picture; web-share\" referrerpolicy=\"strict-origin-when-cross-origin\" allowfullscreen><\/iframe><\/p>\n<p><b>Presentaci\u00f3n de un diagn\u00f3stico sobre la violencia que sufren las NI\u00d1AS en Centroam\u00e9rica<\/b><span style=\"font-weight: 400;\">.\u00a0\u00a0<\/span><\/p>\n<p><span style=\"font-weight: 400;\">La Iniciativa de G\u00e9nero de la Federaci\u00f3n Internacional Fe y Alegr\u00eda realiz\u00f3 un diagn\u00f3stico sobre violencia a 40 NI\u00d1AS en riesgo de exclusi\u00f3n de 8 centros de Fe y Alegr\u00eda de los pa\u00edses El Salvador, Honduras, Nicaragua y Per\u00fa. El foco de la investigaci\u00f3n fue que las NI\u00d1AS contaran qu\u00e9 violencias sufren y a partir de sus respuestas se ha elaborado este diagn\u00f3stico que se present\u00f3 en marzo, a trav\u00e9s de un Webinar titulado: &#8220;Nuestra Luz Brilla. Somos NI\u00d1AS y adolescentes, valiosas, con dignidad y derechos\u201d, en el que estuvieron presentes las NI\u00d1AS de los diferentes pa\u00edses participantes.<\/span><\/p>\n<p><a href=\"https:\/\/genero.feyalegria.org\/recursos\/#1637097685580-d38dac46-92fc\"><b>Link al diagn\u00f3stico<\/b><\/a><\/p>\n<p><b>Publicaci\u00f3n del cuento \u201cLa casa de Clara\u201d<\/b><span style=\"font-weight: 400;\">\u00a0<\/span><\/p>\n<p><span style=\"font-weight: 400;\">A trav\u00e9s de ilustraciones y textos, las NI\u00d1AS de Nicaragua compartieron sus experiencias, miedos y esperanzas en diferentes talleres art\u00edsticos. El resultado final de estos talleres fue un cuento ilustrado que ha permitido a las NI\u00d1AS tomar la palabra y hablar claramente sobre la violencia que sufren. \u201cNos dimos cuenta que la violencia nos hace da\u00f1o, por eso hoy queremos compartir uno de los diez cuentos que escribimos como una manera creativa de expresar nuestra voz para decir a todas las NI\u00d1AS y adolescentes que no nos quedemos calladas frente a las situaciones de violencia\u201d.\u00a0<\/span><\/p>\n<p><iframe loading=\"lazy\" title=\"La casa de Clara\" width=\"500\" height=\"281\" src=\"https:\/\/www.youtube.com\/embed\/LqVdk2TbXY0?feature=oembed\" frameborder=\"0\" allow=\"accelerometer; autoplay; clipboard-write; encrypted-media; gyroscope; picture-in-picture; web-share\" referrerpolicy=\"strict-origin-when-cross-origin\" allowfullscreen><\/iframe><\/p>\n<p><b>Talleres de expresi\u00f3n art\u00edstica contra la violencia en Per\u00fa<\/b><span style=\"font-weight: 400;\">.\u00a0<\/span><\/p>\n<p><span style=\"font-weight: 400;\">Ni\u00f1as y adolescentes participantes en la campa\u00f1a La LUZ de las NI\u00d1AS en Per\u00fa quisieron compartir sus experiencias como v\u00edctimas de violencia de g\u00e9nero a trav\u00e9s de los talleres de expresi\u00f3n art\u00edstica.<\/span><\/p>\n<p><iframe loading=\"lazy\" title=\"La Luz de las Ni\u00f1as brilla en Per\u00fa\" width=\"500\" height=\"281\" src=\"https:\/\/www.youtube.com\/embed\/DWDqL0fS1tM?feature=oembed\" frameborder=\"0\" allow=\"accelerometer; autoplay; clipboard-write; encrypted-media; gyroscope; picture-in-picture; web-share\" referrerpolicy=\"strict-origin-when-cross-origin\" allowfullscreen><\/iframe><\/p>\n<p><b>Lanzamiento de la canci\u00f3n \u201cIguales\u201d<\/b><span style=\"font-weight: 400;\">\u00a0<\/span><\/p>\n<p><span style=\"font-weight: 400;\">Las NI\u00d1AS de Fe y Alegr\u00eda Honduras publicaron su canci\u00f3n &#8220;Iguales&#8221;, que pretende sensibilizar sobre un mundo igualitario para todas y todos y dar cuenta cuenta de la violencia hacia las NI\u00d1AS en el contexto hondure\u00f1o, ya que la mayor parte de las NI\u00d1AS participantes fueron NI\u00d1AS en riesgo de exclusi\u00f3n y que viven en las zonas m\u00e1s vulnerables. Para muchas de ellas, esta actividad fue una experiencia que les permiti\u00f3 hablar, compartir con otras NI\u00d1AS y pasar tiempo en un entorno seguro.\u00a0<\/span><\/p>\n<p><a href=\"https:\/\/www.facebook.com\/watch\/?v=850742662261710\"><span style=\"font-weight: 400;\">Ver el v\u00eddeo<\/span><\/a><\/p>\n<p>&nbsp;<\/p>\n<p><span style=\"color: #ff0000;\"><b>HAIT\u00cd<\/b><\/span><\/p>\n<p><img decoding=\"async\" class=\"alignnone wp-image-678 size-large\" src=\"https:\/\/www.laluzdelasninas.org\/app\/uploads\/2021\/03\/IMG_9707-1024x683.jpg\" alt=\"\" width=\"1024\" height=\"683\" \/><\/p>\n<p><b>Fe y Alegr\u00eda Hait\u00ed ha continuado sensibilizando sobre los derechos de las las NI\u00d1AS<\/b><\/p>\n<p><span style=\"font-weight: 400;\">Desde Fe y Alegr\u00eda Hait\u00ed continuaron trabajando en la sensibilizaci\u00f3n de la comunidad sobre los derechos de las NI\u00d1AS y su visibilizaci\u00f3n a trav\u00e9s de la difusi\u00f3n de materiales en redes sociales bajo el lema \u201c\u00a1Sigamos luchando para ayudar a que se respeten los derechos de las NI\u00d1AS!\u201d.<\/span><\/p>\n<p><span style=\"font-weight: 400;\">Se elaboraron 4 manuales pedag\u00f3gicos adaptados al contexto local y orientados a abordar la prevenci\u00f3n y gesti\u00f3n de la violencia en las aulas. El primer manual \u201cAnn aprann edike san baton\u201d incide sobre la gesti\u00f3n de aulas desde el di\u00e1logo; el segundo manual \u201cEd pou nou fe yon nouvo regleman\u201d incluye elementos para el dise\u00f1o de nuevos reglamentos elaborados desde un enfoque de no violencia; el tercer manual constituye un c\u00f3digo de conducta y el cuarto es un protocolo de prevenci\u00f3n de abusos.<\/span><\/p>\n<p><span style=\"font-weight: 400;\">Tambi\u00e9n se reforzaron las competencias del personal docente de las escuelas en materia de identificaci\u00f3n y prevenci\u00f3n de la violencia y se han dise\u00f1ado carteles con fotos alusivas a la convivencia pac\u00edfica.<\/span><\/p>\n<p><span style=\"font-weight: 400;\">Asimismo, se realizaron varios talleres sobre la redacci\u00f3n de cuentos en krey\u00f2l con el doble objetivo de mejorar las habilidades de escritura del alumnado en su lengua materna y de promover la cultura haitiana a trav\u00e9s de la literatura. Todos los cuentos elaborados fueron presentados en un concurso de relatos celebrado durante el a\u00f1o 2021 en las escuelas de Fe y Alegr\u00eda.<\/span><\/p>\n<p><span style=\"font-weight: 400;\">Finalmente, durante 2021, han trabajado muy estrechamente con la cantante y activista haitiana Taffa Mi Soleil, que ha creado una canci\u00f3n para la erradicaci\u00f3n de la violencia contra las NI\u00d1AS, esperando que durante este a\u00f1o ella misma pueda llevar a cabo numerosas visitas a los centros escolares en los que trabajamos con Fe y Alegr\u00eda para trabajar directamente con las NI\u00d1AS.<\/span><\/p>\n<p><iframe loading=\"lazy\" title=\"Tafa Mi-Soleil  - Moso Lanmou (Videyo Ofisy\u00e8l)\" width=\"500\" height=\"281\" src=\"https:\/\/www.youtube.com\/embed\/iCnU3pM3_SU?feature=oembed\" frameborder=\"0\" allow=\"accelerometer; autoplay; clipboard-write; encrypted-media; gyroscope; picture-in-picture; web-share\" referrerpolicy=\"strict-origin-when-cross-origin\" allowfullscreen><\/iframe><\/p>\n<p>&nbsp;<\/p>\n<p><span style=\"color: #ff0000;\"><b>\u00a0SANAS Y SALVAS<\/b><\/span><\/p>\n<p><span style=\"font-weight: 400;\">\u201cSanas y Salvas\u201d es una acci\u00f3n que lanzamos en ocasi\u00f3n del D\u00eda Internacional de la Ni\u00f1a. Esta es una iniciativa global de incidencia destinada a ser protagonizada por las propias NI\u00d1AS, que parte de sus ideas y de la creatividad conjunta en los diferentes pa\u00edses que participan en la campa\u00f1a. A trav\u00e9s de ella, queremos seguir reivindicando y defendiendo el derecho de las NI\u00d1AS a vivir SANAS Y SALVAS. La acci\u00f3n est\u00e1 basada en cuatro gestos que las NI\u00d1AS pueden replicar f\u00e1cilmente y a trav\u00e9s de los cuales quieren decir basta ante la violencia que sufren. Una acci\u00f3n simb\u00f3lica que se ha hecho viral en diferentes partes\u00a0 y que est\u00e1 sirviendo para hacer un fuerte trabajo de incidencia y sensibilizaci\u00f3n.\u00a0<\/span><b><\/b><\/p>\n<ul>\n<li aria-level=\"1\"><b>Webinar Sanas y Salvas<\/b><\/li>\n<\/ul>\n<p><span style=\"font-weight: 400;\">Durante el evento online, realizado en octubre, las NI\u00d1AS participantes en la campa\u00f1a fueron las protagonistas. Roc\u00edo, que a sus 11 a\u00f1os condujo desde Honduras parte del webinar, afirmaba, \u201clas NI\u00d1AS de todo el mundo estamos hartas de la violencia que sufrimos y por eso alzamos nuestra voz para gritar que queremos ser NI\u00d1AS felices, vivir sanas y salvas\u201d.<\/span><\/p>\n<p><span style=\"font-weight: 400;\">Adem\u00e1s, el evento cont\u00f3 con la presencia de numerosos compa\u00f1eros y compa\u00f1eras de Entreculturas, Fe y Alegr\u00eda y el Servicio Jesuita a Refugiados, implicados en la campa\u00f1a en los diferentes pa\u00edses. <\/span><span style=\"font-weight: 400;\">\u00a0<\/span><\/p>\n<p><a href=\"https:\/\/www.youtube.com\/watch?v=56Yg1KMa3QQ\"><span style=\"font-weight: 400;\">Ver el webinar<\/span><\/a><\/p>\n<ul>\n<li style=\"font-weight: 400;\" aria-level=\"1\"><b>Sanas y Salvas en las delegaciones de Entreculturas.<\/b><span style=\"font-weight: 400;\"> Desde las diferentes ciudades en las que Entreculturas est\u00e1 presente a trav\u00e9s de sus delegaciones, tambi\u00e9n quisieron unirse a este movimiento global para defender el derecho de las NI\u00d1AS a crecer seguras y libres de violencia y aprovecharon el encuentro anual de delegaciones 2021 de Entreculturas para sumarse al gesto.<\/span><\/li>\n<\/ul>\n<p><b>Sanas y Salvas en las aulas<\/b><span style=\"font-weight: 400;\">. Colegios e instituciones educativas se sumaron al gesto de Sanas y Salvas en ocasi\u00f3n de este D\u00eda Internacional de la Eliminaci\u00f3n Violencia contra la Mujer y llevaron a cabo numerosas actividades l\u00fadicas y de sensibilizaci\u00f3n. En M\u00e1laga, 186 alumnos y alumnas de entre 3 y 12 a\u00f1os del colegio p\u00fablico \u201cPr\u00e1cticas n\u00ba1\u201d realizaron una actividad de sensibilizaci\u00f3n en el marco de la acci\u00f3n Sanas y Salvas. Otros colegios, como el de San Ignacio de Loyola en Canarias o el colegio Inmaculada de Alicante, tambi\u00e9n quisieron apoyar la iniciativa.<\/span><\/p>\n<p><span style=\"color: #ff0000;\"><b>\u00a0ECUADOR<\/b><\/span><\/p>\n<p><img decoding=\"async\" class=\"alignnone wp-image-799 size-large\" src=\"https:\/\/www.entreculturas.org\/wp-content\/uploads\/2022\/07\/POSTAL-EJE1-1-1024x1024.png\" alt=\"\" width=\"1024\" height=\"1024\" srcset=\"https:\/\/www.entreculturas.org\/wp-content\/uploads\/2022\/07\/POSTAL-EJE1-1-1024x1024.png 1024w, https:\/\/www.entreculturas.org\/wp-content\/uploads\/2022\/07\/POSTAL-EJE1-1-300x300.png 300w, https:\/\/www.entreculturas.org\/wp-content\/uploads\/2022\/07\/POSTAL-EJE1-1-150x150.png 150w, https:\/\/www.entreculturas.org\/wp-content\/uploads\/2022\/07\/POSTAL-EJE1-1-768x767.png 768w, https:\/\/www.entreculturas.org\/wp-content\/uploads\/2022\/07\/POSTAL-EJE1-1.png 1081w\" sizes=\"(max-width: 1024px) 100vw, 1024px\" \/><\/p>\n<p><span style=\"font-weight: 400;\">Ecuador, donde hasta ahora hemos trabajado a trav\u00e9s de la intervenci\u00f3n de La LUZ de las NI\u00d1AS, se ha sumado a nuestra campa\u00f1a global.<\/span><\/p>\n<p><span style=\"font-weight: 400;\">Durante el 2021<\/span> <span style=\"font-weight: 400;\">se han llevado a cabo en el pa\u00eds numerosas acciones, como fomentar el acceso y la permanencia educativa a trav\u00e9s de becas o la creaci\u00f3n de un Club de ni\u00f1as para reivindicar la cultura afro a trav\u00e9s de la m\u00fasica (se ni\u00f1a y mujer negra). Adem\u00e1s, se realiz\u00f3 una campa\u00f1a de difusi\u00f3n y comunicaci\u00f3n para promover los derechos de las ni\u00f1as y dar visibilidad al trabajo formativo que han llevado a cabo las ni\u00f1as en cada uno de los centros.\u00a0<\/span><\/p>\n<p><a href=\"https:\/\/fb.watch\/exhjVKSGG7\/\"><span style=\"font-weight: 400;\">https:\/\/fb.watch\/exhjVKSGG7\/<\/span><\/a><\/p>\n<p>&nbsp;<\/p>\n","protected":false},"excerpt":{"rendered":"<p>La Campa\u00f1a Global La LUZ de las NI\u00d1AS, que promovemos desde Entreculturas Fe y Alegr\u00eda y el Servicio Jesuita a Refugiados, cumple cuatro a\u00f1os desde su implementaci\u00f3n. Cuatro a\u00f1os intensos, llenos de aprendizajes y, por supuesto, de LUZ. La campa\u00f1a sigue creciendo y son muchas las actividades que se est\u00e1n llevando a cabo en los diferentes pa\u00edses de \u00c1frica y Am\u00e9rica Latina. \u00a1Desc\u00fabrelas! GUATEMALA &nbsp; Fe y Alegr\u00eda Guatemala present\u00f3 su informe &#8220;Factores que limitan el acceso y continuidad educativa en NI\u00d1AS, adolescentes y mujeres en Guatemala&#8221;.\u00a0 Fe y Alegr\u00eda Guatemala llev\u00f3 a cabo un informe de incidencia pol\u00edtica que se present\u00f3 en 2021 con el objetivo de establecer una base cient\u00edfica, desde la informaci\u00f3n p\u00fablica existente, acerca de la situaci\u00f3n de los factores sociales que limitan el acceso y la continuidad educativa de las NI\u00d1AS en Guatemala y denunciarlo ante instituciones y gobiernos locales. Las conclusiones de este informe, [&hellip;]<\/p>\n","protected":false},"featured_media":798,"template":"wp-custom-template-noticias-la-luz-de-las-ninas-2","meta":{"_acf_changed":false},"categories":[7],"tags":[],"class_list":["post-792","xxx","type-xxx","status-publish","has-post-thumbnail","hentry","category-noticia"],"acf":[],"yoast_head":"<!-- This site is optimized with the Yoast SEO Premium plugin v21.6 (Yoast SEO v27.5) - https:\/\/yoast.com\/product\/yoast-seo-premium-wordpress\/ -->\n<title>CUATRO A\u00d1OS DE LA CAMPA\u00d1A GLOBAL LA LUZ DE LAS NI\u00d1AS - Entreculturas<\/title>\n<meta name=\"robots\" content=\"index, follow, max-snippet:-1, max-image-preview:large, max-video-preview:-1\" \/>\n<link rel=\"canonical\" href=\"https:\/\/www.entreculturas.org\/gl\/la-luz-de-las-ninas\/noticia\/cuatro-anos-de-la-campana-global-la-luz-de-las-ninas\/\" \/>\n<meta property=\"og:locale\" content=\"gl_ES\" \/>\n<meta property=\"og:type\" content=\"article\" \/>\n<meta property=\"og:title\" content=\"CUATRO A\u00d1OS DE LA CAMPA\u00d1A GLOBAL LA LUZ DE LAS NI\u00d1AS\" \/>\n<meta property=\"og:description\" content=\"La Campa\u00f1a Global La LUZ de las NI\u00d1AS, que promovemos desde Entreculturas Fe y Alegr\u00eda y el Servicio Jesuita a Refugiados, cumple cuatro a\u00f1os desde su implementaci\u00f3n. Cuatro a\u00f1os intensos, llenos de aprendizajes y, por supuesto, de LUZ. La campa\u00f1a sigue creciendo y son muchas las actividades que se est\u00e1n llevando a cabo en los diferentes pa\u00edses de \u00c1frica y Am\u00e9rica Latina. \u00a1Desc\u00fabrelas! GUATEMALA &nbsp; Fe y Alegr\u00eda Guatemala present\u00f3 su informe &#8220;Factores que limitan el acceso y continuidad educativa en NI\u00d1AS, adolescentes y mujeres en Guatemala&#8221;.\u00a0 Fe y Alegr\u00eda Guatemala llev\u00f3 a cabo un informe de incidencia pol\u00edtica que se present\u00f3 en 2021 con el objetivo de establecer una base cient\u00edfica, desde la informaci\u00f3n p\u00fablica existente, acerca de la situaci\u00f3n de los factores sociales que limitan el acceso y la continuidad educativa de las NI\u00d1AS en Guatemala y denunciarlo ante instituciones y gobiernos locales. Las conclusiones de este informe, [&hellip;]\" \/>\n<meta property=\"og:url\" content=\"https:\/\/www.entreculturas.org\/gl\/la-luz-de-las-ninas\/noticia\/cuatro-anos-de-la-campana-global-la-luz-de-las-ninas\/\" \/>\n<meta property=\"og:site_name\" content=\"Entreculturas\" \/>\n<meta property=\"article:publisher\" content=\"https:\/\/www.facebook.com\/entreculturas\" \/>\n<meta property=\"article:modified_time\" content=\"2024-09-20T07:35:49+00:00\" \/>\n<meta property=\"og:image\" content=\"https:\/\/www.entreculturas.org\/wp-content\/uploads\/2022\/07\/page-2.jpg\" \/>\n\t<meta property=\"og:image:width\" content=\"650\" \/>\n\t<meta property=\"og:image:height\" content=\"360\" \/>\n\t<meta property=\"og:image:type\" content=\"image\/jpeg\" \/>\n<meta name=\"twitter:card\" content=\"summary_large_image\" \/>\n<meta name=\"twitter:site\" content=\"@Entreculturas\" \/>\n<script type=\"application\/ld+json\" class=\"yoast-schema-graph\">{\"@context\":\"https:\\\/\\\/schema.org\",\"@graph\":[{\"@type\":\"WebPage\",\"@id\":\"https:\\\/\\\/www.entreculturas.org\\\/gl\\\/la-luz-de-las-ninas\\\/noticia\\\/cuatro-anos-de-la-campana-global-la-luz-de-las-ninas\\\/\",\"url\":\"https:\\\/\\\/www.entreculturas.org\\\/gl\\\/la-luz-de-las-ninas\\\/noticia\\\/cuatro-anos-de-la-campana-global-la-luz-de-las-ninas\\\/\",\"name\":\"CUATRO A\u00d1OS DE LA CAMPA\u00d1A GLOBAL LA LUZ DE LAS NI\u00d1AS - Entreculturas\",\"isPartOf\":{\"@id\":\"https:\\\/\\\/www.entreculturas.org\\\/gl\\\/#website\"},\"primaryImageOfPage\":{\"@id\":\"https:\\\/\\\/www.entreculturas.org\\\/gl\\\/la-luz-de-las-ninas\\\/noticia\\\/cuatro-anos-de-la-campana-global-la-luz-de-las-ninas\\\/#primaryimage\"},\"image\":{\"@id\":\"https:\\\/\\\/www.entreculturas.org\\\/gl\\\/la-luz-de-las-ninas\\\/noticia\\\/cuatro-anos-de-la-campana-global-la-luz-de-las-ninas\\\/#primaryimage\"},\"thumbnailUrl\":\"https:\\\/\\\/www.entreculturas.org\\\/wp-content\\\/uploads\\\/2022\\\/07\\\/page-2.jpg\",\"datePublished\":\"2022-07-27T20:36:12+00:00\",\"dateModified\":\"2024-09-20T07:35:49+00:00\",\"breadcrumb\":{\"@id\":\"https:\\\/\\\/www.entreculturas.org\\\/gl\\\/la-luz-de-las-ninas\\\/noticia\\\/cuatro-anos-de-la-campana-global-la-luz-de-las-ninas\\\/#breadcrumb\"},\"inLanguage\":\"gl-ES\",\"potentialAction\":[{\"@type\":\"ReadAction\",\"target\":[\"https:\\\/\\\/www.entreculturas.org\\\/gl\\\/la-luz-de-las-ninas\\\/noticia\\\/cuatro-anos-de-la-campana-global-la-luz-de-las-ninas\\\/\"]}]},{\"@type\":\"ImageObject\",\"inLanguage\":\"gl-ES\",\"@id\":\"https:\\\/\\\/www.entreculturas.org\\\/gl\\\/la-luz-de-las-ninas\\\/noticia\\\/cuatro-anos-de-la-campana-global-la-luz-de-las-ninas\\\/#primaryimage\",\"url\":\"https:\\\/\\\/www.entreculturas.org\\\/wp-content\\\/uploads\\\/2022\\\/07\\\/page-2.jpg\",\"contentUrl\":\"https:\\\/\\\/www.entreculturas.org\\\/wp-content\\\/uploads\\\/2022\\\/07\\\/page-2.jpg\",\"width\":650,\"height\":360},{\"@type\":\"BreadcrumbList\",\"@id\":\"https:\\\/\\\/www.entreculturas.org\\\/gl\\\/la-luz-de-las-ninas\\\/noticia\\\/cuatro-anos-de-la-campana-global-la-luz-de-las-ninas\\\/#breadcrumb\",\"itemListElement\":[{\"@type\":\"ListItem\",\"position\":1,\"name\":\"Home\",\"item\":\"https:\\\/\\\/www.entreculturas.org\\\/gl\\\/\"},{\"@type\":\"ListItem\",\"position\":2,\"name\":\"Noticias LLDLN\",\"item\":\"https:\\\/\\\/www.entreculturas.org\\\/gl\\\/noticias-la-luz-de-las-ninas\\\/\"},{\"@type\":\"ListItem\",\"position\":3,\"name\":\"CUATRO A\u00d1OS DE LA CAMPA\u00d1A GLOBAL LA LUZ DE LAS NI\u00d1AS\"}]},{\"@type\":\"WebSite\",\"@id\":\"https:\\\/\\\/www.entreculturas.org\\\/gl\\\/#website\",\"url\":\"https:\\\/\\\/www.entreculturas.org\\\/gl\\\/\",\"name\":\"Entreculturas\",\"description\":\"\",\"publisher\":{\"@id\":\"https:\\\/\\\/www.entreculturas.org\\\/gl\\\/#organization\"},\"alternateName\":\"Entreculturas\",\"potentialAction\":[{\"@type\":\"SearchAction\",\"target\":{\"@type\":\"EntryPoint\",\"urlTemplate\":\"https:\\\/\\\/www.entreculturas.org\\\/gl\\\/?s={search_term_string}\"},\"query-input\":{\"@type\":\"PropertyValueSpecification\",\"valueRequired\":true,\"valueName\":\"search_term_string\"}}],\"inLanguage\":\"gl-ES\"},{\"@type\":\"Organization\",\"@id\":\"https:\\\/\\\/www.entreculturas.org\\\/gl\\\/#organization\",\"name\":\"Entreculturas\",\"url\":\"https:\\\/\\\/www.entreculturas.org\\\/gl\\\/\",\"logo\":{\"@type\":\"ImageObject\",\"inLanguage\":\"gl-ES\",\"@id\":\"https:\\\/\\\/www.entreculturas.org\\\/gl\\\/#\\\/schema\\\/logo\\\/image\\\/\",\"url\":\"https:\\\/\\\/www.entreculturas.org\\\/wp-content\\\/uploads\\\/2025\\\/10\\\/ESP.svg\",\"contentUrl\":\"https:\\\/\\\/www.entreculturas.org\\\/wp-content\\\/uploads\\\/2025\\\/10\\\/ESP.svg\",\"caption\":\"Entreculturas\"},\"image\":{\"@id\":\"https:\\\/\\\/www.entreculturas.org\\\/gl\\\/#\\\/schema\\\/logo\\\/image\\\/\"},\"sameAs\":[\"https:\\\/\\\/www.facebook.com\\\/entreculturas\",\"https:\\\/\\\/x.com\\\/Entreculturas\",\"https:\\\/\\\/www.instagram.com\\\/entreculturas\\\/\",\"https:\\\/\\\/www.youtube.com\\\/user\\\/entreculturasvideo\",\"https:\\\/\\\/www.linkedin.com\\\/company\\\/fundacion-entreculturas-ngdo\\\/\",\"https:\\\/\\\/www.flickr.com\\\/photos\\\/98455522@N04\\\/albums\\\/\"]}]}<\/script>\n<!-- \/ Yoast SEO Premium plugin. -->","yoast_head_json":{"title":"CUATRO A\u00d1OS DE LA CAMPA\u00d1A GLOBAL LA LUZ DE LAS NI\u00d1AS - Entreculturas","robots":{"index":"index","follow":"follow","max-snippet":"max-snippet:-1","max-image-preview":"max-image-preview:large","max-video-preview":"max-video-preview:-1"},"canonical":"https:\/\/www.entreculturas.org\/gl\/la-luz-de-las-ninas\/noticia\/cuatro-anos-de-la-campana-global-la-luz-de-las-ninas\/","og_locale":"gl_ES","og_type":"article","og_title":"CUATRO A\u00d1OS DE LA CAMPA\u00d1A GLOBAL LA LUZ DE LAS NI\u00d1AS","og_description":"La Campa\u00f1a Global La LUZ de las NI\u00d1AS, que promovemos desde Entreculturas Fe y Alegr\u00eda y el Servicio Jesuita a Refugiados, cumple cuatro a\u00f1os desde su implementaci\u00f3n. Cuatro a\u00f1os intensos, llenos de aprendizajes y, por supuesto, de LUZ. La campa\u00f1a sigue creciendo y son muchas las actividades que se est\u00e1n llevando a cabo en los diferentes pa\u00edses de \u00c1frica y Am\u00e9rica Latina. \u00a1Desc\u00fabrelas! GUATEMALA &nbsp; Fe y Alegr\u00eda Guatemala present\u00f3 su informe &#8220;Factores que limitan el acceso y continuidad educativa en NI\u00d1AS, adolescentes y mujeres en Guatemala&#8221;.\u00a0 Fe y Alegr\u00eda Guatemala llev\u00f3 a cabo un informe de incidencia pol\u00edtica que se present\u00f3 en 2021 con el objetivo de establecer una base cient\u00edfica, desde la informaci\u00f3n p\u00fablica existente, acerca de la situaci\u00f3n de los factores sociales que limitan el acceso y la continuidad educativa de las NI\u00d1AS en Guatemala y denunciarlo ante instituciones y gobiernos locales. Las conclusiones de este informe, [&hellip;]","og_url":"https:\/\/www.entreculturas.org\/gl\/la-luz-de-las-ninas\/noticia\/cuatro-anos-de-la-campana-global-la-luz-de-las-ninas\/","og_site_name":"Entreculturas","article_publisher":"https:\/\/www.facebook.com\/entreculturas","article_modified_time":"2024-09-20T07:35:49+00:00","og_image":[{"width":650,"height":360,"url":"https:\/\/www.entreculturas.org\/wp-content\/uploads\/2022\/07\/page-2.jpg","type":"image\/jpeg"}],"twitter_card":"summary_large_image","twitter_site":"@Entreculturas","schema":{"@context":"https:\/\/schema.org","@graph":[{"@type":"WebPage","@id":"https:\/\/www.entreculturas.org\/gl\/la-luz-de-las-ninas\/noticia\/cuatro-anos-de-la-campana-global-la-luz-de-las-ninas\/","url":"https:\/\/www.entreculturas.org\/gl\/la-luz-de-las-ninas\/noticia\/cuatro-anos-de-la-campana-global-la-luz-de-las-ninas\/","name":"CUATRO A\u00d1OS DE LA CAMPA\u00d1A GLOBAL LA LUZ DE LAS NI\u00d1AS - Entreculturas","isPartOf":{"@id":"https:\/\/www.entreculturas.org\/gl\/#website"},"primaryImageOfPage":{"@id":"https:\/\/www.entreculturas.org\/gl\/la-luz-de-las-ninas\/noticia\/cuatro-anos-de-la-campana-global-la-luz-de-las-ninas\/#primaryimage"},"image":{"@id":"https:\/\/www.entreculturas.org\/gl\/la-luz-de-las-ninas\/noticia\/cuatro-anos-de-la-campana-global-la-luz-de-las-ninas\/#primaryimage"},"thumbnailUrl":"https:\/\/www.entreculturas.org\/wp-content\/uploads\/2022\/07\/page-2.jpg","datePublished":"2022-07-27T20:36:12+00:00","dateModified":"2024-09-20T07:35:49+00:00","breadcrumb":{"@id":"https:\/\/www.entreculturas.org\/gl\/la-luz-de-las-ninas\/noticia\/cuatro-anos-de-la-campana-global-la-luz-de-las-ninas\/#breadcrumb"},"inLanguage":"gl-ES","potentialAction":[{"@type":"ReadAction","target":["https:\/\/www.entreculturas.org\/gl\/la-luz-de-las-ninas\/noticia\/cuatro-anos-de-la-campana-global-la-luz-de-las-ninas\/"]}]},{"@type":"ImageObject","inLanguage":"gl-ES","@id":"https:\/\/www.entreculturas.org\/gl\/la-luz-de-las-ninas\/noticia\/cuatro-anos-de-la-campana-global-la-luz-de-las-ninas\/#primaryimage","url":"https:\/\/www.entreculturas.org\/wp-content\/uploads\/2022\/07\/page-2.jpg","contentUrl":"https:\/\/www.entreculturas.org\/wp-content\/uploads\/2022\/07\/page-2.jpg","width":650,"height":360},{"@type":"BreadcrumbList","@id":"https:\/\/www.entreculturas.org\/gl\/la-luz-de-las-ninas\/noticia\/cuatro-anos-de-la-campana-global-la-luz-de-las-ninas\/#breadcrumb","itemListElement":[{"@type":"ListItem","position":1,"name":"Home","item":"https:\/\/www.entreculturas.org\/gl\/"},{"@type":"ListItem","position":2,"name":"Noticias LLDLN","item":"https:\/\/www.entreculturas.org\/gl\/noticias-la-luz-de-las-ninas\/"},{"@type":"ListItem","position":3,"name":"CUATRO A\u00d1OS DE LA CAMPA\u00d1A GLOBAL LA LUZ DE LAS NI\u00d1AS"}]},{"@type":"WebSite","@id":"https:\/\/www.entreculturas.org\/gl\/#website","url":"https:\/\/www.entreculturas.org\/gl\/","name":"Entreculturas","description":"","publisher":{"@id":"https:\/\/www.entreculturas.org\/gl\/#organization"},"alternateName":"Entreculturas","potentialAction":[{"@type":"SearchAction","target":{"@type":"EntryPoint","urlTemplate":"https:\/\/www.entreculturas.org\/gl\/?s={search_term_string}"},"query-input":{"@type":"PropertyValueSpecification","valueRequired":true,"valueName":"search_term_string"}}],"inLanguage":"gl-ES"},{"@type":"Organization","@id":"https:\/\/www.entreculturas.org\/gl\/#organization","name":"Entreculturas","url":"https:\/\/www.entreculturas.org\/gl\/","logo":{"@type":"ImageObject","inLanguage":"gl-ES","@id":"https:\/\/www.entreculturas.org\/gl\/#\/schema\/logo\/image\/","url":"https:\/\/www.entreculturas.org\/wp-content\/uploads\/2025\/10\/ESP.svg","contentUrl":"https:\/\/www.entreculturas.org\/wp-content\/uploads\/2025\/10\/ESP.svg","caption":"Entreculturas"},"image":{"@id":"https:\/\/www.entreculturas.org\/gl\/#\/schema\/logo\/image\/"},"sameAs":["https:\/\/www.facebook.com\/entreculturas","https:\/\/x.com\/Entreculturas","https:\/\/www.instagram.com\/entreculturas\/","https:\/\/www.youtube.com\/user\/entreculturasvideo","https:\/\/www.linkedin.com\/company\/fundacion-entreculturas-ngdo\/","https:\/\/www.flickr.com\/photos\/98455522@N04\/albums\/"]}]}},"_links":{"self":[{"href":"https:\/\/www.entreculturas.org\/gl\/wp-json\/wp\/v2\/xxx\/792","targetHints":{"allow":["GET"]}}],"collection":[{"href":"https:\/\/www.entreculturas.org\/gl\/wp-json\/wp\/v2\/xxx"}],"about":[{"href":"https:\/\/www.entreculturas.org\/gl\/wp-json\/wp\/v2\/types\/xxx"}],"wp:featuredmedia":[{"embeddable":true,"href":"https:\/\/www.entreculturas.org\/gl\/wp-json\/wp\/v2\/media\/798"}],"wp:attachment":[{"href":"https:\/\/www.entreculturas.org\/gl\/wp-json\/wp\/v2\/media?parent=792"}],"wp:term":[{"taxonomy":"category","embeddable":true,"href":"https:\/\/www.entreculturas.org\/gl\/wp-json\/wp\/v2\/categories?post=792"},{"taxonomy":"post_tag","embeddable":true,"href":"https:\/\/www.entreculturas.org\/gl\/wp-json\/wp\/v2\/tags?post=792"}],"curies":[{"name":"wp","href":"https:\/\/api.w.org\/{rel}","templated":true}]}}