{"id":760,"date":"2022-03-14T11:37:06","date_gmt":"2022-03-14T10:37:06","guid":{"rendered":"https:\/\/www.entreculturas.org\/?post_type=xxx&#038;p=760"},"modified":"2024-09-20T09:32:06","modified_gmt":"2024-09-20T07:32:06","slug":"la-campana-la-luz-de-las-ninas-llega-a-r-d-del-congo","status":"publish","type":"xxx","link":"https:\/\/www.entreculturas.org\/gl\/la-luz-de-las-ninas\/noticia\/la-campana-la-luz-de-las-ninas-llega-a-r-d-del-congo\/","title":{"rendered":"La campa\u00f1a La LUZ de las NI\u00d1AS llega a R. D. del Congo"},"content":{"rendered":"<pre><em> Esther, 10 a\u00f1os, Kivu Sur (RDC). \u00a9Laura Lora\/Entreculturas<\/em><\/pre>\n<p>&nbsp;<\/p>\n<p><span style=\"font-weight: 400;\">El incremento de la violencia hacia ni\u00f1as y mujeres en el este de la Rep\u00fablica Democr\u00e1tica del Congo hace que ahora, m\u00e1s que nunca, sea importante reforzar todo el trabajo realizado en el pa\u00eds a trav\u00e9s de nuestra intervenci\u00f3n de La LUZ de las NI\u00d1AS, presente en la zona desde hace varios a\u00f1os.<\/span><b> Queremos visibilizar e incidir sobre la situaci\u00f3n de las ni\u00f1as desplazadas y escuchar sus voces. Por eso,<\/b> <b>este a\u00f1o, la Rep\u00fablica Democr\u00e1tica del Congo (RDC) es el nuevo pa\u00eds que se incorpora a la campa\u00f1a La LUZ de las NI\u00d1AS<\/b><span style=\"font-weight: 400;\">.<\/span><\/p>\n<p><span style=\"font-weight: 400;\">En RDC, las ni\u00f1as sufren m\u00faltiples violencias en el contexto de desplazamiento y conflicto prolongado que se vive en el este del pa\u00eds desde hace m\u00e1s de 20 a\u00f1os. Adem\u00e1s de a la pobreza y la violencia sistem\u00e1tica, las ni\u00f1as est\u00e1n expuestas a la trata y explotaci\u00f3n sexual en los campos de personas desplazadas.<\/span><\/p>\n<p><span style=\"font-weight: 400;\">Desde La LUZ de las NI\u00d1AS <\/span><b>estamos presentes en Masisi, provincia de Nord Kivu al este de RDC<\/b><span style=\"font-weight: 400;\">. Nuestra organizaci\u00f3n aliada en terreno, el Servicio Jesuita a Refugiados (JRS), trabaja en los 4 campos de personas refugiadas y 2 asentamientos, los cuales albergan una poblaci\u00f3n de 14.800 personas. Esta regi\u00f3n se sit\u00faa lejos de Kinshasa, la capital del pa\u00eds, por lo que la presencia del Gobierno es muy reducida. Esta distancia del poder central ha favorecido que distintos grupos armados se desplieguen por toda la regi\u00f3n, impulsados por distintos conflictos de identidad, pobreza, distribuci\u00f3n de la tierra y corrupci\u00f3n. Tras m\u00e1s de dos d\u00e9cadas de conflicto, la elevada <\/span><b>inseguridad ha provocado sucesivos desplazamientos forzosos de miles de personas<\/b><span style=\"font-weight: 400;\">, que se ven obligadas a abandonar sus hogares, escuelas y medios de vida en medio de la violencia.\u00a0\u00a0<\/span><\/p>\n<p><span style=\"font-weight: 400;\">\u201cCuando los ni\u00f1os y ni\u00f1as viven en un contexto de guerra, tienen que desplazarse continuamente. La <\/span><b>guerra y sus efectos<\/b><span style=\"font-weight: 400;\"> se convierten en una <\/span><b>experiencia tr\u00e1gica<\/b><span style=\"font-weight: 400;\"> para ellos y los lleva a manifestar <\/span><b>desequilibrios psicol\u00f3gicos<\/b><span style=\"font-weight: 400;\"> que le impide incluso aprender normalmente\u201d, nos cuenta desde Masisi Dorcas Koko, psic\u00f3loga cl\u00ednica de JRS, especializada en v\u00edctimas de violencia sexual.<\/span><\/p>\n<p><span style=\"font-weight: 400;\">\u201cConcretamente, en el caso de las ni\u00f1as, cuando sufren violencia sexual, la mayor\u00eda son rechazadas por sus familias y son estigmatizadas por la sociedad. Todo esto las lleva a no hablar porque tienen miedo. Desde JRS hemos intentado, en nuestro camino terap\u00e9utico, seguirlas individualmente, contextualizando la terapia seg\u00fan cada caso, con sus particularidades. Un gran n\u00famero de ni\u00f1as y j\u00f3venes han comprendido que la violencia sexual es algo que ocurre en un momento de su vida, pero no es algo que caracterice toda su vida\u201d, asegura.<\/span><\/p>\n<p><iframe loading=\"lazy\" title=\"Entrevista a Dorcas Muluako | Psic\u00f3loga experta en g\u00e9nero JRS RDC\" width=\"500\" height=\"281\" src=\"https:\/\/www.youtube.com\/embed\/0hhgRpw8FHM?feature=oembed\" frameborder=\"0\" allow=\"accelerometer; autoplay; clipboard-write; encrypted-media; gyroscope; picture-in-picture; web-share\" referrerpolicy=\"strict-origin-when-cross-origin\" allowfullscreen><\/iframe><\/p>\n<p><span style=\"color: #ff0000;\"><strong>Proteger a las ni\u00f1as a trav\u00e9s de la educaci\u00f3n<\/strong><\/span><\/p>\n<p><b>El acceso a la educaci\u00f3n en este contexto es una de las \u00fanicas herramientas que permite garantizar la protecci\u00f3n de las ni\u00f1as<\/b><span style=\"font-weight: 400;\">. El contexto actual de la COVID-19 ha supuesto un gran desaf\u00edo de cara al acompa\u00f1amiento a las ni\u00f1as, como consecuencia del cierre de las escuelas y las limitaciones a la movilidad durante la pandemia.\u00a0<\/span><\/p>\n<p><b>Una de las necesidades principales es el apoyo a las ni\u00f1as en el aprendizaje y en el refuerzo educativo para prevenir el abandono escolar y garantizar que las ni\u00f1as vuelvan a clase<\/b><span style=\"font-weight: 400;\">, ya que esto puede repercutir en el aumento del matrimonio infantil o la trata y explotaci\u00f3n de las ni\u00f1as desplazadas.<\/span><\/p>\n<p><span style=\"font-weight: 400;\">Esther tiene 10 a\u00f1os y viene de Kalehe, en Kivu Sur, de donde tuvo que huir a causa de la guerra. Desde hace un a\u00f1o vive en un asentamiento de personas desplazadas en Mugunga (al oeste de Goma) con sus dos hermanos mayores, ya que su madre falleci\u00f3. Est\u00e1 en sexto de primaria en la escuela Tumaini.<\/span><\/p>\n<p><span style=\"font-weight: 400;\">\u201cNormalmente me levanto por la ma\u00f1ana, seco los platos, barro y voy a la escuela. Cuando salgo de la escuela llego a casa, me lavo, como y cuando termino de comer hago todas las tareas de casa,<\/span><b> despu\u00e9s de eso puedo estudiar<\/b><span style=\"font-weight: 400;\">\u201d, nos cuenta. A pesar de todas las dificultades que ha atravesado en su corta vida, Esther es la segunda de su clase entre 35 estudiantes, le encantan las matem\u00e1ticas y <\/span><b>de mayor quiere ser maestra.\u00a0<\/b><\/p>\n<p><span style=\"font-weight: 400;\">En la escuela Tumaini, JRS trabaja para garantizar la educaci\u00f3n de las ni\u00f1as desplazadas a trav\u00e9s del pago de las tasas escolares, distribuci\u00f3n de kits y formaci\u00f3n y sensibilizaci\u00f3n de docentes.\u00a0<\/span><\/p>\n<p><span style=\"font-weight: 400;\">En el marco de la intervenci\u00f3n educativa que hemos llevado a cabo en los \u00faltimos a\u00f1os, hemos trabajado en la mejora del acceso a la educaci\u00f3n de las ni\u00f1as, as\u00ed como en toda una serie de acciones de sensibilizaci\u00f3n en torno a temas de salud menstrual y sexual.<\/span><b> En total, hemos apoyado a m\u00e1s de 400 ni\u00f1as desplazadas con el apoyo en el pago de matr\u00edculas, distribuci\u00f3n de kits escolares y de higiene o clases de refuerzo<\/b><span style=\"font-weight: 400;\">.\u00a0<\/span><\/p>\n<p><span style=\"font-weight: 400;\">Por otra parte, gracias a la intervenci\u00f3n de La LUZ de las NI\u00d1AS, en 2020, 300 ni\u00f1as han podido realizar el Examen Nacional Final que les ha permitido obtener el certificado de finalizaci\u00f3n de la educaci\u00f3n primaria para poder continuar sus estudios. De estas, 275 lo han superado con \u00e9xito gracias a las actividades de refuerzo escolar. <\/span><b>Adem\u00e1s, hemos trabajado de forma intensiva con las familias para generar un mayor v\u00ednculo y responsabilidad sobre la educaci\u00f3n de las ni\u00f1as<\/b><span style=\"font-weight: 400;\">, cambiando as\u00ed las aptitudes que las relegan a permanecer en el hogar o en el campo.<\/span><\/p>\n<p><span style=\"font-weight: 400;\">A trav\u00e9s de la incorporaci\u00f3n de RDC a la campa\u00f1a La LUZ de las NI\u00d1AS, reforzaremos nuestro trabajo en la zona y seguiremos visibilizando la situaci\u00f3n de las ni\u00f1as v\u00edctimas del conflicto para que su LUZ siga brillando.\u00a0<\/span><\/p>\n<p>&nbsp;<\/p>\n<p>&nbsp;<\/p>\n","protected":false},"excerpt":{"rendered":"<p>Esther, 10 a\u00f1os, Kivu Sur (RDC). \u00a9Laura Lora\/Entreculturas &nbsp; El incremento de la violencia hacia ni\u00f1as y mujeres en el este de la Rep\u00fablica Democr\u00e1tica del Congo hace que ahora, m\u00e1s que nunca, sea importante reforzar todo el trabajo realizado en el pa\u00eds a trav\u00e9s de nuestra intervenci\u00f3n de La LUZ de las NI\u00d1AS, presente en la zona desde hace varios a\u00f1os. Queremos visibilizar e incidir sobre la situaci\u00f3n de las ni\u00f1as desplazadas y escuchar sus voces. Por eso, este a\u00f1o, la Rep\u00fablica Democr\u00e1tica del Congo (RDC) es el nuevo pa\u00eds que se incorpora a la campa\u00f1a La LUZ de las NI\u00d1AS. En RDC, las ni\u00f1as sufren m\u00faltiples violencias en el contexto de desplazamiento y conflicto prolongado que se vive en el este del pa\u00eds desde hace m\u00e1s de 20 a\u00f1os. Adem\u00e1s de a la pobreza y la violencia sistem\u00e1tica, las ni\u00f1as est\u00e1n expuestas a la trata y explotaci\u00f3n sexual [&hellip;]<\/p>\n","protected":false},"featured_media":761,"template":"wp-custom-template-noticias-la-luz-de-las-ninas-2","meta":{"_acf_changed":false},"categories":[7],"tags":[],"class_list":["post-760","xxx","type-xxx","status-publish","has-post-thumbnail","hentry","category-noticia"],"acf":[],"yoast_head":"<!-- This site is optimized with the Yoast SEO Premium plugin v21.6 (Yoast SEO v27.5) - https:\/\/yoast.com\/product\/yoast-seo-premium-wordpress\/ -->\n<title>La campa\u00f1a La LUZ de las NI\u00d1AS llega a R. D. del Congo - Entreculturas<\/title>\n<meta name=\"robots\" content=\"index, follow, max-snippet:-1, max-image-preview:large, max-video-preview:-1\" \/>\n<link rel=\"canonical\" href=\"https:\/\/www.entreculturas.org\/gl\/la-luz-de-las-ninas\/noticia\/la-campana-la-luz-de-las-ninas-llega-a-r-d-del-congo\/\" \/>\n<meta property=\"og:locale\" content=\"gl_ES\" \/>\n<meta property=\"og:type\" content=\"article\" \/>\n<meta property=\"og:title\" content=\"La campa\u00f1a La LUZ de las NI\u00d1AS llega a R. D. del Congo\" \/>\n<meta property=\"og:description\" content=\"Esther, 10 a\u00f1os, Kivu Sur (RDC). \u00a9Laura Lora\/Entreculturas &nbsp; El incremento de la violencia hacia ni\u00f1as y mujeres en el este de la Rep\u00fablica Democr\u00e1tica del Congo hace que ahora, m\u00e1s que nunca, sea importante reforzar todo el trabajo realizado en el pa\u00eds a trav\u00e9s de nuestra intervenci\u00f3n de La LUZ de las NI\u00d1AS, presente en la zona desde hace varios a\u00f1os. Queremos visibilizar e incidir sobre la situaci\u00f3n de las ni\u00f1as desplazadas y escuchar sus voces. Por eso, este a\u00f1o, la Rep\u00fablica Democr\u00e1tica del Congo (RDC) es el nuevo pa\u00eds que se incorpora a la campa\u00f1a La LUZ de las NI\u00d1AS. En RDC, las ni\u00f1as sufren m\u00faltiples violencias en el contexto de desplazamiento y conflicto prolongado que se vive en el este del pa\u00eds desde hace m\u00e1s de 20 a\u00f1os. Adem\u00e1s de a la pobreza y la violencia sistem\u00e1tica, las ni\u00f1as est\u00e1n expuestas a la trata y explotaci\u00f3n sexual [&hellip;]\" \/>\n<meta property=\"og:url\" content=\"https:\/\/www.entreculturas.org\/gl\/la-luz-de-las-ninas\/noticia\/la-campana-la-luz-de-las-ninas-llega-a-r-d-del-congo\/\" \/>\n<meta property=\"og:site_name\" content=\"Entreculturas\" \/>\n<meta property=\"article:publisher\" content=\"https:\/\/www.facebook.com\/entreculturas\" \/>\n<meta property=\"article:modified_time\" content=\"2024-09-20T07:32:06+00:00\" \/>\n<meta property=\"og:image\" content=\"https:\/\/www.entreculturas.org\/wp-content\/uploads\/2022\/03\/RD-Congo-nina2.jpeg\" \/>\n\t<meta property=\"og:image:width\" content=\"800\" \/>\n\t<meta property=\"og:image:height\" content=\"533\" \/>\n\t<meta property=\"og:image:type\" content=\"image\/jpeg\" \/>\n<meta name=\"twitter:card\" content=\"summary_large_image\" \/>\n<meta name=\"twitter:site\" content=\"@Entreculturas\" \/>\n<script type=\"application\/ld+json\" class=\"yoast-schema-graph\">{\"@context\":\"https:\\\/\\\/schema.org\",\"@graph\":[{\"@type\":\"WebPage\",\"@id\":\"https:\\\/\\\/www.entreculturas.org\\\/gl\\\/la-luz-de-las-ninas\\\/noticia\\\/la-campana-la-luz-de-las-ninas-llega-a-r-d-del-congo\\\/\",\"url\":\"https:\\\/\\\/www.entreculturas.org\\\/gl\\\/la-luz-de-las-ninas\\\/noticia\\\/la-campana-la-luz-de-las-ninas-llega-a-r-d-del-congo\\\/\",\"name\":\"La campa\u00f1a La LUZ de las NI\u00d1AS llega a R. D. del Congo - Entreculturas\",\"isPartOf\":{\"@id\":\"https:\\\/\\\/www.entreculturas.org\\\/gl\\\/#website\"},\"primaryImageOfPage\":{\"@id\":\"https:\\\/\\\/www.entreculturas.org\\\/gl\\\/la-luz-de-las-ninas\\\/noticia\\\/la-campana-la-luz-de-las-ninas-llega-a-r-d-del-congo\\\/#primaryimage\"},\"image\":{\"@id\":\"https:\\\/\\\/www.entreculturas.org\\\/gl\\\/la-luz-de-las-ninas\\\/noticia\\\/la-campana-la-luz-de-las-ninas-llega-a-r-d-del-congo\\\/#primaryimage\"},\"thumbnailUrl\":\"https:\\\/\\\/www.entreculturas.org\\\/wp-content\\\/uploads\\\/2022\\\/03\\\/RD-Congo-nina2.jpeg\",\"datePublished\":\"2022-03-14T10:37:06+00:00\",\"dateModified\":\"2024-09-20T07:32:06+00:00\",\"breadcrumb\":{\"@id\":\"https:\\\/\\\/www.entreculturas.org\\\/gl\\\/la-luz-de-las-ninas\\\/noticia\\\/la-campana-la-luz-de-las-ninas-llega-a-r-d-del-congo\\\/#breadcrumb\"},\"inLanguage\":\"gl-ES\",\"potentialAction\":[{\"@type\":\"ReadAction\",\"target\":[\"https:\\\/\\\/www.entreculturas.org\\\/gl\\\/la-luz-de-las-ninas\\\/noticia\\\/la-campana-la-luz-de-las-ninas-llega-a-r-d-del-congo\\\/\"]}]},{\"@type\":\"ImageObject\",\"inLanguage\":\"gl-ES\",\"@id\":\"https:\\\/\\\/www.entreculturas.org\\\/gl\\\/la-luz-de-las-ninas\\\/noticia\\\/la-campana-la-luz-de-las-ninas-llega-a-r-d-del-congo\\\/#primaryimage\",\"url\":\"https:\\\/\\\/www.entreculturas.org\\\/wp-content\\\/uploads\\\/2022\\\/03\\\/RD-Congo-nina2.jpeg\",\"contentUrl\":\"https:\\\/\\\/www.entreculturas.org\\\/wp-content\\\/uploads\\\/2022\\\/03\\\/RD-Congo-nina2.jpeg\",\"width\":800,\"height\":533,\"caption\":\"Esther, RDC\"},{\"@type\":\"BreadcrumbList\",\"@id\":\"https:\\\/\\\/www.entreculturas.org\\\/gl\\\/la-luz-de-las-ninas\\\/noticia\\\/la-campana-la-luz-de-las-ninas-llega-a-r-d-del-congo\\\/#breadcrumb\",\"itemListElement\":[{\"@type\":\"ListItem\",\"position\":1,\"name\":\"Home\",\"item\":\"https:\\\/\\\/www.entreculturas.org\\\/gl\\\/\"},{\"@type\":\"ListItem\",\"position\":2,\"name\":\"Noticias LLDLN\",\"item\":\"https:\\\/\\\/www.entreculturas.org\\\/gl\\\/noticias-la-luz-de-las-ninas\\\/\"},{\"@type\":\"ListItem\",\"position\":3,\"name\":\"La campa\u00f1a La LUZ de las NI\u00d1AS llega a R. D. del Congo\"}]},{\"@type\":\"WebSite\",\"@id\":\"https:\\\/\\\/www.entreculturas.org\\\/gl\\\/#website\",\"url\":\"https:\\\/\\\/www.entreculturas.org\\\/gl\\\/\",\"name\":\"Entreculturas\",\"description\":\"\",\"publisher\":{\"@id\":\"https:\\\/\\\/www.entreculturas.org\\\/gl\\\/#organization\"},\"alternateName\":\"Entreculturas\",\"potentialAction\":[{\"@type\":\"SearchAction\",\"target\":{\"@type\":\"EntryPoint\",\"urlTemplate\":\"https:\\\/\\\/www.entreculturas.org\\\/gl\\\/?s={search_term_string}\"},\"query-input\":{\"@type\":\"PropertyValueSpecification\",\"valueRequired\":true,\"valueName\":\"search_term_string\"}}],\"inLanguage\":\"gl-ES\"},{\"@type\":\"Organization\",\"@id\":\"https:\\\/\\\/www.entreculturas.org\\\/gl\\\/#organization\",\"name\":\"Entreculturas\",\"url\":\"https:\\\/\\\/www.entreculturas.org\\\/gl\\\/\",\"logo\":{\"@type\":\"ImageObject\",\"inLanguage\":\"gl-ES\",\"@id\":\"https:\\\/\\\/www.entreculturas.org\\\/gl\\\/#\\\/schema\\\/logo\\\/image\\\/\",\"url\":\"https:\\\/\\\/www.entreculturas.org\\\/wp-content\\\/uploads\\\/2025\\\/10\\\/ESP.svg\",\"contentUrl\":\"https:\\\/\\\/www.entreculturas.org\\\/wp-content\\\/uploads\\\/2025\\\/10\\\/ESP.svg\",\"caption\":\"Entreculturas\"},\"image\":{\"@id\":\"https:\\\/\\\/www.entreculturas.org\\\/gl\\\/#\\\/schema\\\/logo\\\/image\\\/\"},\"sameAs\":[\"https:\\\/\\\/www.facebook.com\\\/entreculturas\",\"https:\\\/\\\/x.com\\\/Entreculturas\",\"https:\\\/\\\/www.instagram.com\\\/entreculturas\\\/\",\"https:\\\/\\\/www.youtube.com\\\/user\\\/entreculturasvideo\",\"https:\\\/\\\/www.linkedin.com\\\/company\\\/fundacion-entreculturas-ngdo\\\/\",\"https:\\\/\\\/www.flickr.com\\\/photos\\\/98455522@N04\\\/albums\\\/\"]}]}<\/script>\n<!-- \/ Yoast SEO Premium plugin. -->","yoast_head_json":{"title":"La campa\u00f1a La LUZ de las NI\u00d1AS llega a R. D. del Congo - Entreculturas","robots":{"index":"index","follow":"follow","max-snippet":"max-snippet:-1","max-image-preview":"max-image-preview:large","max-video-preview":"max-video-preview:-1"},"canonical":"https:\/\/www.entreculturas.org\/gl\/la-luz-de-las-ninas\/noticia\/la-campana-la-luz-de-las-ninas-llega-a-r-d-del-congo\/","og_locale":"gl_ES","og_type":"article","og_title":"La campa\u00f1a La LUZ de las NI\u00d1AS llega a R. D. del Congo","og_description":"Esther, 10 a\u00f1os, Kivu Sur (RDC). \u00a9Laura Lora\/Entreculturas &nbsp; El incremento de la violencia hacia ni\u00f1as y mujeres en el este de la Rep\u00fablica Democr\u00e1tica del Congo hace que ahora, m\u00e1s que nunca, sea importante reforzar todo el trabajo realizado en el pa\u00eds a trav\u00e9s de nuestra intervenci\u00f3n de La LUZ de las NI\u00d1AS, presente en la zona desde hace varios a\u00f1os. Queremos visibilizar e incidir sobre la situaci\u00f3n de las ni\u00f1as desplazadas y escuchar sus voces. Por eso, este a\u00f1o, la Rep\u00fablica Democr\u00e1tica del Congo (RDC) es el nuevo pa\u00eds que se incorpora a la campa\u00f1a La LUZ de las NI\u00d1AS. En RDC, las ni\u00f1as sufren m\u00faltiples violencias en el contexto de desplazamiento y conflicto prolongado que se vive en el este del pa\u00eds desde hace m\u00e1s de 20 a\u00f1os. Adem\u00e1s de a la pobreza y la violencia sistem\u00e1tica, las ni\u00f1as est\u00e1n expuestas a la trata y explotaci\u00f3n sexual [&hellip;]","og_url":"https:\/\/www.entreculturas.org\/gl\/la-luz-de-las-ninas\/noticia\/la-campana-la-luz-de-las-ninas-llega-a-r-d-del-congo\/","og_site_name":"Entreculturas","article_publisher":"https:\/\/www.facebook.com\/entreculturas","article_modified_time":"2024-09-20T07:32:06+00:00","og_image":[{"width":800,"height":533,"url":"https:\/\/www.entreculturas.org\/wp-content\/uploads\/2022\/03\/RD-Congo-nina2.jpeg","type":"image\/jpeg"}],"twitter_card":"summary_large_image","twitter_site":"@Entreculturas","schema":{"@context":"https:\/\/schema.org","@graph":[{"@type":"WebPage","@id":"https:\/\/www.entreculturas.org\/gl\/la-luz-de-las-ninas\/noticia\/la-campana-la-luz-de-las-ninas-llega-a-r-d-del-congo\/","url":"https:\/\/www.entreculturas.org\/gl\/la-luz-de-las-ninas\/noticia\/la-campana-la-luz-de-las-ninas-llega-a-r-d-del-congo\/","name":"La campa\u00f1a La LUZ de las NI\u00d1AS llega a R. D. del Congo - Entreculturas","isPartOf":{"@id":"https:\/\/www.entreculturas.org\/gl\/#website"},"primaryImageOfPage":{"@id":"https:\/\/www.entreculturas.org\/gl\/la-luz-de-las-ninas\/noticia\/la-campana-la-luz-de-las-ninas-llega-a-r-d-del-congo\/#primaryimage"},"image":{"@id":"https:\/\/www.entreculturas.org\/gl\/la-luz-de-las-ninas\/noticia\/la-campana-la-luz-de-las-ninas-llega-a-r-d-del-congo\/#primaryimage"},"thumbnailUrl":"https:\/\/www.entreculturas.org\/wp-content\/uploads\/2022\/03\/RD-Congo-nina2.jpeg","datePublished":"2022-03-14T10:37:06+00:00","dateModified":"2024-09-20T07:32:06+00:00","breadcrumb":{"@id":"https:\/\/www.entreculturas.org\/gl\/la-luz-de-las-ninas\/noticia\/la-campana-la-luz-de-las-ninas-llega-a-r-d-del-congo\/#breadcrumb"},"inLanguage":"gl-ES","potentialAction":[{"@type":"ReadAction","target":["https:\/\/www.entreculturas.org\/gl\/la-luz-de-las-ninas\/noticia\/la-campana-la-luz-de-las-ninas-llega-a-r-d-del-congo\/"]}]},{"@type":"ImageObject","inLanguage":"gl-ES","@id":"https:\/\/www.entreculturas.org\/gl\/la-luz-de-las-ninas\/noticia\/la-campana-la-luz-de-las-ninas-llega-a-r-d-del-congo\/#primaryimage","url":"https:\/\/www.entreculturas.org\/wp-content\/uploads\/2022\/03\/RD-Congo-nina2.jpeg","contentUrl":"https:\/\/www.entreculturas.org\/wp-content\/uploads\/2022\/03\/RD-Congo-nina2.jpeg","width":800,"height":533,"caption":"Esther, RDC"},{"@type":"BreadcrumbList","@id":"https:\/\/www.entreculturas.org\/gl\/la-luz-de-las-ninas\/noticia\/la-campana-la-luz-de-las-ninas-llega-a-r-d-del-congo\/#breadcrumb","itemListElement":[{"@type":"ListItem","position":1,"name":"Home","item":"https:\/\/www.entreculturas.org\/gl\/"},{"@type":"ListItem","position":2,"name":"Noticias LLDLN","item":"https:\/\/www.entreculturas.org\/gl\/noticias-la-luz-de-las-ninas\/"},{"@type":"ListItem","position":3,"name":"La campa\u00f1a La LUZ de las NI\u00d1AS llega a R. D. del Congo"}]},{"@type":"WebSite","@id":"https:\/\/www.entreculturas.org\/gl\/#website","url":"https:\/\/www.entreculturas.org\/gl\/","name":"Entreculturas","description":"","publisher":{"@id":"https:\/\/www.entreculturas.org\/gl\/#organization"},"alternateName":"Entreculturas","potentialAction":[{"@type":"SearchAction","target":{"@type":"EntryPoint","urlTemplate":"https:\/\/www.entreculturas.org\/gl\/?s={search_term_string}"},"query-input":{"@type":"PropertyValueSpecification","valueRequired":true,"valueName":"search_term_string"}}],"inLanguage":"gl-ES"},{"@type":"Organization","@id":"https:\/\/www.entreculturas.org\/gl\/#organization","name":"Entreculturas","url":"https:\/\/www.entreculturas.org\/gl\/","logo":{"@type":"ImageObject","inLanguage":"gl-ES","@id":"https:\/\/www.entreculturas.org\/gl\/#\/schema\/logo\/image\/","url":"https:\/\/www.entreculturas.org\/wp-content\/uploads\/2025\/10\/ESP.svg","contentUrl":"https:\/\/www.entreculturas.org\/wp-content\/uploads\/2025\/10\/ESP.svg","caption":"Entreculturas"},"image":{"@id":"https:\/\/www.entreculturas.org\/gl\/#\/schema\/logo\/image\/"},"sameAs":["https:\/\/www.facebook.com\/entreculturas","https:\/\/x.com\/Entreculturas","https:\/\/www.instagram.com\/entreculturas\/","https:\/\/www.youtube.com\/user\/entreculturasvideo","https:\/\/www.linkedin.com\/company\/fundacion-entreculturas-ngdo\/","https:\/\/www.flickr.com\/photos\/98455522@N04\/albums\/"]}]}},"_links":{"self":[{"href":"https:\/\/www.entreculturas.org\/gl\/wp-json\/wp\/v2\/xxx\/760","targetHints":{"allow":["GET"]}}],"collection":[{"href":"https:\/\/www.entreculturas.org\/gl\/wp-json\/wp\/v2\/xxx"}],"about":[{"href":"https:\/\/www.entreculturas.org\/gl\/wp-json\/wp\/v2\/types\/xxx"}],"wp:featuredmedia":[{"embeddable":true,"href":"https:\/\/www.entreculturas.org\/gl\/wp-json\/wp\/v2\/media\/761"}],"wp:attachment":[{"href":"https:\/\/www.entreculturas.org\/gl\/wp-json\/wp\/v2\/media?parent=760"}],"wp:term":[{"taxonomy":"category","embeddable":true,"href":"https:\/\/www.entreculturas.org\/gl\/wp-json\/wp\/v2\/categories?post=760"},{"taxonomy":"post_tag","embeddable":true,"href":"https:\/\/www.entreculturas.org\/gl\/wp-json\/wp\/v2\/tags?post=760"}],"curies":[{"name":"wp","href":"https:\/\/api.w.org\/{rel}","templated":true}]}}