{"id":751,"date":"2022-02-08T09:51:42","date_gmt":"2022-02-08T08:51:42","guid":{"rendered":"https:\/\/www.entreculturas.org\/?post_type=xxx&#038;p=751"},"modified":"2024-09-20T09:30:52","modified_gmt":"2024-09-20T07:30:52","slug":"la-mutilacion-genital-femenina-amenaza-a-millones-de-ninas","status":"publish","type":"xxx","link":"https:\/\/www.entreculturas.org\/gl\/la-luz-de-las-ninas\/noticia\/la-mutilacion-genital-femenina-amenaza-a-millones-de-ninas\/","title":{"rendered":"La mutilaci\u00f3n genital femenina amenaza a millones de ni\u00f1as"},"content":{"rendered":"<p>El pasado 6 de febrero conmemoramos el <strong>d\u00eda Internacional de Tolerancia Cero con la Mutilaci\u00f3n Genital<\/strong> <strong>Femenina<\/strong>, una fecha que est\u00e1 presente en nuestro d\u00eda a d\u00eda y es que, trabajamos sin descanso para denunciar esta tortura que sufren las ni\u00f1as y mujeres. Seguimos a su lado para protegerlas, atenderlas y ofrecerles alternativas de vida dignas que las alejen de la violencia y los abusos constantes.<\/p>\n<p>Lamentablemente, la pandemia global del Covid-19 est\u00e1 frenando los avances relativos a la protecci\u00f3n de las ni\u00f1as y a la eliminaci\u00f3n de pr\u00e1cticas da\u00f1inas, como el matrimonio infantil, precoz y forzado y la mutilaci\u00f3n genital femenina. Seg\u00fan UNESCO, se estima que, <strong>en los pr\u00f3ximos a\u00f1os, se producir\u00e1n un total de 2 millones de mutilaciones adicionales<\/strong>.<\/p>\n<p>En la regi\u00f3n de Gu\u00e9ra, en Chad, el programa <strong>La LUZ de las NI\u00d1AS<\/strong> est\u00e1 siendo clave para garantizar el respeto por los derechos de las ni\u00f1as, para hacer de la escuela un espacio de aprendizaje para ellas y reforzar su papel en el desarrollo comunitario. <strong>Gu\u00e9ra es una de las zonas con los \u00edndices m\u00e1s altos de mutilaci\u00f3n genital femenina, ya que el 90% de las mujeres han sido mutiladas<\/strong>.<\/p>\n<p><em>Me gustar\u00eda enviar un mensaje a todos los padres para que tomen conciencia de lo mala que es la mutilaci\u00f3n genital femenina y que escuchen a sus hijas para que conozcan las consecuencias, la mutilaci\u00f3n les puede costar la vida. Nos cuenta <strong>Monodjal Adeline, participante de nuestro programa La LUZ de las NI\u00d1AS en Gu\u00e9ra, Chad<\/strong>.<\/em><\/p>\n<p>Hemorragias, dolores constantes, problemas urinarios, complicaciones en el parto\u2026son algunos de los muchos problemas que sufren a causa de la mutilaci\u00f3n genital femenina. Por no hablar de las secuelas y traumas psicol\u00f3gicos que provoca.<\/p>\n<p>A trav\u00e9s de nuestro programa <strong>La LUZ de las NI\u00d1AS,<\/strong> trabajamos con miles de ni\u00f1as para que tengan acceso a la educaci\u00f3n, conozcan sus derechos y puedan reivindicarlos. Adem\u00e1s, atendemos a aqu\u00e9llas que han sido v\u00edctimas para ayudarles a sanar las profundas heridas que les deja la mutilaci\u00f3n genital femenina.<\/p>\n<p><iframe loading=\"lazy\" title=\"Tolerancia Cero con la Mutilaci\u00f3n Genital Femenina\" width=\"500\" height=\"281\" src=\"https:\/\/www.youtube.com\/embed\/BP4aVVsQKXo?feature=oembed\" frameborder=\"0\" allow=\"accelerometer; autoplay; clipboard-write; encrypted-media; gyroscope; picture-in-picture; web-share\" referrerpolicy=\"strict-origin-when-cross-origin\" allowfullscreen><\/iframe><\/p>\n<p><em>He decidido estudiar para ser jueza porque quiero hacer justicia a quienes tratan mal a las mujeres, a quienes piensan que las mujeres solo sirven para estar en casa y sin prestarles atenci\u00f3n. He decidido decir no a esto y por eso quiero ser jueza. <strong>Nos dice Nona-Hassoum, participante de La LUZ de las NI\u00d1AS en Gu\u00e9ra, Chad<\/strong>.<\/em><\/p>\n<p>En pa\u00edses como Chad, RD Congo, Sud\u00e1n del Sur, Guatemala o Hait\u00ed, son miles de ni\u00f1as las que, gracias a <strong>La LUZ de las NI\u00d1AS<\/strong>, han encontrado un espacio seguro, han podido formarse y conocer sus derechos y, hoy, son capaces de expresarlos y defenderlos. <strong>Pueden alzar su voz y gritar que quieren vivir sanas y salvas<\/strong>, lejos de la sombra de la mutilaci\u00f3n y de tantas formas de violencia que sufren a diario.<\/p>\n<p><strong>Junto a Non-Hassoum y Monodjal Adeline queremos decir NO a la mutilaci\u00f3n genital femenina. NO a los abusos y la discriminaci\u00f3n hacia las ni\u00f1as<\/strong>.<\/p>\n<p>&nbsp;<\/p>\n","protected":false},"excerpt":{"rendered":"<p>El pasado 6 de febrero conmemoramos el d\u00eda Internacional de Tolerancia Cero con la Mutilaci\u00f3n Genital Femenina, una fecha que est\u00e1 presente en nuestro d\u00eda a d\u00eda y es que, trabajamos sin descanso para denunciar esta tortura que sufren las ni\u00f1as y mujeres. Seguimos a su lado para protegerlas, atenderlas y ofrecerles alternativas de vida dignas que las alejen de la violencia y los abusos constantes. Lamentablemente, la pandemia global del Covid-19 est\u00e1 frenando los avances relativos a la protecci\u00f3n de las ni\u00f1as y a la eliminaci\u00f3n de pr\u00e1cticas da\u00f1inas, como el matrimonio infantil, precoz y forzado y la mutilaci\u00f3n genital femenina. Seg\u00fan UNESCO, se estima que, en los pr\u00f3ximos a\u00f1os, se producir\u00e1n un total de 2 millones de mutilaciones adicionales. En la regi\u00f3n de Gu\u00e9ra, en Chad, el programa La LUZ de las NI\u00d1AS est\u00e1 siendo clave para garantizar el respeto por los derechos de las ni\u00f1as, para hacer [&hellip;]<\/p>\n","protected":false},"featured_media":753,"template":"wp-custom-template-noticias-la-luz-de-las-ninas-2","meta":{"_acf_changed":false},"categories":[7],"tags":[],"class_list":["post-751","xxx","type-xxx","status-publish","has-post-thumbnail","hentry","category-noticia"],"acf":[],"yoast_head":"<!-- This site is optimized with the Yoast SEO Premium plugin v21.6 (Yoast SEO v27.5) - https:\/\/yoast.com\/product\/yoast-seo-premium-wordpress\/ -->\n<title>La mutilaci\u00f3n genital femenina amenaza a millones de ni\u00f1as - Entreculturas<\/title>\n<meta name=\"robots\" content=\"index, follow, max-snippet:-1, max-image-preview:large, max-video-preview:-1\" \/>\n<link rel=\"canonical\" href=\"https:\/\/www.entreculturas.org\/gl\/la-luz-de-las-ninas\/noticia\/la-mutilacion-genital-femenina-amenaza-a-millones-de-ninas\/\" \/>\n<meta property=\"og:locale\" content=\"gl_ES\" \/>\n<meta property=\"og:type\" content=\"article\" \/>\n<meta property=\"og:title\" content=\"La mutilaci\u00f3n genital femenina amenaza a millones de ni\u00f1as\" \/>\n<meta property=\"og:description\" content=\"El pasado 6 de febrero conmemoramos el d\u00eda Internacional de Tolerancia Cero con la Mutilaci\u00f3n Genital Femenina, una fecha que est\u00e1 presente en nuestro d\u00eda a d\u00eda y es que, trabajamos sin descanso para denunciar esta tortura que sufren las ni\u00f1as y mujeres. Seguimos a su lado para protegerlas, atenderlas y ofrecerles alternativas de vida dignas que las alejen de la violencia y los abusos constantes. Lamentablemente, la pandemia global del Covid-19 est\u00e1 frenando los avances relativos a la protecci\u00f3n de las ni\u00f1as y a la eliminaci\u00f3n de pr\u00e1cticas da\u00f1inas, como el matrimonio infantil, precoz y forzado y la mutilaci\u00f3n genital femenina. Seg\u00fan UNESCO, se estima que, en los pr\u00f3ximos a\u00f1os, se producir\u00e1n un total de 2 millones de mutilaciones adicionales. En la regi\u00f3n de Gu\u00e9ra, en Chad, el programa La LUZ de las NI\u00d1AS est\u00e1 siendo clave para garantizar el respeto por los derechos de las ni\u00f1as, para hacer [&hellip;]\" \/>\n<meta property=\"og:url\" content=\"https:\/\/www.entreculturas.org\/gl\/la-luz-de-las-ninas\/noticia\/la-mutilacion-genital-femenina-amenaza-a-millones-de-ninas\/\" \/>\n<meta property=\"og:site_name\" content=\"Entreculturas\" \/>\n<meta property=\"article:publisher\" content=\"https:\/\/www.facebook.com\/entreculturas\" \/>\n<meta property=\"article:modified_time\" content=\"2024-09-20T07:30:52+00:00\" \/>\n<meta property=\"og:image\" content=\"https:\/\/www.entreculturas.org\/wp-content\/uploads\/2022\/02\/foto-email-girada-1-scaled-1.jpg\" \/>\n\t<meta property=\"og:image:width\" content=\"2560\" \/>\n\t<meta property=\"og:image:height\" content=\"1442\" \/>\n\t<meta property=\"og:image:type\" content=\"image\/jpeg\" \/>\n<meta name=\"twitter:card\" content=\"summary_large_image\" \/>\n<meta name=\"twitter:site\" content=\"@Entreculturas\" \/>\n<script type=\"application\/ld+json\" class=\"yoast-schema-graph\">{\"@context\":\"https:\\\/\\\/schema.org\",\"@graph\":[{\"@type\":\"WebPage\",\"@id\":\"https:\\\/\\\/www.entreculturas.org\\\/gl\\\/la-luz-de-las-ninas\\\/noticia\\\/la-mutilacion-genital-femenina-amenaza-a-millones-de-ninas\\\/\",\"url\":\"https:\\\/\\\/www.entreculturas.org\\\/gl\\\/la-luz-de-las-ninas\\\/noticia\\\/la-mutilacion-genital-femenina-amenaza-a-millones-de-ninas\\\/\",\"name\":\"La mutilaci\u00f3n genital femenina amenaza a millones de ni\u00f1as - Entreculturas\",\"isPartOf\":{\"@id\":\"https:\\\/\\\/www.entreculturas.org\\\/gl\\\/#website\"},\"primaryImageOfPage\":{\"@id\":\"https:\\\/\\\/www.entreculturas.org\\\/gl\\\/la-luz-de-las-ninas\\\/noticia\\\/la-mutilacion-genital-femenina-amenaza-a-millones-de-ninas\\\/#primaryimage\"},\"image\":{\"@id\":\"https:\\\/\\\/www.entreculturas.org\\\/gl\\\/la-luz-de-las-ninas\\\/noticia\\\/la-mutilacion-genital-femenina-amenaza-a-millones-de-ninas\\\/#primaryimage\"},\"thumbnailUrl\":\"https:\\\/\\\/www.entreculturas.org\\\/wp-content\\\/uploads\\\/2022\\\/02\\\/foto-email-girada-1-scaled-1.jpg\",\"datePublished\":\"2022-02-08T08:51:42+00:00\",\"dateModified\":\"2024-09-20T07:30:52+00:00\",\"breadcrumb\":{\"@id\":\"https:\\\/\\\/www.entreculturas.org\\\/gl\\\/la-luz-de-las-ninas\\\/noticia\\\/la-mutilacion-genital-femenina-amenaza-a-millones-de-ninas\\\/#breadcrumb\"},\"inLanguage\":\"gl-ES\",\"potentialAction\":[{\"@type\":\"ReadAction\",\"target\":[\"https:\\\/\\\/www.entreculturas.org\\\/gl\\\/la-luz-de-las-ninas\\\/noticia\\\/la-mutilacion-genital-femenina-amenaza-a-millones-de-ninas\\\/\"]}]},{\"@type\":\"ImageObject\",\"inLanguage\":\"gl-ES\",\"@id\":\"https:\\\/\\\/www.entreculturas.org\\\/gl\\\/la-luz-de-las-ninas\\\/noticia\\\/la-mutilacion-genital-femenina-amenaza-a-millones-de-ninas\\\/#primaryimage\",\"url\":\"https:\\\/\\\/www.entreculturas.org\\\/wp-content\\\/uploads\\\/2022\\\/02\\\/foto-email-girada-1-scaled-1.jpg\",\"contentUrl\":\"https:\\\/\\\/www.entreculturas.org\\\/wp-content\\\/uploads\\\/2022\\\/02\\\/foto-email-girada-1-scaled-1.jpg\",\"width\":2560,\"height\":1442,\"caption\":\"Photos during a cocreation workshop between Salma Khalil, Chadian artist, and young refugee girls in the forcibly displaced people's site in Farchana refugee camp, Eastern Chad. It's the fifth workshop of a project organised by JRS and Entreculturas within the Luz de las Ni\u00f1as Campaign, aimed to create an illustrated book for children on the reality of the girls in Chad. Credits to Irene Galera\"},{\"@type\":\"BreadcrumbList\",\"@id\":\"https:\\\/\\\/www.entreculturas.org\\\/gl\\\/la-luz-de-las-ninas\\\/noticia\\\/la-mutilacion-genital-femenina-amenaza-a-millones-de-ninas\\\/#breadcrumb\",\"itemListElement\":[{\"@type\":\"ListItem\",\"position\":1,\"name\":\"Home\",\"item\":\"https:\\\/\\\/www.entreculturas.org\\\/gl\\\/\"},{\"@type\":\"ListItem\",\"position\":2,\"name\":\"Noticias LLDLN\",\"item\":\"https:\\\/\\\/www.entreculturas.org\\\/gl\\\/noticias-la-luz-de-las-ninas\\\/\"},{\"@type\":\"ListItem\",\"position\":3,\"name\":\"La mutilaci\u00f3n genital femenina amenaza a millones de ni\u00f1as\"}]},{\"@type\":\"WebSite\",\"@id\":\"https:\\\/\\\/www.entreculturas.org\\\/gl\\\/#website\",\"url\":\"https:\\\/\\\/www.entreculturas.org\\\/gl\\\/\",\"name\":\"Entreculturas\",\"description\":\"\",\"publisher\":{\"@id\":\"https:\\\/\\\/www.entreculturas.org\\\/gl\\\/#organization\"},\"alternateName\":\"Entreculturas\",\"potentialAction\":[{\"@type\":\"SearchAction\",\"target\":{\"@type\":\"EntryPoint\",\"urlTemplate\":\"https:\\\/\\\/www.entreculturas.org\\\/gl\\\/?s={search_term_string}\"},\"query-input\":{\"@type\":\"PropertyValueSpecification\",\"valueRequired\":true,\"valueName\":\"search_term_string\"}}],\"inLanguage\":\"gl-ES\"},{\"@type\":\"Organization\",\"@id\":\"https:\\\/\\\/www.entreculturas.org\\\/gl\\\/#organization\",\"name\":\"Entreculturas\",\"url\":\"https:\\\/\\\/www.entreculturas.org\\\/gl\\\/\",\"logo\":{\"@type\":\"ImageObject\",\"inLanguage\":\"gl-ES\",\"@id\":\"https:\\\/\\\/www.entreculturas.org\\\/gl\\\/#\\\/schema\\\/logo\\\/image\\\/\",\"url\":\"https:\\\/\\\/www.entreculturas.org\\\/wp-content\\\/uploads\\\/2025\\\/10\\\/ESP.svg\",\"contentUrl\":\"https:\\\/\\\/www.entreculturas.org\\\/wp-content\\\/uploads\\\/2025\\\/10\\\/ESP.svg\",\"caption\":\"Entreculturas\"},\"image\":{\"@id\":\"https:\\\/\\\/www.entreculturas.org\\\/gl\\\/#\\\/schema\\\/logo\\\/image\\\/\"},\"sameAs\":[\"https:\\\/\\\/www.facebook.com\\\/entreculturas\",\"https:\\\/\\\/x.com\\\/Entreculturas\",\"https:\\\/\\\/www.instagram.com\\\/entreculturas\\\/\",\"https:\\\/\\\/www.youtube.com\\\/user\\\/entreculturasvideo\",\"https:\\\/\\\/www.linkedin.com\\\/company\\\/fundacion-entreculturas-ngdo\\\/\",\"https:\\\/\\\/www.flickr.com\\\/photos\\\/98455522@N04\\\/albums\\\/\"]}]}<\/script>\n<!-- \/ Yoast SEO Premium plugin. -->","yoast_head_json":{"title":"La mutilaci\u00f3n genital femenina amenaza a millones de ni\u00f1as - Entreculturas","robots":{"index":"index","follow":"follow","max-snippet":"max-snippet:-1","max-image-preview":"max-image-preview:large","max-video-preview":"max-video-preview:-1"},"canonical":"https:\/\/www.entreculturas.org\/gl\/la-luz-de-las-ninas\/noticia\/la-mutilacion-genital-femenina-amenaza-a-millones-de-ninas\/","og_locale":"gl_ES","og_type":"article","og_title":"La mutilaci\u00f3n genital femenina amenaza a millones de ni\u00f1as","og_description":"El pasado 6 de febrero conmemoramos el d\u00eda Internacional de Tolerancia Cero con la Mutilaci\u00f3n Genital Femenina, una fecha que est\u00e1 presente en nuestro d\u00eda a d\u00eda y es que, trabajamos sin descanso para denunciar esta tortura que sufren las ni\u00f1as y mujeres. Seguimos a su lado para protegerlas, atenderlas y ofrecerles alternativas de vida dignas que las alejen de la violencia y los abusos constantes. Lamentablemente, la pandemia global del Covid-19 est\u00e1 frenando los avances relativos a la protecci\u00f3n de las ni\u00f1as y a la eliminaci\u00f3n de pr\u00e1cticas da\u00f1inas, como el matrimonio infantil, precoz y forzado y la mutilaci\u00f3n genital femenina. Seg\u00fan UNESCO, se estima que, en los pr\u00f3ximos a\u00f1os, se producir\u00e1n un total de 2 millones de mutilaciones adicionales. En la regi\u00f3n de Gu\u00e9ra, en Chad, el programa La LUZ de las NI\u00d1AS est\u00e1 siendo clave para garantizar el respeto por los derechos de las ni\u00f1as, para hacer [&hellip;]","og_url":"https:\/\/www.entreculturas.org\/gl\/la-luz-de-las-ninas\/noticia\/la-mutilacion-genital-femenina-amenaza-a-millones-de-ninas\/","og_site_name":"Entreculturas","article_publisher":"https:\/\/www.facebook.com\/entreculturas","article_modified_time":"2024-09-20T07:30:52+00:00","og_image":[{"width":2560,"height":1442,"url":"https:\/\/www.entreculturas.org\/wp-content\/uploads\/2022\/02\/foto-email-girada-1-scaled-1.jpg","type":"image\/jpeg"}],"twitter_card":"summary_large_image","twitter_site":"@Entreculturas","schema":{"@context":"https:\/\/schema.org","@graph":[{"@type":"WebPage","@id":"https:\/\/www.entreculturas.org\/gl\/la-luz-de-las-ninas\/noticia\/la-mutilacion-genital-femenina-amenaza-a-millones-de-ninas\/","url":"https:\/\/www.entreculturas.org\/gl\/la-luz-de-las-ninas\/noticia\/la-mutilacion-genital-femenina-amenaza-a-millones-de-ninas\/","name":"La mutilaci\u00f3n genital femenina amenaza a millones de ni\u00f1as - Entreculturas","isPartOf":{"@id":"https:\/\/www.entreculturas.org\/gl\/#website"},"primaryImageOfPage":{"@id":"https:\/\/www.entreculturas.org\/gl\/la-luz-de-las-ninas\/noticia\/la-mutilacion-genital-femenina-amenaza-a-millones-de-ninas\/#primaryimage"},"image":{"@id":"https:\/\/www.entreculturas.org\/gl\/la-luz-de-las-ninas\/noticia\/la-mutilacion-genital-femenina-amenaza-a-millones-de-ninas\/#primaryimage"},"thumbnailUrl":"https:\/\/www.entreculturas.org\/wp-content\/uploads\/2022\/02\/foto-email-girada-1-scaled-1.jpg","datePublished":"2022-02-08T08:51:42+00:00","dateModified":"2024-09-20T07:30:52+00:00","breadcrumb":{"@id":"https:\/\/www.entreculturas.org\/gl\/la-luz-de-las-ninas\/noticia\/la-mutilacion-genital-femenina-amenaza-a-millones-de-ninas\/#breadcrumb"},"inLanguage":"gl-ES","potentialAction":[{"@type":"ReadAction","target":["https:\/\/www.entreculturas.org\/gl\/la-luz-de-las-ninas\/noticia\/la-mutilacion-genital-femenina-amenaza-a-millones-de-ninas\/"]}]},{"@type":"ImageObject","inLanguage":"gl-ES","@id":"https:\/\/www.entreculturas.org\/gl\/la-luz-de-las-ninas\/noticia\/la-mutilacion-genital-femenina-amenaza-a-millones-de-ninas\/#primaryimage","url":"https:\/\/www.entreculturas.org\/wp-content\/uploads\/2022\/02\/foto-email-girada-1-scaled-1.jpg","contentUrl":"https:\/\/www.entreculturas.org\/wp-content\/uploads\/2022\/02\/foto-email-girada-1-scaled-1.jpg","width":2560,"height":1442,"caption":"Photos during a cocreation workshop between Salma Khalil, Chadian artist, and young refugee girls in the forcibly displaced people's site in Farchana refugee camp, Eastern Chad. It's the fifth workshop of a project organised by JRS and Entreculturas within the Luz de las Ni\u00f1as Campaign, aimed to create an illustrated book for children on the reality of the girls in Chad. Credits to Irene Galera"},{"@type":"BreadcrumbList","@id":"https:\/\/www.entreculturas.org\/gl\/la-luz-de-las-ninas\/noticia\/la-mutilacion-genital-femenina-amenaza-a-millones-de-ninas\/#breadcrumb","itemListElement":[{"@type":"ListItem","position":1,"name":"Home","item":"https:\/\/www.entreculturas.org\/gl\/"},{"@type":"ListItem","position":2,"name":"Noticias LLDLN","item":"https:\/\/www.entreculturas.org\/gl\/noticias-la-luz-de-las-ninas\/"},{"@type":"ListItem","position":3,"name":"La mutilaci\u00f3n genital femenina amenaza a millones de ni\u00f1as"}]},{"@type":"WebSite","@id":"https:\/\/www.entreculturas.org\/gl\/#website","url":"https:\/\/www.entreculturas.org\/gl\/","name":"Entreculturas","description":"","publisher":{"@id":"https:\/\/www.entreculturas.org\/gl\/#organization"},"alternateName":"Entreculturas","potentialAction":[{"@type":"SearchAction","target":{"@type":"EntryPoint","urlTemplate":"https:\/\/www.entreculturas.org\/gl\/?s={search_term_string}"},"query-input":{"@type":"PropertyValueSpecification","valueRequired":true,"valueName":"search_term_string"}}],"inLanguage":"gl-ES"},{"@type":"Organization","@id":"https:\/\/www.entreculturas.org\/gl\/#organization","name":"Entreculturas","url":"https:\/\/www.entreculturas.org\/gl\/","logo":{"@type":"ImageObject","inLanguage":"gl-ES","@id":"https:\/\/www.entreculturas.org\/gl\/#\/schema\/logo\/image\/","url":"https:\/\/www.entreculturas.org\/wp-content\/uploads\/2025\/10\/ESP.svg","contentUrl":"https:\/\/www.entreculturas.org\/wp-content\/uploads\/2025\/10\/ESP.svg","caption":"Entreculturas"},"image":{"@id":"https:\/\/www.entreculturas.org\/gl\/#\/schema\/logo\/image\/"},"sameAs":["https:\/\/www.facebook.com\/entreculturas","https:\/\/x.com\/Entreculturas","https:\/\/www.instagram.com\/entreculturas\/","https:\/\/www.youtube.com\/user\/entreculturasvideo","https:\/\/www.linkedin.com\/company\/fundacion-entreculturas-ngdo\/","https:\/\/www.flickr.com\/photos\/98455522@N04\/albums\/"]}]}},"_links":{"self":[{"href":"https:\/\/www.entreculturas.org\/gl\/wp-json\/wp\/v2\/xxx\/751","targetHints":{"allow":["GET"]}}],"collection":[{"href":"https:\/\/www.entreculturas.org\/gl\/wp-json\/wp\/v2\/xxx"}],"about":[{"href":"https:\/\/www.entreculturas.org\/gl\/wp-json\/wp\/v2\/types\/xxx"}],"wp:featuredmedia":[{"embeddable":true,"href":"https:\/\/www.entreculturas.org\/gl\/wp-json\/wp\/v2\/media\/753"}],"wp:attachment":[{"href":"https:\/\/www.entreculturas.org\/gl\/wp-json\/wp\/v2\/media?parent=751"}],"wp:term":[{"taxonomy":"category","embeddable":true,"href":"https:\/\/www.entreculturas.org\/gl\/wp-json\/wp\/v2\/categories?post=751"},{"taxonomy":"post_tag","embeddable":true,"href":"https:\/\/www.entreculturas.org\/gl\/wp-json\/wp\/v2\/tags?post=751"}],"curies":[{"name":"wp","href":"https:\/\/api.w.org\/{rel}","templated":true}]}}