{"id":691,"date":"2021-05-26T10:10:34","date_gmt":"2021-05-26T08:10:34","guid":{"rendered":"https:\/\/www.entreculturas.org\/?post_type=xxx&#038;p=691"},"modified":"2024-09-19T18:47:17","modified_gmt":"2024-09-19T16:47:17","slug":"la-luz-de-las-ninas-en-kenia-la-salud-menstrual-es-un-derecho","status":"publish","type":"xxx","link":"https:\/\/www.entreculturas.org\/gl\/la-luz-de-las-ninas\/noticia\/la-luz-de-las-ninas-en-kenia-la-salud-menstrual-es-un-derecho\/","title":{"rendered":"LA LUZ DE LAS NI\u00d1AS EN KENIA: LA SALUD MENSTRUAL ES UN DERECHO"},"content":{"rendered":"<p><span style=\"font-weight: 400;\">Acabar con el <\/span><b>estigma y la discriminaci\u00f3n que rodea a la mesntruaci\u00f3n<\/b><span style=\"font-weight: 400;\"> requiere de un fuerte trabajo de toda la comunidad y, por eso, desde<\/span><b> La LUZ de las NI\u00d1AS<\/b><span style=\"font-weight: 400;\">,<\/span> <span style=\"font-weight: 400;\">trabajamos para <\/span><span style=\"font-weight: 400;\">reivindicar<\/span><span style=\"font-weight: 400;\"> la salud e higiene menstrual como un derecho humano de todas las ni\u00f1as y adolescentes.<\/span><\/p>\n<p><span style=\"font-weight: 400;\">En Kenia, y en muchos otros pa\u00edses del mundo, <\/span><b>las ni\u00f1as dejan de asistir a la escuela los d\u00edas que tienen la menstruaci\u00f3n<\/b><span style=\"font-weight: 400;\">, lo que perjudica su educaci\u00f3n y vulnera sus derechos, ya que a menudo las obliga a permanecer en casa y abandonar sus actividades diarias. Esta discriminaci\u00f3n hacia las ni\u00f1as tiene origen en el <\/span><b>estigma social que rodea a la menstruaci\u00f3n<\/b><span style=\"font-weight: 400;\"> y tambi\u00e9n se debe a que, a menudo, no tienen acceso a productos de higiene personal, a instalaciones sanitarias adecuadas, as\u00ed como a una educaci\u00f3n sexual que les d\u00e9 la informaci\u00f3n y el acompa\u00f1amiento que necesitan.<\/span><\/p>\n<p><span style=\"font-weight: 400;\">Como consecuencia de todo esto, <\/span><b>existen riesgos importantes tanto de aislamiento social como de abandono escolar de muchas ni\u00f1as<\/b><span style=\"font-weight: 400;\"> durante los periodos de menstruaci\u00f3n, lo que tiene resultados muy negativos en sus logros acad\u00e9micos y <\/span><b>aumenta el riesgo de que estas ni\u00f1as sean v\u00edctimas de matrimonios forzados o embarazos precoces<\/b><span style=\"font-weight: 400;\">. Todos estos riesgos son m\u00e1s amenazadores para las ni\u00f1as que crecen en los campos de personas refugiadas y, por eso, desde<\/span><b> La<\/b> <b>LUZ de las NI\u00d1AS<\/b><span style=\"font-weight: 400;\"> concentramos los esfuerzos en apoyarlas.<\/span><\/p>\n<p><span style=\"font-weight: 400;\">A trav\u00e9s del programa de <\/span><b>La LUZ de las NI\u00d1AS<\/b><span style=\"font-weight: 400;\"> en Kenia, <\/span><b>trabajamos en el barrio urbano-marginal de Kangemi junto a la Parroquia San Jos\u00e9 Obrero con un grupo de 70 ni\u00f1as y adolescentes<\/b><span style=\"font-weight: 400;\"> promoviendo el acceso y continuidad de su educaci\u00f3n, el refuerzo de su autoestima y motivaci\u00f3n y la mejora de los h\u00e1bitos de higiene menstrual. La situaci\u00f3n de pobreza y vulnerabilidad generalizada de la poblaci\u00f3n de Kangemi afecta gravemente a las ni\u00f1as, que ven vulnerado su derecho a la educaci\u00f3n. <\/span><b>La tasa de escolarizaci\u00f3n de las ni\u00f1as en este barrio es muy inferior a la de los ni\u00f1os<\/b><span style=\"font-weight: 400;\"> debido a m\u00faltiples factores: falta de concienciaci\u00f3n de las familias y la comunidad sobre la importancia de la educaci\u00f3n para ellas y su entorno, la ausencia de recursos econ\u00f3micos para hacer frente a la matr\u00edcula o los embarazos precoces, entre otros.\u00a0<\/span><\/p>\n<p><span style=\"font-weight: 400;\">\u201cTiempo atr\u00e1s, antes de inscribirme a este programa, no ten\u00eda esperanzas de poder volver a la escuela o seguir con mi educaci\u00f3n secundaria, pero despu\u00e9s de inscribirme al programa volv\u00ed a tener esperanzas de seguir con mis estudios\u201d, cuenta una de las ni\u00f1as participantes del proyecto.\u00a0<\/span><\/p>\n<p><iframe loading=\"lazy\" title=\"La LUZ de las NI\u00d1AS en Kenia: la salud menstrual es un derecho\" width=\"500\" height=\"281\" src=\"https:\/\/www.youtube.com\/embed\/yz6qE6S2uLs?feature=oembed\" frameborder=\"0\" allow=\"accelerometer; autoplay; clipboard-write; encrypted-media; gyroscope; picture-in-picture; web-share\" referrerpolicy=\"strict-origin-when-cross-origin\" allowfullscreen><\/iframe><\/p>\n<p>&nbsp;<\/p>\n<p><span style=\"font-weight: 400;\">Cuando las ni\u00f1as acuden a la escuela no suelen contar con recursos como espacios de expresi\u00f3n y escucha. <\/span><b>No es com\u00fan que reciban informaci\u00f3n sobre la pubertad, salud menstrual y reproductiva <\/b><span style=\"font-weight: 400;\">y, algunas de ellas, no tienen acceso a kits higi\u00e9nicos ni compresas. Esta desinformaci\u00f3n sobre la sexualidad, falta de acompa\u00f1amiento durante la pubertad, as\u00ed como la alta exposici\u00f3n a la violencia sexual en el contextos familiar y comunitario tiene como consecuencia unos altos \u00edndices embarazo precoz. Seg\u00fan los \u00faltimos datos disponibles del gobierno de Kenia, <\/span><b>en 2014 un 15% de las ni\u00f1as entre 15 y 19 a\u00f1os ya hab\u00eda dado a luz, y un 3% se encontraba embarazada en el momento de la encuesta<\/b><span style=\"font-weight: 400;\">.\u00a0<\/span><\/p>\n<p><span style=\"font-weight: 400;\">A\u00a0 los m\u00faltiples obst\u00e1culos a los que se enfrentan las ni\u00f1as se a\u00f1aden las consecuencias de la COVID-19. Las familias que viven en la extrema pobreza y en situaci\u00f3n de malnutrici\u00f3n son a\u00fan m\u00e1s vulnerables a los efectos de la pandemia. Para muchas mujeres y ni\u00f1as, las restricciones de movimiento han supuesto una mayor exposici\u00f3n a la violencia y al abuso que se vive en los hogares. <\/span><b>Varias organizaciones de la sociedad civil en Kenia han alertado durante estos meses del aumento en la trata y explotaci\u00f3n sexual de las ni\u00f1as como consecuencia de la pobreza en los hogares<\/b><span style=\"font-weight: 400;\">. En las zonas m\u00e1s empobrecidas de Kenia, se estima que podr\u00eda afectar a un <\/span><b>30% de las ni\u00f1as<\/b><span style=\"font-weight: 400;\">.<\/span><\/p>\n<p><span style=\"font-weight: 400;\">En este sentido, a trav\u00e9s de <\/span><b>La LUZ de las NI\u00d1AS<\/b><span style=\"font-weight: 400;\">, en 2021 <\/span><b>hemos reforzado las acciones de atenci\u00f3n y acompa\u00f1amiento a las ni\u00f1as<\/b><span style=\"font-weight: 400;\"> para lograr que vuelvan a la escuela y evitar el abandono escolar, las visitas a los hogares para hacer un seguimiento de los casos de riesgo, as\u00ed como el apoyo a las j\u00f3venes madres adolescentes para mejorar sus capacitaci\u00f3n e inserci\u00f3n socioecon\u00f3mica. Adem\u00e1s, trabajamos esta tem\u00e1tica en Chad, Rep\u00fablica Democr\u00e1tica del Congo, Rep\u00fablica Centroafricana y Sud\u00e1n, junto con nuestras organizaciones socias Fe y Alegr\u00eda y el Servicio Jesuita a Refugiados.\u00a0<\/span><span style=\"font-weight: 400;\">Ante este nuevo contexto<\/span><b>, desde Entreculturas continuamos trabajando para hacer de la escuela un espacio seguro <\/b><span style=\"font-weight: 400;\">en el que las ni\u00f1as puedan sentirse libres y donde su menstruaci\u00f3n no sea un obst\u00e1culo m\u00e1s para continuar con educaci\u00f3n.<\/span><\/p>\n","protected":false},"excerpt":{"rendered":"<p>Acabar con el estigma y la discriminaci\u00f3n que rodea a la mesntruaci\u00f3n requiere de un fuerte trabajo de toda la comunidad y, por eso, desde La LUZ de las NI\u00d1AS, trabajamos para reivindicar la salud e higiene menstrual como un derecho humano de todas las ni\u00f1as y adolescentes. En Kenia, y en muchos otros pa\u00edses del mundo, las ni\u00f1as dejan de asistir a la escuela los d\u00edas que tienen la menstruaci\u00f3n, lo que perjudica su educaci\u00f3n y vulnera sus derechos, ya que a menudo las obliga a permanecer en casa y abandonar sus actividades diarias. Esta discriminaci\u00f3n hacia las ni\u00f1as tiene origen en el estigma social que rodea a la menstruaci\u00f3n y tambi\u00e9n se debe a que, a menudo, no tienen acceso a productos de higiene personal, a instalaciones sanitarias adecuadas, as\u00ed como a una educaci\u00f3n sexual que les d\u00e9 la informaci\u00f3n y el acompa\u00f1amiento que necesitan. Como consecuencia de [&hellip;]<\/p>\n","protected":false},"featured_media":692,"template":"wp-custom-template-noticias-la-luz-de-las-ninas-2","meta":{"_acf_changed":false},"categories":[7],"tags":[],"class_list":["post-691","xxx","type-xxx","status-publish","has-post-thumbnail","hentry","category-noticia"],"acf":[],"yoast_head":"<!-- This site is optimized with the Yoast SEO Premium plugin v21.6 (Yoast SEO v27.5) - https:\/\/yoast.com\/product\/yoast-seo-premium-wordpress\/ -->\n<title>LA LUZ DE LAS NI\u00d1AS EN KENIA: LA SALUD MENSTRUAL ES UN DERECHO - Entreculturas<\/title>\n<meta name=\"robots\" content=\"index, follow, max-snippet:-1, max-image-preview:large, max-video-preview:-1\" \/>\n<link rel=\"canonical\" href=\"https:\/\/www.entreculturas.org\/gl\/la-luz-de-las-ninas\/noticia\/la-luz-de-las-ninas-en-kenia-la-salud-menstrual-es-un-derecho\/\" \/>\n<meta property=\"og:locale\" content=\"gl_ES\" \/>\n<meta property=\"og:type\" content=\"article\" \/>\n<meta property=\"og:title\" content=\"LA LUZ DE LAS NI\u00d1AS EN KENIA: LA SALUD MENSTRUAL ES UN DERECHO\" \/>\n<meta property=\"og:description\" content=\"Acabar con el estigma y la discriminaci\u00f3n que rodea a la mesntruaci\u00f3n requiere de un fuerte trabajo de toda la comunidad y, por eso, desde La LUZ de las NI\u00d1AS, trabajamos para reivindicar la salud e higiene menstrual como un derecho humano de todas las ni\u00f1as y adolescentes. En Kenia, y en muchos otros pa\u00edses del mundo, las ni\u00f1as dejan de asistir a la escuela los d\u00edas que tienen la menstruaci\u00f3n, lo que perjudica su educaci\u00f3n y vulnera sus derechos, ya que a menudo las obliga a permanecer en casa y abandonar sus actividades diarias. Esta discriminaci\u00f3n hacia las ni\u00f1as tiene origen en el estigma social que rodea a la menstruaci\u00f3n y tambi\u00e9n se debe a que, a menudo, no tienen acceso a productos de higiene personal, a instalaciones sanitarias adecuadas, as\u00ed como a una educaci\u00f3n sexual que les d\u00e9 la informaci\u00f3n y el acompa\u00f1amiento que necesitan. Como consecuencia de [&hellip;]\" \/>\n<meta property=\"og:url\" content=\"https:\/\/www.entreculturas.org\/gl\/la-luz-de-las-ninas\/noticia\/la-luz-de-las-ninas-en-kenia-la-salud-menstrual-es-un-derecho\/\" \/>\n<meta property=\"og:site_name\" content=\"Entreculturas\" \/>\n<meta property=\"article:publisher\" content=\"https:\/\/www.facebook.com\/entreculturas\" \/>\n<meta property=\"article:modified_time\" content=\"2024-09-19T16:47:17+00:00\" \/>\n<meta property=\"og:image\" content=\"https:\/\/www.entreculturas.org\/wp-content\/uploads\/2021\/05\/South-Sudan___Nimule___Loa-Secondary-School___sanitary-kits-__SergiC__mara___Entreculturas___JRS18-scaled-1.jpg\" \/>\n\t<meta property=\"og:image:width\" content=\"2560\" \/>\n\t<meta property=\"og:image:height\" content=\"1707\" \/>\n\t<meta property=\"og:image:type\" content=\"image\/jpeg\" \/>\n<meta name=\"twitter:card\" content=\"summary_large_image\" \/>\n<meta name=\"twitter:site\" content=\"@Entreculturas\" \/>\n<script type=\"application\/ld+json\" class=\"yoast-schema-graph\">{\"@context\":\"https:\\\/\\\/schema.org\",\"@graph\":[{\"@type\":\"WebPage\",\"@id\":\"https:\\\/\\\/www.entreculturas.org\\\/gl\\\/la-luz-de-las-ninas\\\/noticia\\\/la-luz-de-las-ninas-en-kenia-la-salud-menstrual-es-un-derecho\\\/\",\"url\":\"https:\\\/\\\/www.entreculturas.org\\\/gl\\\/la-luz-de-las-ninas\\\/noticia\\\/la-luz-de-las-ninas-en-kenia-la-salud-menstrual-es-un-derecho\\\/\",\"name\":\"LA LUZ DE LAS NI\u00d1AS EN KENIA: LA SALUD MENSTRUAL ES UN DERECHO - Entreculturas\",\"isPartOf\":{\"@id\":\"https:\\\/\\\/www.entreculturas.org\\\/gl\\\/#website\"},\"primaryImageOfPage\":{\"@id\":\"https:\\\/\\\/www.entreculturas.org\\\/gl\\\/la-luz-de-las-ninas\\\/noticia\\\/la-luz-de-las-ninas-en-kenia-la-salud-menstrual-es-un-derecho\\\/#primaryimage\"},\"image\":{\"@id\":\"https:\\\/\\\/www.entreculturas.org\\\/gl\\\/la-luz-de-las-ninas\\\/noticia\\\/la-luz-de-las-ninas-en-kenia-la-salud-menstrual-es-un-derecho\\\/#primaryimage\"},\"thumbnailUrl\":\"https:\\\/\\\/www.entreculturas.org\\\/wp-content\\\/uploads\\\/2021\\\/05\\\/South-Sudan___Nimule___Loa-Secondary-School___sanitary-kits-__SergiC__mara___Entreculturas___JRS18-scaled-1.jpg\",\"datePublished\":\"2021-05-26T08:10:34+00:00\",\"dateModified\":\"2024-09-19T16:47:17+00:00\",\"breadcrumb\":{\"@id\":\"https:\\\/\\\/www.entreculturas.org\\\/gl\\\/la-luz-de-las-ninas\\\/noticia\\\/la-luz-de-las-ninas-en-kenia-la-salud-menstrual-es-un-derecho\\\/#breadcrumb\"},\"inLanguage\":\"gl-ES\",\"potentialAction\":[{\"@type\":\"ReadAction\",\"target\":[\"https:\\\/\\\/www.entreculturas.org\\\/gl\\\/la-luz-de-las-ninas\\\/noticia\\\/la-luz-de-las-ninas-en-kenia-la-salud-menstrual-es-un-derecho\\\/\"]}]},{\"@type\":\"ImageObject\",\"inLanguage\":\"gl-ES\",\"@id\":\"https:\\\/\\\/www.entreculturas.org\\\/gl\\\/la-luz-de-las-ninas\\\/noticia\\\/la-luz-de-las-ninas-en-kenia-la-salud-menstrual-es-un-derecho\\\/#primaryimage\",\"url\":\"https:\\\/\\\/www.entreculturas.org\\\/wp-content\\\/uploads\\\/2021\\\/05\\\/South-Sudan___Nimule___Loa-Secondary-School___sanitary-kits-__SergiC__mara___Entreculturas___JRS18-scaled-1.jpg\",\"contentUrl\":\"https:\\\/\\\/www.entreculturas.org\\\/wp-content\\\/uploads\\\/2021\\\/05\\\/South-Sudan___Nimule___Loa-Secondary-School___sanitary-kits-__SergiC__mara___Entreculturas___JRS18-scaled-1.jpg\",\"width\":2560,\"height\":1707},{\"@type\":\"BreadcrumbList\",\"@id\":\"https:\\\/\\\/www.entreculturas.org\\\/gl\\\/la-luz-de-las-ninas\\\/noticia\\\/la-luz-de-las-ninas-en-kenia-la-salud-menstrual-es-un-derecho\\\/#breadcrumb\",\"itemListElement\":[{\"@type\":\"ListItem\",\"position\":1,\"name\":\"Home\",\"item\":\"https:\\\/\\\/www.entreculturas.org\\\/gl\\\/\"},{\"@type\":\"ListItem\",\"position\":2,\"name\":\"Noticias LLDLN\",\"item\":\"https:\\\/\\\/www.entreculturas.org\\\/gl\\\/noticias-la-luz-de-las-ninas\\\/\"},{\"@type\":\"ListItem\",\"position\":3,\"name\":\"LA LUZ DE LAS NI\u00d1AS EN KENIA: LA SALUD MENSTRUAL ES UN DERECHO\"}]},{\"@type\":\"WebSite\",\"@id\":\"https:\\\/\\\/www.entreculturas.org\\\/gl\\\/#website\",\"url\":\"https:\\\/\\\/www.entreculturas.org\\\/gl\\\/\",\"name\":\"Entreculturas\",\"description\":\"\",\"publisher\":{\"@id\":\"https:\\\/\\\/www.entreculturas.org\\\/gl\\\/#organization\"},\"alternateName\":\"Entreculturas\",\"potentialAction\":[{\"@type\":\"SearchAction\",\"target\":{\"@type\":\"EntryPoint\",\"urlTemplate\":\"https:\\\/\\\/www.entreculturas.org\\\/gl\\\/?s={search_term_string}\"},\"query-input\":{\"@type\":\"PropertyValueSpecification\",\"valueRequired\":true,\"valueName\":\"search_term_string\"}}],\"inLanguage\":\"gl-ES\"},{\"@type\":\"Organization\",\"@id\":\"https:\\\/\\\/www.entreculturas.org\\\/gl\\\/#organization\",\"name\":\"Entreculturas\",\"url\":\"https:\\\/\\\/www.entreculturas.org\\\/gl\\\/\",\"logo\":{\"@type\":\"ImageObject\",\"inLanguage\":\"gl-ES\",\"@id\":\"https:\\\/\\\/www.entreculturas.org\\\/gl\\\/#\\\/schema\\\/logo\\\/image\\\/\",\"url\":\"https:\\\/\\\/www.entreculturas.org\\\/wp-content\\\/uploads\\\/2025\\\/10\\\/ESP.svg\",\"contentUrl\":\"https:\\\/\\\/www.entreculturas.org\\\/wp-content\\\/uploads\\\/2025\\\/10\\\/ESP.svg\",\"caption\":\"Entreculturas\"},\"image\":{\"@id\":\"https:\\\/\\\/www.entreculturas.org\\\/gl\\\/#\\\/schema\\\/logo\\\/image\\\/\"},\"sameAs\":[\"https:\\\/\\\/www.facebook.com\\\/entreculturas\",\"https:\\\/\\\/x.com\\\/Entreculturas\",\"https:\\\/\\\/www.instagram.com\\\/entreculturas\\\/\",\"https:\\\/\\\/www.youtube.com\\\/user\\\/entreculturasvideo\",\"https:\\\/\\\/www.linkedin.com\\\/company\\\/fundacion-entreculturas-ngdo\\\/\",\"https:\\\/\\\/www.flickr.com\\\/photos\\\/98455522@N04\\\/albums\\\/\"]}]}<\/script>\n<!-- \/ Yoast SEO Premium plugin. -->","yoast_head_json":{"title":"LA LUZ DE LAS NI\u00d1AS EN KENIA: LA SALUD MENSTRUAL ES UN DERECHO - Entreculturas","robots":{"index":"index","follow":"follow","max-snippet":"max-snippet:-1","max-image-preview":"max-image-preview:large","max-video-preview":"max-video-preview:-1"},"canonical":"https:\/\/www.entreculturas.org\/gl\/la-luz-de-las-ninas\/noticia\/la-luz-de-las-ninas-en-kenia-la-salud-menstrual-es-un-derecho\/","og_locale":"gl_ES","og_type":"article","og_title":"LA LUZ DE LAS NI\u00d1AS EN KENIA: LA SALUD MENSTRUAL ES UN DERECHO","og_description":"Acabar con el estigma y la discriminaci\u00f3n que rodea a la mesntruaci\u00f3n requiere de un fuerte trabajo de toda la comunidad y, por eso, desde La LUZ de las NI\u00d1AS, trabajamos para reivindicar la salud e higiene menstrual como un derecho humano de todas las ni\u00f1as y adolescentes. En Kenia, y en muchos otros pa\u00edses del mundo, las ni\u00f1as dejan de asistir a la escuela los d\u00edas que tienen la menstruaci\u00f3n, lo que perjudica su educaci\u00f3n y vulnera sus derechos, ya que a menudo las obliga a permanecer en casa y abandonar sus actividades diarias. Esta discriminaci\u00f3n hacia las ni\u00f1as tiene origen en el estigma social que rodea a la menstruaci\u00f3n y tambi\u00e9n se debe a que, a menudo, no tienen acceso a productos de higiene personal, a instalaciones sanitarias adecuadas, as\u00ed como a una educaci\u00f3n sexual que les d\u00e9 la informaci\u00f3n y el acompa\u00f1amiento que necesitan. Como consecuencia de [&hellip;]","og_url":"https:\/\/www.entreculturas.org\/gl\/la-luz-de-las-ninas\/noticia\/la-luz-de-las-ninas-en-kenia-la-salud-menstrual-es-un-derecho\/","og_site_name":"Entreculturas","article_publisher":"https:\/\/www.facebook.com\/entreculturas","article_modified_time":"2024-09-19T16:47:17+00:00","og_image":[{"width":2560,"height":1707,"url":"https:\/\/www.entreculturas.org\/wp-content\/uploads\/2021\/05\/South-Sudan___Nimule___Loa-Secondary-School___sanitary-kits-__SergiC__mara___Entreculturas___JRS18-scaled-1.jpg","type":"image\/jpeg"}],"twitter_card":"summary_large_image","twitter_site":"@Entreculturas","schema":{"@context":"https:\/\/schema.org","@graph":[{"@type":"WebPage","@id":"https:\/\/www.entreculturas.org\/gl\/la-luz-de-las-ninas\/noticia\/la-luz-de-las-ninas-en-kenia-la-salud-menstrual-es-un-derecho\/","url":"https:\/\/www.entreculturas.org\/gl\/la-luz-de-las-ninas\/noticia\/la-luz-de-las-ninas-en-kenia-la-salud-menstrual-es-un-derecho\/","name":"LA LUZ DE LAS NI\u00d1AS EN KENIA: LA SALUD MENSTRUAL ES UN DERECHO - Entreculturas","isPartOf":{"@id":"https:\/\/www.entreculturas.org\/gl\/#website"},"primaryImageOfPage":{"@id":"https:\/\/www.entreculturas.org\/gl\/la-luz-de-las-ninas\/noticia\/la-luz-de-las-ninas-en-kenia-la-salud-menstrual-es-un-derecho\/#primaryimage"},"image":{"@id":"https:\/\/www.entreculturas.org\/gl\/la-luz-de-las-ninas\/noticia\/la-luz-de-las-ninas-en-kenia-la-salud-menstrual-es-un-derecho\/#primaryimage"},"thumbnailUrl":"https:\/\/www.entreculturas.org\/wp-content\/uploads\/2021\/05\/South-Sudan___Nimule___Loa-Secondary-School___sanitary-kits-__SergiC__mara___Entreculturas___JRS18-scaled-1.jpg","datePublished":"2021-05-26T08:10:34+00:00","dateModified":"2024-09-19T16:47:17+00:00","breadcrumb":{"@id":"https:\/\/www.entreculturas.org\/gl\/la-luz-de-las-ninas\/noticia\/la-luz-de-las-ninas-en-kenia-la-salud-menstrual-es-un-derecho\/#breadcrumb"},"inLanguage":"gl-ES","potentialAction":[{"@type":"ReadAction","target":["https:\/\/www.entreculturas.org\/gl\/la-luz-de-las-ninas\/noticia\/la-luz-de-las-ninas-en-kenia-la-salud-menstrual-es-un-derecho\/"]}]},{"@type":"ImageObject","inLanguage":"gl-ES","@id":"https:\/\/www.entreculturas.org\/gl\/la-luz-de-las-ninas\/noticia\/la-luz-de-las-ninas-en-kenia-la-salud-menstrual-es-un-derecho\/#primaryimage","url":"https:\/\/www.entreculturas.org\/wp-content\/uploads\/2021\/05\/South-Sudan___Nimule___Loa-Secondary-School___sanitary-kits-__SergiC__mara___Entreculturas___JRS18-scaled-1.jpg","contentUrl":"https:\/\/www.entreculturas.org\/wp-content\/uploads\/2021\/05\/South-Sudan___Nimule___Loa-Secondary-School___sanitary-kits-__SergiC__mara___Entreculturas___JRS18-scaled-1.jpg","width":2560,"height":1707},{"@type":"BreadcrumbList","@id":"https:\/\/www.entreculturas.org\/gl\/la-luz-de-las-ninas\/noticia\/la-luz-de-las-ninas-en-kenia-la-salud-menstrual-es-un-derecho\/#breadcrumb","itemListElement":[{"@type":"ListItem","position":1,"name":"Home","item":"https:\/\/www.entreculturas.org\/gl\/"},{"@type":"ListItem","position":2,"name":"Noticias LLDLN","item":"https:\/\/www.entreculturas.org\/gl\/noticias-la-luz-de-las-ninas\/"},{"@type":"ListItem","position":3,"name":"LA LUZ DE LAS NI\u00d1AS EN KENIA: LA SALUD MENSTRUAL ES UN DERECHO"}]},{"@type":"WebSite","@id":"https:\/\/www.entreculturas.org\/gl\/#website","url":"https:\/\/www.entreculturas.org\/gl\/","name":"Entreculturas","description":"","publisher":{"@id":"https:\/\/www.entreculturas.org\/gl\/#organization"},"alternateName":"Entreculturas","potentialAction":[{"@type":"SearchAction","target":{"@type":"EntryPoint","urlTemplate":"https:\/\/www.entreculturas.org\/gl\/?s={search_term_string}"},"query-input":{"@type":"PropertyValueSpecification","valueRequired":true,"valueName":"search_term_string"}}],"inLanguage":"gl-ES"},{"@type":"Organization","@id":"https:\/\/www.entreculturas.org\/gl\/#organization","name":"Entreculturas","url":"https:\/\/www.entreculturas.org\/gl\/","logo":{"@type":"ImageObject","inLanguage":"gl-ES","@id":"https:\/\/www.entreculturas.org\/gl\/#\/schema\/logo\/image\/","url":"https:\/\/www.entreculturas.org\/wp-content\/uploads\/2025\/10\/ESP.svg","contentUrl":"https:\/\/www.entreculturas.org\/wp-content\/uploads\/2025\/10\/ESP.svg","caption":"Entreculturas"},"image":{"@id":"https:\/\/www.entreculturas.org\/gl\/#\/schema\/logo\/image\/"},"sameAs":["https:\/\/www.facebook.com\/entreculturas","https:\/\/x.com\/Entreculturas","https:\/\/www.instagram.com\/entreculturas\/","https:\/\/www.youtube.com\/user\/entreculturasvideo","https:\/\/www.linkedin.com\/company\/fundacion-entreculturas-ngdo\/","https:\/\/www.flickr.com\/photos\/98455522@N04\/albums\/"]}]}},"_links":{"self":[{"href":"https:\/\/www.entreculturas.org\/gl\/wp-json\/wp\/v2\/xxx\/691","targetHints":{"allow":["GET"]}}],"collection":[{"href":"https:\/\/www.entreculturas.org\/gl\/wp-json\/wp\/v2\/xxx"}],"about":[{"href":"https:\/\/www.entreculturas.org\/gl\/wp-json\/wp\/v2\/types\/xxx"}],"wp:featuredmedia":[{"embeddable":true,"href":"https:\/\/www.entreculturas.org\/gl\/wp-json\/wp\/v2\/media\/692"}],"wp:attachment":[{"href":"https:\/\/www.entreculturas.org\/gl\/wp-json\/wp\/v2\/media?parent=691"}],"wp:term":[{"taxonomy":"category","embeddable":true,"href":"https:\/\/www.entreculturas.org\/gl\/wp-json\/wp\/v2\/categories?post=691"},{"taxonomy":"post_tag","embeddable":true,"href":"https:\/\/www.entreculturas.org\/gl\/wp-json\/wp\/v2\/tags?post=691"}],"curies":[{"name":"wp","href":"https:\/\/api.w.org\/{rel}","templated":true}]}}