{"id":652,"date":"2021-02-04T00:19:16","date_gmt":"2021-02-03T23:19:16","guid":{"rendered":"https:\/\/www.entreculturas.org\/?post_type=xxx&#038;p=652"},"modified":"2024-09-19T18:45:07","modified_gmt":"2024-09-19T16:45:07","slug":"mutilacion-genital-femenina-no-es-tradicion-es-tortura","status":"publish","type":"xxx","link":"https:\/\/www.entreculturas.org\/gl\/la-luz-de-las-ninas\/noticia\/mutilacion-genital-femenina-no-es-tradicion-es-tortura\/","title":{"rendered":"Mutilaci\u00f3n Genital Femenina: no es tradici\u00f3n, es tortura"},"content":{"rendered":"<p><span style=\"font-weight: 400;\">El 6 de febrero conmemoramos el <\/span><b>D\u00eda Internacional de Tolerancia Cero con la Mutilaci\u00f3n Genital Femenina<\/b><span style=\"font-weight: 400;\">. Seg\u00fan los \u00faltimos datos, <\/span><b>m\u00e1s de 200 millones de ni\u00f1as en el mundo han sido mutiladas.\u00a0<\/b><\/p>\n<p><span style=\"font-weight: 400;\">La pandemia global del Covid-19 est\u00e1 frenando los avances relativos a la protecci\u00f3n de las ni\u00f1as y a la eliminaci\u00f3n de pr\u00e1cticas da\u00f1inas, como el matrimonio infantil, precoz y forzado y la mutilaci\u00f3n genital femenina.<\/span> <span style=\"font-weight: 400;\">Seg\u00fan UNESCO, se estima que, en los pr\u00f3ximos a\u00f1os, <\/span><b>se producir\u00e1n un total de 2 millones de mutilaciones adicionales.<\/b><\/p>\n<p><span style=\"font-weight: 400;\">A trav\u00e9s de <strong>La Luz de las\u00a0 Ni\u00f1as<\/strong>, junto con nuestras organizaciones socias el Servicio Jesuita a Refugiados y Fe y Alegr\u00eda, trabajamos en los diferentes pa\u00edses sensibilizando a la comunidad, a trav\u00e9s de la educaci\u00f3n, para cambiar actitudes y creencias que generan violencia contra las ni\u00f1as y mujeres y concienciar sobre las graves consecuencias de estas pr\u00e1cticas da\u00f1inas.\u00a0<\/span><\/p>\n<p><span style=\"font-weight: 400;\">En la regi\u00f3n de Gu\u00e9ra, en Chad, el programa La Luz de las Ni\u00f1as est\u00e1 siendo clave para garantizar el respeto por los derechos de las ni\u00f1as, <\/span><b>para hacer de la escuela un espacio de aprendizaje para ellas <\/b><span style=\"font-weight: 400;\">y reforzar su papel en el desarrollo comunitario. <\/span><b>Gu\u00e9ra<\/b><span style=\"font-weight: 400;\"> es una de las zonas con los \u00edndices m\u00e1s altos de mutilaci\u00f3n genital femenina, ya que <\/span><b>en la regi\u00f3n el 90% de las mujeres han sido mutiladas.\u00a0<\/b><\/p>\n<p><span style=\"font-weight: 400;\">Erbye Deepe es monitora comunitaria de Fe y Alegr\u00eda Chad en Mongo, capital de la regi\u00f3n.<\/span><\/p>\n<p><strong>\u201cPienso que la mutilaci\u00f3n genital femenina es una forma de tortura, pues se hace contra la voluntad de las ni\u00f1as y les causa gran da\u00f1o. La educaci\u00f3n es importante en la lucha contra la mutilaci\u00f3n genital femenina porque permite a las ni\u00f1as conocer sus derechos, sus responsabilidades y su importancia en la sociedad\u201d.\u00a0<\/strong><\/p>\n<p><iframe loading=\"lazy\" title=\"&quot;La mutilaci\u00f3n genital femenina es una forma de tortura&quot;, Erbye Deepe\" width=\"500\" height=\"281\" src=\"https:\/\/www.youtube.com\/embed\/E6bAfsDk_a4?feature=oembed\" frameborder=\"0\" allow=\"accelerometer; autoplay; clipboard-write; encrypted-media; gyroscope; picture-in-picture; web-share\" referrerpolicy=\"strict-origin-when-cross-origin\" allowfullscreen><\/iframe><\/p>\n<p><b>Gracias al programa, hasta el 2019, la escolarizaci\u00f3n de las ni\u00f1as en Gu\u00e9ra ha aumentado aproximadamente en un 3%-4% cada a\u00f1o<\/b><span style=\"font-weight: 400;\"> y se ha logrado reducir el abandono escolar. Los espacios de formaci\u00f3n en salud sexual e higiene menstrual, adem\u00e1s de capacitar a ni\u00f1as y mujeres, han permitido que se hable de temas como la pubertad, la menstruaci\u00f3no la mutilaci\u00f3n genital femenina, algo que hasta ahora era completamente tab\u00fa.<\/span><b> Poco a poco y gracias a las distintas actividades, las ni\u00f1as est\u00e1n tomando un papel cada vez m\u00e1s relevante en las escuelas, siendo conscientes de sus derechos.\u00a0<\/b><\/p>\n<p><span style=\"font-weight: 400;\">Desde Entreculturas, queremos expresar nuestra preocupaci\u00f3n y reivindicar la necesaria erradicaci\u00f3n de este tipo de tortura.\u00a0 Preocupaci\u00f3n que compartimos tambi\u00e9n a trav\u00e9s de la <\/span><b>coalici\u00f3n NO QUIERO<\/b><span style=\"font-weight: 400;\">, de la que formamos parte junto con Amnist\u00eda Internacional, Save the Children y Mundo Cooperante, con el objetivo de que las ni\u00f1as\u00a0 puedan crecer libres de violencia. <\/span><\/p>\n\n\n<p><\/p>\n","protected":false},"excerpt":{"rendered":"<p>El 6 de febrero conmemoramos el D\u00eda Internacional de Tolerancia Cero con la Mutilaci\u00f3n Genital Femenina. Seg\u00fan los \u00faltimos datos, m\u00e1s de 200 millones de ni\u00f1as en el mundo han sido mutiladas.\u00a0 La pandemia global del Covid-19 est\u00e1 frenando los avances relativos a la protecci\u00f3n de las ni\u00f1as y a la eliminaci\u00f3n de pr\u00e1cticas da\u00f1inas, como el matrimonio infantil, precoz y forzado y la mutilaci\u00f3n genital femenina. Seg\u00fan UNESCO, se estima que, en los pr\u00f3ximos a\u00f1os, se producir\u00e1n un total de 2 millones de mutilaciones adicionales. A trav\u00e9s de La Luz de las\u00a0 Ni\u00f1as, junto con nuestras organizaciones socias el Servicio Jesuita a Refugiados y Fe y Alegr\u00eda, trabajamos en los diferentes pa\u00edses sensibilizando a la comunidad, a trav\u00e9s de la educaci\u00f3n, para cambiar actitudes y creencias que generan violencia contra las ni\u00f1as y mujeres y concienciar sobre las graves consecuencias de estas pr\u00e1cticas da\u00f1inas.\u00a0 En la regi\u00f3n de Gu\u00e9ra, [&hellip;]<\/p>\n","protected":false},"featured_media":656,"template":"wp-custom-template-noticias-la-luz-de-las-ninas-2","meta":{"_acf_changed":false},"categories":[7],"tags":[],"class_list":["post-652","xxx","type-xxx","status-publish","has-post-thumbnail","hentry","category-noticia"],"acf":[],"yoast_head":"<!-- This site is optimized with the Yoast SEO Premium plugin v21.6 (Yoast SEO v27.5) - https:\/\/yoast.com\/product\/yoast-seo-premium-wordpress\/ -->\n<title>Mutilaci\u00f3n Genital Femenina: no es tradici\u00f3n, es tortura - Entreculturas<\/title>\n<meta name=\"robots\" content=\"index, follow, max-snippet:-1, max-image-preview:large, max-video-preview:-1\" \/>\n<link rel=\"canonical\" href=\"https:\/\/www.entreculturas.org\/gl\/la-luz-de-las-ninas\/noticia\/mutilacion-genital-femenina-no-es-tradicion-es-tortura\/\" \/>\n<meta property=\"og:locale\" content=\"gl_ES\" \/>\n<meta property=\"og:type\" content=\"article\" \/>\n<meta property=\"og:title\" content=\"Mutilaci\u00f3n Genital Femenina: no es tradici\u00f3n, es tortura\" \/>\n<meta property=\"og:description\" content=\"El 6 de febrero conmemoramos el D\u00eda Internacional de Tolerancia Cero con la Mutilaci\u00f3n Genital Femenina. Seg\u00fan los \u00faltimos datos, m\u00e1s de 200 millones de ni\u00f1as en el mundo han sido mutiladas.\u00a0 La pandemia global del Covid-19 est\u00e1 frenando los avances relativos a la protecci\u00f3n de las ni\u00f1as y a la eliminaci\u00f3n de pr\u00e1cticas da\u00f1inas, como el matrimonio infantil, precoz y forzado y la mutilaci\u00f3n genital femenina. Seg\u00fan UNESCO, se estima que, en los pr\u00f3ximos a\u00f1os, se producir\u00e1n un total de 2 millones de mutilaciones adicionales. A trav\u00e9s de La Luz de las\u00a0 Ni\u00f1as, junto con nuestras organizaciones socias el Servicio Jesuita a Refugiados y Fe y Alegr\u00eda, trabajamos en los diferentes pa\u00edses sensibilizando a la comunidad, a trav\u00e9s de la educaci\u00f3n, para cambiar actitudes y creencias que generan violencia contra las ni\u00f1as y mujeres y concienciar sobre las graves consecuencias de estas pr\u00e1cticas da\u00f1inas.\u00a0 En la regi\u00f3n de Gu\u00e9ra, [&hellip;]\" \/>\n<meta property=\"og:url\" content=\"https:\/\/www.entreculturas.org\/gl\/la-luz-de-las-ninas\/noticia\/mutilacion-genital-femenina-no-es-tradicion-es-tortura\/\" \/>\n<meta property=\"og:site_name\" content=\"Entreculturas\" \/>\n<meta property=\"article:publisher\" content=\"https:\/\/www.facebook.com\/entreculturas\" \/>\n<meta property=\"article:modified_time\" content=\"2024-09-19T16:45:07+00:00\" \/>\n<meta property=\"og:image\" content=\"https:\/\/www.entreculturas.org\/wp-content\/uploads\/2021\/02\/TCD12_2020_1121_Farchana-Filles_Credits-to-Irene-Galera-26-1-scaled-1.jpg\" \/>\n\t<meta property=\"og:image:width\" content=\"2560\" \/>\n\t<meta property=\"og:image:height\" content=\"1442\" \/>\n\t<meta property=\"og:image:type\" content=\"image\/jpeg\" \/>\n<meta name=\"twitter:card\" content=\"summary_large_image\" \/>\n<meta name=\"twitter:site\" content=\"@Entreculturas\" \/>\n<script type=\"application\/ld+json\" class=\"yoast-schema-graph\">{\"@context\":\"https:\\\/\\\/schema.org\",\"@graph\":[{\"@type\":\"WebPage\",\"@id\":\"https:\\\/\\\/www.entreculturas.org\\\/gl\\\/la-luz-de-las-ninas\\\/noticia\\\/mutilacion-genital-femenina-no-es-tradicion-es-tortura\\\/\",\"url\":\"https:\\\/\\\/www.entreculturas.org\\\/gl\\\/la-luz-de-las-ninas\\\/noticia\\\/mutilacion-genital-femenina-no-es-tradicion-es-tortura\\\/\",\"name\":\"Mutilaci\u00f3n Genital Femenina: no es tradici\u00f3n, es tortura - Entreculturas\",\"isPartOf\":{\"@id\":\"https:\\\/\\\/www.entreculturas.org\\\/gl\\\/#website\"},\"primaryImageOfPage\":{\"@id\":\"https:\\\/\\\/www.entreculturas.org\\\/gl\\\/la-luz-de-las-ninas\\\/noticia\\\/mutilacion-genital-femenina-no-es-tradicion-es-tortura\\\/#primaryimage\"},\"image\":{\"@id\":\"https:\\\/\\\/www.entreculturas.org\\\/gl\\\/la-luz-de-las-ninas\\\/noticia\\\/mutilacion-genital-femenina-no-es-tradicion-es-tortura\\\/#primaryimage\"},\"thumbnailUrl\":\"https:\\\/\\\/www.entreculturas.org\\\/wp-content\\\/uploads\\\/2021\\\/02\\\/TCD12_2020_1121_Farchana-Filles_Credits-to-Irene-Galera-26-1-scaled-1.jpg\",\"datePublished\":\"2021-02-03T23:19:16+00:00\",\"dateModified\":\"2024-09-19T16:45:07+00:00\",\"breadcrumb\":{\"@id\":\"https:\\\/\\\/www.entreculturas.org\\\/gl\\\/la-luz-de-las-ninas\\\/noticia\\\/mutilacion-genital-femenina-no-es-tradicion-es-tortura\\\/#breadcrumb\"},\"inLanguage\":\"gl-ES\",\"potentialAction\":[{\"@type\":\"ReadAction\",\"target\":[\"https:\\\/\\\/www.entreculturas.org\\\/gl\\\/la-luz-de-las-ninas\\\/noticia\\\/mutilacion-genital-femenina-no-es-tradicion-es-tortura\\\/\"]}]},{\"@type\":\"ImageObject\",\"inLanguage\":\"gl-ES\",\"@id\":\"https:\\\/\\\/www.entreculturas.org\\\/gl\\\/la-luz-de-las-ninas\\\/noticia\\\/mutilacion-genital-femenina-no-es-tradicion-es-tortura\\\/#primaryimage\",\"url\":\"https:\\\/\\\/www.entreculturas.org\\\/wp-content\\\/uploads\\\/2021\\\/02\\\/TCD12_2020_1121_Farchana-Filles_Credits-to-Irene-Galera-26-1-scaled-1.jpg\",\"contentUrl\":\"https:\\\/\\\/www.entreculturas.org\\\/wp-content\\\/uploads\\\/2021\\\/02\\\/TCD12_2020_1121_Farchana-Filles_Credits-to-Irene-Galera-26-1-scaled-1.jpg\",\"width\":2560,\"height\":1442,\"caption\":\"Photos during a cocreation workshop between Salma Khalil, Chadian artist, and young refugee girls in the forcibly displaced people's site in Farchana refugee camp, Eastern Chad. It's the fifth workshop of a project organised by JRS and Entreculturas within the Luz de las Ni\u00f1as Campaign, aimed to create an illustrated book for children on the reality of the girls in Chad. Credits to Irene Galera\"},{\"@type\":\"BreadcrumbList\",\"@id\":\"https:\\\/\\\/www.entreculturas.org\\\/gl\\\/la-luz-de-las-ninas\\\/noticia\\\/mutilacion-genital-femenina-no-es-tradicion-es-tortura\\\/#breadcrumb\",\"itemListElement\":[{\"@type\":\"ListItem\",\"position\":1,\"name\":\"Home\",\"item\":\"https:\\\/\\\/www.entreculturas.org\\\/gl\\\/\"},{\"@type\":\"ListItem\",\"position\":2,\"name\":\"Noticias LLDLN\",\"item\":\"https:\\\/\\\/www.entreculturas.org\\\/gl\\\/noticias-la-luz-de-las-ninas\\\/\"},{\"@type\":\"ListItem\",\"position\":3,\"name\":\"Mutilaci\u00f3n Genital Femenina: no es tradici\u00f3n, es tortura\"}]},{\"@type\":\"WebSite\",\"@id\":\"https:\\\/\\\/www.entreculturas.org\\\/gl\\\/#website\",\"url\":\"https:\\\/\\\/www.entreculturas.org\\\/gl\\\/\",\"name\":\"Entreculturas\",\"description\":\"\",\"publisher\":{\"@id\":\"https:\\\/\\\/www.entreculturas.org\\\/gl\\\/#organization\"},\"alternateName\":\"Entreculturas\",\"potentialAction\":[{\"@type\":\"SearchAction\",\"target\":{\"@type\":\"EntryPoint\",\"urlTemplate\":\"https:\\\/\\\/www.entreculturas.org\\\/gl\\\/?s={search_term_string}\"},\"query-input\":{\"@type\":\"PropertyValueSpecification\",\"valueRequired\":true,\"valueName\":\"search_term_string\"}}],\"inLanguage\":\"gl-ES\"},{\"@type\":\"Organization\",\"@id\":\"https:\\\/\\\/www.entreculturas.org\\\/gl\\\/#organization\",\"name\":\"Entreculturas\",\"url\":\"https:\\\/\\\/www.entreculturas.org\\\/gl\\\/\",\"logo\":{\"@type\":\"ImageObject\",\"inLanguage\":\"gl-ES\",\"@id\":\"https:\\\/\\\/www.entreculturas.org\\\/gl\\\/#\\\/schema\\\/logo\\\/image\\\/\",\"url\":\"https:\\\/\\\/www.entreculturas.org\\\/wp-content\\\/uploads\\\/2025\\\/10\\\/ESP.svg\",\"contentUrl\":\"https:\\\/\\\/www.entreculturas.org\\\/wp-content\\\/uploads\\\/2025\\\/10\\\/ESP.svg\",\"caption\":\"Entreculturas\"},\"image\":{\"@id\":\"https:\\\/\\\/www.entreculturas.org\\\/gl\\\/#\\\/schema\\\/logo\\\/image\\\/\"},\"sameAs\":[\"https:\\\/\\\/www.facebook.com\\\/entreculturas\",\"https:\\\/\\\/x.com\\\/Entreculturas\",\"https:\\\/\\\/www.instagram.com\\\/entreculturas\\\/\",\"https:\\\/\\\/www.youtube.com\\\/user\\\/entreculturasvideo\",\"https:\\\/\\\/www.linkedin.com\\\/company\\\/fundacion-entreculturas-ngdo\\\/\",\"https:\\\/\\\/www.flickr.com\\\/photos\\\/98455522@N04\\\/albums\\\/\"]}]}<\/script>\n<!-- \/ Yoast SEO Premium plugin. -->","yoast_head_json":{"title":"Mutilaci\u00f3n Genital Femenina: no es tradici\u00f3n, es tortura - Entreculturas","robots":{"index":"index","follow":"follow","max-snippet":"max-snippet:-1","max-image-preview":"max-image-preview:large","max-video-preview":"max-video-preview:-1"},"canonical":"https:\/\/www.entreculturas.org\/gl\/la-luz-de-las-ninas\/noticia\/mutilacion-genital-femenina-no-es-tradicion-es-tortura\/","og_locale":"gl_ES","og_type":"article","og_title":"Mutilaci\u00f3n Genital Femenina: no es tradici\u00f3n, es tortura","og_description":"El 6 de febrero conmemoramos el D\u00eda Internacional de Tolerancia Cero con la Mutilaci\u00f3n Genital Femenina. Seg\u00fan los \u00faltimos datos, m\u00e1s de 200 millones de ni\u00f1as en el mundo han sido mutiladas.\u00a0 La pandemia global del Covid-19 est\u00e1 frenando los avances relativos a la protecci\u00f3n de las ni\u00f1as y a la eliminaci\u00f3n de pr\u00e1cticas da\u00f1inas, como el matrimonio infantil, precoz y forzado y la mutilaci\u00f3n genital femenina. Seg\u00fan UNESCO, se estima que, en los pr\u00f3ximos a\u00f1os, se producir\u00e1n un total de 2 millones de mutilaciones adicionales. A trav\u00e9s de La Luz de las\u00a0 Ni\u00f1as, junto con nuestras organizaciones socias el Servicio Jesuita a Refugiados y Fe y Alegr\u00eda, trabajamos en los diferentes pa\u00edses sensibilizando a la comunidad, a trav\u00e9s de la educaci\u00f3n, para cambiar actitudes y creencias que generan violencia contra las ni\u00f1as y mujeres y concienciar sobre las graves consecuencias de estas pr\u00e1cticas da\u00f1inas.\u00a0 En la regi\u00f3n de Gu\u00e9ra, [&hellip;]","og_url":"https:\/\/www.entreculturas.org\/gl\/la-luz-de-las-ninas\/noticia\/mutilacion-genital-femenina-no-es-tradicion-es-tortura\/","og_site_name":"Entreculturas","article_publisher":"https:\/\/www.facebook.com\/entreculturas","article_modified_time":"2024-09-19T16:45:07+00:00","og_image":[{"width":2560,"height":1442,"url":"https:\/\/www.entreculturas.org\/wp-content\/uploads\/2021\/02\/TCD12_2020_1121_Farchana-Filles_Credits-to-Irene-Galera-26-1-scaled-1.jpg","type":"image\/jpeg"}],"twitter_card":"summary_large_image","twitter_site":"@Entreculturas","schema":{"@context":"https:\/\/schema.org","@graph":[{"@type":"WebPage","@id":"https:\/\/www.entreculturas.org\/gl\/la-luz-de-las-ninas\/noticia\/mutilacion-genital-femenina-no-es-tradicion-es-tortura\/","url":"https:\/\/www.entreculturas.org\/gl\/la-luz-de-las-ninas\/noticia\/mutilacion-genital-femenina-no-es-tradicion-es-tortura\/","name":"Mutilaci\u00f3n Genital Femenina: no es tradici\u00f3n, es tortura - Entreculturas","isPartOf":{"@id":"https:\/\/www.entreculturas.org\/gl\/#website"},"primaryImageOfPage":{"@id":"https:\/\/www.entreculturas.org\/gl\/la-luz-de-las-ninas\/noticia\/mutilacion-genital-femenina-no-es-tradicion-es-tortura\/#primaryimage"},"image":{"@id":"https:\/\/www.entreculturas.org\/gl\/la-luz-de-las-ninas\/noticia\/mutilacion-genital-femenina-no-es-tradicion-es-tortura\/#primaryimage"},"thumbnailUrl":"https:\/\/www.entreculturas.org\/wp-content\/uploads\/2021\/02\/TCD12_2020_1121_Farchana-Filles_Credits-to-Irene-Galera-26-1-scaled-1.jpg","datePublished":"2021-02-03T23:19:16+00:00","dateModified":"2024-09-19T16:45:07+00:00","breadcrumb":{"@id":"https:\/\/www.entreculturas.org\/gl\/la-luz-de-las-ninas\/noticia\/mutilacion-genital-femenina-no-es-tradicion-es-tortura\/#breadcrumb"},"inLanguage":"gl-ES","potentialAction":[{"@type":"ReadAction","target":["https:\/\/www.entreculturas.org\/gl\/la-luz-de-las-ninas\/noticia\/mutilacion-genital-femenina-no-es-tradicion-es-tortura\/"]}]},{"@type":"ImageObject","inLanguage":"gl-ES","@id":"https:\/\/www.entreculturas.org\/gl\/la-luz-de-las-ninas\/noticia\/mutilacion-genital-femenina-no-es-tradicion-es-tortura\/#primaryimage","url":"https:\/\/www.entreculturas.org\/wp-content\/uploads\/2021\/02\/TCD12_2020_1121_Farchana-Filles_Credits-to-Irene-Galera-26-1-scaled-1.jpg","contentUrl":"https:\/\/www.entreculturas.org\/wp-content\/uploads\/2021\/02\/TCD12_2020_1121_Farchana-Filles_Credits-to-Irene-Galera-26-1-scaled-1.jpg","width":2560,"height":1442,"caption":"Photos during a cocreation workshop between Salma Khalil, Chadian artist, and young refugee girls in the forcibly displaced people's site in Farchana refugee camp, Eastern Chad. It's the fifth workshop of a project organised by JRS and Entreculturas within the Luz de las Ni\u00f1as Campaign, aimed to create an illustrated book for children on the reality of the girls in Chad. Credits to Irene Galera"},{"@type":"BreadcrumbList","@id":"https:\/\/www.entreculturas.org\/gl\/la-luz-de-las-ninas\/noticia\/mutilacion-genital-femenina-no-es-tradicion-es-tortura\/#breadcrumb","itemListElement":[{"@type":"ListItem","position":1,"name":"Home","item":"https:\/\/www.entreculturas.org\/gl\/"},{"@type":"ListItem","position":2,"name":"Noticias LLDLN","item":"https:\/\/www.entreculturas.org\/gl\/noticias-la-luz-de-las-ninas\/"},{"@type":"ListItem","position":3,"name":"Mutilaci\u00f3n Genital Femenina: no es tradici\u00f3n, es tortura"}]},{"@type":"WebSite","@id":"https:\/\/www.entreculturas.org\/gl\/#website","url":"https:\/\/www.entreculturas.org\/gl\/","name":"Entreculturas","description":"","publisher":{"@id":"https:\/\/www.entreculturas.org\/gl\/#organization"},"alternateName":"Entreculturas","potentialAction":[{"@type":"SearchAction","target":{"@type":"EntryPoint","urlTemplate":"https:\/\/www.entreculturas.org\/gl\/?s={search_term_string}"},"query-input":{"@type":"PropertyValueSpecification","valueRequired":true,"valueName":"search_term_string"}}],"inLanguage":"gl-ES"},{"@type":"Organization","@id":"https:\/\/www.entreculturas.org\/gl\/#organization","name":"Entreculturas","url":"https:\/\/www.entreculturas.org\/gl\/","logo":{"@type":"ImageObject","inLanguage":"gl-ES","@id":"https:\/\/www.entreculturas.org\/gl\/#\/schema\/logo\/image\/","url":"https:\/\/www.entreculturas.org\/wp-content\/uploads\/2025\/10\/ESP.svg","contentUrl":"https:\/\/www.entreculturas.org\/wp-content\/uploads\/2025\/10\/ESP.svg","caption":"Entreculturas"},"image":{"@id":"https:\/\/www.entreculturas.org\/gl\/#\/schema\/logo\/image\/"},"sameAs":["https:\/\/www.facebook.com\/entreculturas","https:\/\/x.com\/Entreculturas","https:\/\/www.instagram.com\/entreculturas\/","https:\/\/www.youtube.com\/user\/entreculturasvideo","https:\/\/www.linkedin.com\/company\/fundacion-entreculturas-ngdo\/","https:\/\/www.flickr.com\/photos\/98455522@N04\/albums\/"]}]}},"_links":{"self":[{"href":"https:\/\/www.entreculturas.org\/gl\/wp-json\/wp\/v2\/xxx\/652","targetHints":{"allow":["GET"]}}],"collection":[{"href":"https:\/\/www.entreculturas.org\/gl\/wp-json\/wp\/v2\/xxx"}],"about":[{"href":"https:\/\/www.entreculturas.org\/gl\/wp-json\/wp\/v2\/types\/xxx"}],"wp:featuredmedia":[{"embeddable":true,"href":"https:\/\/www.entreculturas.org\/gl\/wp-json\/wp\/v2\/media\/656"}],"wp:attachment":[{"href":"https:\/\/www.entreculturas.org\/gl\/wp-json\/wp\/v2\/media?parent=652"}],"wp:term":[{"taxonomy":"category","embeddable":true,"href":"https:\/\/www.entreculturas.org\/gl\/wp-json\/wp\/v2\/categories?post=652"},{"taxonomy":"post_tag","embeddable":true,"href":"https:\/\/www.entreculturas.org\/gl\/wp-json\/wp\/v2\/tags?post=652"}],"curies":[{"name":"wp","href":"https:\/\/api.w.org\/{rel}","templated":true}]}}