{"id":595,"date":"2020-08-13T13:29:42","date_gmt":"2020-08-13T11:29:42","guid":{"rendered":"https:\/\/www.entreculturas.org\/?post_type=xxx&#038;p=595"},"modified":"2024-09-19T18:38:58","modified_gmt":"2024-09-19T16:38:58","slug":"somalia-ni-un-paso-atras-en-los-derechos-de-las-ninas","status":"publish","type":"xxx","link":"https:\/\/www.entreculturas.org\/gl\/la-luz-de-las-ninas\/noticia\/somalia-ni-un-paso-atras-en-los-derechos-de-las-ninas\/","title":{"rendered":"Somalia: ni un paso atr\u00e1s en los derechos de las ni\u00f1as"},"content":{"rendered":"<p><b>La vida y el futuro de miles de mujeres y ni\u00f1as somal\u00edes est\u00e1 en juego a causa de un nuevo proyecto de ley presentado por el Parlamento de Somalia que vulnera sus derechos fundamentales y <\/b><span style=\"font-weight: 400;\">que, seg\u00fan denuncia la Alta Comisionada de las Naciones Unidas<\/span><b>, Michelle Bachelet,<\/b> <i><span style=\"font-weight: 400;\">\u201cest\u00e1 en riesgo de legimitar el matrimonio infantil, asi como otras pr\u00e1cticas alarmantes, y debe evitarse que sea convertido en ley.\u201d<\/span><\/i><\/p>\n<p><span style=\"font-weight: 400;\">Somalia cuenta con uno de los mayores \u00edndices de violencia contra mujeres y ni\u00f1as de la regi\u00f3n de \u00c1frica del Este. Seg\u00fan Nacionales Unidas, <\/span><b>se estima que un 45% son casadas antes de cumplir los 18 a\u00f1os, mientras que un 98% de las ni\u00f1as y mujeres han sufrido mutilaci\u00f3n genital femenina.\u00a0<\/b><\/p>\n<p><span style=\"font-weight: 400;\">Esta noticia ha generado una reacci\u00f3n en cadena por parte de organizaciones de mujeres y defensoras de los derechos humanos en Somalia, que desde 2018 ven\u00edan esperando la aprobaci\u00f3n de un proyecto de ley sobre violencia sexual que criminaliza los actos de violaci\u00f3n, el matrimonio infantil y trata con fines explotaci\u00f3n sexual, y que estaba pendiente de aprobaci\u00f3n por el parlamento. Con esta ley se esperaba eliminar que las violaciones sexuales fueran consideradas como \u201ccrimen moral\u201d, lo que viene suponiendo una total impunidad para los perpetradores de esta violencia, o lo que es peor, que las ni\u00f1as sean casadas con sus violadores.\u00a0<\/span><\/p>\n<p><span style=\"font-weight: 400;\">Sin embargo, el nuevo proyecto de ley que se ha presentado este pasado s\u00e1bado amenaza, tal y como se\u00f1ala Michelle Bachelet,\u00a0 con dar \u201cun gran paso hacia atr\u00e1s para los derechos de las v\u00edctimas de violencia sexual en Somalia, en particular para mujeres y ni\u00f1as. Enviar\u00eda adem\u00e1s una se\u00f1al preocupante a otros estados de la regi\u00f3n&#8221;.\u00a0 M\u00e1s a\u00fan en un contexto global\u00a0 donde la violencia contra las mujeres y las ni\u00f1as est\u00e1 en aumento, y sus derechos est\u00e1n siendo vulnerados como consecuencias del impacto del COVID-19.<\/span><\/p>\n<p><span style=\"font-weight: 400;\">En este sentido, desde<strong> Entreculturas y la Campa\u00f1a Luz de las Ni\u00f1as, nos unimos a la petici\u00f3n de la Alta Comisionada de Naciones Unidas, y de la sociedad civil Somal\u00ed<\/strong>, dirigida a las autoridades somal\u00edes de \u201cadoptar el proyecto de ley sobre\u00a0 delitos sexuales de 2018<\/span><span style=\"font-weight: 400;\">, respaldado por unanimidad por el Consejo de Ministros, y poner en marcha una estrategia integral y una legislaci\u00f3n eficaz para eliminar las pr\u00e1cticas y los estereotipos de g\u00e9nero nocivos que tienen un impacto negativo desproporcionado sobre las mujeres y las ni\u00f1as \u201d.<\/span><\/p>\n","protected":false},"excerpt":{"rendered":"<p>La vida y el futuro de miles de mujeres y ni\u00f1as somal\u00edes est\u00e1 en juego a causa de un nuevo proyecto de ley presentado por el Parlamento de Somalia que vulnera sus derechos fundamentales y que, seg\u00fan denuncia la Alta Comisionada de las Naciones Unidas, Michelle Bachelet, \u201cest\u00e1 en riesgo de legimitar el matrimonio infantil, asi como otras pr\u00e1cticas alarmantes, y debe evitarse que sea convertido en ley.\u201d Somalia cuenta con uno de los mayores \u00edndices de violencia contra mujeres y ni\u00f1as de la regi\u00f3n de \u00c1frica del Este. Seg\u00fan Nacionales Unidas, se estima que un 45% son casadas antes de cumplir los 18 a\u00f1os, mientras que un 98% de las ni\u00f1as y mujeres han sufrido mutilaci\u00f3n genital femenina.\u00a0 Esta noticia ha generado una reacci\u00f3n en cadena por parte de organizaciones de mujeres y defensoras de los derechos humanos en Somalia, que desde 2018 ven\u00edan esperando la aprobaci\u00f3n de un [&hellip;]<\/p>\n","protected":false},"featured_media":596,"template":"wp-custom-template-noticias-la-luz-de-las-ninas-2","meta":{"_acf_changed":false},"categories":[7],"tags":[],"class_list":["post-595","xxx","type-xxx","status-publish","has-post-thumbnail","hentry","category-noticia"],"acf":[],"yoast_head":"<!-- This site is optimized with the Yoast SEO Premium plugin v21.6 (Yoast SEO v27.5) - https:\/\/yoast.com\/product\/yoast-seo-premium-wordpress\/ -->\n<title>Somalia: ni un paso atr\u00e1s en los derechos de las ni\u00f1as - Entreculturas<\/title>\n<meta name=\"robots\" content=\"index, follow, max-snippet:-1, max-image-preview:large, max-video-preview:-1\" \/>\n<link rel=\"canonical\" href=\"https:\/\/www.entreculturas.org\/gl\/la-luz-de-las-ninas\/noticia\/somalia-ni-un-paso-atras-en-los-derechos-de-las-ninas\/\" \/>\n<meta property=\"og:locale\" content=\"gl_ES\" \/>\n<meta property=\"og:type\" content=\"article\" \/>\n<meta property=\"og:title\" content=\"Somalia: ni un paso atr\u00e1s en los derechos de las ni\u00f1as\" \/>\n<meta property=\"og:description\" content=\"La vida y el futuro de miles de mujeres y ni\u00f1as somal\u00edes est\u00e1 en juego a causa de un nuevo proyecto de ley presentado por el Parlamento de Somalia que vulnera sus derechos fundamentales y que, seg\u00fan denuncia la Alta Comisionada de las Naciones Unidas, Michelle Bachelet, \u201cest\u00e1 en riesgo de legimitar el matrimonio infantil, asi como otras pr\u00e1cticas alarmantes, y debe evitarse que sea convertido en ley.\u201d Somalia cuenta con uno de los mayores \u00edndices de violencia contra mujeres y ni\u00f1as de la regi\u00f3n de \u00c1frica del Este. Seg\u00fan Nacionales Unidas, se estima que un 45% son casadas antes de cumplir los 18 a\u00f1os, mientras que un 98% de las ni\u00f1as y mujeres han sufrido mutilaci\u00f3n genital femenina.\u00a0 Esta noticia ha generado una reacci\u00f3n en cadena por parte de organizaciones de mujeres y defensoras de los derechos humanos en Somalia, que desde 2018 ven\u00edan esperando la aprobaci\u00f3n de un [&hellip;]\" \/>\n<meta property=\"og:url\" content=\"https:\/\/www.entreculturas.org\/gl\/la-luz-de-las-ninas\/noticia\/somalia-ni-un-paso-atras-en-los-derechos-de-las-ninas\/\" \/>\n<meta property=\"og:site_name\" content=\"Entreculturas\" \/>\n<meta property=\"article:publisher\" content=\"https:\/\/www.facebook.com\/entreculturas\" \/>\n<meta property=\"article:modified_time\" content=\"2024-09-19T16:38:58+00:00\" \/>\n<meta property=\"og:image\" content=\"https:\/\/www.entreculturas.org\/wp-content\/uploads\/2020\/08\/somalis-def.jpg\" \/>\n\t<meta property=\"og:image:width\" content=\"500\" \/>\n\t<meta property=\"og:image:height\" content=\"409\" \/>\n\t<meta property=\"og:image:type\" content=\"image\/jpeg\" \/>\n<meta name=\"twitter:card\" content=\"summary_large_image\" \/>\n<meta name=\"twitter:site\" content=\"@Entreculturas\" \/>\n<script type=\"application\/ld+json\" class=\"yoast-schema-graph\">{\"@context\":\"https:\\\/\\\/schema.org\",\"@graph\":[{\"@type\":\"WebPage\",\"@id\":\"https:\\\/\\\/www.entreculturas.org\\\/gl\\\/la-luz-de-las-ninas\\\/noticia\\\/somalia-ni-un-paso-atras-en-los-derechos-de-las-ninas\\\/\",\"url\":\"https:\\\/\\\/www.entreculturas.org\\\/gl\\\/la-luz-de-las-ninas\\\/noticia\\\/somalia-ni-un-paso-atras-en-los-derechos-de-las-ninas\\\/\",\"name\":\"Somalia: ni un paso atr\u00e1s en los derechos de las ni\u00f1as - Entreculturas\",\"isPartOf\":{\"@id\":\"https:\\\/\\\/www.entreculturas.org\\\/gl\\\/#website\"},\"primaryImageOfPage\":{\"@id\":\"https:\\\/\\\/www.entreculturas.org\\\/gl\\\/la-luz-de-las-ninas\\\/noticia\\\/somalia-ni-un-paso-atras-en-los-derechos-de-las-ninas\\\/#primaryimage\"},\"image\":{\"@id\":\"https:\\\/\\\/www.entreculturas.org\\\/gl\\\/la-luz-de-las-ninas\\\/noticia\\\/somalia-ni-un-paso-atras-en-los-derechos-de-las-ninas\\\/#primaryimage\"},\"thumbnailUrl\":\"https:\\\/\\\/www.entreculturas.org\\\/wp-content\\\/uploads\\\/2020\\\/08\\\/somalis-def.jpg\",\"datePublished\":\"2020-08-13T11:29:42+00:00\",\"dateModified\":\"2024-09-19T16:38:58+00:00\",\"breadcrumb\":{\"@id\":\"https:\\\/\\\/www.entreculturas.org\\\/gl\\\/la-luz-de-las-ninas\\\/noticia\\\/somalia-ni-un-paso-atras-en-los-derechos-de-las-ninas\\\/#breadcrumb\"},\"inLanguage\":\"gl-ES\",\"potentialAction\":[{\"@type\":\"ReadAction\",\"target\":[\"https:\\\/\\\/www.entreculturas.org\\\/gl\\\/la-luz-de-las-ninas\\\/noticia\\\/somalia-ni-un-paso-atras-en-los-derechos-de-las-ninas\\\/\"]}]},{\"@type\":\"ImageObject\",\"inLanguage\":\"gl-ES\",\"@id\":\"https:\\\/\\\/www.entreculturas.org\\\/gl\\\/la-luz-de-las-ninas\\\/noticia\\\/somalia-ni-un-paso-atras-en-los-derechos-de-las-ninas\\\/#primaryimage\",\"url\":\"https:\\\/\\\/www.entreculturas.org\\\/wp-content\\\/uploads\\\/2020\\\/08\\\/somalis-def.jpg\",\"contentUrl\":\"https:\\\/\\\/www.entreculturas.org\\\/wp-content\\\/uploads\\\/2020\\\/08\\\/somalis-def.jpg\",\"width\":500,\"height\":409},{\"@type\":\"BreadcrumbList\",\"@id\":\"https:\\\/\\\/www.entreculturas.org\\\/gl\\\/la-luz-de-las-ninas\\\/noticia\\\/somalia-ni-un-paso-atras-en-los-derechos-de-las-ninas\\\/#breadcrumb\",\"itemListElement\":[{\"@type\":\"ListItem\",\"position\":1,\"name\":\"Home\",\"item\":\"https:\\\/\\\/www.entreculturas.org\\\/gl\\\/\"},{\"@type\":\"ListItem\",\"position\":2,\"name\":\"Noticias LLDLN\",\"item\":\"https:\\\/\\\/www.entreculturas.org\\\/gl\\\/noticias-la-luz-de-las-ninas\\\/\"},{\"@type\":\"ListItem\",\"position\":3,\"name\":\"Somalia: ni un paso atr\u00e1s en los derechos de las ni\u00f1as\"}]},{\"@type\":\"WebSite\",\"@id\":\"https:\\\/\\\/www.entreculturas.org\\\/gl\\\/#website\",\"url\":\"https:\\\/\\\/www.entreculturas.org\\\/gl\\\/\",\"name\":\"Entreculturas\",\"description\":\"\",\"publisher\":{\"@id\":\"https:\\\/\\\/www.entreculturas.org\\\/gl\\\/#organization\"},\"alternateName\":\"Entreculturas\",\"potentialAction\":[{\"@type\":\"SearchAction\",\"target\":{\"@type\":\"EntryPoint\",\"urlTemplate\":\"https:\\\/\\\/www.entreculturas.org\\\/gl\\\/?s={search_term_string}\"},\"query-input\":{\"@type\":\"PropertyValueSpecification\",\"valueRequired\":true,\"valueName\":\"search_term_string\"}}],\"inLanguage\":\"gl-ES\"},{\"@type\":\"Organization\",\"@id\":\"https:\\\/\\\/www.entreculturas.org\\\/gl\\\/#organization\",\"name\":\"Entreculturas\",\"url\":\"https:\\\/\\\/www.entreculturas.org\\\/gl\\\/\",\"logo\":{\"@type\":\"ImageObject\",\"inLanguage\":\"gl-ES\",\"@id\":\"https:\\\/\\\/www.entreculturas.org\\\/gl\\\/#\\\/schema\\\/logo\\\/image\\\/\",\"url\":\"https:\\\/\\\/www.entreculturas.org\\\/wp-content\\\/uploads\\\/2025\\\/10\\\/ESP.svg\",\"contentUrl\":\"https:\\\/\\\/www.entreculturas.org\\\/wp-content\\\/uploads\\\/2025\\\/10\\\/ESP.svg\",\"caption\":\"Entreculturas\"},\"image\":{\"@id\":\"https:\\\/\\\/www.entreculturas.org\\\/gl\\\/#\\\/schema\\\/logo\\\/image\\\/\"},\"sameAs\":[\"https:\\\/\\\/www.facebook.com\\\/entreculturas\",\"https:\\\/\\\/x.com\\\/Entreculturas\",\"https:\\\/\\\/www.instagram.com\\\/entreculturas\\\/\",\"https:\\\/\\\/www.youtube.com\\\/user\\\/entreculturasvideo\",\"https:\\\/\\\/www.linkedin.com\\\/company\\\/fundacion-entreculturas-ngdo\\\/\",\"https:\\\/\\\/www.flickr.com\\\/photos\\\/98455522@N04\\\/albums\\\/\"]}]}<\/script>\n<!-- \/ Yoast SEO Premium plugin. -->","yoast_head_json":{"title":"Somalia: ni un paso atr\u00e1s en los derechos de las ni\u00f1as - Entreculturas","robots":{"index":"index","follow":"follow","max-snippet":"max-snippet:-1","max-image-preview":"max-image-preview:large","max-video-preview":"max-video-preview:-1"},"canonical":"https:\/\/www.entreculturas.org\/gl\/la-luz-de-las-ninas\/noticia\/somalia-ni-un-paso-atras-en-los-derechos-de-las-ninas\/","og_locale":"gl_ES","og_type":"article","og_title":"Somalia: ni un paso atr\u00e1s en los derechos de las ni\u00f1as","og_description":"La vida y el futuro de miles de mujeres y ni\u00f1as somal\u00edes est\u00e1 en juego a causa de un nuevo proyecto de ley presentado por el Parlamento de Somalia que vulnera sus derechos fundamentales y que, seg\u00fan denuncia la Alta Comisionada de las Naciones Unidas, Michelle Bachelet, \u201cest\u00e1 en riesgo de legimitar el matrimonio infantil, asi como otras pr\u00e1cticas alarmantes, y debe evitarse que sea convertido en ley.\u201d Somalia cuenta con uno de los mayores \u00edndices de violencia contra mujeres y ni\u00f1as de la regi\u00f3n de \u00c1frica del Este. Seg\u00fan Nacionales Unidas, se estima que un 45% son casadas antes de cumplir los 18 a\u00f1os, mientras que un 98% de las ni\u00f1as y mujeres han sufrido mutilaci\u00f3n genital femenina.\u00a0 Esta noticia ha generado una reacci\u00f3n en cadena por parte de organizaciones de mujeres y defensoras de los derechos humanos en Somalia, que desde 2018 ven\u00edan esperando la aprobaci\u00f3n de un [&hellip;]","og_url":"https:\/\/www.entreculturas.org\/gl\/la-luz-de-las-ninas\/noticia\/somalia-ni-un-paso-atras-en-los-derechos-de-las-ninas\/","og_site_name":"Entreculturas","article_publisher":"https:\/\/www.facebook.com\/entreculturas","article_modified_time":"2024-09-19T16:38:58+00:00","og_image":[{"width":500,"height":409,"url":"https:\/\/www.entreculturas.org\/wp-content\/uploads\/2020\/08\/somalis-def.jpg","type":"image\/jpeg"}],"twitter_card":"summary_large_image","twitter_site":"@Entreculturas","schema":{"@context":"https:\/\/schema.org","@graph":[{"@type":"WebPage","@id":"https:\/\/www.entreculturas.org\/gl\/la-luz-de-las-ninas\/noticia\/somalia-ni-un-paso-atras-en-los-derechos-de-las-ninas\/","url":"https:\/\/www.entreculturas.org\/gl\/la-luz-de-las-ninas\/noticia\/somalia-ni-un-paso-atras-en-los-derechos-de-las-ninas\/","name":"Somalia: ni un paso atr\u00e1s en los derechos de las ni\u00f1as - Entreculturas","isPartOf":{"@id":"https:\/\/www.entreculturas.org\/gl\/#website"},"primaryImageOfPage":{"@id":"https:\/\/www.entreculturas.org\/gl\/la-luz-de-las-ninas\/noticia\/somalia-ni-un-paso-atras-en-los-derechos-de-las-ninas\/#primaryimage"},"image":{"@id":"https:\/\/www.entreculturas.org\/gl\/la-luz-de-las-ninas\/noticia\/somalia-ni-un-paso-atras-en-los-derechos-de-las-ninas\/#primaryimage"},"thumbnailUrl":"https:\/\/www.entreculturas.org\/wp-content\/uploads\/2020\/08\/somalis-def.jpg","datePublished":"2020-08-13T11:29:42+00:00","dateModified":"2024-09-19T16:38:58+00:00","breadcrumb":{"@id":"https:\/\/www.entreculturas.org\/gl\/la-luz-de-las-ninas\/noticia\/somalia-ni-un-paso-atras-en-los-derechos-de-las-ninas\/#breadcrumb"},"inLanguage":"gl-ES","potentialAction":[{"@type":"ReadAction","target":["https:\/\/www.entreculturas.org\/gl\/la-luz-de-las-ninas\/noticia\/somalia-ni-un-paso-atras-en-los-derechos-de-las-ninas\/"]}]},{"@type":"ImageObject","inLanguage":"gl-ES","@id":"https:\/\/www.entreculturas.org\/gl\/la-luz-de-las-ninas\/noticia\/somalia-ni-un-paso-atras-en-los-derechos-de-las-ninas\/#primaryimage","url":"https:\/\/www.entreculturas.org\/wp-content\/uploads\/2020\/08\/somalis-def.jpg","contentUrl":"https:\/\/www.entreculturas.org\/wp-content\/uploads\/2020\/08\/somalis-def.jpg","width":500,"height":409},{"@type":"BreadcrumbList","@id":"https:\/\/www.entreculturas.org\/gl\/la-luz-de-las-ninas\/noticia\/somalia-ni-un-paso-atras-en-los-derechos-de-las-ninas\/#breadcrumb","itemListElement":[{"@type":"ListItem","position":1,"name":"Home","item":"https:\/\/www.entreculturas.org\/gl\/"},{"@type":"ListItem","position":2,"name":"Noticias LLDLN","item":"https:\/\/www.entreculturas.org\/gl\/noticias-la-luz-de-las-ninas\/"},{"@type":"ListItem","position":3,"name":"Somalia: ni un paso atr\u00e1s en los derechos de las ni\u00f1as"}]},{"@type":"WebSite","@id":"https:\/\/www.entreculturas.org\/gl\/#website","url":"https:\/\/www.entreculturas.org\/gl\/","name":"Entreculturas","description":"","publisher":{"@id":"https:\/\/www.entreculturas.org\/gl\/#organization"},"alternateName":"Entreculturas","potentialAction":[{"@type":"SearchAction","target":{"@type":"EntryPoint","urlTemplate":"https:\/\/www.entreculturas.org\/gl\/?s={search_term_string}"},"query-input":{"@type":"PropertyValueSpecification","valueRequired":true,"valueName":"search_term_string"}}],"inLanguage":"gl-ES"},{"@type":"Organization","@id":"https:\/\/www.entreculturas.org\/gl\/#organization","name":"Entreculturas","url":"https:\/\/www.entreculturas.org\/gl\/","logo":{"@type":"ImageObject","inLanguage":"gl-ES","@id":"https:\/\/www.entreculturas.org\/gl\/#\/schema\/logo\/image\/","url":"https:\/\/www.entreculturas.org\/wp-content\/uploads\/2025\/10\/ESP.svg","contentUrl":"https:\/\/www.entreculturas.org\/wp-content\/uploads\/2025\/10\/ESP.svg","caption":"Entreculturas"},"image":{"@id":"https:\/\/www.entreculturas.org\/gl\/#\/schema\/logo\/image\/"},"sameAs":["https:\/\/www.facebook.com\/entreculturas","https:\/\/x.com\/Entreculturas","https:\/\/www.instagram.com\/entreculturas\/","https:\/\/www.youtube.com\/user\/entreculturasvideo","https:\/\/www.linkedin.com\/company\/fundacion-entreculturas-ngdo\/","https:\/\/www.flickr.com\/photos\/98455522@N04\/albums\/"]}]}},"_links":{"self":[{"href":"https:\/\/www.entreculturas.org\/gl\/wp-json\/wp\/v2\/xxx\/595","targetHints":{"allow":["GET"]}}],"collection":[{"href":"https:\/\/www.entreculturas.org\/gl\/wp-json\/wp\/v2\/xxx"}],"about":[{"href":"https:\/\/www.entreculturas.org\/gl\/wp-json\/wp\/v2\/types\/xxx"}],"wp:featuredmedia":[{"embeddable":true,"href":"https:\/\/www.entreculturas.org\/gl\/wp-json\/wp\/v2\/media\/596"}],"wp:attachment":[{"href":"https:\/\/www.entreculturas.org\/gl\/wp-json\/wp\/v2\/media?parent=595"}],"wp:term":[{"taxonomy":"category","embeddable":true,"href":"https:\/\/www.entreculturas.org\/gl\/wp-json\/wp\/v2\/categories?post=595"},{"taxonomy":"post_tag","embeddable":true,"href":"https:\/\/www.entreculturas.org\/gl\/wp-json\/wp\/v2\/tags?post=595"}],"curies":[{"name":"wp","href":"https:\/\/api.w.org\/{rel}","templated":true}]}}