{"id":553,"date":"2020-05-14T15:30:10","date_gmt":"2020-05-14T13:30:10","guid":{"rendered":"https:\/\/www.entreculturas.org\/?post_type=xxx&#038;p=553"},"modified":"2024-09-19T18:34:50","modified_gmt":"2024-09-19T16:34:50","slug":"yo-tambien-quiero-que-brille-tu-luz-el-reto-virtual-de-los-alumnos-de-la-universidad-loyola","status":"publish","type":"xxx","link":"https:\/\/www.entreculturas.org\/gl\/la-luz-de-las-ninas\/noticia\/yo-tambien-quiero-que-brille-tu-luz-el-reto-virtual-de-los-alumnos-de-la-universidad-loyola\/","title":{"rendered":"Yo tambi\u00e9n quiero que brille tu luz: el reto virtual de los alumnos de la Universidad Loyola"},"content":{"rendered":"<p><b>Los estudiantes de la Universidad Loyola de C\u00f3rdoba y Sevilla ha lanzado un reto virtual, basado en la campa\u00f1a La Luz de las Ni\u00f1as<\/b><span style=\"font-weight: 400;\"> . Al igual que en la pasada edici\u00f3n, los estudiantes del curso de Aprendizaje y Servicio que la Universidad ofrece en colaboraci\u00f3n con Fundaci\u00f3n Etea, han trabajado sobre el tema de g\u00e9nero utilizando la campa\u00f1a La Luz de las Ni\u00f1as como inspiraci\u00f3n.\u00a0<\/span><\/p>\n<p><b>El objetivo de este reto virtual es dar a conocer la situaci\u00f3n de violencia a la que millones de ni\u00f1as est\u00e1n expuestas en todo el mundo<\/b><span style=\"font-weight: 400;\">. Debido a la actual situaci\u00f3n de aislamiento, provocada por el covid19, y al cierre de espacios seguros como las escuelas, su situaci\u00f3n de vulnerabilidad se ha visto agravada, exponi\u00e9ndolas a un aumento de la violencia. Por eso,<\/span><b> bajo el hashtag <\/b><span style=\"color: #ff0000;\"><b>#yotambienquieroquebrilletuluz<\/b> <\/span><b>nos invitan a proyectar la silueta de una ni\u00f1a en la pared de casa y subir la foto a las redes sociales.<\/b><\/p>\n<p><span style=\"font-weight: 400;\">Este reto surge como consecuencia de un intenso trabajo de reflexi\u00f3n sobre el origen, las causas y las consecuencias de la violencia, as\u00ed como el papel de la educaci\u00f3n para acabar con este tipo de situaciones. Este a\u00f1o, la actividad cuenta con un aspecto innovador, ya que debido al actual estado de alarma, los estudiantes, que en estos momentos reciben clases online, han optado por un reto virtual que nos presentan en formato v\u00eddeo.\u00a0<\/span><\/p>\n<p><span style=\"font-weight: 400;\">\u00a0<\/span><span style=\"font-weight: 400;\">An\u00edmate\u00a0 a participar y comparte tu foto con el hashtag #yotambienquieroquebrilletuluz<\/span><\/p>\n<p><iframe loading=\"lazy\" title=\"#LaLuzDeLasNi\u00f1as - Campa\u00f1a de recogida de firmas - APS 2\" width=\"500\" height=\"375\" src=\"https:\/\/www.youtube.com\/embed\/WQRcYa_Im8A?feature=oembed\" frameborder=\"0\" allow=\"accelerometer; autoplay; clipboard-write; encrypted-media; gyroscope; picture-in-picture; web-share\" referrerpolicy=\"strict-origin-when-cross-origin\" allowfullscreen><\/iframe><\/p>\n<p>&nbsp;<\/p>\n<h3><\/h3>\n","protected":false},"excerpt":{"rendered":"<p>Los estudiantes de la Universidad Loyola de C\u00f3rdoba y Sevilla ha lanzado un reto virtual, basado en la campa\u00f1a La Luz de las Ni\u00f1as . Al igual que en la pasada edici\u00f3n, los estudiantes del curso de Aprendizaje y Servicio que la Universidad ofrece en colaboraci\u00f3n con Fundaci\u00f3n Etea, han trabajado sobre el tema de g\u00e9nero utilizando la campa\u00f1a La Luz de las Ni\u00f1as como inspiraci\u00f3n.\u00a0 El objetivo de este reto virtual es dar a conocer la situaci\u00f3n de violencia a la que millones de ni\u00f1as est\u00e1n expuestas en todo el mundo. Debido a la actual situaci\u00f3n de aislamiento, provocada por el covid19, y al cierre de espacios seguros como las escuelas, su situaci\u00f3n de vulnerabilidad se ha visto agravada, exponi\u00e9ndolas a un aumento de la violencia. Por eso, bajo el hashtag #yotambienquieroquebrilletuluz nos invitan a proyectar la silueta de una ni\u00f1a en la pared de casa y subir la [&hellip;]<\/p>\n","protected":false},"featured_media":556,"template":"wp-custom-template-noticias-la-luz-de-las-ninas-2","meta":{"_acf_changed":false},"categories":[7],"tags":[],"class_list":["post-553","xxx","type-xxx","status-publish","has-post-thumbnail","hentry","category-noticia"],"acf":[],"yoast_head":"<!-- This site is optimized with the Yoast SEO Premium plugin v21.6 (Yoast SEO v27.5) - https:\/\/yoast.com\/product\/yoast-seo-premium-wordpress\/ -->\n<title>Yo tambi\u00e9n quiero que brille tu luz: el reto virtual de los alumnos de la Universidad Loyola - Entreculturas<\/title>\n<meta name=\"robots\" content=\"index, follow, max-snippet:-1, max-image-preview:large, max-video-preview:-1\" \/>\n<link rel=\"canonical\" href=\"https:\/\/www.entreculturas.org\/gl\/la-luz-de-las-ninas\/noticia\/yo-tambien-quiero-que-brille-tu-luz-el-reto-virtual-de-los-alumnos-de-la-universidad-loyola\/\" \/>\n<meta property=\"og:locale\" content=\"gl_ES\" \/>\n<meta property=\"og:type\" content=\"article\" \/>\n<meta property=\"og:title\" content=\"Yo tambi\u00e9n quiero que brille tu luz: el reto virtual de los alumnos de la Universidad Loyola\" \/>\n<meta property=\"og:description\" content=\"Los estudiantes de la Universidad Loyola de C\u00f3rdoba y Sevilla ha lanzado un reto virtual, basado en la campa\u00f1a La Luz de las Ni\u00f1as . Al igual que en la pasada edici\u00f3n, los estudiantes del curso de Aprendizaje y Servicio que la Universidad ofrece en colaboraci\u00f3n con Fundaci\u00f3n Etea, han trabajado sobre el tema de g\u00e9nero utilizando la campa\u00f1a La Luz de las Ni\u00f1as como inspiraci\u00f3n.\u00a0 El objetivo de este reto virtual es dar a conocer la situaci\u00f3n de violencia a la que millones de ni\u00f1as est\u00e1n expuestas en todo el mundo. Debido a la actual situaci\u00f3n de aislamiento, provocada por el covid19, y al cierre de espacios seguros como las escuelas, su situaci\u00f3n de vulnerabilidad se ha visto agravada, exponi\u00e9ndolas a un aumento de la violencia. Por eso, bajo el hashtag #yotambienquieroquebrilletuluz nos invitan a proyectar la silueta de una ni\u00f1a en la pared de casa y subir la [&hellip;]\" \/>\n<meta property=\"og:url\" content=\"https:\/\/www.entreculturas.org\/gl\/la-luz-de-las-ninas\/noticia\/yo-tambien-quiero-que-brille-tu-luz-el-reto-virtual-de-los-alumnos-de-la-universidad-loyola\/\" \/>\n<meta property=\"og:site_name\" content=\"Entreculturas\" \/>\n<meta property=\"article:publisher\" content=\"https:\/\/www.facebook.com\/entreculturas\" \/>\n<meta property=\"article:modified_time\" content=\"2024-09-19T16:34:50+00:00\" \/>\n<meta property=\"og:image\" content=\"https:\/\/www.entreculturas.org\/wp-content\/uploads\/2020\/05\/nina-sombra2.jpg\" \/>\n\t<meta property=\"og:image:width\" content=\"398\" \/>\n\t<meta property=\"og:image:height\" content=\"290\" \/>\n\t<meta property=\"og:image:type\" content=\"image\/jpeg\" \/>\n<meta name=\"twitter:card\" content=\"summary_large_image\" \/>\n<meta name=\"twitter:site\" content=\"@Entreculturas\" \/>\n<script type=\"application\/ld+json\" class=\"yoast-schema-graph\">{\"@context\":\"https:\\\/\\\/schema.org\",\"@graph\":[{\"@type\":\"WebPage\",\"@id\":\"https:\\\/\\\/www.entreculturas.org\\\/gl\\\/la-luz-de-las-ninas\\\/noticia\\\/yo-tambien-quiero-que-brille-tu-luz-el-reto-virtual-de-los-alumnos-de-la-universidad-loyola\\\/\",\"url\":\"https:\\\/\\\/www.entreculturas.org\\\/gl\\\/la-luz-de-las-ninas\\\/noticia\\\/yo-tambien-quiero-que-brille-tu-luz-el-reto-virtual-de-los-alumnos-de-la-universidad-loyola\\\/\",\"name\":\"Yo tambi\u00e9n quiero que brille tu luz: el reto virtual de los alumnos de la Universidad Loyola - Entreculturas\",\"isPartOf\":{\"@id\":\"https:\\\/\\\/www.entreculturas.org\\\/gl\\\/#website\"},\"primaryImageOfPage\":{\"@id\":\"https:\\\/\\\/www.entreculturas.org\\\/gl\\\/la-luz-de-las-ninas\\\/noticia\\\/yo-tambien-quiero-que-brille-tu-luz-el-reto-virtual-de-los-alumnos-de-la-universidad-loyola\\\/#primaryimage\"},\"image\":{\"@id\":\"https:\\\/\\\/www.entreculturas.org\\\/gl\\\/la-luz-de-las-ninas\\\/noticia\\\/yo-tambien-quiero-que-brille-tu-luz-el-reto-virtual-de-los-alumnos-de-la-universidad-loyola\\\/#primaryimage\"},\"thumbnailUrl\":\"https:\\\/\\\/www.entreculturas.org\\\/wp-content\\\/uploads\\\/2020\\\/05\\\/nina-sombra2.jpg\",\"datePublished\":\"2020-05-14T13:30:10+00:00\",\"dateModified\":\"2024-09-19T16:34:50+00:00\",\"breadcrumb\":{\"@id\":\"https:\\\/\\\/www.entreculturas.org\\\/gl\\\/la-luz-de-las-ninas\\\/noticia\\\/yo-tambien-quiero-que-brille-tu-luz-el-reto-virtual-de-los-alumnos-de-la-universidad-loyola\\\/#breadcrumb\"},\"inLanguage\":\"gl-ES\",\"potentialAction\":[{\"@type\":\"ReadAction\",\"target\":[\"https:\\\/\\\/www.entreculturas.org\\\/gl\\\/la-luz-de-las-ninas\\\/noticia\\\/yo-tambien-quiero-que-brille-tu-luz-el-reto-virtual-de-los-alumnos-de-la-universidad-loyola\\\/\"]}]},{\"@type\":\"ImageObject\",\"inLanguage\":\"gl-ES\",\"@id\":\"https:\\\/\\\/www.entreculturas.org\\\/gl\\\/la-luz-de-las-ninas\\\/noticia\\\/yo-tambien-quiero-que-brille-tu-luz-el-reto-virtual-de-los-alumnos-de-la-universidad-loyola\\\/#primaryimage\",\"url\":\"https:\\\/\\\/www.entreculturas.org\\\/wp-content\\\/uploads\\\/2020\\\/05\\\/nina-sombra2.jpg\",\"contentUrl\":\"https:\\\/\\\/www.entreculturas.org\\\/wp-content\\\/uploads\\\/2020\\\/05\\\/nina-sombra2.jpg\",\"width\":398,\"height\":290},{\"@type\":\"BreadcrumbList\",\"@id\":\"https:\\\/\\\/www.entreculturas.org\\\/gl\\\/la-luz-de-las-ninas\\\/noticia\\\/yo-tambien-quiero-que-brille-tu-luz-el-reto-virtual-de-los-alumnos-de-la-universidad-loyola\\\/#breadcrumb\",\"itemListElement\":[{\"@type\":\"ListItem\",\"position\":1,\"name\":\"Home\",\"item\":\"https:\\\/\\\/www.entreculturas.org\\\/gl\\\/\"},{\"@type\":\"ListItem\",\"position\":2,\"name\":\"Noticias LLDLN\",\"item\":\"https:\\\/\\\/www.entreculturas.org\\\/gl\\\/noticias-la-luz-de-las-ninas\\\/\"},{\"@type\":\"ListItem\",\"position\":3,\"name\":\"Yo tambi\u00e9n quiero que brille tu luz: el reto virtual de los alumnos de la Universidad Loyola\"}]},{\"@type\":\"WebSite\",\"@id\":\"https:\\\/\\\/www.entreculturas.org\\\/gl\\\/#website\",\"url\":\"https:\\\/\\\/www.entreculturas.org\\\/gl\\\/\",\"name\":\"Entreculturas\",\"description\":\"\",\"publisher\":{\"@id\":\"https:\\\/\\\/www.entreculturas.org\\\/gl\\\/#organization\"},\"alternateName\":\"Entreculturas\",\"potentialAction\":[{\"@type\":\"SearchAction\",\"target\":{\"@type\":\"EntryPoint\",\"urlTemplate\":\"https:\\\/\\\/www.entreculturas.org\\\/gl\\\/?s={search_term_string}\"},\"query-input\":{\"@type\":\"PropertyValueSpecification\",\"valueRequired\":true,\"valueName\":\"search_term_string\"}}],\"inLanguage\":\"gl-ES\"},{\"@type\":\"Organization\",\"@id\":\"https:\\\/\\\/www.entreculturas.org\\\/gl\\\/#organization\",\"name\":\"Entreculturas\",\"url\":\"https:\\\/\\\/www.entreculturas.org\\\/gl\\\/\",\"logo\":{\"@type\":\"ImageObject\",\"inLanguage\":\"gl-ES\",\"@id\":\"https:\\\/\\\/www.entreculturas.org\\\/gl\\\/#\\\/schema\\\/logo\\\/image\\\/\",\"url\":\"https:\\\/\\\/www.entreculturas.org\\\/wp-content\\\/uploads\\\/2025\\\/10\\\/ESP.svg\",\"contentUrl\":\"https:\\\/\\\/www.entreculturas.org\\\/wp-content\\\/uploads\\\/2025\\\/10\\\/ESP.svg\",\"caption\":\"Entreculturas\"},\"image\":{\"@id\":\"https:\\\/\\\/www.entreculturas.org\\\/gl\\\/#\\\/schema\\\/logo\\\/image\\\/\"},\"sameAs\":[\"https:\\\/\\\/www.facebook.com\\\/entreculturas\",\"https:\\\/\\\/x.com\\\/Entreculturas\",\"https:\\\/\\\/www.instagram.com\\\/entreculturas\\\/\",\"https:\\\/\\\/www.youtube.com\\\/user\\\/entreculturasvideo\",\"https:\\\/\\\/www.linkedin.com\\\/company\\\/fundacion-entreculturas-ngdo\\\/\",\"https:\\\/\\\/www.flickr.com\\\/photos\\\/98455522@N04\\\/albums\\\/\"]}]}<\/script>\n<!-- \/ Yoast SEO Premium plugin. -->","yoast_head_json":{"title":"Yo tambi\u00e9n quiero que brille tu luz: el reto virtual de los alumnos de la Universidad Loyola - Entreculturas","robots":{"index":"index","follow":"follow","max-snippet":"max-snippet:-1","max-image-preview":"max-image-preview:large","max-video-preview":"max-video-preview:-1"},"canonical":"https:\/\/www.entreculturas.org\/gl\/la-luz-de-las-ninas\/noticia\/yo-tambien-quiero-que-brille-tu-luz-el-reto-virtual-de-los-alumnos-de-la-universidad-loyola\/","og_locale":"gl_ES","og_type":"article","og_title":"Yo tambi\u00e9n quiero que brille tu luz: el reto virtual de los alumnos de la Universidad Loyola","og_description":"Los estudiantes de la Universidad Loyola de C\u00f3rdoba y Sevilla ha lanzado un reto virtual, basado en la campa\u00f1a La Luz de las Ni\u00f1as . Al igual que en la pasada edici\u00f3n, los estudiantes del curso de Aprendizaje y Servicio que la Universidad ofrece en colaboraci\u00f3n con Fundaci\u00f3n Etea, han trabajado sobre el tema de g\u00e9nero utilizando la campa\u00f1a La Luz de las Ni\u00f1as como inspiraci\u00f3n.\u00a0 El objetivo de este reto virtual es dar a conocer la situaci\u00f3n de violencia a la que millones de ni\u00f1as est\u00e1n expuestas en todo el mundo. Debido a la actual situaci\u00f3n de aislamiento, provocada por el covid19, y al cierre de espacios seguros como las escuelas, su situaci\u00f3n de vulnerabilidad se ha visto agravada, exponi\u00e9ndolas a un aumento de la violencia. Por eso, bajo el hashtag #yotambienquieroquebrilletuluz nos invitan a proyectar la silueta de una ni\u00f1a en la pared de casa y subir la [&hellip;]","og_url":"https:\/\/www.entreculturas.org\/gl\/la-luz-de-las-ninas\/noticia\/yo-tambien-quiero-que-brille-tu-luz-el-reto-virtual-de-los-alumnos-de-la-universidad-loyola\/","og_site_name":"Entreculturas","article_publisher":"https:\/\/www.facebook.com\/entreculturas","article_modified_time":"2024-09-19T16:34:50+00:00","og_image":[{"width":398,"height":290,"url":"https:\/\/www.entreculturas.org\/wp-content\/uploads\/2020\/05\/nina-sombra2.jpg","type":"image\/jpeg"}],"twitter_card":"summary_large_image","twitter_site":"@Entreculturas","schema":{"@context":"https:\/\/schema.org","@graph":[{"@type":"WebPage","@id":"https:\/\/www.entreculturas.org\/gl\/la-luz-de-las-ninas\/noticia\/yo-tambien-quiero-que-brille-tu-luz-el-reto-virtual-de-los-alumnos-de-la-universidad-loyola\/","url":"https:\/\/www.entreculturas.org\/gl\/la-luz-de-las-ninas\/noticia\/yo-tambien-quiero-que-brille-tu-luz-el-reto-virtual-de-los-alumnos-de-la-universidad-loyola\/","name":"Yo tambi\u00e9n quiero que brille tu luz: el reto virtual de los alumnos de la Universidad Loyola - Entreculturas","isPartOf":{"@id":"https:\/\/www.entreculturas.org\/gl\/#website"},"primaryImageOfPage":{"@id":"https:\/\/www.entreculturas.org\/gl\/la-luz-de-las-ninas\/noticia\/yo-tambien-quiero-que-brille-tu-luz-el-reto-virtual-de-los-alumnos-de-la-universidad-loyola\/#primaryimage"},"image":{"@id":"https:\/\/www.entreculturas.org\/gl\/la-luz-de-las-ninas\/noticia\/yo-tambien-quiero-que-brille-tu-luz-el-reto-virtual-de-los-alumnos-de-la-universidad-loyola\/#primaryimage"},"thumbnailUrl":"https:\/\/www.entreculturas.org\/wp-content\/uploads\/2020\/05\/nina-sombra2.jpg","datePublished":"2020-05-14T13:30:10+00:00","dateModified":"2024-09-19T16:34:50+00:00","breadcrumb":{"@id":"https:\/\/www.entreculturas.org\/gl\/la-luz-de-las-ninas\/noticia\/yo-tambien-quiero-que-brille-tu-luz-el-reto-virtual-de-los-alumnos-de-la-universidad-loyola\/#breadcrumb"},"inLanguage":"gl-ES","potentialAction":[{"@type":"ReadAction","target":["https:\/\/www.entreculturas.org\/gl\/la-luz-de-las-ninas\/noticia\/yo-tambien-quiero-que-brille-tu-luz-el-reto-virtual-de-los-alumnos-de-la-universidad-loyola\/"]}]},{"@type":"ImageObject","inLanguage":"gl-ES","@id":"https:\/\/www.entreculturas.org\/gl\/la-luz-de-las-ninas\/noticia\/yo-tambien-quiero-que-brille-tu-luz-el-reto-virtual-de-los-alumnos-de-la-universidad-loyola\/#primaryimage","url":"https:\/\/www.entreculturas.org\/wp-content\/uploads\/2020\/05\/nina-sombra2.jpg","contentUrl":"https:\/\/www.entreculturas.org\/wp-content\/uploads\/2020\/05\/nina-sombra2.jpg","width":398,"height":290},{"@type":"BreadcrumbList","@id":"https:\/\/www.entreculturas.org\/gl\/la-luz-de-las-ninas\/noticia\/yo-tambien-quiero-que-brille-tu-luz-el-reto-virtual-de-los-alumnos-de-la-universidad-loyola\/#breadcrumb","itemListElement":[{"@type":"ListItem","position":1,"name":"Home","item":"https:\/\/www.entreculturas.org\/gl\/"},{"@type":"ListItem","position":2,"name":"Noticias LLDLN","item":"https:\/\/www.entreculturas.org\/gl\/noticias-la-luz-de-las-ninas\/"},{"@type":"ListItem","position":3,"name":"Yo tambi\u00e9n quiero que brille tu luz: el reto virtual de los alumnos de la Universidad Loyola"}]},{"@type":"WebSite","@id":"https:\/\/www.entreculturas.org\/gl\/#website","url":"https:\/\/www.entreculturas.org\/gl\/","name":"Entreculturas","description":"","publisher":{"@id":"https:\/\/www.entreculturas.org\/gl\/#organization"},"alternateName":"Entreculturas","potentialAction":[{"@type":"SearchAction","target":{"@type":"EntryPoint","urlTemplate":"https:\/\/www.entreculturas.org\/gl\/?s={search_term_string}"},"query-input":{"@type":"PropertyValueSpecification","valueRequired":true,"valueName":"search_term_string"}}],"inLanguage":"gl-ES"},{"@type":"Organization","@id":"https:\/\/www.entreculturas.org\/gl\/#organization","name":"Entreculturas","url":"https:\/\/www.entreculturas.org\/gl\/","logo":{"@type":"ImageObject","inLanguage":"gl-ES","@id":"https:\/\/www.entreculturas.org\/gl\/#\/schema\/logo\/image\/","url":"https:\/\/www.entreculturas.org\/wp-content\/uploads\/2025\/10\/ESP.svg","contentUrl":"https:\/\/www.entreculturas.org\/wp-content\/uploads\/2025\/10\/ESP.svg","caption":"Entreculturas"},"image":{"@id":"https:\/\/www.entreculturas.org\/gl\/#\/schema\/logo\/image\/"},"sameAs":["https:\/\/www.facebook.com\/entreculturas","https:\/\/x.com\/Entreculturas","https:\/\/www.instagram.com\/entreculturas\/","https:\/\/www.youtube.com\/user\/entreculturasvideo","https:\/\/www.linkedin.com\/company\/fundacion-entreculturas-ngdo\/","https:\/\/www.flickr.com\/photos\/98455522@N04\/albums\/"]}]}},"_links":{"self":[{"href":"https:\/\/www.entreculturas.org\/gl\/wp-json\/wp\/v2\/xxx\/553","targetHints":{"allow":["GET"]}}],"collection":[{"href":"https:\/\/www.entreculturas.org\/gl\/wp-json\/wp\/v2\/xxx"}],"about":[{"href":"https:\/\/www.entreculturas.org\/gl\/wp-json\/wp\/v2\/types\/xxx"}],"wp:featuredmedia":[{"embeddable":true,"href":"https:\/\/www.entreculturas.org\/gl\/wp-json\/wp\/v2\/media\/556"}],"wp:attachment":[{"href":"https:\/\/www.entreculturas.org\/gl\/wp-json\/wp\/v2\/media?parent=553"}],"wp:term":[{"taxonomy":"category","embeddable":true,"href":"https:\/\/www.entreculturas.org\/gl\/wp-json\/wp\/v2\/categories?post=553"},{"taxonomy":"post_tag","embeddable":true,"href":"https:\/\/www.entreculturas.org\/gl\/wp-json\/wp\/v2\/tags?post=553"}],"curies":[{"name":"wp","href":"https:\/\/api.w.org\/{rel}","templated":true}]}}