{"id":35256,"date":"2024-11-06T12:40:18","date_gmt":"2024-11-06T11:40:18","guid":{"rendered":"https:\/\/www.entreculturas.org\/?p=35256"},"modified":"2024-11-06T13:48:33","modified_gmt":"2024-11-06T12:48:33","slug":"ninas-de-9-paises-alzan-su-voz-en-el-foro-internacional-de-la-luz-de-las-ninas-2024","status":"publish","type":"xxx","link":"https:\/\/www.entreculturas.org\/gl\/la-luz-de-las-ninas\/noticia\/ninas-de-9-paises-alzan-su-voz-en-el-foro-internacional-de-la-luz-de-las-ninas-2024\/","title":{"rendered":"Ni\u00f1as de 9 pa\u00edses alzan su voz en el Foro Internacional de La LUZ de las NI\u00d1AS 2024"},"content":{"rendered":"\n<p>El pasado 30 de octubre, ni\u00f1as de Guatemala, Chad, Kenia, El Salvador, Honduras, Per\u00fa, Sud\u00e1n del Sur, Espa\u00f1a y Nicaragua se reunieron en el <strong>Foro Internacional de La LUZ de las NI\u00d1AS<\/strong> para alzar sus voces y exigir un futuro libre de violencia.<\/p>\n\n\n\n<div style=\"height:19px\" aria-hidden=\"true\" class=\"wp-block-spacer\"><\/div>\n\n\n\n<p>Organizado en colaboraci\u00f3n con el <strong>Servicio Jesuita a Refugiados (JRS) y Fe y Alegr\u00eda y la <a href=\"https:\/\/redec.org\/la-red-generacion-21-una-red-internacional-de-participacion-juvenil\/\">Red Generaci\u00f3n 21+<\/a><\/strong><a href=\"https:\/\/redec.org\/la-red-generacion-21-una-red-internacional-de-participacion-juvenil\/\"> <\/a>de Entreculturas, este encuentro fue la antesala de un momento hist\u00f3rico que vivir\u00e1 La LUZ de las NI\u00d1AS en enero de 2024: <a href=\"https:\/\/www.entreculturas.org\/la-luz-de-las-ninas\/noticia\/ninas-participantes-de-la-luz-de-las-ninas-presentaran-sus-demandas-ante-el-alto-comisionado-de-la-onu\/?_gl=1*1o6kvhf*_up*MQ..*_ga*MTE2Mzc4MTUyNC4xNzMwODkyOTQ1*_ga_VMR6DB7NVW*MTczMDg5Mjk0NS4xLjEuMTczMDg5Mjk1Ny4wLjAuMTgwNzkyMTc.\">cinco ni\u00f1as participantes viajar\u00e1n a Ginebra<\/a> para presentar sus demandas ante la<strong> <a href=\"https:\/\/www.ohchr.org\/es\/ohchr_homepage\">Oficina del Alto Comisionado de las Naciones Unidas para los Derechos Humanos<\/a><\/strong>. Con ello, el Foro permiti\u00f3 que estas ni\u00f1as representantes de nueve pa\u00edses compartieran sus experiencias, desaf\u00edos y propuestas para ser escuchadas a nivel internacional.<\/p>\n\n\n\n<div style=\"height:19px\" aria-hidden=\"true\" class=\"wp-block-spacer\"><\/div>\n\n\n\n<h2 class=\"wp-block-heading\" id=\"h-testimonios-de-resiliencia-y-demandas-urgentes\"><strong>Testimonios de resiliencia y demandas urgentes<\/strong><\/h2>\n\n\n\n<div style=\"height:19px\" aria-hidden=\"true\" class=\"wp-block-spacer\"><\/div>\n\n\n\n<p>A lo largo del evento, las ni\u00f1as <strong>expusieron con valent\u00eda las distintas formas de violencia que enfrentan en sus comunidades<\/strong>, uniendo sus voces para visibilizar situaciones que afectan profundamente sus vidas. Las participantes de Sud\u00e1n del Sur narraron la situaci\u00f3n de desplazamiento en Yambio y los riesgos constantes que enfrentan las ni\u00f1as en ese contexto de conflicto armado. Igualmente, desde el asentamiento informal de Kangemi, en Kenia, y desde Chad, otras ni\u00f1as compartieron la realidad de violencia que padecen diariamente y c\u00f3mo<strong> La LUZ de las NI\u00d1AS<\/strong> se ha convertido en un espacio de apoyo y fortaleza.<\/p>\n\n\n\n<div style=\"height:19px\" aria-hidden=\"true\" class=\"wp-block-spacer\"><\/div>\n\n\n\n<p>\u201cLas ni\u00f1as en Sud\u00e1n del Sur sufrimos, sobre todo, violencia sexual y matrimonio infantil, lo que, adem\u00e1s, nos aleja de la educaci\u00f3n. Queremos poder estudiar y desarrollar nuestro futuro\u201d, declar\u00f3 Beyonc\u00e9, de Sud\u00e1n del Sur, destacando c\u00f3mo, a pesar de las adversidades, la esperanza y el deseo de justicia unen a todas las ni\u00f1as participantes en este Foro.<\/p>\n\n\n\n<div style=\"height:19px\" aria-hidden=\"true\" class=\"wp-block-spacer\"><\/div>\n\n\n\n<p>Desde Per\u00fa, una de las representantes de<strong> La LUZ de las NI\u00d1AS <\/strong>que viajar\u00e1 a Ginebra comparti\u00f3 su visi\u00f3n sobre los cambios urgentes que deben implementarse para proteger los derechos de las ni\u00f1as en su pa\u00eds. Otras participantes de Guatemala, El Salvador, Nicaragua y Honduras tambi\u00e9n relataron sus experiencias, subrayando la <strong>importancia de la educaci\u00f3n <\/strong>y el fortalecimiento de los sistemas de protecci\u00f3n.<\/p>\n\n\n\n<div style=\"height:19px\" aria-hidden=\"true\" class=\"wp-block-spacer\"><\/div>\n\n\n\n<h2 class=\"wp-block-heading\" id=\"h-peticiones-concretas-para-el-alto-comisionado\"><strong>Peticiones concretas para el Alto Comisionado<\/strong><\/h2>\n\n\n\n<div style=\"height:19px\" aria-hidden=\"true\" class=\"wp-block-spacer\"><\/div>\n\n\n\n<p>En el segundo bloque del Foro, cada una de las ni\u00f1as formul\u00f3<strong> tres peticiones concretas que presentar\u00e1n en la Oficina del Alto Comisionado<\/strong> de las Naciones Unidas en enero. Las demandas incluyeron medidas como garantizar el acceso a una educaci\u00f3n segura y de calidad, crear mecanismos de protecci\u00f3n eficaces, y facilitar sistemas de denuncia accesibles y seguros para todas las ni\u00f1as.<\/p>\n\n\n\n<div style=\"height:19px\" aria-hidden=\"true\" class=\"wp-block-spacer\"><\/div>\n\n\n\n<p>\u201cLas ni\u00f1as exigimos ser escuchadas y tener voz en las decisiones que afectan nuestras vidas, que las autoridades escuchen nuestras voces y act\u00faen para protegernos\u201d, afirm\u00f3 Emily, de Per\u00fa, enfatizando la importancia de que los l\u00edderes mundiales no solo escuchen, sino que respondan a sus llamados con acciones tangibles.<\/p>\n\n\n\n<div style=\"height:19px\" aria-hidden=\"true\" class=\"wp-block-spacer\"><\/div>\n\n\n\n<h2 class=\"wp-block-heading\" id=\"h-poesia-y-mensajes-de-esperanza\"><strong>Poes\u00eda y mensajes de esperanza<\/strong><\/h2>\n\n\n\n<div style=\"height:19px\" aria-hidden=\"true\" class=\"wp-block-spacer\"><\/div>\n\n\n\n<p>Para concluir el evento, Yaiza, desde Nicaragua, recit\u00f3 un emotivo poema sobre la resiliencia y el anhelo de un mundo sin violencia. Sus versos resonaron con las esperanzas de todas las ni\u00f1as presentes, inspirando un sentimiento de unidad y compromiso en su lucha por un futuro mejor.<\/p>\n\n\n\n<div style=\"height:19px\" aria-hidden=\"true\" class=\"wp-block-spacer\"><\/div>\n\n\n\n<p>\u201cPeque\u00f1as valientes, llenas de vida, cada paso que dan, el mundo en su medida. Con ojos curiosos y coraz\u00f3n de fuego, construyen el futuro, sin ning\u00fan miedo\u201d.<\/p>\n\n\n\n<div style=\"height:19px\" aria-hidden=\"true\" class=\"wp-block-spacer\"><\/div>\n\n\n\n<p>Con estas palabras, las ni\u00f1as del <strong>Foro Internacional de La LUZ de las NI\u00d1AS<\/strong> reafirmaron su compromiso de construir un mundo en el que todas las ni\u00f1as puedan vivir sin miedo, libres y con esperanza. Desde la campa\u00f1a La LUZ de las NI\u00d1AS, continuaremos acompa\u00f1\u00e1ndolas en este camino, amplificando sus voces y trabajando por un cambio duradero.<\/p>\n","protected":false},"excerpt":{"rendered":"<p>El pasado 30 de octubre, ni\u00f1as de Guatemala, Chad, Kenia, El Salvador, Honduras, Per\u00fa, Sud\u00e1n del Sur, Espa\u00f1a y Nicaragua se reunieron en el Foro Internacional de La LUZ de las NI\u00d1AS para alzar sus voces y exigir un futuro libre de violencia.<\/p>\n","protected":false},"featured_media":35311,"template":"wp-custom-template-noticias-la-luz-de-las-ninas-2","meta":{"_acf_changed":false},"categories":[7],"tags":[579],"class_list":["post-35256","xxx","type-xxx","status-publish","has-post-thumbnail","hentry","category-noticia","tag-noticias-la-luz-de-las-ninas"],"acf":[],"yoast_head":"<!-- This site is optimized with the Yoast SEO Premium plugin v21.6 (Yoast SEO v27.5) - https:\/\/yoast.com\/product\/yoast-seo-premium-wordpress\/ -->\n<title>Ni\u00f1as alzan su voz en Foro Internacional<\/title>\n<meta name=\"description\" content=\"Ni\u00f1as alzan su voz en el Foro Internacional de La LUZ de las NI\u00d1AS para exigir un futuro libre de violencia.\" \/>\n<meta name=\"robots\" content=\"index, follow, max-snippet:-1, max-image-preview:large, max-video-preview:-1\" \/>\n<link rel=\"canonical\" href=\"https:\/\/www.entreculturas.org\/gl\/la-luz-de-las-ninas\/noticia\/ninas-de-9-paises-alzan-su-voz-en-el-foro-internacional-de-la-luz-de-las-ninas-2024\/\" \/>\n<meta property=\"og:locale\" content=\"gl_ES\" \/>\n<meta property=\"og:type\" content=\"article\" \/>\n<meta property=\"og:title\" content=\"Ni\u00f1as de 9 pa\u00edses alzan su voz en el Foro Internacional de La LUZ de las NI\u00d1AS 2024\" \/>\n<meta property=\"og:description\" content=\"Ni\u00f1as alzan su voz en el Foro Internacional de La LUZ de las NI\u00d1AS para exigir un futuro libre de violencia.\" \/>\n<meta property=\"og:url\" content=\"https:\/\/www.entreculturas.org\/gl\/la-luz-de-las-ninas\/noticia\/ninas-de-9-paises-alzan-su-voz-en-el-foro-internacional-de-la-luz-de-las-ninas-2024\/\" \/>\n<meta property=\"og:site_name\" content=\"Entreculturas\" \/>\n<meta property=\"article:publisher\" content=\"https:\/\/www.facebook.com\/entreculturas\" \/>\n<meta property=\"article:modified_time\" content=\"2024-11-06T12:48:33+00:00\" \/>\n<meta property=\"og:image\" content=\"https:\/\/www.entreculturas.org\/wp-content\/uploads\/2024\/11\/LdN-Banner-Noticia.jpg\" \/>\n\t<meta property=\"og:image:width\" content=\"2533\" \/>\n\t<meta property=\"og:image:height\" content=\"893\" \/>\n\t<meta property=\"og:image:type\" content=\"image\/jpeg\" \/>\n<meta name=\"twitter:card\" content=\"summary_large_image\" \/>\n<meta name=\"twitter:site\" content=\"@Entreculturas\" \/>\n<script type=\"application\/ld+json\" class=\"yoast-schema-graph\">{\"@context\":\"https:\\\/\\\/schema.org\",\"@graph\":[{\"@type\":\"WebPage\",\"@id\":\"https:\\\/\\\/www.entreculturas.org\\\/gl\\\/la-luz-de-las-ninas\\\/noticia\\\/ninas-de-9-paises-alzan-su-voz-en-el-foro-internacional-de-la-luz-de-las-ninas-2024\\\/\",\"url\":\"https:\\\/\\\/www.entreculturas.org\\\/gl\\\/la-luz-de-las-ninas\\\/noticia\\\/ninas-de-9-paises-alzan-su-voz-en-el-foro-internacional-de-la-luz-de-las-ninas-2024\\\/\",\"name\":\"Ni\u00f1as alzan su voz en Foro Internacional\",\"isPartOf\":{\"@id\":\"https:\\\/\\\/www.entreculturas.org\\\/gl\\\/#website\"},\"primaryImageOfPage\":{\"@id\":\"https:\\\/\\\/www.entreculturas.org\\\/gl\\\/la-luz-de-las-ninas\\\/noticia\\\/ninas-de-9-paises-alzan-su-voz-en-el-foro-internacional-de-la-luz-de-las-ninas-2024\\\/#primaryimage\"},\"image\":{\"@id\":\"https:\\\/\\\/www.entreculturas.org\\\/gl\\\/la-luz-de-las-ninas\\\/noticia\\\/ninas-de-9-paises-alzan-su-voz-en-el-foro-internacional-de-la-luz-de-las-ninas-2024\\\/#primaryimage\"},\"thumbnailUrl\":\"https:\\\/\\\/www.entreculturas.org\\\/wp-content\\\/uploads\\\/2024\\\/11\\\/LdN-Banner-Noticia.jpg\",\"datePublished\":\"2024-11-06T11:40:18+00:00\",\"dateModified\":\"2024-11-06T12:48:33+00:00\",\"description\":\"Ni\u00f1as alzan su voz en el Foro Internacional de La LUZ de las NI\u00d1AS para exigir un futuro libre de violencia.\",\"breadcrumb\":{\"@id\":\"https:\\\/\\\/www.entreculturas.org\\\/gl\\\/la-luz-de-las-ninas\\\/noticia\\\/ninas-de-9-paises-alzan-su-voz-en-el-foro-internacional-de-la-luz-de-las-ninas-2024\\\/#breadcrumb\"},\"inLanguage\":\"gl-ES\",\"potentialAction\":[{\"@type\":\"ReadAction\",\"target\":[\"https:\\\/\\\/www.entreculturas.org\\\/gl\\\/la-luz-de-las-ninas\\\/noticia\\\/ninas-de-9-paises-alzan-su-voz-en-el-foro-internacional-de-la-luz-de-las-ninas-2024\\\/\"]}]},{\"@type\":\"ImageObject\",\"inLanguage\":\"gl-ES\",\"@id\":\"https:\\\/\\\/www.entreculturas.org\\\/gl\\\/la-luz-de-las-ninas\\\/noticia\\\/ninas-de-9-paises-alzan-su-voz-en-el-foro-internacional-de-la-luz-de-las-ninas-2024\\\/#primaryimage\",\"url\":\"https:\\\/\\\/www.entreculturas.org\\\/wp-content\\\/uploads\\\/2024\\\/11\\\/LdN-Banner-Noticia.jpg\",\"contentUrl\":\"https:\\\/\\\/www.entreculturas.org\\\/wp-content\\\/uploads\\\/2024\\\/11\\\/LdN-Banner-Noticia.jpg\",\"width\":2533,\"height\":893,\"caption\":\"Foro Internacional La LUZ de las NI\u00d1AS\"},{\"@type\":\"BreadcrumbList\",\"@id\":\"https:\\\/\\\/www.entreculturas.org\\\/gl\\\/la-luz-de-las-ninas\\\/noticia\\\/ninas-de-9-paises-alzan-su-voz-en-el-foro-internacional-de-la-luz-de-las-ninas-2024\\\/#breadcrumb\",\"itemListElement\":[{\"@type\":\"ListItem\",\"position\":1,\"name\":\"Home\",\"item\":\"https:\\\/\\\/www.entreculturas.org\\\/gl\\\/\"},{\"@type\":\"ListItem\",\"position\":2,\"name\":\"Noticias LLDLN\",\"item\":\"https:\\\/\\\/www.entreculturas.org\\\/gl\\\/noticias-la-luz-de-las-ninas\\\/\"},{\"@type\":\"ListItem\",\"position\":3,\"name\":\"Ni\u00f1as de 9 pa\u00edses alzan su voz en el Foro Internacional de La LUZ de las NI\u00d1AS 2024\"}]},{\"@type\":\"WebSite\",\"@id\":\"https:\\\/\\\/www.entreculturas.org\\\/gl\\\/#website\",\"url\":\"https:\\\/\\\/www.entreculturas.org\\\/gl\\\/\",\"name\":\"Entreculturas\",\"description\":\"\",\"publisher\":{\"@id\":\"https:\\\/\\\/www.entreculturas.org\\\/gl\\\/#organization\"},\"alternateName\":\"Entreculturas\",\"potentialAction\":[{\"@type\":\"SearchAction\",\"target\":{\"@type\":\"EntryPoint\",\"urlTemplate\":\"https:\\\/\\\/www.entreculturas.org\\\/gl\\\/?s={search_term_string}\"},\"query-input\":{\"@type\":\"PropertyValueSpecification\",\"valueRequired\":true,\"valueName\":\"search_term_string\"}}],\"inLanguage\":\"gl-ES\"},{\"@type\":\"Organization\",\"@id\":\"https:\\\/\\\/www.entreculturas.org\\\/gl\\\/#organization\",\"name\":\"Entreculturas\",\"url\":\"https:\\\/\\\/www.entreculturas.org\\\/gl\\\/\",\"logo\":{\"@type\":\"ImageObject\",\"inLanguage\":\"gl-ES\",\"@id\":\"https:\\\/\\\/www.entreculturas.org\\\/gl\\\/#\\\/schema\\\/logo\\\/image\\\/\",\"url\":\"https:\\\/\\\/www.entreculturas.org\\\/wp-content\\\/uploads\\\/2025\\\/10\\\/ESP.svg\",\"contentUrl\":\"https:\\\/\\\/www.entreculturas.org\\\/wp-content\\\/uploads\\\/2025\\\/10\\\/ESP.svg\",\"caption\":\"Entreculturas\"},\"image\":{\"@id\":\"https:\\\/\\\/www.entreculturas.org\\\/gl\\\/#\\\/schema\\\/logo\\\/image\\\/\"},\"sameAs\":[\"https:\\\/\\\/www.facebook.com\\\/entreculturas\",\"https:\\\/\\\/x.com\\\/Entreculturas\",\"https:\\\/\\\/www.instagram.com\\\/entreculturas\\\/\",\"https:\\\/\\\/www.youtube.com\\\/user\\\/entreculturasvideo\",\"https:\\\/\\\/www.linkedin.com\\\/company\\\/fundacion-entreculturas-ngdo\\\/\",\"https:\\\/\\\/www.flickr.com\\\/photos\\\/98455522@N04\\\/albums\\\/\"]}]}<\/script>\n<!-- \/ Yoast SEO Premium plugin. -->","yoast_head_json":{"title":"Ni\u00f1as alzan su voz en Foro Internacional","description":"Ni\u00f1as alzan su voz en el Foro Internacional de La LUZ de las NI\u00d1AS para exigir un futuro libre de violencia.","robots":{"index":"index","follow":"follow","max-snippet":"max-snippet:-1","max-image-preview":"max-image-preview:large","max-video-preview":"max-video-preview:-1"},"canonical":"https:\/\/www.entreculturas.org\/gl\/la-luz-de-las-ninas\/noticia\/ninas-de-9-paises-alzan-su-voz-en-el-foro-internacional-de-la-luz-de-las-ninas-2024\/","og_locale":"gl_ES","og_type":"article","og_title":"Ni\u00f1as de 9 pa\u00edses alzan su voz en el Foro Internacional de La LUZ de las NI\u00d1AS 2024","og_description":"Ni\u00f1as alzan su voz en el Foro Internacional de La LUZ de las NI\u00d1AS para exigir un futuro libre de violencia.","og_url":"https:\/\/www.entreculturas.org\/gl\/la-luz-de-las-ninas\/noticia\/ninas-de-9-paises-alzan-su-voz-en-el-foro-internacional-de-la-luz-de-las-ninas-2024\/","og_site_name":"Entreculturas","article_publisher":"https:\/\/www.facebook.com\/entreculturas","article_modified_time":"2024-11-06T12:48:33+00:00","og_image":[{"width":2533,"height":893,"url":"https:\/\/www.entreculturas.org\/wp-content\/uploads\/2024\/11\/LdN-Banner-Noticia.jpg","type":"image\/jpeg"}],"twitter_card":"summary_large_image","twitter_site":"@Entreculturas","schema":{"@context":"https:\/\/schema.org","@graph":[{"@type":"WebPage","@id":"https:\/\/www.entreculturas.org\/gl\/la-luz-de-las-ninas\/noticia\/ninas-de-9-paises-alzan-su-voz-en-el-foro-internacional-de-la-luz-de-las-ninas-2024\/","url":"https:\/\/www.entreculturas.org\/gl\/la-luz-de-las-ninas\/noticia\/ninas-de-9-paises-alzan-su-voz-en-el-foro-internacional-de-la-luz-de-las-ninas-2024\/","name":"Ni\u00f1as alzan su voz en Foro Internacional","isPartOf":{"@id":"https:\/\/www.entreculturas.org\/gl\/#website"},"primaryImageOfPage":{"@id":"https:\/\/www.entreculturas.org\/gl\/la-luz-de-las-ninas\/noticia\/ninas-de-9-paises-alzan-su-voz-en-el-foro-internacional-de-la-luz-de-las-ninas-2024\/#primaryimage"},"image":{"@id":"https:\/\/www.entreculturas.org\/gl\/la-luz-de-las-ninas\/noticia\/ninas-de-9-paises-alzan-su-voz-en-el-foro-internacional-de-la-luz-de-las-ninas-2024\/#primaryimage"},"thumbnailUrl":"https:\/\/www.entreculturas.org\/wp-content\/uploads\/2024\/11\/LdN-Banner-Noticia.jpg","datePublished":"2024-11-06T11:40:18+00:00","dateModified":"2024-11-06T12:48:33+00:00","description":"Ni\u00f1as alzan su voz en el Foro Internacional de La LUZ de las NI\u00d1AS para exigir un futuro libre de violencia.","breadcrumb":{"@id":"https:\/\/www.entreculturas.org\/gl\/la-luz-de-las-ninas\/noticia\/ninas-de-9-paises-alzan-su-voz-en-el-foro-internacional-de-la-luz-de-las-ninas-2024\/#breadcrumb"},"inLanguage":"gl-ES","potentialAction":[{"@type":"ReadAction","target":["https:\/\/www.entreculturas.org\/gl\/la-luz-de-las-ninas\/noticia\/ninas-de-9-paises-alzan-su-voz-en-el-foro-internacional-de-la-luz-de-las-ninas-2024\/"]}]},{"@type":"ImageObject","inLanguage":"gl-ES","@id":"https:\/\/www.entreculturas.org\/gl\/la-luz-de-las-ninas\/noticia\/ninas-de-9-paises-alzan-su-voz-en-el-foro-internacional-de-la-luz-de-las-ninas-2024\/#primaryimage","url":"https:\/\/www.entreculturas.org\/wp-content\/uploads\/2024\/11\/LdN-Banner-Noticia.jpg","contentUrl":"https:\/\/www.entreculturas.org\/wp-content\/uploads\/2024\/11\/LdN-Banner-Noticia.jpg","width":2533,"height":893,"caption":"Foro Internacional La LUZ de las NI\u00d1AS"},{"@type":"BreadcrumbList","@id":"https:\/\/www.entreculturas.org\/gl\/la-luz-de-las-ninas\/noticia\/ninas-de-9-paises-alzan-su-voz-en-el-foro-internacional-de-la-luz-de-las-ninas-2024\/#breadcrumb","itemListElement":[{"@type":"ListItem","position":1,"name":"Home","item":"https:\/\/www.entreculturas.org\/gl\/"},{"@type":"ListItem","position":2,"name":"Noticias LLDLN","item":"https:\/\/www.entreculturas.org\/gl\/noticias-la-luz-de-las-ninas\/"},{"@type":"ListItem","position":3,"name":"Ni\u00f1as de 9 pa\u00edses alzan su voz en el Foro Internacional de La LUZ de las NI\u00d1AS 2024"}]},{"@type":"WebSite","@id":"https:\/\/www.entreculturas.org\/gl\/#website","url":"https:\/\/www.entreculturas.org\/gl\/","name":"Entreculturas","description":"","publisher":{"@id":"https:\/\/www.entreculturas.org\/gl\/#organization"},"alternateName":"Entreculturas","potentialAction":[{"@type":"SearchAction","target":{"@type":"EntryPoint","urlTemplate":"https:\/\/www.entreculturas.org\/gl\/?s={search_term_string}"},"query-input":{"@type":"PropertyValueSpecification","valueRequired":true,"valueName":"search_term_string"}}],"inLanguage":"gl-ES"},{"@type":"Organization","@id":"https:\/\/www.entreculturas.org\/gl\/#organization","name":"Entreculturas","url":"https:\/\/www.entreculturas.org\/gl\/","logo":{"@type":"ImageObject","inLanguage":"gl-ES","@id":"https:\/\/www.entreculturas.org\/gl\/#\/schema\/logo\/image\/","url":"https:\/\/www.entreculturas.org\/wp-content\/uploads\/2025\/10\/ESP.svg","contentUrl":"https:\/\/www.entreculturas.org\/wp-content\/uploads\/2025\/10\/ESP.svg","caption":"Entreculturas"},"image":{"@id":"https:\/\/www.entreculturas.org\/gl\/#\/schema\/logo\/image\/"},"sameAs":["https:\/\/www.facebook.com\/entreculturas","https:\/\/x.com\/Entreculturas","https:\/\/www.instagram.com\/entreculturas\/","https:\/\/www.youtube.com\/user\/entreculturasvideo","https:\/\/www.linkedin.com\/company\/fundacion-entreculturas-ngdo\/","https:\/\/www.flickr.com\/photos\/98455522@N04\/albums\/"]}]}},"_links":{"self":[{"href":"https:\/\/www.entreculturas.org\/gl\/wp-json\/wp\/v2\/xxx\/35256","targetHints":{"allow":["GET"]}}],"collection":[{"href":"https:\/\/www.entreculturas.org\/gl\/wp-json\/wp\/v2\/xxx"}],"about":[{"href":"https:\/\/www.entreculturas.org\/gl\/wp-json\/wp\/v2\/types\/xxx"}],"wp:featuredmedia":[{"embeddable":true,"href":"https:\/\/www.entreculturas.org\/gl\/wp-json\/wp\/v2\/media\/35311"}],"wp:attachment":[{"href":"https:\/\/www.entreculturas.org\/gl\/wp-json\/wp\/v2\/media?parent=35256"}],"wp:term":[{"taxonomy":"category","embeddable":true,"href":"https:\/\/www.entreculturas.org\/gl\/wp-json\/wp\/v2\/categories?post=35256"},{"taxonomy":"post_tag","embeddable":true,"href":"https:\/\/www.entreculturas.org\/gl\/wp-json\/wp\/v2\/tags?post=35256"}],"curies":[{"name":"wp","href":"https:\/\/api.w.org\/{rel}","templated":true}]}}