{"id":33165,"date":"2024-06-04T13:54:51","date_gmt":"2024-06-04T11:54:51","guid":{"rendered":"https:\/\/www.entreculturas.org\/la-luz-de-las-ninas\/noticia\/\/"},"modified":"2024-09-30T14:15:04","modified_gmt":"2024-09-30T12:15:04","slug":"ninas-supervivientes-violencia-sexual-congo","status":"publish","type":"xxx","link":"https:\/\/www.entreculturas.org\/gl\/la-luz-de-las-ninas\/noticia\/ninas-supervivientes-violencia-sexual-congo\/","title":{"rendered":"Ni\u00f1as supervivientes de la violencia sexual en RDC"},"content":{"rendered":"\n<p>En el <strong>D\u00eda Internacional para la Eliminaci\u00f3n de la Violencia Sexual en los Conflictos<\/strong>, queremos expresarte nuestra profunda preocupaci\u00f3n. Los datos son alarmantes: en 2023, los casos de violencia sexual en contextos de conflicto aumentaron un 50% a nivel global. En el Este de la Rep\u00fablica Democr\u00e1tica del Congo (RDC), donde la situaci\u00f3n humanitaria se deteriora d\u00eda a d\u00eda, la vulnerabilidad de las ni\u00f1as ha alcanzado niveles cr\u00edticos. <strong>Solo en los campamentos de la zona Kivu, se documentaron casi 8.000 casos de violencia sexual en menos de tres meses.<\/strong><\/p>\n\n\n\n<div style=\"height:10px\" aria-hidden=\"true\" class=\"wp-block-spacer\"><\/div>\n\n\n\n<p><strong>Rachel Echoko, psic\u00f3loga especialista en violencia sexual en la RDC del JRS<\/strong>, explica: &#8220;Con esta guerra, la violencia sexual ha aumentado, alcanzando un nivel muy elevado. Las ni\u00f1as son las m\u00e1s expuestas. Nosotras las ayudamos a atravesar esos momentos dif\u00edciles a partir de sesiones terap\u00e9uticas.&#8221; A\u00f1ade adem\u00e1s: &#8220;<strong>Las secuelas f\u00edsicas y psicol\u00f3gicas que dejan estos abusos son devastadoras<\/strong> y requieren de un apoyo constante y especializado para que las ni\u00f1as puedan recuperarse.&#8221;<\/p>\n\n\n\n<div style=\"height:10px\" aria-hidden=\"true\" class=\"wp-block-spacer\"><\/div>\n\n\n\n<p>Ante esta realidad desgarradora, trabajamos en el pa\u00eds ofreciendo un apoyo integral a las ni\u00f1as supervivientes de violencia sexual, a trav\u00e9s de nuestro programa <strong>La LUZ de las NI\u00d1AS<\/strong>. En la zona de Masisi, junto a JRS, proporcionamos a las ni\u00f1as terapia psicol\u00f3gica individual y de grupo, trabajamos en la prevenci\u00f3n de la explotaci\u00f3n sexual y brindamos a las ni\u00f1as un espacio seguro donde pueden hablar y sanar.<\/p>\n\n\n\n<div style=\"height:20px\" aria-hidden=\"true\" class=\"wp-block-spacer\"><\/div>\n\n\n\n<figure class=\"wp-block-embed is-type-video is-provider-youtube wp-block-embed-youtube wp-embed-aspect-16-9 wp-has-aspect-ratio\"><div class=\"wp-block-embed__wrapper\">\n<iframe loading=\"lazy\" title=\"Entrevista a psic\u00f3loga especialista en violencia sexual en RDC | La LUZ de las NI\u00d1AS\" width=\"500\" height=\"281\" src=\"https:\/\/www.youtube.com\/embed\/20L0gSHzeaA?feature=oembed\" frameborder=\"0\" allow=\"accelerometer; autoplay; clipboard-write; encrypted-media; gyroscope; picture-in-picture; web-share\" referrerpolicy=\"strict-origin-when-cross-origin\" allowfullscreen><\/iframe>\n<\/div><\/figure>\n","protected":false},"excerpt":{"rendered":"<p>En el D\u00eda Internacional para la Eliminaci\u00f3n de la Violencia Sexual en los Conflictos, queremos expresarte nuestra profunda preocupaci\u00f3n. Los datos son alarmantes: en 2023, los casos de violencia sexual en contextos de conflicto aumentaron un 50% a nivel global. En el Este de la Rep\u00fablica Democr\u00e1tica del Congo (RDC), donde la situaci\u00f3n humanitaria se deteriora d\u00eda a d\u00eda, la vulnerabilidad de las ni\u00f1as ha alcanzado niveles cr\u00edticos. Solo en los campamentos de la zona Kivu, se documentaron casi 8.000 casos de violencia sexual en menos de tres meses. Rachel Echoko, psic\u00f3loga especialista en violencia sexual en la RDC del JRS, explica: &#8220;Con esta guerra, la violencia sexual ha aumentado, alcanzando un nivel muy elevado. Las ni\u00f1as son las m\u00e1s expuestas. Nosotras las ayudamos a atravesar esos momentos dif\u00edciles a partir de sesiones terap\u00e9uticas.&#8221; A\u00f1ade adem\u00e1s: &#8220;Las secuelas f\u00edsicas y psicol\u00f3gicas que dejan estos abusos son devastadoras y requieren de [&hellip;]<\/p>\n","protected":false},"featured_media":32792,"template":"wp-custom-template-noticias-la-luz-de-las-ninas-2","meta":{"_acf_changed":false},"categories":[7],"tags":[],"class_list":["post-33165","xxx","type-xxx","status-publish","has-post-thumbnail","hentry","category-noticia"],"acf":[],"yoast_head":"<!-- This site is optimized with the Yoast SEO Premium plugin v21.6 (Yoast SEO v27.5) - https:\/\/yoast.com\/product\/yoast-seo-premium-wordpress\/ -->\n<title>Ni\u00f1as supervivientes de la violencia sexual en RDC - Entreculturas<\/title>\n<meta name=\"description\" content=\"En el Este de la Rep\u00fablica Democr\u00e1tica del Congo (RDC), donde la situaci\u00f3n humanitaria se deteriora d\u00eda a d\u00eda, la vulnerabilidad de las ni\u00f1as ha alcanzado niveles cr\u00edticos. Solo en los campamentos de la zona Kivu, se documentaron casi 8.000 casos de violencia sexual en menos de tres meses.\" \/>\n<meta name=\"robots\" content=\"index, follow, max-snippet:-1, max-image-preview:large, max-video-preview:-1\" \/>\n<link rel=\"canonical\" href=\"https:\/\/www.entreculturas.org\/gl\/la-luz-de-las-ninas\/noticia\/ninas-supervivientes-violencia-sexual-congo\/\" \/>\n<meta property=\"og:locale\" content=\"gl_ES\" \/>\n<meta property=\"og:type\" content=\"article\" \/>\n<meta property=\"og:title\" content=\"Ni\u00f1as supervivientes de la violencia sexual en RDC\" \/>\n<meta property=\"og:description\" content=\"En el Este de la Rep\u00fablica Democr\u00e1tica del Congo (RDC), donde la situaci\u00f3n humanitaria se deteriora d\u00eda a d\u00eda, la vulnerabilidad de las ni\u00f1as ha alcanzado niveles cr\u00edticos. Solo en los campamentos de la zona Kivu, se documentaron casi 8.000 casos de violencia sexual en menos de tres meses.\" \/>\n<meta property=\"og:url\" content=\"https:\/\/www.entreculturas.org\/gl\/la-luz-de-las-ninas\/noticia\/ninas-supervivientes-violencia-sexual-congo\/\" \/>\n<meta property=\"og:site_name\" content=\"Entreculturas\" \/>\n<meta property=\"article:publisher\" content=\"https:\/\/www.facebook.com\/entreculturas\" \/>\n<meta property=\"article:modified_time\" content=\"2024-09-30T12:15:04+00:00\" \/>\n<meta property=\"og:image\" content=\"https:\/\/www.entreculturas.org\/wp-content\/uploads\/2024\/09\/noticia-luz-ninas-2-1.jpg\" \/>\n\t<meta property=\"og:image:width\" content=\"1200\" \/>\n\t<meta property=\"og:image:height\" content=\"675\" \/>\n\t<meta property=\"og:image:type\" content=\"image\/jpeg\" \/>\n<meta name=\"twitter:card\" content=\"summary_large_image\" \/>\n<meta name=\"twitter:site\" content=\"@Entreculturas\" \/>\n<script type=\"application\/ld+json\" class=\"yoast-schema-graph\">{\"@context\":\"https:\\\/\\\/schema.org\",\"@graph\":[{\"@type\":\"WebPage\",\"@id\":\"https:\\\/\\\/www.entreculturas.org\\\/gl\\\/la-luz-de-las-ninas\\\/noticia\\\/ninas-supervivientes-violencia-sexual-congo\\\/\",\"url\":\"https:\\\/\\\/www.entreculturas.org\\\/gl\\\/la-luz-de-las-ninas\\\/noticia\\\/ninas-supervivientes-violencia-sexual-congo\\\/\",\"name\":\"Ni\u00f1as supervivientes de la violencia sexual en RDC - Entreculturas\",\"isPartOf\":{\"@id\":\"https:\\\/\\\/www.entreculturas.org\\\/gl\\\/#website\"},\"primaryImageOfPage\":{\"@id\":\"https:\\\/\\\/www.entreculturas.org\\\/gl\\\/la-luz-de-las-ninas\\\/noticia\\\/ninas-supervivientes-violencia-sexual-congo\\\/#primaryimage\"},\"image\":{\"@id\":\"https:\\\/\\\/www.entreculturas.org\\\/gl\\\/la-luz-de-las-ninas\\\/noticia\\\/ninas-supervivientes-violencia-sexual-congo\\\/#primaryimage\"},\"thumbnailUrl\":\"https:\\\/\\\/www.entreculturas.org\\\/wp-content\\\/uploads\\\/2024\\\/09\\\/noticia-luz-ninas-2-1.jpg\",\"datePublished\":\"2024-06-04T11:54:51+00:00\",\"dateModified\":\"2024-09-30T12:15:04+00:00\",\"description\":\"En el Este de la Rep\u00fablica Democr\u00e1tica del Congo (RDC), donde la situaci\u00f3n humanitaria se deteriora d\u00eda a d\u00eda, la vulnerabilidad de las ni\u00f1as ha alcanzado niveles cr\u00edticos. Solo en los campamentos de la zona Kivu, se documentaron casi 8.000 casos de violencia sexual en menos de tres meses.\",\"breadcrumb\":{\"@id\":\"https:\\\/\\\/www.entreculturas.org\\\/gl\\\/la-luz-de-las-ninas\\\/noticia\\\/ninas-supervivientes-violencia-sexual-congo\\\/#breadcrumb\"},\"inLanguage\":\"gl-ES\",\"potentialAction\":[{\"@type\":\"ReadAction\",\"target\":[\"https:\\\/\\\/www.entreculturas.org\\\/gl\\\/la-luz-de-las-ninas\\\/noticia\\\/ninas-supervivientes-violencia-sexual-congo\\\/\"]}]},{\"@type\":\"ImageObject\",\"inLanguage\":\"gl-ES\",\"@id\":\"https:\\\/\\\/www.entreculturas.org\\\/gl\\\/la-luz-de-las-ninas\\\/noticia\\\/ninas-supervivientes-violencia-sexual-congo\\\/#primaryimage\",\"url\":\"https:\\\/\\\/www.entreculturas.org\\\/wp-content\\\/uploads\\\/2024\\\/09\\\/noticia-luz-ninas-2-1.jpg\",\"contentUrl\":\"https:\\\/\\\/www.entreculturas.org\\\/wp-content\\\/uploads\\\/2024\\\/09\\\/noticia-luz-ninas-2-1.jpg\",\"width\":1200,\"height\":675,\"caption\":\"Mount Nyiragongo eruption aftermath in Mujoga RDC: the displaced populations from the neighbouring villages are now in improvised displaced shelters. The population growed from over 800 people to almost 2000. Credits to Irene Galera-JRS\"},{\"@type\":\"BreadcrumbList\",\"@id\":\"https:\\\/\\\/www.entreculturas.org\\\/gl\\\/la-luz-de-las-ninas\\\/noticia\\\/ninas-supervivientes-violencia-sexual-congo\\\/#breadcrumb\",\"itemListElement\":[{\"@type\":\"ListItem\",\"position\":1,\"name\":\"Home\",\"item\":\"https:\\\/\\\/www.entreculturas.org\\\/gl\\\/\"},{\"@type\":\"ListItem\",\"position\":2,\"name\":\"Noticias LLDLN\",\"item\":\"https:\\\/\\\/www.entreculturas.org\\\/gl\\\/noticias-la-luz-de-las-ninas\\\/\"},{\"@type\":\"ListItem\",\"position\":3,\"name\":\"Ni\u00f1as supervivientes de la violencia sexual en RDC\"}]},{\"@type\":\"WebSite\",\"@id\":\"https:\\\/\\\/www.entreculturas.org\\\/gl\\\/#website\",\"url\":\"https:\\\/\\\/www.entreculturas.org\\\/gl\\\/\",\"name\":\"Entreculturas\",\"description\":\"\",\"publisher\":{\"@id\":\"https:\\\/\\\/www.entreculturas.org\\\/gl\\\/#organization\"},\"alternateName\":\"Entreculturas\",\"potentialAction\":[{\"@type\":\"SearchAction\",\"target\":{\"@type\":\"EntryPoint\",\"urlTemplate\":\"https:\\\/\\\/www.entreculturas.org\\\/gl\\\/?s={search_term_string}\"},\"query-input\":{\"@type\":\"PropertyValueSpecification\",\"valueRequired\":true,\"valueName\":\"search_term_string\"}}],\"inLanguage\":\"gl-ES\"},{\"@type\":\"Organization\",\"@id\":\"https:\\\/\\\/www.entreculturas.org\\\/gl\\\/#organization\",\"name\":\"Entreculturas\",\"url\":\"https:\\\/\\\/www.entreculturas.org\\\/gl\\\/\",\"logo\":{\"@type\":\"ImageObject\",\"inLanguage\":\"gl-ES\",\"@id\":\"https:\\\/\\\/www.entreculturas.org\\\/gl\\\/#\\\/schema\\\/logo\\\/image\\\/\",\"url\":\"https:\\\/\\\/www.entreculturas.org\\\/wp-content\\\/uploads\\\/2025\\\/10\\\/ESP.svg\",\"contentUrl\":\"https:\\\/\\\/www.entreculturas.org\\\/wp-content\\\/uploads\\\/2025\\\/10\\\/ESP.svg\",\"caption\":\"Entreculturas\"},\"image\":{\"@id\":\"https:\\\/\\\/www.entreculturas.org\\\/gl\\\/#\\\/schema\\\/logo\\\/image\\\/\"},\"sameAs\":[\"https:\\\/\\\/www.facebook.com\\\/entreculturas\",\"https:\\\/\\\/x.com\\\/Entreculturas\",\"https:\\\/\\\/www.instagram.com\\\/entreculturas\\\/\",\"https:\\\/\\\/www.youtube.com\\\/user\\\/entreculturasvideo\",\"https:\\\/\\\/www.linkedin.com\\\/company\\\/fundacion-entreculturas-ngdo\\\/\",\"https:\\\/\\\/www.flickr.com\\\/photos\\\/98455522@N04\\\/albums\\\/\"]}]}<\/script>\n<!-- \/ Yoast SEO Premium plugin. -->","yoast_head_json":{"title":"Ni\u00f1as supervivientes de la violencia sexual en RDC - Entreculturas","description":"En el Este de la Rep\u00fablica Democr\u00e1tica del Congo (RDC), donde la situaci\u00f3n humanitaria se deteriora d\u00eda a d\u00eda, la vulnerabilidad de las ni\u00f1as ha alcanzado niveles cr\u00edticos. Solo en los campamentos de la zona Kivu, se documentaron casi 8.000 casos de violencia sexual en menos de tres meses.","robots":{"index":"index","follow":"follow","max-snippet":"max-snippet:-1","max-image-preview":"max-image-preview:large","max-video-preview":"max-video-preview:-1"},"canonical":"https:\/\/www.entreculturas.org\/gl\/la-luz-de-las-ninas\/noticia\/ninas-supervivientes-violencia-sexual-congo\/","og_locale":"gl_ES","og_type":"article","og_title":"Ni\u00f1as supervivientes de la violencia sexual en RDC","og_description":"En el Este de la Rep\u00fablica Democr\u00e1tica del Congo (RDC), donde la situaci\u00f3n humanitaria se deteriora d\u00eda a d\u00eda, la vulnerabilidad de las ni\u00f1as ha alcanzado niveles cr\u00edticos. Solo en los campamentos de la zona Kivu, se documentaron casi 8.000 casos de violencia sexual en menos de tres meses.","og_url":"https:\/\/www.entreculturas.org\/gl\/la-luz-de-las-ninas\/noticia\/ninas-supervivientes-violencia-sexual-congo\/","og_site_name":"Entreculturas","article_publisher":"https:\/\/www.facebook.com\/entreculturas","article_modified_time":"2024-09-30T12:15:04+00:00","og_image":[{"width":1200,"height":675,"url":"https:\/\/www.entreculturas.org\/wp-content\/uploads\/2024\/09\/noticia-luz-ninas-2-1.jpg","type":"image\/jpeg"}],"twitter_card":"summary_large_image","twitter_site":"@Entreculturas","schema":{"@context":"https:\/\/schema.org","@graph":[{"@type":"WebPage","@id":"https:\/\/www.entreculturas.org\/gl\/la-luz-de-las-ninas\/noticia\/ninas-supervivientes-violencia-sexual-congo\/","url":"https:\/\/www.entreculturas.org\/gl\/la-luz-de-las-ninas\/noticia\/ninas-supervivientes-violencia-sexual-congo\/","name":"Ni\u00f1as supervivientes de la violencia sexual en RDC - Entreculturas","isPartOf":{"@id":"https:\/\/www.entreculturas.org\/gl\/#website"},"primaryImageOfPage":{"@id":"https:\/\/www.entreculturas.org\/gl\/la-luz-de-las-ninas\/noticia\/ninas-supervivientes-violencia-sexual-congo\/#primaryimage"},"image":{"@id":"https:\/\/www.entreculturas.org\/gl\/la-luz-de-las-ninas\/noticia\/ninas-supervivientes-violencia-sexual-congo\/#primaryimage"},"thumbnailUrl":"https:\/\/www.entreculturas.org\/wp-content\/uploads\/2024\/09\/noticia-luz-ninas-2-1.jpg","datePublished":"2024-06-04T11:54:51+00:00","dateModified":"2024-09-30T12:15:04+00:00","description":"En el Este de la Rep\u00fablica Democr\u00e1tica del Congo (RDC), donde la situaci\u00f3n humanitaria se deteriora d\u00eda a d\u00eda, la vulnerabilidad de las ni\u00f1as ha alcanzado niveles cr\u00edticos. Solo en los campamentos de la zona Kivu, se documentaron casi 8.000 casos de violencia sexual en menos de tres meses.","breadcrumb":{"@id":"https:\/\/www.entreculturas.org\/gl\/la-luz-de-las-ninas\/noticia\/ninas-supervivientes-violencia-sexual-congo\/#breadcrumb"},"inLanguage":"gl-ES","potentialAction":[{"@type":"ReadAction","target":["https:\/\/www.entreculturas.org\/gl\/la-luz-de-las-ninas\/noticia\/ninas-supervivientes-violencia-sexual-congo\/"]}]},{"@type":"ImageObject","inLanguage":"gl-ES","@id":"https:\/\/www.entreculturas.org\/gl\/la-luz-de-las-ninas\/noticia\/ninas-supervivientes-violencia-sexual-congo\/#primaryimage","url":"https:\/\/www.entreculturas.org\/wp-content\/uploads\/2024\/09\/noticia-luz-ninas-2-1.jpg","contentUrl":"https:\/\/www.entreculturas.org\/wp-content\/uploads\/2024\/09\/noticia-luz-ninas-2-1.jpg","width":1200,"height":675,"caption":"Mount Nyiragongo eruption aftermath in Mujoga RDC: the displaced populations from the neighbouring villages are now in improvised displaced shelters. The population growed from over 800 people to almost 2000. Credits to Irene Galera-JRS"},{"@type":"BreadcrumbList","@id":"https:\/\/www.entreculturas.org\/gl\/la-luz-de-las-ninas\/noticia\/ninas-supervivientes-violencia-sexual-congo\/#breadcrumb","itemListElement":[{"@type":"ListItem","position":1,"name":"Home","item":"https:\/\/www.entreculturas.org\/gl\/"},{"@type":"ListItem","position":2,"name":"Noticias LLDLN","item":"https:\/\/www.entreculturas.org\/gl\/noticias-la-luz-de-las-ninas\/"},{"@type":"ListItem","position":3,"name":"Ni\u00f1as supervivientes de la violencia sexual en RDC"}]},{"@type":"WebSite","@id":"https:\/\/www.entreculturas.org\/gl\/#website","url":"https:\/\/www.entreculturas.org\/gl\/","name":"Entreculturas","description":"","publisher":{"@id":"https:\/\/www.entreculturas.org\/gl\/#organization"},"alternateName":"Entreculturas","potentialAction":[{"@type":"SearchAction","target":{"@type":"EntryPoint","urlTemplate":"https:\/\/www.entreculturas.org\/gl\/?s={search_term_string}"},"query-input":{"@type":"PropertyValueSpecification","valueRequired":true,"valueName":"search_term_string"}}],"inLanguage":"gl-ES"},{"@type":"Organization","@id":"https:\/\/www.entreculturas.org\/gl\/#organization","name":"Entreculturas","url":"https:\/\/www.entreculturas.org\/gl\/","logo":{"@type":"ImageObject","inLanguage":"gl-ES","@id":"https:\/\/www.entreculturas.org\/gl\/#\/schema\/logo\/image\/","url":"https:\/\/www.entreculturas.org\/wp-content\/uploads\/2025\/10\/ESP.svg","contentUrl":"https:\/\/www.entreculturas.org\/wp-content\/uploads\/2025\/10\/ESP.svg","caption":"Entreculturas"},"image":{"@id":"https:\/\/www.entreculturas.org\/gl\/#\/schema\/logo\/image\/"},"sameAs":["https:\/\/www.facebook.com\/entreculturas","https:\/\/x.com\/Entreculturas","https:\/\/www.instagram.com\/entreculturas\/","https:\/\/www.youtube.com\/user\/entreculturasvideo","https:\/\/www.linkedin.com\/company\/fundacion-entreculturas-ngdo\/","https:\/\/www.flickr.com\/photos\/98455522@N04\/albums\/"]}]}},"_links":{"self":[{"href":"https:\/\/www.entreculturas.org\/gl\/wp-json\/wp\/v2\/xxx\/33165","targetHints":{"allow":["GET"]}}],"collection":[{"href":"https:\/\/www.entreculturas.org\/gl\/wp-json\/wp\/v2\/xxx"}],"about":[{"href":"https:\/\/www.entreculturas.org\/gl\/wp-json\/wp\/v2\/types\/xxx"}],"wp:featuredmedia":[{"embeddable":true,"href":"https:\/\/www.entreculturas.org\/gl\/wp-json\/wp\/v2\/media\/32792"}],"wp:attachment":[{"href":"https:\/\/www.entreculturas.org\/gl\/wp-json\/wp\/v2\/media?parent=33165"}],"wp:term":[{"taxonomy":"category","embeddable":true,"href":"https:\/\/www.entreculturas.org\/gl\/wp-json\/wp\/v2\/categories?post=33165"},{"taxonomy":"post_tag","embeddable":true,"href":"https:\/\/www.entreculturas.org\/gl\/wp-json\/wp\/v2\/tags?post=33165"}],"curies":[{"name":"wp","href":"https:\/\/api.w.org\/{rel}","templated":true}]}}