{"id":7965,"date":"2015-05-11T14:25:35","date_gmt":"2015-05-11T14:25:35","guid":{"rendered":"https:\/\/entreculturasi.wpenginepowered.com\/?publicaciones=la-globalizaci-n-formas-consecuencias-y-desaf-os"},"modified":"2023-12-10T17:04:31","modified_gmt":"2023-12-10T16:04:31","slug":"la-globalizaci-n-formas-consecuencias-y-desaf-os","status":"publish","type":"publicacion","link":"https:\/\/www.entreculturas.org\/gl\/publicacion\/la-globalizaci-n-formas-consecuencias-y-desaf-os\/","title":{"rendered":"La Globalizaci\u00f3n: Formas, Consecuencias y Desaf\u00edos"},"content":{"rendered":"<p><!--StartFragment-->Desde no hace muchos a\u00f1os nos convencieron que la tierra era redonda, ahora necesitamos convencernos que tambi\u00e9n puede ser global. Puede que se trate de una moda y que se utilice una nueva palabra para indicar procesos ya conocidos: colonialismo, imperialismo o mundializaci\u00f3n. Sin embargo, puede ser que &lt;global&gt; indique algo nuevo sobre las relaciones entre estados y regiones del mundo, lo que puede implicar tambi\u00e9n una nueva forma de pensar el destino del planeta.<\/p>\n<p>La direcci\u00f3n hacia donde esperamos llegar con este texto tiene que ver con el lugar que cada uno de nosotros, como individuo y como grupi, tiene o puede tener en este nuevo escenario. Particularmente, en cuanto educadores, se trata de construir un lugar, entre maestros y estudiantes, para buscarse juntos y reinventarse.<!--EndFragment--><\/p>\n","protected":false},"excerpt":{"rendered":"<p>Desde no hace muchos a\u00f1os nos convencieron que la tierra era redonda, ahora necesitamos convencernos que tambi\u00e9n puede ser global. Puede que se trate de una moda y que se utilice una nueva palabra para indicar procesos ya conocidos: colonialismo, imperialismo o mundializaci\u00f3n. Sin embargo, puede ser que &lt;global&gt; indique algo nuevo sobre las relaciones entre estados y regiones del mundo, lo que puede implicar tambi\u00e9n una nueva forma de pensar el destino del planeta. La direcci\u00f3n hacia donde esperamos llegar con este texto tiene que ver con el lugar que cada uno de nosotros, como individuo y como grupi, tiene o puede tener en este nuevo escenario. Particularmente, en cuanto educadores, se trata de construir un lugar, entre maestros y estudiantes, para buscarse juntos y reinventarse.<\/p>\n","protected":false},"featured_media":1863,"template":"","format":[112],"categories":[18],"tags":[],"cause":[],"class_list":["post-7965","publicacion","type-publicacion","status-publish","has-post-thumbnail","hentry","category-estudios","format-estudios-e-informes"],"acf":[],"yoast_head":"<!-- This site is optimized with the Yoast SEO Premium plugin v21.6 (Yoast SEO v27.5) - https:\/\/yoast.com\/product\/yoast-seo-premium-wordpress\/ -->\n<title>La Globalizaci\u00f3n: Formas, Consecuencias y Desaf\u00edos - Entreculturas<\/title>\n<meta name=\"robots\" content=\"index, follow, max-snippet:-1, max-image-preview:large, max-video-preview:-1\" \/>\n<link rel=\"canonical\" href=\"https:\/\/www.entreculturas.org\/gl\/publicacion\/la-globalizaci-n-formas-consecuencias-y-desaf-os\/\" \/>\n<meta property=\"og:locale\" content=\"gl_ES\" \/>\n<meta property=\"og:type\" content=\"article\" \/>\n<meta property=\"og:title\" content=\"La Globalizaci\u00f3n: Formas, Consecuencias y Desaf\u00edos\" \/>\n<meta property=\"og:description\" content=\"Desde no hace muchos a\u00f1os nos convencieron que la tierra era redonda, ahora necesitamos convencernos que tambi\u00e9n puede ser global. Puede que se trate de una moda y que se utilice una nueva palabra para indicar procesos ya conocidos: colonialismo, imperialismo o mundializaci\u00f3n. Sin embargo, puede ser que &lt;global&gt; indique algo nuevo sobre las relaciones entre estados y regiones del mundo, lo que puede implicar tambi\u00e9n una nueva forma de pensar el destino del planeta. La direcci\u00f3n hacia donde esperamos llegar con este texto tiene que ver con el lugar que cada uno de nosotros, como individuo y como grupi, tiene o puede tener en este nuevo escenario. Particularmente, en cuanto educadores, se trata de construir un lugar, entre maestros y estudiantes, para buscarse juntos y reinventarse.\" \/>\n<meta property=\"og:url\" content=\"https:\/\/www.entreculturas.org\/gl\/publicacion\/la-globalizaci-n-formas-consecuencias-y-desaf-os\/\" \/>\n<meta property=\"og:site_name\" content=\"Entreculturas\" \/>\n<meta property=\"article:publisher\" content=\"https:\/\/www.facebook.com\/entreculturas\" \/>\n<meta property=\"article:modified_time\" content=\"2023-12-10T16:04:31+00:00\" \/>\n<meta name=\"twitter:card\" content=\"summary_large_image\" \/>\n<meta name=\"twitter:site\" content=\"@Entreculturas\" \/>\n<script type=\"application\/ld+json\" class=\"yoast-schema-graph\">{\"@context\":\"https:\\\/\\\/schema.org\",\"@graph\":[{\"@type\":\"WebPage\",\"@id\":\"https:\\\/\\\/www.entreculturas.org\\\/gl\\\/publicacion\\\/la-globalizaci-n-formas-consecuencias-y-desaf-os\\\/\",\"url\":\"https:\\\/\\\/www.entreculturas.org\\\/gl\\\/publicacion\\\/la-globalizaci-n-formas-consecuencias-y-desaf-os\\\/\",\"name\":\"La Globalizaci\u00f3n: Formas, Consecuencias y Desaf\u00edos - Entreculturas\",\"isPartOf\":{\"@id\":\"https:\\\/\\\/www.entreculturas.org\\\/gl\\\/#website\"},\"primaryImageOfPage\":{\"@id\":\"https:\\\/\\\/www.entreculturas.org\\\/gl\\\/publicacion\\\/la-globalizaci-n-formas-consecuencias-y-desaf-os\\\/#primaryimage\"},\"image\":{\"@id\":\"https:\\\/\\\/www.entreculturas.org\\\/gl\\\/publicacion\\\/la-globalizaci-n-formas-consecuencias-y-desaf-os\\\/#primaryimage\"},\"thumbnailUrl\":\"https:\\\/\\\/www.entreculturas.org\\\/wp-content\\\/uploads\\\/2023\\\/11\\\/1-rojo.svg\",\"datePublished\":\"2015-05-11T14:25:35+00:00\",\"dateModified\":\"2023-12-10T16:04:31+00:00\",\"breadcrumb\":{\"@id\":\"https:\\\/\\\/www.entreculturas.org\\\/gl\\\/publicacion\\\/la-globalizaci-n-formas-consecuencias-y-desaf-os\\\/#breadcrumb\"},\"inLanguage\":\"gl-ES\",\"potentialAction\":[{\"@type\":\"ReadAction\",\"target\":[\"https:\\\/\\\/www.entreculturas.org\\\/gl\\\/publicacion\\\/la-globalizaci-n-formas-consecuencias-y-desaf-os\\\/\"]}]},{\"@type\":\"ImageObject\",\"inLanguage\":\"gl-ES\",\"@id\":\"https:\\\/\\\/www.entreculturas.org\\\/gl\\\/publicacion\\\/la-globalizaci-n-formas-consecuencias-y-desaf-os\\\/#primaryimage\",\"url\":\"https:\\\/\\\/www.entreculturas.org\\\/wp-content\\\/uploads\\\/2023\\\/11\\\/1-rojo.svg\",\"contentUrl\":\"https:\\\/\\\/www.entreculturas.org\\\/wp-content\\\/uploads\\\/2023\\\/11\\\/1-rojo.svg\"},{\"@type\":\"BreadcrumbList\",\"@id\":\"https:\\\/\\\/www.entreculturas.org\\\/gl\\\/publicacion\\\/la-globalizaci-n-formas-consecuencias-y-desaf-os\\\/#breadcrumb\",\"itemListElement\":[{\"@type\":\"ListItem\",\"position\":1,\"name\":\"Home\",\"item\":\"https:\\\/\\\/www.entreculturas.org\\\/gl\\\/\"},{\"@type\":\"ListItem\",\"position\":2,\"name\":\"Publicaciones\",\"item\":\"https:\\\/\\\/www.entreculturas.org\\\/gl\\\/publicaciones\\\/\"},{\"@type\":\"ListItem\",\"position\":3,\"name\":\"La Globalizaci\u00f3n: Formas, Consecuencias y Desaf\u00edos\"}]},{\"@type\":\"WebSite\",\"@id\":\"https:\\\/\\\/www.entreculturas.org\\\/gl\\\/#website\",\"url\":\"https:\\\/\\\/www.entreculturas.org\\\/gl\\\/\",\"name\":\"Entreculturas\",\"description\":\"\",\"publisher\":{\"@id\":\"https:\\\/\\\/www.entreculturas.org\\\/gl\\\/#organization\"},\"alternateName\":\"Entreculturas\",\"potentialAction\":[{\"@type\":\"SearchAction\",\"target\":{\"@type\":\"EntryPoint\",\"urlTemplate\":\"https:\\\/\\\/www.entreculturas.org\\\/gl\\\/?s={search_term_string}\"},\"query-input\":{\"@type\":\"PropertyValueSpecification\",\"valueRequired\":true,\"valueName\":\"search_term_string\"}}],\"inLanguage\":\"gl-ES\"},{\"@type\":\"Organization\",\"@id\":\"https:\\\/\\\/www.entreculturas.org\\\/gl\\\/#organization\",\"name\":\"Entreculturas\",\"url\":\"https:\\\/\\\/www.entreculturas.org\\\/gl\\\/\",\"logo\":{\"@type\":\"ImageObject\",\"inLanguage\":\"gl-ES\",\"@id\":\"https:\\\/\\\/www.entreculturas.org\\\/gl\\\/#\\\/schema\\\/logo\\\/image\\\/\",\"url\":\"https:\\\/\\\/www.entreculturas.org\\\/wp-content\\\/uploads\\\/2025\\\/10\\\/ESP.svg\",\"contentUrl\":\"https:\\\/\\\/www.entreculturas.org\\\/wp-content\\\/uploads\\\/2025\\\/10\\\/ESP.svg\",\"caption\":\"Entreculturas\"},\"image\":{\"@id\":\"https:\\\/\\\/www.entreculturas.org\\\/gl\\\/#\\\/schema\\\/logo\\\/image\\\/\"},\"sameAs\":[\"https:\\\/\\\/www.facebook.com\\\/entreculturas\",\"https:\\\/\\\/x.com\\\/Entreculturas\",\"https:\\\/\\\/www.instagram.com\\\/entreculturas\\\/\",\"https:\\\/\\\/www.youtube.com\\\/user\\\/entreculturasvideo\",\"https:\\\/\\\/www.linkedin.com\\\/company\\\/fundacion-entreculturas-ngdo\\\/\",\"https:\\\/\\\/www.flickr.com\\\/photos\\\/98455522@N04\\\/albums\\\/\"]}]}<\/script>\n<!-- \/ Yoast SEO Premium plugin. -->","yoast_head_json":{"title":"La Globalizaci\u00f3n: Formas, Consecuencias y Desaf\u00edos - Entreculturas","robots":{"index":"index","follow":"follow","max-snippet":"max-snippet:-1","max-image-preview":"max-image-preview:large","max-video-preview":"max-video-preview:-1"},"canonical":"https:\/\/www.entreculturas.org\/gl\/publicacion\/la-globalizaci-n-formas-consecuencias-y-desaf-os\/","og_locale":"gl_ES","og_type":"article","og_title":"La Globalizaci\u00f3n: Formas, Consecuencias y Desaf\u00edos","og_description":"Desde no hace muchos a\u00f1os nos convencieron que la tierra era redonda, ahora necesitamos convencernos que tambi\u00e9n puede ser global. Puede que se trate de una moda y que se utilice una nueva palabra para indicar procesos ya conocidos: colonialismo, imperialismo o mundializaci\u00f3n. Sin embargo, puede ser que &lt;global&gt; indique algo nuevo sobre las relaciones entre estados y regiones del mundo, lo que puede implicar tambi\u00e9n una nueva forma de pensar el destino del planeta. La direcci\u00f3n hacia donde esperamos llegar con este texto tiene que ver con el lugar que cada uno de nosotros, como individuo y como grupi, tiene o puede tener en este nuevo escenario. Particularmente, en cuanto educadores, se trata de construir un lugar, entre maestros y estudiantes, para buscarse juntos y reinventarse.","og_url":"https:\/\/www.entreculturas.org\/gl\/publicacion\/la-globalizaci-n-formas-consecuencias-y-desaf-os\/","og_site_name":"Entreculturas","article_publisher":"https:\/\/www.facebook.com\/entreculturas","article_modified_time":"2023-12-10T16:04:31+00:00","twitter_card":"summary_large_image","twitter_site":"@Entreculturas","schema":{"@context":"https:\/\/schema.org","@graph":[{"@type":"WebPage","@id":"https:\/\/www.entreculturas.org\/gl\/publicacion\/la-globalizaci-n-formas-consecuencias-y-desaf-os\/","url":"https:\/\/www.entreculturas.org\/gl\/publicacion\/la-globalizaci-n-formas-consecuencias-y-desaf-os\/","name":"La Globalizaci\u00f3n: Formas, Consecuencias y Desaf\u00edos - Entreculturas","isPartOf":{"@id":"https:\/\/www.entreculturas.org\/gl\/#website"},"primaryImageOfPage":{"@id":"https:\/\/www.entreculturas.org\/gl\/publicacion\/la-globalizaci-n-formas-consecuencias-y-desaf-os\/#primaryimage"},"image":{"@id":"https:\/\/www.entreculturas.org\/gl\/publicacion\/la-globalizaci-n-formas-consecuencias-y-desaf-os\/#primaryimage"},"thumbnailUrl":"https:\/\/www.entreculturas.org\/wp-content\/uploads\/2023\/11\/1-rojo.svg","datePublished":"2015-05-11T14:25:35+00:00","dateModified":"2023-12-10T16:04:31+00:00","breadcrumb":{"@id":"https:\/\/www.entreculturas.org\/gl\/publicacion\/la-globalizaci-n-formas-consecuencias-y-desaf-os\/#breadcrumb"},"inLanguage":"gl-ES","potentialAction":[{"@type":"ReadAction","target":["https:\/\/www.entreculturas.org\/gl\/publicacion\/la-globalizaci-n-formas-consecuencias-y-desaf-os\/"]}]},{"@type":"ImageObject","inLanguage":"gl-ES","@id":"https:\/\/www.entreculturas.org\/gl\/publicacion\/la-globalizaci-n-formas-consecuencias-y-desaf-os\/#primaryimage","url":"https:\/\/www.entreculturas.org\/wp-content\/uploads\/2023\/11\/1-rojo.svg","contentUrl":"https:\/\/www.entreculturas.org\/wp-content\/uploads\/2023\/11\/1-rojo.svg"},{"@type":"BreadcrumbList","@id":"https:\/\/www.entreculturas.org\/gl\/publicacion\/la-globalizaci-n-formas-consecuencias-y-desaf-os\/#breadcrumb","itemListElement":[{"@type":"ListItem","position":1,"name":"Home","item":"https:\/\/www.entreculturas.org\/gl\/"},{"@type":"ListItem","position":2,"name":"Publicaciones","item":"https:\/\/www.entreculturas.org\/gl\/publicaciones\/"},{"@type":"ListItem","position":3,"name":"La Globalizaci\u00f3n: Formas, Consecuencias y Desaf\u00edos"}]},{"@type":"WebSite","@id":"https:\/\/www.entreculturas.org\/gl\/#website","url":"https:\/\/www.entreculturas.org\/gl\/","name":"Entreculturas","description":"","publisher":{"@id":"https:\/\/www.entreculturas.org\/gl\/#organization"},"alternateName":"Entreculturas","potentialAction":[{"@type":"SearchAction","target":{"@type":"EntryPoint","urlTemplate":"https:\/\/www.entreculturas.org\/gl\/?s={search_term_string}"},"query-input":{"@type":"PropertyValueSpecification","valueRequired":true,"valueName":"search_term_string"}}],"inLanguage":"gl-ES"},{"@type":"Organization","@id":"https:\/\/www.entreculturas.org\/gl\/#organization","name":"Entreculturas","url":"https:\/\/www.entreculturas.org\/gl\/","logo":{"@type":"ImageObject","inLanguage":"gl-ES","@id":"https:\/\/www.entreculturas.org\/gl\/#\/schema\/logo\/image\/","url":"https:\/\/www.entreculturas.org\/wp-content\/uploads\/2025\/10\/ESP.svg","contentUrl":"https:\/\/www.entreculturas.org\/wp-content\/uploads\/2025\/10\/ESP.svg","caption":"Entreculturas"},"image":{"@id":"https:\/\/www.entreculturas.org\/gl\/#\/schema\/logo\/image\/"},"sameAs":["https:\/\/www.facebook.com\/entreculturas","https:\/\/x.com\/Entreculturas","https:\/\/www.instagram.com\/entreculturas\/","https:\/\/www.youtube.com\/user\/entreculturasvideo","https:\/\/www.linkedin.com\/company\/fundacion-entreculturas-ngdo\/","https:\/\/www.flickr.com\/photos\/98455522@N04\/albums\/"]}]}},"_links":{"self":[{"href":"https:\/\/www.entreculturas.org\/gl\/wp-json\/wp\/v2\/publicacion\/7965","targetHints":{"allow":["GET"]}}],"collection":[{"href":"https:\/\/www.entreculturas.org\/gl\/wp-json\/wp\/v2\/publicacion"}],"about":[{"href":"https:\/\/www.entreculturas.org\/gl\/wp-json\/wp\/v2\/types\/publicacion"}],"wp:featuredmedia":[{"embeddable":true,"href":"https:\/\/www.entreculturas.org\/gl\/wp-json\/wp\/v2\/media\/1863"}],"wp:attachment":[{"href":"https:\/\/www.entreculturas.org\/gl\/wp-json\/wp\/v2\/media?parent=7965"}],"wp:term":[{"taxonomy":"category","embeddable":true,"href":"https:\/\/www.entreculturas.org\/gl\/wp-json\/wp\/v2\/categories?post=7965"},{"taxonomy":"post_tag","embeddable":true,"href":"https:\/\/www.entreculturas.org\/gl\/wp-json\/wp\/v2\/tags?post=7965"},{"taxonomy":"cause","embeddable":true,"href":"https:\/\/www.entreculturas.org\/gl\/wp-json\/wp\/v2\/cause?post=7965"},{"taxonomy":"format","embeddable":true,"href":"https:\/\/www.entreculturas.org\/gl\/wp-json\/wp\/v2\/format?post=7965"}],"curies":[{"name":"wp","href":"https:\/\/api.w.org\/{rel}","templated":true}]}}