{"id":7252,"date":"2015-04-30T08:45:46","date_gmt":"2015-04-30T08:45:46","guid":{"rendered":"https:\/\/entreculturasi.wpenginepowered.com\/?publicaciones=educaci-n-para-la-ciudadan-global-debates-y-desaf-os"},"modified":"2023-12-10T18:22:03","modified_gmt":"2023-12-10T17:22:03","slug":"educaci-n-para-la-ciudadan-global-debates-y-desaf-os","status":"publish","type":"publicacion","link":"https:\/\/www.entreculturas.org\/gl\/publicacion\/educaci-n-para-la-ciudadan-global-debates-y-desaf-os\/","title":{"rendered":"Educaci\u00f3n para la Ciudadan\u00eda Global. Debates y Desaf\u00edos"},"content":{"rendered":"<p>Este informe ha sido realizado por el equipo de Educaci\u00f3n para el Desarrollo de Hegoa. En \u00e9l se describe el proceso seguido para la implantaci\u00f3n la Educaci\u00f3n para la Ciudadan\u00eda en la Uni\u00f3n Europea, en el Estado Espa\u00f1ol y en la Comunidad Aut\u00f3noma del Pa\u00eds Vasco. Se expresan algunas dudas y cr\u00edticas a las formas y contenidos propuestos para llevar adelante la pr\u00e1ctica de la Educaci\u00f3n para la Ciudadan\u00eda en cada uno de estos tres niveles administrativos. Adem\u00e1s se vincula esta propuesta a las ya existentes en la Cooperaci\u00f3n para el Desarrollo.<\/p>\n<p>Tanto desde el punto de vista de las estrategias y normas institucionales como de las propuestas de ONGD y del mundo docente, se muestra la importancia de formar a docentes y alumnado en la teor\u00eda y la pr\u00e1ctica de la Educaci\u00f3n para la Ciudadan\u00eda Global. Se estima que esta es una v\u00eda adecuada para el desarrollo democr\u00e1tico basado en la participaci\u00f3n, en la igualdad de oportunidades, en la equidad\u2026 a condici\u00f3n de que su aprendizaje no quede relegado s\u00f3lo a una asignatura ni su pr\u00e1ctica limitada al interior de los muros escolares. S\u00f3lo as\u00ed podr\u00e1 contribuir a la construcci\u00f3n de una sociedad m\u00e1s justa y solidaria, tal y como proponen el enfoque de la Educaci\u00f3n para el Desarrollo.<\/p>\n","protected":false},"excerpt":{"rendered":"<p>Este informe ha sido realizado por el equipo de Educaci\u00f3n para el Desarrollo de Hegoa. En \u00e9l se describe el proceso seguido para la implantaci\u00f3n la Educaci\u00f3n para la Ciudadan\u00eda en la Uni\u00f3n Europea, en el Estado Espa\u00f1ol y en la Comunidad Aut\u00f3noma del Pa\u00eds Vasco. Se expresan algunas dudas y cr\u00edticas a las formas y contenidos propuestos para llevar adelante la pr\u00e1ctica de la Educaci\u00f3n para la Ciudadan\u00eda en cada uno de estos tres niveles administrativos. Adem\u00e1s se vincula esta propuesta a las ya existentes en la Cooperaci\u00f3n para el Desarrollo. Tanto desde el punto de vista de las estrategias y normas institucionales como de las propuestas de ONGD y del mundo docente, se muestra la importancia de formar a docentes y alumnado en la teor\u00eda y la pr\u00e1ctica de la Educaci\u00f3n para la Ciudadan\u00eda Global. Se estima que esta es una v\u00eda adecuada para el desarrollo democr\u00e1tico basado [&hellip;]<\/p>\n","protected":false},"featured_media":1491,"template":"","format":[112],"categories":[18],"tags":[],"cause":[132],"class_list":["post-7252","publicacion","type-publicacion","status-publish","has-post-thumbnail","hentry","category-estudios","cause-participacion-y-ciudadania-global","format-estudios-e-informes"],"acf":[],"yoast_head":"<!-- This site is optimized with the Yoast SEO Premium plugin v21.6 (Yoast SEO v27.5) - https:\/\/yoast.com\/product\/yoast-seo-premium-wordpress\/ -->\n<title>Educaci\u00f3n para la Ciudadan\u00eda Global. Debates y Desaf\u00edos - Entreculturas<\/title>\n<meta name=\"robots\" content=\"index, follow, max-snippet:-1, max-image-preview:large, max-video-preview:-1\" \/>\n<link rel=\"canonical\" href=\"https:\/\/www.entreculturas.org\/gl\/publicacion\/educaci-n-para-la-ciudadan-global-debates-y-desaf-os\/\" \/>\n<meta property=\"og:locale\" content=\"gl_ES\" \/>\n<meta property=\"og:type\" content=\"article\" \/>\n<meta property=\"og:title\" content=\"Educaci\u00f3n para la Ciudadan\u00eda Global. Debates y Desaf\u00edos\" \/>\n<meta property=\"og:description\" content=\"Este informe ha sido realizado por el equipo de Educaci\u00f3n para el Desarrollo de Hegoa. En \u00e9l se describe el proceso seguido para la implantaci\u00f3n la Educaci\u00f3n para la Ciudadan\u00eda en la Uni\u00f3n Europea, en el Estado Espa\u00f1ol y en la Comunidad Aut\u00f3noma del Pa\u00eds Vasco. Se expresan algunas dudas y cr\u00edticas a las formas y contenidos propuestos para llevar adelante la pr\u00e1ctica de la Educaci\u00f3n para la Ciudadan\u00eda en cada uno de estos tres niveles administrativos. Adem\u00e1s se vincula esta propuesta a las ya existentes en la Cooperaci\u00f3n para el Desarrollo. Tanto desde el punto de vista de las estrategias y normas institucionales como de las propuestas de ONGD y del mundo docente, se muestra la importancia de formar a docentes y alumnado en la teor\u00eda y la pr\u00e1ctica de la Educaci\u00f3n para la Ciudadan\u00eda Global. Se estima que esta es una v\u00eda adecuada para el desarrollo democr\u00e1tico basado [&hellip;]\" \/>\n<meta property=\"og:url\" content=\"https:\/\/www.entreculturas.org\/gl\/publicacion\/educaci-n-para-la-ciudadan-global-debates-y-desaf-os\/\" \/>\n<meta property=\"og:site_name\" content=\"Entreculturas\" \/>\n<meta property=\"article:publisher\" content=\"https:\/\/www.facebook.com\/entreculturas\" \/>\n<meta property=\"article:modified_time\" content=\"2023-12-10T17:22:03+00:00\" \/>\n<meta name=\"twitter:card\" content=\"summary_large_image\" \/>\n<meta name=\"twitter:site\" content=\"@Entreculturas\" \/>\n<script type=\"application\/ld+json\" class=\"yoast-schema-graph\">{\"@context\":\"https:\\\/\\\/schema.org\",\"@graph\":[{\"@type\":\"WebPage\",\"@id\":\"https:\\\/\\\/www.entreculturas.org\\\/gl\\\/publicacion\\\/educaci-n-para-la-ciudadan-global-debates-y-desaf-os\\\/\",\"url\":\"https:\\\/\\\/www.entreculturas.org\\\/gl\\\/publicacion\\\/educaci-n-para-la-ciudadan-global-debates-y-desaf-os\\\/\",\"name\":\"Educaci\u00f3n para la Ciudadan\u00eda Global. Debates y Desaf\u00edos - Entreculturas\",\"isPartOf\":{\"@id\":\"https:\\\/\\\/www.entreculturas.org\\\/gl\\\/#website\"},\"primaryImageOfPage\":{\"@id\":\"https:\\\/\\\/www.entreculturas.org\\\/gl\\\/publicacion\\\/educaci-n-para-la-ciudadan-global-debates-y-desaf-os\\\/#primaryimage\"},\"image\":{\"@id\":\"https:\\\/\\\/www.entreculturas.org\\\/gl\\\/publicacion\\\/educaci-n-para-la-ciudadan-global-debates-y-desaf-os\\\/#primaryimage\"},\"thumbnailUrl\":\"\",\"datePublished\":\"2015-04-30T08:45:46+00:00\",\"dateModified\":\"2023-12-10T17:22:03+00:00\",\"breadcrumb\":{\"@id\":\"https:\\\/\\\/www.entreculturas.org\\\/gl\\\/publicacion\\\/educaci-n-para-la-ciudadan-global-debates-y-desaf-os\\\/#breadcrumb\"},\"inLanguage\":\"gl-ES\",\"potentialAction\":[{\"@type\":\"ReadAction\",\"target\":[\"https:\\\/\\\/www.entreculturas.org\\\/gl\\\/publicacion\\\/educaci-n-para-la-ciudadan-global-debates-y-desaf-os\\\/\"]}]},{\"@type\":\"ImageObject\",\"inLanguage\":\"gl-ES\",\"@id\":\"https:\\\/\\\/www.entreculturas.org\\\/gl\\\/publicacion\\\/educaci-n-para-la-ciudadan-global-debates-y-desaf-os\\\/#primaryimage\",\"url\":\"\",\"contentUrl\":\"\"},{\"@type\":\"BreadcrumbList\",\"@id\":\"https:\\\/\\\/www.entreculturas.org\\\/gl\\\/publicacion\\\/educaci-n-para-la-ciudadan-global-debates-y-desaf-os\\\/#breadcrumb\",\"itemListElement\":[{\"@type\":\"ListItem\",\"position\":1,\"name\":\"Home\",\"item\":\"https:\\\/\\\/www.entreculturas.org\\\/gl\\\/\"},{\"@type\":\"ListItem\",\"position\":2,\"name\":\"Publicaciones\",\"item\":\"https:\\\/\\\/www.entreculturas.org\\\/gl\\\/publicaciones\\\/\"},{\"@type\":\"ListItem\",\"position\":3,\"name\":\"Educaci\u00f3n para la Ciudadan\u00eda Global. Debates y Desaf\u00edos\"}]},{\"@type\":\"WebSite\",\"@id\":\"https:\\\/\\\/www.entreculturas.org\\\/gl\\\/#website\",\"url\":\"https:\\\/\\\/www.entreculturas.org\\\/gl\\\/\",\"name\":\"Entreculturas\",\"description\":\"\",\"publisher\":{\"@id\":\"https:\\\/\\\/www.entreculturas.org\\\/gl\\\/#organization\"},\"alternateName\":\"Entreculturas\",\"potentialAction\":[{\"@type\":\"SearchAction\",\"target\":{\"@type\":\"EntryPoint\",\"urlTemplate\":\"https:\\\/\\\/www.entreculturas.org\\\/gl\\\/?s={search_term_string}\"},\"query-input\":{\"@type\":\"PropertyValueSpecification\",\"valueRequired\":true,\"valueName\":\"search_term_string\"}}],\"inLanguage\":\"gl-ES\"},{\"@type\":\"Organization\",\"@id\":\"https:\\\/\\\/www.entreculturas.org\\\/gl\\\/#organization\",\"name\":\"Entreculturas\",\"url\":\"https:\\\/\\\/www.entreculturas.org\\\/gl\\\/\",\"logo\":{\"@type\":\"ImageObject\",\"inLanguage\":\"gl-ES\",\"@id\":\"https:\\\/\\\/www.entreculturas.org\\\/gl\\\/#\\\/schema\\\/logo\\\/image\\\/\",\"url\":\"https:\\\/\\\/www.entreculturas.org\\\/wp-content\\\/uploads\\\/2025\\\/10\\\/ESP.svg\",\"contentUrl\":\"https:\\\/\\\/www.entreculturas.org\\\/wp-content\\\/uploads\\\/2025\\\/10\\\/ESP.svg\",\"caption\":\"Entreculturas\"},\"image\":{\"@id\":\"https:\\\/\\\/www.entreculturas.org\\\/gl\\\/#\\\/schema\\\/logo\\\/image\\\/\"},\"sameAs\":[\"https:\\\/\\\/www.facebook.com\\\/entreculturas\",\"https:\\\/\\\/x.com\\\/Entreculturas\",\"https:\\\/\\\/www.instagram.com\\\/entreculturas\\\/\",\"https:\\\/\\\/www.youtube.com\\\/user\\\/entreculturasvideo\",\"https:\\\/\\\/www.linkedin.com\\\/company\\\/fundacion-entreculturas-ngdo\\\/\",\"https:\\\/\\\/www.flickr.com\\\/photos\\\/98455522@N04\\\/albums\\\/\"]}]}<\/script>\n<!-- \/ Yoast SEO Premium plugin. -->","yoast_head_json":{"title":"Educaci\u00f3n para la Ciudadan\u00eda Global. Debates y Desaf\u00edos - Entreculturas","robots":{"index":"index","follow":"follow","max-snippet":"max-snippet:-1","max-image-preview":"max-image-preview:large","max-video-preview":"max-video-preview:-1"},"canonical":"https:\/\/www.entreculturas.org\/gl\/publicacion\/educaci-n-para-la-ciudadan-global-debates-y-desaf-os\/","og_locale":"gl_ES","og_type":"article","og_title":"Educaci\u00f3n para la Ciudadan\u00eda Global. Debates y Desaf\u00edos","og_description":"Este informe ha sido realizado por el equipo de Educaci\u00f3n para el Desarrollo de Hegoa. En \u00e9l se describe el proceso seguido para la implantaci\u00f3n la Educaci\u00f3n para la Ciudadan\u00eda en la Uni\u00f3n Europea, en el Estado Espa\u00f1ol y en la Comunidad Aut\u00f3noma del Pa\u00eds Vasco. Se expresan algunas dudas y cr\u00edticas a las formas y contenidos propuestos para llevar adelante la pr\u00e1ctica de la Educaci\u00f3n para la Ciudadan\u00eda en cada uno de estos tres niveles administrativos. Adem\u00e1s se vincula esta propuesta a las ya existentes en la Cooperaci\u00f3n para el Desarrollo. Tanto desde el punto de vista de las estrategias y normas institucionales como de las propuestas de ONGD y del mundo docente, se muestra la importancia de formar a docentes y alumnado en la teor\u00eda y la pr\u00e1ctica de la Educaci\u00f3n para la Ciudadan\u00eda Global. Se estima que esta es una v\u00eda adecuada para el desarrollo democr\u00e1tico basado [&hellip;]","og_url":"https:\/\/www.entreculturas.org\/gl\/publicacion\/educaci-n-para-la-ciudadan-global-debates-y-desaf-os\/","og_site_name":"Entreculturas","article_publisher":"https:\/\/www.facebook.com\/entreculturas","article_modified_time":"2023-12-10T17:22:03+00:00","twitter_card":"summary_large_image","twitter_site":"@Entreculturas","schema":{"@context":"https:\/\/schema.org","@graph":[{"@type":"WebPage","@id":"https:\/\/www.entreculturas.org\/gl\/publicacion\/educaci-n-para-la-ciudadan-global-debates-y-desaf-os\/","url":"https:\/\/www.entreculturas.org\/gl\/publicacion\/educaci-n-para-la-ciudadan-global-debates-y-desaf-os\/","name":"Educaci\u00f3n para la Ciudadan\u00eda Global. Debates y Desaf\u00edos - Entreculturas","isPartOf":{"@id":"https:\/\/www.entreculturas.org\/gl\/#website"},"primaryImageOfPage":{"@id":"https:\/\/www.entreculturas.org\/gl\/publicacion\/educaci-n-para-la-ciudadan-global-debates-y-desaf-os\/#primaryimage"},"image":{"@id":"https:\/\/www.entreculturas.org\/gl\/publicacion\/educaci-n-para-la-ciudadan-global-debates-y-desaf-os\/#primaryimage"},"thumbnailUrl":"","datePublished":"2015-04-30T08:45:46+00:00","dateModified":"2023-12-10T17:22:03+00:00","breadcrumb":{"@id":"https:\/\/www.entreculturas.org\/gl\/publicacion\/educaci-n-para-la-ciudadan-global-debates-y-desaf-os\/#breadcrumb"},"inLanguage":"gl-ES","potentialAction":[{"@type":"ReadAction","target":["https:\/\/www.entreculturas.org\/gl\/publicacion\/educaci-n-para-la-ciudadan-global-debates-y-desaf-os\/"]}]},{"@type":"ImageObject","inLanguage":"gl-ES","@id":"https:\/\/www.entreculturas.org\/gl\/publicacion\/educaci-n-para-la-ciudadan-global-debates-y-desaf-os\/#primaryimage","url":"","contentUrl":""},{"@type":"BreadcrumbList","@id":"https:\/\/www.entreculturas.org\/gl\/publicacion\/educaci-n-para-la-ciudadan-global-debates-y-desaf-os\/#breadcrumb","itemListElement":[{"@type":"ListItem","position":1,"name":"Home","item":"https:\/\/www.entreculturas.org\/gl\/"},{"@type":"ListItem","position":2,"name":"Publicaciones","item":"https:\/\/www.entreculturas.org\/gl\/publicaciones\/"},{"@type":"ListItem","position":3,"name":"Educaci\u00f3n para la Ciudadan\u00eda Global. Debates y Desaf\u00edos"}]},{"@type":"WebSite","@id":"https:\/\/www.entreculturas.org\/gl\/#website","url":"https:\/\/www.entreculturas.org\/gl\/","name":"Entreculturas","description":"","publisher":{"@id":"https:\/\/www.entreculturas.org\/gl\/#organization"},"alternateName":"Entreculturas","potentialAction":[{"@type":"SearchAction","target":{"@type":"EntryPoint","urlTemplate":"https:\/\/www.entreculturas.org\/gl\/?s={search_term_string}"},"query-input":{"@type":"PropertyValueSpecification","valueRequired":true,"valueName":"search_term_string"}}],"inLanguage":"gl-ES"},{"@type":"Organization","@id":"https:\/\/www.entreculturas.org\/gl\/#organization","name":"Entreculturas","url":"https:\/\/www.entreculturas.org\/gl\/","logo":{"@type":"ImageObject","inLanguage":"gl-ES","@id":"https:\/\/www.entreculturas.org\/gl\/#\/schema\/logo\/image\/","url":"https:\/\/www.entreculturas.org\/wp-content\/uploads\/2025\/10\/ESP.svg","contentUrl":"https:\/\/www.entreculturas.org\/wp-content\/uploads\/2025\/10\/ESP.svg","caption":"Entreculturas"},"image":{"@id":"https:\/\/www.entreculturas.org\/gl\/#\/schema\/logo\/image\/"},"sameAs":["https:\/\/www.facebook.com\/entreculturas","https:\/\/x.com\/Entreculturas","https:\/\/www.instagram.com\/entreculturas\/","https:\/\/www.youtube.com\/user\/entreculturasvideo","https:\/\/www.linkedin.com\/company\/fundacion-entreculturas-ngdo\/","https:\/\/www.flickr.com\/photos\/98455522@N04\/albums\/"]}]}},"_links":{"self":[{"href":"https:\/\/www.entreculturas.org\/gl\/wp-json\/wp\/v2\/publicacion\/7252","targetHints":{"allow":["GET"]}}],"collection":[{"href":"https:\/\/www.entreculturas.org\/gl\/wp-json\/wp\/v2\/publicacion"}],"about":[{"href":"https:\/\/www.entreculturas.org\/gl\/wp-json\/wp\/v2\/types\/publicacion"}],"wp:featuredmedia":[{"embeddable":true,"href":"https:\/\/www.entreculturas.org\/gl\/wp-json\/"}],"wp:attachment":[{"href":"https:\/\/www.entreculturas.org\/gl\/wp-json\/wp\/v2\/media?parent=7252"}],"wp:term":[{"taxonomy":"category","embeddable":true,"href":"https:\/\/www.entreculturas.org\/gl\/wp-json\/wp\/v2\/categories?post=7252"},{"taxonomy":"post_tag","embeddable":true,"href":"https:\/\/www.entreculturas.org\/gl\/wp-json\/wp\/v2\/tags?post=7252"},{"taxonomy":"cause","embeddable":true,"href":"https:\/\/www.entreculturas.org\/gl\/wp-json\/wp\/v2\/cause?post=7252"},{"taxonomy":"format","embeddable":true,"href":"https:\/\/www.entreculturas.org\/gl\/wp-json\/wp\/v2\/format?post=7252"}],"curies":[{"name":"wp","href":"https:\/\/api.w.org\/{rel}","templated":true}]}}