{"id":7245,"date":"2015-04-29T15:44:09","date_gmt":"2015-04-29T15:44:09","guid":{"rendered":"https:\/\/entreculturasi.wpenginepowered.com\/?publicaciones=remu-vete-act-por-la-educaci-n-y-los-derechos-humanos-unidad-2-educaci-n-y-derechos"},"modified":"2024-03-20T16:18:58","modified_gmt":"2024-03-20T15:18:58","slug":"remu-vete-act-por-la-educaci-n-y-los-derechos-humanos-unidad-2-educaci-n-y-derechos","status":"publish","type":"publicacion","link":"https:\/\/www.entreculturas.org\/gl\/publicacion\/remu-vete-act-por-la-educaci-n-y-los-derechos-humanos-unidad-2-educaci-n-y-derechos\/","title":{"rendered":"Remu\u00e9vete: Act\u00faa por la Educaci\u00f3n y los Derechos Humanos. Unidad 2: Educaci\u00f3n y Derechos Humanos"},"content":{"rendered":"<p>Propuesta formativa para educar en los valores que sustentan los Derechos Humanos y que contribuye a que las personas m\u00e1s j\u00f3venes descubran su sentido y se compromentan a construirlos&nbsp; en la vida cotidiana.&nbsp; Trabaja la educaci\u00f3n y los derechos humanos.&nbsp; &nbsp; &nbsp;<\/p>\n<p>Palabras clave: Remu\u00e9vete, &nbsp;Educaci\u00f3n, Derechos Humanos.&nbsp;&nbsp; &nbsp; &nbsp; &nbsp; &nbsp; &nbsp;&nbsp;<\/p>\n\n\n<div class=\"wp-block-buttons is-layout-flex wp-block-buttons-is-layout-flex\">\n<div class=\"wp-block-button\"><a class=\"wp-block-button__link wp-element-button\" href=\"https:\/\/www.entreculturas.org\/wp-content\/uploads\/2015\/05\/Remuevete_2_final_0.pdf\" target=\"_blank\" rel=\"noreferrer noopener\">DESCARGAR<\/a><\/div>\n<\/div>\n","protected":false},"excerpt":{"rendered":"<p>Propuesta formativa para educar en los valores que sustentan los Derechos Humanos y que contribuye a que las personas m\u00e1s j\u00f3venes descubran su sentido y se compromentan a construirlos&nbsp; en la vida cotidiana.&nbsp; Trabaja la educaci\u00f3n y los derechos humanos.&nbsp; &nbsp; &nbsp; Palabras clave: Remu\u00e9vete, &nbsp;Educaci\u00f3n, Derechos Humanos.&nbsp;&nbsp; &nbsp; &nbsp; &nbsp; &nbsp; &nbsp;&nbsp;<\/p>\n","protected":false},"featured_media":1464,"template":"","format":[115],"categories":[12],"tags":[289],"cause":[128],"class_list":["post-7245","publicacion","type-publicacion","status-publish","has-post-thumbnail","hentry","category-recursos-educativos","tag-educacion","cause-educacion","format-recursos-educativos"],"acf":[],"yoast_head":"<!-- This site is optimized with the Yoast SEO Premium plugin v21.6 (Yoast SEO v27.5) - https:\/\/yoast.com\/product\/yoast-seo-premium-wordpress\/ -->\n<title>Remu\u00e9vete: Act\u00faa por la Educaci\u00f3n y los Derechos Humanos. Unidad 2: Educaci\u00f3n y Derechos Humanos - Entreculturas<\/title>\n<meta name=\"robots\" content=\"index, follow, max-snippet:-1, max-image-preview:large, max-video-preview:-1\" \/>\n<link rel=\"canonical\" href=\"https:\/\/www.entreculturas.org\/gl\/publicacion\/remu-vete-act-por-la-educaci-n-y-los-derechos-humanos-unidad-2-educaci-n-y-derechos\/\" \/>\n<meta property=\"og:locale\" content=\"gl_ES\" \/>\n<meta property=\"og:type\" content=\"article\" \/>\n<meta property=\"og:title\" content=\"Remu\u00e9vete: Act\u00faa por la Educaci\u00f3n y los Derechos Humanos. Unidad 2: Educaci\u00f3n y Derechos Humanos\" \/>\n<meta property=\"og:description\" content=\"Propuesta formativa para educar en los valores que sustentan los Derechos Humanos y que contribuye a que las personas m\u00e1s j\u00f3venes descubran su sentido y se compromentan a construirlos&nbsp; en la vida cotidiana.&nbsp; Trabaja la educaci\u00f3n y los derechos humanos.&nbsp; &nbsp; &nbsp; Palabras clave: Remu\u00e9vete, &nbsp;Educaci\u00f3n, Derechos Humanos.&nbsp;&nbsp; &nbsp; &nbsp; &nbsp; &nbsp; &nbsp;&nbsp;\" \/>\n<meta property=\"og:url\" content=\"https:\/\/www.entreculturas.org\/gl\/publicacion\/remu-vete-act-por-la-educaci-n-y-los-derechos-humanos-unidad-2-educaci-n-y-derechos\/\" \/>\n<meta property=\"og:site_name\" content=\"Entreculturas\" \/>\n<meta property=\"article:publisher\" content=\"https:\/\/www.facebook.com\/entreculturas\" \/>\n<meta property=\"article:modified_time\" content=\"2024-03-20T15:18:58+00:00\" \/>\n<meta name=\"twitter:card\" content=\"summary_large_image\" \/>\n<meta name=\"twitter:site\" content=\"@Entreculturas\" \/>\n<script type=\"application\/ld+json\" class=\"yoast-schema-graph\">{\"@context\":\"https:\\\/\\\/schema.org\",\"@graph\":[{\"@type\":\"WebPage\",\"@id\":\"https:\\\/\\\/www.entreculturas.org\\\/gl\\\/publicacion\\\/remu-vete-act-por-la-educaci-n-y-los-derechos-humanos-unidad-2-educaci-n-y-derechos\\\/\",\"url\":\"https:\\\/\\\/www.entreculturas.org\\\/gl\\\/publicacion\\\/remu-vete-act-por-la-educaci-n-y-los-derechos-humanos-unidad-2-educaci-n-y-derechos\\\/\",\"name\":\"Remu\u00e9vete: Act\u00faa por la Educaci\u00f3n y los Derechos Humanos. Unidad 2: Educaci\u00f3n y Derechos Humanos - Entreculturas\",\"isPartOf\":{\"@id\":\"https:\\\/\\\/www.entreculturas.org\\\/gl\\\/#website\"},\"primaryImageOfPage\":{\"@id\":\"https:\\\/\\\/www.entreculturas.org\\\/gl\\\/publicacion\\\/remu-vete-act-por-la-educaci-n-y-los-derechos-humanos-unidad-2-educaci-n-y-derechos\\\/#primaryimage\"},\"image\":{\"@id\":\"https:\\\/\\\/www.entreculturas.org\\\/gl\\\/publicacion\\\/remu-vete-act-por-la-educaci-n-y-los-derechos-humanos-unidad-2-educaci-n-y-derechos\\\/#primaryimage\"},\"thumbnailUrl\":\"\",\"datePublished\":\"2015-04-29T15:44:09+00:00\",\"dateModified\":\"2024-03-20T15:18:58+00:00\",\"breadcrumb\":{\"@id\":\"https:\\\/\\\/www.entreculturas.org\\\/gl\\\/publicacion\\\/remu-vete-act-por-la-educaci-n-y-los-derechos-humanos-unidad-2-educaci-n-y-derechos\\\/#breadcrumb\"},\"inLanguage\":\"gl-ES\",\"potentialAction\":[{\"@type\":\"ReadAction\",\"target\":[\"https:\\\/\\\/www.entreculturas.org\\\/gl\\\/publicacion\\\/remu-vete-act-por-la-educaci-n-y-los-derechos-humanos-unidad-2-educaci-n-y-derechos\\\/\"]}]},{\"@type\":\"ImageObject\",\"inLanguage\":\"gl-ES\",\"@id\":\"https:\\\/\\\/www.entreculturas.org\\\/gl\\\/publicacion\\\/remu-vete-act-por-la-educaci-n-y-los-derechos-humanos-unidad-2-educaci-n-y-derechos\\\/#primaryimage\",\"url\":\"\",\"contentUrl\":\"\"},{\"@type\":\"BreadcrumbList\",\"@id\":\"https:\\\/\\\/www.entreculturas.org\\\/gl\\\/publicacion\\\/remu-vete-act-por-la-educaci-n-y-los-derechos-humanos-unidad-2-educaci-n-y-derechos\\\/#breadcrumb\",\"itemListElement\":[{\"@type\":\"ListItem\",\"position\":1,\"name\":\"Home\",\"item\":\"https:\\\/\\\/www.entreculturas.org\\\/gl\\\/\"},{\"@type\":\"ListItem\",\"position\":2,\"name\":\"Publicaciones\",\"item\":\"https:\\\/\\\/www.entreculturas.org\\\/gl\\\/publicaciones\\\/\"},{\"@type\":\"ListItem\",\"position\":3,\"name\":\"Remu\u00e9vete: Act\u00faa por la Educaci\u00f3n y los Derechos Humanos. Unidad 2: Educaci\u00f3n y Derechos Humanos\"}]},{\"@type\":\"WebSite\",\"@id\":\"https:\\\/\\\/www.entreculturas.org\\\/gl\\\/#website\",\"url\":\"https:\\\/\\\/www.entreculturas.org\\\/gl\\\/\",\"name\":\"Entreculturas\",\"description\":\"\",\"publisher\":{\"@id\":\"https:\\\/\\\/www.entreculturas.org\\\/gl\\\/#organization\"},\"alternateName\":\"Entreculturas\",\"potentialAction\":[{\"@type\":\"SearchAction\",\"target\":{\"@type\":\"EntryPoint\",\"urlTemplate\":\"https:\\\/\\\/www.entreculturas.org\\\/gl\\\/?s={search_term_string}\"},\"query-input\":{\"@type\":\"PropertyValueSpecification\",\"valueRequired\":true,\"valueName\":\"search_term_string\"}}],\"inLanguage\":\"gl-ES\"},{\"@type\":\"Organization\",\"@id\":\"https:\\\/\\\/www.entreculturas.org\\\/gl\\\/#organization\",\"name\":\"Entreculturas\",\"url\":\"https:\\\/\\\/www.entreculturas.org\\\/gl\\\/\",\"logo\":{\"@type\":\"ImageObject\",\"inLanguage\":\"gl-ES\",\"@id\":\"https:\\\/\\\/www.entreculturas.org\\\/gl\\\/#\\\/schema\\\/logo\\\/image\\\/\",\"url\":\"https:\\\/\\\/www.entreculturas.org\\\/wp-content\\\/uploads\\\/2025\\\/10\\\/ESP.svg\",\"contentUrl\":\"https:\\\/\\\/www.entreculturas.org\\\/wp-content\\\/uploads\\\/2025\\\/10\\\/ESP.svg\",\"caption\":\"Entreculturas\"},\"image\":{\"@id\":\"https:\\\/\\\/www.entreculturas.org\\\/gl\\\/#\\\/schema\\\/logo\\\/image\\\/\"},\"sameAs\":[\"https:\\\/\\\/www.facebook.com\\\/entreculturas\",\"https:\\\/\\\/x.com\\\/Entreculturas\",\"https:\\\/\\\/www.instagram.com\\\/entreculturas\\\/\",\"https:\\\/\\\/www.youtube.com\\\/user\\\/entreculturasvideo\",\"https:\\\/\\\/www.linkedin.com\\\/company\\\/fundacion-entreculturas-ngdo\\\/\",\"https:\\\/\\\/www.flickr.com\\\/photos\\\/98455522@N04\\\/albums\\\/\"]}]}<\/script>\n<!-- \/ Yoast SEO Premium plugin. -->","yoast_head_json":{"title":"Remu\u00e9vete: Act\u00faa por la Educaci\u00f3n y los Derechos Humanos. Unidad 2: Educaci\u00f3n y Derechos Humanos - Entreculturas","robots":{"index":"index","follow":"follow","max-snippet":"max-snippet:-1","max-image-preview":"max-image-preview:large","max-video-preview":"max-video-preview:-1"},"canonical":"https:\/\/www.entreculturas.org\/gl\/publicacion\/remu-vete-act-por-la-educaci-n-y-los-derechos-humanos-unidad-2-educaci-n-y-derechos\/","og_locale":"gl_ES","og_type":"article","og_title":"Remu\u00e9vete: Act\u00faa por la Educaci\u00f3n y los Derechos Humanos. Unidad 2: Educaci\u00f3n y Derechos Humanos","og_description":"Propuesta formativa para educar en los valores que sustentan los Derechos Humanos y que contribuye a que las personas m\u00e1s j\u00f3venes descubran su sentido y se compromentan a construirlos&nbsp; en la vida cotidiana.&nbsp; Trabaja la educaci\u00f3n y los derechos humanos.&nbsp; &nbsp; &nbsp; Palabras clave: Remu\u00e9vete, &nbsp;Educaci\u00f3n, Derechos Humanos.&nbsp;&nbsp; &nbsp; &nbsp; &nbsp; &nbsp; &nbsp;&nbsp;","og_url":"https:\/\/www.entreculturas.org\/gl\/publicacion\/remu-vete-act-por-la-educaci-n-y-los-derechos-humanos-unidad-2-educaci-n-y-derechos\/","og_site_name":"Entreculturas","article_publisher":"https:\/\/www.facebook.com\/entreculturas","article_modified_time":"2024-03-20T15:18:58+00:00","twitter_card":"summary_large_image","twitter_site":"@Entreculturas","schema":{"@context":"https:\/\/schema.org","@graph":[{"@type":"WebPage","@id":"https:\/\/www.entreculturas.org\/gl\/publicacion\/remu-vete-act-por-la-educaci-n-y-los-derechos-humanos-unidad-2-educaci-n-y-derechos\/","url":"https:\/\/www.entreculturas.org\/gl\/publicacion\/remu-vete-act-por-la-educaci-n-y-los-derechos-humanos-unidad-2-educaci-n-y-derechos\/","name":"Remu\u00e9vete: Act\u00faa por la Educaci\u00f3n y los Derechos Humanos. Unidad 2: Educaci\u00f3n y Derechos Humanos - Entreculturas","isPartOf":{"@id":"https:\/\/www.entreculturas.org\/gl\/#website"},"primaryImageOfPage":{"@id":"https:\/\/www.entreculturas.org\/gl\/publicacion\/remu-vete-act-por-la-educaci-n-y-los-derechos-humanos-unidad-2-educaci-n-y-derechos\/#primaryimage"},"image":{"@id":"https:\/\/www.entreculturas.org\/gl\/publicacion\/remu-vete-act-por-la-educaci-n-y-los-derechos-humanos-unidad-2-educaci-n-y-derechos\/#primaryimage"},"thumbnailUrl":"","datePublished":"2015-04-29T15:44:09+00:00","dateModified":"2024-03-20T15:18:58+00:00","breadcrumb":{"@id":"https:\/\/www.entreculturas.org\/gl\/publicacion\/remu-vete-act-por-la-educaci-n-y-los-derechos-humanos-unidad-2-educaci-n-y-derechos\/#breadcrumb"},"inLanguage":"gl-ES","potentialAction":[{"@type":"ReadAction","target":["https:\/\/www.entreculturas.org\/gl\/publicacion\/remu-vete-act-por-la-educaci-n-y-los-derechos-humanos-unidad-2-educaci-n-y-derechos\/"]}]},{"@type":"ImageObject","inLanguage":"gl-ES","@id":"https:\/\/www.entreculturas.org\/gl\/publicacion\/remu-vete-act-por-la-educaci-n-y-los-derechos-humanos-unidad-2-educaci-n-y-derechos\/#primaryimage","url":"","contentUrl":""},{"@type":"BreadcrumbList","@id":"https:\/\/www.entreculturas.org\/gl\/publicacion\/remu-vete-act-por-la-educaci-n-y-los-derechos-humanos-unidad-2-educaci-n-y-derechos\/#breadcrumb","itemListElement":[{"@type":"ListItem","position":1,"name":"Home","item":"https:\/\/www.entreculturas.org\/gl\/"},{"@type":"ListItem","position":2,"name":"Publicaciones","item":"https:\/\/www.entreculturas.org\/gl\/publicaciones\/"},{"@type":"ListItem","position":3,"name":"Remu\u00e9vete: Act\u00faa por la Educaci\u00f3n y los Derechos Humanos. Unidad 2: Educaci\u00f3n y Derechos Humanos"}]},{"@type":"WebSite","@id":"https:\/\/www.entreculturas.org\/gl\/#website","url":"https:\/\/www.entreculturas.org\/gl\/","name":"Entreculturas","description":"","publisher":{"@id":"https:\/\/www.entreculturas.org\/gl\/#organization"},"alternateName":"Entreculturas","potentialAction":[{"@type":"SearchAction","target":{"@type":"EntryPoint","urlTemplate":"https:\/\/www.entreculturas.org\/gl\/?s={search_term_string}"},"query-input":{"@type":"PropertyValueSpecification","valueRequired":true,"valueName":"search_term_string"}}],"inLanguage":"gl-ES"},{"@type":"Organization","@id":"https:\/\/www.entreculturas.org\/gl\/#organization","name":"Entreculturas","url":"https:\/\/www.entreculturas.org\/gl\/","logo":{"@type":"ImageObject","inLanguage":"gl-ES","@id":"https:\/\/www.entreculturas.org\/gl\/#\/schema\/logo\/image\/","url":"https:\/\/www.entreculturas.org\/wp-content\/uploads\/2025\/10\/ESP.svg","contentUrl":"https:\/\/www.entreculturas.org\/wp-content\/uploads\/2025\/10\/ESP.svg","caption":"Entreculturas"},"image":{"@id":"https:\/\/www.entreculturas.org\/gl\/#\/schema\/logo\/image\/"},"sameAs":["https:\/\/www.facebook.com\/entreculturas","https:\/\/x.com\/Entreculturas","https:\/\/www.instagram.com\/entreculturas\/","https:\/\/www.youtube.com\/user\/entreculturasvideo","https:\/\/www.linkedin.com\/company\/fundacion-entreculturas-ngdo\/","https:\/\/www.flickr.com\/photos\/98455522@N04\/albums\/"]}]}},"_links":{"self":[{"href":"https:\/\/www.entreculturas.org\/gl\/wp-json\/wp\/v2\/publicacion\/7245","targetHints":{"allow":["GET"]}}],"collection":[{"href":"https:\/\/www.entreculturas.org\/gl\/wp-json\/wp\/v2\/publicacion"}],"about":[{"href":"https:\/\/www.entreculturas.org\/gl\/wp-json\/wp\/v2\/types\/publicacion"}],"wp:featuredmedia":[{"embeddable":true,"href":"https:\/\/www.entreculturas.org\/gl\/wp-json\/"}],"wp:attachment":[{"href":"https:\/\/www.entreculturas.org\/gl\/wp-json\/wp\/v2\/media?parent=7245"}],"wp:term":[{"taxonomy":"category","embeddable":true,"href":"https:\/\/www.entreculturas.org\/gl\/wp-json\/wp\/v2\/categories?post=7245"},{"taxonomy":"post_tag","embeddable":true,"href":"https:\/\/www.entreculturas.org\/gl\/wp-json\/wp\/v2\/tags?post=7245"},{"taxonomy":"cause","embeddable":true,"href":"https:\/\/www.entreculturas.org\/gl\/wp-json\/wp\/v2\/cause?post=7245"},{"taxonomy":"format","embeddable":true,"href":"https:\/\/www.entreculturas.org\/gl\/wp-json\/wp\/v2\/format?post=7245"}],"curies":[{"name":"wp","href":"https:\/\/api.w.org\/{rel}","templated":true}]}}