{"id":7240,"date":"2015-02-09T06:15:44","date_gmt":"2015-02-09T06:15:44","guid":{"rendered":"https:\/\/entreculturasi.wpenginepowered.com\/?publicaciones=unidad-did-ctica-educaci-n-violencia-y-conflictos-armados"},"modified":"2024-10-17T10:56:21","modified_gmt":"2024-10-17T08:56:21","slug":"unidad-did-ctica-educaci-n-violencia-y-conflictos-armados","status":"publish","type":"publicacion","link":"https:\/\/www.entreculturas.org\/gl\/publicacion\/unidad-did-ctica-educaci-n-violencia-y-conflictos-armados\/","title":{"rendered":"Unidad Did\u00e1ctica: Educaci\u00f3n, violencia y conflictos armados"},"content":{"rendered":"\n<p>El trabajo conjunto entre la Red Colegios, promovida por el Servicio Jesuita a Refugiados de Colombia, y la Red Solidaria de J\u00f3venes, promovida por Entreculturas en Espa\u00f1a, motiv\u00f3 la realizaci\u00f3n de una unidad did\u00e1ctica sobre tem\u00e1ticas de inter\u00e9s para ambas instituciones.\u00a0En este caso se parti\u00f3 de la Cartilla de Formaci\u00f3n con la que el SJR estaba trabajando con los j\u00f3venes, que reciben formaci\u00f3n sociopol\u00edtica y humana en el marco de la Red Colegios en diferentes lugares de Colombia, y se vio la oportunidad de reflexionar y trabajar conjuntamente sobre las realidades de violencia y conflicto que se dan, tanto en los entornos cercanos como a nivel global, y descubrir lo que la juventud puede hacer para construir un entorno de paz. Esta unidad did\u00e1ctica trabaja, en 10 talleres, diferentes tem\u00e1ticas relacionadas con la violencia y el conflicto, sus causas y sus consecuencias y el compromiso por transformarlas.<\/p>\n\n\n\n<div style=\"height:15px\" aria-hidden=\"true\" class=\"wp-block-spacer\"><\/div>\n\n\n\n<div class=\"wp-block-buttons is-layout-flex wp-block-buttons-is-layout-flex\">\n<div class=\"wp-block-button\"><a class=\"wp-block-button__link wp-element-button\" href=\"https:\/\/www.entreculturas.org\/wp-content\/uploads\/2020\/12\/educacion_violencia_y_conflictos_armados.pdf\" target=\"_blank\" rel=\"noreferrer noopener\">descargar<\/a><\/div>\n<\/div>\n","protected":false},"excerpt":{"rendered":"<p>El trabajo conjunto entre la Red Colegios, promovida por el Servicio Jesuita a Refugiados de Colombia, y la Red Solidaria de J\u00f3venes, promovida por Entreculturas en Espa\u00f1a, motiv\u00f3 la realizaci\u00f3n de una unidad did\u00e1ctica sobre tem\u00e1ticas de inter\u00e9s para ambas instituciones.\u00a0En este caso se parti\u00f3 de la Cartilla de Formaci\u00f3n con la que el SJR estaba trabajando con los j\u00f3venes, que reciben formaci\u00f3n sociopol\u00edtica y humana en el marco de la Red Colegios en diferentes lugares de Colombia, y se vio la oportunidad de reflexionar y trabajar conjuntamente sobre las realidades de violencia y conflicto que se dan, tanto en los entornos cercanos como a nivel global, y descubrir lo que la juventud puede hacer para construir un entorno de paz. Esta unidad did\u00e1ctica trabaja, en 10 talleres, diferentes tem\u00e1ticas relacionadas con la violencia y el conflicto, sus causas y sus consecuencias y el compromiso por transformarlas.<\/p>\n","protected":false},"featured_media":34172,"template":"","format":[115],"categories":[12],"tags":[289],"cause":[],"class_list":["post-7240","publicacion","type-publicacion","status-publish","has-post-thumbnail","hentry","category-recursos-educativos","tag-educacion","format-recursos-educativos"],"acf":[],"yoast_head":"<!-- This site is optimized with the Yoast SEO Premium plugin v21.6 (Yoast SEO v27.5) - https:\/\/yoast.com\/product\/yoast-seo-premium-wordpress\/ -->\n<title>Unidad Did\u00e1ctica: Educaci\u00f3n, violencia y conflictos armados - Entreculturas<\/title>\n<meta name=\"robots\" content=\"index, follow, max-snippet:-1, max-image-preview:large, max-video-preview:-1\" \/>\n<link rel=\"canonical\" href=\"https:\/\/www.entreculturas.org\/gl\/publicacion\/unidad-did-ctica-educaci-n-violencia-y-conflictos-armados\/\" \/>\n<meta property=\"og:locale\" content=\"gl_ES\" \/>\n<meta property=\"og:type\" content=\"article\" \/>\n<meta property=\"og:title\" content=\"Unidad Did\u00e1ctica: Educaci\u00f3n, violencia y conflictos armados\" \/>\n<meta property=\"og:description\" content=\"El trabajo conjunto entre la Red Colegios, promovida por el Servicio Jesuita a Refugiados de Colombia, y la Red Solidaria de J\u00f3venes, promovida por Entreculturas en Espa\u00f1a, motiv\u00f3 la realizaci\u00f3n de una unidad did\u00e1ctica sobre tem\u00e1ticas de inter\u00e9s para ambas instituciones.\u00a0En este caso se parti\u00f3 de la Cartilla de Formaci\u00f3n con la que el SJR estaba trabajando con los j\u00f3venes, que reciben formaci\u00f3n sociopol\u00edtica y humana en el marco de la Red Colegios en diferentes lugares de Colombia, y se vio la oportunidad de reflexionar y trabajar conjuntamente sobre las realidades de violencia y conflicto que se dan, tanto en los entornos cercanos como a nivel global, y descubrir lo que la juventud puede hacer para construir un entorno de paz. Esta unidad did\u00e1ctica trabaja, en 10 talleres, diferentes tem\u00e1ticas relacionadas con la violencia y el conflicto, sus causas y sus consecuencias y el compromiso por transformarlas.\" \/>\n<meta property=\"og:url\" content=\"https:\/\/www.entreculturas.org\/gl\/publicacion\/unidad-did-ctica-educaci-n-violencia-y-conflictos-armados\/\" \/>\n<meta property=\"og:site_name\" content=\"Entreculturas\" \/>\n<meta property=\"article:publisher\" content=\"https:\/\/www.facebook.com\/entreculturas\" \/>\n<meta property=\"article:modified_time\" content=\"2024-10-17T08:56:21+00:00\" \/>\n<meta property=\"og:image\" content=\"https:\/\/www.entreculturas.org\/wp-content\/uploads\/2015\/02\/educacion-violencia-conflictos-armados.png\" \/>\n\t<meta property=\"og:image:width\" content=\"579\" \/>\n\t<meta property=\"og:image:height\" content=\"753\" \/>\n\t<meta property=\"og:image:type\" content=\"image\/png\" \/>\n<meta name=\"twitter:card\" content=\"summary_large_image\" \/>\n<meta name=\"twitter:site\" content=\"@Entreculturas\" \/>\n<script type=\"application\/ld+json\" class=\"yoast-schema-graph\">{\"@context\":\"https:\\\/\\\/schema.org\",\"@graph\":[{\"@type\":\"WebPage\",\"@id\":\"https:\\\/\\\/www.entreculturas.org\\\/gl\\\/publicacion\\\/unidad-did-ctica-educaci-n-violencia-y-conflictos-armados\\\/\",\"url\":\"https:\\\/\\\/www.entreculturas.org\\\/gl\\\/publicacion\\\/unidad-did-ctica-educaci-n-violencia-y-conflictos-armados\\\/\",\"name\":\"Unidad Did\u00e1ctica: Educaci\u00f3n, violencia y conflictos armados - Entreculturas\",\"isPartOf\":{\"@id\":\"https:\\\/\\\/www.entreculturas.org\\\/gl\\\/#website\"},\"primaryImageOfPage\":{\"@id\":\"https:\\\/\\\/www.entreculturas.org\\\/gl\\\/publicacion\\\/unidad-did-ctica-educaci-n-violencia-y-conflictos-armados\\\/#primaryimage\"},\"image\":{\"@id\":\"https:\\\/\\\/www.entreculturas.org\\\/gl\\\/publicacion\\\/unidad-did-ctica-educaci-n-violencia-y-conflictos-armados\\\/#primaryimage\"},\"thumbnailUrl\":\"https:\\\/\\\/www.entreculturas.org\\\/wp-content\\\/uploads\\\/2015\\\/02\\\/educacion-violencia-conflictos-armados.png\",\"datePublished\":\"2015-02-09T06:15:44+00:00\",\"dateModified\":\"2024-10-17T08:56:21+00:00\",\"breadcrumb\":{\"@id\":\"https:\\\/\\\/www.entreculturas.org\\\/gl\\\/publicacion\\\/unidad-did-ctica-educaci-n-violencia-y-conflictos-armados\\\/#breadcrumb\"},\"inLanguage\":\"gl-ES\",\"potentialAction\":[{\"@type\":\"ReadAction\",\"target\":[\"https:\\\/\\\/www.entreculturas.org\\\/gl\\\/publicacion\\\/unidad-did-ctica-educaci-n-violencia-y-conflictos-armados\\\/\"]}]},{\"@type\":\"ImageObject\",\"inLanguage\":\"gl-ES\",\"@id\":\"https:\\\/\\\/www.entreculturas.org\\\/gl\\\/publicacion\\\/unidad-did-ctica-educaci-n-violencia-y-conflictos-armados\\\/#primaryimage\",\"url\":\"https:\\\/\\\/www.entreculturas.org\\\/wp-content\\\/uploads\\\/2015\\\/02\\\/educacion-violencia-conflictos-armados.png\",\"contentUrl\":\"https:\\\/\\\/www.entreculturas.org\\\/wp-content\\\/uploads\\\/2015\\\/02\\\/educacion-violencia-conflictos-armados.png\",\"width\":579,\"height\":753},{\"@type\":\"BreadcrumbList\",\"@id\":\"https:\\\/\\\/www.entreculturas.org\\\/gl\\\/publicacion\\\/unidad-did-ctica-educaci-n-violencia-y-conflictos-armados\\\/#breadcrumb\",\"itemListElement\":[{\"@type\":\"ListItem\",\"position\":1,\"name\":\"Home\",\"item\":\"https:\\\/\\\/www.entreculturas.org\\\/gl\\\/\"},{\"@type\":\"ListItem\",\"position\":2,\"name\":\"Publicaciones\",\"item\":\"https:\\\/\\\/www.entreculturas.org\\\/gl\\\/publicaciones\\\/\"},{\"@type\":\"ListItem\",\"position\":3,\"name\":\"Unidad Did\u00e1ctica: Educaci\u00f3n, violencia y conflictos armados\"}]},{\"@type\":\"WebSite\",\"@id\":\"https:\\\/\\\/www.entreculturas.org\\\/gl\\\/#website\",\"url\":\"https:\\\/\\\/www.entreculturas.org\\\/gl\\\/\",\"name\":\"Entreculturas\",\"description\":\"\",\"publisher\":{\"@id\":\"https:\\\/\\\/www.entreculturas.org\\\/gl\\\/#organization\"},\"alternateName\":\"Entreculturas\",\"potentialAction\":[{\"@type\":\"SearchAction\",\"target\":{\"@type\":\"EntryPoint\",\"urlTemplate\":\"https:\\\/\\\/www.entreculturas.org\\\/gl\\\/?s={search_term_string}\"},\"query-input\":{\"@type\":\"PropertyValueSpecification\",\"valueRequired\":true,\"valueName\":\"search_term_string\"}}],\"inLanguage\":\"gl-ES\"},{\"@type\":\"Organization\",\"@id\":\"https:\\\/\\\/www.entreculturas.org\\\/gl\\\/#organization\",\"name\":\"Entreculturas\",\"url\":\"https:\\\/\\\/www.entreculturas.org\\\/gl\\\/\",\"logo\":{\"@type\":\"ImageObject\",\"inLanguage\":\"gl-ES\",\"@id\":\"https:\\\/\\\/www.entreculturas.org\\\/gl\\\/#\\\/schema\\\/logo\\\/image\\\/\",\"url\":\"https:\\\/\\\/www.entreculturas.org\\\/wp-content\\\/uploads\\\/2025\\\/10\\\/ESP.svg\",\"contentUrl\":\"https:\\\/\\\/www.entreculturas.org\\\/wp-content\\\/uploads\\\/2025\\\/10\\\/ESP.svg\",\"caption\":\"Entreculturas\"},\"image\":{\"@id\":\"https:\\\/\\\/www.entreculturas.org\\\/gl\\\/#\\\/schema\\\/logo\\\/image\\\/\"},\"sameAs\":[\"https:\\\/\\\/www.facebook.com\\\/entreculturas\",\"https:\\\/\\\/x.com\\\/Entreculturas\",\"https:\\\/\\\/www.instagram.com\\\/entreculturas\\\/\",\"https:\\\/\\\/www.youtube.com\\\/user\\\/entreculturasvideo\",\"https:\\\/\\\/www.linkedin.com\\\/company\\\/fundacion-entreculturas-ngdo\\\/\",\"https:\\\/\\\/www.flickr.com\\\/photos\\\/98455522@N04\\\/albums\\\/\"]}]}<\/script>\n<!-- \/ Yoast SEO Premium plugin. -->","yoast_head_json":{"title":"Unidad Did\u00e1ctica: Educaci\u00f3n, violencia y conflictos armados - Entreculturas","robots":{"index":"index","follow":"follow","max-snippet":"max-snippet:-1","max-image-preview":"max-image-preview:large","max-video-preview":"max-video-preview:-1"},"canonical":"https:\/\/www.entreculturas.org\/gl\/publicacion\/unidad-did-ctica-educaci-n-violencia-y-conflictos-armados\/","og_locale":"gl_ES","og_type":"article","og_title":"Unidad Did\u00e1ctica: Educaci\u00f3n, violencia y conflictos armados","og_description":"El trabajo conjunto entre la Red Colegios, promovida por el Servicio Jesuita a Refugiados de Colombia, y la Red Solidaria de J\u00f3venes, promovida por Entreculturas en Espa\u00f1a, motiv\u00f3 la realizaci\u00f3n de una unidad did\u00e1ctica sobre tem\u00e1ticas de inter\u00e9s para ambas instituciones.\u00a0En este caso se parti\u00f3 de la Cartilla de Formaci\u00f3n con la que el SJR estaba trabajando con los j\u00f3venes, que reciben formaci\u00f3n sociopol\u00edtica y humana en el marco de la Red Colegios en diferentes lugares de Colombia, y se vio la oportunidad de reflexionar y trabajar conjuntamente sobre las realidades de violencia y conflicto que se dan, tanto en los entornos cercanos como a nivel global, y descubrir lo que la juventud puede hacer para construir un entorno de paz. Esta unidad did\u00e1ctica trabaja, en 10 talleres, diferentes tem\u00e1ticas relacionadas con la violencia y el conflicto, sus causas y sus consecuencias y el compromiso por transformarlas.","og_url":"https:\/\/www.entreculturas.org\/gl\/publicacion\/unidad-did-ctica-educaci-n-violencia-y-conflictos-armados\/","og_site_name":"Entreculturas","article_publisher":"https:\/\/www.facebook.com\/entreculturas","article_modified_time":"2024-10-17T08:56:21+00:00","og_image":[{"width":579,"height":753,"url":"https:\/\/www.entreculturas.org\/wp-content\/uploads\/2015\/02\/educacion-violencia-conflictos-armados.png","type":"image\/png"}],"twitter_card":"summary_large_image","twitter_site":"@Entreculturas","schema":{"@context":"https:\/\/schema.org","@graph":[{"@type":"WebPage","@id":"https:\/\/www.entreculturas.org\/gl\/publicacion\/unidad-did-ctica-educaci-n-violencia-y-conflictos-armados\/","url":"https:\/\/www.entreculturas.org\/gl\/publicacion\/unidad-did-ctica-educaci-n-violencia-y-conflictos-armados\/","name":"Unidad Did\u00e1ctica: Educaci\u00f3n, violencia y conflictos armados - Entreculturas","isPartOf":{"@id":"https:\/\/www.entreculturas.org\/gl\/#website"},"primaryImageOfPage":{"@id":"https:\/\/www.entreculturas.org\/gl\/publicacion\/unidad-did-ctica-educaci-n-violencia-y-conflictos-armados\/#primaryimage"},"image":{"@id":"https:\/\/www.entreculturas.org\/gl\/publicacion\/unidad-did-ctica-educaci-n-violencia-y-conflictos-armados\/#primaryimage"},"thumbnailUrl":"https:\/\/www.entreculturas.org\/wp-content\/uploads\/2015\/02\/educacion-violencia-conflictos-armados.png","datePublished":"2015-02-09T06:15:44+00:00","dateModified":"2024-10-17T08:56:21+00:00","breadcrumb":{"@id":"https:\/\/www.entreculturas.org\/gl\/publicacion\/unidad-did-ctica-educaci-n-violencia-y-conflictos-armados\/#breadcrumb"},"inLanguage":"gl-ES","potentialAction":[{"@type":"ReadAction","target":["https:\/\/www.entreculturas.org\/gl\/publicacion\/unidad-did-ctica-educaci-n-violencia-y-conflictos-armados\/"]}]},{"@type":"ImageObject","inLanguage":"gl-ES","@id":"https:\/\/www.entreculturas.org\/gl\/publicacion\/unidad-did-ctica-educaci-n-violencia-y-conflictos-armados\/#primaryimage","url":"https:\/\/www.entreculturas.org\/wp-content\/uploads\/2015\/02\/educacion-violencia-conflictos-armados.png","contentUrl":"https:\/\/www.entreculturas.org\/wp-content\/uploads\/2015\/02\/educacion-violencia-conflictos-armados.png","width":579,"height":753},{"@type":"BreadcrumbList","@id":"https:\/\/www.entreculturas.org\/gl\/publicacion\/unidad-did-ctica-educaci-n-violencia-y-conflictos-armados\/#breadcrumb","itemListElement":[{"@type":"ListItem","position":1,"name":"Home","item":"https:\/\/www.entreculturas.org\/gl\/"},{"@type":"ListItem","position":2,"name":"Publicaciones","item":"https:\/\/www.entreculturas.org\/gl\/publicaciones\/"},{"@type":"ListItem","position":3,"name":"Unidad Did\u00e1ctica: Educaci\u00f3n, violencia y conflictos armados"}]},{"@type":"WebSite","@id":"https:\/\/www.entreculturas.org\/gl\/#website","url":"https:\/\/www.entreculturas.org\/gl\/","name":"Entreculturas","description":"","publisher":{"@id":"https:\/\/www.entreculturas.org\/gl\/#organization"},"alternateName":"Entreculturas","potentialAction":[{"@type":"SearchAction","target":{"@type":"EntryPoint","urlTemplate":"https:\/\/www.entreculturas.org\/gl\/?s={search_term_string}"},"query-input":{"@type":"PropertyValueSpecification","valueRequired":true,"valueName":"search_term_string"}}],"inLanguage":"gl-ES"},{"@type":"Organization","@id":"https:\/\/www.entreculturas.org\/gl\/#organization","name":"Entreculturas","url":"https:\/\/www.entreculturas.org\/gl\/","logo":{"@type":"ImageObject","inLanguage":"gl-ES","@id":"https:\/\/www.entreculturas.org\/gl\/#\/schema\/logo\/image\/","url":"https:\/\/www.entreculturas.org\/wp-content\/uploads\/2025\/10\/ESP.svg","contentUrl":"https:\/\/www.entreculturas.org\/wp-content\/uploads\/2025\/10\/ESP.svg","caption":"Entreculturas"},"image":{"@id":"https:\/\/www.entreculturas.org\/gl\/#\/schema\/logo\/image\/"},"sameAs":["https:\/\/www.facebook.com\/entreculturas","https:\/\/x.com\/Entreculturas","https:\/\/www.instagram.com\/entreculturas\/","https:\/\/www.youtube.com\/user\/entreculturasvideo","https:\/\/www.linkedin.com\/company\/fundacion-entreculturas-ngdo\/","https:\/\/www.flickr.com\/photos\/98455522@N04\/albums\/"]}]}},"_links":{"self":[{"href":"https:\/\/www.entreculturas.org\/gl\/wp-json\/wp\/v2\/publicacion\/7240","targetHints":{"allow":["GET"]}}],"collection":[{"href":"https:\/\/www.entreculturas.org\/gl\/wp-json\/wp\/v2\/publicacion"}],"about":[{"href":"https:\/\/www.entreculturas.org\/gl\/wp-json\/wp\/v2\/types\/publicacion"}],"wp:featuredmedia":[{"embeddable":true,"href":"https:\/\/www.entreculturas.org\/gl\/wp-json\/wp\/v2\/media\/34172"}],"wp:attachment":[{"href":"https:\/\/www.entreculturas.org\/gl\/wp-json\/wp\/v2\/media?parent=7240"}],"wp:term":[{"taxonomy":"category","embeddable":true,"href":"https:\/\/www.entreculturas.org\/gl\/wp-json\/wp\/v2\/categories?post=7240"},{"taxonomy":"post_tag","embeddable":true,"href":"https:\/\/www.entreculturas.org\/gl\/wp-json\/wp\/v2\/tags?post=7240"},{"taxonomy":"cause","embeddable":true,"href":"https:\/\/www.entreculturas.org\/gl\/wp-json\/wp\/v2\/cause?post=7240"},{"taxonomy":"format","embeddable":true,"href":"https:\/\/www.entreculturas.org\/gl\/wp-json\/wp\/v2\/format?post=7240"}],"curies":[{"name":"wp","href":"https:\/\/api.w.org\/{rel}","templated":true}]}}