{"id":6231,"date":"2022-06-16T08:12:44","date_gmt":"2022-06-16T08:12:44","guid":{"rendered":"https:\/\/entreculturasi.wpenginepowered.com\/?publicaciones=escuelas-que-construyen-paz"},"modified":"2024-03-20T17:06:50","modified_gmt":"2024-03-20T16:06:50","slug":"escuelas-que-construyen-paz","status":"publish","type":"publicacion","link":"https:\/\/www.entreculturas.org\/gl\/publicacion\/escuelas-que-construyen-paz\/","title":{"rendered":"Escuelas que construyen paz"},"content":{"rendered":"<p>Con motivo del D\u00eda Internacional de las Personas Refugiadas, desde Entreculturas y Alboan lanzamos una nueva publicaci\u00f3n donde abordamos c\u00f3mo ha sido la vuelta de los ni\u00f1os y ni\u00f1as refugiados sirios a las aulas libanesas tras la Covid-19. Para ello, profundizamos en la respuesta educativa que el Servicio Jesuita a Refugiados L\u00edbano ha realizado para garantizar y fortalecer su derecho a la educaci\u00f3n en un contexto de emergencia y crisis sobrevenida.<\/p>\n<p>En la publicaci\u00f3n partimos de testimonios para relatar c\u00f3mo ha sido el regreso a las escuelas y recoger el impacto que han tenido los a\u00f1os de educaci\u00f3n en l\u00ednea en el aprendizaje del alumnado. Adem\u00e1s, reivindicamos el importante papel que tiene la educaci\u00f3n en la construcci\u00f3n de la paz y la convivencia, as\u00ed como el espacio de protecci\u00f3n y refugio que brinda a la infancia refugiada.<\/p>\n<p>En contextos de emergencia, la educaci\u00f3n es el primer derecho que se interrumpe y el que m\u00e1s tarda en recuperarse. Es hora de revertir esta situaci\u00f3n.&#8221;<\/p>\n\n\n<div style=\"height:15px\" aria-hidden=\"true\" class=\"wp-block-spacer\"><\/div>\n\n\n\n<p><\/p>\n\n\n\n<div class=\"wp-block-buttons is-layout-flex wp-block-buttons-is-layout-flex\">\n<div class=\"wp-block-button\"><a class=\"wp-block-button__link wp-element-button\" href=\"https:\/\/www.entreculturas.org\/wp-content\/uploads\/2022\/06\/documento_definitivo.pdf\" target=\"_blank\" rel=\"noreferrer noopener\">descargar<\/a><\/div>\n<\/div>\n","protected":false},"excerpt":{"rendered":"<p>Con motivo del D\u00eda Internacional de las Personas Refugiadas, desde Entreculturas y Alboan lanzamos una nueva publicaci\u00f3n donde abordamos c\u00f3mo ha sido la vuelta de los ni\u00f1os y ni\u00f1as refugiados sirios a las aulas libanesas tras la Covid-19. Para ello, profundizamos en la respuesta educativa que el Servicio Jesuita a Refugiados L\u00edbano ha realizado para garantizar y fortalecer su derecho a la educaci\u00f3n en un contexto de emergencia y crisis sobrevenida. En la publicaci\u00f3n partimos de testimonios para relatar c\u00f3mo ha sido el regreso a las escuelas y recoger el impacto que han tenido los a\u00f1os de educaci\u00f3n en l\u00ednea en el aprendizaje del alumnado. Adem\u00e1s, reivindicamos el importante papel que tiene la educaci\u00f3n en la construcci\u00f3n de la paz y la convivencia, as\u00ed como el espacio de protecci\u00f3n y refugio que brinda a la infancia refugiada. En contextos de emergencia, la educaci\u00f3n es el primer derecho que se interrumpe [&hellip;]<\/p>\n","protected":false},"featured_media":6242,"template":"","format":[112],"categories":[18],"tags":[289],"cause":[128,129],"class_list":["post-6231","publicacion","type-publicacion","status-publish","has-post-thumbnail","hentry","category-estudios","tag-educacion","cause-educacion","cause-migracion-y-refugio","format-estudios-e-informes"],"acf":[],"yoast_head":"<!-- This site is optimized with the Yoast SEO Premium plugin v21.6 (Yoast SEO v27.5) - https:\/\/yoast.com\/product\/yoast-seo-premium-wordpress\/ -->\n<title>Escuelas que construyen paz - Entreculturas<\/title>\n<meta name=\"robots\" content=\"index, follow, max-snippet:-1, max-image-preview:large, max-video-preview:-1\" \/>\n<link rel=\"canonical\" href=\"https:\/\/www.entreculturas.org\/gl\/publicacion\/escuelas-que-construyen-paz\/\" \/>\n<meta property=\"og:locale\" content=\"gl_ES\" \/>\n<meta property=\"og:type\" content=\"article\" \/>\n<meta property=\"og:title\" content=\"Escuelas que construyen paz\" \/>\n<meta property=\"og:description\" content=\"Con motivo del D\u00eda Internacional de las Personas Refugiadas, desde Entreculturas y Alboan lanzamos una nueva publicaci\u00f3n donde abordamos c\u00f3mo ha sido la vuelta de los ni\u00f1os y ni\u00f1as refugiados sirios a las aulas libanesas tras la Covid-19. Para ello, profundizamos en la respuesta educativa que el Servicio Jesuita a Refugiados L\u00edbano ha realizado para garantizar y fortalecer su derecho a la educaci\u00f3n en un contexto de emergencia y crisis sobrevenida. En la publicaci\u00f3n partimos de testimonios para relatar c\u00f3mo ha sido el regreso a las escuelas y recoger el impacto que han tenido los a\u00f1os de educaci\u00f3n en l\u00ednea en el aprendizaje del alumnado. Adem\u00e1s, reivindicamos el importante papel que tiene la educaci\u00f3n en la construcci\u00f3n de la paz y la convivencia, as\u00ed como el espacio de protecci\u00f3n y refugio que brinda a la infancia refugiada. En contextos de emergencia, la educaci\u00f3n es el primer derecho que se interrumpe [&hellip;]\" \/>\n<meta property=\"og:url\" content=\"https:\/\/www.entreculturas.org\/gl\/publicacion\/escuelas-que-construyen-paz\/\" \/>\n<meta property=\"og:site_name\" content=\"Entreculturas\" \/>\n<meta property=\"article:publisher\" content=\"https:\/\/www.facebook.com\/entreculturas\" \/>\n<meta property=\"article:modified_time\" content=\"2024-03-20T16:06:50+00:00\" \/>\n<meta property=\"og:image\" content=\"https:\/\/www.entreculturas.org\/wp-content\/uploads\/2022\/06\/captura_de_pantalla_2022-06-16_a_las_10.11.01.png\" \/>\n\t<meta property=\"og:image:width\" content=\"590\" \/>\n\t<meta property=\"og:image:height\" content=\"835\" \/>\n\t<meta property=\"og:image:type\" content=\"image\/png\" \/>\n<meta name=\"twitter:card\" content=\"summary_large_image\" \/>\n<meta name=\"twitter:site\" content=\"@Entreculturas\" \/>\n<script type=\"application\/ld+json\" class=\"yoast-schema-graph\">{\"@context\":\"https:\\\/\\\/schema.org\",\"@graph\":[{\"@type\":\"WebPage\",\"@id\":\"https:\\\/\\\/www.entreculturas.org\\\/gl\\\/publicacion\\\/escuelas-que-construyen-paz\\\/\",\"url\":\"https:\\\/\\\/www.entreculturas.org\\\/gl\\\/publicacion\\\/escuelas-que-construyen-paz\\\/\",\"name\":\"Escuelas que construyen paz - Entreculturas\",\"isPartOf\":{\"@id\":\"https:\\\/\\\/www.entreculturas.org\\\/gl\\\/#website\"},\"primaryImageOfPage\":{\"@id\":\"https:\\\/\\\/www.entreculturas.org\\\/gl\\\/publicacion\\\/escuelas-que-construyen-paz\\\/#primaryimage\"},\"image\":{\"@id\":\"https:\\\/\\\/www.entreculturas.org\\\/gl\\\/publicacion\\\/escuelas-que-construyen-paz\\\/#primaryimage\"},\"thumbnailUrl\":\"https:\\\/\\\/www.entreculturas.org\\\/wp-content\\\/uploads\\\/2022\\\/06\\\/captura_de_pantalla_2022-06-16_a_las_10.11.01.png\",\"datePublished\":\"2022-06-16T08:12:44+00:00\",\"dateModified\":\"2024-03-20T16:06:50+00:00\",\"breadcrumb\":{\"@id\":\"https:\\\/\\\/www.entreculturas.org\\\/gl\\\/publicacion\\\/escuelas-que-construyen-paz\\\/#breadcrumb\"},\"inLanguage\":\"gl-ES\",\"potentialAction\":[{\"@type\":\"ReadAction\",\"target\":[\"https:\\\/\\\/www.entreculturas.org\\\/gl\\\/publicacion\\\/escuelas-que-construyen-paz\\\/\"]}]},{\"@type\":\"ImageObject\",\"inLanguage\":\"gl-ES\",\"@id\":\"https:\\\/\\\/www.entreculturas.org\\\/gl\\\/publicacion\\\/escuelas-que-construyen-paz\\\/#primaryimage\",\"url\":\"https:\\\/\\\/www.entreculturas.org\\\/wp-content\\\/uploads\\\/2022\\\/06\\\/captura_de_pantalla_2022-06-16_a_las_10.11.01.png\",\"contentUrl\":\"https:\\\/\\\/www.entreculturas.org\\\/wp-content\\\/uploads\\\/2022\\\/06\\\/captura_de_pantalla_2022-06-16_a_las_10.11.01.png\",\"width\":590,\"height\":835,\"caption\":\"captura_de_pantalla_2022-06-16_a_las_10\"},{\"@type\":\"BreadcrumbList\",\"@id\":\"https:\\\/\\\/www.entreculturas.org\\\/gl\\\/publicacion\\\/escuelas-que-construyen-paz\\\/#breadcrumb\",\"itemListElement\":[{\"@type\":\"ListItem\",\"position\":1,\"name\":\"Home\",\"item\":\"https:\\\/\\\/www.entreculturas.org\\\/gl\\\/\"},{\"@type\":\"ListItem\",\"position\":2,\"name\":\"Publicaciones\",\"item\":\"https:\\\/\\\/www.entreculturas.org\\\/gl\\\/publicaciones\\\/\"},{\"@type\":\"ListItem\",\"position\":3,\"name\":\"Escuelas que construyen paz\"}]},{\"@type\":\"WebSite\",\"@id\":\"https:\\\/\\\/www.entreculturas.org\\\/gl\\\/#website\",\"url\":\"https:\\\/\\\/www.entreculturas.org\\\/gl\\\/\",\"name\":\"Entreculturas\",\"description\":\"\",\"publisher\":{\"@id\":\"https:\\\/\\\/www.entreculturas.org\\\/gl\\\/#organization\"},\"alternateName\":\"Entreculturas\",\"potentialAction\":[{\"@type\":\"SearchAction\",\"target\":{\"@type\":\"EntryPoint\",\"urlTemplate\":\"https:\\\/\\\/www.entreculturas.org\\\/gl\\\/?s={search_term_string}\"},\"query-input\":{\"@type\":\"PropertyValueSpecification\",\"valueRequired\":true,\"valueName\":\"search_term_string\"}}],\"inLanguage\":\"gl-ES\"},{\"@type\":\"Organization\",\"@id\":\"https:\\\/\\\/www.entreculturas.org\\\/gl\\\/#organization\",\"name\":\"Entreculturas\",\"url\":\"https:\\\/\\\/www.entreculturas.org\\\/gl\\\/\",\"logo\":{\"@type\":\"ImageObject\",\"inLanguage\":\"gl-ES\",\"@id\":\"https:\\\/\\\/www.entreculturas.org\\\/gl\\\/#\\\/schema\\\/logo\\\/image\\\/\",\"url\":\"https:\\\/\\\/www.entreculturas.org\\\/wp-content\\\/uploads\\\/2025\\\/10\\\/ESP.svg\",\"contentUrl\":\"https:\\\/\\\/www.entreculturas.org\\\/wp-content\\\/uploads\\\/2025\\\/10\\\/ESP.svg\",\"caption\":\"Entreculturas\"},\"image\":{\"@id\":\"https:\\\/\\\/www.entreculturas.org\\\/gl\\\/#\\\/schema\\\/logo\\\/image\\\/\"},\"sameAs\":[\"https:\\\/\\\/www.facebook.com\\\/entreculturas\",\"https:\\\/\\\/x.com\\\/Entreculturas\",\"https:\\\/\\\/www.instagram.com\\\/entreculturas\\\/\",\"https:\\\/\\\/www.youtube.com\\\/user\\\/entreculturasvideo\",\"https:\\\/\\\/www.linkedin.com\\\/company\\\/fundacion-entreculturas-ngdo\\\/\",\"https:\\\/\\\/www.flickr.com\\\/photos\\\/98455522@N04\\\/albums\\\/\"]}]}<\/script>\n<!-- \/ Yoast SEO Premium plugin. -->","yoast_head_json":{"title":"Escuelas que construyen paz - Entreculturas","robots":{"index":"index","follow":"follow","max-snippet":"max-snippet:-1","max-image-preview":"max-image-preview:large","max-video-preview":"max-video-preview:-1"},"canonical":"https:\/\/www.entreculturas.org\/gl\/publicacion\/escuelas-que-construyen-paz\/","og_locale":"gl_ES","og_type":"article","og_title":"Escuelas que construyen paz","og_description":"Con motivo del D\u00eda Internacional de las Personas Refugiadas, desde Entreculturas y Alboan lanzamos una nueva publicaci\u00f3n donde abordamos c\u00f3mo ha sido la vuelta de los ni\u00f1os y ni\u00f1as refugiados sirios a las aulas libanesas tras la Covid-19. Para ello, profundizamos en la respuesta educativa que el Servicio Jesuita a Refugiados L\u00edbano ha realizado para garantizar y fortalecer su derecho a la educaci\u00f3n en un contexto de emergencia y crisis sobrevenida. En la publicaci\u00f3n partimos de testimonios para relatar c\u00f3mo ha sido el regreso a las escuelas y recoger el impacto que han tenido los a\u00f1os de educaci\u00f3n en l\u00ednea en el aprendizaje del alumnado. Adem\u00e1s, reivindicamos el importante papel que tiene la educaci\u00f3n en la construcci\u00f3n de la paz y la convivencia, as\u00ed como el espacio de protecci\u00f3n y refugio que brinda a la infancia refugiada. En contextos de emergencia, la educaci\u00f3n es el primer derecho que se interrumpe [&hellip;]","og_url":"https:\/\/www.entreculturas.org\/gl\/publicacion\/escuelas-que-construyen-paz\/","og_site_name":"Entreculturas","article_publisher":"https:\/\/www.facebook.com\/entreculturas","article_modified_time":"2024-03-20T16:06:50+00:00","og_image":[{"width":590,"height":835,"url":"https:\/\/www.entreculturas.org\/wp-content\/uploads\/2022\/06\/captura_de_pantalla_2022-06-16_a_las_10.11.01.png","type":"image\/png"}],"twitter_card":"summary_large_image","twitter_site":"@Entreculturas","schema":{"@context":"https:\/\/schema.org","@graph":[{"@type":"WebPage","@id":"https:\/\/www.entreculturas.org\/gl\/publicacion\/escuelas-que-construyen-paz\/","url":"https:\/\/www.entreculturas.org\/gl\/publicacion\/escuelas-que-construyen-paz\/","name":"Escuelas que construyen paz - Entreculturas","isPartOf":{"@id":"https:\/\/www.entreculturas.org\/gl\/#website"},"primaryImageOfPage":{"@id":"https:\/\/www.entreculturas.org\/gl\/publicacion\/escuelas-que-construyen-paz\/#primaryimage"},"image":{"@id":"https:\/\/www.entreculturas.org\/gl\/publicacion\/escuelas-que-construyen-paz\/#primaryimage"},"thumbnailUrl":"https:\/\/www.entreculturas.org\/wp-content\/uploads\/2022\/06\/captura_de_pantalla_2022-06-16_a_las_10.11.01.png","datePublished":"2022-06-16T08:12:44+00:00","dateModified":"2024-03-20T16:06:50+00:00","breadcrumb":{"@id":"https:\/\/www.entreculturas.org\/gl\/publicacion\/escuelas-que-construyen-paz\/#breadcrumb"},"inLanguage":"gl-ES","potentialAction":[{"@type":"ReadAction","target":["https:\/\/www.entreculturas.org\/gl\/publicacion\/escuelas-que-construyen-paz\/"]}]},{"@type":"ImageObject","inLanguage":"gl-ES","@id":"https:\/\/www.entreculturas.org\/gl\/publicacion\/escuelas-que-construyen-paz\/#primaryimage","url":"https:\/\/www.entreculturas.org\/wp-content\/uploads\/2022\/06\/captura_de_pantalla_2022-06-16_a_las_10.11.01.png","contentUrl":"https:\/\/www.entreculturas.org\/wp-content\/uploads\/2022\/06\/captura_de_pantalla_2022-06-16_a_las_10.11.01.png","width":590,"height":835,"caption":"captura_de_pantalla_2022-06-16_a_las_10"},{"@type":"BreadcrumbList","@id":"https:\/\/www.entreculturas.org\/gl\/publicacion\/escuelas-que-construyen-paz\/#breadcrumb","itemListElement":[{"@type":"ListItem","position":1,"name":"Home","item":"https:\/\/www.entreculturas.org\/gl\/"},{"@type":"ListItem","position":2,"name":"Publicaciones","item":"https:\/\/www.entreculturas.org\/gl\/publicaciones\/"},{"@type":"ListItem","position":3,"name":"Escuelas que construyen paz"}]},{"@type":"WebSite","@id":"https:\/\/www.entreculturas.org\/gl\/#website","url":"https:\/\/www.entreculturas.org\/gl\/","name":"Entreculturas","description":"","publisher":{"@id":"https:\/\/www.entreculturas.org\/gl\/#organization"},"alternateName":"Entreculturas","potentialAction":[{"@type":"SearchAction","target":{"@type":"EntryPoint","urlTemplate":"https:\/\/www.entreculturas.org\/gl\/?s={search_term_string}"},"query-input":{"@type":"PropertyValueSpecification","valueRequired":true,"valueName":"search_term_string"}}],"inLanguage":"gl-ES"},{"@type":"Organization","@id":"https:\/\/www.entreculturas.org\/gl\/#organization","name":"Entreculturas","url":"https:\/\/www.entreculturas.org\/gl\/","logo":{"@type":"ImageObject","inLanguage":"gl-ES","@id":"https:\/\/www.entreculturas.org\/gl\/#\/schema\/logo\/image\/","url":"https:\/\/www.entreculturas.org\/wp-content\/uploads\/2025\/10\/ESP.svg","contentUrl":"https:\/\/www.entreculturas.org\/wp-content\/uploads\/2025\/10\/ESP.svg","caption":"Entreculturas"},"image":{"@id":"https:\/\/www.entreculturas.org\/gl\/#\/schema\/logo\/image\/"},"sameAs":["https:\/\/www.facebook.com\/entreculturas","https:\/\/x.com\/Entreculturas","https:\/\/www.instagram.com\/entreculturas\/","https:\/\/www.youtube.com\/user\/entreculturasvideo","https:\/\/www.linkedin.com\/company\/fundacion-entreculturas-ngdo\/","https:\/\/www.flickr.com\/photos\/98455522@N04\/albums\/"]}]}},"_links":{"self":[{"href":"https:\/\/www.entreculturas.org\/gl\/wp-json\/wp\/v2\/publicacion\/6231","targetHints":{"allow":["GET"]}}],"collection":[{"href":"https:\/\/www.entreculturas.org\/gl\/wp-json\/wp\/v2\/publicacion"}],"about":[{"href":"https:\/\/www.entreculturas.org\/gl\/wp-json\/wp\/v2\/types\/publicacion"}],"wp:featuredmedia":[{"embeddable":true,"href":"https:\/\/www.entreculturas.org\/gl\/wp-json\/wp\/v2\/media\/6242"}],"wp:attachment":[{"href":"https:\/\/www.entreculturas.org\/gl\/wp-json\/wp\/v2\/media?parent=6231"}],"wp:term":[{"taxonomy":"category","embeddable":true,"href":"https:\/\/www.entreculturas.org\/gl\/wp-json\/wp\/v2\/categories?post=6231"},{"taxonomy":"post_tag","embeddable":true,"href":"https:\/\/www.entreculturas.org\/gl\/wp-json\/wp\/v2\/tags?post=6231"},{"taxonomy":"cause","embeddable":true,"href":"https:\/\/www.entreculturas.org\/gl\/wp-json\/wp\/v2\/cause?post=6231"},{"taxonomy":"format","embeddable":true,"href":"https:\/\/www.entreculturas.org\/gl\/wp-json\/wp\/v2\/format?post=6231"}],"curies":[{"name":"wp","href":"https:\/\/api.w.org\/{rel}","templated":true}]}}