{"id":6099,"date":"2021-09-20T11:31:54","date_gmt":"2021-09-20T11:31:54","guid":{"rendered":"https:\/\/entreculturasi.wpenginepowered.com\/?publicaciones=informe-rojo-sistemas-educativos-interculturales-para-no-dejar-nadie-atras-en-tiempos"},"modified":"2024-03-20T17:24:19","modified_gmt":"2024-03-20T16:24:19","slug":"informe-rojo-sistemas-educativos-interculturales-para-no-dejar-nadie-atras-en-tiempos","status":"publish","type":"publicacion","link":"https:\/\/www.entreculturas.org\/gl\/publicacion\/informe-rojo-sistemas-educativos-interculturales-para-no-dejar-nadie-atras-en-tiempos\/","title":{"rendered":"Informe Rojo \u201cSistemas educativos interculturales para no dejar a nadie atr\u00e1s en tiempos de la COVID\u201c"},"content":{"rendered":"<p>Cuando pensamos en el mundo al que queremos contribuir de aqu\u00ed a 2030, punto de llegada de la renombrada Agenda de los Objetivos de Desarrollo Sostenible, tenemos que preguntarnos qu\u00e9 personas conforman hoy tal mundo y est\u00e1n quedando rezagadas en derechos. Hacia ellas tenemos que mirar si nuestro objetivo colectivo es alcanzar una <strong>comunidad mundial inclusiva, igualitaria y sostenible.<\/strong><\/p>\n<p>En Entreculturas defendemos que la educaci\u00f3n inclusiva debe ser una<strong> educaci\u00f3n intercultural<\/strong>. Los sistemas educativos que se organizan teniendo en cuenta \u00fanicamente los referentes, significados e identidades de la cultura dominante, excluyen a las personas de otras culturas, generando una discriminaci\u00f3n educativa flagrante. Esto se observa claramente en el caso de los pueblos originarios, afrodescendientes en Am\u00e9rica Latina y el Caribe o en Europa, donde en las escuelas conviven ni\u00f1as y ni\u00f1os de or\u00edgenes \u00e9tnicos muy diversos que deben acoger a poblaci\u00f3n migrante.<\/p>\n\n\n<div style=\"height:15px\" aria-hidden=\"true\" class=\"wp-block-spacer\"><\/div>\n\n\n\n<div class=\"wp-block-buttons is-layout-flex wp-block-buttons-is-layout-flex\">\n<div class=\"wp-block-button\"><a class=\"wp-block-button__link wp-element-button\" href=\"https:\/\/www.entreculturas.org\/wp-content\/uploads\/2021\/09\/sistemas-educativos-interculturales_def.pdf\" target=\"_blank\" rel=\"noreferrer noopener\">descargar<\/a><\/div>\n<\/div>\n","protected":false},"excerpt":{"rendered":"<p>Cuando pensamos en el mundo al que queremos contribuir de aqu\u00ed a 2030, punto de llegada de la renombrada Agenda de los Objetivos de Desarrollo Sostenible, tenemos que preguntarnos qu\u00e9 personas conforman hoy tal mundo y est\u00e1n quedando rezagadas en derechos. Hacia ellas tenemos que mirar si nuestro objetivo colectivo es alcanzar una comunidad mundial inclusiva, igualitaria y sostenible. En Entreculturas defendemos que la educaci\u00f3n inclusiva debe ser una educaci\u00f3n intercultural. Los sistemas educativos que se organizan teniendo en cuenta \u00fanicamente los referentes, significados e identidades de la cultura dominante, excluyen a las personas de otras culturas, generando una discriminaci\u00f3n educativa flagrante. Esto se observa claramente en el caso de los pueblos originarios, afrodescendientes en Am\u00e9rica Latina y el Caribe o en Europa, donde en las escuelas conviven ni\u00f1as y ni\u00f1os de or\u00edgenes \u00e9tnicos muy diversos que deben acoger a poblaci\u00f3n migrante.<\/p>\n","protected":false},"featured_media":6106,"template":"","format":[112],"categories":[18],"tags":[289],"cause":[128],"class_list":["post-6099","publicacion","type-publicacion","status-publish","has-post-thumbnail","hentry","category-estudios","tag-educacion","cause-educacion","format-estudios-e-informes"],"acf":[],"yoast_head":"<!-- This site is optimized with the Yoast SEO Premium plugin v21.6 (Yoast SEO v27.5) - https:\/\/yoast.com\/product\/yoast-seo-premium-wordpress\/ -->\n<title>Informe Rojo \u201cSistemas educativos interculturales para no dejar a nadie atr\u00e1s en tiempos de la COVID\u201c - Entreculturas<\/title>\n<meta name=\"robots\" content=\"index, follow, max-snippet:-1, max-image-preview:large, max-video-preview:-1\" \/>\n<link rel=\"canonical\" href=\"https:\/\/www.entreculturas.org\/gl\/publicacion\/informe-rojo-sistemas-educativos-interculturales-para-no-dejar-nadie-atras-en-tiempos\/\" \/>\n<meta property=\"og:locale\" content=\"gl_ES\" \/>\n<meta property=\"og:type\" content=\"article\" \/>\n<meta property=\"og:title\" content=\"Informe Rojo \u201cSistemas educativos interculturales para no dejar a nadie atr\u00e1s en tiempos de la COVID\u201c\" \/>\n<meta property=\"og:description\" content=\"Cuando pensamos en el mundo al que queremos contribuir de aqu\u00ed a 2030, punto de llegada de la renombrada Agenda de los Objetivos de Desarrollo Sostenible, tenemos que preguntarnos qu\u00e9 personas conforman hoy tal mundo y est\u00e1n quedando rezagadas en derechos. Hacia ellas tenemos que mirar si nuestro objetivo colectivo es alcanzar una comunidad mundial inclusiva, igualitaria y sostenible. En Entreculturas defendemos que la educaci\u00f3n inclusiva debe ser una educaci\u00f3n intercultural. Los sistemas educativos que se organizan teniendo en cuenta \u00fanicamente los referentes, significados e identidades de la cultura dominante, excluyen a las personas de otras culturas, generando una discriminaci\u00f3n educativa flagrante. Esto se observa claramente en el caso de los pueblos originarios, afrodescendientes en Am\u00e9rica Latina y el Caribe o en Europa, donde en las escuelas conviven ni\u00f1as y ni\u00f1os de or\u00edgenes \u00e9tnicos muy diversos que deben acoger a poblaci\u00f3n migrante.\" \/>\n<meta property=\"og:url\" content=\"https:\/\/www.entreculturas.org\/gl\/publicacion\/informe-rojo-sistemas-educativos-interculturales-para-no-dejar-nadie-atras-en-tiempos\/\" \/>\n<meta property=\"og:site_name\" content=\"Entreculturas\" \/>\n<meta property=\"article:publisher\" content=\"https:\/\/www.facebook.com\/entreculturas\" \/>\n<meta property=\"article:modified_time\" content=\"2024-03-20T16:24:19+00:00\" \/>\n<meta property=\"og:image\" content=\"https:\/\/www.entreculturas.org\/wp-content\/uploads\/2021\/09\/mock-up-informe2_copia.png\" \/>\n\t<meta property=\"og:image:width\" content=\"640\" \/>\n\t<meta property=\"og:image:height\" content=\"800\" \/>\n\t<meta property=\"og:image:type\" content=\"image\/png\" \/>\n<meta name=\"twitter:card\" content=\"summary_large_image\" \/>\n<meta name=\"twitter:site\" content=\"@Entreculturas\" \/>\n<script type=\"application\/ld+json\" class=\"yoast-schema-graph\">{\"@context\":\"https:\\\/\\\/schema.org\",\"@graph\":[{\"@type\":\"WebPage\",\"@id\":\"https:\\\/\\\/www.entreculturas.org\\\/gl\\\/publicacion\\\/informe-rojo-sistemas-educativos-interculturales-para-no-dejar-nadie-atras-en-tiempos\\\/\",\"url\":\"https:\\\/\\\/www.entreculturas.org\\\/gl\\\/publicacion\\\/informe-rojo-sistemas-educativos-interculturales-para-no-dejar-nadie-atras-en-tiempos\\\/\",\"name\":\"Informe Rojo \u201cSistemas educativos interculturales para no dejar a nadie atr\u00e1s en tiempos de la COVID\u201c - Entreculturas\",\"isPartOf\":{\"@id\":\"https:\\\/\\\/www.entreculturas.org\\\/gl\\\/#website\"},\"primaryImageOfPage\":{\"@id\":\"https:\\\/\\\/www.entreculturas.org\\\/gl\\\/publicacion\\\/informe-rojo-sistemas-educativos-interculturales-para-no-dejar-nadie-atras-en-tiempos\\\/#primaryimage\"},\"image\":{\"@id\":\"https:\\\/\\\/www.entreculturas.org\\\/gl\\\/publicacion\\\/informe-rojo-sistemas-educativos-interculturales-para-no-dejar-nadie-atras-en-tiempos\\\/#primaryimage\"},\"thumbnailUrl\":\"https:\\\/\\\/www.entreculturas.org\\\/wp-content\\\/uploads\\\/2021\\\/09\\\/mock-up-informe2_copia.png\",\"datePublished\":\"2021-09-20T11:31:54+00:00\",\"dateModified\":\"2024-03-20T16:24:19+00:00\",\"breadcrumb\":{\"@id\":\"https:\\\/\\\/www.entreculturas.org\\\/gl\\\/publicacion\\\/informe-rojo-sistemas-educativos-interculturales-para-no-dejar-nadie-atras-en-tiempos\\\/#breadcrumb\"},\"inLanguage\":\"gl-ES\",\"potentialAction\":[{\"@type\":\"ReadAction\",\"target\":[\"https:\\\/\\\/www.entreculturas.org\\\/gl\\\/publicacion\\\/informe-rojo-sistemas-educativos-interculturales-para-no-dejar-nadie-atras-en-tiempos\\\/\"]}]},{\"@type\":\"ImageObject\",\"inLanguage\":\"gl-ES\",\"@id\":\"https:\\\/\\\/www.entreculturas.org\\\/gl\\\/publicacion\\\/informe-rojo-sistemas-educativos-interculturales-para-no-dejar-nadie-atras-en-tiempos\\\/#primaryimage\",\"url\":\"https:\\\/\\\/www.entreculturas.org\\\/wp-content\\\/uploads\\\/2021\\\/09\\\/mock-up-informe2_copia.png\",\"contentUrl\":\"https:\\\/\\\/www.entreculturas.org\\\/wp-content\\\/uploads\\\/2021\\\/09\\\/mock-up-informe2_copia.png\",\"width\":640,\"height\":800,\"caption\":\"mock-up-informe2_copia\"},{\"@type\":\"BreadcrumbList\",\"@id\":\"https:\\\/\\\/www.entreculturas.org\\\/gl\\\/publicacion\\\/informe-rojo-sistemas-educativos-interculturales-para-no-dejar-nadie-atras-en-tiempos\\\/#breadcrumb\",\"itemListElement\":[{\"@type\":\"ListItem\",\"position\":1,\"name\":\"Home\",\"item\":\"https:\\\/\\\/www.entreculturas.org\\\/gl\\\/\"},{\"@type\":\"ListItem\",\"position\":2,\"name\":\"Publicaciones\",\"item\":\"https:\\\/\\\/www.entreculturas.org\\\/gl\\\/publicaciones\\\/\"},{\"@type\":\"ListItem\",\"position\":3,\"name\":\"Informe Rojo \u201cSistemas educativos interculturales para no dejar a nadie atr\u00e1s en tiempos de la COVID\u201c\"}]},{\"@type\":\"WebSite\",\"@id\":\"https:\\\/\\\/www.entreculturas.org\\\/gl\\\/#website\",\"url\":\"https:\\\/\\\/www.entreculturas.org\\\/gl\\\/\",\"name\":\"Entreculturas\",\"description\":\"\",\"publisher\":{\"@id\":\"https:\\\/\\\/www.entreculturas.org\\\/gl\\\/#organization\"},\"alternateName\":\"Entreculturas\",\"potentialAction\":[{\"@type\":\"SearchAction\",\"target\":{\"@type\":\"EntryPoint\",\"urlTemplate\":\"https:\\\/\\\/www.entreculturas.org\\\/gl\\\/?s={search_term_string}\"},\"query-input\":{\"@type\":\"PropertyValueSpecification\",\"valueRequired\":true,\"valueName\":\"search_term_string\"}}],\"inLanguage\":\"gl-ES\"},{\"@type\":\"Organization\",\"@id\":\"https:\\\/\\\/www.entreculturas.org\\\/gl\\\/#organization\",\"name\":\"Entreculturas\",\"url\":\"https:\\\/\\\/www.entreculturas.org\\\/gl\\\/\",\"logo\":{\"@type\":\"ImageObject\",\"inLanguage\":\"gl-ES\",\"@id\":\"https:\\\/\\\/www.entreculturas.org\\\/gl\\\/#\\\/schema\\\/logo\\\/image\\\/\",\"url\":\"https:\\\/\\\/www.entreculturas.org\\\/wp-content\\\/uploads\\\/2025\\\/10\\\/ESP.svg\",\"contentUrl\":\"https:\\\/\\\/www.entreculturas.org\\\/wp-content\\\/uploads\\\/2025\\\/10\\\/ESP.svg\",\"caption\":\"Entreculturas\"},\"image\":{\"@id\":\"https:\\\/\\\/www.entreculturas.org\\\/gl\\\/#\\\/schema\\\/logo\\\/image\\\/\"},\"sameAs\":[\"https:\\\/\\\/www.facebook.com\\\/entreculturas\",\"https:\\\/\\\/x.com\\\/Entreculturas\",\"https:\\\/\\\/www.instagram.com\\\/entreculturas\\\/\",\"https:\\\/\\\/www.youtube.com\\\/user\\\/entreculturasvideo\",\"https:\\\/\\\/www.linkedin.com\\\/company\\\/fundacion-entreculturas-ngdo\\\/\",\"https:\\\/\\\/www.flickr.com\\\/photos\\\/98455522@N04\\\/albums\\\/\"]}]}<\/script>\n<!-- \/ Yoast SEO Premium plugin. -->","yoast_head_json":{"title":"Informe Rojo \u201cSistemas educativos interculturales para no dejar a nadie atr\u00e1s en tiempos de la COVID\u201c - Entreculturas","robots":{"index":"index","follow":"follow","max-snippet":"max-snippet:-1","max-image-preview":"max-image-preview:large","max-video-preview":"max-video-preview:-1"},"canonical":"https:\/\/www.entreculturas.org\/gl\/publicacion\/informe-rojo-sistemas-educativos-interculturales-para-no-dejar-nadie-atras-en-tiempos\/","og_locale":"gl_ES","og_type":"article","og_title":"Informe Rojo \u201cSistemas educativos interculturales para no dejar a nadie atr\u00e1s en tiempos de la COVID\u201c","og_description":"Cuando pensamos en el mundo al que queremos contribuir de aqu\u00ed a 2030, punto de llegada de la renombrada Agenda de los Objetivos de Desarrollo Sostenible, tenemos que preguntarnos qu\u00e9 personas conforman hoy tal mundo y est\u00e1n quedando rezagadas en derechos. Hacia ellas tenemos que mirar si nuestro objetivo colectivo es alcanzar una comunidad mundial inclusiva, igualitaria y sostenible. En Entreculturas defendemos que la educaci\u00f3n inclusiva debe ser una educaci\u00f3n intercultural. Los sistemas educativos que se organizan teniendo en cuenta \u00fanicamente los referentes, significados e identidades de la cultura dominante, excluyen a las personas de otras culturas, generando una discriminaci\u00f3n educativa flagrante. Esto se observa claramente en el caso de los pueblos originarios, afrodescendientes en Am\u00e9rica Latina y el Caribe o en Europa, donde en las escuelas conviven ni\u00f1as y ni\u00f1os de or\u00edgenes \u00e9tnicos muy diversos que deben acoger a poblaci\u00f3n migrante.","og_url":"https:\/\/www.entreculturas.org\/gl\/publicacion\/informe-rojo-sistemas-educativos-interculturales-para-no-dejar-nadie-atras-en-tiempos\/","og_site_name":"Entreculturas","article_publisher":"https:\/\/www.facebook.com\/entreculturas","article_modified_time":"2024-03-20T16:24:19+00:00","og_image":[{"width":640,"height":800,"url":"https:\/\/www.entreculturas.org\/wp-content\/uploads\/2021\/09\/mock-up-informe2_copia.png","type":"image\/png"}],"twitter_card":"summary_large_image","twitter_site":"@Entreculturas","schema":{"@context":"https:\/\/schema.org","@graph":[{"@type":"WebPage","@id":"https:\/\/www.entreculturas.org\/gl\/publicacion\/informe-rojo-sistemas-educativos-interculturales-para-no-dejar-nadie-atras-en-tiempos\/","url":"https:\/\/www.entreculturas.org\/gl\/publicacion\/informe-rojo-sistemas-educativos-interculturales-para-no-dejar-nadie-atras-en-tiempos\/","name":"Informe Rojo \u201cSistemas educativos interculturales para no dejar a nadie atr\u00e1s en tiempos de la COVID\u201c - Entreculturas","isPartOf":{"@id":"https:\/\/www.entreculturas.org\/gl\/#website"},"primaryImageOfPage":{"@id":"https:\/\/www.entreculturas.org\/gl\/publicacion\/informe-rojo-sistemas-educativos-interculturales-para-no-dejar-nadie-atras-en-tiempos\/#primaryimage"},"image":{"@id":"https:\/\/www.entreculturas.org\/gl\/publicacion\/informe-rojo-sistemas-educativos-interculturales-para-no-dejar-nadie-atras-en-tiempos\/#primaryimage"},"thumbnailUrl":"https:\/\/www.entreculturas.org\/wp-content\/uploads\/2021\/09\/mock-up-informe2_copia.png","datePublished":"2021-09-20T11:31:54+00:00","dateModified":"2024-03-20T16:24:19+00:00","breadcrumb":{"@id":"https:\/\/www.entreculturas.org\/gl\/publicacion\/informe-rojo-sistemas-educativos-interculturales-para-no-dejar-nadie-atras-en-tiempos\/#breadcrumb"},"inLanguage":"gl-ES","potentialAction":[{"@type":"ReadAction","target":["https:\/\/www.entreculturas.org\/gl\/publicacion\/informe-rojo-sistemas-educativos-interculturales-para-no-dejar-nadie-atras-en-tiempos\/"]}]},{"@type":"ImageObject","inLanguage":"gl-ES","@id":"https:\/\/www.entreculturas.org\/gl\/publicacion\/informe-rojo-sistemas-educativos-interculturales-para-no-dejar-nadie-atras-en-tiempos\/#primaryimage","url":"https:\/\/www.entreculturas.org\/wp-content\/uploads\/2021\/09\/mock-up-informe2_copia.png","contentUrl":"https:\/\/www.entreculturas.org\/wp-content\/uploads\/2021\/09\/mock-up-informe2_copia.png","width":640,"height":800,"caption":"mock-up-informe2_copia"},{"@type":"BreadcrumbList","@id":"https:\/\/www.entreculturas.org\/gl\/publicacion\/informe-rojo-sistemas-educativos-interculturales-para-no-dejar-nadie-atras-en-tiempos\/#breadcrumb","itemListElement":[{"@type":"ListItem","position":1,"name":"Home","item":"https:\/\/www.entreculturas.org\/gl\/"},{"@type":"ListItem","position":2,"name":"Publicaciones","item":"https:\/\/www.entreculturas.org\/gl\/publicaciones\/"},{"@type":"ListItem","position":3,"name":"Informe Rojo \u201cSistemas educativos interculturales para no dejar a nadie atr\u00e1s en tiempos de la COVID\u201c"}]},{"@type":"WebSite","@id":"https:\/\/www.entreculturas.org\/gl\/#website","url":"https:\/\/www.entreculturas.org\/gl\/","name":"Entreculturas","description":"","publisher":{"@id":"https:\/\/www.entreculturas.org\/gl\/#organization"},"alternateName":"Entreculturas","potentialAction":[{"@type":"SearchAction","target":{"@type":"EntryPoint","urlTemplate":"https:\/\/www.entreculturas.org\/gl\/?s={search_term_string}"},"query-input":{"@type":"PropertyValueSpecification","valueRequired":true,"valueName":"search_term_string"}}],"inLanguage":"gl-ES"},{"@type":"Organization","@id":"https:\/\/www.entreculturas.org\/gl\/#organization","name":"Entreculturas","url":"https:\/\/www.entreculturas.org\/gl\/","logo":{"@type":"ImageObject","inLanguage":"gl-ES","@id":"https:\/\/www.entreculturas.org\/gl\/#\/schema\/logo\/image\/","url":"https:\/\/www.entreculturas.org\/wp-content\/uploads\/2025\/10\/ESP.svg","contentUrl":"https:\/\/www.entreculturas.org\/wp-content\/uploads\/2025\/10\/ESP.svg","caption":"Entreculturas"},"image":{"@id":"https:\/\/www.entreculturas.org\/gl\/#\/schema\/logo\/image\/"},"sameAs":["https:\/\/www.facebook.com\/entreculturas","https:\/\/x.com\/Entreculturas","https:\/\/www.instagram.com\/entreculturas\/","https:\/\/www.youtube.com\/user\/entreculturasvideo","https:\/\/www.linkedin.com\/company\/fundacion-entreculturas-ngdo\/","https:\/\/www.flickr.com\/photos\/98455522@N04\/albums\/"]}]}},"_links":{"self":[{"href":"https:\/\/www.entreculturas.org\/gl\/wp-json\/wp\/v2\/publicacion\/6099","targetHints":{"allow":["GET"]}}],"collection":[{"href":"https:\/\/www.entreculturas.org\/gl\/wp-json\/wp\/v2\/publicacion"}],"about":[{"href":"https:\/\/www.entreculturas.org\/gl\/wp-json\/wp\/v2\/types\/publicacion"}],"wp:featuredmedia":[{"embeddable":true,"href":"https:\/\/www.entreculturas.org\/gl\/wp-json\/wp\/v2\/media\/6106"}],"wp:attachment":[{"href":"https:\/\/www.entreculturas.org\/gl\/wp-json\/wp\/v2\/media?parent=6099"}],"wp:term":[{"taxonomy":"category","embeddable":true,"href":"https:\/\/www.entreculturas.org\/gl\/wp-json\/wp\/v2\/categories?post=6099"},{"taxonomy":"post_tag","embeddable":true,"href":"https:\/\/www.entreculturas.org\/gl\/wp-json\/wp\/v2\/tags?post=6099"},{"taxonomy":"cause","embeddable":true,"href":"https:\/\/www.entreculturas.org\/gl\/wp-json\/wp\/v2\/cause?post=6099"},{"taxonomy":"format","embeddable":true,"href":"https:\/\/www.entreculturas.org\/gl\/wp-json\/wp\/v2\/format?post=6099"}],"curies":[{"name":"wp","href":"https:\/\/api.w.org\/{rel}","templated":true}]}}