{"id":6059,"date":"2021-06-01T18:52:51","date_gmt":"2021-06-01T18:52:51","guid":{"rendered":"https:\/\/entreculturasi.wpenginepowered.com\/?publicaciones=calendario-escolar-curso-20212022"},"modified":"2024-03-20T17:29:00","modified_gmt":"2024-03-20T16:29:00","slug":"calendario-escolar-curso-20212022","status":"publish","type":"publicacion","link":"https:\/\/www.entreculturas.org\/gl\/publicacion\/calendario-escolar-curso-20212022\/","title":{"rendered":"Calendario Escolar curso 2021\/2022"},"content":{"rendered":"<p>Os presentamos el <strong>calendario escolar de Entreculturas para el curso 2021\/2022<\/strong>, que ponemos a disposici\u00f3n tanto en<strong> <\/strong>castellano como en catal\u00e1n.&nbsp;<\/p>\n<p>Bajo el t\u00edtulo de <strong>\u201cNuestro momento es ahora\u201d<\/strong> nos invita a enfrentar las dificultades de la situaci\u00f3n global que atravesamos, convirtiendo el escenario actual en una nueva oportunidad para continuar trabajando en red como ciudadan\u00eda global por la igualdad y la transformaci\u00f3n social, dando respuesta a los retos globales de nuestro tiempo.<\/p>\n<p>El calendario incluye una <strong>explicaci\u00f3n de los materiales educativos<\/strong> de Entreculturas para el curso 2021\/2022, as\u00ed como una <strong>foto con un lema educativo<\/strong> y una selecci\u00f3n de <strong>D\u00edas Internacionales<\/strong> por mes relacionados con la justicia y la solidaridad, que se\u00f1alan retos globales sobre los que podemos trabajar con nuestros grupos de j\u00f3venes.<\/p>\n<p>Estas im\u00e1genes pueden ser utilizadas a su vez para distintas actividades educativas una vez que pasa el a\u00f1o que cubre este calendario. Adem\u00e1s, incluye un <strong>mapa con la proyecci\u00f3n de A. Peters<\/strong>, que que ofrece una imagen realista y ajustada de nuestro entorno global.<\/p>\n<p>\u00a1Os invitamos a conocer este y todos los materiales de Entreculturas para el curso 2021\/2022!<\/p>\n\n\n<div style=\"height:15px\" aria-hidden=\"true\" class=\"wp-block-spacer\"><\/div>\n\n\n\n<div class=\"wp-block-buttons is-layout-flex wp-block-buttons-is-layout-flex\">\n<div class=\"wp-block-button\"><a class=\"wp-block-button__link wp-element-button\" href=\"https:\/\/www.entreculturas.org\/wp-content\/uploads\/2021\/06\/calendario_escolar_curso_21-22.pdf\" target=\"_blank\" rel=\"noreferrer noopener\">descargar<\/a><\/div>\n<\/div>\n","protected":false},"excerpt":{"rendered":"<p>Os presentamos el calendario escolar de Entreculturas para el curso 2021\/2022, que ponemos a disposici\u00f3n tanto en castellano como en catal\u00e1n.&nbsp; Bajo el t\u00edtulo de \u201cNuestro momento es ahora\u201d nos invita a enfrentar las dificultades de la situaci\u00f3n global que atravesamos, convirtiendo el escenario actual en una nueva oportunidad para continuar trabajando en red como ciudadan\u00eda global por la igualdad y la transformaci\u00f3n social, dando respuesta a los retos globales de nuestro tiempo. El calendario incluye una explicaci\u00f3n de los materiales educativos de Entreculturas para el curso 2021\/2022, as\u00ed como una foto con un lema educativo y una selecci\u00f3n de D\u00edas Internacionales por mes relacionados con la justicia y la solidaridad, que se\u00f1alan retos globales sobre los que podemos trabajar con nuestros grupos de j\u00f3venes. Estas im\u00e1genes pueden ser utilizadas a su vez para distintas actividades educativas una vez que pasa el a\u00f1o que cubre este calendario. Adem\u00e1s, incluye un [&hellip;]<\/p>\n","protected":false},"featured_media":5865,"template":"","format":[115],"categories":[12],"tags":[8],"cause":[132],"class_list":["post-6059","publicacion","type-publicacion","status-publish","has-post-thumbnail","hentry","category-recursos-educativos","tag-participacion-y-ciudadania-global","cause-participacion-y-ciudadania-global","format-recursos-educativos"],"acf":[],"yoast_head":"<!-- This site is optimized with the Yoast SEO Premium plugin v21.6 (Yoast SEO v27.5) - https:\/\/yoast.com\/product\/yoast-seo-premium-wordpress\/ -->\n<title>Calendario Escolar curso 2021\/2022 - Entreculturas<\/title>\n<meta name=\"robots\" content=\"index, follow, max-snippet:-1, max-image-preview:large, max-video-preview:-1\" \/>\n<link rel=\"canonical\" href=\"https:\/\/www.entreculturas.org\/gl\/publicacion\/calendario-escolar-curso-20212022\/\" \/>\n<meta property=\"og:locale\" content=\"gl_ES\" \/>\n<meta property=\"og:type\" content=\"article\" \/>\n<meta property=\"og:title\" content=\"Calendario Escolar curso 2021\/2022\" \/>\n<meta property=\"og:description\" content=\"Os presentamos el calendario escolar de Entreculturas para el curso 2021\/2022, que ponemos a disposici\u00f3n tanto en castellano como en catal\u00e1n.&nbsp; Bajo el t\u00edtulo de \u201cNuestro momento es ahora\u201d nos invita a enfrentar las dificultades de la situaci\u00f3n global que atravesamos, convirtiendo el escenario actual en una nueva oportunidad para continuar trabajando en red como ciudadan\u00eda global por la igualdad y la transformaci\u00f3n social, dando respuesta a los retos globales de nuestro tiempo. El calendario incluye una explicaci\u00f3n de los materiales educativos de Entreculturas para el curso 2021\/2022, as\u00ed como una foto con un lema educativo y una selecci\u00f3n de D\u00edas Internacionales por mes relacionados con la justicia y la solidaridad, que se\u00f1alan retos globales sobre los que podemos trabajar con nuestros grupos de j\u00f3venes. Estas im\u00e1genes pueden ser utilizadas a su vez para distintas actividades educativas una vez que pasa el a\u00f1o que cubre este calendario. Adem\u00e1s, incluye un [&hellip;]\" \/>\n<meta property=\"og:url\" content=\"https:\/\/www.entreculturas.org\/gl\/publicacion\/calendario-escolar-curso-20212022\/\" \/>\n<meta property=\"og:site_name\" content=\"Entreculturas\" \/>\n<meta property=\"article:publisher\" content=\"https:\/\/www.facebook.com\/entreculturas\" \/>\n<meta property=\"article:modified_time\" content=\"2024-03-20T16:29:00+00:00\" \/>\n<meta property=\"og:image\" content=\"https:\/\/www.entreculturas.org\/wp-content\/uploads\/2021\/06\/portada_calendario_-_copia.png\" \/>\n\t<meta property=\"og:image:width\" content=\"438\" \/>\n\t<meta property=\"og:image:height\" content=\"321\" \/>\n\t<meta property=\"og:image:type\" content=\"image\/png\" \/>\n<meta name=\"twitter:card\" content=\"summary_large_image\" \/>\n<meta name=\"twitter:site\" content=\"@Entreculturas\" \/>\n<script type=\"application\/ld+json\" class=\"yoast-schema-graph\">{\"@context\":\"https:\\\/\\\/schema.org\",\"@graph\":[{\"@type\":\"WebPage\",\"@id\":\"https:\\\/\\\/www.entreculturas.org\\\/gl\\\/publicacion\\\/calendario-escolar-curso-20212022\\\/\",\"url\":\"https:\\\/\\\/www.entreculturas.org\\\/gl\\\/publicacion\\\/calendario-escolar-curso-20212022\\\/\",\"name\":\"Calendario Escolar curso 2021\\\/2022 - Entreculturas\",\"isPartOf\":{\"@id\":\"https:\\\/\\\/www.entreculturas.org\\\/gl\\\/#website\"},\"primaryImageOfPage\":{\"@id\":\"https:\\\/\\\/www.entreculturas.org\\\/gl\\\/publicacion\\\/calendario-escolar-curso-20212022\\\/#primaryimage\"},\"image\":{\"@id\":\"https:\\\/\\\/www.entreculturas.org\\\/gl\\\/publicacion\\\/calendario-escolar-curso-20212022\\\/#primaryimage\"},\"thumbnailUrl\":\"https:\\\/\\\/www.entreculturas.org\\\/wp-content\\\/uploads\\\/2021\\\/06\\\/portada_calendario_-_copia.png\",\"datePublished\":\"2021-06-01T18:52:51+00:00\",\"dateModified\":\"2024-03-20T16:29:00+00:00\",\"breadcrumb\":{\"@id\":\"https:\\\/\\\/www.entreculturas.org\\\/gl\\\/publicacion\\\/calendario-escolar-curso-20212022\\\/#breadcrumb\"},\"inLanguage\":\"gl-ES\",\"potentialAction\":[{\"@type\":\"ReadAction\",\"target\":[\"https:\\\/\\\/www.entreculturas.org\\\/gl\\\/publicacion\\\/calendario-escolar-curso-20212022\\\/\"]}]},{\"@type\":\"ImageObject\",\"inLanguage\":\"gl-ES\",\"@id\":\"https:\\\/\\\/www.entreculturas.org\\\/gl\\\/publicacion\\\/calendario-escolar-curso-20212022\\\/#primaryimage\",\"url\":\"https:\\\/\\\/www.entreculturas.org\\\/wp-content\\\/uploads\\\/2021\\\/06\\\/portada_calendario_-_copia.png\",\"contentUrl\":\"https:\\\/\\\/www.entreculturas.org\\\/wp-content\\\/uploads\\\/2021\\\/06\\\/portada_calendario_-_copia.png\",\"width\":438,\"height\":321,\"caption\":\"portada_calendario_-_copia\"},{\"@type\":\"BreadcrumbList\",\"@id\":\"https:\\\/\\\/www.entreculturas.org\\\/gl\\\/publicacion\\\/calendario-escolar-curso-20212022\\\/#breadcrumb\",\"itemListElement\":[{\"@type\":\"ListItem\",\"position\":1,\"name\":\"Home\",\"item\":\"https:\\\/\\\/www.entreculturas.org\\\/gl\\\/\"},{\"@type\":\"ListItem\",\"position\":2,\"name\":\"Publicaciones\",\"item\":\"https:\\\/\\\/www.entreculturas.org\\\/gl\\\/publicaciones\\\/\"},{\"@type\":\"ListItem\",\"position\":3,\"name\":\"Calendario Escolar curso 2021\\\/2022\"}]},{\"@type\":\"WebSite\",\"@id\":\"https:\\\/\\\/www.entreculturas.org\\\/gl\\\/#website\",\"url\":\"https:\\\/\\\/www.entreculturas.org\\\/gl\\\/\",\"name\":\"Entreculturas\",\"description\":\"\",\"publisher\":{\"@id\":\"https:\\\/\\\/www.entreculturas.org\\\/gl\\\/#organization\"},\"alternateName\":\"Entreculturas\",\"potentialAction\":[{\"@type\":\"SearchAction\",\"target\":{\"@type\":\"EntryPoint\",\"urlTemplate\":\"https:\\\/\\\/www.entreculturas.org\\\/gl\\\/?s={search_term_string}\"},\"query-input\":{\"@type\":\"PropertyValueSpecification\",\"valueRequired\":true,\"valueName\":\"search_term_string\"}}],\"inLanguage\":\"gl-ES\"},{\"@type\":\"Organization\",\"@id\":\"https:\\\/\\\/www.entreculturas.org\\\/gl\\\/#organization\",\"name\":\"Entreculturas\",\"url\":\"https:\\\/\\\/www.entreculturas.org\\\/gl\\\/\",\"logo\":{\"@type\":\"ImageObject\",\"inLanguage\":\"gl-ES\",\"@id\":\"https:\\\/\\\/www.entreculturas.org\\\/gl\\\/#\\\/schema\\\/logo\\\/image\\\/\",\"url\":\"https:\\\/\\\/www.entreculturas.org\\\/wp-content\\\/uploads\\\/2025\\\/10\\\/ESP.svg\",\"contentUrl\":\"https:\\\/\\\/www.entreculturas.org\\\/wp-content\\\/uploads\\\/2025\\\/10\\\/ESP.svg\",\"caption\":\"Entreculturas\"},\"image\":{\"@id\":\"https:\\\/\\\/www.entreculturas.org\\\/gl\\\/#\\\/schema\\\/logo\\\/image\\\/\"},\"sameAs\":[\"https:\\\/\\\/www.facebook.com\\\/entreculturas\",\"https:\\\/\\\/x.com\\\/Entreculturas\",\"https:\\\/\\\/www.instagram.com\\\/entreculturas\\\/\",\"https:\\\/\\\/www.youtube.com\\\/user\\\/entreculturasvideo\",\"https:\\\/\\\/www.linkedin.com\\\/company\\\/fundacion-entreculturas-ngdo\\\/\",\"https:\\\/\\\/www.flickr.com\\\/photos\\\/98455522@N04\\\/albums\\\/\"]}]}<\/script>\n<!-- \/ Yoast SEO Premium plugin. -->","yoast_head_json":{"title":"Calendario Escolar curso 2021\/2022 - Entreculturas","robots":{"index":"index","follow":"follow","max-snippet":"max-snippet:-1","max-image-preview":"max-image-preview:large","max-video-preview":"max-video-preview:-1"},"canonical":"https:\/\/www.entreculturas.org\/gl\/publicacion\/calendario-escolar-curso-20212022\/","og_locale":"gl_ES","og_type":"article","og_title":"Calendario Escolar curso 2021\/2022","og_description":"Os presentamos el calendario escolar de Entreculturas para el curso 2021\/2022, que ponemos a disposici\u00f3n tanto en castellano como en catal\u00e1n.&nbsp; Bajo el t\u00edtulo de \u201cNuestro momento es ahora\u201d nos invita a enfrentar las dificultades de la situaci\u00f3n global que atravesamos, convirtiendo el escenario actual en una nueva oportunidad para continuar trabajando en red como ciudadan\u00eda global por la igualdad y la transformaci\u00f3n social, dando respuesta a los retos globales de nuestro tiempo. El calendario incluye una explicaci\u00f3n de los materiales educativos de Entreculturas para el curso 2021\/2022, as\u00ed como una foto con un lema educativo y una selecci\u00f3n de D\u00edas Internacionales por mes relacionados con la justicia y la solidaridad, que se\u00f1alan retos globales sobre los que podemos trabajar con nuestros grupos de j\u00f3venes. Estas im\u00e1genes pueden ser utilizadas a su vez para distintas actividades educativas una vez que pasa el a\u00f1o que cubre este calendario. Adem\u00e1s, incluye un [&hellip;]","og_url":"https:\/\/www.entreculturas.org\/gl\/publicacion\/calendario-escolar-curso-20212022\/","og_site_name":"Entreculturas","article_publisher":"https:\/\/www.facebook.com\/entreculturas","article_modified_time":"2024-03-20T16:29:00+00:00","og_image":[{"width":438,"height":321,"url":"https:\/\/www.entreculturas.org\/wp-content\/uploads\/2021\/06\/portada_calendario_-_copia.png","type":"image\/png"}],"twitter_card":"summary_large_image","twitter_site":"@Entreculturas","schema":{"@context":"https:\/\/schema.org","@graph":[{"@type":"WebPage","@id":"https:\/\/www.entreculturas.org\/gl\/publicacion\/calendario-escolar-curso-20212022\/","url":"https:\/\/www.entreculturas.org\/gl\/publicacion\/calendario-escolar-curso-20212022\/","name":"Calendario Escolar curso 2021\/2022 - Entreculturas","isPartOf":{"@id":"https:\/\/www.entreculturas.org\/gl\/#website"},"primaryImageOfPage":{"@id":"https:\/\/www.entreculturas.org\/gl\/publicacion\/calendario-escolar-curso-20212022\/#primaryimage"},"image":{"@id":"https:\/\/www.entreculturas.org\/gl\/publicacion\/calendario-escolar-curso-20212022\/#primaryimage"},"thumbnailUrl":"https:\/\/www.entreculturas.org\/wp-content\/uploads\/2021\/06\/portada_calendario_-_copia.png","datePublished":"2021-06-01T18:52:51+00:00","dateModified":"2024-03-20T16:29:00+00:00","breadcrumb":{"@id":"https:\/\/www.entreculturas.org\/gl\/publicacion\/calendario-escolar-curso-20212022\/#breadcrumb"},"inLanguage":"gl-ES","potentialAction":[{"@type":"ReadAction","target":["https:\/\/www.entreculturas.org\/gl\/publicacion\/calendario-escolar-curso-20212022\/"]}]},{"@type":"ImageObject","inLanguage":"gl-ES","@id":"https:\/\/www.entreculturas.org\/gl\/publicacion\/calendario-escolar-curso-20212022\/#primaryimage","url":"https:\/\/www.entreculturas.org\/wp-content\/uploads\/2021\/06\/portada_calendario_-_copia.png","contentUrl":"https:\/\/www.entreculturas.org\/wp-content\/uploads\/2021\/06\/portada_calendario_-_copia.png","width":438,"height":321,"caption":"portada_calendario_-_copia"},{"@type":"BreadcrumbList","@id":"https:\/\/www.entreculturas.org\/gl\/publicacion\/calendario-escolar-curso-20212022\/#breadcrumb","itemListElement":[{"@type":"ListItem","position":1,"name":"Home","item":"https:\/\/www.entreculturas.org\/gl\/"},{"@type":"ListItem","position":2,"name":"Publicaciones","item":"https:\/\/www.entreculturas.org\/gl\/publicaciones\/"},{"@type":"ListItem","position":3,"name":"Calendario Escolar curso 2021\/2022"}]},{"@type":"WebSite","@id":"https:\/\/www.entreculturas.org\/gl\/#website","url":"https:\/\/www.entreculturas.org\/gl\/","name":"Entreculturas","description":"","publisher":{"@id":"https:\/\/www.entreculturas.org\/gl\/#organization"},"alternateName":"Entreculturas","potentialAction":[{"@type":"SearchAction","target":{"@type":"EntryPoint","urlTemplate":"https:\/\/www.entreculturas.org\/gl\/?s={search_term_string}"},"query-input":{"@type":"PropertyValueSpecification","valueRequired":true,"valueName":"search_term_string"}}],"inLanguage":"gl-ES"},{"@type":"Organization","@id":"https:\/\/www.entreculturas.org\/gl\/#organization","name":"Entreculturas","url":"https:\/\/www.entreculturas.org\/gl\/","logo":{"@type":"ImageObject","inLanguage":"gl-ES","@id":"https:\/\/www.entreculturas.org\/gl\/#\/schema\/logo\/image\/","url":"https:\/\/www.entreculturas.org\/wp-content\/uploads\/2025\/10\/ESP.svg","contentUrl":"https:\/\/www.entreculturas.org\/wp-content\/uploads\/2025\/10\/ESP.svg","caption":"Entreculturas"},"image":{"@id":"https:\/\/www.entreculturas.org\/gl\/#\/schema\/logo\/image\/"},"sameAs":["https:\/\/www.facebook.com\/entreculturas","https:\/\/x.com\/Entreculturas","https:\/\/www.instagram.com\/entreculturas\/","https:\/\/www.youtube.com\/user\/entreculturasvideo","https:\/\/www.linkedin.com\/company\/fundacion-entreculturas-ngdo\/","https:\/\/www.flickr.com\/photos\/98455522@N04\/albums\/"]}]}},"_links":{"self":[{"href":"https:\/\/www.entreculturas.org\/gl\/wp-json\/wp\/v2\/publicacion\/6059","targetHints":{"allow":["GET"]}}],"collection":[{"href":"https:\/\/www.entreculturas.org\/gl\/wp-json\/wp\/v2\/publicacion"}],"about":[{"href":"https:\/\/www.entreculturas.org\/gl\/wp-json\/wp\/v2\/types\/publicacion"}],"wp:featuredmedia":[{"embeddable":true,"href":"https:\/\/www.entreculturas.org\/gl\/wp-json\/wp\/v2\/media\/5865"}],"wp:attachment":[{"href":"https:\/\/www.entreculturas.org\/gl\/wp-json\/wp\/v2\/media?parent=6059"}],"wp:term":[{"taxonomy":"category","embeddable":true,"href":"https:\/\/www.entreculturas.org\/gl\/wp-json\/wp\/v2\/categories?post=6059"},{"taxonomy":"post_tag","embeddable":true,"href":"https:\/\/www.entreculturas.org\/gl\/wp-json\/wp\/v2\/tags?post=6059"},{"taxonomy":"cause","embeddable":true,"href":"https:\/\/www.entreculturas.org\/gl\/wp-json\/wp\/v2\/cause?post=6059"},{"taxonomy":"format","embeddable":true,"href":"https:\/\/www.entreculturas.org\/gl\/wp-json\/wp\/v2\/format?post=6059"}],"curies":[{"name":"wp","href":"https:\/\/api.w.org\/{rel}","templated":true}]}}