{"id":5884,"date":"2021-02-08T17:03:25","date_gmt":"2021-02-08T17:03:25","guid":{"rendered":"https:\/\/entreculturasi.wpenginepowered.com\/?publicaciones=recopilacion-de-unidades-didacticas-para-trabajar-la-defensa-de-los-derechos-de-ninos"},"modified":"2024-03-20T17:43:39","modified_gmt":"2024-03-20T16:43:39","slug":"recopilacion-de-unidades-didacticas-para-trabajar-la-defensa-de-los-derechos-de-ninos","status":"publish","type":"publicacion","link":"https:\/\/www.entreculturas.org\/gl\/publicacion\/recopilacion-de-unidades-didacticas-para-trabajar-la-defensa-de-los-derechos-de-ninos\/","title":{"rendered":"Recopilaci\u00f3n de unidades did\u00e1cticas para trabajar la defensa de los derechos de ni\u00f1os y ni\u00f1as soldado."},"content":{"rendered":"<p>A continuaci\u00f3n, adjuntamos la recopilaci\u00f3n de una serie de unidades did\u00e1cticas dise\u00f1adas durante los \u00faltimos a\u00f1os para trabajar con grupos de ni\u00f1os, ni\u00f1as y j\u00f3venes de \u00e1mbitos educativos tanto formales como no formales, desde los 4 a los 18 a\u00f1os, sobre la realidad de <strong>ni\u00f1os y ni\u00f1as soldado en el mundo<\/strong>, y la defensa de sus derechos. Esta recopilaci\u00f3n incluye, tanto las unidades did\u00e1cticas de los D\u00edas D dise\u00f1adas en los \u00faltimos a\u00f1os, como otras actividades de otras publicaciones en las que hemos dise\u00f1ado material para trabajar esta tem\u00e1tica.<\/p>\n<p>Las unidades, divididas por franjas de edad, pueden utilizarse, tanto el 12 de febrero, D\u00eda Internacional contra el uso de ni\u00f1os y ni\u00f1as soldado, como para preparar el trabajo sobre cualquier otro d\u00eda internacional relacionado con esta tem\u00e1tica, o cualquier evento o actividad que requiera trabajar el tema de la erradicaci\u00f3n del uso de ni\u00f1os y ni\u00f1as soldado.<\/p>\n\n\n<div style=\"height:15px\" aria-hidden=\"true\" class=\"wp-block-spacer\"><\/div>\n\n\n\n<div class=\"wp-block-buttons is-layout-flex wp-block-buttons-is-layout-flex\">\n<div class=\"wp-block-button\"><a class=\"wp-block-button__link wp-element-button\" href=\"https:\/\/www.entreculturas.org\/wp-content\/uploads\/2021\/02\/contra_la_utilizacion_de_ninos_y_ninas_soldado_espanol_2019_2020.pdf\" target=\"_blank\" rel=\"noreferrer noopener\">descarga<\/a><\/div>\n<\/div>\n","protected":false},"excerpt":{"rendered":"<p>A continuaci\u00f3n, adjuntamos la recopilaci\u00f3n de una serie de unidades did\u00e1cticas dise\u00f1adas durante los \u00faltimos a\u00f1os para trabajar con grupos de ni\u00f1os, ni\u00f1as y j\u00f3venes de \u00e1mbitos educativos tanto formales como no formales, desde los 4 a los 18 a\u00f1os, sobre la realidad de ni\u00f1os y ni\u00f1as soldado en el mundo, y la defensa de sus derechos. Esta recopilaci\u00f3n incluye, tanto las unidades did\u00e1cticas de los D\u00edas D dise\u00f1adas en los \u00faltimos a\u00f1os, como otras actividades de otras publicaciones en las que hemos dise\u00f1ado material para trabajar esta tem\u00e1tica. Las unidades, divididas por franjas de edad, pueden utilizarse, tanto el 12 de febrero, D\u00eda Internacional contra el uso de ni\u00f1os y ni\u00f1as soldado, como para preparar el trabajo sobre cualquier otro d\u00eda internacional relacionado con esta tem\u00e1tica, o cualquier evento o actividad que requiera trabajar el tema de la erradicaci\u00f3n del uso de ni\u00f1os y ni\u00f1as soldado.<\/p>\n","protected":false},"featured_media":5897,"template":"","format":[115],"categories":[12],"tags":[8],"cause":[128,129],"class_list":["post-5884","publicacion","type-publicacion","status-publish","has-post-thumbnail","hentry","category-recursos-educativos","tag-participacion-y-ciudadania-global","cause-educacion","cause-migracion-y-refugio","format-recursos-educativos"],"acf":[],"yoast_head":"<!-- This site is optimized with the Yoast SEO Premium plugin v21.6 (Yoast SEO v27.5) - https:\/\/yoast.com\/product\/yoast-seo-premium-wordpress\/ -->\n<title>Recopilaci\u00f3n de unidades did\u00e1cticas para trabajar la defensa de los derechos de ni\u00f1os y ni\u00f1as soldado. - Entreculturas<\/title>\n<meta name=\"robots\" content=\"index, follow, max-snippet:-1, max-image-preview:large, max-video-preview:-1\" \/>\n<link rel=\"canonical\" href=\"https:\/\/www.entreculturas.org\/gl\/publicacion\/recopilacion-de-unidades-didacticas-para-trabajar-la-defensa-de-los-derechos-de-ninos\/\" \/>\n<meta property=\"og:locale\" content=\"gl_ES\" \/>\n<meta property=\"og:type\" content=\"article\" \/>\n<meta property=\"og:title\" content=\"Recopilaci\u00f3n de unidades did\u00e1cticas para trabajar la defensa de los derechos de ni\u00f1os y ni\u00f1as soldado.\" \/>\n<meta property=\"og:description\" content=\"A continuaci\u00f3n, adjuntamos la recopilaci\u00f3n de una serie de unidades did\u00e1cticas dise\u00f1adas durante los \u00faltimos a\u00f1os para trabajar con grupos de ni\u00f1os, ni\u00f1as y j\u00f3venes de \u00e1mbitos educativos tanto formales como no formales, desde los 4 a los 18 a\u00f1os, sobre la realidad de ni\u00f1os y ni\u00f1as soldado en el mundo, y la defensa de sus derechos. Esta recopilaci\u00f3n incluye, tanto las unidades did\u00e1cticas de los D\u00edas D dise\u00f1adas en los \u00faltimos a\u00f1os, como otras actividades de otras publicaciones en las que hemos dise\u00f1ado material para trabajar esta tem\u00e1tica. Las unidades, divididas por franjas de edad, pueden utilizarse, tanto el 12 de febrero, D\u00eda Internacional contra el uso de ni\u00f1os y ni\u00f1as soldado, como para preparar el trabajo sobre cualquier otro d\u00eda internacional relacionado con esta tem\u00e1tica, o cualquier evento o actividad que requiera trabajar el tema de la erradicaci\u00f3n del uso de ni\u00f1os y ni\u00f1as soldado.\" \/>\n<meta property=\"og:url\" content=\"https:\/\/www.entreculturas.org\/gl\/publicacion\/recopilacion-de-unidades-didacticas-para-trabajar-la-defensa-de-los-derechos-de-ninos\/\" \/>\n<meta property=\"og:site_name\" content=\"Entreculturas\" \/>\n<meta property=\"article:publisher\" content=\"https:\/\/www.facebook.com\/entreculturas\" \/>\n<meta property=\"article:modified_time\" content=\"2024-03-20T16:43:39+00:00\" \/>\n<meta property=\"og:image\" content=\"https:\/\/www.entreculturas.org\/wp-content\/uploads\/2021\/02\/contra_la_utilizacion_de_ninos_y_ninas_soldado_espanol_2019_2020-1_page-0001_0.jpg\" \/>\n\t<meta property=\"og:image:width\" content=\"1241\" \/>\n\t<meta property=\"og:image:height\" content=\"1754\" \/>\n\t<meta property=\"og:image:type\" content=\"image\/jpeg\" \/>\n<meta name=\"twitter:card\" content=\"summary_large_image\" \/>\n<meta name=\"twitter:site\" content=\"@Entreculturas\" \/>\n<script type=\"application\/ld+json\" class=\"yoast-schema-graph\">{\"@context\":\"https:\\\/\\\/schema.org\",\"@graph\":[{\"@type\":\"WebPage\",\"@id\":\"https:\\\/\\\/www.entreculturas.org\\\/gl\\\/publicacion\\\/recopilacion-de-unidades-didacticas-para-trabajar-la-defensa-de-los-derechos-de-ninos\\\/\",\"url\":\"https:\\\/\\\/www.entreculturas.org\\\/gl\\\/publicacion\\\/recopilacion-de-unidades-didacticas-para-trabajar-la-defensa-de-los-derechos-de-ninos\\\/\",\"name\":\"Recopilaci\u00f3n de unidades did\u00e1cticas para trabajar la defensa de los derechos de ni\u00f1os y ni\u00f1as soldado. - Entreculturas\",\"isPartOf\":{\"@id\":\"https:\\\/\\\/www.entreculturas.org\\\/gl\\\/#website\"},\"primaryImageOfPage\":{\"@id\":\"https:\\\/\\\/www.entreculturas.org\\\/gl\\\/publicacion\\\/recopilacion-de-unidades-didacticas-para-trabajar-la-defensa-de-los-derechos-de-ninos\\\/#primaryimage\"},\"image\":{\"@id\":\"https:\\\/\\\/www.entreculturas.org\\\/gl\\\/publicacion\\\/recopilacion-de-unidades-didacticas-para-trabajar-la-defensa-de-los-derechos-de-ninos\\\/#primaryimage\"},\"thumbnailUrl\":\"https:\\\/\\\/www.entreculturas.org\\\/wp-content\\\/uploads\\\/2021\\\/02\\\/contra_la_utilizacion_de_ninos_y_ninas_soldado_espanol_2019_2020-1_page-0001_0.jpg\",\"datePublished\":\"2021-02-08T17:03:25+00:00\",\"dateModified\":\"2024-03-20T16:43:39+00:00\",\"breadcrumb\":{\"@id\":\"https:\\\/\\\/www.entreculturas.org\\\/gl\\\/publicacion\\\/recopilacion-de-unidades-didacticas-para-trabajar-la-defensa-de-los-derechos-de-ninos\\\/#breadcrumb\"},\"inLanguage\":\"gl-ES\",\"potentialAction\":[{\"@type\":\"ReadAction\",\"target\":[\"https:\\\/\\\/www.entreculturas.org\\\/gl\\\/publicacion\\\/recopilacion-de-unidades-didacticas-para-trabajar-la-defensa-de-los-derechos-de-ninos\\\/\"]}]},{\"@type\":\"ImageObject\",\"inLanguage\":\"gl-ES\",\"@id\":\"https:\\\/\\\/www.entreculturas.org\\\/gl\\\/publicacion\\\/recopilacion-de-unidades-didacticas-para-trabajar-la-defensa-de-los-derechos-de-ninos\\\/#primaryimage\",\"url\":\"https:\\\/\\\/www.entreculturas.org\\\/wp-content\\\/uploads\\\/2021\\\/02\\\/contra_la_utilizacion_de_ninos_y_ninas_soldado_espanol_2019_2020-1_page-0001_0.jpg\",\"contentUrl\":\"https:\\\/\\\/www.entreculturas.org\\\/wp-content\\\/uploads\\\/2021\\\/02\\\/contra_la_utilizacion_de_ninos_y_ninas_soldado_espanol_2019_2020-1_page-0001_0.jpg\",\"width\":1241,\"height\":1754,\"caption\":\"contra_la_utilizacion_de_ninos_y_ninas_soldado_espanol_2019_2020-1_page-0001\"},{\"@type\":\"BreadcrumbList\",\"@id\":\"https:\\\/\\\/www.entreculturas.org\\\/gl\\\/publicacion\\\/recopilacion-de-unidades-didacticas-para-trabajar-la-defensa-de-los-derechos-de-ninos\\\/#breadcrumb\",\"itemListElement\":[{\"@type\":\"ListItem\",\"position\":1,\"name\":\"Home\",\"item\":\"https:\\\/\\\/www.entreculturas.org\\\/gl\\\/\"},{\"@type\":\"ListItem\",\"position\":2,\"name\":\"Publicaciones\",\"item\":\"https:\\\/\\\/www.entreculturas.org\\\/gl\\\/publicaciones\\\/\"},{\"@type\":\"ListItem\",\"position\":3,\"name\":\"Recopilaci\u00f3n de unidades did\u00e1cticas para trabajar la defensa de los derechos de ni\u00f1os y ni\u00f1as soldado.\"}]},{\"@type\":\"WebSite\",\"@id\":\"https:\\\/\\\/www.entreculturas.org\\\/gl\\\/#website\",\"url\":\"https:\\\/\\\/www.entreculturas.org\\\/gl\\\/\",\"name\":\"Entreculturas\",\"description\":\"\",\"publisher\":{\"@id\":\"https:\\\/\\\/www.entreculturas.org\\\/gl\\\/#organization\"},\"alternateName\":\"Entreculturas\",\"potentialAction\":[{\"@type\":\"SearchAction\",\"target\":{\"@type\":\"EntryPoint\",\"urlTemplate\":\"https:\\\/\\\/www.entreculturas.org\\\/gl\\\/?s={search_term_string}\"},\"query-input\":{\"@type\":\"PropertyValueSpecification\",\"valueRequired\":true,\"valueName\":\"search_term_string\"}}],\"inLanguage\":\"gl-ES\"},{\"@type\":\"Organization\",\"@id\":\"https:\\\/\\\/www.entreculturas.org\\\/gl\\\/#organization\",\"name\":\"Entreculturas\",\"url\":\"https:\\\/\\\/www.entreculturas.org\\\/gl\\\/\",\"logo\":{\"@type\":\"ImageObject\",\"inLanguage\":\"gl-ES\",\"@id\":\"https:\\\/\\\/www.entreculturas.org\\\/gl\\\/#\\\/schema\\\/logo\\\/image\\\/\",\"url\":\"https:\\\/\\\/www.entreculturas.org\\\/wp-content\\\/uploads\\\/2025\\\/10\\\/ESP.svg\",\"contentUrl\":\"https:\\\/\\\/www.entreculturas.org\\\/wp-content\\\/uploads\\\/2025\\\/10\\\/ESP.svg\",\"caption\":\"Entreculturas\"},\"image\":{\"@id\":\"https:\\\/\\\/www.entreculturas.org\\\/gl\\\/#\\\/schema\\\/logo\\\/image\\\/\"},\"sameAs\":[\"https:\\\/\\\/www.facebook.com\\\/entreculturas\",\"https:\\\/\\\/x.com\\\/Entreculturas\",\"https:\\\/\\\/www.instagram.com\\\/entreculturas\\\/\",\"https:\\\/\\\/www.youtube.com\\\/user\\\/entreculturasvideo\",\"https:\\\/\\\/www.linkedin.com\\\/company\\\/fundacion-entreculturas-ngdo\\\/\",\"https:\\\/\\\/www.flickr.com\\\/photos\\\/98455522@N04\\\/albums\\\/\"]}]}<\/script>\n<!-- \/ Yoast SEO Premium plugin. -->","yoast_head_json":{"title":"Recopilaci\u00f3n de unidades did\u00e1cticas para trabajar la defensa de los derechos de ni\u00f1os y ni\u00f1as soldado. - Entreculturas","robots":{"index":"index","follow":"follow","max-snippet":"max-snippet:-1","max-image-preview":"max-image-preview:large","max-video-preview":"max-video-preview:-1"},"canonical":"https:\/\/www.entreculturas.org\/gl\/publicacion\/recopilacion-de-unidades-didacticas-para-trabajar-la-defensa-de-los-derechos-de-ninos\/","og_locale":"gl_ES","og_type":"article","og_title":"Recopilaci\u00f3n de unidades did\u00e1cticas para trabajar la defensa de los derechos de ni\u00f1os y ni\u00f1as soldado.","og_description":"A continuaci\u00f3n, adjuntamos la recopilaci\u00f3n de una serie de unidades did\u00e1cticas dise\u00f1adas durante los \u00faltimos a\u00f1os para trabajar con grupos de ni\u00f1os, ni\u00f1as y j\u00f3venes de \u00e1mbitos educativos tanto formales como no formales, desde los 4 a los 18 a\u00f1os, sobre la realidad de ni\u00f1os y ni\u00f1as soldado en el mundo, y la defensa de sus derechos. Esta recopilaci\u00f3n incluye, tanto las unidades did\u00e1cticas de los D\u00edas D dise\u00f1adas en los \u00faltimos a\u00f1os, como otras actividades de otras publicaciones en las que hemos dise\u00f1ado material para trabajar esta tem\u00e1tica. Las unidades, divididas por franjas de edad, pueden utilizarse, tanto el 12 de febrero, D\u00eda Internacional contra el uso de ni\u00f1os y ni\u00f1as soldado, como para preparar el trabajo sobre cualquier otro d\u00eda internacional relacionado con esta tem\u00e1tica, o cualquier evento o actividad que requiera trabajar el tema de la erradicaci\u00f3n del uso de ni\u00f1os y ni\u00f1as soldado.","og_url":"https:\/\/www.entreculturas.org\/gl\/publicacion\/recopilacion-de-unidades-didacticas-para-trabajar-la-defensa-de-los-derechos-de-ninos\/","og_site_name":"Entreculturas","article_publisher":"https:\/\/www.facebook.com\/entreculturas","article_modified_time":"2024-03-20T16:43:39+00:00","og_image":[{"width":1241,"height":1754,"url":"https:\/\/www.entreculturas.org\/wp-content\/uploads\/2021\/02\/contra_la_utilizacion_de_ninos_y_ninas_soldado_espanol_2019_2020-1_page-0001_0.jpg","type":"image\/jpeg"}],"twitter_card":"summary_large_image","twitter_site":"@Entreculturas","schema":{"@context":"https:\/\/schema.org","@graph":[{"@type":"WebPage","@id":"https:\/\/www.entreculturas.org\/gl\/publicacion\/recopilacion-de-unidades-didacticas-para-trabajar-la-defensa-de-los-derechos-de-ninos\/","url":"https:\/\/www.entreculturas.org\/gl\/publicacion\/recopilacion-de-unidades-didacticas-para-trabajar-la-defensa-de-los-derechos-de-ninos\/","name":"Recopilaci\u00f3n de unidades did\u00e1cticas para trabajar la defensa de los derechos de ni\u00f1os y ni\u00f1as soldado. - Entreculturas","isPartOf":{"@id":"https:\/\/www.entreculturas.org\/gl\/#website"},"primaryImageOfPage":{"@id":"https:\/\/www.entreculturas.org\/gl\/publicacion\/recopilacion-de-unidades-didacticas-para-trabajar-la-defensa-de-los-derechos-de-ninos\/#primaryimage"},"image":{"@id":"https:\/\/www.entreculturas.org\/gl\/publicacion\/recopilacion-de-unidades-didacticas-para-trabajar-la-defensa-de-los-derechos-de-ninos\/#primaryimage"},"thumbnailUrl":"https:\/\/www.entreculturas.org\/wp-content\/uploads\/2021\/02\/contra_la_utilizacion_de_ninos_y_ninas_soldado_espanol_2019_2020-1_page-0001_0.jpg","datePublished":"2021-02-08T17:03:25+00:00","dateModified":"2024-03-20T16:43:39+00:00","breadcrumb":{"@id":"https:\/\/www.entreculturas.org\/gl\/publicacion\/recopilacion-de-unidades-didacticas-para-trabajar-la-defensa-de-los-derechos-de-ninos\/#breadcrumb"},"inLanguage":"gl-ES","potentialAction":[{"@type":"ReadAction","target":["https:\/\/www.entreculturas.org\/gl\/publicacion\/recopilacion-de-unidades-didacticas-para-trabajar-la-defensa-de-los-derechos-de-ninos\/"]}]},{"@type":"ImageObject","inLanguage":"gl-ES","@id":"https:\/\/www.entreculturas.org\/gl\/publicacion\/recopilacion-de-unidades-didacticas-para-trabajar-la-defensa-de-los-derechos-de-ninos\/#primaryimage","url":"https:\/\/www.entreculturas.org\/wp-content\/uploads\/2021\/02\/contra_la_utilizacion_de_ninos_y_ninas_soldado_espanol_2019_2020-1_page-0001_0.jpg","contentUrl":"https:\/\/www.entreculturas.org\/wp-content\/uploads\/2021\/02\/contra_la_utilizacion_de_ninos_y_ninas_soldado_espanol_2019_2020-1_page-0001_0.jpg","width":1241,"height":1754,"caption":"contra_la_utilizacion_de_ninos_y_ninas_soldado_espanol_2019_2020-1_page-0001"},{"@type":"BreadcrumbList","@id":"https:\/\/www.entreculturas.org\/gl\/publicacion\/recopilacion-de-unidades-didacticas-para-trabajar-la-defensa-de-los-derechos-de-ninos\/#breadcrumb","itemListElement":[{"@type":"ListItem","position":1,"name":"Home","item":"https:\/\/www.entreculturas.org\/gl\/"},{"@type":"ListItem","position":2,"name":"Publicaciones","item":"https:\/\/www.entreculturas.org\/gl\/publicaciones\/"},{"@type":"ListItem","position":3,"name":"Recopilaci\u00f3n de unidades did\u00e1cticas para trabajar la defensa de los derechos de ni\u00f1os y ni\u00f1as soldado."}]},{"@type":"WebSite","@id":"https:\/\/www.entreculturas.org\/gl\/#website","url":"https:\/\/www.entreculturas.org\/gl\/","name":"Entreculturas","description":"","publisher":{"@id":"https:\/\/www.entreculturas.org\/gl\/#organization"},"alternateName":"Entreculturas","potentialAction":[{"@type":"SearchAction","target":{"@type":"EntryPoint","urlTemplate":"https:\/\/www.entreculturas.org\/gl\/?s={search_term_string}"},"query-input":{"@type":"PropertyValueSpecification","valueRequired":true,"valueName":"search_term_string"}}],"inLanguage":"gl-ES"},{"@type":"Organization","@id":"https:\/\/www.entreculturas.org\/gl\/#organization","name":"Entreculturas","url":"https:\/\/www.entreculturas.org\/gl\/","logo":{"@type":"ImageObject","inLanguage":"gl-ES","@id":"https:\/\/www.entreculturas.org\/gl\/#\/schema\/logo\/image\/","url":"https:\/\/www.entreculturas.org\/wp-content\/uploads\/2025\/10\/ESP.svg","contentUrl":"https:\/\/www.entreculturas.org\/wp-content\/uploads\/2025\/10\/ESP.svg","caption":"Entreculturas"},"image":{"@id":"https:\/\/www.entreculturas.org\/gl\/#\/schema\/logo\/image\/"},"sameAs":["https:\/\/www.facebook.com\/entreculturas","https:\/\/x.com\/Entreculturas","https:\/\/www.instagram.com\/entreculturas\/","https:\/\/www.youtube.com\/user\/entreculturasvideo","https:\/\/www.linkedin.com\/company\/fundacion-entreculturas-ngdo\/","https:\/\/www.flickr.com\/photos\/98455522@N04\/albums\/"]}]}},"_links":{"self":[{"href":"https:\/\/www.entreculturas.org\/gl\/wp-json\/wp\/v2\/publicacion\/5884","targetHints":{"allow":["GET"]}}],"collection":[{"href":"https:\/\/www.entreculturas.org\/gl\/wp-json\/wp\/v2\/publicacion"}],"about":[{"href":"https:\/\/www.entreculturas.org\/gl\/wp-json\/wp\/v2\/types\/publicacion"}],"wp:featuredmedia":[{"embeddable":true,"href":"https:\/\/www.entreculturas.org\/gl\/wp-json\/wp\/v2\/media\/5897"}],"wp:attachment":[{"href":"https:\/\/www.entreculturas.org\/gl\/wp-json\/wp\/v2\/media?parent=5884"}],"wp:term":[{"taxonomy":"category","embeddable":true,"href":"https:\/\/www.entreculturas.org\/gl\/wp-json\/wp\/v2\/categories?post=5884"},{"taxonomy":"post_tag","embeddable":true,"href":"https:\/\/www.entreculturas.org\/gl\/wp-json\/wp\/v2\/tags?post=5884"},{"taxonomy":"cause","embeddable":true,"href":"https:\/\/www.entreculturas.org\/gl\/wp-json\/wp\/v2\/cause?post=5884"},{"taxonomy":"format","embeddable":true,"href":"https:\/\/www.entreculturas.org\/gl\/wp-json\/wp\/v2\/format?post=5884"}],"curies":[{"name":"wp","href":"https:\/\/api.w.org\/{rel}","templated":true}]}}