{"id":5419,"date":"2019-05-24T12:00:15","date_gmt":"2019-05-24T12:00:15","guid":{"rendered":"https:\/\/entreculturasi.wpenginepowered.com\/?publicaciones=posicionamiento-escuelas-libres-de-violencia"},"modified":"2024-04-22T13:01:25","modified_gmt":"2024-04-22T11:01:25","slug":"posicionamiento-escuelas-libres-de-violencia","status":"publish","type":"publicacion","link":"https:\/\/www.entreculturas.org\/gl\/publicacion\/posicionamiento-escuelas-libres-de-violencia\/","title":{"rendered":"Posicionamiento Escuelas Libres de Violencia"},"content":{"rendered":"<p>Al menos 74 pa\u00edses, entre los que se incluyen Siria, Rep\u00fablica Democr\u00e1tica del Congo (RDC), Rep\u00fablica Centroafricana o Venezuela son se\u00f1alados por la Coalici\u00f3n para Proteger a la Educaci\u00f3n de Ataques como pa\u00edses en los que se produjeron incidentes violentos entre 2013 y 2017.<\/p>\n<p>En este posicionamiento hacemos recomendaciones al Gobierno de Espa\u00f1a para que alineen sus pol\u00edticas de cooperaci\u00f3n al desarrollo y ayuda humanitaria con la Declaraci\u00f3n sobre Escuelas Seguras.<\/p>\n\n\n<div class=\"wp-block-buttons is-layout-flex wp-block-buttons-is-layout-flex\">\n<div class=\"wp-block-button\"><a class=\"wp-block-button__link wp-element-button\" href=\"https:\/\/www.entreculturas.org\/wp-content\/uploads\/2024\/04\/Posicionamiento-Escuelas-Libres-de-Violencia.pdf\">descargar<\/a><\/div>\n<\/div>\n","protected":false},"excerpt":{"rendered":"<p>Al menos 74 pa\u00edses, entre los que se incluyen Siria, Rep\u00fablica Democr\u00e1tica del Congo (RDC), Rep\u00fablica Centroafricana o Venezuela son se\u00f1alados por la Coalici\u00f3n para Proteger a la Educaci\u00f3n de Ataques como pa\u00edses en los que se produjeron incidentes violentos entre 2013 y 2017. En este posicionamiento hacemos recomendaciones al Gobierno de Espa\u00f1a para que alineen sus pol\u00edticas de cooperaci\u00f3n al desarrollo y ayuda humanitaria con la Declaraci\u00f3n sobre Escuelas Seguras.<\/p>\n","protected":false},"featured_media":5420,"template":"","format":[112],"categories":[18],"tags":[],"cause":[128],"class_list":["post-5419","publicacion","type-publicacion","status-publish","has-post-thumbnail","hentry","category-estudios","cause-educacion","format-estudios-e-informes"],"acf":[],"yoast_head":"<!-- This site is optimized with the Yoast SEO Premium plugin v21.6 (Yoast SEO v27.5) - https:\/\/yoast.com\/product\/yoast-seo-premium-wordpress\/ -->\n<title>Posicionamiento Escuelas Libres de Violencia - Entreculturas<\/title>\n<meta name=\"robots\" content=\"index, follow, max-snippet:-1, max-image-preview:large, max-video-preview:-1\" \/>\n<link rel=\"canonical\" href=\"https:\/\/www.entreculturas.org\/gl\/publicacion\/posicionamiento-escuelas-libres-de-violencia\/\" \/>\n<meta property=\"og:locale\" content=\"gl_ES\" \/>\n<meta property=\"og:type\" content=\"article\" \/>\n<meta property=\"og:title\" content=\"Posicionamiento Escuelas Libres de Violencia\" \/>\n<meta property=\"og:description\" content=\"Al menos 74 pa\u00edses, entre los que se incluyen Siria, Rep\u00fablica Democr\u00e1tica del Congo (RDC), Rep\u00fablica Centroafricana o Venezuela son se\u00f1alados por la Coalici\u00f3n para Proteger a la Educaci\u00f3n de Ataques como pa\u00edses en los que se produjeron incidentes violentos entre 2013 y 2017. En este posicionamiento hacemos recomendaciones al Gobierno de Espa\u00f1a para que alineen sus pol\u00edticas de cooperaci\u00f3n al desarrollo y ayuda humanitaria con la Declaraci\u00f3n sobre Escuelas Seguras.\" \/>\n<meta property=\"og:url\" content=\"https:\/\/www.entreculturas.org\/gl\/publicacion\/posicionamiento-escuelas-libres-de-violencia\/\" \/>\n<meta property=\"og:site_name\" content=\"Entreculturas\" \/>\n<meta property=\"article:publisher\" content=\"https:\/\/www.facebook.com\/entreculturas\" \/>\n<meta property=\"article:modified_time\" content=\"2024-04-22T11:01:25+00:00\" \/>\n<meta property=\"og:image\" content=\"https:\/\/www.entreculturas.org\/wp-content\/uploads\/2019\/05\/captura_de_pantalla_2019-05-24_a_las_13.58.23.png\" \/>\n\t<meta property=\"og:image:width\" content=\"780\" \/>\n\t<meta property=\"og:image:height\" content=\"478\" \/>\n\t<meta property=\"og:image:type\" content=\"image\/png\" \/>\n<meta name=\"twitter:card\" content=\"summary_large_image\" \/>\n<meta name=\"twitter:site\" content=\"@Entreculturas\" \/>\n<script type=\"application\/ld+json\" class=\"yoast-schema-graph\">{\"@context\":\"https:\\\/\\\/schema.org\",\"@graph\":[{\"@type\":\"WebPage\",\"@id\":\"https:\\\/\\\/www.entreculturas.org\\\/gl\\\/publicacion\\\/posicionamiento-escuelas-libres-de-violencia\\\/\",\"url\":\"https:\\\/\\\/www.entreculturas.org\\\/gl\\\/publicacion\\\/posicionamiento-escuelas-libres-de-violencia\\\/\",\"name\":\"Posicionamiento Escuelas Libres de Violencia - Entreculturas\",\"isPartOf\":{\"@id\":\"https:\\\/\\\/www.entreculturas.org\\\/gl\\\/#website\"},\"primaryImageOfPage\":{\"@id\":\"https:\\\/\\\/www.entreculturas.org\\\/gl\\\/publicacion\\\/posicionamiento-escuelas-libres-de-violencia\\\/#primaryimage\"},\"image\":{\"@id\":\"https:\\\/\\\/www.entreculturas.org\\\/gl\\\/publicacion\\\/posicionamiento-escuelas-libres-de-violencia\\\/#primaryimage\"},\"thumbnailUrl\":\"https:\\\/\\\/www.entreculturas.org\\\/wp-content\\\/uploads\\\/2019\\\/05\\\/captura_de_pantalla_2019-05-24_a_las_13.58.23.png\",\"datePublished\":\"2019-05-24T12:00:15+00:00\",\"dateModified\":\"2024-04-22T11:01:25+00:00\",\"breadcrumb\":{\"@id\":\"https:\\\/\\\/www.entreculturas.org\\\/gl\\\/publicacion\\\/posicionamiento-escuelas-libres-de-violencia\\\/#breadcrumb\"},\"inLanguage\":\"gl-ES\",\"potentialAction\":[{\"@type\":\"ReadAction\",\"target\":[\"https:\\\/\\\/www.entreculturas.org\\\/gl\\\/publicacion\\\/posicionamiento-escuelas-libres-de-violencia\\\/\"]}]},{\"@type\":\"ImageObject\",\"inLanguage\":\"gl-ES\",\"@id\":\"https:\\\/\\\/www.entreculturas.org\\\/gl\\\/publicacion\\\/posicionamiento-escuelas-libres-de-violencia\\\/#primaryimage\",\"url\":\"https:\\\/\\\/www.entreculturas.org\\\/wp-content\\\/uploads\\\/2019\\\/05\\\/captura_de_pantalla_2019-05-24_a_las_13.58.23.png\",\"contentUrl\":\"https:\\\/\\\/www.entreculturas.org\\\/wp-content\\\/uploads\\\/2019\\\/05\\\/captura_de_pantalla_2019-05-24_a_las_13.58.23.png\",\"width\":780,\"height\":478,\"caption\":\"captura_de_pantalla_2019-05-24_a_las_13\"},{\"@type\":\"BreadcrumbList\",\"@id\":\"https:\\\/\\\/www.entreculturas.org\\\/gl\\\/publicacion\\\/posicionamiento-escuelas-libres-de-violencia\\\/#breadcrumb\",\"itemListElement\":[{\"@type\":\"ListItem\",\"position\":1,\"name\":\"Home\",\"item\":\"https:\\\/\\\/www.entreculturas.org\\\/gl\\\/\"},{\"@type\":\"ListItem\",\"position\":2,\"name\":\"Publicaciones\",\"item\":\"https:\\\/\\\/www.entreculturas.org\\\/gl\\\/publicaciones\\\/\"},{\"@type\":\"ListItem\",\"position\":3,\"name\":\"Posicionamiento Escuelas Libres de Violencia\"}]},{\"@type\":\"WebSite\",\"@id\":\"https:\\\/\\\/www.entreculturas.org\\\/gl\\\/#website\",\"url\":\"https:\\\/\\\/www.entreculturas.org\\\/gl\\\/\",\"name\":\"Entreculturas\",\"description\":\"\",\"publisher\":{\"@id\":\"https:\\\/\\\/www.entreculturas.org\\\/gl\\\/#organization\"},\"alternateName\":\"Entreculturas\",\"potentialAction\":[{\"@type\":\"SearchAction\",\"target\":{\"@type\":\"EntryPoint\",\"urlTemplate\":\"https:\\\/\\\/www.entreculturas.org\\\/gl\\\/?s={search_term_string}\"},\"query-input\":{\"@type\":\"PropertyValueSpecification\",\"valueRequired\":true,\"valueName\":\"search_term_string\"}}],\"inLanguage\":\"gl-ES\"},{\"@type\":\"Organization\",\"@id\":\"https:\\\/\\\/www.entreculturas.org\\\/gl\\\/#organization\",\"name\":\"Entreculturas\",\"url\":\"https:\\\/\\\/www.entreculturas.org\\\/gl\\\/\",\"logo\":{\"@type\":\"ImageObject\",\"inLanguage\":\"gl-ES\",\"@id\":\"https:\\\/\\\/www.entreculturas.org\\\/gl\\\/#\\\/schema\\\/logo\\\/image\\\/\",\"url\":\"https:\\\/\\\/www.entreculturas.org\\\/wp-content\\\/uploads\\\/2025\\\/10\\\/ESP.svg\",\"contentUrl\":\"https:\\\/\\\/www.entreculturas.org\\\/wp-content\\\/uploads\\\/2025\\\/10\\\/ESP.svg\",\"caption\":\"Entreculturas\"},\"image\":{\"@id\":\"https:\\\/\\\/www.entreculturas.org\\\/gl\\\/#\\\/schema\\\/logo\\\/image\\\/\"},\"sameAs\":[\"https:\\\/\\\/www.facebook.com\\\/entreculturas\",\"https:\\\/\\\/x.com\\\/Entreculturas\",\"https:\\\/\\\/www.instagram.com\\\/entreculturas\\\/\",\"https:\\\/\\\/www.youtube.com\\\/user\\\/entreculturasvideo\",\"https:\\\/\\\/www.linkedin.com\\\/company\\\/fundacion-entreculturas-ngdo\\\/\",\"https:\\\/\\\/www.flickr.com\\\/photos\\\/98455522@N04\\\/albums\\\/\"]}]}<\/script>\n<!-- \/ Yoast SEO Premium plugin. -->","yoast_head_json":{"title":"Posicionamiento Escuelas Libres de Violencia - Entreculturas","robots":{"index":"index","follow":"follow","max-snippet":"max-snippet:-1","max-image-preview":"max-image-preview:large","max-video-preview":"max-video-preview:-1"},"canonical":"https:\/\/www.entreculturas.org\/gl\/publicacion\/posicionamiento-escuelas-libres-de-violencia\/","og_locale":"gl_ES","og_type":"article","og_title":"Posicionamiento Escuelas Libres de Violencia","og_description":"Al menos 74 pa\u00edses, entre los que se incluyen Siria, Rep\u00fablica Democr\u00e1tica del Congo (RDC), Rep\u00fablica Centroafricana o Venezuela son se\u00f1alados por la Coalici\u00f3n para Proteger a la Educaci\u00f3n de Ataques como pa\u00edses en los que se produjeron incidentes violentos entre 2013 y 2017. En este posicionamiento hacemos recomendaciones al Gobierno de Espa\u00f1a para que alineen sus pol\u00edticas de cooperaci\u00f3n al desarrollo y ayuda humanitaria con la Declaraci\u00f3n sobre Escuelas Seguras.","og_url":"https:\/\/www.entreculturas.org\/gl\/publicacion\/posicionamiento-escuelas-libres-de-violencia\/","og_site_name":"Entreculturas","article_publisher":"https:\/\/www.facebook.com\/entreculturas","article_modified_time":"2024-04-22T11:01:25+00:00","og_image":[{"width":780,"height":478,"url":"https:\/\/www.entreculturas.org\/wp-content\/uploads\/2019\/05\/captura_de_pantalla_2019-05-24_a_las_13.58.23.png","type":"image\/png"}],"twitter_card":"summary_large_image","twitter_site":"@Entreculturas","schema":{"@context":"https:\/\/schema.org","@graph":[{"@type":"WebPage","@id":"https:\/\/www.entreculturas.org\/gl\/publicacion\/posicionamiento-escuelas-libres-de-violencia\/","url":"https:\/\/www.entreculturas.org\/gl\/publicacion\/posicionamiento-escuelas-libres-de-violencia\/","name":"Posicionamiento Escuelas Libres de Violencia - Entreculturas","isPartOf":{"@id":"https:\/\/www.entreculturas.org\/gl\/#website"},"primaryImageOfPage":{"@id":"https:\/\/www.entreculturas.org\/gl\/publicacion\/posicionamiento-escuelas-libres-de-violencia\/#primaryimage"},"image":{"@id":"https:\/\/www.entreculturas.org\/gl\/publicacion\/posicionamiento-escuelas-libres-de-violencia\/#primaryimage"},"thumbnailUrl":"https:\/\/www.entreculturas.org\/wp-content\/uploads\/2019\/05\/captura_de_pantalla_2019-05-24_a_las_13.58.23.png","datePublished":"2019-05-24T12:00:15+00:00","dateModified":"2024-04-22T11:01:25+00:00","breadcrumb":{"@id":"https:\/\/www.entreculturas.org\/gl\/publicacion\/posicionamiento-escuelas-libres-de-violencia\/#breadcrumb"},"inLanguage":"gl-ES","potentialAction":[{"@type":"ReadAction","target":["https:\/\/www.entreculturas.org\/gl\/publicacion\/posicionamiento-escuelas-libres-de-violencia\/"]}]},{"@type":"ImageObject","inLanguage":"gl-ES","@id":"https:\/\/www.entreculturas.org\/gl\/publicacion\/posicionamiento-escuelas-libres-de-violencia\/#primaryimage","url":"https:\/\/www.entreculturas.org\/wp-content\/uploads\/2019\/05\/captura_de_pantalla_2019-05-24_a_las_13.58.23.png","contentUrl":"https:\/\/www.entreculturas.org\/wp-content\/uploads\/2019\/05\/captura_de_pantalla_2019-05-24_a_las_13.58.23.png","width":780,"height":478,"caption":"captura_de_pantalla_2019-05-24_a_las_13"},{"@type":"BreadcrumbList","@id":"https:\/\/www.entreculturas.org\/gl\/publicacion\/posicionamiento-escuelas-libres-de-violencia\/#breadcrumb","itemListElement":[{"@type":"ListItem","position":1,"name":"Home","item":"https:\/\/www.entreculturas.org\/gl\/"},{"@type":"ListItem","position":2,"name":"Publicaciones","item":"https:\/\/www.entreculturas.org\/gl\/publicaciones\/"},{"@type":"ListItem","position":3,"name":"Posicionamiento Escuelas Libres de Violencia"}]},{"@type":"WebSite","@id":"https:\/\/www.entreculturas.org\/gl\/#website","url":"https:\/\/www.entreculturas.org\/gl\/","name":"Entreculturas","description":"","publisher":{"@id":"https:\/\/www.entreculturas.org\/gl\/#organization"},"alternateName":"Entreculturas","potentialAction":[{"@type":"SearchAction","target":{"@type":"EntryPoint","urlTemplate":"https:\/\/www.entreculturas.org\/gl\/?s={search_term_string}"},"query-input":{"@type":"PropertyValueSpecification","valueRequired":true,"valueName":"search_term_string"}}],"inLanguage":"gl-ES"},{"@type":"Organization","@id":"https:\/\/www.entreculturas.org\/gl\/#organization","name":"Entreculturas","url":"https:\/\/www.entreculturas.org\/gl\/","logo":{"@type":"ImageObject","inLanguage":"gl-ES","@id":"https:\/\/www.entreculturas.org\/gl\/#\/schema\/logo\/image\/","url":"https:\/\/www.entreculturas.org\/wp-content\/uploads\/2025\/10\/ESP.svg","contentUrl":"https:\/\/www.entreculturas.org\/wp-content\/uploads\/2025\/10\/ESP.svg","caption":"Entreculturas"},"image":{"@id":"https:\/\/www.entreculturas.org\/gl\/#\/schema\/logo\/image\/"},"sameAs":["https:\/\/www.facebook.com\/entreculturas","https:\/\/x.com\/Entreculturas","https:\/\/www.instagram.com\/entreculturas\/","https:\/\/www.youtube.com\/user\/entreculturasvideo","https:\/\/www.linkedin.com\/company\/fundacion-entreculturas-ngdo\/","https:\/\/www.flickr.com\/photos\/98455522@N04\/albums\/"]}]}},"_links":{"self":[{"href":"https:\/\/www.entreculturas.org\/gl\/wp-json\/wp\/v2\/publicacion\/5419","targetHints":{"allow":["GET"]}}],"collection":[{"href":"https:\/\/www.entreculturas.org\/gl\/wp-json\/wp\/v2\/publicacion"}],"about":[{"href":"https:\/\/www.entreculturas.org\/gl\/wp-json\/wp\/v2\/types\/publicacion"}],"wp:featuredmedia":[{"embeddable":true,"href":"https:\/\/www.entreculturas.org\/gl\/wp-json\/wp\/v2\/media\/5420"}],"wp:attachment":[{"href":"https:\/\/www.entreculturas.org\/gl\/wp-json\/wp\/v2\/media?parent=5419"}],"wp:term":[{"taxonomy":"category","embeddable":true,"href":"https:\/\/www.entreculturas.org\/gl\/wp-json\/wp\/v2\/categories?post=5419"},{"taxonomy":"post_tag","embeddable":true,"href":"https:\/\/www.entreculturas.org\/gl\/wp-json\/wp\/v2\/tags?post=5419"},{"taxonomy":"cause","embeddable":true,"href":"https:\/\/www.entreculturas.org\/gl\/wp-json\/wp\/v2\/cause?post=5419"},{"taxonomy":"format","embeddable":true,"href":"https:\/\/www.entreculturas.org\/gl\/wp-json\/wp\/v2\/format?post=5419"}],"curies":[{"name":"wp","href":"https:\/\/api.w.org\/{rel}","templated":true}]}}