{"id":5282,"date":"2018-06-11T10:02:26","date_gmt":"2018-06-11T10:02:26","guid":{"rendered":"https:\/\/entreculturasi.wpenginepowered.com\/?publicaciones=calendario-y-dias-d-curso-20182019-traduccion-al-valenciano"},"modified":"2024-03-21T16:25:48","modified_gmt":"2024-03-21T15:25:48","slug":"calendario-y-dias-d-curso-20182019-traduccion-al-valenciano","status":"publish","type":"publicacion","link":"https:\/\/www.entreculturas.org\/gl\/publicacion\/calendario-y-dias-d-curso-20182019-traduccion-al-valenciano\/","title":{"rendered":"Calendario y D\u00edas D curso 2018\/2019 &#8211; traducci\u00f3n al valenciano."},"content":{"rendered":"<p align=\"center\" style=\"margin: 0px; padding: 0px; background-position: left top; background-repeat: no-repeat; box-sizing: border-box; font-family: &quot;Open Sans&quot;, Arial, Tahoma, sans-serif; font-size: 15px; background-color: rgb(255, 255, 255);\"><span style=\"font-size:14px;\">El&nbsp;<span style=\"margin: 0px; padding: 0px; background-position: left top; background-repeat: no-repeat; box-sizing: border-box; font-weight: 600;\">calendari escolar&nbsp;<\/span>penjat a l\u2019aula \u00e9s una de les eines amb les que xiquets, xiquetes, adolescents i joves aprenen a ubicar-se en el temps i a organitzar les seues tasques.<\/span><\/p>\n<p style=\"margin: 1em 0px 0px; padding: 0px; background-position: left top; background-repeat: no-repeat; box-sizing: border-box; font-family: &quot;Open Sans&quot;, Arial, Tahoma, sans-serif; font-size: 15px; background-color: rgb(255, 255, 255);\"><span style=\"font-size:14px;\">Aquest calendari aporta alguna cosa m\u00e9s a aquesta funci\u00f3: els permet tenir present durant l\u2019any una&nbsp;<span style=\"margin: 0px; padding: 0px; background-position: left top; background-repeat: no-repeat; box-sizing: border-box; font-weight: 600;\">selecci\u00f3 de Dies Internacionals&nbsp;<\/span>relacionats amb la just\u00edcia i la solidaritat global. Cada mes del calendari assenyala un Dia Internacional que destaca diferents tem\u00e0tiques i els posa cara a trav\u00e9s de les fotografies que les acompanyen.&nbsp;El fet de destacar aquests Dies Internacionals ens ofereix una oportunitat educativa per a treballar sobre les tem\u00e0tiques que aquests plantegen.&nbsp;<\/span><\/p>\n<p><span style=\"font-size:14px;\">Per aix\u00f2, el projecte Dies D est\u00e0 format per un <strong>un calendari escolar i aquests 6 unitats did\u00e0ctiques<\/strong> amb propostes dividides per franges d\u00b4edat per treballar tant en l\u2019\u00e0mbit formal com en el no formal amb xiquets, xiquetes i joves d\u2019entre 4 i 18 anys les tem\u00e0tiques reflectides en els seg\u00fcents dies internacionals:<\/span><\/p>\n<ul>\n<li style=\"margin: 0px; padding: 0px; background-position: left top; background-repeat: no-repeat; box-sizing: border-box; border: 0px; vertical-align: baseline; list-style: none;\"><span style=\"font-size:14px;\"><strong style=\"margin: 0px; padding: 0px; background-position: left top; background-repeat: no-repeat; box-sizing: border-box; border: 0px; vertical-align: baseline; font-family: Arial, Helvetica, sans-serif !important;\">8 Setembre&nbsp;<\/strong>Dia Internacional de l\u2019Alfabetitzaci\u00f3.<\/span><\/li>\n<li style=\"margin: 0px; padding: 0px; background-position: left top; background-repeat: no-repeat; box-sizing: border-box; border: 0px; vertical-align: baseline; list-style: none;\"><span style=\"font-size:14px;\"><strong style=\"margin: 0px; padding: 0px; background-position: left top; background-repeat: no-repeat; box-sizing: border-box; border: 0px; vertical-align: baseline; font-family: Arial, Helvetica, sans-serif !important;\">20 Novembre&nbsp;<\/strong>Dia dels Drets dels Infants.<\/span><\/li>\n<li style=\"margin: 0px; padding: 0px; background-position: left top; background-repeat: no-repeat; box-sizing: border-box; border: 0px; vertical-align: baseline; list-style: none;\"><span style=\"font-size:14px;\"><strong style=\"margin: 0px; padding: 0px; background-position: left top; background-repeat: no-repeat; box-sizing: border-box; border: 0px; vertical-align: baseline; font-family: Arial, Helvetica, sans-serif !important;\">30 Gener&nbsp;<\/strong>Dia Escolar de la Pau i la No Viol\u00e8ncia.<\/span><\/li>\n<li style=\"margin: 0px; padding: 0px; background-position: left top; background-repeat: no-repeat; box-sizing: border-box; border: 0px; vertical-align: baseline; list-style: none;\"><span style=\"font-size:14px;\"><strong style=\"margin: 0px; padding: 0px; background-position: left top; background-repeat: no-repeat; box-sizing: border-box; border: 0px; vertical-align: baseline; font-family: Arial, Helvetica, sans-serif !important;\">8 Mar\u00e7&nbsp;<\/strong>Dia dels Drets de les Dones.&nbsp;<strong style=\"margin: 0px; padding: 0px; background-position: left top; background-repeat: no-repeat; box-sizing: border-box; border: 0px; vertical-align: baseline; font-family: Arial, Helvetica, sans-serif !important;\">Dia D<\/strong><\/span><\/li>\n<li style=\"margin: 0px; padding: 0px; background-position: left top; background-repeat: no-repeat; box-sizing: border-box; border: 0px; vertical-align: baseline; list-style: none;\"><span style=\"font-size:14px;\"><strong style=\"margin: 0px; padding: 0px; background-position: left top; background-repeat: no-repeat; box-sizing: border-box; border: 0px; vertical-align: baseline; font-family: Arial, Helvetica, sans-serif !important;\">22 Abril&nbsp;<\/strong>Dia de la Terra.&nbsp;<strong style=\"margin: 0px; padding: 0px; background-position: left top; background-repeat: no-repeat; box-sizing: border-box; border: 0px; vertical-align: baseline; font-family: Arial, Helvetica, sans-serif !important;\">Dia D<\/strong><\/span><\/li>\n<li style=\"margin: 0px; padding: 0px; background-position: left top; background-repeat: no-repeat; box-sizing: border-box; border: 0px; vertical-align: baseline; list-style: none;\"><span style=\"font-size:14px;\"><strong style=\"margin: 0px; padding: 0px; background-position: left top; background-repeat: no-repeat; box-sizing: border-box; border: 0px; vertical-align: baseline; font-family: Arial, Helvetica, sans-serif !important;\">20 Juny&nbsp;<\/strong>Dia Mundial de les Persones Refugiades,&nbsp;<strong style=\"margin: 0px; padding: 0px; background-position: left top; background-repeat: no-repeat; box-sizing: border-box; border: 0px; vertical-align: baseline; font-family: Arial, Helvetica, sans-serif !important;\">18 Desembre<\/strong>&nbsp;&#8211; Dia Internacional de les Persones Migrants: Dies de la Mobilitat For\u00e7osa.<\/span><\/li>\n<\/ul>\n","protected":false},"excerpt":{"rendered":"<p>El&nbsp;calendari escolar&nbsp;penjat a l\u2019aula \u00e9s una de les eines amb les que xiquets, xiquetes, adolescents i joves aprenen a ubicar-se en el temps i a organitzar les seues tasques. Aquest calendari aporta alguna cosa m\u00e9s a aquesta funci\u00f3: els permet tenir present durant l\u2019any una&nbsp;selecci\u00f3 de Dies Internacionals&nbsp;relacionats amb la just\u00edcia i la solidaritat global. Cada mes del calendari assenyala un Dia Internacional que destaca diferents tem\u00e0tiques i els posa cara a trav\u00e9s de les fotografies que les acompanyen.&nbsp;El fet de destacar aquests Dies Internacionals ens ofereix una oportunitat educativa per a treballar sobre les tem\u00e0tiques que aquests plantegen.&nbsp; Per aix\u00f2, el projecte Dies D est\u00e0 format per un un calendari escolar i aquests 6 unitats did\u00e0ctiques amb propostes dividides per franges d\u00b4edat per treballar tant en l\u2019\u00e0mbit formal com en el no formal amb xiquets, xiquetes i joves d\u2019entre 4 i 18 anys les tem\u00e0tiques reflectides en els seg\u00fcents [&hellip;]<\/p>\n","protected":false},"featured_media":8623,"template":"","format":[115],"categories":[12],"tags":[8],"cause":[128,132],"class_list":["post-5282","publicacion","type-publicacion","status-publish","has-post-thumbnail","hentry","category-recursos-educativos","tag-participacion-y-ciudadania-global","cause-educacion","cause-participacion-y-ciudadania-global","format-recursos-educativos"],"acf":[],"yoast_head":"<!-- This site is optimized with the Yoast SEO Premium plugin v21.6 (Yoast SEO v27.5) - https:\/\/yoast.com\/product\/yoast-seo-premium-wordpress\/ -->\n<title>Calendario y D\u00edas D curso 2018\/2019 - traducci\u00f3n al valenciano. - Entreculturas<\/title>\n<meta name=\"robots\" content=\"index, follow, max-snippet:-1, max-image-preview:large, max-video-preview:-1\" \/>\n<link rel=\"canonical\" href=\"https:\/\/www.entreculturas.org\/gl\/publicacion\/calendario-y-dias-d-curso-20182019-traduccion-al-valenciano\/\" \/>\n<meta property=\"og:locale\" content=\"gl_ES\" \/>\n<meta property=\"og:type\" content=\"article\" \/>\n<meta property=\"og:title\" content=\"Calendario y D\u00edas D curso 2018\/2019 - traducci\u00f3n al valenciano.\" \/>\n<meta property=\"og:description\" content=\"El&nbsp;calendari escolar&nbsp;penjat a l\u2019aula \u00e9s una de les eines amb les que xiquets, xiquetes, adolescents i joves aprenen a ubicar-se en el temps i a organitzar les seues tasques. Aquest calendari aporta alguna cosa m\u00e9s a aquesta funci\u00f3: els permet tenir present durant l\u2019any una&nbsp;selecci\u00f3 de Dies Internacionals&nbsp;relacionats amb la just\u00edcia i la solidaritat global. Cada mes del calendari assenyala un Dia Internacional que destaca diferents tem\u00e0tiques i els posa cara a trav\u00e9s de les fotografies que les acompanyen.&nbsp;El fet de destacar aquests Dies Internacionals ens ofereix una oportunitat educativa per a treballar sobre les tem\u00e0tiques que aquests plantegen.&nbsp; Per aix\u00f2, el projecte Dies D est\u00e0 format per un un calendari escolar i aquests 6 unitats did\u00e0ctiques amb propostes dividides per franges d\u00b4edat per treballar tant en l\u2019\u00e0mbit formal com en el no formal amb xiquets, xiquetes i joves d\u2019entre 4 i 18 anys les tem\u00e0tiques reflectides en els seg\u00fcents [&hellip;]\" \/>\n<meta property=\"og:url\" content=\"https:\/\/www.entreculturas.org\/gl\/publicacion\/calendario-y-dias-d-curso-20182019-traduccion-al-valenciano\/\" \/>\n<meta property=\"og:site_name\" content=\"Entreculturas\" \/>\n<meta property=\"article:publisher\" content=\"https:\/\/www.facebook.com\/entreculturas\" \/>\n<meta property=\"article:modified_time\" content=\"2024-03-21T15:25:48+00:00\" \/>\n<meta property=\"og:image\" content=\"https:\/\/www.entreculturas.org\/wp-content\/uploads\/2018\/06\/dia_terra_valenciano_-scaled-2.jpg\" \/>\n\t<meta property=\"og:image:width\" content=\"2560\" \/>\n\t<meta property=\"og:image:height\" content=\"1890\" \/>\n\t<meta property=\"og:image:type\" content=\"image\/jpeg\" \/>\n<meta name=\"twitter:card\" content=\"summary_large_image\" \/>\n<meta name=\"twitter:site\" content=\"@Entreculturas\" \/>\n<script type=\"application\/ld+json\" class=\"yoast-schema-graph\">{\"@context\":\"https:\\\/\\\/schema.org\",\"@graph\":[{\"@type\":\"WebPage\",\"@id\":\"https:\\\/\\\/www.entreculturas.org\\\/gl\\\/publicacion\\\/calendario-y-dias-d-curso-20182019-traduccion-al-valenciano\\\/\",\"url\":\"https:\\\/\\\/www.entreculturas.org\\\/gl\\\/publicacion\\\/calendario-y-dias-d-curso-20182019-traduccion-al-valenciano\\\/\",\"name\":\"Calendario y D\u00edas D curso 2018\\\/2019 - traducci\u00f3n al valenciano. - Entreculturas\",\"isPartOf\":{\"@id\":\"https:\\\/\\\/www.entreculturas.org\\\/gl\\\/#website\"},\"primaryImageOfPage\":{\"@id\":\"https:\\\/\\\/www.entreculturas.org\\\/gl\\\/publicacion\\\/calendario-y-dias-d-curso-20182019-traduccion-al-valenciano\\\/#primaryimage\"},\"image\":{\"@id\":\"https:\\\/\\\/www.entreculturas.org\\\/gl\\\/publicacion\\\/calendario-y-dias-d-curso-20182019-traduccion-al-valenciano\\\/#primaryimage\"},\"thumbnailUrl\":\"https:\\\/\\\/www.entreculturas.org\\\/wp-content\\\/uploads\\\/2018\\\/06\\\/dia_terra_valenciano_-scaled-2.jpg\",\"datePublished\":\"2018-06-11T10:02:26+00:00\",\"dateModified\":\"2024-03-21T15:25:48+00:00\",\"breadcrumb\":{\"@id\":\"https:\\\/\\\/www.entreculturas.org\\\/gl\\\/publicacion\\\/calendario-y-dias-d-curso-20182019-traduccion-al-valenciano\\\/#breadcrumb\"},\"inLanguage\":\"gl-ES\",\"potentialAction\":[{\"@type\":\"ReadAction\",\"target\":[\"https:\\\/\\\/www.entreculturas.org\\\/gl\\\/publicacion\\\/calendario-y-dias-d-curso-20182019-traduccion-al-valenciano\\\/\"]}]},{\"@type\":\"ImageObject\",\"inLanguage\":\"gl-ES\",\"@id\":\"https:\\\/\\\/www.entreculturas.org\\\/gl\\\/publicacion\\\/calendario-y-dias-d-curso-20182019-traduccion-al-valenciano\\\/#primaryimage\",\"url\":\"https:\\\/\\\/www.entreculturas.org\\\/wp-content\\\/uploads\\\/2018\\\/06\\\/dia_terra_valenciano_-scaled-2.jpg\",\"contentUrl\":\"https:\\\/\\\/www.entreculturas.org\\\/wp-content\\\/uploads\\\/2018\\\/06\\\/dia_terra_valenciano_-scaled-2.jpg\",\"width\":2560,\"height\":1890,\"caption\":\"Calendario y D\u00edas D curso 2018\\\/2019 - traducci\u00f3n al valenciano.\"},{\"@type\":\"BreadcrumbList\",\"@id\":\"https:\\\/\\\/www.entreculturas.org\\\/gl\\\/publicacion\\\/calendario-y-dias-d-curso-20182019-traduccion-al-valenciano\\\/#breadcrumb\",\"itemListElement\":[{\"@type\":\"ListItem\",\"position\":1,\"name\":\"Home\",\"item\":\"https:\\\/\\\/www.entreculturas.org\\\/gl\\\/\"},{\"@type\":\"ListItem\",\"position\":2,\"name\":\"Publicaciones\",\"item\":\"https:\\\/\\\/www.entreculturas.org\\\/gl\\\/publicaciones\\\/\"},{\"@type\":\"ListItem\",\"position\":3,\"name\":\"Calendario y D\u00edas D curso 2018\\\/2019 &#8211; traducci\u00f3n al valenciano.\"}]},{\"@type\":\"WebSite\",\"@id\":\"https:\\\/\\\/www.entreculturas.org\\\/gl\\\/#website\",\"url\":\"https:\\\/\\\/www.entreculturas.org\\\/gl\\\/\",\"name\":\"Entreculturas\",\"description\":\"\",\"publisher\":{\"@id\":\"https:\\\/\\\/www.entreculturas.org\\\/gl\\\/#organization\"},\"alternateName\":\"Entreculturas\",\"potentialAction\":[{\"@type\":\"SearchAction\",\"target\":{\"@type\":\"EntryPoint\",\"urlTemplate\":\"https:\\\/\\\/www.entreculturas.org\\\/gl\\\/?s={search_term_string}\"},\"query-input\":{\"@type\":\"PropertyValueSpecification\",\"valueRequired\":true,\"valueName\":\"search_term_string\"}}],\"inLanguage\":\"gl-ES\"},{\"@type\":\"Organization\",\"@id\":\"https:\\\/\\\/www.entreculturas.org\\\/gl\\\/#organization\",\"name\":\"Entreculturas\",\"url\":\"https:\\\/\\\/www.entreculturas.org\\\/gl\\\/\",\"logo\":{\"@type\":\"ImageObject\",\"inLanguage\":\"gl-ES\",\"@id\":\"https:\\\/\\\/www.entreculturas.org\\\/gl\\\/#\\\/schema\\\/logo\\\/image\\\/\",\"url\":\"https:\\\/\\\/www.entreculturas.org\\\/wp-content\\\/uploads\\\/2025\\\/10\\\/ESP.svg\",\"contentUrl\":\"https:\\\/\\\/www.entreculturas.org\\\/wp-content\\\/uploads\\\/2025\\\/10\\\/ESP.svg\",\"caption\":\"Entreculturas\"},\"image\":{\"@id\":\"https:\\\/\\\/www.entreculturas.org\\\/gl\\\/#\\\/schema\\\/logo\\\/image\\\/\"},\"sameAs\":[\"https:\\\/\\\/www.facebook.com\\\/entreculturas\",\"https:\\\/\\\/x.com\\\/Entreculturas\",\"https:\\\/\\\/www.instagram.com\\\/entreculturas\\\/\",\"https:\\\/\\\/www.youtube.com\\\/user\\\/entreculturasvideo\",\"https:\\\/\\\/www.linkedin.com\\\/company\\\/fundacion-entreculturas-ngdo\\\/\",\"https:\\\/\\\/www.flickr.com\\\/photos\\\/98455522@N04\\\/albums\\\/\"]}]}<\/script>\n<!-- \/ Yoast SEO Premium plugin. -->","yoast_head_json":{"title":"Calendario y D\u00edas D curso 2018\/2019 - traducci\u00f3n al valenciano. - Entreculturas","robots":{"index":"index","follow":"follow","max-snippet":"max-snippet:-1","max-image-preview":"max-image-preview:large","max-video-preview":"max-video-preview:-1"},"canonical":"https:\/\/www.entreculturas.org\/gl\/publicacion\/calendario-y-dias-d-curso-20182019-traduccion-al-valenciano\/","og_locale":"gl_ES","og_type":"article","og_title":"Calendario y D\u00edas D curso 2018\/2019 - traducci\u00f3n al valenciano.","og_description":"El&nbsp;calendari escolar&nbsp;penjat a l\u2019aula \u00e9s una de les eines amb les que xiquets, xiquetes, adolescents i joves aprenen a ubicar-se en el temps i a organitzar les seues tasques. Aquest calendari aporta alguna cosa m\u00e9s a aquesta funci\u00f3: els permet tenir present durant l\u2019any una&nbsp;selecci\u00f3 de Dies Internacionals&nbsp;relacionats amb la just\u00edcia i la solidaritat global. Cada mes del calendari assenyala un Dia Internacional que destaca diferents tem\u00e0tiques i els posa cara a trav\u00e9s de les fotografies que les acompanyen.&nbsp;El fet de destacar aquests Dies Internacionals ens ofereix una oportunitat educativa per a treballar sobre les tem\u00e0tiques que aquests plantegen.&nbsp; Per aix\u00f2, el projecte Dies D est\u00e0 format per un un calendari escolar i aquests 6 unitats did\u00e0ctiques amb propostes dividides per franges d\u00b4edat per treballar tant en l\u2019\u00e0mbit formal com en el no formal amb xiquets, xiquetes i joves d\u2019entre 4 i 18 anys les tem\u00e0tiques reflectides en els seg\u00fcents [&hellip;]","og_url":"https:\/\/www.entreculturas.org\/gl\/publicacion\/calendario-y-dias-d-curso-20182019-traduccion-al-valenciano\/","og_site_name":"Entreculturas","article_publisher":"https:\/\/www.facebook.com\/entreculturas","article_modified_time":"2024-03-21T15:25:48+00:00","og_image":[{"width":2560,"height":1890,"url":"https:\/\/www.entreculturas.org\/wp-content\/uploads\/2018\/06\/dia_terra_valenciano_-scaled-2.jpg","type":"image\/jpeg"}],"twitter_card":"summary_large_image","twitter_site":"@Entreculturas","schema":{"@context":"https:\/\/schema.org","@graph":[{"@type":"WebPage","@id":"https:\/\/www.entreculturas.org\/gl\/publicacion\/calendario-y-dias-d-curso-20182019-traduccion-al-valenciano\/","url":"https:\/\/www.entreculturas.org\/gl\/publicacion\/calendario-y-dias-d-curso-20182019-traduccion-al-valenciano\/","name":"Calendario y D\u00edas D curso 2018\/2019 - traducci\u00f3n al valenciano. - Entreculturas","isPartOf":{"@id":"https:\/\/www.entreculturas.org\/gl\/#website"},"primaryImageOfPage":{"@id":"https:\/\/www.entreculturas.org\/gl\/publicacion\/calendario-y-dias-d-curso-20182019-traduccion-al-valenciano\/#primaryimage"},"image":{"@id":"https:\/\/www.entreculturas.org\/gl\/publicacion\/calendario-y-dias-d-curso-20182019-traduccion-al-valenciano\/#primaryimage"},"thumbnailUrl":"https:\/\/www.entreculturas.org\/wp-content\/uploads\/2018\/06\/dia_terra_valenciano_-scaled-2.jpg","datePublished":"2018-06-11T10:02:26+00:00","dateModified":"2024-03-21T15:25:48+00:00","breadcrumb":{"@id":"https:\/\/www.entreculturas.org\/gl\/publicacion\/calendario-y-dias-d-curso-20182019-traduccion-al-valenciano\/#breadcrumb"},"inLanguage":"gl-ES","potentialAction":[{"@type":"ReadAction","target":["https:\/\/www.entreculturas.org\/gl\/publicacion\/calendario-y-dias-d-curso-20182019-traduccion-al-valenciano\/"]}]},{"@type":"ImageObject","inLanguage":"gl-ES","@id":"https:\/\/www.entreculturas.org\/gl\/publicacion\/calendario-y-dias-d-curso-20182019-traduccion-al-valenciano\/#primaryimage","url":"https:\/\/www.entreculturas.org\/wp-content\/uploads\/2018\/06\/dia_terra_valenciano_-scaled-2.jpg","contentUrl":"https:\/\/www.entreculturas.org\/wp-content\/uploads\/2018\/06\/dia_terra_valenciano_-scaled-2.jpg","width":2560,"height":1890,"caption":"Calendario y D\u00edas D curso 2018\/2019 - traducci\u00f3n al valenciano."},{"@type":"BreadcrumbList","@id":"https:\/\/www.entreculturas.org\/gl\/publicacion\/calendario-y-dias-d-curso-20182019-traduccion-al-valenciano\/#breadcrumb","itemListElement":[{"@type":"ListItem","position":1,"name":"Home","item":"https:\/\/www.entreculturas.org\/gl\/"},{"@type":"ListItem","position":2,"name":"Publicaciones","item":"https:\/\/www.entreculturas.org\/gl\/publicaciones\/"},{"@type":"ListItem","position":3,"name":"Calendario y D\u00edas D curso 2018\/2019 &#8211; traducci\u00f3n al valenciano."}]},{"@type":"WebSite","@id":"https:\/\/www.entreculturas.org\/gl\/#website","url":"https:\/\/www.entreculturas.org\/gl\/","name":"Entreculturas","description":"","publisher":{"@id":"https:\/\/www.entreculturas.org\/gl\/#organization"},"alternateName":"Entreculturas","potentialAction":[{"@type":"SearchAction","target":{"@type":"EntryPoint","urlTemplate":"https:\/\/www.entreculturas.org\/gl\/?s={search_term_string}"},"query-input":{"@type":"PropertyValueSpecification","valueRequired":true,"valueName":"search_term_string"}}],"inLanguage":"gl-ES"},{"@type":"Organization","@id":"https:\/\/www.entreculturas.org\/gl\/#organization","name":"Entreculturas","url":"https:\/\/www.entreculturas.org\/gl\/","logo":{"@type":"ImageObject","inLanguage":"gl-ES","@id":"https:\/\/www.entreculturas.org\/gl\/#\/schema\/logo\/image\/","url":"https:\/\/www.entreculturas.org\/wp-content\/uploads\/2025\/10\/ESP.svg","contentUrl":"https:\/\/www.entreculturas.org\/wp-content\/uploads\/2025\/10\/ESP.svg","caption":"Entreculturas"},"image":{"@id":"https:\/\/www.entreculturas.org\/gl\/#\/schema\/logo\/image\/"},"sameAs":["https:\/\/www.facebook.com\/entreculturas","https:\/\/x.com\/Entreculturas","https:\/\/www.instagram.com\/entreculturas\/","https:\/\/www.youtube.com\/user\/entreculturasvideo","https:\/\/www.linkedin.com\/company\/fundacion-entreculturas-ngdo\/","https:\/\/www.flickr.com\/photos\/98455522@N04\/albums\/"]}]}},"_links":{"self":[{"href":"https:\/\/www.entreculturas.org\/gl\/wp-json\/wp\/v2\/publicacion\/5282","targetHints":{"allow":["GET"]}}],"collection":[{"href":"https:\/\/www.entreculturas.org\/gl\/wp-json\/wp\/v2\/publicacion"}],"about":[{"href":"https:\/\/www.entreculturas.org\/gl\/wp-json\/wp\/v2\/types\/publicacion"}],"wp:featuredmedia":[{"embeddable":true,"href":"https:\/\/www.entreculturas.org\/gl\/wp-json\/wp\/v2\/media\/8623"}],"wp:attachment":[{"href":"https:\/\/www.entreculturas.org\/gl\/wp-json\/wp\/v2\/media?parent=5282"}],"wp:term":[{"taxonomy":"category","embeddable":true,"href":"https:\/\/www.entreculturas.org\/gl\/wp-json\/wp\/v2\/categories?post=5282"},{"taxonomy":"post_tag","embeddable":true,"href":"https:\/\/www.entreculturas.org\/gl\/wp-json\/wp\/v2\/tags?post=5282"},{"taxonomy":"cause","embeddable":true,"href":"https:\/\/www.entreculturas.org\/gl\/wp-json\/wp\/v2\/cause?post=5282"},{"taxonomy":"format","embeddable":true,"href":"https:\/\/www.entreculturas.org\/gl\/wp-json\/wp\/v2\/format?post=5282"}],"curies":[{"name":"wp","href":"https:\/\/api.w.org\/{rel}","templated":true}]}}