{"id":5276,"date":"2018-06-11T09:26:40","date_gmt":"2018-06-11T09:26:40","guid":{"rendered":"https:\/\/entreculturasi.wpenginepowered.com\/?publicaciones=calendario-y-dias-d-curso-20182019-traduccion-al-catalan"},"modified":"2024-03-21T16:25:31","modified_gmt":"2024-03-21T15:25:31","slug":"calendario-y-dias-d-curso-20182019-traduccion-al-catalan","status":"publish","type":"publicacion","link":"https:\/\/www.entreculturas.org\/gl\/publicacion\/calendario-y-dias-d-curso-20182019-traduccion-al-catalan\/","title":{"rendered":"Calendario y D\u00edas D curso 2018\/2019 &#8211; traducci\u00f3n al catal\u00e1n."},"content":{"rendered":"<p align=\"center\">El <strong>calendari escolar <\/strong>penjat a l\u2019aula \u00e9s una de les eines amb les que nens, nenes, adolescents i joves aprenen a ubicar-se en el temps i a organitzar les seves tasques.<\/p>\n<p>Aquest calendari aporta alguna cosa m\u00e9s a aquesta funci\u00f3: els permet tenir present durant l\u2019any una <strong>selecci\u00f3 de Dies Internacionals <\/strong>relacionats amb la just\u00edcia i la solidaritat global. Cada mes del calendari assenyala un Dia Internacional que destaca diferents tem\u00e0tiques i els posa cara a trav\u00e9s de les fotografies que les acompanyen.&nbsp;El fet de destacar aquests Dies Internacionals ens ofereix una oportunitat educativa per a treballar sobre les tem\u00e0tiques que aquests plantegen. Per aquesta ra\u00f3, el projecte Dies D inclou tamb\u00e9 <strong>unitats did\u00e0ctiques amb propostes dividides per franges d<\/strong>\u2019<strong>edat <\/strong>per treballar amb nens, nenes i joves de 4 a 18 anys les tem\u00e0tiques dels Dies Internacionals assenyalats al calendari:<\/p>\n<p>&nbsp;<\/p>\n<p>&nbsp;<\/p>\n<ul>\n<li><strong>8 Setembre <\/strong>Dia Internacional de l\u2019Alfabetitzaci\u00f3.<\/li>\n<li><strong>20 Novembre <\/strong>Dia dels Drets dels Infants.<\/li>\n<li><strong>30 Gener <\/strong>Dia Escolar de la Pau i la No Viol\u00e8ncia.<\/li>\n<li><strong>8 Mar\u00e7 <\/strong>Dia dels Drets de les Dones. <strong>Dia D<\/strong><\/li>\n<li><strong>22 Abril <\/strong>Dia de la Terra. <strong>Dia D<\/strong><\/li>\n<li><strong>20 Juny <\/strong>Dia Mundial de les Persones Refugiades, <strong>18 Desembre<\/strong> &#8211; Dia Internacional de les Persones Migrants: Dies de la Mobilitat For\u00e7osa.<\/li>\n<\/ul>\n","protected":false},"excerpt":{"rendered":"<p>El calendari escolar penjat a l\u2019aula \u00e9s una de les eines amb les que nens, nenes, adolescents i joves aprenen a ubicar-se en el temps i a organitzar les seves tasques. Aquest calendari aporta alguna cosa m\u00e9s a aquesta funci\u00f3: els permet tenir present durant l\u2019any una selecci\u00f3 de Dies Internacionals relacionats amb la just\u00edcia i la solidaritat global. Cada mes del calendari assenyala un Dia Internacional que destaca diferents tem\u00e0tiques i els posa cara a trav\u00e9s de les fotografies que les acompanyen.&nbsp;El fet de destacar aquests Dies Internacionals ens ofereix una oportunitat educativa per a treballar sobre les tem\u00e0tiques que aquests plantegen. Per aquesta ra\u00f3, el projecte Dies D inclou tamb\u00e9 unitats did\u00e0ctiques amb propostes dividides per franges d\u2019edat per treballar amb nens, nenes i joves de 4 a 18 anys les tem\u00e0tiques dels Dies Internacionals assenyalats al calendari: &nbsp; &nbsp; 8 Setembre Dia Internacional de l\u2019Alfabetitzaci\u00f3. 20 Novembre [&hellip;]<\/p>\n","protected":false},"featured_media":8622,"template":"","format":[115],"categories":[12],"tags":[8],"cause":[128,132],"class_list":["post-5276","publicacion","type-publicacion","status-publish","has-post-thumbnail","hentry","category-recursos-educativos","tag-participacion-y-ciudadania-global","cause-educacion","cause-participacion-y-ciudadania-global","format-recursos-educativos"],"acf":[],"yoast_head":"<!-- This site is optimized with the Yoast SEO Premium plugin v21.6 (Yoast SEO v27.5) - https:\/\/yoast.com\/product\/yoast-seo-premium-wordpress\/ -->\n<title>Calendario y D\u00edas D curso 2018\/2019 - traducci\u00f3n al catal\u00e1n. - Entreculturas<\/title>\n<meta name=\"robots\" content=\"index, follow, max-snippet:-1, max-image-preview:large, max-video-preview:-1\" \/>\n<link rel=\"canonical\" href=\"https:\/\/www.entreculturas.org\/gl\/publicacion\/calendario-y-dias-d-curso-20182019-traduccion-al-catalan\/\" \/>\n<meta property=\"og:locale\" content=\"gl_ES\" \/>\n<meta property=\"og:type\" content=\"article\" \/>\n<meta property=\"og:title\" content=\"Calendario y D\u00edas D curso 2018\/2019 - traducci\u00f3n al catal\u00e1n.\" \/>\n<meta property=\"og:description\" content=\"El calendari escolar penjat a l\u2019aula \u00e9s una de les eines amb les que nens, nenes, adolescents i joves aprenen a ubicar-se en el temps i a organitzar les seves tasques. Aquest calendari aporta alguna cosa m\u00e9s a aquesta funci\u00f3: els permet tenir present durant l\u2019any una selecci\u00f3 de Dies Internacionals relacionats amb la just\u00edcia i la solidaritat global. Cada mes del calendari assenyala un Dia Internacional que destaca diferents tem\u00e0tiques i els posa cara a trav\u00e9s de les fotografies que les acompanyen.&nbsp;El fet de destacar aquests Dies Internacionals ens ofereix una oportunitat educativa per a treballar sobre les tem\u00e0tiques que aquests plantegen. Per aquesta ra\u00f3, el projecte Dies D inclou tamb\u00e9 unitats did\u00e0ctiques amb propostes dividides per franges d\u2019edat per treballar amb nens, nenes i joves de 4 a 18 anys les tem\u00e0tiques dels Dies Internacionals assenyalats al calendari: &nbsp; &nbsp; 8 Setembre Dia Internacional de l\u2019Alfabetitzaci\u00f3. 20 Novembre [&hellip;]\" \/>\n<meta property=\"og:url\" content=\"https:\/\/www.entreculturas.org\/gl\/publicacion\/calendario-y-dias-d-curso-20182019-traduccion-al-catalan\/\" \/>\n<meta property=\"og:site_name\" content=\"Entreculturas\" \/>\n<meta property=\"article:publisher\" content=\"https:\/\/www.facebook.com\/entreculturas\" \/>\n<meta property=\"article:modified_time\" content=\"2024-03-21T15:25:31+00:00\" \/>\n<meta property=\"og:image\" content=\"https:\/\/www.entreculturas.org\/wp-content\/uploads\/2018\/06\/dia_alfabetizacio_-scaled-2.jpg\" \/>\n\t<meta property=\"og:image:width\" content=\"2560\" \/>\n\t<meta property=\"og:image:height\" content=\"1890\" \/>\n\t<meta property=\"og:image:type\" content=\"image\/jpeg\" \/>\n<meta name=\"twitter:card\" content=\"summary_large_image\" \/>\n<meta name=\"twitter:site\" content=\"@Entreculturas\" \/>\n<script type=\"application\/ld+json\" class=\"yoast-schema-graph\">{\"@context\":\"https:\\\/\\\/schema.org\",\"@graph\":[{\"@type\":\"WebPage\",\"@id\":\"https:\\\/\\\/www.entreculturas.org\\\/gl\\\/publicacion\\\/calendario-y-dias-d-curso-20182019-traduccion-al-catalan\\\/\",\"url\":\"https:\\\/\\\/www.entreculturas.org\\\/gl\\\/publicacion\\\/calendario-y-dias-d-curso-20182019-traduccion-al-catalan\\\/\",\"name\":\"Calendario y D\u00edas D curso 2018\\\/2019 - traducci\u00f3n al catal\u00e1n. - Entreculturas\",\"isPartOf\":{\"@id\":\"https:\\\/\\\/www.entreculturas.org\\\/gl\\\/#website\"},\"primaryImageOfPage\":{\"@id\":\"https:\\\/\\\/www.entreculturas.org\\\/gl\\\/publicacion\\\/calendario-y-dias-d-curso-20182019-traduccion-al-catalan\\\/#primaryimage\"},\"image\":{\"@id\":\"https:\\\/\\\/www.entreculturas.org\\\/gl\\\/publicacion\\\/calendario-y-dias-d-curso-20182019-traduccion-al-catalan\\\/#primaryimage\"},\"thumbnailUrl\":\"https:\\\/\\\/www.entreculturas.org\\\/wp-content\\\/uploads\\\/2018\\\/06\\\/dia_alfabetizacio_-scaled-2.jpg\",\"datePublished\":\"2018-06-11T09:26:40+00:00\",\"dateModified\":\"2024-03-21T15:25:31+00:00\",\"breadcrumb\":{\"@id\":\"https:\\\/\\\/www.entreculturas.org\\\/gl\\\/publicacion\\\/calendario-y-dias-d-curso-20182019-traduccion-al-catalan\\\/#breadcrumb\"},\"inLanguage\":\"gl-ES\",\"potentialAction\":[{\"@type\":\"ReadAction\",\"target\":[\"https:\\\/\\\/www.entreculturas.org\\\/gl\\\/publicacion\\\/calendario-y-dias-d-curso-20182019-traduccion-al-catalan\\\/\"]}]},{\"@type\":\"ImageObject\",\"inLanguage\":\"gl-ES\",\"@id\":\"https:\\\/\\\/www.entreculturas.org\\\/gl\\\/publicacion\\\/calendario-y-dias-d-curso-20182019-traduccion-al-catalan\\\/#primaryimage\",\"url\":\"https:\\\/\\\/www.entreculturas.org\\\/wp-content\\\/uploads\\\/2018\\\/06\\\/dia_alfabetizacio_-scaled-2.jpg\",\"contentUrl\":\"https:\\\/\\\/www.entreculturas.org\\\/wp-content\\\/uploads\\\/2018\\\/06\\\/dia_alfabetizacio_-scaled-2.jpg\",\"width\":2560,\"height\":1890,\"caption\":\"Calendario y D\u00edas D curso 2018\\\/2019 - traducci\u00f3n al catal\u00e1n.\"},{\"@type\":\"BreadcrumbList\",\"@id\":\"https:\\\/\\\/www.entreculturas.org\\\/gl\\\/publicacion\\\/calendario-y-dias-d-curso-20182019-traduccion-al-catalan\\\/#breadcrumb\",\"itemListElement\":[{\"@type\":\"ListItem\",\"position\":1,\"name\":\"Home\",\"item\":\"https:\\\/\\\/www.entreculturas.org\\\/gl\\\/\"},{\"@type\":\"ListItem\",\"position\":2,\"name\":\"Publicaciones\",\"item\":\"https:\\\/\\\/www.entreculturas.org\\\/gl\\\/publicaciones\\\/\"},{\"@type\":\"ListItem\",\"position\":3,\"name\":\"Calendario y D\u00edas D curso 2018\\\/2019 &#8211; traducci\u00f3n al catal\u00e1n.\"}]},{\"@type\":\"WebSite\",\"@id\":\"https:\\\/\\\/www.entreculturas.org\\\/gl\\\/#website\",\"url\":\"https:\\\/\\\/www.entreculturas.org\\\/gl\\\/\",\"name\":\"Entreculturas\",\"description\":\"\",\"publisher\":{\"@id\":\"https:\\\/\\\/www.entreculturas.org\\\/gl\\\/#organization\"},\"alternateName\":\"Entreculturas\",\"potentialAction\":[{\"@type\":\"SearchAction\",\"target\":{\"@type\":\"EntryPoint\",\"urlTemplate\":\"https:\\\/\\\/www.entreculturas.org\\\/gl\\\/?s={search_term_string}\"},\"query-input\":{\"@type\":\"PropertyValueSpecification\",\"valueRequired\":true,\"valueName\":\"search_term_string\"}}],\"inLanguage\":\"gl-ES\"},{\"@type\":\"Organization\",\"@id\":\"https:\\\/\\\/www.entreculturas.org\\\/gl\\\/#organization\",\"name\":\"Entreculturas\",\"url\":\"https:\\\/\\\/www.entreculturas.org\\\/gl\\\/\",\"logo\":{\"@type\":\"ImageObject\",\"inLanguage\":\"gl-ES\",\"@id\":\"https:\\\/\\\/www.entreculturas.org\\\/gl\\\/#\\\/schema\\\/logo\\\/image\\\/\",\"url\":\"https:\\\/\\\/www.entreculturas.org\\\/wp-content\\\/uploads\\\/2025\\\/10\\\/ESP.svg\",\"contentUrl\":\"https:\\\/\\\/www.entreculturas.org\\\/wp-content\\\/uploads\\\/2025\\\/10\\\/ESP.svg\",\"caption\":\"Entreculturas\"},\"image\":{\"@id\":\"https:\\\/\\\/www.entreculturas.org\\\/gl\\\/#\\\/schema\\\/logo\\\/image\\\/\"},\"sameAs\":[\"https:\\\/\\\/www.facebook.com\\\/entreculturas\",\"https:\\\/\\\/x.com\\\/Entreculturas\",\"https:\\\/\\\/www.instagram.com\\\/entreculturas\\\/\",\"https:\\\/\\\/www.youtube.com\\\/user\\\/entreculturasvideo\",\"https:\\\/\\\/www.linkedin.com\\\/company\\\/fundacion-entreculturas-ngdo\\\/\",\"https:\\\/\\\/www.flickr.com\\\/photos\\\/98455522@N04\\\/albums\\\/\"]}]}<\/script>\n<!-- \/ Yoast SEO Premium plugin. -->","yoast_head_json":{"title":"Calendario y D\u00edas D curso 2018\/2019 - traducci\u00f3n al catal\u00e1n. - Entreculturas","robots":{"index":"index","follow":"follow","max-snippet":"max-snippet:-1","max-image-preview":"max-image-preview:large","max-video-preview":"max-video-preview:-1"},"canonical":"https:\/\/www.entreculturas.org\/gl\/publicacion\/calendario-y-dias-d-curso-20182019-traduccion-al-catalan\/","og_locale":"gl_ES","og_type":"article","og_title":"Calendario y D\u00edas D curso 2018\/2019 - traducci\u00f3n al catal\u00e1n.","og_description":"El calendari escolar penjat a l\u2019aula \u00e9s una de les eines amb les que nens, nenes, adolescents i joves aprenen a ubicar-se en el temps i a organitzar les seves tasques. Aquest calendari aporta alguna cosa m\u00e9s a aquesta funci\u00f3: els permet tenir present durant l\u2019any una selecci\u00f3 de Dies Internacionals relacionats amb la just\u00edcia i la solidaritat global. Cada mes del calendari assenyala un Dia Internacional que destaca diferents tem\u00e0tiques i els posa cara a trav\u00e9s de les fotografies que les acompanyen.&nbsp;El fet de destacar aquests Dies Internacionals ens ofereix una oportunitat educativa per a treballar sobre les tem\u00e0tiques que aquests plantegen. Per aquesta ra\u00f3, el projecte Dies D inclou tamb\u00e9 unitats did\u00e0ctiques amb propostes dividides per franges d\u2019edat per treballar amb nens, nenes i joves de 4 a 18 anys les tem\u00e0tiques dels Dies Internacionals assenyalats al calendari: &nbsp; &nbsp; 8 Setembre Dia Internacional de l\u2019Alfabetitzaci\u00f3. 20 Novembre [&hellip;]","og_url":"https:\/\/www.entreculturas.org\/gl\/publicacion\/calendario-y-dias-d-curso-20182019-traduccion-al-catalan\/","og_site_name":"Entreculturas","article_publisher":"https:\/\/www.facebook.com\/entreculturas","article_modified_time":"2024-03-21T15:25:31+00:00","og_image":[{"width":2560,"height":1890,"url":"https:\/\/www.entreculturas.org\/wp-content\/uploads\/2018\/06\/dia_alfabetizacio_-scaled-2.jpg","type":"image\/jpeg"}],"twitter_card":"summary_large_image","twitter_site":"@Entreculturas","schema":{"@context":"https:\/\/schema.org","@graph":[{"@type":"WebPage","@id":"https:\/\/www.entreculturas.org\/gl\/publicacion\/calendario-y-dias-d-curso-20182019-traduccion-al-catalan\/","url":"https:\/\/www.entreculturas.org\/gl\/publicacion\/calendario-y-dias-d-curso-20182019-traduccion-al-catalan\/","name":"Calendario y D\u00edas D curso 2018\/2019 - traducci\u00f3n al catal\u00e1n. - Entreculturas","isPartOf":{"@id":"https:\/\/www.entreculturas.org\/gl\/#website"},"primaryImageOfPage":{"@id":"https:\/\/www.entreculturas.org\/gl\/publicacion\/calendario-y-dias-d-curso-20182019-traduccion-al-catalan\/#primaryimage"},"image":{"@id":"https:\/\/www.entreculturas.org\/gl\/publicacion\/calendario-y-dias-d-curso-20182019-traduccion-al-catalan\/#primaryimage"},"thumbnailUrl":"https:\/\/www.entreculturas.org\/wp-content\/uploads\/2018\/06\/dia_alfabetizacio_-scaled-2.jpg","datePublished":"2018-06-11T09:26:40+00:00","dateModified":"2024-03-21T15:25:31+00:00","breadcrumb":{"@id":"https:\/\/www.entreculturas.org\/gl\/publicacion\/calendario-y-dias-d-curso-20182019-traduccion-al-catalan\/#breadcrumb"},"inLanguage":"gl-ES","potentialAction":[{"@type":"ReadAction","target":["https:\/\/www.entreculturas.org\/gl\/publicacion\/calendario-y-dias-d-curso-20182019-traduccion-al-catalan\/"]}]},{"@type":"ImageObject","inLanguage":"gl-ES","@id":"https:\/\/www.entreculturas.org\/gl\/publicacion\/calendario-y-dias-d-curso-20182019-traduccion-al-catalan\/#primaryimage","url":"https:\/\/www.entreculturas.org\/wp-content\/uploads\/2018\/06\/dia_alfabetizacio_-scaled-2.jpg","contentUrl":"https:\/\/www.entreculturas.org\/wp-content\/uploads\/2018\/06\/dia_alfabetizacio_-scaled-2.jpg","width":2560,"height":1890,"caption":"Calendario y D\u00edas D curso 2018\/2019 - traducci\u00f3n al catal\u00e1n."},{"@type":"BreadcrumbList","@id":"https:\/\/www.entreculturas.org\/gl\/publicacion\/calendario-y-dias-d-curso-20182019-traduccion-al-catalan\/#breadcrumb","itemListElement":[{"@type":"ListItem","position":1,"name":"Home","item":"https:\/\/www.entreculturas.org\/gl\/"},{"@type":"ListItem","position":2,"name":"Publicaciones","item":"https:\/\/www.entreculturas.org\/gl\/publicaciones\/"},{"@type":"ListItem","position":3,"name":"Calendario y D\u00edas D curso 2018\/2019 &#8211; traducci\u00f3n al catal\u00e1n."}]},{"@type":"WebSite","@id":"https:\/\/www.entreculturas.org\/gl\/#website","url":"https:\/\/www.entreculturas.org\/gl\/","name":"Entreculturas","description":"","publisher":{"@id":"https:\/\/www.entreculturas.org\/gl\/#organization"},"alternateName":"Entreculturas","potentialAction":[{"@type":"SearchAction","target":{"@type":"EntryPoint","urlTemplate":"https:\/\/www.entreculturas.org\/gl\/?s={search_term_string}"},"query-input":{"@type":"PropertyValueSpecification","valueRequired":true,"valueName":"search_term_string"}}],"inLanguage":"gl-ES"},{"@type":"Organization","@id":"https:\/\/www.entreculturas.org\/gl\/#organization","name":"Entreculturas","url":"https:\/\/www.entreculturas.org\/gl\/","logo":{"@type":"ImageObject","inLanguage":"gl-ES","@id":"https:\/\/www.entreculturas.org\/gl\/#\/schema\/logo\/image\/","url":"https:\/\/www.entreculturas.org\/wp-content\/uploads\/2025\/10\/ESP.svg","contentUrl":"https:\/\/www.entreculturas.org\/wp-content\/uploads\/2025\/10\/ESP.svg","caption":"Entreculturas"},"image":{"@id":"https:\/\/www.entreculturas.org\/gl\/#\/schema\/logo\/image\/"},"sameAs":["https:\/\/www.facebook.com\/entreculturas","https:\/\/x.com\/Entreculturas","https:\/\/www.instagram.com\/entreculturas\/","https:\/\/www.youtube.com\/user\/entreculturasvideo","https:\/\/www.linkedin.com\/company\/fundacion-entreculturas-ngdo\/","https:\/\/www.flickr.com\/photos\/98455522@N04\/albums\/"]}]}},"_links":{"self":[{"href":"https:\/\/www.entreculturas.org\/gl\/wp-json\/wp\/v2\/publicacion\/5276","targetHints":{"allow":["GET"]}}],"collection":[{"href":"https:\/\/www.entreculturas.org\/gl\/wp-json\/wp\/v2\/publicacion"}],"about":[{"href":"https:\/\/www.entreculturas.org\/gl\/wp-json\/wp\/v2\/types\/publicacion"}],"wp:featuredmedia":[{"embeddable":true,"href":"https:\/\/www.entreculturas.org\/gl\/wp-json\/wp\/v2\/media\/8622"}],"wp:attachment":[{"href":"https:\/\/www.entreculturas.org\/gl\/wp-json\/wp\/v2\/media?parent=5276"}],"wp:term":[{"taxonomy":"category","embeddable":true,"href":"https:\/\/www.entreculturas.org\/gl\/wp-json\/wp\/v2\/categories?post=5276"},{"taxonomy":"post_tag","embeddable":true,"href":"https:\/\/www.entreculturas.org\/gl\/wp-json\/wp\/v2\/tags?post=5276"},{"taxonomy":"cause","embeddable":true,"href":"https:\/\/www.entreculturas.org\/gl\/wp-json\/wp\/v2\/cause?post=5276"},{"taxonomy":"format","embeddable":true,"href":"https:\/\/www.entreculturas.org\/gl\/wp-json\/wp\/v2\/format?post=5276"}],"curies":[{"name":"wp","href":"https:\/\/api.w.org\/{rel}","templated":true}]}}