{"id":5268,"date":"2018-06-05T11:50:38","date_gmt":"2018-06-05T11:50:38","guid":{"rendered":"https:\/\/entreculturasi.wpenginepowered.com\/?publicaciones=calendario-escolar-es-la-hora-de-la-igualdad-curso-20182019"},"modified":"2024-03-21T16:26:27","modified_gmt":"2024-03-21T15:26:27","slug":"calendario-escolar-es-la-hora-de-la-igualdad-curso-20182019","status":"publish","type":"publicacion","link":"https:\/\/www.entreculturas.org\/gl\/publicacion\/calendario-escolar-es-la-hora-de-la-igualdad-curso-20182019\/","title":{"rendered":"Calendario escolar &#8220;Es la Hora de la Igualdad&#8221; &#8211; curso 2018\/2019"},"content":{"rendered":"<p align=\"center\"><strong>Este calendario forma parte del proyecto \u201cD\u00edas D, Un Mundo en tus Manos\u201d, que ofrece materiales did\u00e1cticos para trabajar tem\u00e1ticas y valores propios de la ciudadan\u00eda global a trav\u00e9s del trabajo sobre D\u00edas Internacionales significativos.<\/strong>&nbsp;<\/p>\n<p align=\"center\">&nbsp;<\/p>\n<p>La utilizaci\u00f3n de este calendario permite tener presente en el transcurso del a\u00f1o una <strong>selecci\u00f3n de D\u00edas Internacionales<\/strong> relacionados con la justicia y la solidaridad global. Cada mes del calendario se\u00f1ala un D\u00eda Internacional que llama la atenci\u00f3n sobre distintas tem\u00e1ticas y les pone rostros a trav\u00e9s de las fotograf\u00edas que las acompa\u00f1an:<\/p>\n<ul>\n<li><strong>Septiembre<\/strong>_D\u00eda Internacional de la Alfabetizaci\u00f3n. <strong>(D\u00eda D)<\/strong><\/li>\n<li><strong>Octubre<\/strong>_D\u00eda Internacional de la Erradicaci\u00f3n de la Pobreza y D\u00eda Internacional de la Ni\u00f1a.<\/li>\n<li><strong>Noviembre<\/strong>_D\u00eda de los Derechos de la Infancia. <strong>(D\u00eda D)<\/strong><\/li>\n<li><strong>Diciembre<\/strong>_D\u00eda Internacional de las Personas Migrantes. <strong>(D\u00eda D)<\/strong><\/li>\n<li><strong>Enero<\/strong>_D\u00eda escolar de la Paz y la no Violencia. <strong>(D\u00eda D)<\/strong><\/li>\n<li><strong>Febrero<\/strong>_D\u00eda Internacional contra la Utilizaci\u00f3n de Menores Soldado.<\/li>\n<li><strong>Marzo<\/strong>_D\u00eda de los Derechos de las Mujeres. <strong>(D\u00eda D)<\/strong><\/li>\n<li><strong>Abril<\/strong>_D\u00eda de la Tierra. <strong>(D\u00eda D)<\/strong><\/li>\n<li><strong>Mayo<\/strong>_D\u00eda Mundial de la Diversidad Cultural para el Di\u00e1logo y el Desarrollo.<\/li>\n<li><strong>Junio<\/strong>_D\u00eda Mundial de las Personas Refugiadas. <strong>(D\u00eda D)<\/strong><\/li>\n<li>&nbsp;<\/li>\n<\/ul>\n<p>La llamada de atenci\u00f3n sobre estos D\u00edas Internacionales nos ofrece una oportunidad educativa para trabajar sobre las tem\u00e1ticas que estos reflejan. Por esta raz\u00f3n, el proyecto D\u00edas D incluye tambi\u00e9n <strong>unidades did\u00e1cticas con propuestas divididas por franjas de edad<\/strong> para trabajar con ni\u00f1os, ni\u00f1as y j\u00f3venes de 4 a 18 a\u00f1os las tem\u00e1ticas de los D\u00edas Internacionales se\u00f1alados en el calendario, que podr\u00e9is encontrar en el siguiente enlace:&nbsp;<\/p>\n<p style=\"text-align: center;\"><a href=\"https:\/\/www.redec.es\/es\/publicaciones\/dias-d-curso-20182019\">https:\/\/www.redec.es\/es\/publicaciones\/dias-d-curso-20182019<\/a><\/p>\n<p>As\u00ed como&nbsp;en la plataforma educativa, perfil de Facebook y bolet\u00edn electr\u00f3nico de <strong>REDEC<\/strong>, la plataforma educativa online de Entreculturas.&nbsp;<\/p>\n","protected":false},"excerpt":{"rendered":"<p>Este calendario forma parte del proyecto \u201cD\u00edas D, Un Mundo en tus Manos\u201d, que ofrece materiales did\u00e1cticos para trabajar tem\u00e1ticas y valores propios de la ciudadan\u00eda global a trav\u00e9s del trabajo sobre D\u00edas Internacionales significativos.&nbsp; &nbsp; La utilizaci\u00f3n de este calendario permite tener presente en el transcurso del a\u00f1o una selecci\u00f3n de D\u00edas Internacionales relacionados con la justicia y la solidaridad global. Cada mes del calendario se\u00f1ala un D\u00eda Internacional que llama la atenci\u00f3n sobre distintas tem\u00e1ticas y les pone rostros a trav\u00e9s de las fotograf\u00edas que las acompa\u00f1an: Septiembre_D\u00eda Internacional de la Alfabetizaci\u00f3n. (D\u00eda D) Octubre_D\u00eda Internacional de la Erradicaci\u00f3n de la Pobreza y D\u00eda Internacional de la Ni\u00f1a. Noviembre_D\u00eda de los Derechos de la Infancia. (D\u00eda D) Diciembre_D\u00eda Internacional de las Personas Migrantes. (D\u00eda D) Enero_D\u00eda escolar de la Paz y la no Violencia. (D\u00eda D) Febrero_D\u00eda Internacional contra la Utilizaci\u00f3n de Menores Soldado. Marzo_D\u00eda de los Derechos [&hellip;]<\/p>\n","protected":false},"featured_media":5275,"template":"","format":[115],"categories":[12],"tags":[8],"cause":[128,132],"class_list":["post-5268","publicacion","type-publicacion","status-publish","has-post-thumbnail","hentry","category-recursos-educativos","tag-participacion-y-ciudadania-global","cause-educacion","cause-participacion-y-ciudadania-global","format-recursos-educativos"],"acf":[],"yoast_head":"<!-- This site is optimized with the Yoast SEO Premium plugin v21.6 (Yoast SEO v27.5) - https:\/\/yoast.com\/product\/yoast-seo-premium-wordpress\/ -->\n<title>Calendario escolar &quot;Es la Hora de la Igualdad&quot; - curso 2018\/2019 - Entreculturas<\/title>\n<meta name=\"robots\" content=\"index, follow, max-snippet:-1, max-image-preview:large, max-video-preview:-1\" \/>\n<link rel=\"canonical\" href=\"https:\/\/www.entreculturas.org\/gl\/publicacion\/calendario-escolar-es-la-hora-de-la-igualdad-curso-20182019\/\" \/>\n<meta property=\"og:locale\" content=\"gl_ES\" \/>\n<meta property=\"og:type\" content=\"article\" \/>\n<meta property=\"og:title\" content=\"Calendario escolar &quot;Es la Hora de la Igualdad&quot; - curso 2018\/2019\" \/>\n<meta property=\"og:description\" content=\"Este calendario forma parte del proyecto \u201cD\u00edas D, Un Mundo en tus Manos\u201d, que ofrece materiales did\u00e1cticos para trabajar tem\u00e1ticas y valores propios de la ciudadan\u00eda global a trav\u00e9s del trabajo sobre D\u00edas Internacionales significativos.&nbsp; &nbsp; La utilizaci\u00f3n de este calendario permite tener presente en el transcurso del a\u00f1o una selecci\u00f3n de D\u00edas Internacionales relacionados con la justicia y la solidaridad global. Cada mes del calendario se\u00f1ala un D\u00eda Internacional que llama la atenci\u00f3n sobre distintas tem\u00e1ticas y les pone rostros a trav\u00e9s de las fotograf\u00edas que las acompa\u00f1an: Septiembre_D\u00eda Internacional de la Alfabetizaci\u00f3n. (D\u00eda D) Octubre_D\u00eda Internacional de la Erradicaci\u00f3n de la Pobreza y D\u00eda Internacional de la Ni\u00f1a. Noviembre_D\u00eda de los Derechos de la Infancia. (D\u00eda D) Diciembre_D\u00eda Internacional de las Personas Migrantes. (D\u00eda D) Enero_D\u00eda escolar de la Paz y la no Violencia. (D\u00eda D) Febrero_D\u00eda Internacional contra la Utilizaci\u00f3n de Menores Soldado. Marzo_D\u00eda de los Derechos [&hellip;]\" \/>\n<meta property=\"og:url\" content=\"https:\/\/www.entreculturas.org\/gl\/publicacion\/calendario-escolar-es-la-hora-de-la-igualdad-curso-20182019\/\" \/>\n<meta property=\"og:site_name\" content=\"Entreculturas\" \/>\n<meta property=\"article:publisher\" content=\"https:\/\/www.facebook.com\/entreculturas\" \/>\n<meta property=\"article:modified_time\" content=\"2024-03-21T15:26:27+00:00\" \/>\n<meta property=\"og:image\" content=\"https:\/\/www.entreculturas.org\/wp-content\/uploads\/2018\/06\/calendario_2.png\" \/>\n\t<meta property=\"og:image:width\" content=\"803\" \/>\n\t<meta property=\"og:image:height\" content=\"585\" \/>\n\t<meta property=\"og:image:type\" content=\"image\/png\" \/>\n<meta name=\"twitter:card\" content=\"summary_large_image\" \/>\n<meta name=\"twitter:site\" content=\"@Entreculturas\" \/>\n<script type=\"application\/ld+json\" class=\"yoast-schema-graph\">{\"@context\":\"https:\\\/\\\/schema.org\",\"@graph\":[{\"@type\":\"WebPage\",\"@id\":\"https:\\\/\\\/www.entreculturas.org\\\/gl\\\/publicacion\\\/calendario-escolar-es-la-hora-de-la-igualdad-curso-20182019\\\/\",\"url\":\"https:\\\/\\\/www.entreculturas.org\\\/gl\\\/publicacion\\\/calendario-escolar-es-la-hora-de-la-igualdad-curso-20182019\\\/\",\"name\":\"Calendario escolar \\\"Es la Hora de la Igualdad\\\" - curso 2018\\\/2019 - Entreculturas\",\"isPartOf\":{\"@id\":\"https:\\\/\\\/www.entreculturas.org\\\/gl\\\/#website\"},\"primaryImageOfPage\":{\"@id\":\"https:\\\/\\\/www.entreculturas.org\\\/gl\\\/publicacion\\\/calendario-escolar-es-la-hora-de-la-igualdad-curso-20182019\\\/#primaryimage\"},\"image\":{\"@id\":\"https:\\\/\\\/www.entreculturas.org\\\/gl\\\/publicacion\\\/calendario-escolar-es-la-hora-de-la-igualdad-curso-20182019\\\/#primaryimage\"},\"thumbnailUrl\":\"https:\\\/\\\/www.entreculturas.org\\\/wp-content\\\/uploads\\\/2018\\\/06\\\/calendario_2.png\",\"datePublished\":\"2018-06-05T11:50:38+00:00\",\"dateModified\":\"2024-03-21T15:26:27+00:00\",\"breadcrumb\":{\"@id\":\"https:\\\/\\\/www.entreculturas.org\\\/gl\\\/publicacion\\\/calendario-escolar-es-la-hora-de-la-igualdad-curso-20182019\\\/#breadcrumb\"},\"inLanguage\":\"gl-ES\",\"potentialAction\":[{\"@type\":\"ReadAction\",\"target\":[\"https:\\\/\\\/www.entreculturas.org\\\/gl\\\/publicacion\\\/calendario-escolar-es-la-hora-de-la-igualdad-curso-20182019\\\/\"]}]},{\"@type\":\"ImageObject\",\"inLanguage\":\"gl-ES\",\"@id\":\"https:\\\/\\\/www.entreculturas.org\\\/gl\\\/publicacion\\\/calendario-escolar-es-la-hora-de-la-igualdad-curso-20182019\\\/#primaryimage\",\"url\":\"https:\\\/\\\/www.entreculturas.org\\\/wp-content\\\/uploads\\\/2018\\\/06\\\/calendario_2.png\",\"contentUrl\":\"https:\\\/\\\/www.entreculturas.org\\\/wp-content\\\/uploads\\\/2018\\\/06\\\/calendario_2.png\",\"width\":803,\"height\":585,\"caption\":\"calendario_2\"},{\"@type\":\"BreadcrumbList\",\"@id\":\"https:\\\/\\\/www.entreculturas.org\\\/gl\\\/publicacion\\\/calendario-escolar-es-la-hora-de-la-igualdad-curso-20182019\\\/#breadcrumb\",\"itemListElement\":[{\"@type\":\"ListItem\",\"position\":1,\"name\":\"Home\",\"item\":\"https:\\\/\\\/www.entreculturas.org\\\/gl\\\/\"},{\"@type\":\"ListItem\",\"position\":2,\"name\":\"Publicaciones\",\"item\":\"https:\\\/\\\/www.entreculturas.org\\\/gl\\\/publicaciones\\\/\"},{\"@type\":\"ListItem\",\"position\":3,\"name\":\"Calendario escolar &#8220;Es la Hora de la Igualdad&#8221; &#8211; curso 2018\\\/2019\"}]},{\"@type\":\"WebSite\",\"@id\":\"https:\\\/\\\/www.entreculturas.org\\\/gl\\\/#website\",\"url\":\"https:\\\/\\\/www.entreculturas.org\\\/gl\\\/\",\"name\":\"Entreculturas\",\"description\":\"\",\"publisher\":{\"@id\":\"https:\\\/\\\/www.entreculturas.org\\\/gl\\\/#organization\"},\"alternateName\":\"Entreculturas\",\"potentialAction\":[{\"@type\":\"SearchAction\",\"target\":{\"@type\":\"EntryPoint\",\"urlTemplate\":\"https:\\\/\\\/www.entreculturas.org\\\/gl\\\/?s={search_term_string}\"},\"query-input\":{\"@type\":\"PropertyValueSpecification\",\"valueRequired\":true,\"valueName\":\"search_term_string\"}}],\"inLanguage\":\"gl-ES\"},{\"@type\":\"Organization\",\"@id\":\"https:\\\/\\\/www.entreculturas.org\\\/gl\\\/#organization\",\"name\":\"Entreculturas\",\"url\":\"https:\\\/\\\/www.entreculturas.org\\\/gl\\\/\",\"logo\":{\"@type\":\"ImageObject\",\"inLanguage\":\"gl-ES\",\"@id\":\"https:\\\/\\\/www.entreculturas.org\\\/gl\\\/#\\\/schema\\\/logo\\\/image\\\/\",\"url\":\"https:\\\/\\\/www.entreculturas.org\\\/wp-content\\\/uploads\\\/2025\\\/10\\\/ESP.svg\",\"contentUrl\":\"https:\\\/\\\/www.entreculturas.org\\\/wp-content\\\/uploads\\\/2025\\\/10\\\/ESP.svg\",\"caption\":\"Entreculturas\"},\"image\":{\"@id\":\"https:\\\/\\\/www.entreculturas.org\\\/gl\\\/#\\\/schema\\\/logo\\\/image\\\/\"},\"sameAs\":[\"https:\\\/\\\/www.facebook.com\\\/entreculturas\",\"https:\\\/\\\/x.com\\\/Entreculturas\",\"https:\\\/\\\/www.instagram.com\\\/entreculturas\\\/\",\"https:\\\/\\\/www.youtube.com\\\/user\\\/entreculturasvideo\",\"https:\\\/\\\/www.linkedin.com\\\/company\\\/fundacion-entreculturas-ngdo\\\/\",\"https:\\\/\\\/www.flickr.com\\\/photos\\\/98455522@N04\\\/albums\\\/\"]}]}<\/script>\n<!-- \/ Yoast SEO Premium plugin. -->","yoast_head_json":{"title":"Calendario escolar \"Es la Hora de la Igualdad\" - curso 2018\/2019 - Entreculturas","robots":{"index":"index","follow":"follow","max-snippet":"max-snippet:-1","max-image-preview":"max-image-preview:large","max-video-preview":"max-video-preview:-1"},"canonical":"https:\/\/www.entreculturas.org\/gl\/publicacion\/calendario-escolar-es-la-hora-de-la-igualdad-curso-20182019\/","og_locale":"gl_ES","og_type":"article","og_title":"Calendario escolar \"Es la Hora de la Igualdad\" - curso 2018\/2019","og_description":"Este calendario forma parte del proyecto \u201cD\u00edas D, Un Mundo en tus Manos\u201d, que ofrece materiales did\u00e1cticos para trabajar tem\u00e1ticas y valores propios de la ciudadan\u00eda global a trav\u00e9s del trabajo sobre D\u00edas Internacionales significativos.&nbsp; &nbsp; La utilizaci\u00f3n de este calendario permite tener presente en el transcurso del a\u00f1o una selecci\u00f3n de D\u00edas Internacionales relacionados con la justicia y la solidaridad global. Cada mes del calendario se\u00f1ala un D\u00eda Internacional que llama la atenci\u00f3n sobre distintas tem\u00e1ticas y les pone rostros a trav\u00e9s de las fotograf\u00edas que las acompa\u00f1an: Septiembre_D\u00eda Internacional de la Alfabetizaci\u00f3n. (D\u00eda D) Octubre_D\u00eda Internacional de la Erradicaci\u00f3n de la Pobreza y D\u00eda Internacional de la Ni\u00f1a. Noviembre_D\u00eda de los Derechos de la Infancia. (D\u00eda D) Diciembre_D\u00eda Internacional de las Personas Migrantes. (D\u00eda D) Enero_D\u00eda escolar de la Paz y la no Violencia. (D\u00eda D) Febrero_D\u00eda Internacional contra la Utilizaci\u00f3n de Menores Soldado. Marzo_D\u00eda de los Derechos [&hellip;]","og_url":"https:\/\/www.entreculturas.org\/gl\/publicacion\/calendario-escolar-es-la-hora-de-la-igualdad-curso-20182019\/","og_site_name":"Entreculturas","article_publisher":"https:\/\/www.facebook.com\/entreculturas","article_modified_time":"2024-03-21T15:26:27+00:00","og_image":[{"width":803,"height":585,"url":"https:\/\/www.entreculturas.org\/wp-content\/uploads\/2018\/06\/calendario_2.png","type":"image\/png"}],"twitter_card":"summary_large_image","twitter_site":"@Entreculturas","schema":{"@context":"https:\/\/schema.org","@graph":[{"@type":"WebPage","@id":"https:\/\/www.entreculturas.org\/gl\/publicacion\/calendario-escolar-es-la-hora-de-la-igualdad-curso-20182019\/","url":"https:\/\/www.entreculturas.org\/gl\/publicacion\/calendario-escolar-es-la-hora-de-la-igualdad-curso-20182019\/","name":"Calendario escolar \"Es la Hora de la Igualdad\" - curso 2018\/2019 - Entreculturas","isPartOf":{"@id":"https:\/\/www.entreculturas.org\/gl\/#website"},"primaryImageOfPage":{"@id":"https:\/\/www.entreculturas.org\/gl\/publicacion\/calendario-escolar-es-la-hora-de-la-igualdad-curso-20182019\/#primaryimage"},"image":{"@id":"https:\/\/www.entreculturas.org\/gl\/publicacion\/calendario-escolar-es-la-hora-de-la-igualdad-curso-20182019\/#primaryimage"},"thumbnailUrl":"https:\/\/www.entreculturas.org\/wp-content\/uploads\/2018\/06\/calendario_2.png","datePublished":"2018-06-05T11:50:38+00:00","dateModified":"2024-03-21T15:26:27+00:00","breadcrumb":{"@id":"https:\/\/www.entreculturas.org\/gl\/publicacion\/calendario-escolar-es-la-hora-de-la-igualdad-curso-20182019\/#breadcrumb"},"inLanguage":"gl-ES","potentialAction":[{"@type":"ReadAction","target":["https:\/\/www.entreculturas.org\/gl\/publicacion\/calendario-escolar-es-la-hora-de-la-igualdad-curso-20182019\/"]}]},{"@type":"ImageObject","inLanguage":"gl-ES","@id":"https:\/\/www.entreculturas.org\/gl\/publicacion\/calendario-escolar-es-la-hora-de-la-igualdad-curso-20182019\/#primaryimage","url":"https:\/\/www.entreculturas.org\/wp-content\/uploads\/2018\/06\/calendario_2.png","contentUrl":"https:\/\/www.entreculturas.org\/wp-content\/uploads\/2018\/06\/calendario_2.png","width":803,"height":585,"caption":"calendario_2"},{"@type":"BreadcrumbList","@id":"https:\/\/www.entreculturas.org\/gl\/publicacion\/calendario-escolar-es-la-hora-de-la-igualdad-curso-20182019\/#breadcrumb","itemListElement":[{"@type":"ListItem","position":1,"name":"Home","item":"https:\/\/www.entreculturas.org\/gl\/"},{"@type":"ListItem","position":2,"name":"Publicaciones","item":"https:\/\/www.entreculturas.org\/gl\/publicaciones\/"},{"@type":"ListItem","position":3,"name":"Calendario escolar &#8220;Es la Hora de la Igualdad&#8221; &#8211; curso 2018\/2019"}]},{"@type":"WebSite","@id":"https:\/\/www.entreculturas.org\/gl\/#website","url":"https:\/\/www.entreculturas.org\/gl\/","name":"Entreculturas","description":"","publisher":{"@id":"https:\/\/www.entreculturas.org\/gl\/#organization"},"alternateName":"Entreculturas","potentialAction":[{"@type":"SearchAction","target":{"@type":"EntryPoint","urlTemplate":"https:\/\/www.entreculturas.org\/gl\/?s={search_term_string}"},"query-input":{"@type":"PropertyValueSpecification","valueRequired":true,"valueName":"search_term_string"}}],"inLanguage":"gl-ES"},{"@type":"Organization","@id":"https:\/\/www.entreculturas.org\/gl\/#organization","name":"Entreculturas","url":"https:\/\/www.entreculturas.org\/gl\/","logo":{"@type":"ImageObject","inLanguage":"gl-ES","@id":"https:\/\/www.entreculturas.org\/gl\/#\/schema\/logo\/image\/","url":"https:\/\/www.entreculturas.org\/wp-content\/uploads\/2025\/10\/ESP.svg","contentUrl":"https:\/\/www.entreculturas.org\/wp-content\/uploads\/2025\/10\/ESP.svg","caption":"Entreculturas"},"image":{"@id":"https:\/\/www.entreculturas.org\/gl\/#\/schema\/logo\/image\/"},"sameAs":["https:\/\/www.facebook.com\/entreculturas","https:\/\/x.com\/Entreculturas","https:\/\/www.instagram.com\/entreculturas\/","https:\/\/www.youtube.com\/user\/entreculturasvideo","https:\/\/www.linkedin.com\/company\/fundacion-entreculturas-ngdo\/","https:\/\/www.flickr.com\/photos\/98455522@N04\/albums\/"]}]}},"_links":{"self":[{"href":"https:\/\/www.entreculturas.org\/gl\/wp-json\/wp\/v2\/publicacion\/5268","targetHints":{"allow":["GET"]}}],"collection":[{"href":"https:\/\/www.entreculturas.org\/gl\/wp-json\/wp\/v2\/publicacion"}],"about":[{"href":"https:\/\/www.entreculturas.org\/gl\/wp-json\/wp\/v2\/types\/publicacion"}],"wp:featuredmedia":[{"embeddable":true,"href":"https:\/\/www.entreculturas.org\/gl\/wp-json\/wp\/v2\/media\/5275"}],"wp:attachment":[{"href":"https:\/\/www.entreculturas.org\/gl\/wp-json\/wp\/v2\/media?parent=5268"}],"wp:term":[{"taxonomy":"category","embeddable":true,"href":"https:\/\/www.entreculturas.org\/gl\/wp-json\/wp\/v2\/categories?post=5268"},{"taxonomy":"post_tag","embeddable":true,"href":"https:\/\/www.entreculturas.org\/gl\/wp-json\/wp\/v2\/tags?post=5268"},{"taxonomy":"cause","embeddable":true,"href":"https:\/\/www.entreculturas.org\/gl\/wp-json\/wp\/v2\/cause?post=5268"},{"taxonomy":"format","embeddable":true,"href":"https:\/\/www.entreculturas.org\/gl\/wp-json\/wp\/v2\/format?post=5268"}],"curies":[{"name":"wp","href":"https:\/\/api.w.org\/{rel}","templated":true}]}}