{"id":5059,"date":"2017-09-08T10:54:54","date_gmt":"2017-09-08T10:54:54","guid":{"rendered":"https:\/\/entreculturasi.wpenginepowered.com\/?publicaciones=la-tierra-nos-habla-que-ha-sucedido"},"modified":"2024-03-22T10:12:30","modified_gmt":"2024-03-22T09:12:30","slug":"la-tierra-nos-habla-que-ha-sucedido","status":"publish","type":"publicacion","link":"https:\/\/www.entreculturas.org\/gl\/publicacion\/la-tierra-nos-habla-que-ha-sucedido\/","title":{"rendered":"La Tierra nos habla \u00bfqu\u00e9 ha sucedido?"},"content":{"rendered":"<p>El hurac\u00e1n Irma, que asola durante esta semana las islas del Caribe y el terremoto sufrido en M\u00e9xico provocan que nuestras miradas vuelvan a estar puestas estos d\u00edas en la importancia del cuidado del medio ambiente y la solidaridad y compromiso entre territorios.<\/p>\n<p>Invitamos a toda la comunidad educativa a utilizar este contexto para reflexionar con nuestros j\u00f3venes sobre el cuidado del medio ambiente, utilizando la educaci\u00f3n como un arma de prevenci\u00f3n y cambio que permita reducir estas cat\u00e1strofes. Hace un a\u00f1o public\u00e1bamos una unidad did\u00e1ctica para tratar con j\u00f3venes sobre el hurac\u00e1n Mathew, que afect\u00f3 a la misma zona que hoy se ve amenazada por Irma. Os dejamos el enlace al contenido sobre huracanes para j\u00f3venes que trabajamos entonces.&nbsp;Porque la Tierra es nuestra mejor escuela y la educaci\u00f3n la mejor arma para protegerla, trabajemos hoy por un inicio de curso 2017\/2018 m\u00e1s seguro.<br \/>\u00bfTe apuntas?<\/p>\n","protected":false},"excerpt":{"rendered":"<p>El hurac\u00e1n Irma, que asola durante esta semana las islas del Caribe y el terremoto sufrido en M\u00e9xico provocan que nuestras miradas vuelvan a estar puestas estos d\u00edas en la importancia del cuidado del medio ambiente y la solidaridad y compromiso entre territorios. Invitamos a toda la comunidad educativa a utilizar este contexto para reflexionar con nuestros j\u00f3venes sobre el cuidado del medio ambiente, utilizando la educaci\u00f3n como un arma de prevenci\u00f3n y cambio que permita reducir estas cat\u00e1strofes. Hace un a\u00f1o public\u00e1bamos una unidad did\u00e1ctica para tratar con j\u00f3venes sobre el hurac\u00e1n Mathew, que afect\u00f3 a la misma zona que hoy se ve amenazada por Irma. Os dejamos el enlace al contenido sobre huracanes para j\u00f3venes que trabajamos entonces.&nbsp;Porque la Tierra es nuestra mejor escuela y la educaci\u00f3n la mejor arma para protegerla, trabajemos hoy por un inicio de curso 2017\/2018 m\u00e1s seguro.\u00bfTe apuntas?<\/p>\n","protected":false},"featured_media":8617,"template":"","format":[115],"categories":[12],"tags":[256],"cause":[132],"class_list":["post-5059","publicacion","type-publicacion","status-publish","has-post-thumbnail","hentry","category-recursos-educativos","tag-justicia-socioambiental","cause-participacion-y-ciudadania-global","format-recursos-educativos"],"acf":[],"yoast_head":"<!-- This site is optimized with the Yoast SEO Premium plugin v21.6 (Yoast SEO v27.5) - https:\/\/yoast.com\/product\/yoast-seo-premium-wordpress\/ -->\n<title>La Tierra nos habla \u00bfqu\u00e9 ha sucedido? - Entreculturas<\/title>\n<meta name=\"robots\" content=\"index, follow, max-snippet:-1, max-image-preview:large, max-video-preview:-1\" \/>\n<link rel=\"canonical\" href=\"https:\/\/www.entreculturas.org\/gl\/publicacion\/la-tierra-nos-habla-que-ha-sucedido\/\" \/>\n<meta property=\"og:locale\" content=\"gl_ES\" \/>\n<meta property=\"og:type\" content=\"article\" \/>\n<meta property=\"og:title\" content=\"La Tierra nos habla \u00bfqu\u00e9 ha sucedido?\" \/>\n<meta property=\"og:description\" content=\"El hurac\u00e1n Irma, que asola durante esta semana las islas del Caribe y el terremoto sufrido en M\u00e9xico provocan que nuestras miradas vuelvan a estar puestas estos d\u00edas en la importancia del cuidado del medio ambiente y la solidaridad y compromiso entre territorios. Invitamos a toda la comunidad educativa a utilizar este contexto para reflexionar con nuestros j\u00f3venes sobre el cuidado del medio ambiente, utilizando la educaci\u00f3n como un arma de prevenci\u00f3n y cambio que permita reducir estas cat\u00e1strofes. Hace un a\u00f1o public\u00e1bamos una unidad did\u00e1ctica para tratar con j\u00f3venes sobre el hurac\u00e1n Mathew, que afect\u00f3 a la misma zona que hoy se ve amenazada por Irma. Os dejamos el enlace al contenido sobre huracanes para j\u00f3venes que trabajamos entonces.&nbsp;Porque la Tierra es nuestra mejor escuela y la educaci\u00f3n la mejor arma para protegerla, trabajemos hoy por un inicio de curso 2017\/2018 m\u00e1s seguro.\u00bfTe apuntas?\" \/>\n<meta property=\"og:url\" content=\"https:\/\/www.entreculturas.org\/gl\/publicacion\/la-tierra-nos-habla-que-ha-sucedido\/\" \/>\n<meta property=\"og:site_name\" content=\"Entreculturas\" \/>\n<meta property=\"article:publisher\" content=\"https:\/\/www.facebook.com\/entreculturas\" \/>\n<meta property=\"article:modified_time\" content=\"2024-03-22T09:12:30+00:00\" \/>\n<meta property=\"og:image\" content=\"https:\/\/www.entreculturas.org\/wp-content\/uploads\/2017\/09\/qqqq-1.png\" \/>\n\t<meta property=\"og:image:width\" content=\"431\" \/>\n\t<meta property=\"og:image:height\" content=\"487\" \/>\n\t<meta property=\"og:image:type\" content=\"image\/png\" \/>\n<meta name=\"twitter:card\" content=\"summary_large_image\" \/>\n<meta name=\"twitter:site\" content=\"@Entreculturas\" \/>\n<script type=\"application\/ld+json\" class=\"yoast-schema-graph\">{\"@context\":\"https:\\\/\\\/schema.org\",\"@graph\":[{\"@type\":\"WebPage\",\"@id\":\"https:\\\/\\\/www.entreculturas.org\\\/gl\\\/publicacion\\\/la-tierra-nos-habla-que-ha-sucedido\\\/\",\"url\":\"https:\\\/\\\/www.entreculturas.org\\\/gl\\\/publicacion\\\/la-tierra-nos-habla-que-ha-sucedido\\\/\",\"name\":\"La Tierra nos habla \u00bfqu\u00e9 ha sucedido? - Entreculturas\",\"isPartOf\":{\"@id\":\"https:\\\/\\\/www.entreculturas.org\\\/gl\\\/#website\"},\"primaryImageOfPage\":{\"@id\":\"https:\\\/\\\/www.entreculturas.org\\\/gl\\\/publicacion\\\/la-tierra-nos-habla-que-ha-sucedido\\\/#primaryimage\"},\"image\":{\"@id\":\"https:\\\/\\\/www.entreculturas.org\\\/gl\\\/publicacion\\\/la-tierra-nos-habla-que-ha-sucedido\\\/#primaryimage\"},\"thumbnailUrl\":\"https:\\\/\\\/www.entreculturas.org\\\/wp-content\\\/uploads\\\/2017\\\/09\\\/qqqq-1.png\",\"datePublished\":\"2017-09-08T10:54:54+00:00\",\"dateModified\":\"2024-03-22T09:12:30+00:00\",\"breadcrumb\":{\"@id\":\"https:\\\/\\\/www.entreculturas.org\\\/gl\\\/publicacion\\\/la-tierra-nos-habla-que-ha-sucedido\\\/#breadcrumb\"},\"inLanguage\":\"gl-ES\",\"potentialAction\":[{\"@type\":\"ReadAction\",\"target\":[\"https:\\\/\\\/www.entreculturas.org\\\/gl\\\/publicacion\\\/la-tierra-nos-habla-que-ha-sucedido\\\/\"]}]},{\"@type\":\"ImageObject\",\"inLanguage\":\"gl-ES\",\"@id\":\"https:\\\/\\\/www.entreculturas.org\\\/gl\\\/publicacion\\\/la-tierra-nos-habla-que-ha-sucedido\\\/#primaryimage\",\"url\":\"https:\\\/\\\/www.entreculturas.org\\\/wp-content\\\/uploads\\\/2017\\\/09\\\/qqqq-1.png\",\"contentUrl\":\"https:\\\/\\\/www.entreculturas.org\\\/wp-content\\\/uploads\\\/2017\\\/09\\\/qqqq-1.png\",\"width\":431,\"height\":487,\"caption\":\"La Tierra nos habla \u00bfqu\u00e9 ha sucedido?\"},{\"@type\":\"BreadcrumbList\",\"@id\":\"https:\\\/\\\/www.entreculturas.org\\\/gl\\\/publicacion\\\/la-tierra-nos-habla-que-ha-sucedido\\\/#breadcrumb\",\"itemListElement\":[{\"@type\":\"ListItem\",\"position\":1,\"name\":\"Home\",\"item\":\"https:\\\/\\\/www.entreculturas.org\\\/gl\\\/\"},{\"@type\":\"ListItem\",\"position\":2,\"name\":\"Publicaciones\",\"item\":\"https:\\\/\\\/www.entreculturas.org\\\/gl\\\/publicaciones\\\/\"},{\"@type\":\"ListItem\",\"position\":3,\"name\":\"La Tierra nos habla \u00bfqu\u00e9 ha sucedido?\"}]},{\"@type\":\"WebSite\",\"@id\":\"https:\\\/\\\/www.entreculturas.org\\\/gl\\\/#website\",\"url\":\"https:\\\/\\\/www.entreculturas.org\\\/gl\\\/\",\"name\":\"Entreculturas\",\"description\":\"\",\"publisher\":{\"@id\":\"https:\\\/\\\/www.entreculturas.org\\\/gl\\\/#organization\"},\"alternateName\":\"Entreculturas\",\"potentialAction\":[{\"@type\":\"SearchAction\",\"target\":{\"@type\":\"EntryPoint\",\"urlTemplate\":\"https:\\\/\\\/www.entreculturas.org\\\/gl\\\/?s={search_term_string}\"},\"query-input\":{\"@type\":\"PropertyValueSpecification\",\"valueRequired\":true,\"valueName\":\"search_term_string\"}}],\"inLanguage\":\"gl-ES\"},{\"@type\":\"Organization\",\"@id\":\"https:\\\/\\\/www.entreculturas.org\\\/gl\\\/#organization\",\"name\":\"Entreculturas\",\"url\":\"https:\\\/\\\/www.entreculturas.org\\\/gl\\\/\",\"logo\":{\"@type\":\"ImageObject\",\"inLanguage\":\"gl-ES\",\"@id\":\"https:\\\/\\\/www.entreculturas.org\\\/gl\\\/#\\\/schema\\\/logo\\\/image\\\/\",\"url\":\"https:\\\/\\\/www.entreculturas.org\\\/wp-content\\\/uploads\\\/2025\\\/10\\\/ESP.svg\",\"contentUrl\":\"https:\\\/\\\/www.entreculturas.org\\\/wp-content\\\/uploads\\\/2025\\\/10\\\/ESP.svg\",\"caption\":\"Entreculturas\"},\"image\":{\"@id\":\"https:\\\/\\\/www.entreculturas.org\\\/gl\\\/#\\\/schema\\\/logo\\\/image\\\/\"},\"sameAs\":[\"https:\\\/\\\/www.facebook.com\\\/entreculturas\",\"https:\\\/\\\/x.com\\\/Entreculturas\",\"https:\\\/\\\/www.instagram.com\\\/entreculturas\\\/\",\"https:\\\/\\\/www.youtube.com\\\/user\\\/entreculturasvideo\",\"https:\\\/\\\/www.linkedin.com\\\/company\\\/fundacion-entreculturas-ngdo\\\/\",\"https:\\\/\\\/www.flickr.com\\\/photos\\\/98455522@N04\\\/albums\\\/\"]}]}<\/script>\n<!-- \/ Yoast SEO Premium plugin. -->","yoast_head_json":{"title":"La Tierra nos habla \u00bfqu\u00e9 ha sucedido? - Entreculturas","robots":{"index":"index","follow":"follow","max-snippet":"max-snippet:-1","max-image-preview":"max-image-preview:large","max-video-preview":"max-video-preview:-1"},"canonical":"https:\/\/www.entreculturas.org\/gl\/publicacion\/la-tierra-nos-habla-que-ha-sucedido\/","og_locale":"gl_ES","og_type":"article","og_title":"La Tierra nos habla \u00bfqu\u00e9 ha sucedido?","og_description":"El hurac\u00e1n Irma, que asola durante esta semana las islas del Caribe y el terremoto sufrido en M\u00e9xico provocan que nuestras miradas vuelvan a estar puestas estos d\u00edas en la importancia del cuidado del medio ambiente y la solidaridad y compromiso entre territorios. Invitamos a toda la comunidad educativa a utilizar este contexto para reflexionar con nuestros j\u00f3venes sobre el cuidado del medio ambiente, utilizando la educaci\u00f3n como un arma de prevenci\u00f3n y cambio que permita reducir estas cat\u00e1strofes. Hace un a\u00f1o public\u00e1bamos una unidad did\u00e1ctica para tratar con j\u00f3venes sobre el hurac\u00e1n Mathew, que afect\u00f3 a la misma zona que hoy se ve amenazada por Irma. Os dejamos el enlace al contenido sobre huracanes para j\u00f3venes que trabajamos entonces.&nbsp;Porque la Tierra es nuestra mejor escuela y la educaci\u00f3n la mejor arma para protegerla, trabajemos hoy por un inicio de curso 2017\/2018 m\u00e1s seguro.\u00bfTe apuntas?","og_url":"https:\/\/www.entreculturas.org\/gl\/publicacion\/la-tierra-nos-habla-que-ha-sucedido\/","og_site_name":"Entreculturas","article_publisher":"https:\/\/www.facebook.com\/entreculturas","article_modified_time":"2024-03-22T09:12:30+00:00","og_image":[{"width":431,"height":487,"url":"https:\/\/www.entreculturas.org\/wp-content\/uploads\/2017\/09\/qqqq-1.png","type":"image\/png"}],"twitter_card":"summary_large_image","twitter_site":"@Entreculturas","schema":{"@context":"https:\/\/schema.org","@graph":[{"@type":"WebPage","@id":"https:\/\/www.entreculturas.org\/gl\/publicacion\/la-tierra-nos-habla-que-ha-sucedido\/","url":"https:\/\/www.entreculturas.org\/gl\/publicacion\/la-tierra-nos-habla-que-ha-sucedido\/","name":"La Tierra nos habla \u00bfqu\u00e9 ha sucedido? - Entreculturas","isPartOf":{"@id":"https:\/\/www.entreculturas.org\/gl\/#website"},"primaryImageOfPage":{"@id":"https:\/\/www.entreculturas.org\/gl\/publicacion\/la-tierra-nos-habla-que-ha-sucedido\/#primaryimage"},"image":{"@id":"https:\/\/www.entreculturas.org\/gl\/publicacion\/la-tierra-nos-habla-que-ha-sucedido\/#primaryimage"},"thumbnailUrl":"https:\/\/www.entreculturas.org\/wp-content\/uploads\/2017\/09\/qqqq-1.png","datePublished":"2017-09-08T10:54:54+00:00","dateModified":"2024-03-22T09:12:30+00:00","breadcrumb":{"@id":"https:\/\/www.entreculturas.org\/gl\/publicacion\/la-tierra-nos-habla-que-ha-sucedido\/#breadcrumb"},"inLanguage":"gl-ES","potentialAction":[{"@type":"ReadAction","target":["https:\/\/www.entreculturas.org\/gl\/publicacion\/la-tierra-nos-habla-que-ha-sucedido\/"]}]},{"@type":"ImageObject","inLanguage":"gl-ES","@id":"https:\/\/www.entreculturas.org\/gl\/publicacion\/la-tierra-nos-habla-que-ha-sucedido\/#primaryimage","url":"https:\/\/www.entreculturas.org\/wp-content\/uploads\/2017\/09\/qqqq-1.png","contentUrl":"https:\/\/www.entreculturas.org\/wp-content\/uploads\/2017\/09\/qqqq-1.png","width":431,"height":487,"caption":"La Tierra nos habla \u00bfqu\u00e9 ha sucedido?"},{"@type":"BreadcrumbList","@id":"https:\/\/www.entreculturas.org\/gl\/publicacion\/la-tierra-nos-habla-que-ha-sucedido\/#breadcrumb","itemListElement":[{"@type":"ListItem","position":1,"name":"Home","item":"https:\/\/www.entreculturas.org\/gl\/"},{"@type":"ListItem","position":2,"name":"Publicaciones","item":"https:\/\/www.entreculturas.org\/gl\/publicaciones\/"},{"@type":"ListItem","position":3,"name":"La Tierra nos habla \u00bfqu\u00e9 ha sucedido?"}]},{"@type":"WebSite","@id":"https:\/\/www.entreculturas.org\/gl\/#website","url":"https:\/\/www.entreculturas.org\/gl\/","name":"Entreculturas","description":"","publisher":{"@id":"https:\/\/www.entreculturas.org\/gl\/#organization"},"alternateName":"Entreculturas","potentialAction":[{"@type":"SearchAction","target":{"@type":"EntryPoint","urlTemplate":"https:\/\/www.entreculturas.org\/gl\/?s={search_term_string}"},"query-input":{"@type":"PropertyValueSpecification","valueRequired":true,"valueName":"search_term_string"}}],"inLanguage":"gl-ES"},{"@type":"Organization","@id":"https:\/\/www.entreculturas.org\/gl\/#organization","name":"Entreculturas","url":"https:\/\/www.entreculturas.org\/gl\/","logo":{"@type":"ImageObject","inLanguage":"gl-ES","@id":"https:\/\/www.entreculturas.org\/gl\/#\/schema\/logo\/image\/","url":"https:\/\/www.entreculturas.org\/wp-content\/uploads\/2025\/10\/ESP.svg","contentUrl":"https:\/\/www.entreculturas.org\/wp-content\/uploads\/2025\/10\/ESP.svg","caption":"Entreculturas"},"image":{"@id":"https:\/\/www.entreculturas.org\/gl\/#\/schema\/logo\/image\/"},"sameAs":["https:\/\/www.facebook.com\/entreculturas","https:\/\/x.com\/Entreculturas","https:\/\/www.instagram.com\/entreculturas\/","https:\/\/www.youtube.com\/user\/entreculturasvideo","https:\/\/www.linkedin.com\/company\/fundacion-entreculturas-ngdo\/","https:\/\/www.flickr.com\/photos\/98455522@N04\/albums\/"]}]}},"_links":{"self":[{"href":"https:\/\/www.entreculturas.org\/gl\/wp-json\/wp\/v2\/publicacion\/5059","targetHints":{"allow":["GET"]}}],"collection":[{"href":"https:\/\/www.entreculturas.org\/gl\/wp-json\/wp\/v2\/publicacion"}],"about":[{"href":"https:\/\/www.entreculturas.org\/gl\/wp-json\/wp\/v2\/types\/publicacion"}],"wp:featuredmedia":[{"embeddable":true,"href":"https:\/\/www.entreculturas.org\/gl\/wp-json\/wp\/v2\/media\/8617"}],"wp:attachment":[{"href":"https:\/\/www.entreculturas.org\/gl\/wp-json\/wp\/v2\/media?parent=5059"}],"wp:term":[{"taxonomy":"category","embeddable":true,"href":"https:\/\/www.entreculturas.org\/gl\/wp-json\/wp\/v2\/categories?post=5059"},{"taxonomy":"post_tag","embeddable":true,"href":"https:\/\/www.entreculturas.org\/gl\/wp-json\/wp\/v2\/tags?post=5059"},{"taxonomy":"cause","embeddable":true,"href":"https:\/\/www.entreculturas.org\/gl\/wp-json\/wp\/v2\/cause?post=5059"},{"taxonomy":"format","embeddable":true,"href":"https:\/\/www.entreculturas.org\/gl\/wp-json\/wp\/v2\/format?post=5059"}],"curies":[{"name":"wp","href":"https:\/\/api.w.org\/{rel}","templated":true}]}}