{"id":4820,"date":"2016-09-06T14:45:19","date_gmt":"2016-09-06T14:45:19","guid":{"rendered":"https:\/\/entreculturasi.wpenginepowered.com\/?publicaciones=la-educacion-al-servicio-de-los-pueblos-y-el-planeta"},"modified":"2024-04-10T10:45:12","modified_gmt":"2024-04-10T08:45:12","slug":"la-educacion-al-servicio-de-los-pueblos-y-el-planeta","status":"publish","type":"publicacion","link":"https:\/\/www.entreculturas.org\/gl\/publicacion\/la-educacion-al-servicio-de-los-pueblos-y-el-planeta\/","title":{"rendered":"La educaci\u00f3n al servicio de los pueblos y el planeta"},"content":{"rendered":"<p>El Informe GEM 2016&nbsp;analiza las complejas relaciones que existen entre la educaci\u00f3n y otras facetas del desarrollo sostenible, junto con las consecuencias que ello tiene para el seguimiento del ODS 4. Muestra que la educaci\u00f3n no har\u00e1 realidad todo su potencial de catapultar hacia adelante al mundo si no mejoran radicalmente las tasas de escolarizaci\u00f3n, el aprendizaje no se convierte en un empe\u00f1o que dure toda la vida y los sistemas educativos no asumen plenamente el desarrollo sostenible.<\/p>\n<p>&nbsp;<\/p>\n\n\n<div class=\"wp-block-buttons is-layout-flex wp-block-buttons-is-layout-flex\">\n<div class=\"wp-block-button\"><a class=\"wp-block-button__link wp-element-button\" href=\"https:\/\/www.entreculturas.org\/wp-content\/uploads\/2024\/04\/InformeUNESCO_GEM2016.pdf\">DESCARGAR<\/a><\/div>\n<\/div>\n","protected":false},"excerpt":{"rendered":"<p>El Informe GEM 2016&nbsp;analiza las complejas relaciones que existen entre la educaci\u00f3n y otras facetas del desarrollo sostenible, junto con las consecuencias que ello tiene para el seguimiento del ODS 4. Muestra que la educaci\u00f3n no har\u00e1 realidad todo su potencial de catapultar hacia adelante al mundo si no mejoran radicalmente las tasas de escolarizaci\u00f3n, el aprendizaje no se convierte en un empe\u00f1o que dure toda la vida y los sistemas educativos no asumen plenamente el desarrollo sostenible. &nbsp;<\/p>\n","protected":false},"featured_media":8614,"template":"","format":[112],"categories":[18],"tags":[],"cause":[128],"class_list":["post-4820","publicacion","type-publicacion","status-publish","has-post-thumbnail","hentry","category-estudios","cause-educacion","format-estudios-e-informes"],"acf":[],"yoast_head":"<!-- This site is optimized with the Yoast SEO Premium plugin v21.6 (Yoast SEO v27.5) - https:\/\/yoast.com\/product\/yoast-seo-premium-wordpress\/ -->\n<title>La educaci\u00f3n al servicio de los pueblos y el planeta - Entreculturas<\/title>\n<meta name=\"robots\" content=\"index, follow, max-snippet:-1, max-image-preview:large, max-video-preview:-1\" \/>\n<link rel=\"canonical\" href=\"https:\/\/www.entreculturas.org\/gl\/publicacion\/la-educacion-al-servicio-de-los-pueblos-y-el-planeta\/\" \/>\n<meta property=\"og:locale\" content=\"gl_ES\" \/>\n<meta property=\"og:type\" content=\"article\" \/>\n<meta property=\"og:title\" content=\"La educaci\u00f3n al servicio de los pueblos y el planeta\" \/>\n<meta property=\"og:description\" content=\"El Informe GEM 2016&nbsp;analiza las complejas relaciones que existen entre la educaci\u00f3n y otras facetas del desarrollo sostenible, junto con las consecuencias que ello tiene para el seguimiento del ODS 4. Muestra que la educaci\u00f3n no har\u00e1 realidad todo su potencial de catapultar hacia adelante al mundo si no mejoran radicalmente las tasas de escolarizaci\u00f3n, el aprendizaje no se convierte en un empe\u00f1o que dure toda la vida y los sistemas educativos no asumen plenamente el desarrollo sostenible. &nbsp;\" \/>\n<meta property=\"og:url\" content=\"https:\/\/www.entreculturas.org\/gl\/publicacion\/la-educacion-al-servicio-de-los-pueblos-y-el-planeta\/\" \/>\n<meta property=\"og:site_name\" content=\"Entreculturas\" \/>\n<meta property=\"article:publisher\" content=\"https:\/\/www.facebook.com\/entreculturas\" \/>\n<meta property=\"article:modified_time\" content=\"2024-04-10T08:45:12+00:00\" \/>\n<meta property=\"og:image\" content=\"https:\/\/www.entreculturas.org\/wp-content\/uploads\/2016\/09\/portada_3-1.jpg\" \/>\n\t<meta property=\"og:image:width\" content=\"350\" \/>\n\t<meta property=\"og:image:height\" content=\"456\" \/>\n\t<meta property=\"og:image:type\" content=\"image\/jpeg\" \/>\n<meta name=\"twitter:card\" content=\"summary_large_image\" \/>\n<meta name=\"twitter:site\" content=\"@Entreculturas\" \/>\n<script type=\"application\/ld+json\" class=\"yoast-schema-graph\">{\"@context\":\"https:\\\/\\\/schema.org\",\"@graph\":[{\"@type\":\"WebPage\",\"@id\":\"https:\\\/\\\/www.entreculturas.org\\\/gl\\\/publicacion\\\/la-educacion-al-servicio-de-los-pueblos-y-el-planeta\\\/\",\"url\":\"https:\\\/\\\/www.entreculturas.org\\\/gl\\\/publicacion\\\/la-educacion-al-servicio-de-los-pueblos-y-el-planeta\\\/\",\"name\":\"La educaci\u00f3n al servicio de los pueblos y el planeta - Entreculturas\",\"isPartOf\":{\"@id\":\"https:\\\/\\\/www.entreculturas.org\\\/gl\\\/#website\"},\"primaryImageOfPage\":{\"@id\":\"https:\\\/\\\/www.entreculturas.org\\\/gl\\\/publicacion\\\/la-educacion-al-servicio-de-los-pueblos-y-el-planeta\\\/#primaryimage\"},\"image\":{\"@id\":\"https:\\\/\\\/www.entreculturas.org\\\/gl\\\/publicacion\\\/la-educacion-al-servicio-de-los-pueblos-y-el-planeta\\\/#primaryimage\"},\"thumbnailUrl\":\"https:\\\/\\\/www.entreculturas.org\\\/wp-content\\\/uploads\\\/2016\\\/09\\\/portada_3-1.jpg\",\"datePublished\":\"2016-09-06T14:45:19+00:00\",\"dateModified\":\"2024-04-10T08:45:12+00:00\",\"breadcrumb\":{\"@id\":\"https:\\\/\\\/www.entreculturas.org\\\/gl\\\/publicacion\\\/la-educacion-al-servicio-de-los-pueblos-y-el-planeta\\\/#breadcrumb\"},\"inLanguage\":\"gl-ES\",\"potentialAction\":[{\"@type\":\"ReadAction\",\"target\":[\"https:\\\/\\\/www.entreculturas.org\\\/gl\\\/publicacion\\\/la-educacion-al-servicio-de-los-pueblos-y-el-planeta\\\/\"]}]},{\"@type\":\"ImageObject\",\"inLanguage\":\"gl-ES\",\"@id\":\"https:\\\/\\\/www.entreculturas.org\\\/gl\\\/publicacion\\\/la-educacion-al-servicio-de-los-pueblos-y-el-planeta\\\/#primaryimage\",\"url\":\"https:\\\/\\\/www.entreculturas.org\\\/wp-content\\\/uploads\\\/2016\\\/09\\\/portada_3-1.jpg\",\"contentUrl\":\"https:\\\/\\\/www.entreculturas.org\\\/wp-content\\\/uploads\\\/2016\\\/09\\\/portada_3-1.jpg\",\"width\":350,\"height\":456,\"caption\":\"La educaci\u00f3n al servicio de los pueblos y el planeta\"},{\"@type\":\"BreadcrumbList\",\"@id\":\"https:\\\/\\\/www.entreculturas.org\\\/gl\\\/publicacion\\\/la-educacion-al-servicio-de-los-pueblos-y-el-planeta\\\/#breadcrumb\",\"itemListElement\":[{\"@type\":\"ListItem\",\"position\":1,\"name\":\"Home\",\"item\":\"https:\\\/\\\/www.entreculturas.org\\\/gl\\\/\"},{\"@type\":\"ListItem\",\"position\":2,\"name\":\"Publicaciones\",\"item\":\"https:\\\/\\\/www.entreculturas.org\\\/gl\\\/publicaciones\\\/\"},{\"@type\":\"ListItem\",\"position\":3,\"name\":\"La educaci\u00f3n al servicio de los pueblos y el planeta\"}]},{\"@type\":\"WebSite\",\"@id\":\"https:\\\/\\\/www.entreculturas.org\\\/gl\\\/#website\",\"url\":\"https:\\\/\\\/www.entreculturas.org\\\/gl\\\/\",\"name\":\"Entreculturas\",\"description\":\"\",\"publisher\":{\"@id\":\"https:\\\/\\\/www.entreculturas.org\\\/gl\\\/#organization\"},\"alternateName\":\"Entreculturas\",\"potentialAction\":[{\"@type\":\"SearchAction\",\"target\":{\"@type\":\"EntryPoint\",\"urlTemplate\":\"https:\\\/\\\/www.entreculturas.org\\\/gl\\\/?s={search_term_string}\"},\"query-input\":{\"@type\":\"PropertyValueSpecification\",\"valueRequired\":true,\"valueName\":\"search_term_string\"}}],\"inLanguage\":\"gl-ES\"},{\"@type\":\"Organization\",\"@id\":\"https:\\\/\\\/www.entreculturas.org\\\/gl\\\/#organization\",\"name\":\"Entreculturas\",\"url\":\"https:\\\/\\\/www.entreculturas.org\\\/gl\\\/\",\"logo\":{\"@type\":\"ImageObject\",\"inLanguage\":\"gl-ES\",\"@id\":\"https:\\\/\\\/www.entreculturas.org\\\/gl\\\/#\\\/schema\\\/logo\\\/image\\\/\",\"url\":\"https:\\\/\\\/www.entreculturas.org\\\/wp-content\\\/uploads\\\/2025\\\/10\\\/ESP.svg\",\"contentUrl\":\"https:\\\/\\\/www.entreculturas.org\\\/wp-content\\\/uploads\\\/2025\\\/10\\\/ESP.svg\",\"caption\":\"Entreculturas\"},\"image\":{\"@id\":\"https:\\\/\\\/www.entreculturas.org\\\/gl\\\/#\\\/schema\\\/logo\\\/image\\\/\"},\"sameAs\":[\"https:\\\/\\\/www.facebook.com\\\/entreculturas\",\"https:\\\/\\\/x.com\\\/Entreculturas\",\"https:\\\/\\\/www.instagram.com\\\/entreculturas\\\/\",\"https:\\\/\\\/www.youtube.com\\\/user\\\/entreculturasvideo\",\"https:\\\/\\\/www.linkedin.com\\\/company\\\/fundacion-entreculturas-ngdo\\\/\",\"https:\\\/\\\/www.flickr.com\\\/photos\\\/98455522@N04\\\/albums\\\/\"]}]}<\/script>\n<!-- \/ Yoast SEO Premium plugin. -->","yoast_head_json":{"title":"La educaci\u00f3n al servicio de los pueblos y el planeta - Entreculturas","robots":{"index":"index","follow":"follow","max-snippet":"max-snippet:-1","max-image-preview":"max-image-preview:large","max-video-preview":"max-video-preview:-1"},"canonical":"https:\/\/www.entreculturas.org\/gl\/publicacion\/la-educacion-al-servicio-de-los-pueblos-y-el-planeta\/","og_locale":"gl_ES","og_type":"article","og_title":"La educaci\u00f3n al servicio de los pueblos y el planeta","og_description":"El Informe GEM 2016&nbsp;analiza las complejas relaciones que existen entre la educaci\u00f3n y otras facetas del desarrollo sostenible, junto con las consecuencias que ello tiene para el seguimiento del ODS 4. Muestra que la educaci\u00f3n no har\u00e1 realidad todo su potencial de catapultar hacia adelante al mundo si no mejoran radicalmente las tasas de escolarizaci\u00f3n, el aprendizaje no se convierte en un empe\u00f1o que dure toda la vida y los sistemas educativos no asumen plenamente el desarrollo sostenible. &nbsp;","og_url":"https:\/\/www.entreculturas.org\/gl\/publicacion\/la-educacion-al-servicio-de-los-pueblos-y-el-planeta\/","og_site_name":"Entreculturas","article_publisher":"https:\/\/www.facebook.com\/entreculturas","article_modified_time":"2024-04-10T08:45:12+00:00","og_image":[{"width":350,"height":456,"url":"https:\/\/www.entreculturas.org\/wp-content\/uploads\/2016\/09\/portada_3-1.jpg","type":"image\/jpeg"}],"twitter_card":"summary_large_image","twitter_site":"@Entreculturas","schema":{"@context":"https:\/\/schema.org","@graph":[{"@type":"WebPage","@id":"https:\/\/www.entreculturas.org\/gl\/publicacion\/la-educacion-al-servicio-de-los-pueblos-y-el-planeta\/","url":"https:\/\/www.entreculturas.org\/gl\/publicacion\/la-educacion-al-servicio-de-los-pueblos-y-el-planeta\/","name":"La educaci\u00f3n al servicio de los pueblos y el planeta - Entreculturas","isPartOf":{"@id":"https:\/\/www.entreculturas.org\/gl\/#website"},"primaryImageOfPage":{"@id":"https:\/\/www.entreculturas.org\/gl\/publicacion\/la-educacion-al-servicio-de-los-pueblos-y-el-planeta\/#primaryimage"},"image":{"@id":"https:\/\/www.entreculturas.org\/gl\/publicacion\/la-educacion-al-servicio-de-los-pueblos-y-el-planeta\/#primaryimage"},"thumbnailUrl":"https:\/\/www.entreculturas.org\/wp-content\/uploads\/2016\/09\/portada_3-1.jpg","datePublished":"2016-09-06T14:45:19+00:00","dateModified":"2024-04-10T08:45:12+00:00","breadcrumb":{"@id":"https:\/\/www.entreculturas.org\/gl\/publicacion\/la-educacion-al-servicio-de-los-pueblos-y-el-planeta\/#breadcrumb"},"inLanguage":"gl-ES","potentialAction":[{"@type":"ReadAction","target":["https:\/\/www.entreculturas.org\/gl\/publicacion\/la-educacion-al-servicio-de-los-pueblos-y-el-planeta\/"]}]},{"@type":"ImageObject","inLanguage":"gl-ES","@id":"https:\/\/www.entreculturas.org\/gl\/publicacion\/la-educacion-al-servicio-de-los-pueblos-y-el-planeta\/#primaryimage","url":"https:\/\/www.entreculturas.org\/wp-content\/uploads\/2016\/09\/portada_3-1.jpg","contentUrl":"https:\/\/www.entreculturas.org\/wp-content\/uploads\/2016\/09\/portada_3-1.jpg","width":350,"height":456,"caption":"La educaci\u00f3n al servicio de los pueblos y el planeta"},{"@type":"BreadcrumbList","@id":"https:\/\/www.entreculturas.org\/gl\/publicacion\/la-educacion-al-servicio-de-los-pueblos-y-el-planeta\/#breadcrumb","itemListElement":[{"@type":"ListItem","position":1,"name":"Home","item":"https:\/\/www.entreculturas.org\/gl\/"},{"@type":"ListItem","position":2,"name":"Publicaciones","item":"https:\/\/www.entreculturas.org\/gl\/publicaciones\/"},{"@type":"ListItem","position":3,"name":"La educaci\u00f3n al servicio de los pueblos y el planeta"}]},{"@type":"WebSite","@id":"https:\/\/www.entreculturas.org\/gl\/#website","url":"https:\/\/www.entreculturas.org\/gl\/","name":"Entreculturas","description":"","publisher":{"@id":"https:\/\/www.entreculturas.org\/gl\/#organization"},"alternateName":"Entreculturas","potentialAction":[{"@type":"SearchAction","target":{"@type":"EntryPoint","urlTemplate":"https:\/\/www.entreculturas.org\/gl\/?s={search_term_string}"},"query-input":{"@type":"PropertyValueSpecification","valueRequired":true,"valueName":"search_term_string"}}],"inLanguage":"gl-ES"},{"@type":"Organization","@id":"https:\/\/www.entreculturas.org\/gl\/#organization","name":"Entreculturas","url":"https:\/\/www.entreculturas.org\/gl\/","logo":{"@type":"ImageObject","inLanguage":"gl-ES","@id":"https:\/\/www.entreculturas.org\/gl\/#\/schema\/logo\/image\/","url":"https:\/\/www.entreculturas.org\/wp-content\/uploads\/2025\/10\/ESP.svg","contentUrl":"https:\/\/www.entreculturas.org\/wp-content\/uploads\/2025\/10\/ESP.svg","caption":"Entreculturas"},"image":{"@id":"https:\/\/www.entreculturas.org\/gl\/#\/schema\/logo\/image\/"},"sameAs":["https:\/\/www.facebook.com\/entreculturas","https:\/\/x.com\/Entreculturas","https:\/\/www.instagram.com\/entreculturas\/","https:\/\/www.youtube.com\/user\/entreculturasvideo","https:\/\/www.linkedin.com\/company\/fundacion-entreculturas-ngdo\/","https:\/\/www.flickr.com\/photos\/98455522@N04\/albums\/"]}]}},"_links":{"self":[{"href":"https:\/\/www.entreculturas.org\/gl\/wp-json\/wp\/v2\/publicacion\/4820","targetHints":{"allow":["GET"]}}],"collection":[{"href":"https:\/\/www.entreculturas.org\/gl\/wp-json\/wp\/v2\/publicacion"}],"about":[{"href":"https:\/\/www.entreculturas.org\/gl\/wp-json\/wp\/v2\/types\/publicacion"}],"wp:featuredmedia":[{"embeddable":true,"href":"https:\/\/www.entreculturas.org\/gl\/wp-json\/wp\/v2\/media\/8614"}],"wp:attachment":[{"href":"https:\/\/www.entreculturas.org\/gl\/wp-json\/wp\/v2\/media?parent=4820"}],"wp:term":[{"taxonomy":"category","embeddable":true,"href":"https:\/\/www.entreculturas.org\/gl\/wp-json\/wp\/v2\/categories?post=4820"},{"taxonomy":"post_tag","embeddable":true,"href":"https:\/\/www.entreculturas.org\/gl\/wp-json\/wp\/v2\/tags?post=4820"},{"taxonomy":"cause","embeddable":true,"href":"https:\/\/www.entreculturas.org\/gl\/wp-json\/wp\/v2\/cause?post=4820"},{"taxonomy":"format","embeddable":true,"href":"https:\/\/www.entreculturas.org\/gl\/wp-json\/wp\/v2\/format?post=4820"}],"curies":[{"name":"wp","href":"https:\/\/api.w.org\/{rel}","templated":true}]}}