{"id":4139,"date":"2014-05-27T12:09:53","date_gmt":"2014-05-27T12:09:53","guid":{"rendered":"https:\/\/entreculturasi.wpenginepowered.com\/?publicaciones=acnur-tendencias-globales-2013-el-coste-humano-de-la-guerra"},"modified":"2024-03-20T14:03:51","modified_gmt":"2024-03-20T13:03:51","slug":"acnur-tendencias-globales-2013-el-coste-humano-de-la-guerra","status":"publish","type":"publicacion","link":"https:\/\/www.entreculturas.org\/gl\/publicacion\/acnur-tendencias-globales-2013-el-coste-humano-de-la-guerra\/","title":{"rendered":"ACNUR: Tendencias Globales 2013. El Coste Humano de la Guerra."},"content":{"rendered":"<p>En su informe &#8220;Tendencias Globales 2013&#8221; el Alto Comisionado de las Naciones Unidas para los Refugiados (ACNUR) hace un an\u00e1lisis de la tr\u00e1gica dimensi\u00f3n que ha alcanzado el desplazamiento forzoso en todo el mundo al final del pasado a\u00f1o. De los 45,2 millones de personas v\u00edctimas de este fen\u00f3meno contabilizados en 2012 se pasa a 51,2 millones. Este incremento de seis millones de personas hace del balance de 2013 la cifra m\u00e1s alta desde la Segunda Guerra Mundial. El aumento se debi\u00f3 fundamentalmente a la guerra en Siria y tambi\u00e9n a crisis originadas en Rep\u00fablica Centroafricana y Sud\u00e1n del Sur. Este informe anual se basa en los datos recopilados por los gobiernos y por las organizaciones no gubernamentales socias de ACNUR y en los registros propios de la organizaci\u00f3n.<\/p>\n\n\n<div class=\"wp-block-buttons is-layout-flex wp-block-buttons-is-layout-flex\">\n<div class=\"wp-block-button\"><a class=\"wp-block-button__link wp-element-button\" href=\"https:\/\/www.entreculturas.org\/wp-content\/uploads\/2015\/05\/acnur-coste-humano-guerra.jpg\" target=\"_blank\" rel=\"noreferrer noopener\">descargar<\/a><\/div>\n<\/div>\n","protected":false},"excerpt":{"rendered":"<p>En su informe &#8220;Tendencias Globales 2013&#8221; el Alto Comisionado de las Naciones Unidas para los Refugiados (ACNUR) hace un an\u00e1lisis de la tr\u00e1gica dimensi\u00f3n que ha alcanzado el desplazamiento forzoso en todo el mundo al final del pasado a\u00f1o. De los 45,2 millones de personas v\u00edctimas de este fen\u00f3meno contabilizados en 2012 se pasa a 51,2 millones. Este incremento de seis millones de personas hace del balance de 2013 la cifra m\u00e1s alta desde la Segunda Guerra Mundial. El aumento se debi\u00f3 fundamentalmente a la guerra en Siria y tambi\u00e9n a crisis originadas en Rep\u00fablica Centroafricana y Sud\u00e1n del Sur. Este informe anual se basa en los datos recopilados por los gobiernos y por las organizaciones no gubernamentales socias de ACNUR y en los registros propios de la organizaci\u00f3n.<\/p>\n","protected":false},"featured_media":4140,"template":"","format":[112],"categories":[18],"tags":[10],"cause":[129],"class_list":["post-4139","publicacion","type-publicacion","status-publish","has-post-thumbnail","hentry","category-estudios","tag-migracion-y-refugio","cause-migracion-y-refugio","format-estudios-e-informes"],"acf":[],"yoast_head":"<!-- This site is optimized with the Yoast SEO Premium plugin v21.6 (Yoast SEO v27.5) - https:\/\/yoast.com\/product\/yoast-seo-premium-wordpress\/ -->\n<title>ACNUR: Tendencias Globales 2013. El Coste Humano de la Guerra. - Entreculturas<\/title>\n<meta name=\"robots\" content=\"index, follow, max-snippet:-1, max-image-preview:large, max-video-preview:-1\" \/>\n<link rel=\"canonical\" href=\"https:\/\/www.entreculturas.org\/gl\/publicacion\/acnur-tendencias-globales-2013-el-coste-humano-de-la-guerra\/\" \/>\n<meta property=\"og:locale\" content=\"gl_ES\" \/>\n<meta property=\"og:type\" content=\"article\" \/>\n<meta property=\"og:title\" content=\"ACNUR: Tendencias Globales 2013. El Coste Humano de la Guerra.\" \/>\n<meta property=\"og:description\" content=\"En su informe &quot;Tendencias Globales 2013&quot; el Alto Comisionado de las Naciones Unidas para los Refugiados (ACNUR) hace un an\u00e1lisis de la tr\u00e1gica dimensi\u00f3n que ha alcanzado el desplazamiento forzoso en todo el mundo al final del pasado a\u00f1o. De los 45,2 millones de personas v\u00edctimas de este fen\u00f3meno contabilizados en 2012 se pasa a 51,2 millones. Este incremento de seis millones de personas hace del balance de 2013 la cifra m\u00e1s alta desde la Segunda Guerra Mundial. El aumento se debi\u00f3 fundamentalmente a la guerra en Siria y tambi\u00e9n a crisis originadas en Rep\u00fablica Centroafricana y Sud\u00e1n del Sur. Este informe anual se basa en los datos recopilados por los gobiernos y por las organizaciones no gubernamentales socias de ACNUR y en los registros propios de la organizaci\u00f3n.\" \/>\n<meta property=\"og:url\" content=\"https:\/\/www.entreculturas.org\/gl\/publicacion\/acnur-tendencias-globales-2013-el-coste-humano-de-la-guerra\/\" \/>\n<meta property=\"og:site_name\" content=\"Entreculturas\" \/>\n<meta property=\"article:publisher\" content=\"https:\/\/www.facebook.com\/entreculturas\" \/>\n<meta property=\"article:modified_time\" content=\"2024-03-20T13:03:51+00:00\" \/>\n<meta property=\"og:image\" content=\"https:\/\/www.entreculturas.org\/wp-content\/uploads\/2015\/05\/acnur-coste-humano-guerra.jpg\" \/>\n\t<meta property=\"og:image:width\" content=\"392\" \/>\n\t<meta property=\"og:image:height\" content=\"555\" \/>\n\t<meta property=\"og:image:type\" content=\"image\/jpeg\" \/>\n<meta name=\"twitter:card\" content=\"summary_large_image\" \/>\n<meta name=\"twitter:site\" content=\"@Entreculturas\" \/>\n<script type=\"application\/ld+json\" class=\"yoast-schema-graph\">{\"@context\":\"https:\\\/\\\/schema.org\",\"@graph\":[{\"@type\":\"WebPage\",\"@id\":\"https:\\\/\\\/www.entreculturas.org\\\/gl\\\/publicacion\\\/acnur-tendencias-globales-2013-el-coste-humano-de-la-guerra\\\/\",\"url\":\"https:\\\/\\\/www.entreculturas.org\\\/gl\\\/publicacion\\\/acnur-tendencias-globales-2013-el-coste-humano-de-la-guerra\\\/\",\"name\":\"ACNUR: Tendencias Globales 2013. El Coste Humano de la Guerra. - Entreculturas\",\"isPartOf\":{\"@id\":\"https:\\\/\\\/www.entreculturas.org\\\/gl\\\/#website\"},\"primaryImageOfPage\":{\"@id\":\"https:\\\/\\\/www.entreculturas.org\\\/gl\\\/publicacion\\\/acnur-tendencias-globales-2013-el-coste-humano-de-la-guerra\\\/#primaryimage\"},\"image\":{\"@id\":\"https:\\\/\\\/www.entreculturas.org\\\/gl\\\/publicacion\\\/acnur-tendencias-globales-2013-el-coste-humano-de-la-guerra\\\/#primaryimage\"},\"thumbnailUrl\":\"https:\\\/\\\/www.entreculturas.org\\\/wp-content\\\/uploads\\\/2015\\\/05\\\/acnur-coste-humano-guerra.jpg\",\"datePublished\":\"2014-05-27T12:09:53+00:00\",\"dateModified\":\"2024-03-20T13:03:51+00:00\",\"breadcrumb\":{\"@id\":\"https:\\\/\\\/www.entreculturas.org\\\/gl\\\/publicacion\\\/acnur-tendencias-globales-2013-el-coste-humano-de-la-guerra\\\/#breadcrumb\"},\"inLanguage\":\"gl-ES\",\"potentialAction\":[{\"@type\":\"ReadAction\",\"target\":[\"https:\\\/\\\/www.entreculturas.org\\\/gl\\\/publicacion\\\/acnur-tendencias-globales-2013-el-coste-humano-de-la-guerra\\\/\"]}]},{\"@type\":\"ImageObject\",\"inLanguage\":\"gl-ES\",\"@id\":\"https:\\\/\\\/www.entreculturas.org\\\/gl\\\/publicacion\\\/acnur-tendencias-globales-2013-el-coste-humano-de-la-guerra\\\/#primaryimage\",\"url\":\"https:\\\/\\\/www.entreculturas.org\\\/wp-content\\\/uploads\\\/2015\\\/05\\\/acnur-coste-humano-guerra.jpg\",\"contentUrl\":\"https:\\\/\\\/www.entreculturas.org\\\/wp-content\\\/uploads\\\/2015\\\/05\\\/acnur-coste-humano-guerra.jpg\",\"width\":392,\"height\":555,\"caption\":\"acnur-coste-humano-guerra\"},{\"@type\":\"BreadcrumbList\",\"@id\":\"https:\\\/\\\/www.entreculturas.org\\\/gl\\\/publicacion\\\/acnur-tendencias-globales-2013-el-coste-humano-de-la-guerra\\\/#breadcrumb\",\"itemListElement\":[{\"@type\":\"ListItem\",\"position\":1,\"name\":\"Home\",\"item\":\"https:\\\/\\\/www.entreculturas.org\\\/gl\\\/\"},{\"@type\":\"ListItem\",\"position\":2,\"name\":\"Publicaciones\",\"item\":\"https:\\\/\\\/www.entreculturas.org\\\/gl\\\/publicaciones\\\/\"},{\"@type\":\"ListItem\",\"position\":3,\"name\":\"ACNUR: Tendencias Globales 2013. El Coste Humano de la Guerra.\"}]},{\"@type\":\"WebSite\",\"@id\":\"https:\\\/\\\/www.entreculturas.org\\\/gl\\\/#website\",\"url\":\"https:\\\/\\\/www.entreculturas.org\\\/gl\\\/\",\"name\":\"Entreculturas\",\"description\":\"\",\"publisher\":{\"@id\":\"https:\\\/\\\/www.entreculturas.org\\\/gl\\\/#organization\"},\"alternateName\":\"Entreculturas\",\"potentialAction\":[{\"@type\":\"SearchAction\",\"target\":{\"@type\":\"EntryPoint\",\"urlTemplate\":\"https:\\\/\\\/www.entreculturas.org\\\/gl\\\/?s={search_term_string}\"},\"query-input\":{\"@type\":\"PropertyValueSpecification\",\"valueRequired\":true,\"valueName\":\"search_term_string\"}}],\"inLanguage\":\"gl-ES\"},{\"@type\":\"Organization\",\"@id\":\"https:\\\/\\\/www.entreculturas.org\\\/gl\\\/#organization\",\"name\":\"Entreculturas\",\"url\":\"https:\\\/\\\/www.entreculturas.org\\\/gl\\\/\",\"logo\":{\"@type\":\"ImageObject\",\"inLanguage\":\"gl-ES\",\"@id\":\"https:\\\/\\\/www.entreculturas.org\\\/gl\\\/#\\\/schema\\\/logo\\\/image\\\/\",\"url\":\"https:\\\/\\\/www.entreculturas.org\\\/wp-content\\\/uploads\\\/2025\\\/10\\\/ESP.svg\",\"contentUrl\":\"https:\\\/\\\/www.entreculturas.org\\\/wp-content\\\/uploads\\\/2025\\\/10\\\/ESP.svg\",\"caption\":\"Entreculturas\"},\"image\":{\"@id\":\"https:\\\/\\\/www.entreculturas.org\\\/gl\\\/#\\\/schema\\\/logo\\\/image\\\/\"},\"sameAs\":[\"https:\\\/\\\/www.facebook.com\\\/entreculturas\",\"https:\\\/\\\/x.com\\\/Entreculturas\",\"https:\\\/\\\/www.instagram.com\\\/entreculturas\\\/\",\"https:\\\/\\\/www.youtube.com\\\/user\\\/entreculturasvideo\",\"https:\\\/\\\/www.linkedin.com\\\/company\\\/fundacion-entreculturas-ngdo\\\/\",\"https:\\\/\\\/www.flickr.com\\\/photos\\\/98455522@N04\\\/albums\\\/\"]}]}<\/script>\n<!-- \/ Yoast SEO Premium plugin. -->","yoast_head_json":{"title":"ACNUR: Tendencias Globales 2013. El Coste Humano de la Guerra. - Entreculturas","robots":{"index":"index","follow":"follow","max-snippet":"max-snippet:-1","max-image-preview":"max-image-preview:large","max-video-preview":"max-video-preview:-1"},"canonical":"https:\/\/www.entreculturas.org\/gl\/publicacion\/acnur-tendencias-globales-2013-el-coste-humano-de-la-guerra\/","og_locale":"gl_ES","og_type":"article","og_title":"ACNUR: Tendencias Globales 2013. El Coste Humano de la Guerra.","og_description":"En su informe \"Tendencias Globales 2013\" el Alto Comisionado de las Naciones Unidas para los Refugiados (ACNUR) hace un an\u00e1lisis de la tr\u00e1gica dimensi\u00f3n que ha alcanzado el desplazamiento forzoso en todo el mundo al final del pasado a\u00f1o. De los 45,2 millones de personas v\u00edctimas de este fen\u00f3meno contabilizados en 2012 se pasa a 51,2 millones. Este incremento de seis millones de personas hace del balance de 2013 la cifra m\u00e1s alta desde la Segunda Guerra Mundial. El aumento se debi\u00f3 fundamentalmente a la guerra en Siria y tambi\u00e9n a crisis originadas en Rep\u00fablica Centroafricana y Sud\u00e1n del Sur. Este informe anual se basa en los datos recopilados por los gobiernos y por las organizaciones no gubernamentales socias de ACNUR y en los registros propios de la organizaci\u00f3n.","og_url":"https:\/\/www.entreculturas.org\/gl\/publicacion\/acnur-tendencias-globales-2013-el-coste-humano-de-la-guerra\/","og_site_name":"Entreculturas","article_publisher":"https:\/\/www.facebook.com\/entreculturas","article_modified_time":"2024-03-20T13:03:51+00:00","og_image":[{"width":392,"height":555,"url":"https:\/\/www.entreculturas.org\/wp-content\/uploads\/2015\/05\/acnur-coste-humano-guerra.jpg","type":"image\/jpeg"}],"twitter_card":"summary_large_image","twitter_site":"@Entreculturas","schema":{"@context":"https:\/\/schema.org","@graph":[{"@type":"WebPage","@id":"https:\/\/www.entreculturas.org\/gl\/publicacion\/acnur-tendencias-globales-2013-el-coste-humano-de-la-guerra\/","url":"https:\/\/www.entreculturas.org\/gl\/publicacion\/acnur-tendencias-globales-2013-el-coste-humano-de-la-guerra\/","name":"ACNUR: Tendencias Globales 2013. El Coste Humano de la Guerra. - Entreculturas","isPartOf":{"@id":"https:\/\/www.entreculturas.org\/gl\/#website"},"primaryImageOfPage":{"@id":"https:\/\/www.entreculturas.org\/gl\/publicacion\/acnur-tendencias-globales-2013-el-coste-humano-de-la-guerra\/#primaryimage"},"image":{"@id":"https:\/\/www.entreculturas.org\/gl\/publicacion\/acnur-tendencias-globales-2013-el-coste-humano-de-la-guerra\/#primaryimage"},"thumbnailUrl":"https:\/\/www.entreculturas.org\/wp-content\/uploads\/2015\/05\/acnur-coste-humano-guerra.jpg","datePublished":"2014-05-27T12:09:53+00:00","dateModified":"2024-03-20T13:03:51+00:00","breadcrumb":{"@id":"https:\/\/www.entreculturas.org\/gl\/publicacion\/acnur-tendencias-globales-2013-el-coste-humano-de-la-guerra\/#breadcrumb"},"inLanguage":"gl-ES","potentialAction":[{"@type":"ReadAction","target":["https:\/\/www.entreculturas.org\/gl\/publicacion\/acnur-tendencias-globales-2013-el-coste-humano-de-la-guerra\/"]}]},{"@type":"ImageObject","inLanguage":"gl-ES","@id":"https:\/\/www.entreculturas.org\/gl\/publicacion\/acnur-tendencias-globales-2013-el-coste-humano-de-la-guerra\/#primaryimage","url":"https:\/\/www.entreculturas.org\/wp-content\/uploads\/2015\/05\/acnur-coste-humano-guerra.jpg","contentUrl":"https:\/\/www.entreculturas.org\/wp-content\/uploads\/2015\/05\/acnur-coste-humano-guerra.jpg","width":392,"height":555,"caption":"acnur-coste-humano-guerra"},{"@type":"BreadcrumbList","@id":"https:\/\/www.entreculturas.org\/gl\/publicacion\/acnur-tendencias-globales-2013-el-coste-humano-de-la-guerra\/#breadcrumb","itemListElement":[{"@type":"ListItem","position":1,"name":"Home","item":"https:\/\/www.entreculturas.org\/gl\/"},{"@type":"ListItem","position":2,"name":"Publicaciones","item":"https:\/\/www.entreculturas.org\/gl\/publicaciones\/"},{"@type":"ListItem","position":3,"name":"ACNUR: Tendencias Globales 2013. El Coste Humano de la Guerra."}]},{"@type":"WebSite","@id":"https:\/\/www.entreculturas.org\/gl\/#website","url":"https:\/\/www.entreculturas.org\/gl\/","name":"Entreculturas","description":"","publisher":{"@id":"https:\/\/www.entreculturas.org\/gl\/#organization"},"alternateName":"Entreculturas","potentialAction":[{"@type":"SearchAction","target":{"@type":"EntryPoint","urlTemplate":"https:\/\/www.entreculturas.org\/gl\/?s={search_term_string}"},"query-input":{"@type":"PropertyValueSpecification","valueRequired":true,"valueName":"search_term_string"}}],"inLanguage":"gl-ES"},{"@type":"Organization","@id":"https:\/\/www.entreculturas.org\/gl\/#organization","name":"Entreculturas","url":"https:\/\/www.entreculturas.org\/gl\/","logo":{"@type":"ImageObject","inLanguage":"gl-ES","@id":"https:\/\/www.entreculturas.org\/gl\/#\/schema\/logo\/image\/","url":"https:\/\/www.entreculturas.org\/wp-content\/uploads\/2025\/10\/ESP.svg","contentUrl":"https:\/\/www.entreculturas.org\/wp-content\/uploads\/2025\/10\/ESP.svg","caption":"Entreculturas"},"image":{"@id":"https:\/\/www.entreculturas.org\/gl\/#\/schema\/logo\/image\/"},"sameAs":["https:\/\/www.facebook.com\/entreculturas","https:\/\/x.com\/Entreculturas","https:\/\/www.instagram.com\/entreculturas\/","https:\/\/www.youtube.com\/user\/entreculturasvideo","https:\/\/www.linkedin.com\/company\/fundacion-entreculturas-ngdo\/","https:\/\/www.flickr.com\/photos\/98455522@N04\/albums\/"]}]}},"_links":{"self":[{"href":"https:\/\/www.entreculturas.org\/gl\/wp-json\/wp\/v2\/publicacion\/4139","targetHints":{"allow":["GET"]}}],"collection":[{"href":"https:\/\/www.entreculturas.org\/gl\/wp-json\/wp\/v2\/publicacion"}],"about":[{"href":"https:\/\/www.entreculturas.org\/gl\/wp-json\/wp\/v2\/types\/publicacion"}],"wp:featuredmedia":[{"embeddable":true,"href":"https:\/\/www.entreculturas.org\/gl\/wp-json\/wp\/v2\/media\/4140"}],"wp:attachment":[{"href":"https:\/\/www.entreculturas.org\/gl\/wp-json\/wp\/v2\/media?parent=4139"}],"wp:term":[{"taxonomy":"category","embeddable":true,"href":"https:\/\/www.entreculturas.org\/gl\/wp-json\/wp\/v2\/categories?post=4139"},{"taxonomy":"post_tag","embeddable":true,"href":"https:\/\/www.entreculturas.org\/gl\/wp-json\/wp\/v2\/tags?post=4139"},{"taxonomy":"cause","embeddable":true,"href":"https:\/\/www.entreculturas.org\/gl\/wp-json\/wp\/v2\/cause?post=4139"},{"taxonomy":"format","embeddable":true,"href":"https:\/\/www.entreculturas.org\/gl\/wp-json\/wp\/v2\/format?post=4139"}],"curies":[{"name":"wp","href":"https:\/\/api.w.org\/{rel}","templated":true}]}}