{"id":1850,"date":"2015-05-11T13:55:38","date_gmt":"2015-05-11T13:55:38","guid":{"rendered":"https:\/\/entreculturasi.wpenginepowered.com\/?publicaciones=la-educaci-n-popular-y-su-pedagog"},"modified":"2023-12-10T17:02:27","modified_gmt":"2023-12-10T16:02:27","slug":"la-educaci-n-popular-y-su-pedagog","status":"publish","type":"publicacion","link":"https:\/\/www.entreculturas.org\/gl\/publicacion\/la-educaci-n-popular-y-su-pedagog\/","title":{"rendered":"La educaci\u00f3n popular y su pedagog\u00eda"},"content":{"rendered":"<p><!--StartFragment-->En este libro con el que iniciamos la Dimensi\u00f3n Pedag\u00f3gica del Programa Internacional de Formaci\u00f3n de Educadores Populares, seguimos, a veces textualmente, las ideas trabajadas y expuestas en los \u00faltimos Congresos Internacionales (Guatemala 2001 y Paraguay 2002) que generaron una profunda reflexi\u00f3n sobre la Educaci\u00f3n Popular y su Pedagog\u00eda en las Fe y Alegr\u00edas de los quince pa\u00edses.<\/p>\n<p>Esperemos que las ideas aqu\u00ed recogidas nos ayudar\u00e1n a releer nuestras pr\u00e1cticas de modo que sean coherentes con nuestras intenciones y avancemos en nuestro compromiso de gestar una educaci\u00f3n y una pedagog\u00eda verdaderamente comprometidas en la formaci\u00f3n de personas plenas y de ciudadanos solidarios.<!--EndFragment--><\/p>\n","protected":false},"excerpt":{"rendered":"<p>En este libro con el que iniciamos la Dimensi\u00f3n Pedag\u00f3gica del Programa Internacional de Formaci\u00f3n de Educadores Populares, seguimos, a veces textualmente, las ideas trabajadas y expuestas en los \u00faltimos Congresos Internacionales (Guatemala 2001 y Paraguay 2002) que generaron una profunda reflexi\u00f3n sobre la Educaci\u00f3n Popular y su Pedagog\u00eda en las Fe y Alegr\u00edas de los quince pa\u00edses. Esperemos que las ideas aqu\u00ed recogidas nos ayudar\u00e1n a releer nuestras pr\u00e1cticas de modo que sean coherentes con nuestras intenciones y avancemos en nuestro compromiso de gestar una educaci\u00f3n y una pedagog\u00eda verdaderamente comprometidas en la formaci\u00f3n de personas plenas y de ciudadanos solidarios.<\/p>\n","protected":false},"featured_media":1853,"template":"","format":[112],"categories":[18],"tags":[],"cause":[128],"class_list":["post-1850","publicacion","type-publicacion","status-publish","has-post-thumbnail","hentry","category-estudios","cause-educacion","format-estudios-e-informes"],"acf":[],"yoast_head":"<!-- This site is optimized with the Yoast SEO Premium plugin v21.6 (Yoast SEO v27.5) - https:\/\/yoast.com\/product\/yoast-seo-premium-wordpress\/ -->\n<title>La educaci\u00f3n popular y su pedagog\u00eda - Entreculturas<\/title>\n<meta name=\"robots\" content=\"index, follow, max-snippet:-1, max-image-preview:large, max-video-preview:-1\" \/>\n<link rel=\"canonical\" href=\"https:\/\/www.entreculturas.org\/gl\/publicacion\/la-educaci-n-popular-y-su-pedagog\/\" \/>\n<meta property=\"og:locale\" content=\"gl_ES\" \/>\n<meta property=\"og:type\" content=\"article\" \/>\n<meta property=\"og:title\" content=\"La educaci\u00f3n popular y su pedagog\u00eda\" \/>\n<meta property=\"og:description\" content=\"En este libro con el que iniciamos la Dimensi\u00f3n Pedag\u00f3gica del Programa Internacional de Formaci\u00f3n de Educadores Populares, seguimos, a veces textualmente, las ideas trabajadas y expuestas en los \u00faltimos Congresos Internacionales (Guatemala 2001 y Paraguay 2002) que generaron una profunda reflexi\u00f3n sobre la Educaci\u00f3n Popular y su Pedagog\u00eda en las Fe y Alegr\u00edas de los quince pa\u00edses. Esperemos que las ideas aqu\u00ed recogidas nos ayudar\u00e1n a releer nuestras pr\u00e1cticas de modo que sean coherentes con nuestras intenciones y avancemos en nuestro compromiso de gestar una educaci\u00f3n y una pedagog\u00eda verdaderamente comprometidas en la formaci\u00f3n de personas plenas y de ciudadanos solidarios.\" \/>\n<meta property=\"og:url\" content=\"https:\/\/www.entreculturas.org\/gl\/publicacion\/la-educaci-n-popular-y-su-pedagog\/\" \/>\n<meta property=\"og:site_name\" content=\"Entreculturas\" \/>\n<meta property=\"article:publisher\" content=\"https:\/\/www.facebook.com\/entreculturas\" \/>\n<meta property=\"article:modified_time\" content=\"2023-12-10T16:02:27+00:00\" \/>\n<meta name=\"twitter:card\" content=\"summary_large_image\" \/>\n<meta name=\"twitter:site\" content=\"@Entreculturas\" \/>\n<script type=\"application\/ld+json\" class=\"yoast-schema-graph\">{\"@context\":\"https:\\\/\\\/schema.org\",\"@graph\":[{\"@type\":\"WebPage\",\"@id\":\"https:\\\/\\\/www.entreculturas.org\\\/gl\\\/publicacion\\\/la-educaci-n-popular-y-su-pedagog\\\/\",\"url\":\"https:\\\/\\\/www.entreculturas.org\\\/gl\\\/publicacion\\\/la-educaci-n-popular-y-su-pedagog\\\/\",\"name\":\"La educaci\u00f3n popular y su pedagog\u00eda - Entreculturas\",\"isPartOf\":{\"@id\":\"https:\\\/\\\/www.entreculturas.org\\\/gl\\\/#website\"},\"primaryImageOfPage\":{\"@id\":\"https:\\\/\\\/www.entreculturas.org\\\/gl\\\/publicacion\\\/la-educaci-n-popular-y-su-pedagog\\\/#primaryimage\"},\"image\":{\"@id\":\"https:\\\/\\\/www.entreculturas.org\\\/gl\\\/publicacion\\\/la-educaci-n-popular-y-su-pedagog\\\/#primaryimage\"},\"thumbnailUrl\":\"https:\\\/\\\/www.entreculturas.org\\\/wp-content\\\/uploads\\\/2023\\\/11\\\/ong-acreditada.svg\",\"datePublished\":\"2015-05-11T13:55:38+00:00\",\"dateModified\":\"2023-12-10T16:02:27+00:00\",\"breadcrumb\":{\"@id\":\"https:\\\/\\\/www.entreculturas.org\\\/gl\\\/publicacion\\\/la-educaci-n-popular-y-su-pedagog\\\/#breadcrumb\"},\"inLanguage\":\"gl-ES\",\"potentialAction\":[{\"@type\":\"ReadAction\",\"target\":[\"https:\\\/\\\/www.entreculturas.org\\\/gl\\\/publicacion\\\/la-educaci-n-popular-y-su-pedagog\\\/\"]}]},{\"@type\":\"ImageObject\",\"inLanguage\":\"gl-ES\",\"@id\":\"https:\\\/\\\/www.entreculturas.org\\\/gl\\\/publicacion\\\/la-educaci-n-popular-y-su-pedagog\\\/#primaryimage\",\"url\":\"https:\\\/\\\/www.entreculturas.org\\\/wp-content\\\/uploads\\\/2023\\\/11\\\/ong-acreditada.svg\",\"contentUrl\":\"https:\\\/\\\/www.entreculturas.org\\\/wp-content\\\/uploads\\\/2023\\\/11\\\/ong-acreditada.svg\"},{\"@type\":\"BreadcrumbList\",\"@id\":\"https:\\\/\\\/www.entreculturas.org\\\/gl\\\/publicacion\\\/la-educaci-n-popular-y-su-pedagog\\\/#breadcrumb\",\"itemListElement\":[{\"@type\":\"ListItem\",\"position\":1,\"name\":\"Home\",\"item\":\"https:\\\/\\\/www.entreculturas.org\\\/gl\\\/\"},{\"@type\":\"ListItem\",\"position\":2,\"name\":\"Publicaciones\",\"item\":\"https:\\\/\\\/www.entreculturas.org\\\/gl\\\/publicaciones\\\/\"},{\"@type\":\"ListItem\",\"position\":3,\"name\":\"La educaci\u00f3n popular y su pedagog\u00eda\"}]},{\"@type\":\"WebSite\",\"@id\":\"https:\\\/\\\/www.entreculturas.org\\\/gl\\\/#website\",\"url\":\"https:\\\/\\\/www.entreculturas.org\\\/gl\\\/\",\"name\":\"Entreculturas\",\"description\":\"\",\"publisher\":{\"@id\":\"https:\\\/\\\/www.entreculturas.org\\\/gl\\\/#organization\"},\"alternateName\":\"Entreculturas\",\"potentialAction\":[{\"@type\":\"SearchAction\",\"target\":{\"@type\":\"EntryPoint\",\"urlTemplate\":\"https:\\\/\\\/www.entreculturas.org\\\/gl\\\/?s={search_term_string}\"},\"query-input\":{\"@type\":\"PropertyValueSpecification\",\"valueRequired\":true,\"valueName\":\"search_term_string\"}}],\"inLanguage\":\"gl-ES\"},{\"@type\":\"Organization\",\"@id\":\"https:\\\/\\\/www.entreculturas.org\\\/gl\\\/#organization\",\"name\":\"Entreculturas\",\"url\":\"https:\\\/\\\/www.entreculturas.org\\\/gl\\\/\",\"logo\":{\"@type\":\"ImageObject\",\"inLanguage\":\"gl-ES\",\"@id\":\"https:\\\/\\\/www.entreculturas.org\\\/gl\\\/#\\\/schema\\\/logo\\\/image\\\/\",\"url\":\"https:\\\/\\\/www.entreculturas.org\\\/wp-content\\\/uploads\\\/2025\\\/10\\\/ESP.svg\",\"contentUrl\":\"https:\\\/\\\/www.entreculturas.org\\\/wp-content\\\/uploads\\\/2025\\\/10\\\/ESP.svg\",\"caption\":\"Entreculturas\"},\"image\":{\"@id\":\"https:\\\/\\\/www.entreculturas.org\\\/gl\\\/#\\\/schema\\\/logo\\\/image\\\/\"},\"sameAs\":[\"https:\\\/\\\/www.facebook.com\\\/entreculturas\",\"https:\\\/\\\/x.com\\\/Entreculturas\",\"https:\\\/\\\/www.instagram.com\\\/entreculturas\\\/\",\"https:\\\/\\\/www.youtube.com\\\/user\\\/entreculturasvideo\",\"https:\\\/\\\/www.linkedin.com\\\/company\\\/fundacion-entreculturas-ngdo\\\/\",\"https:\\\/\\\/www.flickr.com\\\/photos\\\/98455522@N04\\\/albums\\\/\"]}]}<\/script>\n<!-- \/ Yoast SEO Premium plugin. -->","yoast_head_json":{"title":"La educaci\u00f3n popular y su pedagog\u00eda - Entreculturas","robots":{"index":"index","follow":"follow","max-snippet":"max-snippet:-1","max-image-preview":"max-image-preview:large","max-video-preview":"max-video-preview:-1"},"canonical":"https:\/\/www.entreculturas.org\/gl\/publicacion\/la-educaci-n-popular-y-su-pedagog\/","og_locale":"gl_ES","og_type":"article","og_title":"La educaci\u00f3n popular y su pedagog\u00eda","og_description":"En este libro con el que iniciamos la Dimensi\u00f3n Pedag\u00f3gica del Programa Internacional de Formaci\u00f3n de Educadores Populares, seguimos, a veces textualmente, las ideas trabajadas y expuestas en los \u00faltimos Congresos Internacionales (Guatemala 2001 y Paraguay 2002) que generaron una profunda reflexi\u00f3n sobre la Educaci\u00f3n Popular y su Pedagog\u00eda en las Fe y Alegr\u00edas de los quince pa\u00edses. Esperemos que las ideas aqu\u00ed recogidas nos ayudar\u00e1n a releer nuestras pr\u00e1cticas de modo que sean coherentes con nuestras intenciones y avancemos en nuestro compromiso de gestar una educaci\u00f3n y una pedagog\u00eda verdaderamente comprometidas en la formaci\u00f3n de personas plenas y de ciudadanos solidarios.","og_url":"https:\/\/www.entreculturas.org\/gl\/publicacion\/la-educaci-n-popular-y-su-pedagog\/","og_site_name":"Entreculturas","article_publisher":"https:\/\/www.facebook.com\/entreculturas","article_modified_time":"2023-12-10T16:02:27+00:00","twitter_card":"summary_large_image","twitter_site":"@Entreculturas","schema":{"@context":"https:\/\/schema.org","@graph":[{"@type":"WebPage","@id":"https:\/\/www.entreculturas.org\/gl\/publicacion\/la-educaci-n-popular-y-su-pedagog\/","url":"https:\/\/www.entreculturas.org\/gl\/publicacion\/la-educaci-n-popular-y-su-pedagog\/","name":"La educaci\u00f3n popular y su pedagog\u00eda - Entreculturas","isPartOf":{"@id":"https:\/\/www.entreculturas.org\/gl\/#website"},"primaryImageOfPage":{"@id":"https:\/\/www.entreculturas.org\/gl\/publicacion\/la-educaci-n-popular-y-su-pedagog\/#primaryimage"},"image":{"@id":"https:\/\/www.entreculturas.org\/gl\/publicacion\/la-educaci-n-popular-y-su-pedagog\/#primaryimage"},"thumbnailUrl":"https:\/\/www.entreculturas.org\/wp-content\/uploads\/2023\/11\/ong-acreditada.svg","datePublished":"2015-05-11T13:55:38+00:00","dateModified":"2023-12-10T16:02:27+00:00","breadcrumb":{"@id":"https:\/\/www.entreculturas.org\/gl\/publicacion\/la-educaci-n-popular-y-su-pedagog\/#breadcrumb"},"inLanguage":"gl-ES","potentialAction":[{"@type":"ReadAction","target":["https:\/\/www.entreculturas.org\/gl\/publicacion\/la-educaci-n-popular-y-su-pedagog\/"]}]},{"@type":"ImageObject","inLanguage":"gl-ES","@id":"https:\/\/www.entreculturas.org\/gl\/publicacion\/la-educaci-n-popular-y-su-pedagog\/#primaryimage","url":"https:\/\/www.entreculturas.org\/wp-content\/uploads\/2023\/11\/ong-acreditada.svg","contentUrl":"https:\/\/www.entreculturas.org\/wp-content\/uploads\/2023\/11\/ong-acreditada.svg"},{"@type":"BreadcrumbList","@id":"https:\/\/www.entreculturas.org\/gl\/publicacion\/la-educaci-n-popular-y-su-pedagog\/#breadcrumb","itemListElement":[{"@type":"ListItem","position":1,"name":"Home","item":"https:\/\/www.entreculturas.org\/gl\/"},{"@type":"ListItem","position":2,"name":"Publicaciones","item":"https:\/\/www.entreculturas.org\/gl\/publicaciones\/"},{"@type":"ListItem","position":3,"name":"La educaci\u00f3n popular y su pedagog\u00eda"}]},{"@type":"WebSite","@id":"https:\/\/www.entreculturas.org\/gl\/#website","url":"https:\/\/www.entreculturas.org\/gl\/","name":"Entreculturas","description":"","publisher":{"@id":"https:\/\/www.entreculturas.org\/gl\/#organization"},"alternateName":"Entreculturas","potentialAction":[{"@type":"SearchAction","target":{"@type":"EntryPoint","urlTemplate":"https:\/\/www.entreculturas.org\/gl\/?s={search_term_string}"},"query-input":{"@type":"PropertyValueSpecification","valueRequired":true,"valueName":"search_term_string"}}],"inLanguage":"gl-ES"},{"@type":"Organization","@id":"https:\/\/www.entreculturas.org\/gl\/#organization","name":"Entreculturas","url":"https:\/\/www.entreculturas.org\/gl\/","logo":{"@type":"ImageObject","inLanguage":"gl-ES","@id":"https:\/\/www.entreculturas.org\/gl\/#\/schema\/logo\/image\/","url":"https:\/\/www.entreculturas.org\/wp-content\/uploads\/2025\/10\/ESP.svg","contentUrl":"https:\/\/www.entreculturas.org\/wp-content\/uploads\/2025\/10\/ESP.svg","caption":"Entreculturas"},"image":{"@id":"https:\/\/www.entreculturas.org\/gl\/#\/schema\/logo\/image\/"},"sameAs":["https:\/\/www.facebook.com\/entreculturas","https:\/\/x.com\/Entreculturas","https:\/\/www.instagram.com\/entreculturas\/","https:\/\/www.youtube.com\/user\/entreculturasvideo","https:\/\/www.linkedin.com\/company\/fundacion-entreculturas-ngdo\/","https:\/\/www.flickr.com\/photos\/98455522@N04\/albums\/"]}]}},"_links":{"self":[{"href":"https:\/\/www.entreculturas.org\/gl\/wp-json\/wp\/v2\/publicacion\/1850","targetHints":{"allow":["GET"]}}],"collection":[{"href":"https:\/\/www.entreculturas.org\/gl\/wp-json\/wp\/v2\/publicacion"}],"about":[{"href":"https:\/\/www.entreculturas.org\/gl\/wp-json\/wp\/v2\/types\/publicacion"}],"wp:featuredmedia":[{"embeddable":true,"href":"https:\/\/www.entreculturas.org\/gl\/wp-json\/wp\/v2\/media\/1853"}],"wp:attachment":[{"href":"https:\/\/www.entreculturas.org\/gl\/wp-json\/wp\/v2\/media?parent=1850"}],"wp:term":[{"taxonomy":"category","embeddable":true,"href":"https:\/\/www.entreculturas.org\/gl\/wp-json\/wp\/v2\/categories?post=1850"},{"taxonomy":"post_tag","embeddable":true,"href":"https:\/\/www.entreculturas.org\/gl\/wp-json\/wp\/v2\/tags?post=1850"},{"taxonomy":"cause","embeddable":true,"href":"https:\/\/www.entreculturas.org\/gl\/wp-json\/wp\/v2\/cause?post=1850"},{"taxonomy":"format","embeddable":true,"href":"https:\/\/www.entreculturas.org\/gl\/wp-json\/wp\/v2\/format?post=1850"}],"curies":[{"name":"wp","href":"https:\/\/api.w.org\/{rel}","templated":true}]}}