{"id":7040,"date":"2023-07-13T11:18:30","date_gmt":"2023-07-13T11:18:30","guid":{"rendered":"https:\/\/entreculturasi.wpenginepowered.com\/?noticias=julia-navarro-leer-no-solamente-nos-transforma-nosotros-mismos-sino-que-tambien-nos-ayuda"},"modified":"2024-01-16T11:46:34","modified_gmt":"2024-01-16T10:46:34","slug":"julia-navarro-leer-no-solamente-nos-transforma-nosotros-mismos-sino-que-tambien-nos-ayuda","status":"publish","type":"podcast","link":"https:\/\/www.entreculturas.org\/gl\/podcast\/julia-navarro-leer-no-solamente-nos-transforma-nosotros-mismos-sino-que-tambien-nos-ayuda\/","title":{"rendered":"Julia Navarro: &#8220;Leer no solamente nos transforma a nosotros mismos, sino que tambi\u00e9n nos ayuda a tomar conciencia de otras realidades\u201d"},"content":{"rendered":"<p>Esta semana en Voces por una Causa, la escritora <strong>Julia Navarro conversa con Cristina Caravello<\/strong>, t\u00e9cnica del \u00c1rea de Personas y Equipos de Entreculturas. Con ella, cerramos la cuarta temporada hablando de nuestra <a href=\"https:\/\/escuela.entreculturas.org\/\">Escuela Online<\/a> y <strong>recomendando libros relacionados con las cinco Causas<\/strong> que vertebran el trabajo de Entreculturas.<\/p>\n<p>En este cap\u00edtulo de nuestro podcast, <strong>Cristina propone varias actividades para aprovechar el tiempo libre que nos dan las vacaciones de verano<\/strong>. Entre ellas, destaca nuestra Escuela Online, donde \u201cse pueden encontrar cursos gratuitos sobre las tem\u00e1ticas que trabajamos y as\u00ed aprender y ponerse al d\u00eda de forma amena sobre cuestiones importantes y actuales como la justicia socioambiental o las migraciones y las fronteras\u201d.<\/p>\n<p>Adem\u00e1s, Cristina y Julia <strong>conversan sobre libros y recomiendan una serie de publicaciones<\/strong> que est\u00e1n relacionadas con la labor que desempe\u00f1a Entreculturas a trav\u00e9s de sus Cinco Causas. Una lectura que recomiendan a los y las oyentes \u201cmeter en la mochila\u201d estas semanas para desconectar a la vez que se aproximan a temas importantes.<\/p>\n<p><strong>Migraci\u00f3n<\/strong><\/p>\n<ul>\n<li><em>Hermanito: Mi\u00f1an<\/em> de Amets Arzallus e Ibrahima Balde.<\/li>\n<li><em>Americanah<\/em> de Chimamanda Ngozi Adichie<\/li>\n<li><em>Correr hacia un sue\u00f1o<\/em> de Giuseppe Catozzella<\/li>\n<\/ul>\n<p><strong>Educaci\u00f3n: <\/strong><\/p>\n<ul>\n<li><em>Los retos de la educaci\u00f3n en el amanecer del nuevo milenio<\/em> de Nicole Diesbach<\/li>\n<\/ul>\n<p><strong>Ecolog\u00eda: <\/strong><\/p>\n<ul>\n<li><em>Senderos de libertad<\/em> de Javier Moro<\/li>\n<\/ul>\n<p><strong>G\u00e9nero: <\/strong><\/p>\n<ul>\n<li><em>La vida en el centro<\/em> de Yayo Herrero y otras autoras<\/li>\n<\/ul>\n<p><strong>Participaci\u00f3n: <\/strong><\/p>\n<ul>\n<li><em>El encuentro con el otro<\/em> de Ryszard Kapu\u015bci\u0144ski<\/li>\n<\/ul>\n<p><strong>Dos extras:<\/strong><\/p>\n<ul>\n<li><em>El hambre<\/em> de Mart\u00edn Caparr\u00f3s<\/li>\n<li><em>Silencio administrativo<\/em> de Sara Mesa<\/li>\n<\/ul>\n<p>\u201cQueridos oyentes, ha llegado el momento de despedirnos de esta temporada de \u2018Voces por una Causa\u2019. <em><strong>Una temporada donde hemos escuchado historias inspiradoras<\/strong><\/em> y\u00a0 luchas incansables en busca de un mundo m\u00e1s justo y solidario\u201d. Con estas palabras Julia Navarro se despide de los micr\u00f3fonos hasta la cuarta temporada, pero todos los episodios siguen disponibles en nuestro canal de <a href=\"https:\/\/www.youtube.com\/c\/EntreculturasOrg915902672\" data-wplink-edit=\"true\">Youtube<\/a>, en <a href=\"https:\/\/open.spotify.com\/show\/6dS5JsqnsWrnHL1gwead1A\">Spotify<\/a>, en <a href=\"https:\/\/www.ivoox.com\/perfil-entreculturas_a8_listener_28185270_1.html\">Ivoox<\/a>, y en <a href=\"https:\/\/podcasts.apple.com\/us\/podcast\/entreculturas-voces-por-una-causa\/id1621485462\">Apple Podcast<\/a>.<\/p>\n","protected":false},"excerpt":{"rendered":"<p>Esta semana en Voces por una Causa, la escritora Julia Navarro conversa con Cristina Caravello, t\u00e9cnica del \u00c1rea de Personas y Equipos de Entreculturas. Con ella, cerramos la cuarta temporada hablando de nuestra Escuela Online y recomendando libros relacionados con las cinco Causas que vertebran el trabajo de Entreculturas.<\/p>\n","protected":false},"featured_media":7039,"template":"podcast-imagen-sin-banner","meta":{"_acf_changed":false},"categories":[7],"tags":[185],"class_list":["post-7040","podcast","type-podcast","status-publish","has-post-thumbnail","hentry","category-noticia","tag-entreculturas"],"acf":[],"yoast_head":"<!-- This site is optimized with the Yoast SEO Premium plugin v21.6 (Yoast SEO v27.5) - https:\/\/yoast.com\/product\/yoast-seo-premium-wordpress\/ -->\n<title>Julia Navarro: &quot;Leer no solamente nos transforma a nosotros mismos, sino que tambi\u00e9n nos ayuda a tomar conciencia de otras realidades\u201d - Entreculturas<\/title>\n<meta name=\"robots\" content=\"index, follow, max-snippet:-1, max-image-preview:large, max-video-preview:-1\" \/>\n<link rel=\"canonical\" href=\"https:\/\/www.entreculturas.org\/gl\/podcast\/julia-navarro-leer-no-solamente-nos-transforma-nosotros-mismos-sino-que-tambien-nos-ayuda\/\" \/>\n<meta property=\"og:locale\" content=\"gl_ES\" \/>\n<meta property=\"og:type\" content=\"article\" \/>\n<meta property=\"og:title\" content=\"Julia Navarro: &quot;Leer no solamente nos transforma a nosotros mismos, sino que tambi\u00e9n nos ayuda a tomar conciencia de otras realidades\u201d\" \/>\n<meta property=\"og:description\" content=\"Esta semana en Voces por una Causa, la escritora Julia Navarro conversa con Cristina Caravello, t\u00e9cnica del \u00c1rea de Personas y Equipos de Entreculturas. Con ella, cerramos la cuarta temporada hablando de nuestra Escuela Online y recomendando libros relacionados con las cinco Causas que vertebran el trabajo de Entreculturas.\" \/>\n<meta property=\"og:url\" content=\"https:\/\/www.entreculturas.org\/gl\/podcast\/julia-navarro-leer-no-solamente-nos-transforma-nosotros-mismos-sino-que-tambien-nos-ayuda\/\" \/>\n<meta property=\"og:site_name\" content=\"Entreculturas\" \/>\n<meta property=\"article:publisher\" content=\"https:\/\/www.facebook.com\/entreculturas\" \/>\n<meta property=\"article:modified_time\" content=\"2024-01-16T10:46:34+00:00\" \/>\n<meta property=\"og:image\" content=\"https:\/\/www.entreculturas.org\/wp-content\/uploads\/2023\/07\/web_-_cris.jpg\" \/>\n\t<meta property=\"og:image:width\" content=\"1920\" \/>\n\t<meta property=\"og:image:height\" content=\"1080\" \/>\n\t<meta property=\"og:image:type\" content=\"image\/jpeg\" \/>\n<meta name=\"twitter:card\" content=\"summary_large_image\" \/>\n<meta name=\"twitter:site\" content=\"@Entreculturas\" \/>\n<script type=\"application\/ld+json\" class=\"yoast-schema-graph\">{\"@context\":\"https:\\\/\\\/schema.org\",\"@graph\":[{\"@type\":\"WebPage\",\"@id\":\"https:\\\/\\\/www.entreculturas.org\\\/gl\\\/podcast\\\/julia-navarro-leer-no-solamente-nos-transforma-nosotros-mismos-sino-que-tambien-nos-ayuda\\\/\",\"url\":\"https:\\\/\\\/www.entreculturas.org\\\/gl\\\/podcast\\\/julia-navarro-leer-no-solamente-nos-transforma-nosotros-mismos-sino-que-tambien-nos-ayuda\\\/\",\"name\":\"Julia Navarro: \\\"Leer no solamente nos transforma a nosotros mismos, sino que tambi\u00e9n nos ayuda a tomar conciencia de otras realidades\u201d - Entreculturas\",\"isPartOf\":{\"@id\":\"https:\\\/\\\/www.entreculturas.org\\\/gl\\\/#website\"},\"primaryImageOfPage\":{\"@id\":\"https:\\\/\\\/www.entreculturas.org\\\/gl\\\/podcast\\\/julia-navarro-leer-no-solamente-nos-transforma-nosotros-mismos-sino-que-tambien-nos-ayuda\\\/#primaryimage\"},\"image\":{\"@id\":\"https:\\\/\\\/www.entreculturas.org\\\/gl\\\/podcast\\\/julia-navarro-leer-no-solamente-nos-transforma-nosotros-mismos-sino-que-tambien-nos-ayuda\\\/#primaryimage\"},\"thumbnailUrl\":\"https:\\\/\\\/www.entreculturas.org\\\/wp-content\\\/uploads\\\/2023\\\/07\\\/web_-_cris.jpg\",\"datePublished\":\"2023-07-13T11:18:30+00:00\",\"dateModified\":\"2024-01-16T10:46:34+00:00\",\"breadcrumb\":{\"@id\":\"https:\\\/\\\/www.entreculturas.org\\\/gl\\\/podcast\\\/julia-navarro-leer-no-solamente-nos-transforma-nosotros-mismos-sino-que-tambien-nos-ayuda\\\/#breadcrumb\"},\"inLanguage\":\"gl-ES\",\"potentialAction\":[{\"@type\":\"ReadAction\",\"target\":[\"https:\\\/\\\/www.entreculturas.org\\\/gl\\\/podcast\\\/julia-navarro-leer-no-solamente-nos-transforma-nosotros-mismos-sino-que-tambien-nos-ayuda\\\/\"]}]},{\"@type\":\"ImageObject\",\"inLanguage\":\"gl-ES\",\"@id\":\"https:\\\/\\\/www.entreculturas.org\\\/gl\\\/podcast\\\/julia-navarro-leer-no-solamente-nos-transforma-nosotros-mismos-sino-que-tambien-nos-ayuda\\\/#primaryimage\",\"url\":\"https:\\\/\\\/www.entreculturas.org\\\/wp-content\\\/uploads\\\/2023\\\/07\\\/web_-_cris.jpg\",\"contentUrl\":\"https:\\\/\\\/www.entreculturas.org\\\/wp-content\\\/uploads\\\/2023\\\/07\\\/web_-_cris.jpg\",\"width\":1920,\"height\":1080},{\"@type\":\"BreadcrumbList\",\"@id\":\"https:\\\/\\\/www.entreculturas.org\\\/gl\\\/podcast\\\/julia-navarro-leer-no-solamente-nos-transforma-nosotros-mismos-sino-que-tambien-nos-ayuda\\\/#breadcrumb\",\"itemListElement\":[{\"@type\":\"ListItem\",\"position\":1,\"name\":\"Home\",\"item\":\"https:\\\/\\\/www.entreculturas.org\\\/gl\\\/\"},{\"@type\":\"ListItem\",\"position\":2,\"name\":\"Podcast Julia Navarro\",\"item\":\"https:\\\/\\\/www.entreculturas.org\\\/gl\\\/podcasts\\\/\"},{\"@type\":\"ListItem\",\"position\":3,\"name\":\"Julia Navarro: &#8220;Leer no solamente nos transforma a nosotros mismos, sino que tambi\u00e9n nos ayuda a tomar conciencia de otras realidades\u201d\"}]},{\"@type\":\"WebSite\",\"@id\":\"https:\\\/\\\/www.entreculturas.org\\\/gl\\\/#website\",\"url\":\"https:\\\/\\\/www.entreculturas.org\\\/gl\\\/\",\"name\":\"Entreculturas\",\"description\":\"\",\"publisher\":{\"@id\":\"https:\\\/\\\/www.entreculturas.org\\\/gl\\\/#organization\"},\"alternateName\":\"Entreculturas\",\"potentialAction\":[{\"@type\":\"SearchAction\",\"target\":{\"@type\":\"EntryPoint\",\"urlTemplate\":\"https:\\\/\\\/www.entreculturas.org\\\/gl\\\/?s={search_term_string}\"},\"query-input\":{\"@type\":\"PropertyValueSpecification\",\"valueRequired\":true,\"valueName\":\"search_term_string\"}}],\"inLanguage\":\"gl-ES\"},{\"@type\":\"Organization\",\"@id\":\"https:\\\/\\\/www.entreculturas.org\\\/gl\\\/#organization\",\"name\":\"Entreculturas\",\"url\":\"https:\\\/\\\/www.entreculturas.org\\\/gl\\\/\",\"logo\":{\"@type\":\"ImageObject\",\"inLanguage\":\"gl-ES\",\"@id\":\"https:\\\/\\\/www.entreculturas.org\\\/gl\\\/#\\\/schema\\\/logo\\\/image\\\/\",\"url\":\"https:\\\/\\\/www.entreculturas.org\\\/wp-content\\\/uploads\\\/2025\\\/10\\\/ESP.svg\",\"contentUrl\":\"https:\\\/\\\/www.entreculturas.org\\\/wp-content\\\/uploads\\\/2025\\\/10\\\/ESP.svg\",\"caption\":\"Entreculturas\"},\"image\":{\"@id\":\"https:\\\/\\\/www.entreculturas.org\\\/gl\\\/#\\\/schema\\\/logo\\\/image\\\/\"},\"sameAs\":[\"https:\\\/\\\/www.facebook.com\\\/entreculturas\",\"https:\\\/\\\/x.com\\\/Entreculturas\",\"https:\\\/\\\/www.instagram.com\\\/entreculturas\\\/\",\"https:\\\/\\\/www.youtube.com\\\/user\\\/entreculturasvideo\",\"https:\\\/\\\/www.linkedin.com\\\/company\\\/fundacion-entreculturas-ngdo\\\/\",\"https:\\\/\\\/www.flickr.com\\\/photos\\\/98455522@N04\\\/albums\\\/\"]}]}<\/script>\n<!-- \/ Yoast SEO Premium plugin. -->","yoast_head_json":{"title":"Julia Navarro: \"Leer no solamente nos transforma a nosotros mismos, sino que tambi\u00e9n nos ayuda a tomar conciencia de otras realidades\u201d - Entreculturas","robots":{"index":"index","follow":"follow","max-snippet":"max-snippet:-1","max-image-preview":"max-image-preview:large","max-video-preview":"max-video-preview:-1"},"canonical":"https:\/\/www.entreculturas.org\/gl\/podcast\/julia-navarro-leer-no-solamente-nos-transforma-nosotros-mismos-sino-que-tambien-nos-ayuda\/","og_locale":"gl_ES","og_type":"article","og_title":"Julia Navarro: \"Leer no solamente nos transforma a nosotros mismos, sino que tambi\u00e9n nos ayuda a tomar conciencia de otras realidades\u201d","og_description":"Esta semana en Voces por una Causa, la escritora Julia Navarro conversa con Cristina Caravello, t\u00e9cnica del \u00c1rea de Personas y Equipos de Entreculturas. Con ella, cerramos la cuarta temporada hablando de nuestra Escuela Online y recomendando libros relacionados con las cinco Causas que vertebran el trabajo de Entreculturas.","og_url":"https:\/\/www.entreculturas.org\/gl\/podcast\/julia-navarro-leer-no-solamente-nos-transforma-nosotros-mismos-sino-que-tambien-nos-ayuda\/","og_site_name":"Entreculturas","article_publisher":"https:\/\/www.facebook.com\/entreculturas","article_modified_time":"2024-01-16T10:46:34+00:00","og_image":[{"width":1920,"height":1080,"url":"https:\/\/www.entreculturas.org\/wp-content\/uploads\/2023\/07\/web_-_cris.jpg","type":"image\/jpeg"}],"twitter_card":"summary_large_image","twitter_site":"@Entreculturas","schema":{"@context":"https:\/\/schema.org","@graph":[{"@type":"WebPage","@id":"https:\/\/www.entreculturas.org\/gl\/podcast\/julia-navarro-leer-no-solamente-nos-transforma-nosotros-mismos-sino-que-tambien-nos-ayuda\/","url":"https:\/\/www.entreculturas.org\/gl\/podcast\/julia-navarro-leer-no-solamente-nos-transforma-nosotros-mismos-sino-que-tambien-nos-ayuda\/","name":"Julia Navarro: \"Leer no solamente nos transforma a nosotros mismos, sino que tambi\u00e9n nos ayuda a tomar conciencia de otras realidades\u201d - Entreculturas","isPartOf":{"@id":"https:\/\/www.entreculturas.org\/gl\/#website"},"primaryImageOfPage":{"@id":"https:\/\/www.entreculturas.org\/gl\/podcast\/julia-navarro-leer-no-solamente-nos-transforma-nosotros-mismos-sino-que-tambien-nos-ayuda\/#primaryimage"},"image":{"@id":"https:\/\/www.entreculturas.org\/gl\/podcast\/julia-navarro-leer-no-solamente-nos-transforma-nosotros-mismos-sino-que-tambien-nos-ayuda\/#primaryimage"},"thumbnailUrl":"https:\/\/www.entreculturas.org\/wp-content\/uploads\/2023\/07\/web_-_cris.jpg","datePublished":"2023-07-13T11:18:30+00:00","dateModified":"2024-01-16T10:46:34+00:00","breadcrumb":{"@id":"https:\/\/www.entreculturas.org\/gl\/podcast\/julia-navarro-leer-no-solamente-nos-transforma-nosotros-mismos-sino-que-tambien-nos-ayuda\/#breadcrumb"},"inLanguage":"gl-ES","potentialAction":[{"@type":"ReadAction","target":["https:\/\/www.entreculturas.org\/gl\/podcast\/julia-navarro-leer-no-solamente-nos-transforma-nosotros-mismos-sino-que-tambien-nos-ayuda\/"]}]},{"@type":"ImageObject","inLanguage":"gl-ES","@id":"https:\/\/www.entreculturas.org\/gl\/podcast\/julia-navarro-leer-no-solamente-nos-transforma-nosotros-mismos-sino-que-tambien-nos-ayuda\/#primaryimage","url":"https:\/\/www.entreculturas.org\/wp-content\/uploads\/2023\/07\/web_-_cris.jpg","contentUrl":"https:\/\/www.entreculturas.org\/wp-content\/uploads\/2023\/07\/web_-_cris.jpg","width":1920,"height":1080},{"@type":"BreadcrumbList","@id":"https:\/\/www.entreculturas.org\/gl\/podcast\/julia-navarro-leer-no-solamente-nos-transforma-nosotros-mismos-sino-que-tambien-nos-ayuda\/#breadcrumb","itemListElement":[{"@type":"ListItem","position":1,"name":"Home","item":"https:\/\/www.entreculturas.org\/gl\/"},{"@type":"ListItem","position":2,"name":"Podcast Julia Navarro","item":"https:\/\/www.entreculturas.org\/gl\/podcasts\/"},{"@type":"ListItem","position":3,"name":"Julia Navarro: &#8220;Leer no solamente nos transforma a nosotros mismos, sino que tambi\u00e9n nos ayuda a tomar conciencia de otras realidades\u201d"}]},{"@type":"WebSite","@id":"https:\/\/www.entreculturas.org\/gl\/#website","url":"https:\/\/www.entreculturas.org\/gl\/","name":"Entreculturas","description":"","publisher":{"@id":"https:\/\/www.entreculturas.org\/gl\/#organization"},"alternateName":"Entreculturas","potentialAction":[{"@type":"SearchAction","target":{"@type":"EntryPoint","urlTemplate":"https:\/\/www.entreculturas.org\/gl\/?s={search_term_string}"},"query-input":{"@type":"PropertyValueSpecification","valueRequired":true,"valueName":"search_term_string"}}],"inLanguage":"gl-ES"},{"@type":"Organization","@id":"https:\/\/www.entreculturas.org\/gl\/#organization","name":"Entreculturas","url":"https:\/\/www.entreculturas.org\/gl\/","logo":{"@type":"ImageObject","inLanguage":"gl-ES","@id":"https:\/\/www.entreculturas.org\/gl\/#\/schema\/logo\/image\/","url":"https:\/\/www.entreculturas.org\/wp-content\/uploads\/2025\/10\/ESP.svg","contentUrl":"https:\/\/www.entreculturas.org\/wp-content\/uploads\/2025\/10\/ESP.svg","caption":"Entreculturas"},"image":{"@id":"https:\/\/www.entreculturas.org\/gl\/#\/schema\/logo\/image\/"},"sameAs":["https:\/\/www.facebook.com\/entreculturas","https:\/\/x.com\/Entreculturas","https:\/\/www.instagram.com\/entreculturas\/","https:\/\/www.youtube.com\/user\/entreculturasvideo","https:\/\/www.linkedin.com\/company\/fundacion-entreculturas-ngdo\/","https:\/\/www.flickr.com\/photos\/98455522@N04\/albums\/"]}]}},"_links":{"self":[{"href":"https:\/\/www.entreculturas.org\/gl\/wp-json\/wp\/v2\/podcast\/7040","targetHints":{"allow":["GET"]}}],"collection":[{"href":"https:\/\/www.entreculturas.org\/gl\/wp-json\/wp\/v2\/podcast"}],"about":[{"href":"https:\/\/www.entreculturas.org\/gl\/wp-json\/wp\/v2\/types\/podcast"}],"wp:featuredmedia":[{"embeddable":true,"href":"https:\/\/www.entreculturas.org\/gl\/wp-json\/wp\/v2\/media\/7039"}],"wp:attachment":[{"href":"https:\/\/www.entreculturas.org\/gl\/wp-json\/wp\/v2\/media?parent=7040"}],"wp:term":[{"taxonomy":"category","embeddable":true,"href":"https:\/\/www.entreculturas.org\/gl\/wp-json\/wp\/v2\/categories?post=7040"},{"taxonomy":"post_tag","embeddable":true,"href":"https:\/\/www.entreculturas.org\/gl\/wp-json\/wp\/v2\/tags?post=7040"}],"curies":[{"name":"wp","href":"https:\/\/api.w.org\/{rel}","templated":true}]}}