{"id":7038,"date":"2023-07-13T07:42:31","date_gmt":"2023-07-13T07:42:31","guid":{"rendered":"https:\/\/entreculturasi.wpenginepowered.com\/?noticias=en-el-terreno-tu-ego-deja-de-importar-lo-que-mas-importa-es-apoyar-los-demas-en-estas"},"modified":"2024-02-23T09:52:35","modified_gmt":"2024-02-23T08:52:35","slug":"el-terreno-tu-ego-deja-de-importar-lo-que-mas-importa-es-apoyar-los-demas-en-estas","status":"publish","type":"podcast","link":"https:\/\/www.entreculturas.org\/gl\/podcast\/el-terreno-tu-ego-deja-de-importar-lo-que-mas-importa-es-apoyar-los-demas-en-estas\/","title":{"rendered":"\u201cEn el terreno tu ego deja de importar: lo que m\u00e1s importa es apoyar a los dem\u00e1s en estas situaciones de conflicto, guerra y miseria\u201d"},"content":{"rendered":"<\/p>\n<p>Esta semana en Voces por una Causa, la escritora <strong>Julia Navarro conversa con Bel\u00e9n \u00c1lvaro<\/strong>, t\u00e9cnica de cooperaci\u00f3n de \u00c1frica del Oeste de Entreculturas. A trav\u00e9s de su testimonio, <strong>nos acercamos al trabajo de cooperaci\u00f3n que realizan las ONG como Entreculturas<\/strong> y a las experiencias que se viven trabajando sobre el terreno.&nbsp;<\/p>\n<p>En este cap\u00edtulo de nuestro podcast, <strong>Bel\u00e9n nos habla sobre su experiencia trabajando en contextos afectados por conflictos, guerra y pobreza:<\/strong> \u201ces una lecci\u00f3n de vida, una cura de humildad. All\u00ed est\u00e1s en conexi\u00f3n con la gente, tu ego deja de importar y lo que importa es estar con los dem\u00e1s en estas situaciones tan dif\u00edciles. A\u00fan cuando sabes que la felicidad no cabe por ning\u00fan sitio, siempre encuentras una sonrisa, una mano que te estrecha. Y al final te das cuenta de que en cualquier contexto, en cualquier pa\u00eds; todo ser humano quiere lo mismo: queremos ser felices, estar tranquilos, estar en paz.\u201d<\/p>\n<p>Julia le pregunta a Bel\u00e9n sobre el proyecto que se est\u00e1 llevando a cabo desde Entreculturas en Burundi.<strong> \u201cEs un proyecto de educaci\u00f3n en emergencia<\/strong>. Trabajamos con personas refugiadas congole\u00f1as. Es un proceso muy pertinente y necesario, en el que se da formaci\u00f3n al profesorado y desde el que apoyamos especialmente la educaci\u00f3n de las ni\u00f1as\u201d, explica Bel\u00e9n. \u201cEs sorprendente llegar all\u00ed y ver la madurez de los y las estudiantes. En el contexto tan dif\u00edcil en el que viven y llegan con la misma alegr\u00eda de vivir, de aprender, de comerse el mundo.\u201d<\/p>\n<p>En el marco de nuestra campa\u00f1a <a href=\"https:\/\/www.escuelarefugio.org\/\">Escuela Refugio<\/a>, Julia y Bel\u00e9n conversan tambi\u00e9n sobre el importante papel que tienen las escuelas en estas situaciones: \u201cla palabra refugio lo dice todo, <strong>la escuela es un lugar que protege, un lugar en el que se crea y donde uno cree en s\u00ed mismo<\/strong>. La escuela es un lugar para comprender al otro, para comprender d\u00f3nde estamos y qui\u00e9nes somos.\u201d Afirma Bel\u00e9n, apuntando que los momentos en los que m\u00e1s necesitamos estas herramientas que nos brinda la educaci\u00f3n son los momentos de crisis.<\/p>\n<p><strong>\u2018Voces por una Causa\u2019 es el podcast semanal de Entreculturas<\/strong>, en el que nos acercamos a la realidad de los pa\u00edses y causas en torno a las que trabajamos y con el que buscamos crear un espacio de reflexi\u00f3n y debate con testimonios y voces en primera persona. Los programas se emiten todos los jueves en nuestro canal de <a href=\"https:\/\/www.youtube.com\/c\/EntreculturasOrg915902672\">Youtube<\/a>, en <a href=\"https:\/\/open.spotify.com\/show\/6dS5JsqnsWrnHL1gwead1A\">Spotify<\/a>, en <a href=\"https:\/\/www.ivoox.com\/perfil-entreculturas_a8_listener_28185270_1.html\">Ivoox<\/a>, y en <a href=\"https:\/\/podcasts.apple.com\/us\/podcast\/entreculturas-voces-por-una-causa\/id1621485462\">Apple Podcast<\/a>.<\/p>\n","protected":false},"excerpt":{"rendered":"<p>Esta semana en Voces por una Causa, la escritora Julia Navarro conversa con Bel\u00e9n \u00c1lvaro, t\u00e9cnica de cooperaci\u00f3n de \u00c1frica del Oeste de Entreculturas. A trav\u00e9s de su testimonio, nos acercamos al trabajo de cooperaci\u00f3n que realizan las ONG como Entreculturas y a las experiencias que se viven trabajando sobre el terreno. <\/p>\n","protected":false},"featured_media":10455,"template":"podcast-imagen-sin-banner","meta":{"_acf_changed":false},"categories":[7],"tags":[185],"class_list":["post-7038","podcast","type-podcast","status-publish","has-post-thumbnail","hentry","category-noticia","tag-entreculturas"],"acf":[],"yoast_head":"<!-- This site is optimized with the Yoast SEO Premium plugin v21.6 (Yoast SEO v27.5) - https:\/\/yoast.com\/product\/yoast-seo-premium-wordpress\/ -->\n<title>\u201cEn el terreno tu ego deja de importar: lo que m\u00e1s importa es apoyar a los dem\u00e1s en estas situaciones de conflicto, guerra y miseria\u201d - Entreculturas<\/title>\n<meta name=\"robots\" content=\"index, follow, max-snippet:-1, max-image-preview:large, max-video-preview:-1\" \/>\n<link rel=\"canonical\" href=\"https:\/\/www.entreculturas.org\/gl\/podcast\/el-terreno-tu-ego-deja-de-importar-lo-que-mas-importa-es-apoyar-los-demas-en-estas\/\" \/>\n<meta property=\"og:locale\" content=\"gl_ES\" \/>\n<meta property=\"og:type\" content=\"article\" \/>\n<meta property=\"og:title\" content=\"\u201cEn el terreno tu ego deja de importar: lo que m\u00e1s importa es apoyar a los dem\u00e1s en estas situaciones de conflicto, guerra y miseria\u201d\" \/>\n<meta property=\"og:description\" content=\"Esta semana en Voces por una Causa, la escritora Julia Navarro conversa con Bel\u00e9n \u00c1lvaro, t\u00e9cnica de cooperaci\u00f3n de \u00c1frica del Oeste de Entreculturas. A trav\u00e9s de su testimonio, nos acercamos al trabajo de cooperaci\u00f3n que realizan las ONG como Entreculturas y a las experiencias que se viven trabajando sobre el terreno.\" \/>\n<meta property=\"og:url\" content=\"https:\/\/www.entreculturas.org\/gl\/podcast\/el-terreno-tu-ego-deja-de-importar-lo-que-mas-importa-es-apoyar-los-demas-en-estas\/\" \/>\n<meta property=\"og:site_name\" content=\"Entreculturas\" \/>\n<meta property=\"article:publisher\" content=\"https:\/\/www.facebook.com\/entreculturas\" \/>\n<meta property=\"article:modified_time\" content=\"2024-02-23T08:52:35+00:00\" \/>\n<meta property=\"og:image\" content=\"https:\/\/www.entreculturas.org\/wp-content\/uploads\/2023\/07\/web-Belen.jpg\" \/>\n\t<meta property=\"og:image:width\" content=\"1920\" \/>\n\t<meta property=\"og:image:height\" content=\"1080\" \/>\n\t<meta property=\"og:image:type\" content=\"image\/jpeg\" \/>\n<meta name=\"twitter:card\" content=\"summary_large_image\" \/>\n<meta name=\"twitter:site\" content=\"@Entreculturas\" \/>\n<script type=\"application\/ld+json\" class=\"yoast-schema-graph\">{\"@context\":\"https:\\\/\\\/schema.org\",\"@graph\":[{\"@type\":\"WebPage\",\"@id\":\"https:\\\/\\\/www.entreculturas.org\\\/gl\\\/podcast\\\/el-terreno-tu-ego-deja-de-importar-lo-que-mas-importa-es-apoyar-los-demas-en-estas\\\/\",\"url\":\"https:\\\/\\\/www.entreculturas.org\\\/gl\\\/podcast\\\/el-terreno-tu-ego-deja-de-importar-lo-que-mas-importa-es-apoyar-los-demas-en-estas\\\/\",\"name\":\"\u201cEn el terreno tu ego deja de importar: lo que m\u00e1s importa es apoyar a los dem\u00e1s en estas situaciones de conflicto, guerra y miseria\u201d - Entreculturas\",\"isPartOf\":{\"@id\":\"https:\\\/\\\/www.entreculturas.org\\\/gl\\\/#website\"},\"primaryImageOfPage\":{\"@id\":\"https:\\\/\\\/www.entreculturas.org\\\/gl\\\/podcast\\\/el-terreno-tu-ego-deja-de-importar-lo-que-mas-importa-es-apoyar-los-demas-en-estas\\\/#primaryimage\"},\"image\":{\"@id\":\"https:\\\/\\\/www.entreculturas.org\\\/gl\\\/podcast\\\/el-terreno-tu-ego-deja-de-importar-lo-que-mas-importa-es-apoyar-los-demas-en-estas\\\/#primaryimage\"},\"thumbnailUrl\":\"https:\\\/\\\/www.entreculturas.org\\\/wp-content\\\/uploads\\\/2023\\\/07\\\/web-Belen.jpg\",\"datePublished\":\"2023-07-13T07:42:31+00:00\",\"dateModified\":\"2024-02-23T08:52:35+00:00\",\"breadcrumb\":{\"@id\":\"https:\\\/\\\/www.entreculturas.org\\\/gl\\\/podcast\\\/el-terreno-tu-ego-deja-de-importar-lo-que-mas-importa-es-apoyar-los-demas-en-estas\\\/#breadcrumb\"},\"inLanguage\":\"gl-ES\",\"potentialAction\":[{\"@type\":\"ReadAction\",\"target\":[\"https:\\\/\\\/www.entreculturas.org\\\/gl\\\/podcast\\\/el-terreno-tu-ego-deja-de-importar-lo-que-mas-importa-es-apoyar-los-demas-en-estas\\\/\"]}]},{\"@type\":\"ImageObject\",\"inLanguage\":\"gl-ES\",\"@id\":\"https:\\\/\\\/www.entreculturas.org\\\/gl\\\/podcast\\\/el-terreno-tu-ego-deja-de-importar-lo-que-mas-importa-es-apoyar-los-demas-en-estas\\\/#primaryimage\",\"url\":\"https:\\\/\\\/www.entreculturas.org\\\/wp-content\\\/uploads\\\/2023\\\/07\\\/web-Belen.jpg\",\"contentUrl\":\"https:\\\/\\\/www.entreculturas.org\\\/wp-content\\\/uploads\\\/2023\\\/07\\\/web-Belen.jpg\",\"width\":1920,\"height\":1080},{\"@type\":\"BreadcrumbList\",\"@id\":\"https:\\\/\\\/www.entreculturas.org\\\/gl\\\/podcast\\\/el-terreno-tu-ego-deja-de-importar-lo-que-mas-importa-es-apoyar-los-demas-en-estas\\\/#breadcrumb\",\"itemListElement\":[{\"@type\":\"ListItem\",\"position\":1,\"name\":\"Home\",\"item\":\"https:\\\/\\\/www.entreculturas.org\\\/gl\\\/\"},{\"@type\":\"ListItem\",\"position\":2,\"name\":\"Podcast Julia Navarro\",\"item\":\"https:\\\/\\\/www.entreculturas.org\\\/gl\\\/podcasts\\\/\"},{\"@type\":\"ListItem\",\"position\":3,\"name\":\"\u201cEn el terreno tu ego deja de importar: lo que m\u00e1s importa es apoyar a los dem\u00e1s en estas situaciones de conflicto, guerra y miseria\u201d\"}]},{\"@type\":\"WebSite\",\"@id\":\"https:\\\/\\\/www.entreculturas.org\\\/gl\\\/#website\",\"url\":\"https:\\\/\\\/www.entreculturas.org\\\/gl\\\/\",\"name\":\"Entreculturas\",\"description\":\"\",\"publisher\":{\"@id\":\"https:\\\/\\\/www.entreculturas.org\\\/gl\\\/#organization\"},\"alternateName\":\"Entreculturas\",\"potentialAction\":[{\"@type\":\"SearchAction\",\"target\":{\"@type\":\"EntryPoint\",\"urlTemplate\":\"https:\\\/\\\/www.entreculturas.org\\\/gl\\\/?s={search_term_string}\"},\"query-input\":{\"@type\":\"PropertyValueSpecification\",\"valueRequired\":true,\"valueName\":\"search_term_string\"}}],\"inLanguage\":\"gl-ES\"},{\"@type\":\"Organization\",\"@id\":\"https:\\\/\\\/www.entreculturas.org\\\/gl\\\/#organization\",\"name\":\"Entreculturas\",\"url\":\"https:\\\/\\\/www.entreculturas.org\\\/gl\\\/\",\"logo\":{\"@type\":\"ImageObject\",\"inLanguage\":\"gl-ES\",\"@id\":\"https:\\\/\\\/www.entreculturas.org\\\/gl\\\/#\\\/schema\\\/logo\\\/image\\\/\",\"url\":\"https:\\\/\\\/www.entreculturas.org\\\/wp-content\\\/uploads\\\/2025\\\/10\\\/ESP.svg\",\"contentUrl\":\"https:\\\/\\\/www.entreculturas.org\\\/wp-content\\\/uploads\\\/2025\\\/10\\\/ESP.svg\",\"caption\":\"Entreculturas\"},\"image\":{\"@id\":\"https:\\\/\\\/www.entreculturas.org\\\/gl\\\/#\\\/schema\\\/logo\\\/image\\\/\"},\"sameAs\":[\"https:\\\/\\\/www.facebook.com\\\/entreculturas\",\"https:\\\/\\\/x.com\\\/Entreculturas\",\"https:\\\/\\\/www.instagram.com\\\/entreculturas\\\/\",\"https:\\\/\\\/www.youtube.com\\\/user\\\/entreculturasvideo\",\"https:\\\/\\\/www.linkedin.com\\\/company\\\/fundacion-entreculturas-ngdo\\\/\",\"https:\\\/\\\/www.flickr.com\\\/photos\\\/98455522@N04\\\/albums\\\/\"]}]}<\/script>\n<!-- \/ Yoast SEO Premium plugin. -->","yoast_head_json":{"title":"\u201cEn el terreno tu ego deja de importar: lo que m\u00e1s importa es apoyar a los dem\u00e1s en estas situaciones de conflicto, guerra y miseria\u201d - Entreculturas","robots":{"index":"index","follow":"follow","max-snippet":"max-snippet:-1","max-image-preview":"max-image-preview:large","max-video-preview":"max-video-preview:-1"},"canonical":"https:\/\/www.entreculturas.org\/gl\/podcast\/el-terreno-tu-ego-deja-de-importar-lo-que-mas-importa-es-apoyar-los-demas-en-estas\/","og_locale":"gl_ES","og_type":"article","og_title":"\u201cEn el terreno tu ego deja de importar: lo que m\u00e1s importa es apoyar a los dem\u00e1s en estas situaciones de conflicto, guerra y miseria\u201d","og_description":"Esta semana en Voces por una Causa, la escritora Julia Navarro conversa con Bel\u00e9n \u00c1lvaro, t\u00e9cnica de cooperaci\u00f3n de \u00c1frica del Oeste de Entreculturas. A trav\u00e9s de su testimonio, nos acercamos al trabajo de cooperaci\u00f3n que realizan las ONG como Entreculturas y a las experiencias que se viven trabajando sobre el terreno.","og_url":"https:\/\/www.entreculturas.org\/gl\/podcast\/el-terreno-tu-ego-deja-de-importar-lo-que-mas-importa-es-apoyar-los-demas-en-estas\/","og_site_name":"Entreculturas","article_publisher":"https:\/\/www.facebook.com\/entreculturas","article_modified_time":"2024-02-23T08:52:35+00:00","og_image":[{"width":1920,"height":1080,"url":"https:\/\/www.entreculturas.org\/wp-content\/uploads\/2023\/07\/web-Belen.jpg","type":"image\/jpeg"}],"twitter_card":"summary_large_image","twitter_site":"@Entreculturas","schema":{"@context":"https:\/\/schema.org","@graph":[{"@type":"WebPage","@id":"https:\/\/www.entreculturas.org\/gl\/podcast\/el-terreno-tu-ego-deja-de-importar-lo-que-mas-importa-es-apoyar-los-demas-en-estas\/","url":"https:\/\/www.entreculturas.org\/gl\/podcast\/el-terreno-tu-ego-deja-de-importar-lo-que-mas-importa-es-apoyar-los-demas-en-estas\/","name":"\u201cEn el terreno tu ego deja de importar: lo que m\u00e1s importa es apoyar a los dem\u00e1s en estas situaciones de conflicto, guerra y miseria\u201d - Entreculturas","isPartOf":{"@id":"https:\/\/www.entreculturas.org\/gl\/#website"},"primaryImageOfPage":{"@id":"https:\/\/www.entreculturas.org\/gl\/podcast\/el-terreno-tu-ego-deja-de-importar-lo-que-mas-importa-es-apoyar-los-demas-en-estas\/#primaryimage"},"image":{"@id":"https:\/\/www.entreculturas.org\/gl\/podcast\/el-terreno-tu-ego-deja-de-importar-lo-que-mas-importa-es-apoyar-los-demas-en-estas\/#primaryimage"},"thumbnailUrl":"https:\/\/www.entreculturas.org\/wp-content\/uploads\/2023\/07\/web-Belen.jpg","datePublished":"2023-07-13T07:42:31+00:00","dateModified":"2024-02-23T08:52:35+00:00","breadcrumb":{"@id":"https:\/\/www.entreculturas.org\/gl\/podcast\/el-terreno-tu-ego-deja-de-importar-lo-que-mas-importa-es-apoyar-los-demas-en-estas\/#breadcrumb"},"inLanguage":"gl-ES","potentialAction":[{"@type":"ReadAction","target":["https:\/\/www.entreculturas.org\/gl\/podcast\/el-terreno-tu-ego-deja-de-importar-lo-que-mas-importa-es-apoyar-los-demas-en-estas\/"]}]},{"@type":"ImageObject","inLanguage":"gl-ES","@id":"https:\/\/www.entreculturas.org\/gl\/podcast\/el-terreno-tu-ego-deja-de-importar-lo-que-mas-importa-es-apoyar-los-demas-en-estas\/#primaryimage","url":"https:\/\/www.entreculturas.org\/wp-content\/uploads\/2023\/07\/web-Belen.jpg","contentUrl":"https:\/\/www.entreculturas.org\/wp-content\/uploads\/2023\/07\/web-Belen.jpg","width":1920,"height":1080},{"@type":"BreadcrumbList","@id":"https:\/\/www.entreculturas.org\/gl\/podcast\/el-terreno-tu-ego-deja-de-importar-lo-que-mas-importa-es-apoyar-los-demas-en-estas\/#breadcrumb","itemListElement":[{"@type":"ListItem","position":1,"name":"Home","item":"https:\/\/www.entreculturas.org\/gl\/"},{"@type":"ListItem","position":2,"name":"Podcast Julia Navarro","item":"https:\/\/www.entreculturas.org\/gl\/podcasts\/"},{"@type":"ListItem","position":3,"name":"\u201cEn el terreno tu ego deja de importar: lo que m\u00e1s importa es apoyar a los dem\u00e1s en estas situaciones de conflicto, guerra y miseria\u201d"}]},{"@type":"WebSite","@id":"https:\/\/www.entreculturas.org\/gl\/#website","url":"https:\/\/www.entreculturas.org\/gl\/","name":"Entreculturas","description":"","publisher":{"@id":"https:\/\/www.entreculturas.org\/gl\/#organization"},"alternateName":"Entreculturas","potentialAction":[{"@type":"SearchAction","target":{"@type":"EntryPoint","urlTemplate":"https:\/\/www.entreculturas.org\/gl\/?s={search_term_string}"},"query-input":{"@type":"PropertyValueSpecification","valueRequired":true,"valueName":"search_term_string"}}],"inLanguage":"gl-ES"},{"@type":"Organization","@id":"https:\/\/www.entreculturas.org\/gl\/#organization","name":"Entreculturas","url":"https:\/\/www.entreculturas.org\/gl\/","logo":{"@type":"ImageObject","inLanguage":"gl-ES","@id":"https:\/\/www.entreculturas.org\/gl\/#\/schema\/logo\/image\/","url":"https:\/\/www.entreculturas.org\/wp-content\/uploads\/2025\/10\/ESP.svg","contentUrl":"https:\/\/www.entreculturas.org\/wp-content\/uploads\/2025\/10\/ESP.svg","caption":"Entreculturas"},"image":{"@id":"https:\/\/www.entreculturas.org\/gl\/#\/schema\/logo\/image\/"},"sameAs":["https:\/\/www.facebook.com\/entreculturas","https:\/\/x.com\/Entreculturas","https:\/\/www.instagram.com\/entreculturas\/","https:\/\/www.youtube.com\/user\/entreculturasvideo","https:\/\/www.linkedin.com\/company\/fundacion-entreculturas-ngdo\/","https:\/\/www.flickr.com\/photos\/98455522@N04\/albums\/"]}]}},"_links":{"self":[{"href":"https:\/\/www.entreculturas.org\/gl\/wp-json\/wp\/v2\/podcast\/7038","targetHints":{"allow":["GET"]}}],"collection":[{"href":"https:\/\/www.entreculturas.org\/gl\/wp-json\/wp\/v2\/podcast"}],"about":[{"href":"https:\/\/www.entreculturas.org\/gl\/wp-json\/wp\/v2\/types\/podcast"}],"wp:featuredmedia":[{"embeddable":true,"href":"https:\/\/www.entreculturas.org\/gl\/wp-json\/wp\/v2\/media\/10455"}],"wp:attachment":[{"href":"https:\/\/www.entreculturas.org\/gl\/wp-json\/wp\/v2\/media?parent=7038"}],"wp:term":[{"taxonomy":"category","embeddable":true,"href":"https:\/\/www.entreculturas.org\/gl\/wp-json\/wp\/v2\/categories?post=7038"},{"taxonomy":"post_tag","embeddable":true,"href":"https:\/\/www.entreculturas.org\/gl\/wp-json\/wp\/v2\/tags?post=7038"}],"curies":[{"name":"wp","href":"https:\/\/api.w.org\/{rel}","templated":true}]}}