{"id":6988,"date":"2023-06-15T07:44:34","date_gmt":"2023-06-15T07:44:34","guid":{"rendered":"https:\/\/entreculturasi.wpenginepowered.com\/?noticias=cuando-hablamos-de-infancia-refugiada-hablamos-de-ninos-ninas-y-familias-que-no-saben-que"},"modified":"2025-02-25T13:33:03","modified_gmt":"2025-02-25T12:33:03","slug":"cuando-hablamos-de-infancia-refugiada-hablamos-de-ninos-ninas-y-familias-que-no-saben-que","status":"publish","type":"podcast","link":"https:\/\/www.entreculturas.org\/gl\/podcast\/cuando-hablamos-de-infancia-refugiada-hablamos-de-ninos-ninas-y-familias-que-no-saben-que\/","title":{"rendered":"&#8220;Cuando hablamos de infancia refugiada, hablamos de ni\u00f1os, ni\u00f1as y familias que no saben qu\u00e9 va a pasar ma\u00f1ana&#8221;"},"content":{"rendered":"<\/p>\n<p>Esta semana en Voces por una Causa, la escritora <strong>Julia Navarro conversa con Asunci\u00f3n Taboada, responsable de Acci\u00f3n Humanitaria de Entreculturas, a ra\u00edz del D\u00eda Mundial de las Personas Refugiadas que se celebra el 20 de junio<\/strong>. Con ella, nos acercamos al trabajo que realizamos para proteger a la infancia desplazada y refugiada y defender sus derechos, especialmente el derecho a la educaci\u00f3n.&nbsp;<\/p>\n<p>En este cap\u00edtulo, Asunci\u00f3n nos explica <strong>c\u00f3mo trabajamos para garantizar el derecho a la educaci\u00f3n de las personas en situaci\u00f3n de refugio<\/strong>. \u201cLa educaci\u00f3n es una prioridad. Creo que tenemos una posici\u00f3n peculiar, porque en situaciones de emergencia o de desplazamiento forzado, las necesidades m\u00e1s obvias son el alimento, el agua y la electricidad, as\u00ed que el acceso a la educaci\u00f3n queda en segundo plano. Ser conscientes de la capacidad transformadora de la educaci\u00f3n es nuestra esencia y corre por nuestras venas\u201d.<\/p>\n<p>Julia le pregunta a Asunci\u00f3n sobre <strong>las estrategias que se siguen para lograr facilitar el acceso a la educaci\u00f3n en estas situaciones<\/strong>, a lo que contesta que trabajamos en tres niveles: con ni\u00f1os y ni\u00f1as; padres y madres; y profesores y profesoras. \u201cQueremos darles la motivaci\u00f3n y las herramientas para que las escuelas se conviertan en espacios seguros a los que tanto estudiantes como profesores y profesoras quieran ir\u201d.<\/p>\n<p>Asunci\u00f3n y Julia conversan tambi\u00e9n sobre las dificultades a las que nos enfrentamos en situaciones de emergencia (como la del terremoto de Siria y Turqu\u00eda), y sobre c\u00f3mo en esos casos actuamos brindando apoyo y acompa\u00f1amiento a las familias, y adaptando los horarios para facilitar el acceso a la educaci\u00f3n a todos los ni\u00f1os y ni\u00f1as. <strong>\u201cCuando hablamos de infancia refugiada, hablamos de ni\u00f1os, ni\u00f1as y familias que no saben qu\u00e9 va a pasar ma\u00f1ana<\/strong>; entonces, lograr darle la importancia que tiene a la educaci\u00f3n en situaciones de tanta incertidumbre es complicado. Porque al no saber si van a estar as\u00ed unas semanas o meses, \u00bfc\u00f3mo se van a comprometer a que sus hijos e hijas cursen un a\u00f1o escolar entero?\u201d.<\/p>\n<p><strong>\u2018Voces por una Causa\u2019 es el podcast semanal de Entreculturas,<\/strong> en el que nos acercamos a la realidad de los pa\u00edses y causas en torno a las que trabajamos y con el que buscamos crear un espacio de reflexi\u00f3n y debate con testimonios y voces en primera persona. Los programas se emiten todos los jueves en nuestro canal de <a href=\"https:\/\/www.youtube.com\/c\/EntreculturasOrg915902672\">Youtube<\/a>, en <a href=\"https:\/\/open.spotify.com\/show\/6dS5JsqnsWrnHL1gwead1A\">Spotify<\/a>, en <a href=\"https:\/\/www.ivoox.com\/perfil-entreculturas_a8_listener_28185270_1.html\">Ivoox<\/a>, y en <a href=\"https:\/\/podcasts.apple.com\/us\/podcast\/entreculturas-voces-por-una-causa\/id1621485462\">Apple Podcast<\/a>.<\/p>\n","protected":false},"excerpt":{"rendered":"<p>Esta semana en Voces por una Causa, la escritora Julia Navarro conversa con Asunci\u00f3n Taboada, responsable de Acci\u00f3n Humanitaria de Entreculturas, a ra\u00edz del D\u00eda Mundial de las Personas Refugiadas que se celebra el 20 de junio. Con ella, nos acercamos al trabajo que realizamos para proteger a la infancia desplazada y refugiada y defender sus derechos, especialmente el derecho a la educaci\u00f3n. <\/p>\n","protected":false},"featured_media":37778,"template":"podcast-imagen-sin-banner","meta":{"_acf_changed":false},"categories":[7],"tags":[185],"class_list":["post-6988","podcast","type-podcast","status-publish","has-post-thumbnail","hentry","category-noticia","tag-entreculturas"],"acf":[],"yoast_head":"<!-- This site is optimized with the Yoast SEO Premium plugin v21.6 (Yoast SEO v27.5) - https:\/\/yoast.com\/product\/yoast-seo-premium-wordpress\/ -->\n<title>&quot;Cuando hablamos de infancia refugiada, hablamos de ni\u00f1os, ni\u00f1as y familias que no saben qu\u00e9 va a pasar ma\u00f1ana&quot; - Entreculturas<\/title>\n<meta name=\"robots\" content=\"index, follow, max-snippet:-1, max-image-preview:large, max-video-preview:-1\" \/>\n<link rel=\"canonical\" href=\"https:\/\/www.entreculturas.org\/gl\/podcast\/cuando-hablamos-de-infancia-refugiada-hablamos-de-ninos-ninas-y-familias-que-no-saben-que\/\" \/>\n<meta property=\"og:locale\" content=\"gl_ES\" \/>\n<meta property=\"og:type\" content=\"article\" \/>\n<meta property=\"og:title\" content=\"&quot;Cuando hablamos de infancia refugiada, hablamos de ni\u00f1os, ni\u00f1as y familias que no saben qu\u00e9 va a pasar ma\u00f1ana&quot;\" \/>\n<meta property=\"og:description\" content=\"Esta semana en Voces por una Causa, la escritora Julia Navarro conversa con Asunci\u00f3n Taboada, responsable de Acci\u00f3n Humanitaria de Entreculturas, a ra\u00edz del D\u00eda Mundial de las Personas Refugiadas que se celebra el 20 de junio. Con ella, nos acercamos al trabajo que realizamos para proteger a la infancia desplazada y refugiada y defender sus derechos, especialmente el derecho a la educaci\u00f3n.\" \/>\n<meta property=\"og:url\" content=\"https:\/\/www.entreculturas.org\/gl\/podcast\/cuando-hablamos-de-infancia-refugiada-hablamos-de-ninos-ninas-y-familias-que-no-saben-que\/\" \/>\n<meta property=\"og:site_name\" content=\"Entreculturas\" \/>\n<meta property=\"article:publisher\" content=\"https:\/\/www.facebook.com\/entreculturas\" \/>\n<meta property=\"article:modified_time\" content=\"2025-02-25T12:33:03+00:00\" \/>\n<meta property=\"og:image\" content=\"https:\/\/www.entreculturas.org\/wp-content\/uploads\/2023\/06\/Sin-titulo-1.jpg\" \/>\n\t<meta property=\"og:image:width\" content=\"1920\" \/>\n\t<meta property=\"og:image:height\" content=\"1080\" \/>\n\t<meta property=\"og:image:type\" content=\"image\/jpeg\" \/>\n<meta name=\"twitter:card\" content=\"summary_large_image\" \/>\n<meta name=\"twitter:site\" content=\"@Entreculturas\" \/>\n<script type=\"application\/ld+json\" class=\"yoast-schema-graph\">{\"@context\":\"https:\\\/\\\/schema.org\",\"@graph\":[{\"@type\":\"WebPage\",\"@id\":\"https:\\\/\\\/www.entreculturas.org\\\/gl\\\/podcast\\\/cuando-hablamos-de-infancia-refugiada-hablamos-de-ninos-ninas-y-familias-que-no-saben-que\\\/\",\"url\":\"https:\\\/\\\/www.entreculturas.org\\\/gl\\\/podcast\\\/cuando-hablamos-de-infancia-refugiada-hablamos-de-ninos-ninas-y-familias-que-no-saben-que\\\/\",\"name\":\"\\\"Cuando hablamos de infancia refugiada, hablamos de ni\u00f1os, ni\u00f1as y familias que no saben qu\u00e9 va a pasar ma\u00f1ana\\\" - Entreculturas\",\"isPartOf\":{\"@id\":\"https:\\\/\\\/www.entreculturas.org\\\/gl\\\/#website\"},\"primaryImageOfPage\":{\"@id\":\"https:\\\/\\\/www.entreculturas.org\\\/gl\\\/podcast\\\/cuando-hablamos-de-infancia-refugiada-hablamos-de-ninos-ninas-y-familias-que-no-saben-que\\\/#primaryimage\"},\"image\":{\"@id\":\"https:\\\/\\\/www.entreculturas.org\\\/gl\\\/podcast\\\/cuando-hablamos-de-infancia-refugiada-hablamos-de-ninos-ninas-y-familias-que-no-saben-que\\\/#primaryimage\"},\"thumbnailUrl\":\"https:\\\/\\\/www.entreculturas.org\\\/wp-content\\\/uploads\\\/2023\\\/06\\\/Sin-titulo-1.jpg\",\"datePublished\":\"2023-06-15T07:44:34+00:00\",\"dateModified\":\"2025-02-25T12:33:03+00:00\",\"breadcrumb\":{\"@id\":\"https:\\\/\\\/www.entreculturas.org\\\/gl\\\/podcast\\\/cuando-hablamos-de-infancia-refugiada-hablamos-de-ninos-ninas-y-familias-que-no-saben-que\\\/#breadcrumb\"},\"inLanguage\":\"gl-ES\",\"potentialAction\":[{\"@type\":\"ReadAction\",\"target\":[\"https:\\\/\\\/www.entreculturas.org\\\/gl\\\/podcast\\\/cuando-hablamos-de-infancia-refugiada-hablamos-de-ninos-ninas-y-familias-que-no-saben-que\\\/\"]}]},{\"@type\":\"ImageObject\",\"inLanguage\":\"gl-ES\",\"@id\":\"https:\\\/\\\/www.entreculturas.org\\\/gl\\\/podcast\\\/cuando-hablamos-de-infancia-refugiada-hablamos-de-ninos-ninas-y-familias-que-no-saben-que\\\/#primaryimage\",\"url\":\"https:\\\/\\\/www.entreculturas.org\\\/wp-content\\\/uploads\\\/2023\\\/06\\\/Sin-titulo-1.jpg\",\"contentUrl\":\"https:\\\/\\\/www.entreculturas.org\\\/wp-content\\\/uploads\\\/2023\\\/06\\\/Sin-titulo-1.jpg\",\"width\":1920,\"height\":1080},{\"@type\":\"BreadcrumbList\",\"@id\":\"https:\\\/\\\/www.entreculturas.org\\\/gl\\\/podcast\\\/cuando-hablamos-de-infancia-refugiada-hablamos-de-ninos-ninas-y-familias-que-no-saben-que\\\/#breadcrumb\",\"itemListElement\":[{\"@type\":\"ListItem\",\"position\":1,\"name\":\"Home\",\"item\":\"https:\\\/\\\/www.entreculturas.org\\\/gl\\\/\"},{\"@type\":\"ListItem\",\"position\":2,\"name\":\"Podcast Julia Navarro\",\"item\":\"https:\\\/\\\/www.entreculturas.org\\\/gl\\\/podcasts\\\/\"},{\"@type\":\"ListItem\",\"position\":3,\"name\":\"&#8220;Cuando hablamos de infancia refugiada, hablamos de ni\u00f1os, ni\u00f1as y familias que no saben qu\u00e9 va a pasar ma\u00f1ana&#8221;\"}]},{\"@type\":\"WebSite\",\"@id\":\"https:\\\/\\\/www.entreculturas.org\\\/gl\\\/#website\",\"url\":\"https:\\\/\\\/www.entreculturas.org\\\/gl\\\/\",\"name\":\"Entreculturas\",\"description\":\"\",\"publisher\":{\"@id\":\"https:\\\/\\\/www.entreculturas.org\\\/gl\\\/#organization\"},\"alternateName\":\"Entreculturas\",\"potentialAction\":[{\"@type\":\"SearchAction\",\"target\":{\"@type\":\"EntryPoint\",\"urlTemplate\":\"https:\\\/\\\/www.entreculturas.org\\\/gl\\\/?s={search_term_string}\"},\"query-input\":{\"@type\":\"PropertyValueSpecification\",\"valueRequired\":true,\"valueName\":\"search_term_string\"}}],\"inLanguage\":\"gl-ES\"},{\"@type\":\"Organization\",\"@id\":\"https:\\\/\\\/www.entreculturas.org\\\/gl\\\/#organization\",\"name\":\"Entreculturas\",\"url\":\"https:\\\/\\\/www.entreculturas.org\\\/gl\\\/\",\"logo\":{\"@type\":\"ImageObject\",\"inLanguage\":\"gl-ES\",\"@id\":\"https:\\\/\\\/www.entreculturas.org\\\/gl\\\/#\\\/schema\\\/logo\\\/image\\\/\",\"url\":\"https:\\\/\\\/www.entreculturas.org\\\/wp-content\\\/uploads\\\/2025\\\/10\\\/ESP.svg\",\"contentUrl\":\"https:\\\/\\\/www.entreculturas.org\\\/wp-content\\\/uploads\\\/2025\\\/10\\\/ESP.svg\",\"caption\":\"Entreculturas\"},\"image\":{\"@id\":\"https:\\\/\\\/www.entreculturas.org\\\/gl\\\/#\\\/schema\\\/logo\\\/image\\\/\"},\"sameAs\":[\"https:\\\/\\\/www.facebook.com\\\/entreculturas\",\"https:\\\/\\\/x.com\\\/Entreculturas\",\"https:\\\/\\\/www.instagram.com\\\/entreculturas\\\/\",\"https:\\\/\\\/www.youtube.com\\\/user\\\/entreculturasvideo\",\"https:\\\/\\\/www.linkedin.com\\\/company\\\/fundacion-entreculturas-ngdo\\\/\",\"https:\\\/\\\/www.flickr.com\\\/photos\\\/98455522@N04\\\/albums\\\/\"]}]}<\/script>\n<!-- \/ Yoast SEO Premium plugin. -->","yoast_head_json":{"title":"\"Cuando hablamos de infancia refugiada, hablamos de ni\u00f1os, ni\u00f1as y familias que no saben qu\u00e9 va a pasar ma\u00f1ana\" - Entreculturas","robots":{"index":"index","follow":"follow","max-snippet":"max-snippet:-1","max-image-preview":"max-image-preview:large","max-video-preview":"max-video-preview:-1"},"canonical":"https:\/\/www.entreculturas.org\/gl\/podcast\/cuando-hablamos-de-infancia-refugiada-hablamos-de-ninos-ninas-y-familias-que-no-saben-que\/","og_locale":"gl_ES","og_type":"article","og_title":"\"Cuando hablamos de infancia refugiada, hablamos de ni\u00f1os, ni\u00f1as y familias que no saben qu\u00e9 va a pasar ma\u00f1ana\"","og_description":"Esta semana en Voces por una Causa, la escritora Julia Navarro conversa con Asunci\u00f3n Taboada, responsable de Acci\u00f3n Humanitaria de Entreculturas, a ra\u00edz del D\u00eda Mundial de las Personas Refugiadas que se celebra el 20 de junio. Con ella, nos acercamos al trabajo que realizamos para proteger a la infancia desplazada y refugiada y defender sus derechos, especialmente el derecho a la educaci\u00f3n.","og_url":"https:\/\/www.entreculturas.org\/gl\/podcast\/cuando-hablamos-de-infancia-refugiada-hablamos-de-ninos-ninas-y-familias-que-no-saben-que\/","og_site_name":"Entreculturas","article_publisher":"https:\/\/www.facebook.com\/entreculturas","article_modified_time":"2025-02-25T12:33:03+00:00","og_image":[{"width":1920,"height":1080,"url":"https:\/\/www.entreculturas.org\/wp-content\/uploads\/2023\/06\/Sin-titulo-1.jpg","type":"image\/jpeg"}],"twitter_card":"summary_large_image","twitter_site":"@Entreculturas","schema":{"@context":"https:\/\/schema.org","@graph":[{"@type":"WebPage","@id":"https:\/\/www.entreculturas.org\/gl\/podcast\/cuando-hablamos-de-infancia-refugiada-hablamos-de-ninos-ninas-y-familias-que-no-saben-que\/","url":"https:\/\/www.entreculturas.org\/gl\/podcast\/cuando-hablamos-de-infancia-refugiada-hablamos-de-ninos-ninas-y-familias-que-no-saben-que\/","name":"\"Cuando hablamos de infancia refugiada, hablamos de ni\u00f1os, ni\u00f1as y familias que no saben qu\u00e9 va a pasar ma\u00f1ana\" - Entreculturas","isPartOf":{"@id":"https:\/\/www.entreculturas.org\/gl\/#website"},"primaryImageOfPage":{"@id":"https:\/\/www.entreculturas.org\/gl\/podcast\/cuando-hablamos-de-infancia-refugiada-hablamos-de-ninos-ninas-y-familias-que-no-saben-que\/#primaryimage"},"image":{"@id":"https:\/\/www.entreculturas.org\/gl\/podcast\/cuando-hablamos-de-infancia-refugiada-hablamos-de-ninos-ninas-y-familias-que-no-saben-que\/#primaryimage"},"thumbnailUrl":"https:\/\/www.entreculturas.org\/wp-content\/uploads\/2023\/06\/Sin-titulo-1.jpg","datePublished":"2023-06-15T07:44:34+00:00","dateModified":"2025-02-25T12:33:03+00:00","breadcrumb":{"@id":"https:\/\/www.entreculturas.org\/gl\/podcast\/cuando-hablamos-de-infancia-refugiada-hablamos-de-ninos-ninas-y-familias-que-no-saben-que\/#breadcrumb"},"inLanguage":"gl-ES","potentialAction":[{"@type":"ReadAction","target":["https:\/\/www.entreculturas.org\/gl\/podcast\/cuando-hablamos-de-infancia-refugiada-hablamos-de-ninos-ninas-y-familias-que-no-saben-que\/"]}]},{"@type":"ImageObject","inLanguage":"gl-ES","@id":"https:\/\/www.entreculturas.org\/gl\/podcast\/cuando-hablamos-de-infancia-refugiada-hablamos-de-ninos-ninas-y-familias-que-no-saben-que\/#primaryimage","url":"https:\/\/www.entreculturas.org\/wp-content\/uploads\/2023\/06\/Sin-titulo-1.jpg","contentUrl":"https:\/\/www.entreculturas.org\/wp-content\/uploads\/2023\/06\/Sin-titulo-1.jpg","width":1920,"height":1080},{"@type":"BreadcrumbList","@id":"https:\/\/www.entreculturas.org\/gl\/podcast\/cuando-hablamos-de-infancia-refugiada-hablamos-de-ninos-ninas-y-familias-que-no-saben-que\/#breadcrumb","itemListElement":[{"@type":"ListItem","position":1,"name":"Home","item":"https:\/\/www.entreculturas.org\/gl\/"},{"@type":"ListItem","position":2,"name":"Podcast Julia Navarro","item":"https:\/\/www.entreculturas.org\/gl\/podcasts\/"},{"@type":"ListItem","position":3,"name":"&#8220;Cuando hablamos de infancia refugiada, hablamos de ni\u00f1os, ni\u00f1as y familias que no saben qu\u00e9 va a pasar ma\u00f1ana&#8221;"}]},{"@type":"WebSite","@id":"https:\/\/www.entreculturas.org\/gl\/#website","url":"https:\/\/www.entreculturas.org\/gl\/","name":"Entreculturas","description":"","publisher":{"@id":"https:\/\/www.entreculturas.org\/gl\/#organization"},"alternateName":"Entreculturas","potentialAction":[{"@type":"SearchAction","target":{"@type":"EntryPoint","urlTemplate":"https:\/\/www.entreculturas.org\/gl\/?s={search_term_string}"},"query-input":{"@type":"PropertyValueSpecification","valueRequired":true,"valueName":"search_term_string"}}],"inLanguage":"gl-ES"},{"@type":"Organization","@id":"https:\/\/www.entreculturas.org\/gl\/#organization","name":"Entreculturas","url":"https:\/\/www.entreculturas.org\/gl\/","logo":{"@type":"ImageObject","inLanguage":"gl-ES","@id":"https:\/\/www.entreculturas.org\/gl\/#\/schema\/logo\/image\/","url":"https:\/\/www.entreculturas.org\/wp-content\/uploads\/2025\/10\/ESP.svg","contentUrl":"https:\/\/www.entreculturas.org\/wp-content\/uploads\/2025\/10\/ESP.svg","caption":"Entreculturas"},"image":{"@id":"https:\/\/www.entreculturas.org\/gl\/#\/schema\/logo\/image\/"},"sameAs":["https:\/\/www.facebook.com\/entreculturas","https:\/\/x.com\/Entreculturas","https:\/\/www.instagram.com\/entreculturas\/","https:\/\/www.youtube.com\/user\/entreculturasvideo","https:\/\/www.linkedin.com\/company\/fundacion-entreculturas-ngdo\/","https:\/\/www.flickr.com\/photos\/98455522@N04\/albums\/"]}]}},"_links":{"self":[{"href":"https:\/\/www.entreculturas.org\/gl\/wp-json\/wp\/v2\/podcast\/6988","targetHints":{"allow":["GET"]}}],"collection":[{"href":"https:\/\/www.entreculturas.org\/gl\/wp-json\/wp\/v2\/podcast"}],"about":[{"href":"https:\/\/www.entreculturas.org\/gl\/wp-json\/wp\/v2\/types\/podcast"}],"wp:featuredmedia":[{"embeddable":true,"href":"https:\/\/www.entreculturas.org\/gl\/wp-json\/wp\/v2\/media\/37778"}],"wp:attachment":[{"href":"https:\/\/www.entreculturas.org\/gl\/wp-json\/wp\/v2\/media?parent=6988"}],"wp:term":[{"taxonomy":"category","embeddable":true,"href":"https:\/\/www.entreculturas.org\/gl\/wp-json\/wp\/v2\/categories?post=6988"},{"taxonomy":"post_tag","embeddable":true,"href":"https:\/\/www.entreculturas.org\/gl\/wp-json\/wp\/v2\/tags?post=6988"}],"curies":[{"name":"wp","href":"https:\/\/api.w.org\/{rel}","templated":true}]}}