{"id":6791,"date":"2022-11-24T11:24:31","date_gmt":"2022-11-24T11:24:31","guid":{"rendered":"https:\/\/entreculturasi.wpenginepowered.com\/?noticias=recicoles-una-iniciativa-para-cuidar-el-planeta"},"modified":"2024-01-16T11:47:25","modified_gmt":"2024-01-16T10:47:25","slug":"recicoles-una-iniciativa-para-cuidar-el-planeta","status":"publish","type":"podcast","link":"https:\/\/www.entreculturas.org\/gl\/podcast\/recicoles-una-iniciativa-para-cuidar-el-planeta\/","title":{"rendered":"Recicoles, una iniciativa para cuidar el planeta"},"content":{"rendered":"<\/p>\n<p>En el cap\u00edtulo de esta semana de Voces por una Causa, Julia Navarro se acerca a nuestra iniciativa<a href=\"https:\/\/www.entreculturas.org\/es\/recicoles\/\" target=\"_blank\" rel=\"noopener\"><strong> \u2018Recicoles\u2019<\/strong><\/a> de la mano de <strong>Lydia Caballero, t\u00e9cnica de Responsabilidad Social Corporativa de Entreculturas<\/strong>. Con este programa de r<strong>eciclaje solidario <\/strong>buscamos animar a empresas y centros educativos a cuidar el medioambiente y a contribuir a una causa social con algo tan sencillo como el reciclaje de material de escritura.<\/p>\n<p>Colegios y oficinas son lugares en los que se utiliza diariamente una gran cantidad de <strong>materiales de escritura y papeler\u00eda<\/strong> que no pueden ser reciclados a trav\u00e9s de los contenedores habituales, cuenta Lydia. Es aqu\u00ed donde \u2018Recicoles\u2019 se convierte en una herramienta ideal para llevar a cabo el reciclaje de estos productos. Para ello, bol\u00edgrafos, tipex y dem\u00e1s objetos de pl\u00e1stico se depositan en contenedores de cart\u00f3n reciclado que previamente Entreculturas ha enviado. \u201cUna vez llenos, lo enviamos a terracycle, la empresa de reciclaje con la que trabajamos\u201d, se\u00f1ala Lydia.<\/p>\n<p>Lydia y Julia conversan tambi\u00e9n sobre el rumbo que toman las donaciones que se consiguen a trav\u00e9s del programa de reciclaje solidario: <strong>\u201cSe destinan a los proyectos que tiene Entreculturas en la Amazon\u00eda<\/strong>, donde llevamos d\u00e9cadas luchando por la protecci\u00f3n de este para\u00edso natural\u201d, afirma Lydia, para despu\u00e9s a\u00f1adir que concretamente nutren los proyectos de \u201ceducaci\u00f3n y formaci\u00f3n, atenci\u00f3n humanitaria y defensa de los territorios ind\u00edgenas\u201d.<\/p>\n<p><strong>\u2018Voces por una Causa\u2019&nbsp;<\/strong>es el podcast semanal de Entreculturas, en el que nos acercamos a la realidad de los pa\u00edses y causas en torno a las que trabajamos y con el que buscamos crear un espacio de reflexi\u00f3n y debate con testimonios y voces en primera persona. Los programas se emiten todos los jueves en nuestro canal de&nbsp;<a href=\"https:\/\/youtu.be\/Rrc3CSO4UxA\">Youtube<\/a>, en&nbsp;<a href=\"https:\/\/open.spotify.com\/episode\/1Te5M4Ymx4OiRCRq50ZCuj?si=dcMMndC2SgybYf_0XlvTZA\">Spotify<\/a>, en&nbsp;<a href=\"https:\/\/go.ivoox.com\/rf\/96538990\">Ivoox<\/a>, y en&nbsp;<a href=\"https:\/\/podcasts.apple.com\/es\/podcast\/voces-por-una-causa-con-julia-navarro-ir%C3%A1n-con-nazan%C3%ADn\/id1621485462?i=1000586549240\">Apple Podcast<\/a>.<\/p>\n","protected":false},"excerpt":{"rendered":"<p>En el cap\u00edtulo de esta semana de Voces por una Causa, Julia Navarro se acerca a nuestra iniciativa \u2018Recicoles\u2019 de la mano de Lydia Caballero, t\u00e9cnica de Responsabilidad Social Corporativa de Entreculturas. Con este programa de reciclaje solidario buscamos animar a empresas y centros educativos a cuidar el medioambiente y a contribuir a una causa social con algo tan sencillo como el reciclaje de material de escritura.<\/p>\n","protected":false},"featured_media":6790,"template":"podcast-imagen-sin-banner","meta":{"_acf_changed":false},"categories":[7],"tags":[185],"class_list":["post-6791","podcast","type-podcast","status-publish","has-post-thumbnail","hentry","category-noticia","tag-entreculturas"],"acf":[],"yoast_head":"<!-- This site is optimized with the Yoast SEO Premium plugin v21.6 (Yoast SEO v27.5) - https:\/\/yoast.com\/product\/yoast-seo-premium-wordpress\/ -->\n<title>Recicoles, una iniciativa para cuidar el planeta - Entreculturas<\/title>\n<meta name=\"robots\" content=\"index, follow, max-snippet:-1, max-image-preview:large, max-video-preview:-1\" \/>\n<link rel=\"canonical\" href=\"https:\/\/www.entreculturas.org\/gl\/podcast\/recicoles-una-iniciativa-para-cuidar-el-planeta\/\" \/>\n<meta property=\"og:locale\" content=\"gl_ES\" \/>\n<meta property=\"og:type\" content=\"article\" \/>\n<meta property=\"og:title\" content=\"Recicoles, una iniciativa para cuidar el planeta\" \/>\n<meta property=\"og:description\" content=\"En el cap\u00edtulo de esta semana de Voces por una Causa, Julia Navarro se acerca a nuestra iniciativa \u2018Recicoles\u2019 de la mano de Lydia Caballero, t\u00e9cnica de Responsabilidad Social Corporativa de Entreculturas. Con este programa de reciclaje solidario buscamos animar a empresas y centros educativos a cuidar el medioambiente y a contribuir a una causa social con algo tan sencillo como el reciclaje de material de escritura.\" \/>\n<meta property=\"og:url\" content=\"https:\/\/www.entreculturas.org\/gl\/podcast\/recicoles-una-iniciativa-para-cuidar-el-planeta\/\" \/>\n<meta property=\"og:site_name\" content=\"Entreculturas\" \/>\n<meta property=\"article:publisher\" content=\"https:\/\/www.facebook.com\/entreculturas\" \/>\n<meta property=\"article:modified_time\" content=\"2024-01-16T10:47:25+00:00\" \/>\n<meta property=\"og:image\" content=\"https:\/\/www.entreculturas.org\/wp-content\/uploads\/2022\/11\/recicoles_-_web.jpg\" \/>\n\t<meta property=\"og:image:width\" content=\"800\" \/>\n\t<meta property=\"og:image:height\" content=\"450\" \/>\n\t<meta property=\"og:image:type\" content=\"image\/jpeg\" \/>\n<meta name=\"twitter:card\" content=\"summary_large_image\" \/>\n<meta name=\"twitter:site\" content=\"@Entreculturas\" \/>\n<script type=\"application\/ld+json\" class=\"yoast-schema-graph\">{\"@context\":\"https:\\\/\\\/schema.org\",\"@graph\":[{\"@type\":\"WebPage\",\"@id\":\"https:\\\/\\\/www.entreculturas.org\\\/gl\\\/podcast\\\/recicoles-una-iniciativa-para-cuidar-el-planeta\\\/\",\"url\":\"https:\\\/\\\/www.entreculturas.org\\\/gl\\\/podcast\\\/recicoles-una-iniciativa-para-cuidar-el-planeta\\\/\",\"name\":\"Recicoles, una iniciativa para cuidar el planeta - Entreculturas\",\"isPartOf\":{\"@id\":\"https:\\\/\\\/www.entreculturas.org\\\/gl\\\/#website\"},\"primaryImageOfPage\":{\"@id\":\"https:\\\/\\\/www.entreculturas.org\\\/gl\\\/podcast\\\/recicoles-una-iniciativa-para-cuidar-el-planeta\\\/#primaryimage\"},\"image\":{\"@id\":\"https:\\\/\\\/www.entreculturas.org\\\/gl\\\/podcast\\\/recicoles-una-iniciativa-para-cuidar-el-planeta\\\/#primaryimage\"},\"thumbnailUrl\":\"https:\\\/\\\/www.entreculturas.org\\\/wp-content\\\/uploads\\\/2022\\\/11\\\/recicoles_-_web.jpg\",\"datePublished\":\"2022-11-24T11:24:31+00:00\",\"dateModified\":\"2024-01-16T10:47:25+00:00\",\"breadcrumb\":{\"@id\":\"https:\\\/\\\/www.entreculturas.org\\\/gl\\\/podcast\\\/recicoles-una-iniciativa-para-cuidar-el-planeta\\\/#breadcrumb\"},\"inLanguage\":\"gl-ES\",\"potentialAction\":[{\"@type\":\"ReadAction\",\"target\":[\"https:\\\/\\\/www.entreculturas.org\\\/gl\\\/podcast\\\/recicoles-una-iniciativa-para-cuidar-el-planeta\\\/\"]}]},{\"@type\":\"ImageObject\",\"inLanguage\":\"gl-ES\",\"@id\":\"https:\\\/\\\/www.entreculturas.org\\\/gl\\\/podcast\\\/recicoles-una-iniciativa-para-cuidar-el-planeta\\\/#primaryimage\",\"url\":\"https:\\\/\\\/www.entreculturas.org\\\/wp-content\\\/uploads\\\/2022\\\/11\\\/recicoles_-_web.jpg\",\"contentUrl\":\"https:\\\/\\\/www.entreculturas.org\\\/wp-content\\\/uploads\\\/2022\\\/11\\\/recicoles_-_web.jpg\",\"width\":800,\"height\":450},{\"@type\":\"BreadcrumbList\",\"@id\":\"https:\\\/\\\/www.entreculturas.org\\\/gl\\\/podcast\\\/recicoles-una-iniciativa-para-cuidar-el-planeta\\\/#breadcrumb\",\"itemListElement\":[{\"@type\":\"ListItem\",\"position\":1,\"name\":\"Home\",\"item\":\"https:\\\/\\\/www.entreculturas.org\\\/gl\\\/\"},{\"@type\":\"ListItem\",\"position\":2,\"name\":\"Podcast Julia Navarro\",\"item\":\"https:\\\/\\\/www.entreculturas.org\\\/gl\\\/podcasts\\\/\"},{\"@type\":\"ListItem\",\"position\":3,\"name\":\"Recicoles, una iniciativa para cuidar el planeta\"}]},{\"@type\":\"WebSite\",\"@id\":\"https:\\\/\\\/www.entreculturas.org\\\/gl\\\/#website\",\"url\":\"https:\\\/\\\/www.entreculturas.org\\\/gl\\\/\",\"name\":\"Entreculturas\",\"description\":\"\",\"publisher\":{\"@id\":\"https:\\\/\\\/www.entreculturas.org\\\/gl\\\/#organization\"},\"alternateName\":\"Entreculturas\",\"potentialAction\":[{\"@type\":\"SearchAction\",\"target\":{\"@type\":\"EntryPoint\",\"urlTemplate\":\"https:\\\/\\\/www.entreculturas.org\\\/gl\\\/?s={search_term_string}\"},\"query-input\":{\"@type\":\"PropertyValueSpecification\",\"valueRequired\":true,\"valueName\":\"search_term_string\"}}],\"inLanguage\":\"gl-ES\"},{\"@type\":\"Organization\",\"@id\":\"https:\\\/\\\/www.entreculturas.org\\\/gl\\\/#organization\",\"name\":\"Entreculturas\",\"url\":\"https:\\\/\\\/www.entreculturas.org\\\/gl\\\/\",\"logo\":{\"@type\":\"ImageObject\",\"inLanguage\":\"gl-ES\",\"@id\":\"https:\\\/\\\/www.entreculturas.org\\\/gl\\\/#\\\/schema\\\/logo\\\/image\\\/\",\"url\":\"https:\\\/\\\/www.entreculturas.org\\\/wp-content\\\/uploads\\\/2025\\\/10\\\/ESP.svg\",\"contentUrl\":\"https:\\\/\\\/www.entreculturas.org\\\/wp-content\\\/uploads\\\/2025\\\/10\\\/ESP.svg\",\"caption\":\"Entreculturas\"},\"image\":{\"@id\":\"https:\\\/\\\/www.entreculturas.org\\\/gl\\\/#\\\/schema\\\/logo\\\/image\\\/\"},\"sameAs\":[\"https:\\\/\\\/www.facebook.com\\\/entreculturas\",\"https:\\\/\\\/x.com\\\/Entreculturas\",\"https:\\\/\\\/www.instagram.com\\\/entreculturas\\\/\",\"https:\\\/\\\/www.youtube.com\\\/user\\\/entreculturasvideo\",\"https:\\\/\\\/www.linkedin.com\\\/company\\\/fundacion-entreculturas-ngdo\\\/\",\"https:\\\/\\\/www.flickr.com\\\/photos\\\/98455522@N04\\\/albums\\\/\"]}]}<\/script>\n<!-- \/ Yoast SEO Premium plugin. -->","yoast_head_json":{"title":"Recicoles, una iniciativa para cuidar el planeta - Entreculturas","robots":{"index":"index","follow":"follow","max-snippet":"max-snippet:-1","max-image-preview":"max-image-preview:large","max-video-preview":"max-video-preview:-1"},"canonical":"https:\/\/www.entreculturas.org\/gl\/podcast\/recicoles-una-iniciativa-para-cuidar-el-planeta\/","og_locale":"gl_ES","og_type":"article","og_title":"Recicoles, una iniciativa para cuidar el planeta","og_description":"En el cap\u00edtulo de esta semana de Voces por una Causa, Julia Navarro se acerca a nuestra iniciativa \u2018Recicoles\u2019 de la mano de Lydia Caballero, t\u00e9cnica de Responsabilidad Social Corporativa de Entreculturas. Con este programa de reciclaje solidario buscamos animar a empresas y centros educativos a cuidar el medioambiente y a contribuir a una causa social con algo tan sencillo como el reciclaje de material de escritura.","og_url":"https:\/\/www.entreculturas.org\/gl\/podcast\/recicoles-una-iniciativa-para-cuidar-el-planeta\/","og_site_name":"Entreculturas","article_publisher":"https:\/\/www.facebook.com\/entreculturas","article_modified_time":"2024-01-16T10:47:25+00:00","og_image":[{"width":800,"height":450,"url":"https:\/\/www.entreculturas.org\/wp-content\/uploads\/2022\/11\/recicoles_-_web.jpg","type":"image\/jpeg"}],"twitter_card":"summary_large_image","twitter_site":"@Entreculturas","schema":{"@context":"https:\/\/schema.org","@graph":[{"@type":"WebPage","@id":"https:\/\/www.entreculturas.org\/gl\/podcast\/recicoles-una-iniciativa-para-cuidar-el-planeta\/","url":"https:\/\/www.entreculturas.org\/gl\/podcast\/recicoles-una-iniciativa-para-cuidar-el-planeta\/","name":"Recicoles, una iniciativa para cuidar el planeta - Entreculturas","isPartOf":{"@id":"https:\/\/www.entreculturas.org\/gl\/#website"},"primaryImageOfPage":{"@id":"https:\/\/www.entreculturas.org\/gl\/podcast\/recicoles-una-iniciativa-para-cuidar-el-planeta\/#primaryimage"},"image":{"@id":"https:\/\/www.entreculturas.org\/gl\/podcast\/recicoles-una-iniciativa-para-cuidar-el-planeta\/#primaryimage"},"thumbnailUrl":"https:\/\/www.entreculturas.org\/wp-content\/uploads\/2022\/11\/recicoles_-_web.jpg","datePublished":"2022-11-24T11:24:31+00:00","dateModified":"2024-01-16T10:47:25+00:00","breadcrumb":{"@id":"https:\/\/www.entreculturas.org\/gl\/podcast\/recicoles-una-iniciativa-para-cuidar-el-planeta\/#breadcrumb"},"inLanguage":"gl-ES","potentialAction":[{"@type":"ReadAction","target":["https:\/\/www.entreculturas.org\/gl\/podcast\/recicoles-una-iniciativa-para-cuidar-el-planeta\/"]}]},{"@type":"ImageObject","inLanguage":"gl-ES","@id":"https:\/\/www.entreculturas.org\/gl\/podcast\/recicoles-una-iniciativa-para-cuidar-el-planeta\/#primaryimage","url":"https:\/\/www.entreculturas.org\/wp-content\/uploads\/2022\/11\/recicoles_-_web.jpg","contentUrl":"https:\/\/www.entreculturas.org\/wp-content\/uploads\/2022\/11\/recicoles_-_web.jpg","width":800,"height":450},{"@type":"BreadcrumbList","@id":"https:\/\/www.entreculturas.org\/gl\/podcast\/recicoles-una-iniciativa-para-cuidar-el-planeta\/#breadcrumb","itemListElement":[{"@type":"ListItem","position":1,"name":"Home","item":"https:\/\/www.entreculturas.org\/gl\/"},{"@type":"ListItem","position":2,"name":"Podcast Julia Navarro","item":"https:\/\/www.entreculturas.org\/gl\/podcasts\/"},{"@type":"ListItem","position":3,"name":"Recicoles, una iniciativa para cuidar el planeta"}]},{"@type":"WebSite","@id":"https:\/\/www.entreculturas.org\/gl\/#website","url":"https:\/\/www.entreculturas.org\/gl\/","name":"Entreculturas","description":"","publisher":{"@id":"https:\/\/www.entreculturas.org\/gl\/#organization"},"alternateName":"Entreculturas","potentialAction":[{"@type":"SearchAction","target":{"@type":"EntryPoint","urlTemplate":"https:\/\/www.entreculturas.org\/gl\/?s={search_term_string}"},"query-input":{"@type":"PropertyValueSpecification","valueRequired":true,"valueName":"search_term_string"}}],"inLanguage":"gl-ES"},{"@type":"Organization","@id":"https:\/\/www.entreculturas.org\/gl\/#organization","name":"Entreculturas","url":"https:\/\/www.entreculturas.org\/gl\/","logo":{"@type":"ImageObject","inLanguage":"gl-ES","@id":"https:\/\/www.entreculturas.org\/gl\/#\/schema\/logo\/image\/","url":"https:\/\/www.entreculturas.org\/wp-content\/uploads\/2025\/10\/ESP.svg","contentUrl":"https:\/\/www.entreculturas.org\/wp-content\/uploads\/2025\/10\/ESP.svg","caption":"Entreculturas"},"image":{"@id":"https:\/\/www.entreculturas.org\/gl\/#\/schema\/logo\/image\/"},"sameAs":["https:\/\/www.facebook.com\/entreculturas","https:\/\/x.com\/Entreculturas","https:\/\/www.instagram.com\/entreculturas\/","https:\/\/www.youtube.com\/user\/entreculturasvideo","https:\/\/www.linkedin.com\/company\/fundacion-entreculturas-ngdo\/","https:\/\/www.flickr.com\/photos\/98455522@N04\/albums\/"]}]}},"_links":{"self":[{"href":"https:\/\/www.entreculturas.org\/gl\/wp-json\/wp\/v2\/podcast\/6791","targetHints":{"allow":["GET"]}}],"collection":[{"href":"https:\/\/www.entreculturas.org\/gl\/wp-json\/wp\/v2\/podcast"}],"about":[{"href":"https:\/\/www.entreculturas.org\/gl\/wp-json\/wp\/v2\/types\/podcast"}],"wp:featuredmedia":[{"embeddable":true,"href":"https:\/\/www.entreculturas.org\/gl\/wp-json\/wp\/v2\/media\/6790"}],"wp:attachment":[{"href":"https:\/\/www.entreculturas.org\/gl\/wp-json\/wp\/v2\/media?parent=6791"}],"wp:term":[{"taxonomy":"category","embeddable":true,"href":"https:\/\/www.entreculturas.org\/gl\/wp-json\/wp\/v2\/categories?post=6791"},{"taxonomy":"post_tag","embeddable":true,"href":"https:\/\/www.entreculturas.org\/gl\/wp-json\/wp\/v2\/tags?post=6791"}],"curies":[{"name":"wp","href":"https:\/\/api.w.org\/{rel}","templated":true}]}}