{"id":6641,"date":"2022-07-07T10:46:11","date_gmt":"2022-07-07T10:46:11","guid":{"rendered":"https:\/\/entreculturasi.wpenginepowered.com\/?noticias=la-mayor-historia-que-podriamos-contar-es-el-triunfo-del-dialogo-y-de-la-paz-olga-rodriguez"},"modified":"2024-01-16T11:47:46","modified_gmt":"2024-01-16T10:47:46","slug":"la-mayor-historia-que-podriamos-contar-es-el-triunfo-del-dialogo-y-de-la-paz-olga-rodriguez","status":"publish","type":"podcast","link":"https:\/\/www.entreculturas.org\/gl\/podcast\/la-mayor-historia-que-podriamos-contar-es-el-triunfo-del-dialogo-y-de-la-paz-olga-rodriguez\/","title":{"rendered":"\u201cLa mayor historia que podr\u00edamos contar es el triunfo del di\u00e1logo y de la paz\u201d, Olga Rodriguez"},"content":{"rendered":"<\/p>\n<p>Esta semana en Voces por una Causa, <strong>Julia Navarro conversa con Olga Rodr\u00edguez<\/strong>, periodista y escritora especializada en <strong>Oriente Medio y derechos humanos<\/strong>. Olga ha desarrollado buena parte de su carrera profesional en la Cadena SER, en Cuatro y en CNN+, as\u00ed como colaboraciones con El Pa\u00eds, diario P\u00fablico, Periodismo Humano y Radio Nacional de Espa\u00f1a. <strong>Actualmente trabaja en eldiario.es, peri\u00f3dico digital del que es cofundadora<\/strong>.<\/p>\n<p>Ha cubierto los conflictos en Irak, Afganist\u00e1n, los Territorios Ocupados Palestinos, Israel, L\u00edbano, Siria, Egipto, Jordania, Turqu\u00eda, Kosovo, Estados Unidos o M\u00e9xico, entre otros. <strong>Su papel en la cobertura de las revueltas \u00e1rabes o la guerra de Irak fue especialmente relevanre<\/strong>. El enfoque humano desde el que relata los conflictos y las guerras&nbsp; se refleja en libros como \u2018El hombre mojado no teme a la lluvia\u2019 o \u2018Yo muero hoy\u2019.<\/p>\n<p>En esta charla, Julia y Olga hablan sobre el impacto de las guerras y la <strong>necesidad de poner en valor un periodismo comprometido con los derechos humanos<\/strong> para no dar la espalda al sufrimiento de las personas y<strong> despertar la empat\u00eda y la solidaridad entre la ciudadan\u00eda.<\/strong><\/p>\n<p>\u201c<strong>En una guerra siempre hay voluntad de supervivencia y resistencia de la especie humana<\/strong>. Puede haber un barrio que est\u00e1 siendo bombardeado y, en el de al lado, gente esperando el bus para intentar llegar al trabajo. No sabe si lo conseguir\u00e1, pero lo intenta porque la vida tiene que seguir\u201c, asegura.<\/p>\n<p>Olga y Julia conversan sobre <strong>Ucrania y Afganist\u00e1n<\/strong>, poniendo el foco en las mujeres y ni\u00f1as. \u201c<strong>Las mujeres son las primeras v\u00edctimas de las guerras<\/strong>. Son las que sostienen el mundo, las que cuidan, protegen y crean redes para que a nadie le falte nada. Adem\u00e1s son una estructura social esencial para la reconstrucci\u00f3n en las posguerras\u201d, cuenta Olga.&nbsp;<\/p>\n<p>\u2018Voces por una Causa\u2019 es el podcast semanal de Entreculturas, en el que nos acercamos a la realidad de los pa\u00edses y causas en torno a las que trabajamos y con el que buscamos crear un espacio de reflexi\u00f3n y debate con testimonios y voces en primera persona. <strong>Los programas se emiten todos los jueves en nuestro canal de <a href=\"https:\/\/www.youtube.com\/c\/EntreculturasOrg915902672\" target=\"_blank\" rel=\"noopener\">Youtube<\/a>, en <a href=\"https:\/\/open.spotify.com\/show\/6dS5JsqnsWrnHL1gwead1A\" target=\"_blank\" rel=\"noopener\">Spotify<\/a>, en <a href=\"https:\/\/www.ivoox.com\/perfil-entreculturas_a8_listener_28185270_1.html\" target=\"_blank\" rel=\"noopener\">Ivoox<\/a>, y en <a href=\"https:\/\/podcasts.apple.com\/us\/podcast\/entreculturas-voces-por-una-causa\/id1621485462\" target=\"_blank\" rel=\"noopener\">Apple Podcast<\/a>.&nbsp;<\/strong><\/p>\n<p><span style=\"color:#FF0000\"><strong>\u00a1Acomp\u00e1\u00f1anos todas las semanas escuchando \u201cVoces por una causa\u201d!<\/strong><\/span><\/p>\n","protected":false},"excerpt":{"rendered":"<p>Esta semana en Voces por una Causa, Julia Navarro conversa con Olga Rodr\u00edguez, periodista y escritora especializada en Oriente Medio y derechos humanos. <\/p>\n","protected":false},"featured_media":6640,"template":"podcast-imagen-sin-banner","meta":{"_acf_changed":false},"categories":[7],"tags":[185],"class_list":["post-6641","podcast","type-podcast","status-publish","has-post-thumbnail","hentry","category-noticia","tag-entreculturas"],"acf":[],"yoast_head":"<!-- This site is optimized with the Yoast SEO Premium plugin v21.6 (Yoast SEO v27.5) - https:\/\/yoast.com\/product\/yoast-seo-premium-wordpress\/ -->\n<title>\u201cLa mayor historia que podr\u00edamos contar es el triunfo del di\u00e1logo y de la paz\u201d, Olga Rodriguez - Entreculturas<\/title>\n<meta name=\"robots\" content=\"index, follow, max-snippet:-1, max-image-preview:large, max-video-preview:-1\" \/>\n<link rel=\"canonical\" href=\"https:\/\/www.entreculturas.org\/gl\/podcast\/la-mayor-historia-que-podriamos-contar-es-el-triunfo-del-dialogo-y-de-la-paz-olga-rodriguez\/\" \/>\n<meta property=\"og:locale\" content=\"gl_ES\" \/>\n<meta property=\"og:type\" content=\"article\" \/>\n<meta property=\"og:title\" content=\"\u201cLa mayor historia que podr\u00edamos contar es el triunfo del di\u00e1logo y de la paz\u201d, Olga Rodriguez\" \/>\n<meta property=\"og:description\" content=\"Esta semana en Voces por una Causa, Julia Navarro conversa con Olga Rodr\u00edguez, periodista y escritora especializada en Oriente Medio y derechos humanos.\" \/>\n<meta property=\"og:url\" content=\"https:\/\/www.entreculturas.org\/gl\/podcast\/la-mayor-historia-que-podriamos-contar-es-el-triunfo-del-dialogo-y-de-la-paz-olga-rodriguez\/\" \/>\n<meta property=\"og:site_name\" content=\"Entreculturas\" \/>\n<meta property=\"article:publisher\" content=\"https:\/\/www.facebook.com\/entreculturas\" \/>\n<meta property=\"article:modified_time\" content=\"2024-01-16T10:47:46+00:00\" \/>\n<meta property=\"og:image\" content=\"https:\/\/www.entreculturas.org\/wp-content\/uploads\/2022\/07\/olga_web.jpg\" \/>\n\t<meta property=\"og:image:width\" content=\"1920\" \/>\n\t<meta property=\"og:image:height\" content=\"1080\" \/>\n\t<meta property=\"og:image:type\" content=\"image\/jpeg\" \/>\n<meta name=\"twitter:card\" content=\"summary_large_image\" \/>\n<meta name=\"twitter:site\" content=\"@Entreculturas\" \/>\n<script type=\"application\/ld+json\" class=\"yoast-schema-graph\">{\"@context\":\"https:\\\/\\\/schema.org\",\"@graph\":[{\"@type\":\"WebPage\",\"@id\":\"https:\\\/\\\/www.entreculturas.org\\\/gl\\\/podcast\\\/la-mayor-historia-que-podriamos-contar-es-el-triunfo-del-dialogo-y-de-la-paz-olga-rodriguez\\\/\",\"url\":\"https:\\\/\\\/www.entreculturas.org\\\/gl\\\/podcast\\\/la-mayor-historia-que-podriamos-contar-es-el-triunfo-del-dialogo-y-de-la-paz-olga-rodriguez\\\/\",\"name\":\"\u201cLa mayor historia que podr\u00edamos contar es el triunfo del di\u00e1logo y de la paz\u201d, Olga Rodriguez - Entreculturas\",\"isPartOf\":{\"@id\":\"https:\\\/\\\/www.entreculturas.org\\\/gl\\\/#website\"},\"primaryImageOfPage\":{\"@id\":\"https:\\\/\\\/www.entreculturas.org\\\/gl\\\/podcast\\\/la-mayor-historia-que-podriamos-contar-es-el-triunfo-del-dialogo-y-de-la-paz-olga-rodriguez\\\/#primaryimage\"},\"image\":{\"@id\":\"https:\\\/\\\/www.entreculturas.org\\\/gl\\\/podcast\\\/la-mayor-historia-que-podriamos-contar-es-el-triunfo-del-dialogo-y-de-la-paz-olga-rodriguez\\\/#primaryimage\"},\"thumbnailUrl\":\"https:\\\/\\\/www.entreculturas.org\\\/wp-content\\\/uploads\\\/2022\\\/07\\\/olga_web.jpg\",\"datePublished\":\"2022-07-07T10:46:11+00:00\",\"dateModified\":\"2024-01-16T10:47:46+00:00\",\"breadcrumb\":{\"@id\":\"https:\\\/\\\/www.entreculturas.org\\\/gl\\\/podcast\\\/la-mayor-historia-que-podriamos-contar-es-el-triunfo-del-dialogo-y-de-la-paz-olga-rodriguez\\\/#breadcrumb\"},\"inLanguage\":\"gl-ES\",\"potentialAction\":[{\"@type\":\"ReadAction\",\"target\":[\"https:\\\/\\\/www.entreculturas.org\\\/gl\\\/podcast\\\/la-mayor-historia-que-podriamos-contar-es-el-triunfo-del-dialogo-y-de-la-paz-olga-rodriguez\\\/\"]}]},{\"@type\":\"ImageObject\",\"inLanguage\":\"gl-ES\",\"@id\":\"https:\\\/\\\/www.entreculturas.org\\\/gl\\\/podcast\\\/la-mayor-historia-que-podriamos-contar-es-el-triunfo-del-dialogo-y-de-la-paz-olga-rodriguez\\\/#primaryimage\",\"url\":\"https:\\\/\\\/www.entreculturas.org\\\/wp-content\\\/uploads\\\/2022\\\/07\\\/olga_web.jpg\",\"contentUrl\":\"https:\\\/\\\/www.entreculturas.org\\\/wp-content\\\/uploads\\\/2022\\\/07\\\/olga_web.jpg\",\"width\":1920,\"height\":1080},{\"@type\":\"BreadcrumbList\",\"@id\":\"https:\\\/\\\/www.entreculturas.org\\\/gl\\\/podcast\\\/la-mayor-historia-que-podriamos-contar-es-el-triunfo-del-dialogo-y-de-la-paz-olga-rodriguez\\\/#breadcrumb\",\"itemListElement\":[{\"@type\":\"ListItem\",\"position\":1,\"name\":\"Home\",\"item\":\"https:\\\/\\\/www.entreculturas.org\\\/gl\\\/\"},{\"@type\":\"ListItem\",\"position\":2,\"name\":\"Podcast Julia Navarro\",\"item\":\"https:\\\/\\\/www.entreculturas.org\\\/gl\\\/podcasts\\\/\"},{\"@type\":\"ListItem\",\"position\":3,\"name\":\"\u201cLa mayor historia que podr\u00edamos contar es el triunfo del di\u00e1logo y de la paz\u201d, Olga Rodriguez\"}]},{\"@type\":\"WebSite\",\"@id\":\"https:\\\/\\\/www.entreculturas.org\\\/gl\\\/#website\",\"url\":\"https:\\\/\\\/www.entreculturas.org\\\/gl\\\/\",\"name\":\"Entreculturas\",\"description\":\"\",\"publisher\":{\"@id\":\"https:\\\/\\\/www.entreculturas.org\\\/gl\\\/#organization\"},\"alternateName\":\"Entreculturas\",\"potentialAction\":[{\"@type\":\"SearchAction\",\"target\":{\"@type\":\"EntryPoint\",\"urlTemplate\":\"https:\\\/\\\/www.entreculturas.org\\\/gl\\\/?s={search_term_string}\"},\"query-input\":{\"@type\":\"PropertyValueSpecification\",\"valueRequired\":true,\"valueName\":\"search_term_string\"}}],\"inLanguage\":\"gl-ES\"},{\"@type\":\"Organization\",\"@id\":\"https:\\\/\\\/www.entreculturas.org\\\/gl\\\/#organization\",\"name\":\"Entreculturas\",\"url\":\"https:\\\/\\\/www.entreculturas.org\\\/gl\\\/\",\"logo\":{\"@type\":\"ImageObject\",\"inLanguage\":\"gl-ES\",\"@id\":\"https:\\\/\\\/www.entreculturas.org\\\/gl\\\/#\\\/schema\\\/logo\\\/image\\\/\",\"url\":\"https:\\\/\\\/www.entreculturas.org\\\/wp-content\\\/uploads\\\/2025\\\/10\\\/ESP.svg\",\"contentUrl\":\"https:\\\/\\\/www.entreculturas.org\\\/wp-content\\\/uploads\\\/2025\\\/10\\\/ESP.svg\",\"caption\":\"Entreculturas\"},\"image\":{\"@id\":\"https:\\\/\\\/www.entreculturas.org\\\/gl\\\/#\\\/schema\\\/logo\\\/image\\\/\"},\"sameAs\":[\"https:\\\/\\\/www.facebook.com\\\/entreculturas\",\"https:\\\/\\\/x.com\\\/Entreculturas\",\"https:\\\/\\\/www.instagram.com\\\/entreculturas\\\/\",\"https:\\\/\\\/www.youtube.com\\\/user\\\/entreculturasvideo\",\"https:\\\/\\\/www.linkedin.com\\\/company\\\/fundacion-entreculturas-ngdo\\\/\",\"https:\\\/\\\/www.flickr.com\\\/photos\\\/98455522@N04\\\/albums\\\/\"]}]}<\/script>\n<!-- \/ Yoast SEO Premium plugin. -->","yoast_head_json":{"title":"\u201cLa mayor historia que podr\u00edamos contar es el triunfo del di\u00e1logo y de la paz\u201d, Olga Rodriguez - Entreculturas","robots":{"index":"index","follow":"follow","max-snippet":"max-snippet:-1","max-image-preview":"max-image-preview:large","max-video-preview":"max-video-preview:-1"},"canonical":"https:\/\/www.entreculturas.org\/gl\/podcast\/la-mayor-historia-que-podriamos-contar-es-el-triunfo-del-dialogo-y-de-la-paz-olga-rodriguez\/","og_locale":"gl_ES","og_type":"article","og_title":"\u201cLa mayor historia que podr\u00edamos contar es el triunfo del di\u00e1logo y de la paz\u201d, Olga Rodriguez","og_description":"Esta semana en Voces por una Causa, Julia Navarro conversa con Olga Rodr\u00edguez, periodista y escritora especializada en Oriente Medio y derechos humanos.","og_url":"https:\/\/www.entreculturas.org\/gl\/podcast\/la-mayor-historia-que-podriamos-contar-es-el-triunfo-del-dialogo-y-de-la-paz-olga-rodriguez\/","og_site_name":"Entreculturas","article_publisher":"https:\/\/www.facebook.com\/entreculturas","article_modified_time":"2024-01-16T10:47:46+00:00","og_image":[{"width":1920,"height":1080,"url":"https:\/\/www.entreculturas.org\/wp-content\/uploads\/2022\/07\/olga_web.jpg","type":"image\/jpeg"}],"twitter_card":"summary_large_image","twitter_site":"@Entreculturas","schema":{"@context":"https:\/\/schema.org","@graph":[{"@type":"WebPage","@id":"https:\/\/www.entreculturas.org\/gl\/podcast\/la-mayor-historia-que-podriamos-contar-es-el-triunfo-del-dialogo-y-de-la-paz-olga-rodriguez\/","url":"https:\/\/www.entreculturas.org\/gl\/podcast\/la-mayor-historia-que-podriamos-contar-es-el-triunfo-del-dialogo-y-de-la-paz-olga-rodriguez\/","name":"\u201cLa mayor historia que podr\u00edamos contar es el triunfo del di\u00e1logo y de la paz\u201d, Olga Rodriguez - Entreculturas","isPartOf":{"@id":"https:\/\/www.entreculturas.org\/gl\/#website"},"primaryImageOfPage":{"@id":"https:\/\/www.entreculturas.org\/gl\/podcast\/la-mayor-historia-que-podriamos-contar-es-el-triunfo-del-dialogo-y-de-la-paz-olga-rodriguez\/#primaryimage"},"image":{"@id":"https:\/\/www.entreculturas.org\/gl\/podcast\/la-mayor-historia-que-podriamos-contar-es-el-triunfo-del-dialogo-y-de-la-paz-olga-rodriguez\/#primaryimage"},"thumbnailUrl":"https:\/\/www.entreculturas.org\/wp-content\/uploads\/2022\/07\/olga_web.jpg","datePublished":"2022-07-07T10:46:11+00:00","dateModified":"2024-01-16T10:47:46+00:00","breadcrumb":{"@id":"https:\/\/www.entreculturas.org\/gl\/podcast\/la-mayor-historia-que-podriamos-contar-es-el-triunfo-del-dialogo-y-de-la-paz-olga-rodriguez\/#breadcrumb"},"inLanguage":"gl-ES","potentialAction":[{"@type":"ReadAction","target":["https:\/\/www.entreculturas.org\/gl\/podcast\/la-mayor-historia-que-podriamos-contar-es-el-triunfo-del-dialogo-y-de-la-paz-olga-rodriguez\/"]}]},{"@type":"ImageObject","inLanguage":"gl-ES","@id":"https:\/\/www.entreculturas.org\/gl\/podcast\/la-mayor-historia-que-podriamos-contar-es-el-triunfo-del-dialogo-y-de-la-paz-olga-rodriguez\/#primaryimage","url":"https:\/\/www.entreculturas.org\/wp-content\/uploads\/2022\/07\/olga_web.jpg","contentUrl":"https:\/\/www.entreculturas.org\/wp-content\/uploads\/2022\/07\/olga_web.jpg","width":1920,"height":1080},{"@type":"BreadcrumbList","@id":"https:\/\/www.entreculturas.org\/gl\/podcast\/la-mayor-historia-que-podriamos-contar-es-el-triunfo-del-dialogo-y-de-la-paz-olga-rodriguez\/#breadcrumb","itemListElement":[{"@type":"ListItem","position":1,"name":"Home","item":"https:\/\/www.entreculturas.org\/gl\/"},{"@type":"ListItem","position":2,"name":"Podcast Julia Navarro","item":"https:\/\/www.entreculturas.org\/gl\/podcasts\/"},{"@type":"ListItem","position":3,"name":"\u201cLa mayor historia que podr\u00edamos contar es el triunfo del di\u00e1logo y de la paz\u201d, Olga Rodriguez"}]},{"@type":"WebSite","@id":"https:\/\/www.entreculturas.org\/gl\/#website","url":"https:\/\/www.entreculturas.org\/gl\/","name":"Entreculturas","description":"","publisher":{"@id":"https:\/\/www.entreculturas.org\/gl\/#organization"},"alternateName":"Entreculturas","potentialAction":[{"@type":"SearchAction","target":{"@type":"EntryPoint","urlTemplate":"https:\/\/www.entreculturas.org\/gl\/?s={search_term_string}"},"query-input":{"@type":"PropertyValueSpecification","valueRequired":true,"valueName":"search_term_string"}}],"inLanguage":"gl-ES"},{"@type":"Organization","@id":"https:\/\/www.entreculturas.org\/gl\/#organization","name":"Entreculturas","url":"https:\/\/www.entreculturas.org\/gl\/","logo":{"@type":"ImageObject","inLanguage":"gl-ES","@id":"https:\/\/www.entreculturas.org\/gl\/#\/schema\/logo\/image\/","url":"https:\/\/www.entreculturas.org\/wp-content\/uploads\/2025\/10\/ESP.svg","contentUrl":"https:\/\/www.entreculturas.org\/wp-content\/uploads\/2025\/10\/ESP.svg","caption":"Entreculturas"},"image":{"@id":"https:\/\/www.entreculturas.org\/gl\/#\/schema\/logo\/image\/"},"sameAs":["https:\/\/www.facebook.com\/entreculturas","https:\/\/x.com\/Entreculturas","https:\/\/www.instagram.com\/entreculturas\/","https:\/\/www.youtube.com\/user\/entreculturasvideo","https:\/\/www.linkedin.com\/company\/fundacion-entreculturas-ngdo\/","https:\/\/www.flickr.com\/photos\/98455522@N04\/albums\/"]}]}},"_links":{"self":[{"href":"https:\/\/www.entreculturas.org\/gl\/wp-json\/wp\/v2\/podcast\/6641","targetHints":{"allow":["GET"]}}],"collection":[{"href":"https:\/\/www.entreculturas.org\/gl\/wp-json\/wp\/v2\/podcast"}],"about":[{"href":"https:\/\/www.entreculturas.org\/gl\/wp-json\/wp\/v2\/types\/podcast"}],"wp:featuredmedia":[{"embeddable":true,"href":"https:\/\/www.entreculturas.org\/gl\/wp-json\/wp\/v2\/media\/6640"}],"wp:attachment":[{"href":"https:\/\/www.entreculturas.org\/gl\/wp-json\/wp\/v2\/media?parent=6641"}],"wp:term":[{"taxonomy":"category","embeddable":true,"href":"https:\/\/www.entreculturas.org\/gl\/wp-json\/wp\/v2\/categories?post=6641"},{"taxonomy":"post_tag","embeddable":true,"href":"https:\/\/www.entreculturas.org\/gl\/wp-json\/wp\/v2\/tags?post=6641"}],"curies":[{"name":"wp","href":"https:\/\/api.w.org\/{rel}","templated":true}]}}