{"id":6579,"date":"2022-06-02T04:37:32","date_gmt":"2022-06-02T04:37:32","guid":{"rendered":"https:\/\/entreculturasi.wpenginepowered.com\/?noticias=voces-por-una-causa-desplazamiento-forzoso-en-america-latina-y-caribe"},"modified":"2024-01-16T11:47:46","modified_gmt":"2024-01-16T10:47:46","slug":"voces-por-una-causa-desplazamiento-forzoso-en-america-latina-y-caribe","status":"publish","type":"podcast","link":"https:\/\/www.entreculturas.org\/gl\/podcast\/voces-por-una-causa-desplazamiento-forzoso-en-america-latina-y-caribe\/","title":{"rendered":"Voces por una Causa: Desplazamiento forzoso en Am\u00e9rica Latina y Caribe"},"content":{"rendered":"<p dir=\"ltr\" style=\"line-height: 1.656;text-align: justify;margin-top: 0pt;margin-bottom: 0pt\">\n<p dir=\"ltr\" style=\"line-height: 1.656;text-align: justify;margin-top: 0pt;margin-bottom: 0pt\">&nbsp;<\/p>\n<p style=\"text-align: justify\">Esta semana, en nuestro podcast semanal \u2018Voces por una Causa\u2019, la escritora y periodista Julia Navarro conversa con \u00d3scar Calder\u00f3n, Director de la oficina regional del Servicio Jesuita a Refugiados (JRS) en Am\u00e9rica Latina y Caribe.&nbsp;<\/p>\n<p style=\"text-align: justify\"><strong>\u201cLas noticias de los brotes de xenofobia, aporofobia, racismo ocupan m\u00e1s espacio en los peri\u00f3dicos, pero en el nivel local hay expresiones solidarias, humanas, fraternas\u2026 que no ocupan tanto espacio pero que hacen mucho bien\u201d<\/strong>, afirma \u00d3scar. &nbsp;La misi\u00f3n de JRS en la regi\u00f3n es la de acompa\u00f1ar, crear justicia y reconciliaci\u00f3n.<\/p>\n<p style=\"text-align: justify\">En esta charla, Julia y \u00d3scar abordan cuestiones como la situaci\u00f3n de desplazamiento forzoso en Am\u00e9rica Latina y Caribe, los principales flujos y su respuesta ante las consecuencias de la pandemia de la COVID-19, las pol\u00edticas migratorias &nbsp;y los retos multinivel que tiene JRS trabajando en la regi\u00f3n.<\/p>\n<p style=\"text-align: justify\"><strong>\u2018Voces por una Causa\u2019 <\/strong>es el podcast semanal de Entreculturas, en el que nos acercamos a la realidad de los pa\u00edses y causas en torno a las que trabajamos y con el que buscamos crear un espacio de reflexi\u00f3n y debate con testimonios y voces en primera persona. Los programas se emiten todos los jueves en nuestro <a href=\"https:\/\/www.youtube.com\/c\/EntreculturasOrg915902672\"><strong>canal de Youtube<\/strong><\/a>, <a href=\"https:\/\/open.spotify.com\/show\/6dS5JsqnsWrnHL1gwead1A\"><strong>en Spotify,<\/strong><\/a> <a href=\"https:\/\/www.ivoox.com\/perfil-entreculturas_a8_listener_28185270_1.html\"><strong>en Ivoox<\/strong><\/a>, <strong>y en <a href=\"https:\/\/podcasts.apple.com\/us\/podcast\/entreculturas-voces-por-una-causa\/id1621485462\">Apple Podcast<\/a>.&nbsp;<\/strong><\/p>\n","protected":false},"excerpt":{"rendered":"<p>Esta semana, en nuestro podcast semanal \u2018Voces por una Causa\u2019, la escritora y periodista Julia Navarro conversa con \u00d3scar Calder\u00f3n, Director de la oficina regional del Servicio Jesuita a Refugiados (JRS) en Am\u00e9rica Latina y Caribe. <\/p>\n","protected":false},"featured_media":6578,"template":"podcast-imagen-sin-banner","meta":{"_acf_changed":false},"categories":[7],"tags":[185],"class_list":["post-6579","podcast","type-podcast","status-publish","has-post-thumbnail","hentry","category-noticia","tag-entreculturas"],"acf":[],"yoast_head":"<!-- This site is optimized with the Yoast SEO Premium plugin v21.6 (Yoast SEO v27.5) - https:\/\/yoast.com\/product\/yoast-seo-premium-wordpress\/ -->\n<title>Voces por una Causa: Desplazamiento forzoso en Am\u00e9rica Latina y Caribe - Entreculturas<\/title>\n<meta name=\"robots\" content=\"index, follow, max-snippet:-1, max-image-preview:large, max-video-preview:-1\" \/>\n<link rel=\"canonical\" href=\"https:\/\/www.entreculturas.org\/gl\/podcast\/voces-por-una-causa-desplazamiento-forzoso-en-america-latina-y-caribe\/\" \/>\n<meta property=\"og:locale\" content=\"gl_ES\" \/>\n<meta property=\"og:type\" content=\"article\" \/>\n<meta property=\"og:title\" content=\"Voces por una Causa: Desplazamiento forzoso en Am\u00e9rica Latina y Caribe\" \/>\n<meta property=\"og:description\" content=\"Esta semana, en nuestro podcast semanal \u2018Voces por una Causa\u2019, la escritora y periodista Julia Navarro conversa con \u00d3scar Calder\u00f3n, Director de la oficina regional del Servicio Jesuita a Refugiados (JRS) en Am\u00e9rica Latina y Caribe.\" \/>\n<meta property=\"og:url\" content=\"https:\/\/www.entreculturas.org\/gl\/podcast\/voces-por-una-causa-desplazamiento-forzoso-en-america-latina-y-caribe\/\" \/>\n<meta property=\"og:site_name\" content=\"Entreculturas\" \/>\n<meta property=\"article:publisher\" content=\"https:\/\/www.facebook.com\/entreculturas\" \/>\n<meta property=\"article:modified_time\" content=\"2024-01-16T10:47:46+00:00\" \/>\n<meta property=\"og:image\" content=\"https:\/\/www.entreculturas.org\/wp-content\/uploads\/2022\/06\/tw_jrs_lac.jpg\" \/>\n\t<meta property=\"og:image:width\" content=\"1920\" \/>\n\t<meta property=\"og:image:height\" content=\"1080\" \/>\n\t<meta property=\"og:image:type\" content=\"image\/jpeg\" \/>\n<meta name=\"twitter:card\" content=\"summary_large_image\" \/>\n<meta name=\"twitter:site\" content=\"@Entreculturas\" \/>\n<script type=\"application\/ld+json\" class=\"yoast-schema-graph\">{\"@context\":\"https:\\\/\\\/schema.org\",\"@graph\":[{\"@type\":\"WebPage\",\"@id\":\"https:\\\/\\\/www.entreculturas.org\\\/gl\\\/podcast\\\/voces-por-una-causa-desplazamiento-forzoso-en-america-latina-y-caribe\\\/\",\"url\":\"https:\\\/\\\/www.entreculturas.org\\\/gl\\\/podcast\\\/voces-por-una-causa-desplazamiento-forzoso-en-america-latina-y-caribe\\\/\",\"name\":\"Voces por una Causa: Desplazamiento forzoso en Am\u00e9rica Latina y Caribe - Entreculturas\",\"isPartOf\":{\"@id\":\"https:\\\/\\\/www.entreculturas.org\\\/gl\\\/#website\"},\"primaryImageOfPage\":{\"@id\":\"https:\\\/\\\/www.entreculturas.org\\\/gl\\\/podcast\\\/voces-por-una-causa-desplazamiento-forzoso-en-america-latina-y-caribe\\\/#primaryimage\"},\"image\":{\"@id\":\"https:\\\/\\\/www.entreculturas.org\\\/gl\\\/podcast\\\/voces-por-una-causa-desplazamiento-forzoso-en-america-latina-y-caribe\\\/#primaryimage\"},\"thumbnailUrl\":\"https:\\\/\\\/www.entreculturas.org\\\/wp-content\\\/uploads\\\/2022\\\/06\\\/tw_jrs_lac.jpg\",\"datePublished\":\"2022-06-02T04:37:32+00:00\",\"dateModified\":\"2024-01-16T10:47:46+00:00\",\"breadcrumb\":{\"@id\":\"https:\\\/\\\/www.entreculturas.org\\\/gl\\\/podcast\\\/voces-por-una-causa-desplazamiento-forzoso-en-america-latina-y-caribe\\\/#breadcrumb\"},\"inLanguage\":\"gl-ES\",\"potentialAction\":[{\"@type\":\"ReadAction\",\"target\":[\"https:\\\/\\\/www.entreculturas.org\\\/gl\\\/podcast\\\/voces-por-una-causa-desplazamiento-forzoso-en-america-latina-y-caribe\\\/\"]}]},{\"@type\":\"ImageObject\",\"inLanguage\":\"gl-ES\",\"@id\":\"https:\\\/\\\/www.entreculturas.org\\\/gl\\\/podcast\\\/voces-por-una-causa-desplazamiento-forzoso-en-america-latina-y-caribe\\\/#primaryimage\",\"url\":\"https:\\\/\\\/www.entreculturas.org\\\/wp-content\\\/uploads\\\/2022\\\/06\\\/tw_jrs_lac.jpg\",\"contentUrl\":\"https:\\\/\\\/www.entreculturas.org\\\/wp-content\\\/uploads\\\/2022\\\/06\\\/tw_jrs_lac.jpg\",\"width\":1920,\"height\":1080},{\"@type\":\"BreadcrumbList\",\"@id\":\"https:\\\/\\\/www.entreculturas.org\\\/gl\\\/podcast\\\/voces-por-una-causa-desplazamiento-forzoso-en-america-latina-y-caribe\\\/#breadcrumb\",\"itemListElement\":[{\"@type\":\"ListItem\",\"position\":1,\"name\":\"Home\",\"item\":\"https:\\\/\\\/www.entreculturas.org\\\/gl\\\/\"},{\"@type\":\"ListItem\",\"position\":2,\"name\":\"Podcast Julia Navarro\",\"item\":\"https:\\\/\\\/www.entreculturas.org\\\/gl\\\/podcasts\\\/\"},{\"@type\":\"ListItem\",\"position\":3,\"name\":\"Voces por una Causa: Desplazamiento forzoso en Am\u00e9rica Latina y Caribe\"}]},{\"@type\":\"WebSite\",\"@id\":\"https:\\\/\\\/www.entreculturas.org\\\/gl\\\/#website\",\"url\":\"https:\\\/\\\/www.entreculturas.org\\\/gl\\\/\",\"name\":\"Entreculturas\",\"description\":\"\",\"publisher\":{\"@id\":\"https:\\\/\\\/www.entreculturas.org\\\/gl\\\/#organization\"},\"alternateName\":\"Entreculturas\",\"potentialAction\":[{\"@type\":\"SearchAction\",\"target\":{\"@type\":\"EntryPoint\",\"urlTemplate\":\"https:\\\/\\\/www.entreculturas.org\\\/gl\\\/?s={search_term_string}\"},\"query-input\":{\"@type\":\"PropertyValueSpecification\",\"valueRequired\":true,\"valueName\":\"search_term_string\"}}],\"inLanguage\":\"gl-ES\"},{\"@type\":\"Organization\",\"@id\":\"https:\\\/\\\/www.entreculturas.org\\\/gl\\\/#organization\",\"name\":\"Entreculturas\",\"url\":\"https:\\\/\\\/www.entreculturas.org\\\/gl\\\/\",\"logo\":{\"@type\":\"ImageObject\",\"inLanguage\":\"gl-ES\",\"@id\":\"https:\\\/\\\/www.entreculturas.org\\\/gl\\\/#\\\/schema\\\/logo\\\/image\\\/\",\"url\":\"https:\\\/\\\/www.entreculturas.org\\\/wp-content\\\/uploads\\\/2025\\\/10\\\/ESP.svg\",\"contentUrl\":\"https:\\\/\\\/www.entreculturas.org\\\/wp-content\\\/uploads\\\/2025\\\/10\\\/ESP.svg\",\"caption\":\"Entreculturas\"},\"image\":{\"@id\":\"https:\\\/\\\/www.entreculturas.org\\\/gl\\\/#\\\/schema\\\/logo\\\/image\\\/\"},\"sameAs\":[\"https:\\\/\\\/www.facebook.com\\\/entreculturas\",\"https:\\\/\\\/x.com\\\/Entreculturas\",\"https:\\\/\\\/www.instagram.com\\\/entreculturas\\\/\",\"https:\\\/\\\/www.youtube.com\\\/user\\\/entreculturasvideo\",\"https:\\\/\\\/www.linkedin.com\\\/company\\\/fundacion-entreculturas-ngdo\\\/\",\"https:\\\/\\\/www.flickr.com\\\/photos\\\/98455522@N04\\\/albums\\\/\"]}]}<\/script>\n<!-- \/ Yoast SEO Premium plugin. -->","yoast_head_json":{"title":"Voces por una Causa: Desplazamiento forzoso en Am\u00e9rica Latina y Caribe - Entreculturas","robots":{"index":"index","follow":"follow","max-snippet":"max-snippet:-1","max-image-preview":"max-image-preview:large","max-video-preview":"max-video-preview:-1"},"canonical":"https:\/\/www.entreculturas.org\/gl\/podcast\/voces-por-una-causa-desplazamiento-forzoso-en-america-latina-y-caribe\/","og_locale":"gl_ES","og_type":"article","og_title":"Voces por una Causa: Desplazamiento forzoso en Am\u00e9rica Latina y Caribe","og_description":"Esta semana, en nuestro podcast semanal \u2018Voces por una Causa\u2019, la escritora y periodista Julia Navarro conversa con \u00d3scar Calder\u00f3n, Director de la oficina regional del Servicio Jesuita a Refugiados (JRS) en Am\u00e9rica Latina y Caribe.","og_url":"https:\/\/www.entreculturas.org\/gl\/podcast\/voces-por-una-causa-desplazamiento-forzoso-en-america-latina-y-caribe\/","og_site_name":"Entreculturas","article_publisher":"https:\/\/www.facebook.com\/entreculturas","article_modified_time":"2024-01-16T10:47:46+00:00","og_image":[{"width":1920,"height":1080,"url":"https:\/\/www.entreculturas.org\/wp-content\/uploads\/2022\/06\/tw_jrs_lac.jpg","type":"image\/jpeg"}],"twitter_card":"summary_large_image","twitter_site":"@Entreculturas","schema":{"@context":"https:\/\/schema.org","@graph":[{"@type":"WebPage","@id":"https:\/\/www.entreculturas.org\/gl\/podcast\/voces-por-una-causa-desplazamiento-forzoso-en-america-latina-y-caribe\/","url":"https:\/\/www.entreculturas.org\/gl\/podcast\/voces-por-una-causa-desplazamiento-forzoso-en-america-latina-y-caribe\/","name":"Voces por una Causa: Desplazamiento forzoso en Am\u00e9rica Latina y Caribe - Entreculturas","isPartOf":{"@id":"https:\/\/www.entreculturas.org\/gl\/#website"},"primaryImageOfPage":{"@id":"https:\/\/www.entreculturas.org\/gl\/podcast\/voces-por-una-causa-desplazamiento-forzoso-en-america-latina-y-caribe\/#primaryimage"},"image":{"@id":"https:\/\/www.entreculturas.org\/gl\/podcast\/voces-por-una-causa-desplazamiento-forzoso-en-america-latina-y-caribe\/#primaryimage"},"thumbnailUrl":"https:\/\/www.entreculturas.org\/wp-content\/uploads\/2022\/06\/tw_jrs_lac.jpg","datePublished":"2022-06-02T04:37:32+00:00","dateModified":"2024-01-16T10:47:46+00:00","breadcrumb":{"@id":"https:\/\/www.entreculturas.org\/gl\/podcast\/voces-por-una-causa-desplazamiento-forzoso-en-america-latina-y-caribe\/#breadcrumb"},"inLanguage":"gl-ES","potentialAction":[{"@type":"ReadAction","target":["https:\/\/www.entreculturas.org\/gl\/podcast\/voces-por-una-causa-desplazamiento-forzoso-en-america-latina-y-caribe\/"]}]},{"@type":"ImageObject","inLanguage":"gl-ES","@id":"https:\/\/www.entreculturas.org\/gl\/podcast\/voces-por-una-causa-desplazamiento-forzoso-en-america-latina-y-caribe\/#primaryimage","url":"https:\/\/www.entreculturas.org\/wp-content\/uploads\/2022\/06\/tw_jrs_lac.jpg","contentUrl":"https:\/\/www.entreculturas.org\/wp-content\/uploads\/2022\/06\/tw_jrs_lac.jpg","width":1920,"height":1080},{"@type":"BreadcrumbList","@id":"https:\/\/www.entreculturas.org\/gl\/podcast\/voces-por-una-causa-desplazamiento-forzoso-en-america-latina-y-caribe\/#breadcrumb","itemListElement":[{"@type":"ListItem","position":1,"name":"Home","item":"https:\/\/www.entreculturas.org\/gl\/"},{"@type":"ListItem","position":2,"name":"Podcast Julia Navarro","item":"https:\/\/www.entreculturas.org\/gl\/podcasts\/"},{"@type":"ListItem","position":3,"name":"Voces por una Causa: Desplazamiento forzoso en Am\u00e9rica Latina y Caribe"}]},{"@type":"WebSite","@id":"https:\/\/www.entreculturas.org\/gl\/#website","url":"https:\/\/www.entreculturas.org\/gl\/","name":"Entreculturas","description":"","publisher":{"@id":"https:\/\/www.entreculturas.org\/gl\/#organization"},"alternateName":"Entreculturas","potentialAction":[{"@type":"SearchAction","target":{"@type":"EntryPoint","urlTemplate":"https:\/\/www.entreculturas.org\/gl\/?s={search_term_string}"},"query-input":{"@type":"PropertyValueSpecification","valueRequired":true,"valueName":"search_term_string"}}],"inLanguage":"gl-ES"},{"@type":"Organization","@id":"https:\/\/www.entreculturas.org\/gl\/#organization","name":"Entreculturas","url":"https:\/\/www.entreculturas.org\/gl\/","logo":{"@type":"ImageObject","inLanguage":"gl-ES","@id":"https:\/\/www.entreculturas.org\/gl\/#\/schema\/logo\/image\/","url":"https:\/\/www.entreculturas.org\/wp-content\/uploads\/2025\/10\/ESP.svg","contentUrl":"https:\/\/www.entreculturas.org\/wp-content\/uploads\/2025\/10\/ESP.svg","caption":"Entreculturas"},"image":{"@id":"https:\/\/www.entreculturas.org\/gl\/#\/schema\/logo\/image\/"},"sameAs":["https:\/\/www.facebook.com\/entreculturas","https:\/\/x.com\/Entreculturas","https:\/\/www.instagram.com\/entreculturas\/","https:\/\/www.youtube.com\/user\/entreculturasvideo","https:\/\/www.linkedin.com\/company\/fundacion-entreculturas-ngdo\/","https:\/\/www.flickr.com\/photos\/98455522@N04\/albums\/"]}]}},"_links":{"self":[{"href":"https:\/\/www.entreculturas.org\/gl\/wp-json\/wp\/v2\/podcast\/6579","targetHints":{"allow":["GET"]}}],"collection":[{"href":"https:\/\/www.entreculturas.org\/gl\/wp-json\/wp\/v2\/podcast"}],"about":[{"href":"https:\/\/www.entreculturas.org\/gl\/wp-json\/wp\/v2\/types\/podcast"}],"wp:featuredmedia":[{"embeddable":true,"href":"https:\/\/www.entreculturas.org\/gl\/wp-json\/wp\/v2\/media\/6578"}],"wp:attachment":[{"href":"https:\/\/www.entreculturas.org\/gl\/wp-json\/wp\/v2\/media?parent=6579"}],"wp:term":[{"taxonomy":"category","embeddable":true,"href":"https:\/\/www.entreculturas.org\/gl\/wp-json\/wp\/v2\/categories?post=6579"},{"taxonomy":"post_tag","embeddable":true,"href":"https:\/\/www.entreculturas.org\/gl\/wp-json\/wp\/v2\/tags?post=6579"}],"curies":[{"name":"wp","href":"https:\/\/api.w.org\/{rel}","templated":true}]}}