{"id":47963,"date":"2026-04-30T11:44:35","date_gmt":"2026-04-30T09:44:35","guid":{"rendered":"https:\/\/www.entreculturas.org\/?post_type=podcast&#038;p=47963"},"modified":"2026-04-30T12:08:41","modified_gmt":"2026-04-30T10:08:41","slug":"julia-navarro-podcast-ong-participacion-juvenil","status":"publish","type":"podcast","link":"https:\/\/www.entreculturas.org\/gl\/podcast\/julia-navarro-podcast-ong-participacion-juvenil\/","title":{"rendered":"&#8220;La participaci\u00f3n juvenil real ocurre cuando querer, saber y poder se juntan\u201d"},"content":{"rendered":"\n<p>Estrenamos la 10\u00aa temporada del podcast de <a href=\"https:\/\/www.entreculturas.org\/podcast\/\">Voces por una Causa<\/a>, presentado por la escritora <strong>Julia Navarro, con Tatiana Cardona<\/strong>, lideresa de la iniciativa de Juventudes de la Federaci\u00f3n Internacional de Fe y Alegr\u00eda; <strong>Jessica Garc\u00eda<\/strong>, col\u00edder de esta iniciativa y responsable de Educaci\u00f3n no formal y movilizaci\u00f3n en Entreculturas; y <strong>Luisito Salazar<\/strong>, joven colombiano participante en el d\u00e9cimo Encuentro Global de la <a href=\"https:\/\/redec.org\/red-solidaria-de-jovenes\/\">Red Solidaria de J\u00f3venes<\/a>.\u00a0<\/p>\n\n\n\n<p>Con ellas, nos acercamos a la Red Solidaria de J\u00f3venes, su conexi\u00f3n con la iniciativa de Juventudes de Fe y Alegr\u00eda y el impacto del X Encuentro Global de j\u00f3venes celebrado recientemente en Madrid.<\/p>\n\n\n\n<h2 class=\"wp-block-heading\" id=\"h-de-que-nos-hablan-en-el-episodio\"><strong>\u00bfDe qu\u00e9 nos hablan en el episodio?<\/strong><\/h2>\n\n\n\n<p>En este episodio, Tatiana nos habla de la diversidad de las juventudes, de la <strong>necesidad de construir una mirada cr\u00edtica<\/strong> y del papel de los y las j\u00f3venes frente a la polarizaci\u00f3n: \u201cLa juventud que participa en nuestros programas ha tomado una posici\u00f3n firme, se ha detenido para tener una mirada cr\u00edtica frente a determinados discursos que cada vez m\u00e1s las redes sociales nos van haciendo llegar\u201d.<\/p>\n\n\n\n<p>Adem\u00e1s, Jessica reflexiona sobre el importante papel de la Red Solidaria de J\u00f3venes como un espacio donde la participaci\u00f3n se construye de forma consciente y acompa\u00f1ada. En sus palabras, <strong>\u201cla participaci\u00f3n juvenil real ocurre cuando querer, saber y poder se juntan\u201d<\/strong>. Un proceso que, como explica, genera \u201cuna transformaci\u00f3n tanto de ellos y ellas como de su centro educativo, su comunidad\u201d.<\/p>\n\n\n\n<p>Por \u00faltimo, Luisito Salazar y Julia Navarro profundizan en el impacto del Encuentro Global y en c\u00f3mo <strong>la participaci\u00f3n colectiva transforma la mirada<\/strong> de quienes forman parte de estos procesos. \u201cCuando ve\u00eda que aquello que yo pensaba lo pod\u00eda convertir en transformaci\u00f3n colectiva, supe que ese era mi lugar\u201d. Adem\u00e1s, destaca el valor de la creatividad como motor de cambio: \u201cno necesariamente hay que sentarnos y escribir propuestas tan rigurosas, sino que tambi\u00e9n se incide y tambi\u00e9n se transforma desde la creatividad\u201d.<\/p>\n\n\n\n<h2 class=\"wp-block-heading\" id=\"h-que-es-voces-por-una-causa-con-julia-navarro\"><strong>\u00bfQu\u00e9 es \u2018Voces por una Causa\u2019 con Julia Navarro?<\/strong><\/h2>\n\n\n\n<p>Presentado por la escritora y periodista Julia Navarro, <a href=\"https:\/\/www.entreculturas.org\/podcast\/\"><strong>\u2018Voces por una causa\u2019<\/strong><\/a><strong> es el podcast semanal de la ONG Entreculturas<\/strong> que explora cuestiones sociales, medioambientales y culturales a trav\u00e9s de testimonios en primera persona. Los programas se emiten todos los jueves en nuestro canal de <a href=\"https:\/\/www.youtube.com\/c\/EntreculturasOrg915902672\">Youtube<\/a>, en <a href=\"https:\/\/open.spotify.com\/show\/6dS5JsqnsWrnHL1gwead1A\">Spotify<\/a>, en <a href=\"https:\/\/www.ivoox.com\/perfil-entreculturas_a8_listener_28185270_1.html\">Ivoox<\/a>, y en <a href=\"https:\/\/podcasts.apple.com\/us\/podcast\/entreculturas-voces-por-una-causa\/id1621485462\">Apple Podcast<\/a>.<\/p>\n\n\n\n<iframe data-testid=\"embed-iframe\" style=\"border-radius:12px\" src=\"https:\/\/open.spotify.com\/embed\/episode\/7cqWL9hk4wlq0Zcfgigbpx?utm_source=generator\" width=\"100%\" height=\"352\" frameBorder=\"0\" allowfullscreen=\"\" allow=\"autoplay; clipboard-write; encrypted-media; fullscreen; picture-in-picture\" loading=\"lazy\"><\/iframe>\n","protected":false},"excerpt":{"rendered":"<p>Estrenamos la 10\u00aa temporada del podcast de Voces por una Causa, presentado por la escritora Julia Navarro, con Tatiana Cardona, lideresa de la iniciativa de Juventudes de la Federaci\u00f3n Internacional de Fe y Alegr\u00eda; Jessica Garc\u00eda, col\u00edder de esta iniciativa y responsable de Educaci\u00f3n no formal y movilizaci\u00f3n en Entreculturas; y Luisito Salazar, joven colombiano participante en el d\u00e9cimo Encuentro Global de la Red Solidaria de J\u00f3venes.\u00a0 Con ellas, nos acercamos a la Red Solidaria de J\u00f3venes, su conexi\u00f3n con la iniciativa de Juventudes de Fe y Alegr\u00eda y el impacto del X Encuentro Global de j\u00f3venes celebrado recientemente en Madrid. \u00bfDe qu\u00e9 nos hablan en el episodio? En este episodio, Tatiana nos habla de la diversidad de las juventudes, de la necesidad de construir una mirada cr\u00edtica y del papel de los y las j\u00f3venes frente a la polarizaci\u00f3n: \u201cLa juventud que participa en nuestros programas ha tomado una [&hellip;]<\/p>\n","protected":false},"featured_media":47965,"template":"","meta":{"_acf_changed":true},"categories":[],"tags":[],"class_list":["post-47963","podcast","type-podcast","status-publish","has-post-thumbnail","hentry"],"acf":[],"yoast_head":"<!-- This site is optimized with the Yoast SEO Premium plugin v21.6 (Yoast SEO v27.5) - https:\/\/yoast.com\/product\/yoast-seo-premium-wordpress\/ -->\n<title>Julia Navarro habla sobre participaci\u00f3n juvenil en el podcast<\/title>\n<meta name=\"description\" content=\"Julia Navarro habla en &#039;Voces por una Causa&#039; sobre la Red Solidaria de J\u00f3venes con Tatiana Cardona, Jessica Garc\u00eda y Luisito Salazar.\" \/>\n<meta name=\"robots\" content=\"index, follow, max-snippet:-1, max-image-preview:large, max-video-preview:-1\" \/>\n<link rel=\"canonical\" href=\"https:\/\/www.entreculturas.org\/gl\/podcast\/julia-navarro-podcast-ong-participacion-juvenil\/\" \/>\n<meta property=\"og:locale\" content=\"gl_ES\" \/>\n<meta property=\"og:type\" content=\"article\" \/>\n<meta property=\"og:title\" content=\"&quot;La participaci\u00f3n juvenil real ocurre cuando querer, saber y poder se juntan\u201d\" \/>\n<meta property=\"og:description\" content=\"Julia Navarro habla en &#039;Voces por una Causa&#039; sobre la Red Solidaria de J\u00f3venes con Tatiana Cardona, Jessica Garc\u00eda y Luisito Salazar.\" \/>\n<meta property=\"og:url\" content=\"https:\/\/www.entreculturas.org\/gl\/podcast\/julia-navarro-podcast-ong-participacion-juvenil\/\" \/>\n<meta property=\"og:site_name\" content=\"Entreculturas\" \/>\n<meta property=\"article:publisher\" content=\"https:\/\/www.facebook.com\/entreculturas\" \/>\n<meta property=\"article:modified_time\" content=\"2026-04-30T10:08:41+00:00\" \/>\n<meta property=\"og:image\" content=\"https:\/\/www.entreculturas.org\/wp-content\/uploads\/2026\/04\/SOMOS.jpg\" \/>\n\t<meta property=\"og:image:width\" content=\"800\" \/>\n\t<meta property=\"og:image:height\" content=\"533\" \/>\n\t<meta property=\"og:image:type\" content=\"image\/jpeg\" \/>\n<meta name=\"twitter:card\" content=\"summary_large_image\" \/>\n<meta name=\"twitter:site\" content=\"@Entreculturas\" \/>\n<script type=\"application\/ld+json\" class=\"yoast-schema-graph\">{\"@context\":\"https:\\\/\\\/schema.org\",\"@graph\":[{\"@type\":\"WebPage\",\"@id\":\"https:\\\/\\\/www.entreculturas.org\\\/gl\\\/podcast\\\/julia-navarro-podcast-ong-participacion-juvenil\\\/\",\"url\":\"https:\\\/\\\/www.entreculturas.org\\\/gl\\\/podcast\\\/julia-navarro-podcast-ong-participacion-juvenil\\\/\",\"name\":\"Julia Navarro habla sobre participaci\u00f3n juvenil en el podcast\",\"isPartOf\":{\"@id\":\"https:\\\/\\\/www.entreculturas.org\\\/gl\\\/#website\"},\"primaryImageOfPage\":{\"@id\":\"https:\\\/\\\/www.entreculturas.org\\\/gl\\\/podcast\\\/julia-navarro-podcast-ong-participacion-juvenil\\\/#primaryimage\"},\"image\":{\"@id\":\"https:\\\/\\\/www.entreculturas.org\\\/gl\\\/podcast\\\/julia-navarro-podcast-ong-participacion-juvenil\\\/#primaryimage\"},\"thumbnailUrl\":\"https:\\\/\\\/www.entreculturas.org\\\/wp-content\\\/uploads\\\/2026\\\/04\\\/SOMOS.jpg\",\"datePublished\":\"2026-04-30T09:44:35+00:00\",\"dateModified\":\"2026-04-30T10:08:41+00:00\",\"description\":\"Julia Navarro habla en 'Voces por una Causa' sobre la Red Solidaria de J\u00f3venes con Tatiana Cardona, Jessica Garc\u00eda y Luisito Salazar.\",\"breadcrumb\":{\"@id\":\"https:\\\/\\\/www.entreculturas.org\\\/gl\\\/podcast\\\/julia-navarro-podcast-ong-participacion-juvenil\\\/#breadcrumb\"},\"inLanguage\":\"gl-ES\",\"potentialAction\":[{\"@type\":\"ReadAction\",\"target\":[\"https:\\\/\\\/www.entreculturas.org\\\/gl\\\/podcast\\\/julia-navarro-podcast-ong-participacion-juvenil\\\/\"]}]},{\"@type\":\"ImageObject\",\"inLanguage\":\"gl-ES\",\"@id\":\"https:\\\/\\\/www.entreculturas.org\\\/gl\\\/podcast\\\/julia-navarro-podcast-ong-participacion-juvenil\\\/#primaryimage\",\"url\":\"https:\\\/\\\/www.entreculturas.org\\\/wp-content\\\/uploads\\\/2026\\\/04\\\/SOMOS.jpg\",\"contentUrl\":\"https:\\\/\\\/www.entreculturas.org\\\/wp-content\\\/uploads\\\/2026\\\/04\\\/SOMOS.jpg\",\"width\":800,\"height\":533,\"caption\":\"Julia Navarro\"},{\"@type\":\"BreadcrumbList\",\"@id\":\"https:\\\/\\\/www.entreculturas.org\\\/gl\\\/podcast\\\/julia-navarro-podcast-ong-participacion-juvenil\\\/#breadcrumb\",\"itemListElement\":[{\"@type\":\"ListItem\",\"position\":1,\"name\":\"Home\",\"item\":\"https:\\\/\\\/www.entreculturas.org\\\/gl\\\/\"},{\"@type\":\"ListItem\",\"position\":2,\"name\":\"Podcast Julia Navarro\",\"item\":\"https:\\\/\\\/www.entreculturas.org\\\/gl\\\/podcasts\\\/\"},{\"@type\":\"ListItem\",\"position\":3,\"name\":\"&#8220;La participaci\u00f3n juvenil real ocurre cuando querer, saber y poder se juntan\u201d\"}]},{\"@type\":\"WebSite\",\"@id\":\"https:\\\/\\\/www.entreculturas.org\\\/gl\\\/#website\",\"url\":\"https:\\\/\\\/www.entreculturas.org\\\/gl\\\/\",\"name\":\"Entreculturas\",\"description\":\"\",\"publisher\":{\"@id\":\"https:\\\/\\\/www.entreculturas.org\\\/gl\\\/#organization\"},\"alternateName\":\"Entreculturas\",\"potentialAction\":[{\"@type\":\"SearchAction\",\"target\":{\"@type\":\"EntryPoint\",\"urlTemplate\":\"https:\\\/\\\/www.entreculturas.org\\\/gl\\\/?s={search_term_string}\"},\"query-input\":{\"@type\":\"PropertyValueSpecification\",\"valueRequired\":true,\"valueName\":\"search_term_string\"}}],\"inLanguage\":\"gl-ES\"},{\"@type\":\"Organization\",\"@id\":\"https:\\\/\\\/www.entreculturas.org\\\/gl\\\/#organization\",\"name\":\"Entreculturas\",\"url\":\"https:\\\/\\\/www.entreculturas.org\\\/gl\\\/\",\"logo\":{\"@type\":\"ImageObject\",\"inLanguage\":\"gl-ES\",\"@id\":\"https:\\\/\\\/www.entreculturas.org\\\/gl\\\/#\\\/schema\\\/logo\\\/image\\\/\",\"url\":\"https:\\\/\\\/www.entreculturas.org\\\/wp-content\\\/uploads\\\/2025\\\/10\\\/ESP.svg\",\"contentUrl\":\"https:\\\/\\\/www.entreculturas.org\\\/wp-content\\\/uploads\\\/2025\\\/10\\\/ESP.svg\",\"caption\":\"Entreculturas\"},\"image\":{\"@id\":\"https:\\\/\\\/www.entreculturas.org\\\/gl\\\/#\\\/schema\\\/logo\\\/image\\\/\"},\"sameAs\":[\"https:\\\/\\\/www.facebook.com\\\/entreculturas\",\"https:\\\/\\\/x.com\\\/Entreculturas\",\"https:\\\/\\\/www.instagram.com\\\/entreculturas\\\/\",\"https:\\\/\\\/www.youtube.com\\\/user\\\/entreculturasvideo\",\"https:\\\/\\\/www.linkedin.com\\\/company\\\/fundacion-entreculturas-ngdo\\\/\",\"https:\\\/\\\/www.flickr.com\\\/photos\\\/98455522@N04\\\/albums\\\/\"]}]}<\/script>\n<!-- \/ Yoast SEO Premium plugin. -->","yoast_head_json":{"title":"Julia Navarro habla sobre participaci\u00f3n juvenil en el podcast","description":"Julia Navarro habla en 'Voces por una Causa' sobre la Red Solidaria de J\u00f3venes con Tatiana Cardona, Jessica Garc\u00eda y Luisito Salazar.","robots":{"index":"index","follow":"follow","max-snippet":"max-snippet:-1","max-image-preview":"max-image-preview:large","max-video-preview":"max-video-preview:-1"},"canonical":"https:\/\/www.entreculturas.org\/gl\/podcast\/julia-navarro-podcast-ong-participacion-juvenil\/","og_locale":"gl_ES","og_type":"article","og_title":"\"La participaci\u00f3n juvenil real ocurre cuando querer, saber y poder se juntan\u201d","og_description":"Julia Navarro habla en 'Voces por una Causa' sobre la Red Solidaria de J\u00f3venes con Tatiana Cardona, Jessica Garc\u00eda y Luisito Salazar.","og_url":"https:\/\/www.entreculturas.org\/gl\/podcast\/julia-navarro-podcast-ong-participacion-juvenil\/","og_site_name":"Entreculturas","article_publisher":"https:\/\/www.facebook.com\/entreculturas","article_modified_time":"2026-04-30T10:08:41+00:00","og_image":[{"width":800,"height":533,"url":"https:\/\/www.entreculturas.org\/wp-content\/uploads\/2026\/04\/SOMOS.jpg","type":"image\/jpeg"}],"twitter_card":"summary_large_image","twitter_site":"@Entreculturas","schema":{"@context":"https:\/\/schema.org","@graph":[{"@type":"WebPage","@id":"https:\/\/www.entreculturas.org\/gl\/podcast\/julia-navarro-podcast-ong-participacion-juvenil\/","url":"https:\/\/www.entreculturas.org\/gl\/podcast\/julia-navarro-podcast-ong-participacion-juvenil\/","name":"Julia Navarro habla sobre participaci\u00f3n juvenil en el podcast","isPartOf":{"@id":"https:\/\/www.entreculturas.org\/gl\/#website"},"primaryImageOfPage":{"@id":"https:\/\/www.entreculturas.org\/gl\/podcast\/julia-navarro-podcast-ong-participacion-juvenil\/#primaryimage"},"image":{"@id":"https:\/\/www.entreculturas.org\/gl\/podcast\/julia-navarro-podcast-ong-participacion-juvenil\/#primaryimage"},"thumbnailUrl":"https:\/\/www.entreculturas.org\/wp-content\/uploads\/2026\/04\/SOMOS.jpg","datePublished":"2026-04-30T09:44:35+00:00","dateModified":"2026-04-30T10:08:41+00:00","description":"Julia Navarro habla en 'Voces por una Causa' sobre la Red Solidaria de J\u00f3venes con Tatiana Cardona, Jessica Garc\u00eda y Luisito Salazar.","breadcrumb":{"@id":"https:\/\/www.entreculturas.org\/gl\/podcast\/julia-navarro-podcast-ong-participacion-juvenil\/#breadcrumb"},"inLanguage":"gl-ES","potentialAction":[{"@type":"ReadAction","target":["https:\/\/www.entreculturas.org\/gl\/podcast\/julia-navarro-podcast-ong-participacion-juvenil\/"]}]},{"@type":"ImageObject","inLanguage":"gl-ES","@id":"https:\/\/www.entreculturas.org\/gl\/podcast\/julia-navarro-podcast-ong-participacion-juvenil\/#primaryimage","url":"https:\/\/www.entreculturas.org\/wp-content\/uploads\/2026\/04\/SOMOS.jpg","contentUrl":"https:\/\/www.entreculturas.org\/wp-content\/uploads\/2026\/04\/SOMOS.jpg","width":800,"height":533,"caption":"Julia Navarro"},{"@type":"BreadcrumbList","@id":"https:\/\/www.entreculturas.org\/gl\/podcast\/julia-navarro-podcast-ong-participacion-juvenil\/#breadcrumb","itemListElement":[{"@type":"ListItem","position":1,"name":"Home","item":"https:\/\/www.entreculturas.org\/gl\/"},{"@type":"ListItem","position":2,"name":"Podcast Julia Navarro","item":"https:\/\/www.entreculturas.org\/gl\/podcasts\/"},{"@type":"ListItem","position":3,"name":"&#8220;La participaci\u00f3n juvenil real ocurre cuando querer, saber y poder se juntan\u201d"}]},{"@type":"WebSite","@id":"https:\/\/www.entreculturas.org\/gl\/#website","url":"https:\/\/www.entreculturas.org\/gl\/","name":"Entreculturas","description":"","publisher":{"@id":"https:\/\/www.entreculturas.org\/gl\/#organization"},"alternateName":"Entreculturas","potentialAction":[{"@type":"SearchAction","target":{"@type":"EntryPoint","urlTemplate":"https:\/\/www.entreculturas.org\/gl\/?s={search_term_string}"},"query-input":{"@type":"PropertyValueSpecification","valueRequired":true,"valueName":"search_term_string"}}],"inLanguage":"gl-ES"},{"@type":"Organization","@id":"https:\/\/www.entreculturas.org\/gl\/#organization","name":"Entreculturas","url":"https:\/\/www.entreculturas.org\/gl\/","logo":{"@type":"ImageObject","inLanguage":"gl-ES","@id":"https:\/\/www.entreculturas.org\/gl\/#\/schema\/logo\/image\/","url":"https:\/\/www.entreculturas.org\/wp-content\/uploads\/2025\/10\/ESP.svg","contentUrl":"https:\/\/www.entreculturas.org\/wp-content\/uploads\/2025\/10\/ESP.svg","caption":"Entreculturas"},"image":{"@id":"https:\/\/www.entreculturas.org\/gl\/#\/schema\/logo\/image\/"},"sameAs":["https:\/\/www.facebook.com\/entreculturas","https:\/\/x.com\/Entreculturas","https:\/\/www.instagram.com\/entreculturas\/","https:\/\/www.youtube.com\/user\/entreculturasvideo","https:\/\/www.linkedin.com\/company\/fundacion-entreculturas-ngdo\/","https:\/\/www.flickr.com\/photos\/98455522@N04\/albums\/"]}]}},"_links":{"self":[{"href":"https:\/\/www.entreculturas.org\/gl\/wp-json\/wp\/v2\/podcast\/47963","targetHints":{"allow":["GET"]}}],"collection":[{"href":"https:\/\/www.entreculturas.org\/gl\/wp-json\/wp\/v2\/podcast"}],"about":[{"href":"https:\/\/www.entreculturas.org\/gl\/wp-json\/wp\/v2\/types\/podcast"}],"wp:featuredmedia":[{"embeddable":true,"href":"https:\/\/www.entreculturas.org\/gl\/wp-json\/wp\/v2\/media\/47965"}],"wp:attachment":[{"href":"https:\/\/www.entreculturas.org\/gl\/wp-json\/wp\/v2\/media?parent=47963"}],"wp:term":[{"taxonomy":"category","embeddable":true,"href":"https:\/\/www.entreculturas.org\/gl\/wp-json\/wp\/v2\/categories?post=47963"},{"taxonomy":"post_tag","embeddable":true,"href":"https:\/\/www.entreculturas.org\/gl\/wp-json\/wp\/v2\/tags?post=47963"}],"curies":[{"name":"wp","href":"https:\/\/api.w.org\/{rel}","templated":true}]}}