{"id":44863,"date":"2025-11-26T16:01:35","date_gmt":"2025-11-26T15:01:35","guid":{"rendered":"https:\/\/www.entreculturas.org\/?post_type=podcast&#038;p=44863"},"modified":"2025-11-26T16:33:45","modified_gmt":"2025-11-26T15:33:45","slug":"julia-navarro-podcast-ong-cambio-climatico","status":"publish","type":"podcast","link":"https:\/\/www.entreculturas.org\/gl\/podcast\/julia-navarro-podcast-ong-cambio-climatico\/","title":{"rendered":"Julia Navarro conversa con M\u00aa del Carmen Llasat sobre cambio clim\u00e1tico: \u201cLos pa\u00edses que menos han contribuido ser\u00e1n los m\u00e1s afectados\u201d"},"content":{"rendered":"\n<p>Esta semana, en el podcast de <a href=\"https:\/\/www.entreculturas.org\/podcast\/\">Voces por una Causa<\/a>, la escritora <strong>Julia Navarro conversa con Mar\u00eda del Carmen Llasat Botija, catedr\u00e1tica de F\u00edsica de la Atm\u00f3sfera en la Universidad de Barcelona<\/strong>, experta en cambio clim\u00e1tico y voluntaria de Entrecultures en Barcelona. Con ella y de la mano de Julia Navarro nos acercamos a la ciencia clim\u00e1tica, la justicia ambiental y la urgencia \u00e9tica de actuar frente a la crisis clim\u00e1tica, con motivo de la <a href=\"https:\/\/cop30.br\/es\">COP30<\/a>.<\/p>\n\n\n\n<h2 class=\"wp-block-heading\" id=\"h-de-que-nos-habla-maria-del-carmen-en-el-episodio\"><strong>\u00bfDe qu\u00e9 nos habla Mar\u00eda del Carmen en el episodio?<\/strong><\/h2>\n\n\n\n<p>En este episodio, Mar\u00eda del Carmen Llasat nos habla de los efectos reales y medibles del calentamiento global y de c\u00f3mo la ciencia demuestra sin ambig\u00fcedades que <strong>\u201clos impactos del cambio clim\u00e1tico son negativos\u201d<\/strong>. Tambi\u00e9n explica con claridad qu\u00e9 es y qu\u00e9 no es cambio clim\u00e1tico, recordando que, aunque este fen\u00f3meno en s\u00ed \u201ces natural\u201d, a lo que nos referimos hoy en d\u00eda es a c\u00f3mo las causas de origen humano lo incrementan.<\/p>\n\n\n\n<p>Adem\u00e1s, Mar\u00eda del Carmen insiste en que el fen\u00f3meno tiene profundas implicaciones sociales y \u00e9ticas: \u201cLos pa\u00edses que menos han contribuido al calentamiento son los pa\u00edses que m\u00e1s van a padecer sus consecuencias. <strong>No existe justicia clim\u00e1tica<\/strong>: est\u00e1n pagando aquellos que no lo han producido\u201d.<\/p>\n\n\n\n<p>Por \u00faltimo, Mar\u00eda del Carmen y Julia profundizan en el papel que puede desempe\u00f1ar la ciudadan\u00eda y las instituciones ante esta realidad. <strong>\u201cLo primero de todo es no rendirse<\/strong>. Lo segundo es pensar que cualquier cosa que pueda hacer ser\u00e1 bienvenida y que con el ejemplo se va contagiando\u201d, afirma Mar\u00eda del Carmen, convencida de que la acci\u00f3n individual y colectiva puede marcar la diferencia.<\/p>\n\n\n\n<h2 class=\"wp-block-heading\" id=\"h-que-es-voces-por-una-causa-con-julia-navarro\"><strong>\u00bfQu\u00e9 es \u2018Voces por una Causa\u2019 con Julia Navarro?<\/strong><\/h2>\n\n\n\n<p>Presentado por la escritora y periodista Julia Navarro, <a href=\"https:\/\/www.entreculturas.org\/podcast\/\"><strong>\u2018Voces por una causa\u2019<\/strong><\/a><strong> es el podcast semanal de la ONG Entreculturas<\/strong> que explora cuestiones sociales, medioambientales y culturales a trav\u00e9s de testimonios en primera persona. Los programas se emiten todos los jueves en nuestro canal de <a href=\"https:\/\/www.youtube.com\/c\/EntreculturasOrg915902672\">Youtube<\/a>, en <a href=\"https:\/\/open.spotify.com\/show\/6dS5JsqnsWrnHL1gwead1A\">Spotify<\/a>, en <a href=\"https:\/\/www.ivoox.com\/perfil-entreculturas_a8_listener_28185270_1.html\">Ivoox<\/a>, y en <a href=\"https:\/\/podcasts.apple.com\/us\/podcast\/entreculturas-voces-por-una-causa\/id1621485462\">Apple Podcast<\/a>.<\/p>\n\n\n\n<iframe data-testid=\"embed-iframe\" style=\"border-radius:12px\" src=\"https:\/\/open.spotify.com\/embed\/episode\/3gjefXo91X6VGsNeqY6LhX?utm_source=generator\" width=\"100%\" height=\"352\" frameBorder=\"0\" allowfullscreen=\"\" allow=\"autoplay; clipboard-write; encrypted-media; fullscreen; picture-in-picture\" loading=\"lazy\"><\/iframe>\n","protected":false},"excerpt":{"rendered":"<p>Esta semana, en el podcast de Voces por una Causa, la escritora Julia Navarro conversa con Mar\u00eda del Carmen Llasat Botija, catedr\u00e1tica de F\u00edsica de la Atm\u00f3sfera en la Universidad de Barcelona, experta en cambio clim\u00e1tico y voluntaria de Entrecultures en Barcelona. Con ella y de la mano de Julia Navarro nos acercamos a la ciencia clim\u00e1tica, la justicia ambiental y la urgencia \u00e9tica de actuar frente a la crisis clim\u00e1tica, con motivo de la COP30. \u00bfDe qu\u00e9 nos habla Mar\u00eda del Carmen en el episodio? En este episodio, Mar\u00eda del Carmen Llasat nos habla de los efectos reales y medibles del calentamiento global y de c\u00f3mo la ciencia demuestra sin ambig\u00fcedades que \u201clos impactos del cambio clim\u00e1tico son negativos\u201d. Tambi\u00e9n explica con claridad qu\u00e9 es y qu\u00e9 no es cambio clim\u00e1tico, recordando que, aunque este fen\u00f3meno en s\u00ed \u201ces natural\u201d, a lo que nos referimos hoy en d\u00eda es [&hellip;]<\/p>\n","protected":false},"featured_media":44865,"template":"","meta":{"_acf_changed":true},"categories":[],"tags":[],"class_list":["post-44863","podcast","type-podcast","status-publish","has-post-thumbnail","hentry"],"acf":[],"yoast_head":"<!-- This site is optimized with the Yoast SEO Premium plugin v21.6 (Yoast SEO v27.5) - https:\/\/yoast.com\/product\/yoast-seo-premium-wordpress\/ -->\n<title>Julia Navarro habla sobre cambio clim\u00e1tico con Carmen Llasat<\/title>\n<meta name=\"description\" content=\"Julia Navarro habla sobre cambio clim\u00e1tico con M\u00aa del Carmen Llasat, catedr\u00e1tica de F\u00edsica de la Atm\u00f3sfera en la Universidad de Barcelona.\" \/>\n<meta name=\"robots\" content=\"index, follow, max-snippet:-1, max-image-preview:large, max-video-preview:-1\" \/>\n<link rel=\"canonical\" href=\"https:\/\/www.entreculturas.org\/gl\/podcast\/julia-navarro-podcast-ong-cambio-climatico\/\" \/>\n<meta property=\"og:locale\" content=\"gl_ES\" \/>\n<meta property=\"og:type\" content=\"article\" \/>\n<meta property=\"og:title\" content=\"Julia Navarro conversa con M\u00aa del Carmen Llasat sobre cambio clim\u00e1tico: \u201cLos pa\u00edses que menos han contribuido ser\u00e1n los m\u00e1s afectados\u201d\" \/>\n<meta property=\"og:description\" content=\"Julia Navarro habla sobre cambio clim\u00e1tico con M\u00aa del Carmen Llasat, catedr\u00e1tica de F\u00edsica de la Atm\u00f3sfera en la Universidad de Barcelona.\" \/>\n<meta property=\"og:url\" content=\"https:\/\/www.entreculturas.org\/gl\/podcast\/julia-navarro-podcast-ong-cambio-climatico\/\" \/>\n<meta property=\"og:site_name\" content=\"Entreculturas\" \/>\n<meta property=\"article:publisher\" content=\"https:\/\/www.facebook.com\/entreculturas\" \/>\n<meta property=\"article:modified_time\" content=\"2025-11-26T15:33:45+00:00\" \/>\n<meta property=\"og:image\" content=\"https:\/\/www.entreculturas.org\/wp-content\/uploads\/2025\/11\/Llasat-Somos.jpg\" \/>\n\t<meta property=\"og:image:width\" content=\"800\" \/>\n\t<meta property=\"og:image:height\" content=\"533\" \/>\n\t<meta property=\"og:image:type\" content=\"image\/jpeg\" \/>\n<meta name=\"twitter:card\" content=\"summary_large_image\" \/>\n<meta name=\"twitter:site\" content=\"@Entreculturas\" \/>\n<script type=\"application\/ld+json\" class=\"yoast-schema-graph\">{\"@context\":\"https:\\\/\\\/schema.org\",\"@graph\":[{\"@type\":\"WebPage\",\"@id\":\"https:\\\/\\\/www.entreculturas.org\\\/gl\\\/podcast\\\/julia-navarro-podcast-ong-cambio-climatico\\\/\",\"url\":\"https:\\\/\\\/www.entreculturas.org\\\/gl\\\/podcast\\\/julia-navarro-podcast-ong-cambio-climatico\\\/\",\"name\":\"Julia Navarro habla sobre cambio clim\u00e1tico con Carmen Llasat\",\"isPartOf\":{\"@id\":\"https:\\\/\\\/www.entreculturas.org\\\/gl\\\/#website\"},\"primaryImageOfPage\":{\"@id\":\"https:\\\/\\\/www.entreculturas.org\\\/gl\\\/podcast\\\/julia-navarro-podcast-ong-cambio-climatico\\\/#primaryimage\"},\"image\":{\"@id\":\"https:\\\/\\\/www.entreculturas.org\\\/gl\\\/podcast\\\/julia-navarro-podcast-ong-cambio-climatico\\\/#primaryimage\"},\"thumbnailUrl\":\"https:\\\/\\\/www.entreculturas.org\\\/wp-content\\\/uploads\\\/2025\\\/11\\\/Llasat-Somos.jpg\",\"datePublished\":\"2025-11-26T15:01:35+00:00\",\"dateModified\":\"2025-11-26T15:33:45+00:00\",\"description\":\"Julia Navarro habla sobre cambio clim\u00e1tico con M\u00aa del Carmen Llasat, catedr\u00e1tica de F\u00edsica de la Atm\u00f3sfera en la Universidad de Barcelona.\",\"breadcrumb\":{\"@id\":\"https:\\\/\\\/www.entreculturas.org\\\/gl\\\/podcast\\\/julia-navarro-podcast-ong-cambio-climatico\\\/#breadcrumb\"},\"inLanguage\":\"gl-ES\",\"potentialAction\":[{\"@type\":\"ReadAction\",\"target\":[\"https:\\\/\\\/www.entreculturas.org\\\/gl\\\/podcast\\\/julia-navarro-podcast-ong-cambio-climatico\\\/\"]}]},{\"@type\":\"ImageObject\",\"inLanguage\":\"gl-ES\",\"@id\":\"https:\\\/\\\/www.entreculturas.org\\\/gl\\\/podcast\\\/julia-navarro-podcast-ong-cambio-climatico\\\/#primaryimage\",\"url\":\"https:\\\/\\\/www.entreculturas.org\\\/wp-content\\\/uploads\\\/2025\\\/11\\\/Llasat-Somos.jpg\",\"contentUrl\":\"https:\\\/\\\/www.entreculturas.org\\\/wp-content\\\/uploads\\\/2025\\\/11\\\/Llasat-Somos.jpg\",\"width\":800,\"height\":533,\"caption\":\"Julia Navarro habla sobre cambio clim\u00e1tico con M\u00aa del Carmen Llasat\"},{\"@type\":\"BreadcrumbList\",\"@id\":\"https:\\\/\\\/www.entreculturas.org\\\/gl\\\/podcast\\\/julia-navarro-podcast-ong-cambio-climatico\\\/#breadcrumb\",\"itemListElement\":[{\"@type\":\"ListItem\",\"position\":1,\"name\":\"Home\",\"item\":\"https:\\\/\\\/www.entreculturas.org\\\/gl\\\/\"},{\"@type\":\"ListItem\",\"position\":2,\"name\":\"Podcast Julia Navarro\",\"item\":\"https:\\\/\\\/www.entreculturas.org\\\/gl\\\/podcasts\\\/\"},{\"@type\":\"ListItem\",\"position\":3,\"name\":\"Julia Navarro conversa con M\u00aa del Carmen Llasat sobre cambio clim\u00e1tico: \u201cLos pa\u00edses que menos han contribuido ser\u00e1n los m\u00e1s afectados\u201d\"}]},{\"@type\":\"WebSite\",\"@id\":\"https:\\\/\\\/www.entreculturas.org\\\/gl\\\/#website\",\"url\":\"https:\\\/\\\/www.entreculturas.org\\\/gl\\\/\",\"name\":\"Entreculturas\",\"description\":\"\",\"publisher\":{\"@id\":\"https:\\\/\\\/www.entreculturas.org\\\/gl\\\/#organization\"},\"alternateName\":\"Entreculturas\",\"potentialAction\":[{\"@type\":\"SearchAction\",\"target\":{\"@type\":\"EntryPoint\",\"urlTemplate\":\"https:\\\/\\\/www.entreculturas.org\\\/gl\\\/?s={search_term_string}\"},\"query-input\":{\"@type\":\"PropertyValueSpecification\",\"valueRequired\":true,\"valueName\":\"search_term_string\"}}],\"inLanguage\":\"gl-ES\"},{\"@type\":\"Organization\",\"@id\":\"https:\\\/\\\/www.entreculturas.org\\\/gl\\\/#organization\",\"name\":\"Entreculturas\",\"url\":\"https:\\\/\\\/www.entreculturas.org\\\/gl\\\/\",\"logo\":{\"@type\":\"ImageObject\",\"inLanguage\":\"gl-ES\",\"@id\":\"https:\\\/\\\/www.entreculturas.org\\\/gl\\\/#\\\/schema\\\/logo\\\/image\\\/\",\"url\":\"https:\\\/\\\/www.entreculturas.org\\\/wp-content\\\/uploads\\\/2025\\\/10\\\/ESP.svg\",\"contentUrl\":\"https:\\\/\\\/www.entreculturas.org\\\/wp-content\\\/uploads\\\/2025\\\/10\\\/ESP.svg\",\"caption\":\"Entreculturas\"},\"image\":{\"@id\":\"https:\\\/\\\/www.entreculturas.org\\\/gl\\\/#\\\/schema\\\/logo\\\/image\\\/\"},\"sameAs\":[\"https:\\\/\\\/www.facebook.com\\\/entreculturas\",\"https:\\\/\\\/x.com\\\/Entreculturas\",\"https:\\\/\\\/www.instagram.com\\\/entreculturas\\\/\",\"https:\\\/\\\/www.youtube.com\\\/user\\\/entreculturasvideo\",\"https:\\\/\\\/www.linkedin.com\\\/company\\\/fundacion-entreculturas-ngdo\\\/\",\"https:\\\/\\\/www.flickr.com\\\/photos\\\/98455522@N04\\\/albums\\\/\"]}]}<\/script>\n<!-- \/ Yoast SEO Premium plugin. -->","yoast_head_json":{"title":"Julia Navarro habla sobre cambio clim\u00e1tico con Carmen Llasat","description":"Julia Navarro habla sobre cambio clim\u00e1tico con M\u00aa del Carmen Llasat, catedr\u00e1tica de F\u00edsica de la Atm\u00f3sfera en la Universidad de Barcelona.","robots":{"index":"index","follow":"follow","max-snippet":"max-snippet:-1","max-image-preview":"max-image-preview:large","max-video-preview":"max-video-preview:-1"},"canonical":"https:\/\/www.entreculturas.org\/gl\/podcast\/julia-navarro-podcast-ong-cambio-climatico\/","og_locale":"gl_ES","og_type":"article","og_title":"Julia Navarro conversa con M\u00aa del Carmen Llasat sobre cambio clim\u00e1tico: \u201cLos pa\u00edses que menos han contribuido ser\u00e1n los m\u00e1s afectados\u201d","og_description":"Julia Navarro habla sobre cambio clim\u00e1tico con M\u00aa del Carmen Llasat, catedr\u00e1tica de F\u00edsica de la Atm\u00f3sfera en la Universidad de Barcelona.","og_url":"https:\/\/www.entreculturas.org\/gl\/podcast\/julia-navarro-podcast-ong-cambio-climatico\/","og_site_name":"Entreculturas","article_publisher":"https:\/\/www.facebook.com\/entreculturas","article_modified_time":"2025-11-26T15:33:45+00:00","og_image":[{"width":800,"height":533,"url":"https:\/\/www.entreculturas.org\/wp-content\/uploads\/2025\/11\/Llasat-Somos.jpg","type":"image\/jpeg"}],"twitter_card":"summary_large_image","twitter_site":"@Entreculturas","schema":{"@context":"https:\/\/schema.org","@graph":[{"@type":"WebPage","@id":"https:\/\/www.entreculturas.org\/gl\/podcast\/julia-navarro-podcast-ong-cambio-climatico\/","url":"https:\/\/www.entreculturas.org\/gl\/podcast\/julia-navarro-podcast-ong-cambio-climatico\/","name":"Julia Navarro habla sobre cambio clim\u00e1tico con Carmen Llasat","isPartOf":{"@id":"https:\/\/www.entreculturas.org\/gl\/#website"},"primaryImageOfPage":{"@id":"https:\/\/www.entreculturas.org\/gl\/podcast\/julia-navarro-podcast-ong-cambio-climatico\/#primaryimage"},"image":{"@id":"https:\/\/www.entreculturas.org\/gl\/podcast\/julia-navarro-podcast-ong-cambio-climatico\/#primaryimage"},"thumbnailUrl":"https:\/\/www.entreculturas.org\/wp-content\/uploads\/2025\/11\/Llasat-Somos.jpg","datePublished":"2025-11-26T15:01:35+00:00","dateModified":"2025-11-26T15:33:45+00:00","description":"Julia Navarro habla sobre cambio clim\u00e1tico con M\u00aa del Carmen Llasat, catedr\u00e1tica de F\u00edsica de la Atm\u00f3sfera en la Universidad de Barcelona.","breadcrumb":{"@id":"https:\/\/www.entreculturas.org\/gl\/podcast\/julia-navarro-podcast-ong-cambio-climatico\/#breadcrumb"},"inLanguage":"gl-ES","potentialAction":[{"@type":"ReadAction","target":["https:\/\/www.entreculturas.org\/gl\/podcast\/julia-navarro-podcast-ong-cambio-climatico\/"]}]},{"@type":"ImageObject","inLanguage":"gl-ES","@id":"https:\/\/www.entreculturas.org\/gl\/podcast\/julia-navarro-podcast-ong-cambio-climatico\/#primaryimage","url":"https:\/\/www.entreculturas.org\/wp-content\/uploads\/2025\/11\/Llasat-Somos.jpg","contentUrl":"https:\/\/www.entreculturas.org\/wp-content\/uploads\/2025\/11\/Llasat-Somos.jpg","width":800,"height":533,"caption":"Julia Navarro habla sobre cambio clim\u00e1tico con M\u00aa del Carmen Llasat"},{"@type":"BreadcrumbList","@id":"https:\/\/www.entreculturas.org\/gl\/podcast\/julia-navarro-podcast-ong-cambio-climatico\/#breadcrumb","itemListElement":[{"@type":"ListItem","position":1,"name":"Home","item":"https:\/\/www.entreculturas.org\/gl\/"},{"@type":"ListItem","position":2,"name":"Podcast Julia Navarro","item":"https:\/\/www.entreculturas.org\/gl\/podcasts\/"},{"@type":"ListItem","position":3,"name":"Julia Navarro conversa con M\u00aa del Carmen Llasat sobre cambio clim\u00e1tico: \u201cLos pa\u00edses que menos han contribuido ser\u00e1n los m\u00e1s afectados\u201d"}]},{"@type":"WebSite","@id":"https:\/\/www.entreculturas.org\/gl\/#website","url":"https:\/\/www.entreculturas.org\/gl\/","name":"Entreculturas","description":"","publisher":{"@id":"https:\/\/www.entreculturas.org\/gl\/#organization"},"alternateName":"Entreculturas","potentialAction":[{"@type":"SearchAction","target":{"@type":"EntryPoint","urlTemplate":"https:\/\/www.entreculturas.org\/gl\/?s={search_term_string}"},"query-input":{"@type":"PropertyValueSpecification","valueRequired":true,"valueName":"search_term_string"}}],"inLanguage":"gl-ES"},{"@type":"Organization","@id":"https:\/\/www.entreculturas.org\/gl\/#organization","name":"Entreculturas","url":"https:\/\/www.entreculturas.org\/gl\/","logo":{"@type":"ImageObject","inLanguage":"gl-ES","@id":"https:\/\/www.entreculturas.org\/gl\/#\/schema\/logo\/image\/","url":"https:\/\/www.entreculturas.org\/wp-content\/uploads\/2025\/10\/ESP.svg","contentUrl":"https:\/\/www.entreculturas.org\/wp-content\/uploads\/2025\/10\/ESP.svg","caption":"Entreculturas"},"image":{"@id":"https:\/\/www.entreculturas.org\/gl\/#\/schema\/logo\/image\/"},"sameAs":["https:\/\/www.facebook.com\/entreculturas","https:\/\/x.com\/Entreculturas","https:\/\/www.instagram.com\/entreculturas\/","https:\/\/www.youtube.com\/user\/entreculturasvideo","https:\/\/www.linkedin.com\/company\/fundacion-entreculturas-ngdo\/","https:\/\/www.flickr.com\/photos\/98455522@N04\/albums\/"]}]}},"_links":{"self":[{"href":"https:\/\/www.entreculturas.org\/gl\/wp-json\/wp\/v2\/podcast\/44863","targetHints":{"allow":["GET"]}}],"collection":[{"href":"https:\/\/www.entreculturas.org\/gl\/wp-json\/wp\/v2\/podcast"}],"about":[{"href":"https:\/\/www.entreculturas.org\/gl\/wp-json\/wp\/v2\/types\/podcast"}],"wp:featuredmedia":[{"embeddable":true,"href":"https:\/\/www.entreculturas.org\/gl\/wp-json\/wp\/v2\/media\/44865"}],"wp:attachment":[{"href":"https:\/\/www.entreculturas.org\/gl\/wp-json\/wp\/v2\/media?parent=44863"}],"wp:term":[{"taxonomy":"category","embeddable":true,"href":"https:\/\/www.entreculturas.org\/gl\/wp-json\/wp\/v2\/categories?post=44863"},{"taxonomy":"post_tag","embeddable":true,"href":"https:\/\/www.entreculturas.org\/gl\/wp-json\/wp\/v2\/tags?post=44863"}],"curies":[{"name":"wp","href":"https:\/\/api.w.org\/{rel}","templated":true}]}}