{"id":44343,"date":"2025-10-29T14:35:38","date_gmt":"2025-10-29T13:35:38","guid":{"rendered":"https:\/\/www.entreculturas.org\/?post_type=podcast&#038;p=44343"},"modified":"2025-10-29T14:57:41","modified_gmt":"2025-10-29T13:57:41","slug":"julia-navarro-podcast-dana-valencia","status":"publish","type":"podcast","link":"https:\/\/www.entreculturas.org\/gl\/podcast\/julia-navarro-podcast-dana-valencia\/","title":{"rendered":"&#8220;Tiene que haber solidaridad y cooperaci\u00f3n para salir adelante de emergencias como la de la DANA, si no, no se sale&#8221;"},"content":{"rendered":"\n<p>Esta semana, en el podcast de <a href=\"https:\/\/www.entreculturas.org\/podcast\/\">Voces por una Causa<\/a>, la escritora <strong>Julia Navarro conversa <\/strong>con <strong>Encarna Dur\u00e1n, coordinadora de Entreculturas en la Comunidad Valenciana y Murcia.<\/strong> Con ella, nos acercamos al trabajo de las obras de la Compa\u00f1\u00eda de Jes\u00fas en la <a href=\"https:\/\/emergencias-sj.org\/emergencia-dana\/\">respuesta<\/a> y reconstrucci\u00f3n tras la DANA que golpe\u00f3 duramente la Comunidad Valenciana en octubre de 2024.<\/p>\n\n\n\n<h2 class=\"wp-block-heading\" id=\"h-de-que-nos-habla-encarna-en-el-episodio\"><strong>\u00bfDe qu\u00e9 nos habla Encarna en el episodio?<\/strong><\/h2>\n\n\n\n<p>En este episodio, Encarna relata c\u00f3mo se vivieron los primeros d\u00edas tras la cat\u00e1strofe, la conmoci\u00f3n colectiva y el esfuerzo conjunto de las entidades jesuitas para atender las necesidades m\u00e1s urgentes. \u201cLa devastaci\u00f3n y la afectaci\u00f3n fue enorme. Fueron momentos muy duros y los vivimos con mucha incertidumbre, con mucho miedo y sobre todo intentando saber c\u00f3mo estaba nuestra gente\u201d, recuerda.<\/p>\n\n\n\n<p>Adem\u00e1s, Encarna recalca la importancia de la coordinaci\u00f3n y la cooperaci\u00f3n entre todas las obras de la Compa\u00f1\u00eda en Valencia, que formaron un comit\u00e9 de emergencia para canalizar la ayuda y acompa\u00f1ar a las comunidades m\u00e1s afectadas. En sus palabras: \u201cFue una respuesta total de emergencia a la que muchas de nosotras no est\u00e1bamos acostumbradas a trabajar as\u00ed\u201d.<\/p>\n\n\n\n<p>A lo largo de la conversaci\u00f3n, Encarna explica c\u00f3mo, meses despu\u00e9s, el trabajo contin\u00faa a trav\u00e9s de programas como <em>Espai Xarxa Solidaria<\/em>, que ofrece espacios de encuentro, escucha y recuperaci\u00f3n emocional para ni\u00f1as, ni\u00f1os y j\u00f3venes afectados. \u201cEra necesario escuchar mucho al profesorado, al alumnado y a las familias y preguntarles qu\u00e9 necesit\u00e1is y c\u00f3mo est\u00e1is\u201d, destaca.<\/p>\n\n\n\n<p>Por \u00faltimo, Encarna y Julia profundizan en el papel de la solidaridad y en c\u00f3mo la reconstrucci\u00f3n va m\u00e1s all\u00e1 de lo material. \u201cSi algo se puede aprender de todo, esto es que de las situaciones graves solo se puede salir cooperando. Que tiene que haber solidaridad y cooperaci\u00f3n para salir adelante, si no, no se sale\u201d, subraya Encarna.<\/p>\n\n\n\n<h2 class=\"wp-block-heading\" id=\"h-que-es-voces-por-una-causa-con-julia-navarro\"><strong>\u00bfQu\u00e9 es \u2018Voces por una Causa\u2019 con Julia Navarro?<\/strong><\/h2>\n\n\n\n<p>Presentado por la escritora y periodista Julia Navarro, <a href=\"https:\/\/www.entreculturas.org\/podcast\/\"><strong>\u2018Voces por una causa\u2019<\/strong><\/a><strong> es el podcast semanal de la ONG Entreculturas<\/strong> que explora cuestiones sociales, medioambientales y culturales a trav\u00e9s de testimonios en primera persona. Los programas se emiten todos los jueves en nuestro canal de <a href=\"https:\/\/www.youtube.com\/c\/EntreculturasOrg915902672\">Youtube<\/a>, en <a href=\"https:\/\/open.spotify.com\/show\/6dS5JsqnsWrnHL1gwead1A\">Spotify<\/a>, en <a href=\"https:\/\/www.ivoox.com\/perfil-entreculturas_a8_listener_28185270_1.html\">Ivoox<\/a>, y en <a href=\"https:\/\/podcasts.apple.com\/us\/podcast\/entreculturas-voces-por-una-causa\/id1621485462\">Apple Podcast<\/a>.<\/p>\n","protected":false},"excerpt":{"rendered":"<p>Esta semana, en el podcast de Voces por una Causa, la escritora Julia Navarro conversa con Encarna Dur\u00e1n, coordinadora de Entreculturas en la Comunidad Valenciana y Murcia. Con ella, nos acercamos al trabajo de las obras de la Compa\u00f1\u00eda de Jes\u00fas en la respuesta y reconstrucci\u00f3n tras la DANA que golpe\u00f3 duramente la Comunidad Valenciana en octubre de 2024. \u00bfDe qu\u00e9 nos habla Encarna en el episodio? En este episodio, Encarna relata c\u00f3mo se vivieron los primeros d\u00edas tras la cat\u00e1strofe, la conmoci\u00f3n colectiva y el esfuerzo conjunto de las entidades jesuitas para atender las necesidades m\u00e1s urgentes. \u201cLa devastaci\u00f3n y la afectaci\u00f3n fue enorme. Fueron momentos muy duros y los vivimos con mucha incertidumbre, con mucho miedo y sobre todo intentando saber c\u00f3mo estaba nuestra gente\u201d, recuerda. Adem\u00e1s, Encarna recalca la importancia de la coordinaci\u00f3n y la cooperaci\u00f3n entre todas las obras de la Compa\u00f1\u00eda en Valencia, que formaron [&hellip;]<\/p>\n","protected":false},"featured_media":44345,"template":"","meta":{"_acf_changed":true},"categories":[],"tags":[],"class_list":["post-44343","podcast","type-podcast","status-publish","has-post-thumbnail","hentry"],"acf":[],"yoast_head":"<!-- This site is optimized with the Yoast SEO Premium plugin v21.6 (Yoast SEO v27.5) - https:\/\/yoast.com\/product\/yoast-seo-premium-wordpress\/ -->\n<title>Julia Navarro habla sobre la DANA de Valencia con Encarna Dur\u00e1n<\/title>\n<meta name=\"description\" content=\"La escritora conversa con Encarna Dur\u00e1n, coordinadora de Entreculturas en la Comunidad Valenciana, sobre la respuesta a la DANA de 2024.\" \/>\n<meta name=\"robots\" content=\"index, follow, max-snippet:-1, max-image-preview:large, max-video-preview:-1\" \/>\n<link rel=\"canonical\" href=\"https:\/\/www.entreculturas.org\/gl\/podcast\/julia-navarro-podcast-dana-valencia\/\" \/>\n<meta property=\"og:locale\" content=\"gl_ES\" \/>\n<meta property=\"og:type\" content=\"article\" \/>\n<meta property=\"og:title\" content=\"&quot;Tiene que haber solidaridad y cooperaci\u00f3n para salir adelante de emergencias como la de la DANA, si no, no se sale&quot;\" \/>\n<meta property=\"og:description\" content=\"La escritora conversa con Encarna Dur\u00e1n, coordinadora de Entreculturas en la Comunidad Valenciana, sobre la respuesta a la DANA de 2024.\" \/>\n<meta property=\"og:url\" content=\"https:\/\/www.entreculturas.org\/gl\/podcast\/julia-navarro-podcast-dana-valencia\/\" \/>\n<meta property=\"og:site_name\" content=\"Entreculturas\" \/>\n<meta property=\"article:publisher\" content=\"https:\/\/www.facebook.com\/entreculturas\" \/>\n<meta property=\"article:modified_time\" content=\"2025-10-29T13:57:41+00:00\" \/>\n<meta property=\"og:image\" content=\"https:\/\/www.entreculturas.org\/wp-content\/uploads\/2025\/10\/Editada-Somos-2.jpg\" \/>\n\t<meta property=\"og:image:width\" content=\"800\" \/>\n\t<meta property=\"og:image:height\" content=\"533\" \/>\n\t<meta property=\"og:image:type\" content=\"image\/jpeg\" \/>\n<meta name=\"twitter:card\" content=\"summary_large_image\" \/>\n<meta name=\"twitter:site\" content=\"@Entreculturas\" \/>\n<script type=\"application\/ld+json\" class=\"yoast-schema-graph\">{\"@context\":\"https:\\\/\\\/schema.org\",\"@graph\":[{\"@type\":\"WebPage\",\"@id\":\"https:\\\/\\\/www.entreculturas.org\\\/gl\\\/podcast\\\/julia-navarro-podcast-dana-valencia\\\/\",\"url\":\"https:\\\/\\\/www.entreculturas.org\\\/gl\\\/podcast\\\/julia-navarro-podcast-dana-valencia\\\/\",\"name\":\"Julia Navarro habla sobre la DANA de Valencia con Encarna Dur\u00e1n\",\"isPartOf\":{\"@id\":\"https:\\\/\\\/www.entreculturas.org\\\/gl\\\/#website\"},\"primaryImageOfPage\":{\"@id\":\"https:\\\/\\\/www.entreculturas.org\\\/gl\\\/podcast\\\/julia-navarro-podcast-dana-valencia\\\/#primaryimage\"},\"image\":{\"@id\":\"https:\\\/\\\/www.entreculturas.org\\\/gl\\\/podcast\\\/julia-navarro-podcast-dana-valencia\\\/#primaryimage\"},\"thumbnailUrl\":\"https:\\\/\\\/www.entreculturas.org\\\/wp-content\\\/uploads\\\/2025\\\/10\\\/Editada-Somos-2.jpg\",\"datePublished\":\"2025-10-29T13:35:38+00:00\",\"dateModified\":\"2025-10-29T13:57:41+00:00\",\"description\":\"La escritora conversa con Encarna Dur\u00e1n, coordinadora de Entreculturas en la Comunidad Valenciana, sobre la respuesta a la DANA de 2024.\",\"breadcrumb\":{\"@id\":\"https:\\\/\\\/www.entreculturas.org\\\/gl\\\/podcast\\\/julia-navarro-podcast-dana-valencia\\\/#breadcrumb\"},\"inLanguage\":\"gl-ES\",\"potentialAction\":[{\"@type\":\"ReadAction\",\"target\":[\"https:\\\/\\\/www.entreculturas.org\\\/gl\\\/podcast\\\/julia-navarro-podcast-dana-valencia\\\/\"]}]},{\"@type\":\"ImageObject\",\"inLanguage\":\"gl-ES\",\"@id\":\"https:\\\/\\\/www.entreculturas.org\\\/gl\\\/podcast\\\/julia-navarro-podcast-dana-valencia\\\/#primaryimage\",\"url\":\"https:\\\/\\\/www.entreculturas.org\\\/wp-content\\\/uploads\\\/2025\\\/10\\\/Editada-Somos-2.jpg\",\"contentUrl\":\"https:\\\/\\\/www.entreculturas.org\\\/wp-content\\\/uploads\\\/2025\\\/10\\\/Editada-Somos-2.jpg\",\"width\":800,\"height\":533,\"caption\":\"Julia Navarro conversa sobre la DANA con Encarna Dur\u00e1N\"},{\"@type\":\"BreadcrumbList\",\"@id\":\"https:\\\/\\\/www.entreculturas.org\\\/gl\\\/podcast\\\/julia-navarro-podcast-dana-valencia\\\/#breadcrumb\",\"itemListElement\":[{\"@type\":\"ListItem\",\"position\":1,\"name\":\"Home\",\"item\":\"https:\\\/\\\/www.entreculturas.org\\\/gl\\\/\"},{\"@type\":\"ListItem\",\"position\":2,\"name\":\"Podcast Julia Navarro\",\"item\":\"https:\\\/\\\/www.entreculturas.org\\\/gl\\\/podcasts\\\/\"},{\"@type\":\"ListItem\",\"position\":3,\"name\":\"&#8220;Tiene que haber solidaridad y cooperaci\u00f3n para salir adelante de emergencias como la de la DANA, si no, no se sale&#8221;\"}]},{\"@type\":\"WebSite\",\"@id\":\"https:\\\/\\\/www.entreculturas.org\\\/gl\\\/#website\",\"url\":\"https:\\\/\\\/www.entreculturas.org\\\/gl\\\/\",\"name\":\"Entreculturas\",\"description\":\"\",\"publisher\":{\"@id\":\"https:\\\/\\\/www.entreculturas.org\\\/gl\\\/#organization\"},\"alternateName\":\"Entreculturas\",\"potentialAction\":[{\"@type\":\"SearchAction\",\"target\":{\"@type\":\"EntryPoint\",\"urlTemplate\":\"https:\\\/\\\/www.entreculturas.org\\\/gl\\\/?s={search_term_string}\"},\"query-input\":{\"@type\":\"PropertyValueSpecification\",\"valueRequired\":true,\"valueName\":\"search_term_string\"}}],\"inLanguage\":\"gl-ES\"},{\"@type\":\"Organization\",\"@id\":\"https:\\\/\\\/www.entreculturas.org\\\/gl\\\/#organization\",\"name\":\"Entreculturas\",\"url\":\"https:\\\/\\\/www.entreculturas.org\\\/gl\\\/\",\"logo\":{\"@type\":\"ImageObject\",\"inLanguage\":\"gl-ES\",\"@id\":\"https:\\\/\\\/www.entreculturas.org\\\/gl\\\/#\\\/schema\\\/logo\\\/image\\\/\",\"url\":\"https:\\\/\\\/www.entreculturas.org\\\/wp-content\\\/uploads\\\/2025\\\/10\\\/ESP.svg\",\"contentUrl\":\"https:\\\/\\\/www.entreculturas.org\\\/wp-content\\\/uploads\\\/2025\\\/10\\\/ESP.svg\",\"caption\":\"Entreculturas\"},\"image\":{\"@id\":\"https:\\\/\\\/www.entreculturas.org\\\/gl\\\/#\\\/schema\\\/logo\\\/image\\\/\"},\"sameAs\":[\"https:\\\/\\\/www.facebook.com\\\/entreculturas\",\"https:\\\/\\\/x.com\\\/Entreculturas\",\"https:\\\/\\\/www.instagram.com\\\/entreculturas\\\/\",\"https:\\\/\\\/www.youtube.com\\\/user\\\/entreculturasvideo\",\"https:\\\/\\\/www.linkedin.com\\\/company\\\/fundacion-entreculturas-ngdo\\\/\",\"https:\\\/\\\/www.flickr.com\\\/photos\\\/98455522@N04\\\/albums\\\/\"]}]}<\/script>\n<!-- \/ Yoast SEO Premium plugin. -->","yoast_head_json":{"title":"Julia Navarro habla sobre la DANA de Valencia con Encarna Dur\u00e1n","description":"La escritora conversa con Encarna Dur\u00e1n, coordinadora de Entreculturas en la Comunidad Valenciana, sobre la respuesta a la DANA de 2024.","robots":{"index":"index","follow":"follow","max-snippet":"max-snippet:-1","max-image-preview":"max-image-preview:large","max-video-preview":"max-video-preview:-1"},"canonical":"https:\/\/www.entreculturas.org\/gl\/podcast\/julia-navarro-podcast-dana-valencia\/","og_locale":"gl_ES","og_type":"article","og_title":"\"Tiene que haber solidaridad y cooperaci\u00f3n para salir adelante de emergencias como la de la DANA, si no, no se sale\"","og_description":"La escritora conversa con Encarna Dur\u00e1n, coordinadora de Entreculturas en la Comunidad Valenciana, sobre la respuesta a la DANA de 2024.","og_url":"https:\/\/www.entreculturas.org\/gl\/podcast\/julia-navarro-podcast-dana-valencia\/","og_site_name":"Entreculturas","article_publisher":"https:\/\/www.facebook.com\/entreculturas","article_modified_time":"2025-10-29T13:57:41+00:00","og_image":[{"width":800,"height":533,"url":"https:\/\/www.entreculturas.org\/wp-content\/uploads\/2025\/10\/Editada-Somos-2.jpg","type":"image\/jpeg"}],"twitter_card":"summary_large_image","twitter_site":"@Entreculturas","schema":{"@context":"https:\/\/schema.org","@graph":[{"@type":"WebPage","@id":"https:\/\/www.entreculturas.org\/gl\/podcast\/julia-navarro-podcast-dana-valencia\/","url":"https:\/\/www.entreculturas.org\/gl\/podcast\/julia-navarro-podcast-dana-valencia\/","name":"Julia Navarro habla sobre la DANA de Valencia con Encarna Dur\u00e1n","isPartOf":{"@id":"https:\/\/www.entreculturas.org\/gl\/#website"},"primaryImageOfPage":{"@id":"https:\/\/www.entreculturas.org\/gl\/podcast\/julia-navarro-podcast-dana-valencia\/#primaryimage"},"image":{"@id":"https:\/\/www.entreculturas.org\/gl\/podcast\/julia-navarro-podcast-dana-valencia\/#primaryimage"},"thumbnailUrl":"https:\/\/www.entreculturas.org\/wp-content\/uploads\/2025\/10\/Editada-Somos-2.jpg","datePublished":"2025-10-29T13:35:38+00:00","dateModified":"2025-10-29T13:57:41+00:00","description":"La escritora conversa con Encarna Dur\u00e1n, coordinadora de Entreculturas en la Comunidad Valenciana, sobre la respuesta a la DANA de 2024.","breadcrumb":{"@id":"https:\/\/www.entreculturas.org\/gl\/podcast\/julia-navarro-podcast-dana-valencia\/#breadcrumb"},"inLanguage":"gl-ES","potentialAction":[{"@type":"ReadAction","target":["https:\/\/www.entreculturas.org\/gl\/podcast\/julia-navarro-podcast-dana-valencia\/"]}]},{"@type":"ImageObject","inLanguage":"gl-ES","@id":"https:\/\/www.entreculturas.org\/gl\/podcast\/julia-navarro-podcast-dana-valencia\/#primaryimage","url":"https:\/\/www.entreculturas.org\/wp-content\/uploads\/2025\/10\/Editada-Somos-2.jpg","contentUrl":"https:\/\/www.entreculturas.org\/wp-content\/uploads\/2025\/10\/Editada-Somos-2.jpg","width":800,"height":533,"caption":"Julia Navarro conversa sobre la DANA con Encarna Dur\u00e1N"},{"@type":"BreadcrumbList","@id":"https:\/\/www.entreculturas.org\/gl\/podcast\/julia-navarro-podcast-dana-valencia\/#breadcrumb","itemListElement":[{"@type":"ListItem","position":1,"name":"Home","item":"https:\/\/www.entreculturas.org\/gl\/"},{"@type":"ListItem","position":2,"name":"Podcast Julia Navarro","item":"https:\/\/www.entreculturas.org\/gl\/podcasts\/"},{"@type":"ListItem","position":3,"name":"&#8220;Tiene que haber solidaridad y cooperaci\u00f3n para salir adelante de emergencias como la de la DANA, si no, no se sale&#8221;"}]},{"@type":"WebSite","@id":"https:\/\/www.entreculturas.org\/gl\/#website","url":"https:\/\/www.entreculturas.org\/gl\/","name":"Entreculturas","description":"","publisher":{"@id":"https:\/\/www.entreculturas.org\/gl\/#organization"},"alternateName":"Entreculturas","potentialAction":[{"@type":"SearchAction","target":{"@type":"EntryPoint","urlTemplate":"https:\/\/www.entreculturas.org\/gl\/?s={search_term_string}"},"query-input":{"@type":"PropertyValueSpecification","valueRequired":true,"valueName":"search_term_string"}}],"inLanguage":"gl-ES"},{"@type":"Organization","@id":"https:\/\/www.entreculturas.org\/gl\/#organization","name":"Entreculturas","url":"https:\/\/www.entreculturas.org\/gl\/","logo":{"@type":"ImageObject","inLanguage":"gl-ES","@id":"https:\/\/www.entreculturas.org\/gl\/#\/schema\/logo\/image\/","url":"https:\/\/www.entreculturas.org\/wp-content\/uploads\/2025\/10\/ESP.svg","contentUrl":"https:\/\/www.entreculturas.org\/wp-content\/uploads\/2025\/10\/ESP.svg","caption":"Entreculturas"},"image":{"@id":"https:\/\/www.entreculturas.org\/gl\/#\/schema\/logo\/image\/"},"sameAs":["https:\/\/www.facebook.com\/entreculturas","https:\/\/x.com\/Entreculturas","https:\/\/www.instagram.com\/entreculturas\/","https:\/\/www.youtube.com\/user\/entreculturasvideo","https:\/\/www.linkedin.com\/company\/fundacion-entreculturas-ngdo\/","https:\/\/www.flickr.com\/photos\/98455522@N04\/albums\/"]}]}},"_links":{"self":[{"href":"https:\/\/www.entreculturas.org\/gl\/wp-json\/wp\/v2\/podcast\/44343","targetHints":{"allow":["GET"]}}],"collection":[{"href":"https:\/\/www.entreculturas.org\/gl\/wp-json\/wp\/v2\/podcast"}],"about":[{"href":"https:\/\/www.entreculturas.org\/gl\/wp-json\/wp\/v2\/types\/podcast"}],"wp:featuredmedia":[{"embeddable":true,"href":"https:\/\/www.entreculturas.org\/gl\/wp-json\/wp\/v2\/media\/44345"}],"wp:attachment":[{"href":"https:\/\/www.entreculturas.org\/gl\/wp-json\/wp\/v2\/media?parent=44343"}],"wp:term":[{"taxonomy":"category","embeddable":true,"href":"https:\/\/www.entreculturas.org\/gl\/wp-json\/wp\/v2\/categories?post=44343"},{"taxonomy":"post_tag","embeddable":true,"href":"https:\/\/www.entreculturas.org\/gl\/wp-json\/wp\/v2\/tags?post=44343"}],"curies":[{"name":"wp","href":"https:\/\/api.w.org\/{rel}","templated":true}]}}