{"id":38993,"date":"2025-05-14T09:41:07","date_gmt":"2025-05-14T07:41:07","guid":{"rendered":"https:\/\/www.entreculturas.org\/?post_type=podcast&#038;p=38993"},"modified":"2025-05-14T10:21:17","modified_gmt":"2025-05-14T08:21:17","slug":"julia-navarro-podcast-ong-entreculturas-luz-ninas-guatemala","status":"publish","type":"podcast","link":"https:\/\/www.entreculturas.org\/gl\/podcast\/julia-navarro-podcast-ong-entreculturas-luz-ninas-guatemala\/","title":{"rendered":"&#8220;Es importante que las ni\u00f1as sepan que tienen derechos\u201d"},"content":{"rendered":"\n<p>Esta semana, en el podcast de <a href=\"https:\/\/www.entreculturas.org\/podcast\/\">Voces por una Causa<\/a>, la escritora <strong>Julia Navarro conversa con Sof\u00eda Guti\u00e9rrez Santos, Responsable de Acci\u00f3n P\u00fablica de Fe y Alegr\u00eda Guatemala<\/strong>. Con ella exploramos el trabajo que realiza el programa de Entreculturas, <a href=\"https:\/\/www.entreculturas.org\/la-luz-de-las-ninas\/\">La LUZ de las NI\u00d1AS<\/a>, en Guatemala, enfocado en la defensa de los derechos de las ni\u00f1as y la promoci\u00f3n de la igualdad.<\/p>\n\n\n\n<h2 class=\"wp-block-heading\" id=\"h-de-que-nos-habla-sofia-gutierrez-en-el-episodio\"><strong>\u00bfDe qu\u00e9 nos habla Sof\u00eda Guti\u00e9rrez en el episodio?<\/strong><\/h2>\n\n\n\n<p>En este episodio, Sof\u00eda Guti\u00e9rrez explica c\u00f3mo La LUZ de las NI\u00d1AS trabaja por mejorar las condiciones de las ni\u00f1as de Guatemala <strong>a trav\u00e9s del acompa\u00f1amiento emocional y educativo<\/strong>. En palabras de Sof\u00eda, \u201cpara nosotras es importante que las ni\u00f1as sepan, que tienen derechos, pero que tambi\u00e9n tienen mucha fortaleza, mucha luz interior para salir adelante y lograr lo que ellas quieren ser e igualmente es importante que sepan que nos tienen como red. Que estamos a su lado\u201d.<\/p>\n\n\n\n<p>Adem\u00e1s, Sof\u00eda explica que La LUZ de las NI\u00d1AS no solo trabaja con ni\u00f1as, sino tambi\u00e9n con sus entornos familiares y escolares, enfrentando creencias arraigadas que frenan su desarrollo. <strong>\u201cEs fundamental que en todo el proceso que se trabaja con una ni\u00f1a, se involucre todo su contexto<\/strong>. Sin embargo, eso es uno de los grandes retos, porque no hay conciencia sobre esa desigualdad\u201d, afirma Sof\u00eda, que tambi\u00e9n se\u00f1ala el papel crucial que tienen las madres para incidir en la importancia de que las ni\u00f1as sigan en las escuelas.\u00a0<\/p>\n\n\n\n<p>Por \u00faltimo, Sof\u00eda explica que las ni\u00f1as ind\u00edgenas de zonas rurales de Guatemala son quienes viven las mayores formas de exclusi\u00f3n y violencia, siendo de <strong>tres a\u00f1os el promedio de tiempo en el que est\u00e1n en la escuela<\/strong>. Frente a esa realidad, explica Sof\u00eda, La LUZ de las NI\u00d1AS trabaja actualmente en diez escuelas de comunidades como Santa Luc\u00eda La Reforma, donde acompa\u00f1an a 300 ni\u00f1as al a\u00f1o, donde se forman sobre distintos temas que van desde sus derechos humanos a c\u00f3mo mejorar su autoestima.\u00a0<\/p>\n\n\n\n<h2 class=\"wp-block-heading\" id=\"h-que-es-voces-por-una-causa-con-julia-navarro\"><strong>\u00bfQu\u00e9 es \u2018Voces por una Causa\u2019 con Julia Navarro?<\/strong><\/h2>\n\n\n\n<p>Presentado por la escritora y periodista Julia Navarro, <a href=\"https:\/\/www.entreculturas.org\/podcast\/\"><strong>\u2018Voces por una causa\u2019<\/strong><\/a><strong> es el podcast semanal de la ONG Entreculturas<\/strong> que explora cuestiones sociales, medioambientales y culturales a trav\u00e9s de testimonios en primera persona. Los programas se emiten todos los jueves en nuestro canal de <a href=\"https:\/\/www.youtube.com\/c\/EntreculturasOrg915902672\">Youtube<\/a>, en <a href=\"https:\/\/open.spotify.com\/show\/6dS5JsqnsWrnHL1gwead1A\">Spotify<\/a>, en <a href=\"https:\/\/www.ivoox.com\/perfil-entreculturas_a8_listener_28185270_1.html\">Ivoox<\/a>, y en <a href=\"https:\/\/podcasts.apple.com\/us\/podcast\/entreculturas-voces-por-una-causa\/id1621485462\">Apple Podcast<\/a>.<\/p>\n\n\n\n<iframe style=\"border-radius:12px\" src=\"https:\/\/open.spotify.com\/embed\/episode\/4So9XRKvMt0WTpnG3RZCDE?utm_source=generator\" width=\"100%\" height=\"352\" frameBorder=\"0\" allowfullscreen=\"\" allow=\"autoplay; clipboard-write; encrypted-media; fullscreen; picture-in-picture\" loading=\"lazy\"><\/iframe>\n\n\n\n<p><\/p>\n","protected":false},"excerpt":{"rendered":"<p>Esta semana, en el podcast de Voces por una Causa, la escritora Julia Navarro conversa con Sof\u00eda Guti\u00e9rrez Santos, Responsable de Acci\u00f3n P\u00fablica de Fe y Alegr\u00eda Guatemala. Con ella exploramos el trabajo que realiza el programa de Entreculturas, La LUZ de las NI\u00d1AS, en Guatemala, enfocado en la defensa de los derechos de las ni\u00f1as y la promoci\u00f3n de la igualdad. \u00bfDe qu\u00e9 nos habla Sof\u00eda Guti\u00e9rrez en el episodio? En este episodio, Sof\u00eda Guti\u00e9rrez explica c\u00f3mo La LUZ de las NI\u00d1AS trabaja por mejorar las condiciones de las ni\u00f1as de Guatemala a trav\u00e9s del acompa\u00f1amiento emocional y educativo. En palabras de Sof\u00eda, \u201cpara nosotras es importante que las ni\u00f1as sepan, que tienen derechos, pero que tambi\u00e9n tienen mucha fortaleza, mucha luz interior para salir adelante y lograr lo que ellas quieren ser e igualmente es importante que sepan que nos tienen como red. Que estamos a su lado\u201d. [&hellip;]<\/p>\n","protected":false},"featured_media":38995,"template":"","meta":{"_acf_changed":false},"categories":[],"tags":[],"class_list":["post-38993","podcast","type-podcast","status-publish","has-post-thumbnail","hentry"],"acf":[],"yoast_head":"<!-- This site is optimized with the Yoast SEO Premium plugin v21.6 (Yoast SEO v27.5) - https:\/\/yoast.com\/product\/yoast-seo-premium-wordpress\/ -->\n<title>Julia Navarro habla con Sof\u00eda Guti\u00e9rrez sobre La Luz de las Ni\u00f1as<\/title>\n<meta name=\"description\" content=\"Julia Navarro conversa con Sof\u00eda Guti\u00e9rrez Santos, Responsable de Acci\u00f3n P\u00fablica de Fe y Alegr\u00eda Guatemala, sobre La LUZ de las NI\u00d1AS\" \/>\n<meta name=\"robots\" content=\"index, follow, max-snippet:-1, max-image-preview:large, max-video-preview:-1\" \/>\n<link rel=\"canonical\" href=\"https:\/\/www.entreculturas.org\/gl\/podcast\/julia-navarro-podcast-ong-entreculturas-luz-ninas-guatemala\/\" \/>\n<meta property=\"og:locale\" content=\"gl_ES\" \/>\n<meta property=\"og:type\" content=\"article\" \/>\n<meta property=\"og:title\" content=\"&quot;Es importante que las ni\u00f1as sepan que tienen derechos\u201d\" \/>\n<meta property=\"og:description\" content=\"Julia Navarro conversa con Sof\u00eda Guti\u00e9rrez Santos, Responsable de Acci\u00f3n P\u00fablica de Fe y Alegr\u00eda Guatemala, sobre La LUZ de las NI\u00d1AS\" \/>\n<meta property=\"og:url\" content=\"https:\/\/www.entreculturas.org\/gl\/podcast\/julia-navarro-podcast-ong-entreculturas-luz-ninas-guatemala\/\" \/>\n<meta property=\"og:site_name\" content=\"Entreculturas\" \/>\n<meta property=\"article:publisher\" content=\"https:\/\/www.facebook.com\/entreculturas\" \/>\n<meta property=\"article:modified_time\" content=\"2025-05-14T08:21:17+00:00\" \/>\n<meta property=\"og:image\" content=\"https:\/\/www.entreculturas.org\/wp-content\/uploads\/2025\/05\/Sofia-1-Comprimida.jpg\" \/>\n\t<meta property=\"og:image:width\" content=\"800\" \/>\n\t<meta property=\"og:image:height\" content=\"533\" \/>\n\t<meta property=\"og:image:type\" content=\"image\/jpeg\" \/>\n<meta name=\"twitter:card\" content=\"summary_large_image\" \/>\n<meta name=\"twitter:site\" content=\"@Entreculturas\" \/>\n<script type=\"application\/ld+json\" class=\"yoast-schema-graph\">{\"@context\":\"https:\\\/\\\/schema.org\",\"@graph\":[{\"@type\":\"WebPage\",\"@id\":\"https:\\\/\\\/www.entreculturas.org\\\/gl\\\/podcast\\\/julia-navarro-podcast-ong-entreculturas-luz-ninas-guatemala\\\/\",\"url\":\"https:\\\/\\\/www.entreculturas.org\\\/gl\\\/podcast\\\/julia-navarro-podcast-ong-entreculturas-luz-ninas-guatemala\\\/\",\"name\":\"Julia Navarro habla con Sof\u00eda Guti\u00e9rrez sobre La Luz de las Ni\u00f1as\",\"isPartOf\":{\"@id\":\"https:\\\/\\\/www.entreculturas.org\\\/gl\\\/#website\"},\"primaryImageOfPage\":{\"@id\":\"https:\\\/\\\/www.entreculturas.org\\\/gl\\\/podcast\\\/julia-navarro-podcast-ong-entreculturas-luz-ninas-guatemala\\\/#primaryimage\"},\"image\":{\"@id\":\"https:\\\/\\\/www.entreculturas.org\\\/gl\\\/podcast\\\/julia-navarro-podcast-ong-entreculturas-luz-ninas-guatemala\\\/#primaryimage\"},\"thumbnailUrl\":\"https:\\\/\\\/www.entreculturas.org\\\/wp-content\\\/uploads\\\/2025\\\/05\\\/Sofia-1-Comprimida.jpg\",\"datePublished\":\"2025-05-14T07:41:07+00:00\",\"dateModified\":\"2025-05-14T08:21:17+00:00\",\"description\":\"Julia Navarro conversa con Sof\u00eda Guti\u00e9rrez Santos, Responsable de Acci\u00f3n P\u00fablica de Fe y Alegr\u00eda Guatemala, sobre La LUZ de las NI\u00d1AS\",\"breadcrumb\":{\"@id\":\"https:\\\/\\\/www.entreculturas.org\\\/gl\\\/podcast\\\/julia-navarro-podcast-ong-entreculturas-luz-ninas-guatemala\\\/#breadcrumb\"},\"inLanguage\":\"gl-ES\",\"potentialAction\":[{\"@type\":\"ReadAction\",\"target\":[\"https:\\\/\\\/www.entreculturas.org\\\/gl\\\/podcast\\\/julia-navarro-podcast-ong-entreculturas-luz-ninas-guatemala\\\/\"]}]},{\"@type\":\"ImageObject\",\"inLanguage\":\"gl-ES\",\"@id\":\"https:\\\/\\\/www.entreculturas.org\\\/gl\\\/podcast\\\/julia-navarro-podcast-ong-entreculturas-luz-ninas-guatemala\\\/#primaryimage\",\"url\":\"https:\\\/\\\/www.entreculturas.org\\\/wp-content\\\/uploads\\\/2025\\\/05\\\/Sofia-1-Comprimida.jpg\",\"contentUrl\":\"https:\\\/\\\/www.entreculturas.org\\\/wp-content\\\/uploads\\\/2025\\\/05\\\/Sofia-1-Comprimida.jpg\",\"width\":800,\"height\":533},{\"@type\":\"BreadcrumbList\",\"@id\":\"https:\\\/\\\/www.entreculturas.org\\\/gl\\\/podcast\\\/julia-navarro-podcast-ong-entreculturas-luz-ninas-guatemala\\\/#breadcrumb\",\"itemListElement\":[{\"@type\":\"ListItem\",\"position\":1,\"name\":\"Home\",\"item\":\"https:\\\/\\\/www.entreculturas.org\\\/gl\\\/\"},{\"@type\":\"ListItem\",\"position\":2,\"name\":\"Podcast Julia Navarro\",\"item\":\"https:\\\/\\\/www.entreculturas.org\\\/gl\\\/podcasts\\\/\"},{\"@type\":\"ListItem\",\"position\":3,\"name\":\"&#8220;Es importante que las ni\u00f1as sepan que tienen derechos\u201d\"}]},{\"@type\":\"WebSite\",\"@id\":\"https:\\\/\\\/www.entreculturas.org\\\/gl\\\/#website\",\"url\":\"https:\\\/\\\/www.entreculturas.org\\\/gl\\\/\",\"name\":\"Entreculturas\",\"description\":\"\",\"publisher\":{\"@id\":\"https:\\\/\\\/www.entreculturas.org\\\/gl\\\/#organization\"},\"alternateName\":\"Entreculturas\",\"potentialAction\":[{\"@type\":\"SearchAction\",\"target\":{\"@type\":\"EntryPoint\",\"urlTemplate\":\"https:\\\/\\\/www.entreculturas.org\\\/gl\\\/?s={search_term_string}\"},\"query-input\":{\"@type\":\"PropertyValueSpecification\",\"valueRequired\":true,\"valueName\":\"search_term_string\"}}],\"inLanguage\":\"gl-ES\"},{\"@type\":\"Organization\",\"@id\":\"https:\\\/\\\/www.entreculturas.org\\\/gl\\\/#organization\",\"name\":\"Entreculturas\",\"url\":\"https:\\\/\\\/www.entreculturas.org\\\/gl\\\/\",\"logo\":{\"@type\":\"ImageObject\",\"inLanguage\":\"gl-ES\",\"@id\":\"https:\\\/\\\/www.entreculturas.org\\\/gl\\\/#\\\/schema\\\/logo\\\/image\\\/\",\"url\":\"https:\\\/\\\/www.entreculturas.org\\\/wp-content\\\/uploads\\\/2025\\\/10\\\/ESP.svg\",\"contentUrl\":\"https:\\\/\\\/www.entreculturas.org\\\/wp-content\\\/uploads\\\/2025\\\/10\\\/ESP.svg\",\"caption\":\"Entreculturas\"},\"image\":{\"@id\":\"https:\\\/\\\/www.entreculturas.org\\\/gl\\\/#\\\/schema\\\/logo\\\/image\\\/\"},\"sameAs\":[\"https:\\\/\\\/www.facebook.com\\\/entreculturas\",\"https:\\\/\\\/x.com\\\/Entreculturas\",\"https:\\\/\\\/www.instagram.com\\\/entreculturas\\\/\",\"https:\\\/\\\/www.youtube.com\\\/user\\\/entreculturasvideo\",\"https:\\\/\\\/www.linkedin.com\\\/company\\\/fundacion-entreculturas-ngdo\\\/\",\"https:\\\/\\\/www.flickr.com\\\/photos\\\/98455522@N04\\\/albums\\\/\"]}]}<\/script>\n<!-- \/ Yoast SEO Premium plugin. -->","yoast_head_json":{"title":"Julia Navarro habla con Sof\u00eda Guti\u00e9rrez sobre La Luz de las Ni\u00f1as","description":"Julia Navarro conversa con Sof\u00eda Guti\u00e9rrez Santos, Responsable de Acci\u00f3n P\u00fablica de Fe y Alegr\u00eda Guatemala, sobre La LUZ de las NI\u00d1AS","robots":{"index":"index","follow":"follow","max-snippet":"max-snippet:-1","max-image-preview":"max-image-preview:large","max-video-preview":"max-video-preview:-1"},"canonical":"https:\/\/www.entreculturas.org\/gl\/podcast\/julia-navarro-podcast-ong-entreculturas-luz-ninas-guatemala\/","og_locale":"gl_ES","og_type":"article","og_title":"\"Es importante que las ni\u00f1as sepan que tienen derechos\u201d","og_description":"Julia Navarro conversa con Sof\u00eda Guti\u00e9rrez Santos, Responsable de Acci\u00f3n P\u00fablica de Fe y Alegr\u00eda Guatemala, sobre La LUZ de las NI\u00d1AS","og_url":"https:\/\/www.entreculturas.org\/gl\/podcast\/julia-navarro-podcast-ong-entreculturas-luz-ninas-guatemala\/","og_site_name":"Entreculturas","article_publisher":"https:\/\/www.facebook.com\/entreculturas","article_modified_time":"2025-05-14T08:21:17+00:00","og_image":[{"width":800,"height":533,"url":"https:\/\/www.entreculturas.org\/wp-content\/uploads\/2025\/05\/Sofia-1-Comprimida.jpg","type":"image\/jpeg"}],"twitter_card":"summary_large_image","twitter_site":"@Entreculturas","schema":{"@context":"https:\/\/schema.org","@graph":[{"@type":"WebPage","@id":"https:\/\/www.entreculturas.org\/gl\/podcast\/julia-navarro-podcast-ong-entreculturas-luz-ninas-guatemala\/","url":"https:\/\/www.entreculturas.org\/gl\/podcast\/julia-navarro-podcast-ong-entreculturas-luz-ninas-guatemala\/","name":"Julia Navarro habla con Sof\u00eda Guti\u00e9rrez sobre La Luz de las Ni\u00f1as","isPartOf":{"@id":"https:\/\/www.entreculturas.org\/gl\/#website"},"primaryImageOfPage":{"@id":"https:\/\/www.entreculturas.org\/gl\/podcast\/julia-navarro-podcast-ong-entreculturas-luz-ninas-guatemala\/#primaryimage"},"image":{"@id":"https:\/\/www.entreculturas.org\/gl\/podcast\/julia-navarro-podcast-ong-entreculturas-luz-ninas-guatemala\/#primaryimage"},"thumbnailUrl":"https:\/\/www.entreculturas.org\/wp-content\/uploads\/2025\/05\/Sofia-1-Comprimida.jpg","datePublished":"2025-05-14T07:41:07+00:00","dateModified":"2025-05-14T08:21:17+00:00","description":"Julia Navarro conversa con Sof\u00eda Guti\u00e9rrez Santos, Responsable de Acci\u00f3n P\u00fablica de Fe y Alegr\u00eda Guatemala, sobre La LUZ de las NI\u00d1AS","breadcrumb":{"@id":"https:\/\/www.entreculturas.org\/gl\/podcast\/julia-navarro-podcast-ong-entreculturas-luz-ninas-guatemala\/#breadcrumb"},"inLanguage":"gl-ES","potentialAction":[{"@type":"ReadAction","target":["https:\/\/www.entreculturas.org\/gl\/podcast\/julia-navarro-podcast-ong-entreculturas-luz-ninas-guatemala\/"]}]},{"@type":"ImageObject","inLanguage":"gl-ES","@id":"https:\/\/www.entreculturas.org\/gl\/podcast\/julia-navarro-podcast-ong-entreculturas-luz-ninas-guatemala\/#primaryimage","url":"https:\/\/www.entreculturas.org\/wp-content\/uploads\/2025\/05\/Sofia-1-Comprimida.jpg","contentUrl":"https:\/\/www.entreculturas.org\/wp-content\/uploads\/2025\/05\/Sofia-1-Comprimida.jpg","width":800,"height":533},{"@type":"BreadcrumbList","@id":"https:\/\/www.entreculturas.org\/gl\/podcast\/julia-navarro-podcast-ong-entreculturas-luz-ninas-guatemala\/#breadcrumb","itemListElement":[{"@type":"ListItem","position":1,"name":"Home","item":"https:\/\/www.entreculturas.org\/gl\/"},{"@type":"ListItem","position":2,"name":"Podcast Julia Navarro","item":"https:\/\/www.entreculturas.org\/gl\/podcasts\/"},{"@type":"ListItem","position":3,"name":"&#8220;Es importante que las ni\u00f1as sepan que tienen derechos\u201d"}]},{"@type":"WebSite","@id":"https:\/\/www.entreculturas.org\/gl\/#website","url":"https:\/\/www.entreculturas.org\/gl\/","name":"Entreculturas","description":"","publisher":{"@id":"https:\/\/www.entreculturas.org\/gl\/#organization"},"alternateName":"Entreculturas","potentialAction":[{"@type":"SearchAction","target":{"@type":"EntryPoint","urlTemplate":"https:\/\/www.entreculturas.org\/gl\/?s={search_term_string}"},"query-input":{"@type":"PropertyValueSpecification","valueRequired":true,"valueName":"search_term_string"}}],"inLanguage":"gl-ES"},{"@type":"Organization","@id":"https:\/\/www.entreculturas.org\/gl\/#organization","name":"Entreculturas","url":"https:\/\/www.entreculturas.org\/gl\/","logo":{"@type":"ImageObject","inLanguage":"gl-ES","@id":"https:\/\/www.entreculturas.org\/gl\/#\/schema\/logo\/image\/","url":"https:\/\/www.entreculturas.org\/wp-content\/uploads\/2025\/10\/ESP.svg","contentUrl":"https:\/\/www.entreculturas.org\/wp-content\/uploads\/2025\/10\/ESP.svg","caption":"Entreculturas"},"image":{"@id":"https:\/\/www.entreculturas.org\/gl\/#\/schema\/logo\/image\/"},"sameAs":["https:\/\/www.facebook.com\/entreculturas","https:\/\/x.com\/Entreculturas","https:\/\/www.instagram.com\/entreculturas\/","https:\/\/www.youtube.com\/user\/entreculturasvideo","https:\/\/www.linkedin.com\/company\/fundacion-entreculturas-ngdo\/","https:\/\/www.flickr.com\/photos\/98455522@N04\/albums\/"]}]}},"_links":{"self":[{"href":"https:\/\/www.entreculturas.org\/gl\/wp-json\/wp\/v2\/podcast\/38993","targetHints":{"allow":["GET"]}}],"collection":[{"href":"https:\/\/www.entreculturas.org\/gl\/wp-json\/wp\/v2\/podcast"}],"about":[{"href":"https:\/\/www.entreculturas.org\/gl\/wp-json\/wp\/v2\/types\/podcast"}],"wp:featuredmedia":[{"embeddable":true,"href":"https:\/\/www.entreculturas.org\/gl\/wp-json\/wp\/v2\/media\/38995"}],"wp:attachment":[{"href":"https:\/\/www.entreculturas.org\/gl\/wp-json\/wp\/v2\/media?parent=38993"}],"wp:term":[{"taxonomy":"category","embeddable":true,"href":"https:\/\/www.entreculturas.org\/gl\/wp-json\/wp\/v2\/categories?post=38993"},{"taxonomy":"post_tag","embeddable":true,"href":"https:\/\/www.entreculturas.org\/gl\/wp-json\/wp\/v2\/tags?post=38993"}],"curies":[{"name":"wp","href":"https:\/\/api.w.org\/{rel}","templated":true}]}}