{"id":38667,"date":"2025-04-09T19:26:42","date_gmt":"2025-04-09T17:26:42","guid":{"rendered":"https:\/\/www.entreculturas.org\/?post_type=podcast&#038;p=38667"},"modified":"2025-04-10T09:37:59","modified_gmt":"2025-04-10T07:37:59","slug":"julia-navarro-podcast-ong-entreculturas-provincial-compania-jesus-espana","status":"publish","type":"podcast","link":"https:\/\/www.entreculturas.org\/gl\/podcast\/julia-navarro-podcast-ong-entreculturas-provincial-compania-jesus-espana\/","title":{"rendered":"&#8220;La misi\u00f3n de la Compa\u00f1\u00eda de Jes\u00fas es el servicio de la fe, del que la promoci\u00f3n de la justicia es una exigencia ineludible\u201d"},"content":{"rendered":"\n<p>Esta semana, en <a href=\"https:\/\/www.entreculturas.org\/podcast\/\">Voces por una Causa<\/a>, la escritora <strong>Julia Navarro conversa con Enric Puiggr\u00f2s SJ, Provincial de la Compa\u00f1\u00eda de Jes\u00fas en Espa\u00f1a. <\/strong>Con \u00e9l, cerramos la sexta temporada de nuestro podcast profundizando en el Decreto 4 de la Compa\u00f1\u00eda de Jes\u00fas sobre el servicio de la Fe y la promoci\u00f3n de la Justicia, con motivo de su 50\u00ba aniversario, que se conmemora este a\u00f1o.<\/p>\n\n\n\n<h2 class=\"wp-block-heading\" id=\"h-de-que-nos-habla-enric-en-el-episodio\"><strong>\u00bfDe qu\u00e9 nos habla Enric en el episodio?<\/strong><\/h2>\n\n\n\n<p>En este episodio, Enric Puiggr\u00f2s nos habla del impacto que tuvo el Decreto 4 en la Compa\u00f1\u00eda de Jes\u00fas y c\u00f3mo supuso un nuevo compromiso social con las comunidades a las que acompa\u00f1aba. Seg\u00fan explica, el Decreto -surgido en el marco de la Congregaci\u00f3n General XXXII- implic\u00f3 una \u201cprofunda revoluci\u00f3n\u201d al conectar el origen de la misi\u00f3n de la Compa\u00f1\u00eda, que es el servicio de la Fe, con la promoci\u00f3n de la Justicia. Una \u201cexigencia ineludible\u201d que, en palabras de Enric, supuso \u201cun cambio de dinamismo total dentro de la Compa\u00f1\u00eda\u201d.&nbsp;<\/p>\n\n\n\n<p>Adem\u00e1s, Enric tambi\u00e9n profundiza en los efectos concretos que provoc\u00f3 el Decreto 4, que apost\u00f3 por \u201cun estilo comunitario con la presencia de la Compa\u00f1\u00eda en los barrios perif\u00e9ricos y un modo de vida religioso similar al de la gente sencilla. Un cambio copernicano en el modo de estar que conectaba la labor pastoral con las comunidades de base que nos hizo tener una mayor participaci\u00f3n en la manera de vivir la vida de la sociedad\u201d.&nbsp;<\/p>\n\n\n\n<p>Enric defiende que en el contexto actual de polarizaci\u00f3n pol\u00edtica y social el Decreto 4 sobre Fe y Justicia sigue teniendo mucha vigencia, apostando tambi\u00e9n por la \u201creconciliaci\u00f3n y el establecimiento de puentes de promoci\u00f3n social para volver a generar uni\u00f3n\u201d. Por \u00faltimo, Enric se\u00f1ala que ahora estamos siendo conscientes de que \u201csi no nos movemos, la realidad del mundo va hacia el conflicto y la incomprensi\u00f3n\u201d, por eso es importante \u201cseguir trabajando codo con codo con las personas que construyen puentes y no muros\u201d.<\/p>\n\n\n\n<h2 class=\"wp-block-heading\" id=\"h-que-es-voces-por-una-causa-con-julia-navarro\"><strong>\u00bfQu\u00e9 es \u2018Voces por una Causa\u2019 con Julia Navarro?<\/strong><\/h2>\n\n\n\n<p>Presentado por la escritora y periodista Julia Navarro, <a href=\"https:\/\/www.entreculturas.org\/podcast\/\"><strong>\u2018Voces por una causa\u2019<\/strong><\/a><strong> es el podcast semanal de la ONG Entreculturas<\/strong> que explora cuestiones sociales, medioambientales y culturales a trav\u00e9s de testimonios en primera persona. Los programas se emiten todos los jueves en nuestro canal de <a href=\"https:\/\/www.youtube.com\/c\/EntreculturasOrg915902672\">Youtube<\/a>, en <a href=\"https:\/\/open.spotify.com\/show\/6dS5JsqnsWrnHL1gwead1A\">Spotify<\/a>, en <a href=\"https:\/\/www.ivoox.com\/perfil-entreculturas_a8_listener_28185270_1.html\">Ivoox<\/a>, y en <a href=\"https:\/\/podcasts.apple.com\/us\/podcast\/entreculturas-voces-por-una-causa\/id1621485462\">Apple Podcast<\/a>.<\/p>\n\n\n\n<iframe style=\"border-radius:12px\" src=\"https:\/\/open.spotify.com\/embed\/episode\/5hCUICrpGlpldyBJrkHMXg?utm_source=generator\" width=\"100%\" height=\"352\" frameBorder=\"0\" allowfullscreen=\"\" allow=\"autoplay; clipboard-write; encrypted-media; fullscreen; picture-in-picture\" loading=\"lazy\"><\/iframe>\n\n\n\n<p><\/p>\n","protected":false},"excerpt":{"rendered":"<p>Esta semana, en Voces por una Causa, la escritora Julia Navarro conversa con Enric Puiggr\u00f2s SJ, Provincial de la Compa\u00f1\u00eda de Jes\u00fas en Espa\u00f1a. Con \u00e9l, cerramos la sexta temporada de nuestro podcast profundizando en el Decreto 4 de la Compa\u00f1\u00eda de Jes\u00fas sobre el servicio de la Fe y la promoci\u00f3n de la Justicia, con motivo de su 50\u00ba aniversario, que se conmemora este a\u00f1o. \u00bfDe qu\u00e9 nos habla Enric en el episodio? En este episodio, Enric Puiggr\u00f2s nos habla del impacto que tuvo el Decreto 4 en la Compa\u00f1\u00eda de Jes\u00fas y c\u00f3mo supuso un nuevo compromiso social con las comunidades a las que acompa\u00f1aba. Seg\u00fan explica, el Decreto -surgido en el marco de la Congregaci\u00f3n General XXXII- implic\u00f3 una \u201cprofunda revoluci\u00f3n\u201d al conectar el origen de la misi\u00f3n de la Compa\u00f1\u00eda, que es el servicio de la Fe, con la promoci\u00f3n de la Justicia. Una \u201cexigencia ineludible\u201d [&hellip;]<\/p>\n","protected":false},"featured_media":38669,"template":"","meta":{"_acf_changed":true},"categories":[],"tags":[],"class_list":["post-38667","podcast","type-podcast","status-publish","has-post-thumbnail","hentry"],"acf":[],"yoast_head":"<!-- This site is optimized with the Yoast SEO Premium plugin v21.6 (Yoast SEO v27.5) - https:\/\/yoast.com\/product\/yoast-seo-premium-wordpress\/ -->\n<title>Julia Navarro y Enric Puiggr\u00f2s SJ, Provincial de Jesuitas Espa\u00f1a<\/title>\n<meta name=\"description\" content=\"La escritora Julia Navarro habla con Enric Puiggr\u00f2s SJ, Provincial de la Compa\u00f1\u00eda de Jes\u00fas en Espa\u00f1a, sobre el Decreto 4 en su 50\u00ba aniversario\" \/>\n<meta name=\"robots\" content=\"index, follow, max-snippet:-1, max-image-preview:large, max-video-preview:-1\" \/>\n<link rel=\"canonical\" href=\"https:\/\/www.entreculturas.org\/gl\/podcast\/julia-navarro-podcast-ong-entreculturas-provincial-compania-jesus-espana\/\" \/>\n<meta property=\"og:locale\" content=\"gl_ES\" \/>\n<meta property=\"og:type\" content=\"article\" \/>\n<meta property=\"og:title\" content=\"&quot;La misi\u00f3n de la Compa\u00f1\u00eda de Jes\u00fas es el servicio de la fe, del que la promoci\u00f3n de la justicia es una exigencia ineludible\u201d\" \/>\n<meta property=\"og:description\" content=\"La escritora Julia Navarro habla con Enric Puiggr\u00f2s SJ, Provincial de la Compa\u00f1\u00eda de Jes\u00fas en Espa\u00f1a, sobre el Decreto 4 en su 50\u00ba aniversario\" \/>\n<meta property=\"og:url\" content=\"https:\/\/www.entreculturas.org\/gl\/podcast\/julia-navarro-podcast-ong-entreculturas-provincial-compania-jesus-espana\/\" \/>\n<meta property=\"og:site_name\" content=\"Entreculturas\" \/>\n<meta property=\"article:publisher\" content=\"https:\/\/www.facebook.com\/entreculturas\" \/>\n<meta property=\"article:modified_time\" content=\"2025-04-10T07:37:59+00:00\" \/>\n<meta property=\"og:image\" content=\"https:\/\/www.entreculturas.org\/wp-content\/uploads\/2025\/04\/Provincial-comprimido-e1744219709815.jpg\" \/>\n\t<meta property=\"og:image:width\" content=\"800\" \/>\n\t<meta property=\"og:image:height\" content=\"444\" \/>\n\t<meta property=\"og:image:type\" content=\"image\/jpeg\" \/>\n<meta name=\"twitter:card\" content=\"summary_large_image\" \/>\n<meta name=\"twitter:site\" content=\"@Entreculturas\" \/>\n<script type=\"application\/ld+json\" class=\"yoast-schema-graph\">{\"@context\":\"https:\\\/\\\/schema.org\",\"@graph\":[{\"@type\":\"WebPage\",\"@id\":\"https:\\\/\\\/www.entreculturas.org\\\/gl\\\/podcast\\\/julia-navarro-podcast-ong-entreculturas-provincial-compania-jesus-espana\\\/\",\"url\":\"https:\\\/\\\/www.entreculturas.org\\\/gl\\\/podcast\\\/julia-navarro-podcast-ong-entreculturas-provincial-compania-jesus-espana\\\/\",\"name\":\"Julia Navarro y Enric Puiggr\u00f2s SJ, Provincial de Jesuitas Espa\u00f1a\",\"isPartOf\":{\"@id\":\"https:\\\/\\\/www.entreculturas.org\\\/gl\\\/#website\"},\"primaryImageOfPage\":{\"@id\":\"https:\\\/\\\/www.entreculturas.org\\\/gl\\\/podcast\\\/julia-navarro-podcast-ong-entreculturas-provincial-compania-jesus-espana\\\/#primaryimage\"},\"image\":{\"@id\":\"https:\\\/\\\/www.entreculturas.org\\\/gl\\\/podcast\\\/julia-navarro-podcast-ong-entreculturas-provincial-compania-jesus-espana\\\/#primaryimage\"},\"thumbnailUrl\":\"https:\\\/\\\/www.entreculturas.org\\\/wp-content\\\/uploads\\\/2025\\\/04\\\/Provincial-comprimido-e1744219709815.jpg\",\"datePublished\":\"2025-04-09T17:26:42+00:00\",\"dateModified\":\"2025-04-10T07:37:59+00:00\",\"description\":\"La escritora Julia Navarro habla con Enric Puiggr\u00f2s SJ, Provincial de la Compa\u00f1\u00eda de Jes\u00fas en Espa\u00f1a, sobre el Decreto 4 en su 50\u00ba aniversario\",\"breadcrumb\":{\"@id\":\"https:\\\/\\\/www.entreculturas.org\\\/gl\\\/podcast\\\/julia-navarro-podcast-ong-entreculturas-provincial-compania-jesus-espana\\\/#breadcrumb\"},\"inLanguage\":\"gl-ES\",\"potentialAction\":[{\"@type\":\"ReadAction\",\"target\":[\"https:\\\/\\\/www.entreculturas.org\\\/gl\\\/podcast\\\/julia-navarro-podcast-ong-entreculturas-provincial-compania-jesus-espana\\\/\"]}]},{\"@type\":\"ImageObject\",\"inLanguage\":\"gl-ES\",\"@id\":\"https:\\\/\\\/www.entreculturas.org\\\/gl\\\/podcast\\\/julia-navarro-podcast-ong-entreculturas-provincial-compania-jesus-espana\\\/#primaryimage\",\"url\":\"https:\\\/\\\/www.entreculturas.org\\\/wp-content\\\/uploads\\\/2025\\\/04\\\/Provincial-comprimido-e1744219709815.jpg\",\"contentUrl\":\"https:\\\/\\\/www.entreculturas.org\\\/wp-content\\\/uploads\\\/2025\\\/04\\\/Provincial-comprimido-e1744219709815.jpg\",\"width\":800,\"height\":444},{\"@type\":\"BreadcrumbList\",\"@id\":\"https:\\\/\\\/www.entreculturas.org\\\/gl\\\/podcast\\\/julia-navarro-podcast-ong-entreculturas-provincial-compania-jesus-espana\\\/#breadcrumb\",\"itemListElement\":[{\"@type\":\"ListItem\",\"position\":1,\"name\":\"Home\",\"item\":\"https:\\\/\\\/www.entreculturas.org\\\/gl\\\/\"},{\"@type\":\"ListItem\",\"position\":2,\"name\":\"Podcast Julia Navarro\",\"item\":\"https:\\\/\\\/www.entreculturas.org\\\/gl\\\/podcasts\\\/\"},{\"@type\":\"ListItem\",\"position\":3,\"name\":\"&#8220;La misi\u00f3n de la Compa\u00f1\u00eda de Jes\u00fas es el servicio de la fe, del que la promoci\u00f3n de la justicia es una exigencia ineludible\u201d\"}]},{\"@type\":\"WebSite\",\"@id\":\"https:\\\/\\\/www.entreculturas.org\\\/gl\\\/#website\",\"url\":\"https:\\\/\\\/www.entreculturas.org\\\/gl\\\/\",\"name\":\"Entreculturas\",\"description\":\"\",\"publisher\":{\"@id\":\"https:\\\/\\\/www.entreculturas.org\\\/gl\\\/#organization\"},\"alternateName\":\"Entreculturas\",\"potentialAction\":[{\"@type\":\"SearchAction\",\"target\":{\"@type\":\"EntryPoint\",\"urlTemplate\":\"https:\\\/\\\/www.entreculturas.org\\\/gl\\\/?s={search_term_string}\"},\"query-input\":{\"@type\":\"PropertyValueSpecification\",\"valueRequired\":true,\"valueName\":\"search_term_string\"}}],\"inLanguage\":\"gl-ES\"},{\"@type\":\"Organization\",\"@id\":\"https:\\\/\\\/www.entreculturas.org\\\/gl\\\/#organization\",\"name\":\"Entreculturas\",\"url\":\"https:\\\/\\\/www.entreculturas.org\\\/gl\\\/\",\"logo\":{\"@type\":\"ImageObject\",\"inLanguage\":\"gl-ES\",\"@id\":\"https:\\\/\\\/www.entreculturas.org\\\/gl\\\/#\\\/schema\\\/logo\\\/image\\\/\",\"url\":\"https:\\\/\\\/www.entreculturas.org\\\/wp-content\\\/uploads\\\/2025\\\/10\\\/ESP.svg\",\"contentUrl\":\"https:\\\/\\\/www.entreculturas.org\\\/wp-content\\\/uploads\\\/2025\\\/10\\\/ESP.svg\",\"caption\":\"Entreculturas\"},\"image\":{\"@id\":\"https:\\\/\\\/www.entreculturas.org\\\/gl\\\/#\\\/schema\\\/logo\\\/image\\\/\"},\"sameAs\":[\"https:\\\/\\\/www.facebook.com\\\/entreculturas\",\"https:\\\/\\\/x.com\\\/Entreculturas\",\"https:\\\/\\\/www.instagram.com\\\/entreculturas\\\/\",\"https:\\\/\\\/www.youtube.com\\\/user\\\/entreculturasvideo\",\"https:\\\/\\\/www.linkedin.com\\\/company\\\/fundacion-entreculturas-ngdo\\\/\",\"https:\\\/\\\/www.flickr.com\\\/photos\\\/98455522@N04\\\/albums\\\/\"]}]}<\/script>\n<!-- \/ Yoast SEO Premium plugin. -->","yoast_head_json":{"title":"Julia Navarro y Enric Puiggr\u00f2s SJ, Provincial de Jesuitas Espa\u00f1a","description":"La escritora Julia Navarro habla con Enric Puiggr\u00f2s SJ, Provincial de la Compa\u00f1\u00eda de Jes\u00fas en Espa\u00f1a, sobre el Decreto 4 en su 50\u00ba aniversario","robots":{"index":"index","follow":"follow","max-snippet":"max-snippet:-1","max-image-preview":"max-image-preview:large","max-video-preview":"max-video-preview:-1"},"canonical":"https:\/\/www.entreculturas.org\/gl\/podcast\/julia-navarro-podcast-ong-entreculturas-provincial-compania-jesus-espana\/","og_locale":"gl_ES","og_type":"article","og_title":"\"La misi\u00f3n de la Compa\u00f1\u00eda de Jes\u00fas es el servicio de la fe, del que la promoci\u00f3n de la justicia es una exigencia ineludible\u201d","og_description":"La escritora Julia Navarro habla con Enric Puiggr\u00f2s SJ, Provincial de la Compa\u00f1\u00eda de Jes\u00fas en Espa\u00f1a, sobre el Decreto 4 en su 50\u00ba aniversario","og_url":"https:\/\/www.entreculturas.org\/gl\/podcast\/julia-navarro-podcast-ong-entreculturas-provincial-compania-jesus-espana\/","og_site_name":"Entreculturas","article_publisher":"https:\/\/www.facebook.com\/entreculturas","article_modified_time":"2025-04-10T07:37:59+00:00","og_image":[{"width":800,"height":444,"url":"https:\/\/www.entreculturas.org\/wp-content\/uploads\/2025\/04\/Provincial-comprimido-e1744219709815.jpg","type":"image\/jpeg"}],"twitter_card":"summary_large_image","twitter_site":"@Entreculturas","schema":{"@context":"https:\/\/schema.org","@graph":[{"@type":"WebPage","@id":"https:\/\/www.entreculturas.org\/gl\/podcast\/julia-navarro-podcast-ong-entreculturas-provincial-compania-jesus-espana\/","url":"https:\/\/www.entreculturas.org\/gl\/podcast\/julia-navarro-podcast-ong-entreculturas-provincial-compania-jesus-espana\/","name":"Julia Navarro y Enric Puiggr\u00f2s SJ, Provincial de Jesuitas Espa\u00f1a","isPartOf":{"@id":"https:\/\/www.entreculturas.org\/gl\/#website"},"primaryImageOfPage":{"@id":"https:\/\/www.entreculturas.org\/gl\/podcast\/julia-navarro-podcast-ong-entreculturas-provincial-compania-jesus-espana\/#primaryimage"},"image":{"@id":"https:\/\/www.entreculturas.org\/gl\/podcast\/julia-navarro-podcast-ong-entreculturas-provincial-compania-jesus-espana\/#primaryimage"},"thumbnailUrl":"https:\/\/www.entreculturas.org\/wp-content\/uploads\/2025\/04\/Provincial-comprimido-e1744219709815.jpg","datePublished":"2025-04-09T17:26:42+00:00","dateModified":"2025-04-10T07:37:59+00:00","description":"La escritora Julia Navarro habla con Enric Puiggr\u00f2s SJ, Provincial de la Compa\u00f1\u00eda de Jes\u00fas en Espa\u00f1a, sobre el Decreto 4 en su 50\u00ba aniversario","breadcrumb":{"@id":"https:\/\/www.entreculturas.org\/gl\/podcast\/julia-navarro-podcast-ong-entreculturas-provincial-compania-jesus-espana\/#breadcrumb"},"inLanguage":"gl-ES","potentialAction":[{"@type":"ReadAction","target":["https:\/\/www.entreculturas.org\/gl\/podcast\/julia-navarro-podcast-ong-entreculturas-provincial-compania-jesus-espana\/"]}]},{"@type":"ImageObject","inLanguage":"gl-ES","@id":"https:\/\/www.entreculturas.org\/gl\/podcast\/julia-navarro-podcast-ong-entreculturas-provincial-compania-jesus-espana\/#primaryimage","url":"https:\/\/www.entreculturas.org\/wp-content\/uploads\/2025\/04\/Provincial-comprimido-e1744219709815.jpg","contentUrl":"https:\/\/www.entreculturas.org\/wp-content\/uploads\/2025\/04\/Provincial-comprimido-e1744219709815.jpg","width":800,"height":444},{"@type":"BreadcrumbList","@id":"https:\/\/www.entreculturas.org\/gl\/podcast\/julia-navarro-podcast-ong-entreculturas-provincial-compania-jesus-espana\/#breadcrumb","itemListElement":[{"@type":"ListItem","position":1,"name":"Home","item":"https:\/\/www.entreculturas.org\/gl\/"},{"@type":"ListItem","position":2,"name":"Podcast Julia Navarro","item":"https:\/\/www.entreculturas.org\/gl\/podcasts\/"},{"@type":"ListItem","position":3,"name":"&#8220;La misi\u00f3n de la Compa\u00f1\u00eda de Jes\u00fas es el servicio de la fe, del que la promoci\u00f3n de la justicia es una exigencia ineludible\u201d"}]},{"@type":"WebSite","@id":"https:\/\/www.entreculturas.org\/gl\/#website","url":"https:\/\/www.entreculturas.org\/gl\/","name":"Entreculturas","description":"","publisher":{"@id":"https:\/\/www.entreculturas.org\/gl\/#organization"},"alternateName":"Entreculturas","potentialAction":[{"@type":"SearchAction","target":{"@type":"EntryPoint","urlTemplate":"https:\/\/www.entreculturas.org\/gl\/?s={search_term_string}"},"query-input":{"@type":"PropertyValueSpecification","valueRequired":true,"valueName":"search_term_string"}}],"inLanguage":"gl-ES"},{"@type":"Organization","@id":"https:\/\/www.entreculturas.org\/gl\/#organization","name":"Entreculturas","url":"https:\/\/www.entreculturas.org\/gl\/","logo":{"@type":"ImageObject","inLanguage":"gl-ES","@id":"https:\/\/www.entreculturas.org\/gl\/#\/schema\/logo\/image\/","url":"https:\/\/www.entreculturas.org\/wp-content\/uploads\/2025\/10\/ESP.svg","contentUrl":"https:\/\/www.entreculturas.org\/wp-content\/uploads\/2025\/10\/ESP.svg","caption":"Entreculturas"},"image":{"@id":"https:\/\/www.entreculturas.org\/gl\/#\/schema\/logo\/image\/"},"sameAs":["https:\/\/www.facebook.com\/entreculturas","https:\/\/x.com\/Entreculturas","https:\/\/www.instagram.com\/entreculturas\/","https:\/\/www.youtube.com\/user\/entreculturasvideo","https:\/\/www.linkedin.com\/company\/fundacion-entreculturas-ngdo\/","https:\/\/www.flickr.com\/photos\/98455522@N04\/albums\/"]}]}},"_links":{"self":[{"href":"https:\/\/www.entreculturas.org\/gl\/wp-json\/wp\/v2\/podcast\/38667","targetHints":{"allow":["GET"]}}],"collection":[{"href":"https:\/\/www.entreculturas.org\/gl\/wp-json\/wp\/v2\/podcast"}],"about":[{"href":"https:\/\/www.entreculturas.org\/gl\/wp-json\/wp\/v2\/types\/podcast"}],"wp:featuredmedia":[{"embeddable":true,"href":"https:\/\/www.entreculturas.org\/gl\/wp-json\/wp\/v2\/media\/38669"}],"wp:attachment":[{"href":"https:\/\/www.entreculturas.org\/gl\/wp-json\/wp\/v2\/media?parent=38667"}],"wp:term":[{"taxonomy":"category","embeddable":true,"href":"https:\/\/www.entreculturas.org\/gl\/wp-json\/wp\/v2\/categories?post=38667"},{"taxonomy":"post_tag","embeddable":true,"href":"https:\/\/www.entreculturas.org\/gl\/wp-json\/wp\/v2\/tags?post=38667"}],"curies":[{"name":"wp","href":"https:\/\/api.w.org\/{rel}","templated":true}]}}