{"id":34960,"date":"2024-10-31T09:00:00","date_gmt":"2024-10-31T08:00:00","guid":{"rendered":"https:\/\/www.entreculturas.org\/?post_type=podcast&#038;p=34960"},"modified":"2024-11-05T12:02:37","modified_gmt":"2024-11-05T11:02:37","slug":"julia-navarro-podcast-ong-entreculturas-amoverse-vuelta-cole","status":"publish","type":"podcast","link":"https:\/\/www.entreculturas.org\/gl\/podcast\/julia-navarro-podcast-ong-entreculturas-amoverse-vuelta-cole\/","title":{"rendered":"&#8220;El acompa\u00f1amiento emocional es esencial para dar confianza a las familias durante la vuelta al cole\u201d"},"content":{"rendered":"\n<p>Esta semana en el podcast de <a href=\"https:\/\/www.entreculturas.org\/podcast\/\">Voces por una Causa<\/a>, la<strong> periodista y escritora Julia Navarro conversa con David T\u00e1rtalo, educador de infancia de <\/strong><a href=\"https:\/\/fundacionamoverse.org\/\"><strong>Amoverse<\/strong><\/a>, entidad que acompa\u00f1a tanto a ni\u00f1os y ni\u00f1as de Madrid en situaci\u00f3n de vulnerabilidad social como a sus familias, y <strong>Yeimy Julieth Chavarria, madre de una de las familias<\/strong> que lleva participando activamente en Amoverse desde hace dos a\u00f1os. Con ellos nos acercamos a la reciente vuelta al cole de una forma diferente, a trav\u00e9s del prisma de las familias que forman parte de la entidad.&nbsp;<\/p>\n\n\n\n<p>David y Yeimy nos hablan de c\u00f3mo <strong>el regreso a las aulas no es igual para todas las ni\u00f1as y los ni\u00f1os<\/strong>, ya que depende en gran medida de la situaci\u00f3n socioecon\u00f3mica de cada familia. Una situaci\u00f3n que resume David con las siguientes palabras: \u201cParece que que la vuelta al cole es muy guay, que tiene muchas cosas buenas: nuevos profes, volver a ver a los amigos y amigas\u2026, pero hay otra parte que no se ve o de la que no se habla tanto y que desde Amoverse creemos que es importante dar a conocer\u201d.&nbsp;<\/p>\n\n\n\n<p>Adem\u00e1s, Yeimy nos relata c\u00f3mo es la vuelta a la escuela despu\u00e9s de un periodo tan largo de vacaciones como es el verano: \u201cLos primeros d\u00edas fueron dif\u00edciles porque se quedaba llorando, pero yo creo que lo m\u00e1s importante es brindarle la confianza para que poco a poco se vaya sintiendo m\u00e1s tranquilo en el colegio\u201d. Unas primeras semanas, donde el <strong>acompa\u00f1amiento psicol\u00f3gico<\/strong> que brinda Amoverse a las familias a trav\u00e9s de las colonias urbanas \u201ces esencial para que est\u00e9n tranquilas y calmadas y tengan tiempo y espacio para hacer todas las gestiones que implica el inicio del curso\u201d, a\u00f1ade David.<\/p>\n\n\n\n<p>Por \u00faltimo, David nos cuenta c\u00f3mo la Fundaci\u00f3n Amoverse se reinventa todos los a\u00f1os: \u201c<strong>Lo principal y primordial es escuchar a los ni\u00f1os, ni\u00f1as y adolescentes<\/strong>. Ellos y ellas van cambiando y las familias van poco a poco observando las nuevas necesidades que tienen\u201d. Innovaciones entre las que destaca espacios donde aprenden a \u201cponer voz y palabras a c\u00f3mo se sienten para empezar a trabajar su parte emocional\u201d.&nbsp;<\/p>\n\n\n\n<h2 class=\"kt-adv-heading34960_3d9186-dc wp-block-kadence-advancedheading\" data-kb-block=\"kb-adv-heading34960_3d9186-dc\"><strong>\u00bfQu\u00e9 es \u2018Voces por una Causa\u2019 con Julia Navarro?<\/strong><br><\/h2>\n\n\n\n<p>Presentado por la <strong>periodista y escritora Julia Navarro<\/strong>, <a href=\"https:\/\/www.entreculturas.org\/podcast\/\">\u2018Voces por una causa\u2019<\/a> es el podcast semanal de la ONG Entreculturas que explora cuestiones sociales, medioambientales y culturales a trav\u00e9s de testimonios en primera persona. Los programas se emiten todos los jueves en nuestro canal de <a href=\"https:\/\/www.youtube.com\/c\/EntreculturasOrg915902672\">Youtube<\/a>, en <a href=\"https:\/\/open.spotify.com\/show\/6dS5JsqnsWrnHL1gwead1A\">Spotify<\/a>, en <a href=\"https:\/\/www.ivoox.com\/perfil-entreculturas_a8_listener_28185270_1.html\">Ivoox<\/a>, y en <a href=\"https:\/\/podcasts.apple.com\/us\/podcast\/entreculturas-voces-por-una-causa\/id1621485462\">Apple Podcast<\/a><\/p>\n\n\n\n<iframe style=\"border-radius:12px\" src=\"https:\/\/open.spotify.com\/embed\/episode\/1Ed1w8H4hjkXqXTRf4rcxh?utm_source=generator\" width=\"100%\" height=\"352\" frameBorder=\"0\" allowfullscreen=\"\" allow=\"autoplay; clipboard-write; encrypted-media; fullscreen; picture-in-picture\" loading=\"lazy\"><\/iframe>\n\n\n\n<p><\/p>\n","protected":false},"excerpt":{"rendered":"<p>Esta semana en el podcast de Voces por una Causa, la periodista y escritora Julia Navarro conversa con David T\u00e1rtalo, educador de infancia de Amoverse, entidad que acompa\u00f1a tanto a ni\u00f1os y ni\u00f1as de Madrid en situaci\u00f3n de vulnerabilidad social como a sus familias, y Yeimy Julieth Chavarria, madre de una de las familias que lleva participando activamente en Amoverse desde hace dos a\u00f1os. Con ellos nos acercamos a la reciente vuelta al cole de una forma diferente, a trav\u00e9s del prisma de las familias que forman parte de la entidad.&nbsp; David y Yeimy nos hablan de c\u00f3mo el regreso a las aulas no es igual para todas las ni\u00f1as y los ni\u00f1os, ya que depende en gran medida de la situaci\u00f3n socioecon\u00f3mica de cada familia. Una situaci\u00f3n que resume David con las siguientes palabras: \u201cParece que que la vuelta al cole es muy guay, que tiene muchas cosas buenas: [&hellip;]<\/p>\n","protected":false},"featured_media":34790,"template":"","meta":{"_acf_changed":true},"categories":[728],"tags":[],"class_list":["post-34960","podcast","type-podcast","status-publish","has-post-thumbnail","hentry","category-sin-categorizar"],"acf":[],"yoast_head":"<!-- This site is optimized with the Yoast SEO Premium plugin v21.6 (Yoast SEO v27.5) - https:\/\/yoast.com\/product\/yoast-seo-premium-wordpress\/ -->\n<title>Julia Navarro conversa con Amoverse sobre la vuelta al colegio<\/title>\n<meta name=\"description\" content=\"En el podcast, Julia Navarro conversa con la Fundaci\u00f3n Amoverse sobre c\u00f3mo es para las familias en situaci\u00f3n de vulnerabilidad volver al cole\" \/>\n<meta name=\"robots\" content=\"index, follow, max-snippet:-1, max-image-preview:large, max-video-preview:-1\" \/>\n<link rel=\"canonical\" href=\"https:\/\/www.entreculturas.org\/gl\/podcast\/julia-navarro-podcast-ong-entreculturas-amoverse-vuelta-cole\/\" \/>\n<meta property=\"og:locale\" content=\"gl_ES\" \/>\n<meta property=\"og:type\" content=\"article\" \/>\n<meta property=\"og:title\" content=\"&quot;El acompa\u00f1amiento emocional es esencial para dar confianza a las familias durante la vuelta al cole\u201d\" \/>\n<meta property=\"og:description\" content=\"En el podcast, Julia Navarro conversa con la Fundaci\u00f3n Amoverse sobre c\u00f3mo es para las familias en situaci\u00f3n de vulnerabilidad volver al cole\" \/>\n<meta property=\"og:url\" content=\"https:\/\/www.entreculturas.org\/gl\/podcast\/julia-navarro-podcast-ong-entreculturas-amoverse-vuelta-cole\/\" \/>\n<meta property=\"og:site_name\" content=\"Entreculturas\" \/>\n<meta property=\"article:publisher\" content=\"https:\/\/www.facebook.com\/entreculturas\" \/>\n<meta property=\"article:modified_time\" content=\"2024-11-05T11:02:37+00:00\" \/>\n<meta property=\"og:image\" content=\"https:\/\/www.entreculturas.org\/wp-content\/uploads\/2024\/10\/wEB.jpg\" \/>\n\t<meta property=\"og:image:width\" content=\"1600\" \/>\n\t<meta property=\"og:image:height\" content=\"1066\" \/>\n\t<meta property=\"og:image:type\" content=\"image\/jpeg\" \/>\n<meta name=\"twitter:card\" content=\"summary_large_image\" \/>\n<meta name=\"twitter:site\" content=\"@Entreculturas\" \/>\n<script type=\"application\/ld+json\" class=\"yoast-schema-graph\">{\"@context\":\"https:\\\/\\\/schema.org\",\"@graph\":[{\"@type\":\"WebPage\",\"@id\":\"https:\\\/\\\/www.entreculturas.org\\\/gl\\\/podcast\\\/julia-navarro-podcast-ong-entreculturas-amoverse-vuelta-cole\\\/\",\"url\":\"https:\\\/\\\/www.entreculturas.org\\\/gl\\\/podcast\\\/julia-navarro-podcast-ong-entreculturas-amoverse-vuelta-cole\\\/\",\"name\":\"Julia Navarro conversa con Amoverse sobre la vuelta al colegio\",\"isPartOf\":{\"@id\":\"https:\\\/\\\/www.entreculturas.org\\\/gl\\\/#website\"},\"primaryImageOfPage\":{\"@id\":\"https:\\\/\\\/www.entreculturas.org\\\/gl\\\/podcast\\\/julia-navarro-podcast-ong-entreculturas-amoverse-vuelta-cole\\\/#primaryimage\"},\"image\":{\"@id\":\"https:\\\/\\\/www.entreculturas.org\\\/gl\\\/podcast\\\/julia-navarro-podcast-ong-entreculturas-amoverse-vuelta-cole\\\/#primaryimage\"},\"thumbnailUrl\":\"https:\\\/\\\/www.entreculturas.org\\\/wp-content\\\/uploads\\\/2024\\\/10\\\/wEB.jpg\",\"datePublished\":\"2024-10-31T08:00:00+00:00\",\"dateModified\":\"2024-11-05T11:02:37+00:00\",\"description\":\"En el podcast, Julia Navarro conversa con la Fundaci\u00f3n Amoverse sobre c\u00f3mo es para las familias en situaci\u00f3n de vulnerabilidad volver al cole\",\"breadcrumb\":{\"@id\":\"https:\\\/\\\/www.entreculturas.org\\\/gl\\\/podcast\\\/julia-navarro-podcast-ong-entreculturas-amoverse-vuelta-cole\\\/#breadcrumb\"},\"inLanguage\":\"gl-ES\",\"potentialAction\":[{\"@type\":\"ReadAction\",\"target\":[\"https:\\\/\\\/www.entreculturas.org\\\/gl\\\/podcast\\\/julia-navarro-podcast-ong-entreculturas-amoverse-vuelta-cole\\\/\"]}]},{\"@type\":\"ImageObject\",\"inLanguage\":\"gl-ES\",\"@id\":\"https:\\\/\\\/www.entreculturas.org\\\/gl\\\/podcast\\\/julia-navarro-podcast-ong-entreculturas-amoverse-vuelta-cole\\\/#primaryimage\",\"url\":\"https:\\\/\\\/www.entreculturas.org\\\/wp-content\\\/uploads\\\/2024\\\/10\\\/wEB.jpg\",\"contentUrl\":\"https:\\\/\\\/www.entreculturas.org\\\/wp-content\\\/uploads\\\/2024\\\/10\\\/wEB.jpg\",\"width\":1600,\"height\":1066,\"caption\":\"Julia Navarro, Entreculturas y Fundaci\u00f3n Amoverse conversan sobre la vuelta al cole para las familias en situaci\u00f3n de vulnerabilidad en Madrid\"},{\"@type\":\"BreadcrumbList\",\"@id\":\"https:\\\/\\\/www.entreculturas.org\\\/gl\\\/podcast\\\/julia-navarro-podcast-ong-entreculturas-amoverse-vuelta-cole\\\/#breadcrumb\",\"itemListElement\":[{\"@type\":\"ListItem\",\"position\":1,\"name\":\"Home\",\"item\":\"https:\\\/\\\/www.entreculturas.org\\\/gl\\\/\"},{\"@type\":\"ListItem\",\"position\":2,\"name\":\"Podcast Julia Navarro\",\"item\":\"https:\\\/\\\/www.entreculturas.org\\\/gl\\\/podcasts\\\/\"},{\"@type\":\"ListItem\",\"position\":3,\"name\":\"\u00abEl acompa\u00f1amiento emocional es esencial para dar confianza a las familias durante la vuelta al cole\u201d\"}]},{\"@type\":\"WebSite\",\"@id\":\"https:\\\/\\\/www.entreculturas.org\\\/gl\\\/#website\",\"url\":\"https:\\\/\\\/www.entreculturas.org\\\/gl\\\/\",\"name\":\"Entreculturas\",\"description\":\"\",\"publisher\":{\"@id\":\"https:\\\/\\\/www.entreculturas.org\\\/gl\\\/#organization\"},\"alternateName\":\"Entreculturas\",\"potentialAction\":[{\"@type\":\"SearchAction\",\"target\":{\"@type\":\"EntryPoint\",\"urlTemplate\":\"https:\\\/\\\/www.entreculturas.org\\\/gl\\\/?s={search_term_string}\"},\"query-input\":{\"@type\":\"PropertyValueSpecification\",\"valueRequired\":true,\"valueName\":\"search_term_string\"}}],\"inLanguage\":\"gl-ES\"},{\"@type\":\"Organization\",\"@id\":\"https:\\\/\\\/www.entreculturas.org\\\/gl\\\/#organization\",\"name\":\"Entreculturas\",\"url\":\"https:\\\/\\\/www.entreculturas.org\\\/gl\\\/\",\"logo\":{\"@type\":\"ImageObject\",\"inLanguage\":\"gl-ES\",\"@id\":\"https:\\\/\\\/www.entreculturas.org\\\/gl\\\/#\\\/schema\\\/logo\\\/image\\\/\",\"url\":\"https:\\\/\\\/www.entreculturas.org\\\/wp-content\\\/uploads\\\/2025\\\/10\\\/ESP.svg\",\"contentUrl\":\"https:\\\/\\\/www.entreculturas.org\\\/wp-content\\\/uploads\\\/2025\\\/10\\\/ESP.svg\",\"caption\":\"Entreculturas\"},\"image\":{\"@id\":\"https:\\\/\\\/www.entreculturas.org\\\/gl\\\/#\\\/schema\\\/logo\\\/image\\\/\"},\"sameAs\":[\"https:\\\/\\\/www.facebook.com\\\/entreculturas\",\"https:\\\/\\\/x.com\\\/Entreculturas\",\"https:\\\/\\\/www.instagram.com\\\/entreculturas\\\/\",\"https:\\\/\\\/www.youtube.com\\\/user\\\/entreculturasvideo\",\"https:\\\/\\\/www.linkedin.com\\\/company\\\/fundacion-entreculturas-ngdo\\\/\",\"https:\\\/\\\/www.flickr.com\\\/photos\\\/98455522@N04\\\/albums\\\/\"]}]}<\/script>\n<!-- \/ Yoast SEO Premium plugin. -->","yoast_head_json":{"title":"Julia Navarro conversa con Amoverse sobre la vuelta al colegio","description":"En el podcast, Julia Navarro conversa con la Fundaci\u00f3n Amoverse sobre c\u00f3mo es para las familias en situaci\u00f3n de vulnerabilidad volver al cole","robots":{"index":"index","follow":"follow","max-snippet":"max-snippet:-1","max-image-preview":"max-image-preview:large","max-video-preview":"max-video-preview:-1"},"canonical":"https:\/\/www.entreculturas.org\/gl\/podcast\/julia-navarro-podcast-ong-entreculturas-amoverse-vuelta-cole\/","og_locale":"gl_ES","og_type":"article","og_title":"\"El acompa\u00f1amiento emocional es esencial para dar confianza a las familias durante la vuelta al cole\u201d","og_description":"En el podcast, Julia Navarro conversa con la Fundaci\u00f3n Amoverse sobre c\u00f3mo es para las familias en situaci\u00f3n de vulnerabilidad volver al cole","og_url":"https:\/\/www.entreculturas.org\/gl\/podcast\/julia-navarro-podcast-ong-entreculturas-amoverse-vuelta-cole\/","og_site_name":"Entreculturas","article_publisher":"https:\/\/www.facebook.com\/entreculturas","article_modified_time":"2024-11-05T11:02:37+00:00","og_image":[{"width":1600,"height":1066,"url":"https:\/\/www.entreculturas.org\/wp-content\/uploads\/2024\/10\/wEB.jpg","type":"image\/jpeg"}],"twitter_card":"summary_large_image","twitter_site":"@Entreculturas","schema":{"@context":"https:\/\/schema.org","@graph":[{"@type":"WebPage","@id":"https:\/\/www.entreculturas.org\/gl\/podcast\/julia-navarro-podcast-ong-entreculturas-amoverse-vuelta-cole\/","url":"https:\/\/www.entreculturas.org\/gl\/podcast\/julia-navarro-podcast-ong-entreculturas-amoverse-vuelta-cole\/","name":"Julia Navarro conversa con Amoverse sobre la vuelta al colegio","isPartOf":{"@id":"https:\/\/www.entreculturas.org\/gl\/#website"},"primaryImageOfPage":{"@id":"https:\/\/www.entreculturas.org\/gl\/podcast\/julia-navarro-podcast-ong-entreculturas-amoverse-vuelta-cole\/#primaryimage"},"image":{"@id":"https:\/\/www.entreculturas.org\/gl\/podcast\/julia-navarro-podcast-ong-entreculturas-amoverse-vuelta-cole\/#primaryimage"},"thumbnailUrl":"https:\/\/www.entreculturas.org\/wp-content\/uploads\/2024\/10\/wEB.jpg","datePublished":"2024-10-31T08:00:00+00:00","dateModified":"2024-11-05T11:02:37+00:00","description":"En el podcast, Julia Navarro conversa con la Fundaci\u00f3n Amoverse sobre c\u00f3mo es para las familias en situaci\u00f3n de vulnerabilidad volver al cole","breadcrumb":{"@id":"https:\/\/www.entreculturas.org\/gl\/podcast\/julia-navarro-podcast-ong-entreculturas-amoverse-vuelta-cole\/#breadcrumb"},"inLanguage":"gl-ES","potentialAction":[{"@type":"ReadAction","target":["https:\/\/www.entreculturas.org\/gl\/podcast\/julia-navarro-podcast-ong-entreculturas-amoverse-vuelta-cole\/"]}]},{"@type":"ImageObject","inLanguage":"gl-ES","@id":"https:\/\/www.entreculturas.org\/gl\/podcast\/julia-navarro-podcast-ong-entreculturas-amoverse-vuelta-cole\/#primaryimage","url":"https:\/\/www.entreculturas.org\/wp-content\/uploads\/2024\/10\/wEB.jpg","contentUrl":"https:\/\/www.entreculturas.org\/wp-content\/uploads\/2024\/10\/wEB.jpg","width":1600,"height":1066,"caption":"Julia Navarro, Entreculturas y Fundaci\u00f3n Amoverse conversan sobre la vuelta al cole para las familias en situaci\u00f3n de vulnerabilidad en Madrid"},{"@type":"BreadcrumbList","@id":"https:\/\/www.entreculturas.org\/gl\/podcast\/julia-navarro-podcast-ong-entreculturas-amoverse-vuelta-cole\/#breadcrumb","itemListElement":[{"@type":"ListItem","position":1,"name":"Home","item":"https:\/\/www.entreculturas.org\/gl\/"},{"@type":"ListItem","position":2,"name":"Podcast Julia Navarro","item":"https:\/\/www.entreculturas.org\/gl\/podcasts\/"},{"@type":"ListItem","position":3,"name":"\u00abEl acompa\u00f1amiento emocional es esencial para dar confianza a las familias durante la vuelta al cole\u201d"}]},{"@type":"WebSite","@id":"https:\/\/www.entreculturas.org\/gl\/#website","url":"https:\/\/www.entreculturas.org\/gl\/","name":"Entreculturas","description":"","publisher":{"@id":"https:\/\/www.entreculturas.org\/gl\/#organization"},"alternateName":"Entreculturas","potentialAction":[{"@type":"SearchAction","target":{"@type":"EntryPoint","urlTemplate":"https:\/\/www.entreculturas.org\/gl\/?s={search_term_string}"},"query-input":{"@type":"PropertyValueSpecification","valueRequired":true,"valueName":"search_term_string"}}],"inLanguage":"gl-ES"},{"@type":"Organization","@id":"https:\/\/www.entreculturas.org\/gl\/#organization","name":"Entreculturas","url":"https:\/\/www.entreculturas.org\/gl\/","logo":{"@type":"ImageObject","inLanguage":"gl-ES","@id":"https:\/\/www.entreculturas.org\/gl\/#\/schema\/logo\/image\/","url":"https:\/\/www.entreculturas.org\/wp-content\/uploads\/2025\/10\/ESP.svg","contentUrl":"https:\/\/www.entreculturas.org\/wp-content\/uploads\/2025\/10\/ESP.svg","caption":"Entreculturas"},"image":{"@id":"https:\/\/www.entreculturas.org\/gl\/#\/schema\/logo\/image\/"},"sameAs":["https:\/\/www.facebook.com\/entreculturas","https:\/\/x.com\/Entreculturas","https:\/\/www.instagram.com\/entreculturas\/","https:\/\/www.youtube.com\/user\/entreculturasvideo","https:\/\/www.linkedin.com\/company\/fundacion-entreculturas-ngdo\/","https:\/\/www.flickr.com\/photos\/98455522@N04\/albums\/"]}]}},"_links":{"self":[{"href":"https:\/\/www.entreculturas.org\/gl\/wp-json\/wp\/v2\/podcast\/34960","targetHints":{"allow":["GET"]}}],"collection":[{"href":"https:\/\/www.entreculturas.org\/gl\/wp-json\/wp\/v2\/podcast"}],"about":[{"href":"https:\/\/www.entreculturas.org\/gl\/wp-json\/wp\/v2\/types\/podcast"}],"wp:featuredmedia":[{"embeddable":true,"href":"https:\/\/www.entreculturas.org\/gl\/wp-json\/wp\/v2\/media\/34790"}],"wp:attachment":[{"href":"https:\/\/www.entreculturas.org\/gl\/wp-json\/wp\/v2\/media?parent=34960"}],"wp:term":[{"taxonomy":"category","embeddable":true,"href":"https:\/\/www.entreculturas.org\/gl\/wp-json\/wp\/v2\/categories?post=34960"},{"taxonomy":"post_tag","embeddable":true,"href":"https:\/\/www.entreculturas.org\/gl\/wp-json\/wp\/v2\/tags?post=34960"}],"curies":[{"name":"wp","href":"https:\/\/api.w.org\/{rel}","templated":true}]}}