{"id":33804,"date":"2024-10-09T10:11:52","date_gmt":"2024-10-09T08:11:52","guid":{"rendered":"https:\/\/www.entreculturas.org\/?post_type=podcast&#038;p=33804"},"modified":"2024-10-16T19:46:34","modified_gmt":"2024-10-16T17:46:34","slug":"el-objetivo-es-que-las-ninas-se-sientan-capaces-de-alzar-su-voz-y-de-asumir-liderazgos-sin-ningun-temor","status":"publish","type":"podcast","link":"https:\/\/www.entreculturas.org\/gl\/podcast\/el-objetivo-es-que-las-ninas-se-sientan-capaces-de-alzar-su-voz-y-de-asumir-liderazgos-sin-ningun-temor\/","title":{"rendered":"&#8220;El objetivo es que las ni\u00f1as se sientan capaces de alzar su voz y de asumir liderazgos sin ning\u00fan temor&#8221;"},"content":{"rendered":"\n<p>Esta semana en Voces por una Causa, la escritora <strong>Julia Navarro conversa con Livia Condorcahua Rodr\u00edguez<\/strong>, coordinadora pedag\u00f3gica del Proyecto de Educaci\u00f3n Rural de Fe y Alegr\u00eda en Andahuaylillas, Cusco, Per\u00fa. Con ella, con motivo del <strong>D\u00eda Internacional de la Ni\u00f1a<\/strong> -que se celebra este 11 de octubre- nos acercamos al trabajo que realizamos desde la campa\u00f1a <a href=\"https:\/\/www.entreculturas.org\/la-luz-de-las-ninas\/\">La LUZ de las NI\u00d1AS<\/a> en esta zona del pa\u00eds andino.&nbsp;<\/p>\n\n\n\n<p>Livia nos relata el contexto que rodea la campa\u00f1a en Cusco: \u201cEstamos presentes desde 2014 y trabajamos a trav\u00e9s de <strong>proyectos anuales con 150 profesores y profesoras de 25 instituciones educativas<\/strong> en 25 comunidades, llegando a aproximadamente 1000 estudiantes y 800 familias\u201d. Zonas rurales,&nbsp; afirma Livia, donde \u201cse pueden ver pr\u00e1cticas inequitativas, machismo y violencias hacia ni\u00f1as y mujeres\u201d.&nbsp;<\/p>\n\n\n\n<p>Livia&nbsp; tambi\u00e9n nos cuenta que el objetivo de La LUZ de las NI\u00d1AS en esta zona andina es \u201cempoderar a mujeres y ni\u00f1as, <strong>atender casos de violencia y trabajar desde la prevenci\u00f3n <\/strong>este tipo de acciones\u201d. Un desempe\u00f1o que est\u00e1 teniendo efecto, seg\u00fan afirma Livia, ya que \u201chay cambios de actitud en los padres, por ejemplo en el apoyo que brindan a sus hijas para que terminen sus estudios o en las tareas dom\u00e9sticas\u201d.&nbsp;<\/p>\n\n\n\n<p>Por \u00faltimo, Livia profundiza en la metodolog\u00eda de trabajo que llevan a cabo donde los profesores y profesoras se convierten en \u201cacompa\u00f1antes pedag\u00f3gicos\u201d, realizando terapias individuales y grupales junto a un equipo de psic\u00f3logos, adem\u00e1s de talleres de habilidades socioemocionales para familias. Todo, recalca Livia, con el objetivo de que \u201cni\u00f1os, ni\u00f1as, adolescentes, mujeres y varones puedan reconocerse en<strong> igualdad de derechos<\/strong> y oportunidades\u201d.&nbsp;<\/p>\n\n\n\n<p>\u2018<strong>Voces por una Causa\u2019 es el podcast semanal de Entreculturas<\/strong>. Los programas se emiten todos los jueves en nuestro canal de <a href=\"https:\/\/www.youtube.com\/c\/EntreculturasOrg915902672\">Youtube<\/a>, en <a href=\"https:\/\/open.spotify.com\/show\/6dS5JsqnsWrnHL1gwead1A\">Spotify<\/a>, en <a href=\"https:\/\/www.ivoox.com\/perfil-entreculturas_a8_listener_28185270_1.html\">Ivoox<\/a>, y en <a href=\"https:\/\/podcasts.apple.com\/us\/podcast\/entreculturas-voces-por-una-causa\/id1621485462\">Apple Podcast<\/a>.<\/p>\n\n\n\n<iframe style=\"border-radius:12px\" src=\"https:\/\/open.spotify.com\/embed\/episode\/6YEVpou0qb7XD3b6hfMLw0?utm_source=generator\" width=\"100%\" height=\"352\" frameBorder=\"0\" allowfullscreen=\"\" allow=\"autoplay; clipboard-write; encrypted-media; fullscreen; picture-in-picture\" loading=\"lazy\"><\/iframe>\n\n\n\n<p><\/p>\n","protected":false},"excerpt":{"rendered":"<p>Esta semana en Voces por una Causa, la escritora Julia Navarro conversa con Livia Condorcahua Rodr\u00edguez, coordinadora pedag\u00f3gica del Proyecto de Educaci\u00f3n Rural de Fe y Alegr\u00eda en Andahuaylillas, Cusco, Per\u00fa. Con ella, con motivo del D\u00eda Internacional de la Ni\u00f1a -que se celebra este 11 de octubre- nos acercamos al trabajo que realizamos desde la campa\u00f1a La LUZ de las NI\u00d1AS en esta zona del pa\u00eds andino.&nbsp; Livia nos relata el contexto que rodea la campa\u00f1a en Cusco: \u201cEstamos presentes desde 2014 y trabajamos a trav\u00e9s de proyectos anuales con 150 profesores y profesoras de 25 instituciones educativas en 25 comunidades, llegando a aproximadamente 1000 estudiantes y 800 familias\u201d. Zonas rurales,&nbsp; afirma Livia, donde \u201cse pueden ver pr\u00e1cticas inequitativas, machismo y violencias hacia ni\u00f1as y mujeres\u201d.&nbsp; Livia&nbsp; tambi\u00e9n nos cuenta que el objetivo de La LUZ de las NI\u00d1AS en esta zona andina es \u201cempoderar a mujeres y ni\u00f1as, [&hellip;]<\/p>\n","protected":false},"featured_media":34117,"template":"","meta":{"_acf_changed":false},"categories":[],"tags":[],"class_list":["post-33804","podcast","type-podcast","status-publish","has-post-thumbnail","hentry"],"acf":[],"yoast_head":"<!-- This site is optimized with the Yoast SEO Premium plugin v21.6 (Yoast SEO v27.5) - https:\/\/yoast.com\/product\/yoast-seo-premium-wordpress\/ -->\n<title>&quot;El objetivo es que las ni\u00f1as se sientan capaces de alzar su voz y de asumir liderazgos sin ning\u00fan temor&quot; - Entreculturas<\/title>\n<meta name=\"description\" content=\"Esta semana en Voces por una Causa, la escritora Julia Navarro conversa con Livia Condorcahua Rodr\u00edguez, coordinadora pedag\u00f3gica del Proyecto de Educaci\u00f3n Rural de Fe y Alegr\u00eda en Andahuaylillas, Cusco, Per\u00fa. Con ella, con motivo del D\u00eda Internacional de la Ni\u00f1a -que se celebra este 11 de octubre- nos acercamos al trabajo que realizamos desde la campa\u00f1a La LUZ de las NI\u00d1AS en esta zona del pa\u00eds andino.\u00a0\" \/>\n<meta name=\"robots\" content=\"index, follow, max-snippet:-1, max-image-preview:large, max-video-preview:-1\" \/>\n<link rel=\"canonical\" href=\"https:\/\/www.entreculturas.org\/gl\/podcast\/el-objetivo-es-que-las-ninas-se-sientan-capaces-de-alzar-su-voz-y-de-asumir-liderazgos-sin-ningun-temor\/\" \/>\n<meta property=\"og:locale\" content=\"gl_ES\" \/>\n<meta property=\"og:type\" content=\"article\" \/>\n<meta property=\"og:title\" content=\"&quot;El objetivo es que las ni\u00f1as se sientan capaces de alzar su voz y de asumir liderazgos sin ning\u00fan temor&quot;\" \/>\n<meta property=\"og:description\" content=\"Esta semana en Voces por una Causa, la escritora Julia Navarro conversa con Livia Condorcahua Rodr\u00edguez, coordinadora pedag\u00f3gica del Proyecto de Educaci\u00f3n Rural de Fe y Alegr\u00eda en Andahuaylillas, Cusco, Per\u00fa. Con ella, con motivo del D\u00eda Internacional de la Ni\u00f1a -que se celebra este 11 de octubre- nos acercamos al trabajo que realizamos desde la campa\u00f1a La LUZ de las NI\u00d1AS en esta zona del pa\u00eds andino.\u00a0\" \/>\n<meta property=\"og:url\" content=\"https:\/\/www.entreculturas.org\/gl\/podcast\/el-objetivo-es-que-las-ninas-se-sientan-capaces-de-alzar-su-voz-y-de-asumir-liderazgos-sin-ningun-temor\/\" \/>\n<meta property=\"og:site_name\" content=\"Entreculturas\" \/>\n<meta property=\"article:publisher\" content=\"https:\/\/www.facebook.com\/entreculturas\" \/>\n<meta property=\"article:modified_time\" content=\"2024-10-16T17:46:34+00:00\" \/>\n<meta property=\"og:image\" content=\"https:\/\/www.entreculturas.org\/wp-content\/uploads\/2024\/10\/IG-y-web-Comprimida.jpg\" \/>\n\t<meta property=\"og:image:width\" content=\"800\" \/>\n\t<meta property=\"og:image:height\" content=\"533\" \/>\n\t<meta property=\"og:image:type\" content=\"image\/jpeg\" \/>\n<meta name=\"twitter:card\" content=\"summary_large_image\" \/>\n<meta name=\"twitter:site\" content=\"@Entreculturas\" \/>\n<script type=\"application\/ld+json\" class=\"yoast-schema-graph\">{\"@context\":\"https:\\\/\\\/schema.org\",\"@graph\":[{\"@type\":\"WebPage\",\"@id\":\"https:\\\/\\\/www.entreculturas.org\\\/gl\\\/podcast\\\/el-objetivo-es-que-las-ninas-se-sientan-capaces-de-alzar-su-voz-y-de-asumir-liderazgos-sin-ningun-temor\\\/\",\"url\":\"https:\\\/\\\/www.entreculturas.org\\\/gl\\\/podcast\\\/el-objetivo-es-que-las-ninas-se-sientan-capaces-de-alzar-su-voz-y-de-asumir-liderazgos-sin-ningun-temor\\\/\",\"name\":\"\\\"El objetivo es que las ni\u00f1as se sientan capaces de alzar su voz y de asumir liderazgos sin ning\u00fan temor\\\" - Entreculturas\",\"isPartOf\":{\"@id\":\"https:\\\/\\\/www.entreculturas.org\\\/gl\\\/#website\"},\"primaryImageOfPage\":{\"@id\":\"https:\\\/\\\/www.entreculturas.org\\\/gl\\\/podcast\\\/el-objetivo-es-que-las-ninas-se-sientan-capaces-de-alzar-su-voz-y-de-asumir-liderazgos-sin-ningun-temor\\\/#primaryimage\"},\"image\":{\"@id\":\"https:\\\/\\\/www.entreculturas.org\\\/gl\\\/podcast\\\/el-objetivo-es-que-las-ninas-se-sientan-capaces-de-alzar-su-voz-y-de-asumir-liderazgos-sin-ningun-temor\\\/#primaryimage\"},\"thumbnailUrl\":\"https:\\\/\\\/www.entreculturas.org\\\/wp-content\\\/uploads\\\/2024\\\/10\\\/IG-y-web-Comprimida.jpg\",\"datePublished\":\"2024-10-09T08:11:52+00:00\",\"dateModified\":\"2024-10-16T17:46:34+00:00\",\"description\":\"Esta semana en Voces por una Causa, la escritora Julia Navarro conversa con Livia Condorcahua Rodr\u00edguez, coordinadora pedag\u00f3gica del Proyecto de Educaci\u00f3n Rural de Fe y Alegr\u00eda en Andahuaylillas, Cusco, Per\u00fa. Con ella, con motivo del D\u00eda Internacional de la Ni\u00f1a -que se celebra este 11 de octubre- nos acercamos al trabajo que realizamos desde la campa\u00f1a La LUZ de las NI\u00d1AS en esta zona del pa\u00eds andino.\u00a0\",\"breadcrumb\":{\"@id\":\"https:\\\/\\\/www.entreculturas.org\\\/gl\\\/podcast\\\/el-objetivo-es-que-las-ninas-se-sientan-capaces-de-alzar-su-voz-y-de-asumir-liderazgos-sin-ningun-temor\\\/#breadcrumb\"},\"inLanguage\":\"gl-ES\",\"potentialAction\":[{\"@type\":\"ReadAction\",\"target\":[\"https:\\\/\\\/www.entreculturas.org\\\/gl\\\/podcast\\\/el-objetivo-es-que-las-ninas-se-sientan-capaces-de-alzar-su-voz-y-de-asumir-liderazgos-sin-ningun-temor\\\/\"]}]},{\"@type\":\"ImageObject\",\"inLanguage\":\"gl-ES\",\"@id\":\"https:\\\/\\\/www.entreculturas.org\\\/gl\\\/podcast\\\/el-objetivo-es-que-las-ninas-se-sientan-capaces-de-alzar-su-voz-y-de-asumir-liderazgos-sin-ningun-temor\\\/#primaryimage\",\"url\":\"https:\\\/\\\/www.entreculturas.org\\\/wp-content\\\/uploads\\\/2024\\\/10\\\/IG-y-web-Comprimida.jpg\",\"contentUrl\":\"https:\\\/\\\/www.entreculturas.org\\\/wp-content\\\/uploads\\\/2024\\\/10\\\/IG-y-web-Comprimida.jpg\",\"width\":800,\"height\":533},{\"@type\":\"BreadcrumbList\",\"@id\":\"https:\\\/\\\/www.entreculturas.org\\\/gl\\\/podcast\\\/el-objetivo-es-que-las-ninas-se-sientan-capaces-de-alzar-su-voz-y-de-asumir-liderazgos-sin-ningun-temor\\\/#breadcrumb\",\"itemListElement\":[{\"@type\":\"ListItem\",\"position\":1,\"name\":\"Home\",\"item\":\"https:\\\/\\\/www.entreculturas.org\\\/gl\\\/\"},{\"@type\":\"ListItem\",\"position\":2,\"name\":\"Podcast Julia Navarro\",\"item\":\"https:\\\/\\\/www.entreculturas.org\\\/gl\\\/podcasts\\\/\"},{\"@type\":\"ListItem\",\"position\":3,\"name\":\"&#8220;El objetivo es que las ni\u00f1as se sientan capaces de alzar su voz y de asumir liderazgos sin ning\u00fan temor&#8221;\"}]},{\"@type\":\"WebSite\",\"@id\":\"https:\\\/\\\/www.entreculturas.org\\\/gl\\\/#website\",\"url\":\"https:\\\/\\\/www.entreculturas.org\\\/gl\\\/\",\"name\":\"Entreculturas\",\"description\":\"\",\"publisher\":{\"@id\":\"https:\\\/\\\/www.entreculturas.org\\\/gl\\\/#organization\"},\"alternateName\":\"Entreculturas\",\"potentialAction\":[{\"@type\":\"SearchAction\",\"target\":{\"@type\":\"EntryPoint\",\"urlTemplate\":\"https:\\\/\\\/www.entreculturas.org\\\/gl\\\/?s={search_term_string}\"},\"query-input\":{\"@type\":\"PropertyValueSpecification\",\"valueRequired\":true,\"valueName\":\"search_term_string\"}}],\"inLanguage\":\"gl-ES\"},{\"@type\":\"Organization\",\"@id\":\"https:\\\/\\\/www.entreculturas.org\\\/gl\\\/#organization\",\"name\":\"Entreculturas\",\"url\":\"https:\\\/\\\/www.entreculturas.org\\\/gl\\\/\",\"logo\":{\"@type\":\"ImageObject\",\"inLanguage\":\"gl-ES\",\"@id\":\"https:\\\/\\\/www.entreculturas.org\\\/gl\\\/#\\\/schema\\\/logo\\\/image\\\/\",\"url\":\"https:\\\/\\\/www.entreculturas.org\\\/wp-content\\\/uploads\\\/2025\\\/10\\\/ESP.svg\",\"contentUrl\":\"https:\\\/\\\/www.entreculturas.org\\\/wp-content\\\/uploads\\\/2025\\\/10\\\/ESP.svg\",\"caption\":\"Entreculturas\"},\"image\":{\"@id\":\"https:\\\/\\\/www.entreculturas.org\\\/gl\\\/#\\\/schema\\\/logo\\\/image\\\/\"},\"sameAs\":[\"https:\\\/\\\/www.facebook.com\\\/entreculturas\",\"https:\\\/\\\/x.com\\\/Entreculturas\",\"https:\\\/\\\/www.instagram.com\\\/entreculturas\\\/\",\"https:\\\/\\\/www.youtube.com\\\/user\\\/entreculturasvideo\",\"https:\\\/\\\/www.linkedin.com\\\/company\\\/fundacion-entreculturas-ngdo\\\/\",\"https:\\\/\\\/www.flickr.com\\\/photos\\\/98455522@N04\\\/albums\\\/\"]}]}<\/script>\n<!-- \/ Yoast SEO Premium plugin. -->","yoast_head_json":{"title":"\"El objetivo es que las ni\u00f1as se sientan capaces de alzar su voz y de asumir liderazgos sin ning\u00fan temor\" - Entreculturas","description":"Esta semana en Voces por una Causa, la escritora Julia Navarro conversa con Livia Condorcahua Rodr\u00edguez, coordinadora pedag\u00f3gica del Proyecto de Educaci\u00f3n Rural de Fe y Alegr\u00eda en Andahuaylillas, Cusco, Per\u00fa. Con ella, con motivo del D\u00eda Internacional de la Ni\u00f1a -que se celebra este 11 de octubre- nos acercamos al trabajo que realizamos desde la campa\u00f1a La LUZ de las NI\u00d1AS en esta zona del pa\u00eds andino.\u00a0","robots":{"index":"index","follow":"follow","max-snippet":"max-snippet:-1","max-image-preview":"max-image-preview:large","max-video-preview":"max-video-preview:-1"},"canonical":"https:\/\/www.entreculturas.org\/gl\/podcast\/el-objetivo-es-que-las-ninas-se-sientan-capaces-de-alzar-su-voz-y-de-asumir-liderazgos-sin-ningun-temor\/","og_locale":"gl_ES","og_type":"article","og_title":"\"El objetivo es que las ni\u00f1as se sientan capaces de alzar su voz y de asumir liderazgos sin ning\u00fan temor\"","og_description":"Esta semana en Voces por una Causa, la escritora Julia Navarro conversa con Livia Condorcahua Rodr\u00edguez, coordinadora pedag\u00f3gica del Proyecto de Educaci\u00f3n Rural de Fe y Alegr\u00eda en Andahuaylillas, Cusco, Per\u00fa. Con ella, con motivo del D\u00eda Internacional de la Ni\u00f1a -que se celebra este 11 de octubre- nos acercamos al trabajo que realizamos desde la campa\u00f1a La LUZ de las NI\u00d1AS en esta zona del pa\u00eds andino.\u00a0","og_url":"https:\/\/www.entreculturas.org\/gl\/podcast\/el-objetivo-es-que-las-ninas-se-sientan-capaces-de-alzar-su-voz-y-de-asumir-liderazgos-sin-ningun-temor\/","og_site_name":"Entreculturas","article_publisher":"https:\/\/www.facebook.com\/entreculturas","article_modified_time":"2024-10-16T17:46:34+00:00","og_image":[{"width":800,"height":533,"url":"https:\/\/www.entreculturas.org\/wp-content\/uploads\/2024\/10\/IG-y-web-Comprimida.jpg","type":"image\/jpeg"}],"twitter_card":"summary_large_image","twitter_site":"@Entreculturas","schema":{"@context":"https:\/\/schema.org","@graph":[{"@type":"WebPage","@id":"https:\/\/www.entreculturas.org\/gl\/podcast\/el-objetivo-es-que-las-ninas-se-sientan-capaces-de-alzar-su-voz-y-de-asumir-liderazgos-sin-ningun-temor\/","url":"https:\/\/www.entreculturas.org\/gl\/podcast\/el-objetivo-es-que-las-ninas-se-sientan-capaces-de-alzar-su-voz-y-de-asumir-liderazgos-sin-ningun-temor\/","name":"\"El objetivo es que las ni\u00f1as se sientan capaces de alzar su voz y de asumir liderazgos sin ning\u00fan temor\" - Entreculturas","isPartOf":{"@id":"https:\/\/www.entreculturas.org\/gl\/#website"},"primaryImageOfPage":{"@id":"https:\/\/www.entreculturas.org\/gl\/podcast\/el-objetivo-es-que-las-ninas-se-sientan-capaces-de-alzar-su-voz-y-de-asumir-liderazgos-sin-ningun-temor\/#primaryimage"},"image":{"@id":"https:\/\/www.entreculturas.org\/gl\/podcast\/el-objetivo-es-que-las-ninas-se-sientan-capaces-de-alzar-su-voz-y-de-asumir-liderazgos-sin-ningun-temor\/#primaryimage"},"thumbnailUrl":"https:\/\/www.entreculturas.org\/wp-content\/uploads\/2024\/10\/IG-y-web-Comprimida.jpg","datePublished":"2024-10-09T08:11:52+00:00","dateModified":"2024-10-16T17:46:34+00:00","description":"Esta semana en Voces por una Causa, la escritora Julia Navarro conversa con Livia Condorcahua Rodr\u00edguez, coordinadora pedag\u00f3gica del Proyecto de Educaci\u00f3n Rural de Fe y Alegr\u00eda en Andahuaylillas, Cusco, Per\u00fa. Con ella, con motivo del D\u00eda Internacional de la Ni\u00f1a -que se celebra este 11 de octubre- nos acercamos al trabajo que realizamos desde la campa\u00f1a La LUZ de las NI\u00d1AS en esta zona del pa\u00eds andino.\u00a0","breadcrumb":{"@id":"https:\/\/www.entreculturas.org\/gl\/podcast\/el-objetivo-es-que-las-ninas-se-sientan-capaces-de-alzar-su-voz-y-de-asumir-liderazgos-sin-ningun-temor\/#breadcrumb"},"inLanguage":"gl-ES","potentialAction":[{"@type":"ReadAction","target":["https:\/\/www.entreculturas.org\/gl\/podcast\/el-objetivo-es-que-las-ninas-se-sientan-capaces-de-alzar-su-voz-y-de-asumir-liderazgos-sin-ningun-temor\/"]}]},{"@type":"ImageObject","inLanguage":"gl-ES","@id":"https:\/\/www.entreculturas.org\/gl\/podcast\/el-objetivo-es-que-las-ninas-se-sientan-capaces-de-alzar-su-voz-y-de-asumir-liderazgos-sin-ningun-temor\/#primaryimage","url":"https:\/\/www.entreculturas.org\/wp-content\/uploads\/2024\/10\/IG-y-web-Comprimida.jpg","contentUrl":"https:\/\/www.entreculturas.org\/wp-content\/uploads\/2024\/10\/IG-y-web-Comprimida.jpg","width":800,"height":533},{"@type":"BreadcrumbList","@id":"https:\/\/www.entreculturas.org\/gl\/podcast\/el-objetivo-es-que-las-ninas-se-sientan-capaces-de-alzar-su-voz-y-de-asumir-liderazgos-sin-ningun-temor\/#breadcrumb","itemListElement":[{"@type":"ListItem","position":1,"name":"Home","item":"https:\/\/www.entreculturas.org\/gl\/"},{"@type":"ListItem","position":2,"name":"Podcast Julia Navarro","item":"https:\/\/www.entreculturas.org\/gl\/podcasts\/"},{"@type":"ListItem","position":3,"name":"&#8220;El objetivo es que las ni\u00f1as se sientan capaces de alzar su voz y de asumir liderazgos sin ning\u00fan temor&#8221;"}]},{"@type":"WebSite","@id":"https:\/\/www.entreculturas.org\/gl\/#website","url":"https:\/\/www.entreculturas.org\/gl\/","name":"Entreculturas","description":"","publisher":{"@id":"https:\/\/www.entreculturas.org\/gl\/#organization"},"alternateName":"Entreculturas","potentialAction":[{"@type":"SearchAction","target":{"@type":"EntryPoint","urlTemplate":"https:\/\/www.entreculturas.org\/gl\/?s={search_term_string}"},"query-input":{"@type":"PropertyValueSpecification","valueRequired":true,"valueName":"search_term_string"}}],"inLanguage":"gl-ES"},{"@type":"Organization","@id":"https:\/\/www.entreculturas.org\/gl\/#organization","name":"Entreculturas","url":"https:\/\/www.entreculturas.org\/gl\/","logo":{"@type":"ImageObject","inLanguage":"gl-ES","@id":"https:\/\/www.entreculturas.org\/gl\/#\/schema\/logo\/image\/","url":"https:\/\/www.entreculturas.org\/wp-content\/uploads\/2025\/10\/ESP.svg","contentUrl":"https:\/\/www.entreculturas.org\/wp-content\/uploads\/2025\/10\/ESP.svg","caption":"Entreculturas"},"image":{"@id":"https:\/\/www.entreculturas.org\/gl\/#\/schema\/logo\/image\/"},"sameAs":["https:\/\/www.facebook.com\/entreculturas","https:\/\/x.com\/Entreculturas","https:\/\/www.instagram.com\/entreculturas\/","https:\/\/www.youtube.com\/user\/entreculturasvideo","https:\/\/www.linkedin.com\/company\/fundacion-entreculturas-ngdo\/","https:\/\/www.flickr.com\/photos\/98455522@N04\/albums\/"]}]}},"_links":{"self":[{"href":"https:\/\/www.entreculturas.org\/gl\/wp-json\/wp\/v2\/podcast\/33804","targetHints":{"allow":["GET"]}}],"collection":[{"href":"https:\/\/www.entreculturas.org\/gl\/wp-json\/wp\/v2\/podcast"}],"about":[{"href":"https:\/\/www.entreculturas.org\/gl\/wp-json\/wp\/v2\/types\/podcast"}],"wp:featuredmedia":[{"embeddable":true,"href":"https:\/\/www.entreculturas.org\/gl\/wp-json\/wp\/v2\/media\/34117"}],"wp:attachment":[{"href":"https:\/\/www.entreculturas.org\/gl\/wp-json\/wp\/v2\/media?parent=33804"}],"wp:term":[{"taxonomy":"category","embeddable":true,"href":"https:\/\/www.entreculturas.org\/gl\/wp-json\/wp\/v2\/categories?post=33804"},{"taxonomy":"post_tag","embeddable":true,"href":"https:\/\/www.entreculturas.org\/gl\/wp-json\/wp\/v2\/tags?post=33804"}],"curies":[{"name":"wp","href":"https:\/\/api.w.org\/{rel}","templated":true}]}}