{"id":24349,"date":"2024-05-09T12:55:46","date_gmt":"2024-05-09T10:55:46","guid":{"rendered":"https:\/\/www.entreculturas.org\/?post_type=podcast&#038;p=24349"},"modified":"2024-05-09T16:12:51","modified_gmt":"2024-05-09T14:12:51","slug":"el-museo-es-un-lugar-abierto-donde-se-puede-entablar-dialogos-desde-el-respeto-y-el-arte","status":"publish","type":"podcast","link":"https:\/\/www.entreculturas.org\/gl\/podcast\/el-museo-es-un-lugar-abierto-donde-se-puede-entablar-dialogos-desde-el-respeto-y-el-arte\/","title":{"rendered":"&#8220;El museo es un lugar abierto donde se puede entablar di\u00e1logos desde el respeto y el arte&#8221;"},"content":{"rendered":"\n<p>Esta semana en Voces por una Causa, la escritora <strong>Julia Navarro <\/strong>conversa con <strong>Linda Zurek<\/strong>, coordinadora del \u00c1rea de Museolog\u00eda del <strong>Museo Santuario de San Pedro Claver en Cartagena de Indias, Colombia<\/strong>, y con <strong>Eliana Buelvas<\/strong>, asistente del mismo museo, desde el propio museo en Colombia. Con ellas nos acercamos a la labor que realizan dentro del museo con ocasi\u00f3n del <strong>D\u00eda Mundial de los Museos<\/strong> que se celebra el pr\u00f3ximo 18 de mayo.&nbsp;<\/p>\n\n\n\n<p>En este cap\u00edtulo Linda nos habla de c\u00f3mo un museo se puede convertir en un punto de encuentro, donde reunir a los diferentes artistas contempor\u00e1neas a la vez que se exhiben piezas hist\u00f3ricas. Una meta que ha conseguido el Museo-Santurario de San Pedro Claver, seg\u00fan Linda, convirti\u00e9ndose en <strong>\u201cun lugar abierto donde se puede entablar di\u00e1logos<\/strong> desde el respeto y el arte\u201d sobre diferentes temas y sensibilidades.&nbsp;<\/p>\n\n\n\n<p>Por su parte, Eliana nos cuenta la propia naturaleza que tiene ahora el Santuario. Como \u201csus 400 a\u00f1os de vida le permite ser un <strong>reflejo de la construcci\u00f3n de la naci\u00f3n colombiana<\/strong>\u201d, a la vez que \u201csigue siendo un espacio vivo donde suceden todo tipo de actividades al mismo tiempo\u201d. Una din\u00e1mica que tambi\u00e9n es fruto, comenta Eliana, de las muy diversas colecciones que tiene el museo que refleja esa vida variopinta de Cartagena de Indias\u201d.&nbsp;<\/p>\n\n\n\n<p>Por \u00faltimo, Linda y Eliana profundizan en el trabajo que han llevado a cabo para que el Museo-Santuario sea <strong>un espacio accesible donde j\u00f3venes artistas locales y regionales puedan exponer sus trabajos<\/strong>. \u201cEs importante que tengan un lugar donde puedan visibilizar su obra, donde puedan comunicarse con las personas que nos visitan y que se genere una conexi\u00f3n entre el visitante, el artista y el museo\u201d, afirma Eliana.&nbsp;&nbsp;<\/p>\n\n\n\n<p>\u2018<strong>Voces por una Causa\u2019 es el podcast semanal de Entreculturas<\/strong>. Los programas se emiten todos los jueves en nuestro canal de <a href=\"https:\/\/www.youtube.com\/c\/EntreculturasOrg915902672\">Youtube<\/a>, en <a href=\"https:\/\/open.spotify.com\/show\/6dS5JsqnsWrnHL1gwead1A\">Spotify<\/a>, en <a href=\"https:\/\/www.ivoox.com\/perfil-entreculturas_a8_listener_28185270_1.html\">Ivoox<\/a>, y en <a href=\"https:\/\/podcasts.apple.com\/us\/podcast\/entreculturas-voces-por-una-causa\/id1621485462\">Apple Podcast<\/a>.<\/p>\n","protected":false},"excerpt":{"rendered":"<p>Esta semana en Voces por una Causa, la escritora Julia Navarro conversa con Linda Zurek, coordinadora del \u00c1rea de Museolog\u00eda del Museo Santuario de San Pedro Claver en Cartagena de Indias, Colombia, y con Eliana Buelvas, asistente del mismo museo, desde el propio museo en Colombia. Con ellas nos acercamos a la labor que realizan dentro del museo con ocasi\u00f3n del D\u00eda Mundial de los Museos que se celebra el pr\u00f3ximo 18 de mayo.&nbsp; En este cap\u00edtulo Linda nos habla de c\u00f3mo un museo se puede convertir en un punto de encuentro, donde reunir a los diferentes artistas contempor\u00e1neas a la vez que se exhiben piezas hist\u00f3ricas. Una meta que ha conseguido el Museo-Santurario de San Pedro Claver, seg\u00fan Linda, convirti\u00e9ndose en \u201cun lugar abierto donde se puede entablar di\u00e1logos desde el respeto y el arte\u201d sobre diferentes temas y sensibilidades.&nbsp; Por su parte, Eliana nos cuenta la propia naturaleza [&hellip;]<\/p>\n","protected":false},"featured_media":24355,"template":"","meta":{"_acf_changed":true},"categories":[],"tags":[],"class_list":["post-24349","podcast","type-podcast","status-publish","has-post-thumbnail","hentry"],"acf":[],"yoast_head":"<!-- This site is optimized with the Yoast SEO Premium plugin v21.6 (Yoast SEO v27.5) - https:\/\/yoast.com\/product\/yoast-seo-premium-wordpress\/ -->\n<title>&quot;El museo es un lugar abierto donde se puede entablar di\u00e1logos desde el respeto y el arte&quot; - Entreculturas<\/title>\n<meta name=\"description\" content=\"Esta semana en Voces por una Causa, la escritora Julia Navarro conversa con Linda Zurek, coordinadora del \u00c1rea de Museolog\u00eda del Museo Santuario de San Pedro Claver en Cartagena de Indias, Colombia, y con Eliana Buelvas, asistente del mismo museo, desde el propio museo en Colombia. Con ellas nos acercamos a la labor que realizan dentro del museo con ocasi\u00f3n del D\u00eda Mundial de los Museos que se celebra el pr\u00f3ximo 18 de mayo.\u00a0\" \/>\n<meta name=\"robots\" content=\"index, follow, max-snippet:-1, max-image-preview:large, max-video-preview:-1\" \/>\n<link rel=\"canonical\" href=\"https:\/\/www.entreculturas.org\/gl\/podcast\/el-museo-es-un-lugar-abierto-donde-se-puede-entablar-dialogos-desde-el-respeto-y-el-arte\/\" \/>\n<meta property=\"og:locale\" content=\"gl_ES\" \/>\n<meta property=\"og:type\" content=\"article\" \/>\n<meta property=\"og:title\" content=\"&quot;El museo es un lugar abierto donde se puede entablar di\u00e1logos desde el respeto y el arte&quot;\" \/>\n<meta property=\"og:description\" content=\"Esta semana en Voces por una Causa, la escritora Julia Navarro conversa con Linda Zurek, coordinadora del \u00c1rea de Museolog\u00eda del Museo Santuario de San Pedro Claver en Cartagena de Indias, Colombia, y con Eliana Buelvas, asistente del mismo museo, desde el propio museo en Colombia. Con ellas nos acercamos a la labor que realizan dentro del museo con ocasi\u00f3n del D\u00eda Mundial de los Museos que se celebra el pr\u00f3ximo 18 de mayo.\u00a0\" \/>\n<meta property=\"og:url\" content=\"https:\/\/www.entreculturas.org\/gl\/podcast\/el-museo-es-un-lugar-abierto-donde-se-puede-entablar-dialogos-desde-el-respeto-y-el-arte\/\" \/>\n<meta property=\"og:site_name\" content=\"Entreculturas\" \/>\n<meta property=\"article:publisher\" content=\"https:\/\/www.facebook.com\/entreculturas\" \/>\n<meta property=\"article:modified_time\" content=\"2024-05-09T14:12:51+00:00\" \/>\n<meta property=\"og:image\" content=\"https:\/\/www.entreculturas.org\/wp-content\/uploads\/2024\/05\/Somos-Iglesia_de_San_Pedro_Claver_3.jpg\" \/>\n\t<meta property=\"og:image:width\" content=\"800\" \/>\n\t<meta property=\"og:image:height\" content=\"598\" \/>\n\t<meta property=\"og:image:type\" content=\"image\/jpeg\" \/>\n<meta name=\"twitter:card\" content=\"summary_large_image\" \/>\n<meta name=\"twitter:site\" content=\"@Entreculturas\" \/>\n<script type=\"application\/ld+json\" class=\"yoast-schema-graph\">{\"@context\":\"https:\\\/\\\/schema.org\",\"@graph\":[{\"@type\":\"WebPage\",\"@id\":\"https:\\\/\\\/www.entreculturas.org\\\/gl\\\/podcast\\\/el-museo-es-un-lugar-abierto-donde-se-puede-entablar-dialogos-desde-el-respeto-y-el-arte\\\/\",\"url\":\"https:\\\/\\\/www.entreculturas.org\\\/gl\\\/podcast\\\/el-museo-es-un-lugar-abierto-donde-se-puede-entablar-dialogos-desde-el-respeto-y-el-arte\\\/\",\"name\":\"\\\"El museo es un lugar abierto donde se puede entablar di\u00e1logos desde el respeto y el arte\\\" - Entreculturas\",\"isPartOf\":{\"@id\":\"https:\\\/\\\/www.entreculturas.org\\\/gl\\\/#website\"},\"primaryImageOfPage\":{\"@id\":\"https:\\\/\\\/www.entreculturas.org\\\/gl\\\/podcast\\\/el-museo-es-un-lugar-abierto-donde-se-puede-entablar-dialogos-desde-el-respeto-y-el-arte\\\/#primaryimage\"},\"image\":{\"@id\":\"https:\\\/\\\/www.entreculturas.org\\\/gl\\\/podcast\\\/el-museo-es-un-lugar-abierto-donde-se-puede-entablar-dialogos-desde-el-respeto-y-el-arte\\\/#primaryimage\"},\"thumbnailUrl\":\"https:\\\/\\\/www.entreculturas.org\\\/wp-content\\\/uploads\\\/2024\\\/05\\\/Somos-Iglesia_de_San_Pedro_Claver_3.jpg\",\"datePublished\":\"2024-05-09T10:55:46+00:00\",\"dateModified\":\"2024-05-09T14:12:51+00:00\",\"description\":\"Esta semana en Voces por una Causa, la escritora Julia Navarro conversa con Linda Zurek, coordinadora del \u00c1rea de Museolog\u00eda del Museo Santuario de San Pedro Claver en Cartagena de Indias, Colombia, y con Eliana Buelvas, asistente del mismo museo, desde el propio museo en Colombia. Con ellas nos acercamos a la labor que realizan dentro del museo con ocasi\u00f3n del D\u00eda Mundial de los Museos que se celebra el pr\u00f3ximo 18 de mayo.\u00a0\",\"breadcrumb\":{\"@id\":\"https:\\\/\\\/www.entreculturas.org\\\/gl\\\/podcast\\\/el-museo-es-un-lugar-abierto-donde-se-puede-entablar-dialogos-desde-el-respeto-y-el-arte\\\/#breadcrumb\"},\"inLanguage\":\"gl-ES\",\"potentialAction\":[{\"@type\":\"ReadAction\",\"target\":[\"https:\\\/\\\/www.entreculturas.org\\\/gl\\\/podcast\\\/el-museo-es-un-lugar-abierto-donde-se-puede-entablar-dialogos-desde-el-respeto-y-el-arte\\\/\"]}]},{\"@type\":\"ImageObject\",\"inLanguage\":\"gl-ES\",\"@id\":\"https:\\\/\\\/www.entreculturas.org\\\/gl\\\/podcast\\\/el-museo-es-un-lugar-abierto-donde-se-puede-entablar-dialogos-desde-el-respeto-y-el-arte\\\/#primaryimage\",\"url\":\"https:\\\/\\\/www.entreculturas.org\\\/wp-content\\\/uploads\\\/2024\\\/05\\\/Somos-Iglesia_de_San_Pedro_Claver_3.jpg\",\"contentUrl\":\"https:\\\/\\\/www.entreculturas.org\\\/wp-content\\\/uploads\\\/2024\\\/05\\\/Somos-Iglesia_de_San_Pedro_Claver_3.jpg\",\"width\":800,\"height\":598},{\"@type\":\"BreadcrumbList\",\"@id\":\"https:\\\/\\\/www.entreculturas.org\\\/gl\\\/podcast\\\/el-museo-es-un-lugar-abierto-donde-se-puede-entablar-dialogos-desde-el-respeto-y-el-arte\\\/#breadcrumb\",\"itemListElement\":[{\"@type\":\"ListItem\",\"position\":1,\"name\":\"Home\",\"item\":\"https:\\\/\\\/www.entreculturas.org\\\/gl\\\/\"},{\"@type\":\"ListItem\",\"position\":2,\"name\":\"Podcast Julia Navarro\",\"item\":\"https:\\\/\\\/www.entreculturas.org\\\/gl\\\/podcasts\\\/\"},{\"@type\":\"ListItem\",\"position\":3,\"name\":\"&#8220;El museo es un lugar abierto donde se puede entablar di\u00e1logos desde el respeto y el arte&#8221;\"}]},{\"@type\":\"WebSite\",\"@id\":\"https:\\\/\\\/www.entreculturas.org\\\/gl\\\/#website\",\"url\":\"https:\\\/\\\/www.entreculturas.org\\\/gl\\\/\",\"name\":\"Entreculturas\",\"description\":\"\",\"publisher\":{\"@id\":\"https:\\\/\\\/www.entreculturas.org\\\/gl\\\/#organization\"},\"alternateName\":\"Entreculturas\",\"potentialAction\":[{\"@type\":\"SearchAction\",\"target\":{\"@type\":\"EntryPoint\",\"urlTemplate\":\"https:\\\/\\\/www.entreculturas.org\\\/gl\\\/?s={search_term_string}\"},\"query-input\":{\"@type\":\"PropertyValueSpecification\",\"valueRequired\":true,\"valueName\":\"search_term_string\"}}],\"inLanguage\":\"gl-ES\"},{\"@type\":\"Organization\",\"@id\":\"https:\\\/\\\/www.entreculturas.org\\\/gl\\\/#organization\",\"name\":\"Entreculturas\",\"url\":\"https:\\\/\\\/www.entreculturas.org\\\/gl\\\/\",\"logo\":{\"@type\":\"ImageObject\",\"inLanguage\":\"gl-ES\",\"@id\":\"https:\\\/\\\/www.entreculturas.org\\\/gl\\\/#\\\/schema\\\/logo\\\/image\\\/\",\"url\":\"https:\\\/\\\/www.entreculturas.org\\\/wp-content\\\/uploads\\\/2025\\\/10\\\/ESP.svg\",\"contentUrl\":\"https:\\\/\\\/www.entreculturas.org\\\/wp-content\\\/uploads\\\/2025\\\/10\\\/ESP.svg\",\"caption\":\"Entreculturas\"},\"image\":{\"@id\":\"https:\\\/\\\/www.entreculturas.org\\\/gl\\\/#\\\/schema\\\/logo\\\/image\\\/\"},\"sameAs\":[\"https:\\\/\\\/www.facebook.com\\\/entreculturas\",\"https:\\\/\\\/x.com\\\/Entreculturas\",\"https:\\\/\\\/www.instagram.com\\\/entreculturas\\\/\",\"https:\\\/\\\/www.youtube.com\\\/user\\\/entreculturasvideo\",\"https:\\\/\\\/www.linkedin.com\\\/company\\\/fundacion-entreculturas-ngdo\\\/\",\"https:\\\/\\\/www.flickr.com\\\/photos\\\/98455522@N04\\\/albums\\\/\"]}]}<\/script>\n<!-- \/ Yoast SEO Premium plugin. -->","yoast_head_json":{"title":"\"El museo es un lugar abierto donde se puede entablar di\u00e1logos desde el respeto y el arte\" - Entreculturas","description":"Esta semana en Voces por una Causa, la escritora Julia Navarro conversa con Linda Zurek, coordinadora del \u00c1rea de Museolog\u00eda del Museo Santuario de San Pedro Claver en Cartagena de Indias, Colombia, y con Eliana Buelvas, asistente del mismo museo, desde el propio museo en Colombia. Con ellas nos acercamos a la labor que realizan dentro del museo con ocasi\u00f3n del D\u00eda Mundial de los Museos que se celebra el pr\u00f3ximo 18 de mayo.\u00a0","robots":{"index":"index","follow":"follow","max-snippet":"max-snippet:-1","max-image-preview":"max-image-preview:large","max-video-preview":"max-video-preview:-1"},"canonical":"https:\/\/www.entreculturas.org\/gl\/podcast\/el-museo-es-un-lugar-abierto-donde-se-puede-entablar-dialogos-desde-el-respeto-y-el-arte\/","og_locale":"gl_ES","og_type":"article","og_title":"\"El museo es un lugar abierto donde se puede entablar di\u00e1logos desde el respeto y el arte\"","og_description":"Esta semana en Voces por una Causa, la escritora Julia Navarro conversa con Linda Zurek, coordinadora del \u00c1rea de Museolog\u00eda del Museo Santuario de San Pedro Claver en Cartagena de Indias, Colombia, y con Eliana Buelvas, asistente del mismo museo, desde el propio museo en Colombia. Con ellas nos acercamos a la labor que realizan dentro del museo con ocasi\u00f3n del D\u00eda Mundial de los Museos que se celebra el pr\u00f3ximo 18 de mayo.\u00a0","og_url":"https:\/\/www.entreculturas.org\/gl\/podcast\/el-museo-es-un-lugar-abierto-donde-se-puede-entablar-dialogos-desde-el-respeto-y-el-arte\/","og_site_name":"Entreculturas","article_publisher":"https:\/\/www.facebook.com\/entreculturas","article_modified_time":"2024-05-09T14:12:51+00:00","og_image":[{"width":800,"height":598,"url":"https:\/\/www.entreculturas.org\/wp-content\/uploads\/2024\/05\/Somos-Iglesia_de_San_Pedro_Claver_3.jpg","type":"image\/jpeg"}],"twitter_card":"summary_large_image","twitter_site":"@Entreculturas","schema":{"@context":"https:\/\/schema.org","@graph":[{"@type":"WebPage","@id":"https:\/\/www.entreculturas.org\/gl\/podcast\/el-museo-es-un-lugar-abierto-donde-se-puede-entablar-dialogos-desde-el-respeto-y-el-arte\/","url":"https:\/\/www.entreculturas.org\/gl\/podcast\/el-museo-es-un-lugar-abierto-donde-se-puede-entablar-dialogos-desde-el-respeto-y-el-arte\/","name":"\"El museo es un lugar abierto donde se puede entablar di\u00e1logos desde el respeto y el arte\" - Entreculturas","isPartOf":{"@id":"https:\/\/www.entreculturas.org\/gl\/#website"},"primaryImageOfPage":{"@id":"https:\/\/www.entreculturas.org\/gl\/podcast\/el-museo-es-un-lugar-abierto-donde-se-puede-entablar-dialogos-desde-el-respeto-y-el-arte\/#primaryimage"},"image":{"@id":"https:\/\/www.entreculturas.org\/gl\/podcast\/el-museo-es-un-lugar-abierto-donde-se-puede-entablar-dialogos-desde-el-respeto-y-el-arte\/#primaryimage"},"thumbnailUrl":"https:\/\/www.entreculturas.org\/wp-content\/uploads\/2024\/05\/Somos-Iglesia_de_San_Pedro_Claver_3.jpg","datePublished":"2024-05-09T10:55:46+00:00","dateModified":"2024-05-09T14:12:51+00:00","description":"Esta semana en Voces por una Causa, la escritora Julia Navarro conversa con Linda Zurek, coordinadora del \u00c1rea de Museolog\u00eda del Museo Santuario de San Pedro Claver en Cartagena de Indias, Colombia, y con Eliana Buelvas, asistente del mismo museo, desde el propio museo en Colombia. Con ellas nos acercamos a la labor que realizan dentro del museo con ocasi\u00f3n del D\u00eda Mundial de los Museos que se celebra el pr\u00f3ximo 18 de mayo.\u00a0","breadcrumb":{"@id":"https:\/\/www.entreculturas.org\/gl\/podcast\/el-museo-es-un-lugar-abierto-donde-se-puede-entablar-dialogos-desde-el-respeto-y-el-arte\/#breadcrumb"},"inLanguage":"gl-ES","potentialAction":[{"@type":"ReadAction","target":["https:\/\/www.entreculturas.org\/gl\/podcast\/el-museo-es-un-lugar-abierto-donde-se-puede-entablar-dialogos-desde-el-respeto-y-el-arte\/"]}]},{"@type":"ImageObject","inLanguage":"gl-ES","@id":"https:\/\/www.entreculturas.org\/gl\/podcast\/el-museo-es-un-lugar-abierto-donde-se-puede-entablar-dialogos-desde-el-respeto-y-el-arte\/#primaryimage","url":"https:\/\/www.entreculturas.org\/wp-content\/uploads\/2024\/05\/Somos-Iglesia_de_San_Pedro_Claver_3.jpg","contentUrl":"https:\/\/www.entreculturas.org\/wp-content\/uploads\/2024\/05\/Somos-Iglesia_de_San_Pedro_Claver_3.jpg","width":800,"height":598},{"@type":"BreadcrumbList","@id":"https:\/\/www.entreculturas.org\/gl\/podcast\/el-museo-es-un-lugar-abierto-donde-se-puede-entablar-dialogos-desde-el-respeto-y-el-arte\/#breadcrumb","itemListElement":[{"@type":"ListItem","position":1,"name":"Home","item":"https:\/\/www.entreculturas.org\/gl\/"},{"@type":"ListItem","position":2,"name":"Podcast Julia Navarro","item":"https:\/\/www.entreculturas.org\/gl\/podcasts\/"},{"@type":"ListItem","position":3,"name":"&#8220;El museo es un lugar abierto donde se puede entablar di\u00e1logos desde el respeto y el arte&#8221;"}]},{"@type":"WebSite","@id":"https:\/\/www.entreculturas.org\/gl\/#website","url":"https:\/\/www.entreculturas.org\/gl\/","name":"Entreculturas","description":"","publisher":{"@id":"https:\/\/www.entreculturas.org\/gl\/#organization"},"alternateName":"Entreculturas","potentialAction":[{"@type":"SearchAction","target":{"@type":"EntryPoint","urlTemplate":"https:\/\/www.entreculturas.org\/gl\/?s={search_term_string}"},"query-input":{"@type":"PropertyValueSpecification","valueRequired":true,"valueName":"search_term_string"}}],"inLanguage":"gl-ES"},{"@type":"Organization","@id":"https:\/\/www.entreculturas.org\/gl\/#organization","name":"Entreculturas","url":"https:\/\/www.entreculturas.org\/gl\/","logo":{"@type":"ImageObject","inLanguage":"gl-ES","@id":"https:\/\/www.entreculturas.org\/gl\/#\/schema\/logo\/image\/","url":"https:\/\/www.entreculturas.org\/wp-content\/uploads\/2025\/10\/ESP.svg","contentUrl":"https:\/\/www.entreculturas.org\/wp-content\/uploads\/2025\/10\/ESP.svg","caption":"Entreculturas"},"image":{"@id":"https:\/\/www.entreculturas.org\/gl\/#\/schema\/logo\/image\/"},"sameAs":["https:\/\/www.facebook.com\/entreculturas","https:\/\/x.com\/Entreculturas","https:\/\/www.instagram.com\/entreculturas\/","https:\/\/www.youtube.com\/user\/entreculturasvideo","https:\/\/www.linkedin.com\/company\/fundacion-entreculturas-ngdo\/","https:\/\/www.flickr.com\/photos\/98455522@N04\/albums\/"]}]}},"_links":{"self":[{"href":"https:\/\/www.entreculturas.org\/gl\/wp-json\/wp\/v2\/podcast\/24349","targetHints":{"allow":["GET"]}}],"collection":[{"href":"https:\/\/www.entreculturas.org\/gl\/wp-json\/wp\/v2\/podcast"}],"about":[{"href":"https:\/\/www.entreculturas.org\/gl\/wp-json\/wp\/v2\/types\/podcast"}],"wp:featuredmedia":[{"embeddable":true,"href":"https:\/\/www.entreculturas.org\/gl\/wp-json\/wp\/v2\/media\/24355"}],"wp:attachment":[{"href":"https:\/\/www.entreculturas.org\/gl\/wp-json\/wp\/v2\/media?parent=24349"}],"wp:term":[{"taxonomy":"category","embeddable":true,"href":"https:\/\/www.entreculturas.org\/gl\/wp-json\/wp\/v2\/categories?post=24349"},{"taxonomy":"post_tag","embeddable":true,"href":"https:\/\/www.entreculturas.org\/gl\/wp-json\/wp\/v2\/tags?post=24349"}],"curies":[{"name":"wp","href":"https:\/\/api.w.org\/{rel}","templated":true}]}}