{"id":23734,"date":"2024-04-11T14:03:16","date_gmt":"2024-04-11T12:03:16","guid":{"rendered":"https:\/\/www.entreculturas.org\/?post_type=podcast&#038;p=23734"},"modified":"2024-04-11T15:40:50","modified_gmt":"2024-04-11T13:40:50","slug":"sin-la-amazonia-no-podemos-vivir","status":"publish","type":"podcast","link":"https:\/\/www.entreculturas.org\/gl\/podcast\/sin-la-amazonia-no-podemos-vivir\/","title":{"rendered":"&#8220;Sin la Amazon\u00eda no podemos vivir&#8221;"},"content":{"rendered":"\n<p>Esta semana en Voces por una Causa, la escritora <strong>Julia Navarro conversa con Alfredo Ferro SJ, fil\u00f3sofo, te\u00f3logo y soci\u00f3logo, <\/strong>adem\u00e1s de director del Santuario San Pedro Claver en Cartagena de Indias y secretario general de la Conferencia Eclesial de la Amazon\u00eda (CEAMA). Con \u00e9l <strong>nos acercamos a la Amazon\u00eda y a las distintas realidades y problem\u00e1ticas que se viven en ella<\/strong>, con motivo del D\u00eda Mundial de la Tierra, que se conmemora el pr\u00f3ximo 22 de abril.\u00a0<\/p>\n\n\n\n<p>En este cap\u00edtulo, Alfredo nos desgrana las distintas caras que tiene un territorio tan grande como la Amazon\u00eda: <strong>\u201cEs muy dif\u00edcil hablar de ella como una sola, como una Amazon\u00eda homog\u00e9nea<\/strong>, ya que tiene una gran zona selv\u00e1tica, pero tambi\u00e9n varias ciudades importantes\u201d. Alfredo apuesta por \u201cverla como un bioma, como un ecosistema que cuenta con diferentes subsistemas dentro de \u00e9l\u201d.&nbsp;<\/p>\n\n\n\n<p>Alfredo tambi\u00e9n recalca la importancia que tiene la Amazon\u00eda en el mundo: \u201cEs un territorio fundamental para la humanidad y para el planeta, sin ella no podemos vivir\u201d. Adem\u00e1s, Alfredo tambi\u00e9n se\u00f1ala la gran diversidad que existe en la Amazon\u00eda: <strong>\u201cHay cerca de 400 pueblos ind\u00edgenas y 240 lenguas diferentes<\/strong>. Eso significa que hay una riqueza cultural inmensa que se distribuye tanto en su interior como en las riberas de los r\u00edos\u201d.&nbsp;<\/p>\n\n\n\n<p>Por \u00faltimo, Alfredo profundiza en c\u00f3mo se debe proteger la Amazon\u00eda, haciendo \u00e9nfasis en la importancia de \u201ctener conciencia de que no es un solo pa\u00eds, sino un gran territorio que aglutina varios pa\u00edses, por lo que <strong>es necesario \u2018romper\u2019 fronteras para entender que tenemos protegerlo como una gran unidad<\/strong>\u201d. Una protecci\u00f3n ante unas amenazas que, en palabras de Alfredo, tienen su origen en \u201cen el modelo extractivista que han impuesto los grandes conglomerados que cuentan con un gran poder pol\u00edtico y econ\u00f3mico en la zona\u201d.&nbsp;<\/p>\n\n\n\n<p>\u2018<strong>Voces por una Causa\u2019 es el podcast semanal de Entreculturas<\/strong>. Los programas se emiten todos los jueves en nuestro canal de <a href=\"https:\/\/www.youtube.com\/c\/EntreculturasOrg915902672\">Youtube<\/a>, en <a href=\"https:\/\/open.spotify.com\/show\/6dS5JsqnsWrnHL1gwead1A\">Spotify<\/a>, en <a href=\"https:\/\/www.ivoox.com\/perfil-entreculturas_a8_listener_28185270_1.html\">Ivoox<\/a>, y en <a href=\"https:\/\/podcasts.apple.com\/us\/podcast\/entreculturas-voces-por-una-causa\/id1621485462\">Apple Podcast<\/a>.<\/p>\n","protected":false},"excerpt":{"rendered":"<p>Esta semana en Voces por una Causa, la escritora Julia Navarro conversa con Alfredo Ferro SJ, fil\u00f3sofo, te\u00f3logo y soci\u00f3logo, adem\u00e1s de director del Santuario San Pedro Claver en Cartagena de Indias y secretario general de la Conferencia Eclesial de la Amazon\u00eda (CEAMA). Con \u00e9l nos acercamos a la Amazon\u00eda y a las distintas realidades y problem\u00e1ticas que se viven en ella, con motivo del D\u00eda Mundial de la Tierra, que se conmemora el pr\u00f3ximo 22 de abril.\u00a0 En este cap\u00edtulo, Alfredo nos desgrana las distintas caras que tiene un territorio tan grande como la Amazon\u00eda: \u201cEs muy dif\u00edcil hablar de ella como una sola, como una Amazon\u00eda homog\u00e9nea, ya que tiene una gran zona selv\u00e1tica, pero tambi\u00e9n varias ciudades importantes\u201d. Alfredo apuesta por \u201cverla como un bioma, como un ecosistema que cuenta con diferentes subsistemas dentro de \u00e9l\u201d.&nbsp; Alfredo tambi\u00e9n recalca la importancia que tiene la Amazon\u00eda en el [&hellip;]<\/p>\n","protected":false},"featured_media":23740,"template":"","meta":{"_acf_changed":true},"categories":[],"tags":[],"class_list":["post-23734","podcast","type-podcast","status-publish","has-post-thumbnail","hentry"],"acf":[],"yoast_head":"<!-- This site is optimized with the Yoast SEO Premium plugin v21.6 (Yoast SEO v27.5) - https:\/\/yoast.com\/product\/yoast-seo-premium-wordpress\/ -->\n<title>&quot;Sin la Amazon\u00eda no podemos vivir&quot; - Entreculturas<\/title>\n<meta name=\"description\" content=\"Esta semana en Voces por una Causa, la escritora Julia Navarro conversa con Alfredo Ferro SJ, fil\u00f3sofo, te\u00f3logo y soci\u00f3logo, adem\u00e1s de director del Santuario San Pedro Claver en Cartagena de Indias y secretario general de la Conferencia Eclesial de la Amazon\u00eda (CEAMA). Con \u00e9l nos acercamos a la Amazon\u00eda y a las distintas realidades y problem\u00e1ticas que se viven en ella, con motivo del D\u00eda Mundial de la Tierra, que se conmemora el pr\u00f3ximo 22 de abril.\u00a0\" \/>\n<meta name=\"robots\" content=\"index, follow, max-snippet:-1, max-image-preview:large, max-video-preview:-1\" \/>\n<link rel=\"canonical\" href=\"https:\/\/www.entreculturas.org\/gl\/podcast\/sin-la-amazonia-no-podemos-vivir\/\" \/>\n<meta property=\"og:locale\" content=\"gl_ES\" \/>\n<meta property=\"og:type\" content=\"article\" \/>\n<meta property=\"og:title\" content=\"&quot;Sin la Amazon\u00eda no podemos vivir&quot;\" \/>\n<meta property=\"og:description\" content=\"Esta semana en Voces por una Causa, la escritora Julia Navarro conversa con Alfredo Ferro SJ, fil\u00f3sofo, te\u00f3logo y soci\u00f3logo, adem\u00e1s de director del Santuario San Pedro Claver en Cartagena de Indias y secretario general de la Conferencia Eclesial de la Amazon\u00eda (CEAMA). Con \u00e9l nos acercamos a la Amazon\u00eda y a las distintas realidades y problem\u00e1ticas que se viven en ella, con motivo del D\u00eda Mundial de la Tierra, que se conmemora el pr\u00f3ximo 22 de abril.\u00a0\" \/>\n<meta property=\"og:url\" content=\"https:\/\/www.entreculturas.org\/gl\/podcast\/sin-la-amazonia-no-podemos-vivir\/\" \/>\n<meta property=\"og:site_name\" content=\"Entreculturas\" \/>\n<meta property=\"article:publisher\" content=\"https:\/\/www.facebook.com\/entreculturas\" \/>\n<meta property=\"article:modified_time\" content=\"2024-04-11T13:40:50+00:00\" \/>\n<meta property=\"og:image\" content=\"https:\/\/www.entreculturas.org\/wp-content\/uploads\/2024\/04\/Somos.jpg\" \/>\n\t<meta property=\"og:image:width\" content=\"800\" \/>\n\t<meta property=\"og:image:height\" content=\"533\" \/>\n\t<meta property=\"og:image:type\" content=\"image\/jpeg\" \/>\n<meta name=\"twitter:card\" content=\"summary_large_image\" \/>\n<meta name=\"twitter:site\" content=\"@Entreculturas\" \/>\n<script type=\"application\/ld+json\" class=\"yoast-schema-graph\">{\"@context\":\"https:\\\/\\\/schema.org\",\"@graph\":[{\"@type\":\"WebPage\",\"@id\":\"https:\\\/\\\/www.entreculturas.org\\\/gl\\\/podcast\\\/sin-la-amazonia-no-podemos-vivir\\\/\",\"url\":\"https:\\\/\\\/www.entreculturas.org\\\/gl\\\/podcast\\\/sin-la-amazonia-no-podemos-vivir\\\/\",\"name\":\"\\\"Sin la Amazon\u00eda no podemos vivir\\\" - Entreculturas\",\"isPartOf\":{\"@id\":\"https:\\\/\\\/www.entreculturas.org\\\/gl\\\/#website\"},\"primaryImageOfPage\":{\"@id\":\"https:\\\/\\\/www.entreculturas.org\\\/gl\\\/podcast\\\/sin-la-amazonia-no-podemos-vivir\\\/#primaryimage\"},\"image\":{\"@id\":\"https:\\\/\\\/www.entreculturas.org\\\/gl\\\/podcast\\\/sin-la-amazonia-no-podemos-vivir\\\/#primaryimage\"},\"thumbnailUrl\":\"https:\\\/\\\/www.entreculturas.org\\\/wp-content\\\/uploads\\\/2024\\\/04\\\/Somos.jpg\",\"datePublished\":\"2024-04-11T12:03:16+00:00\",\"dateModified\":\"2024-04-11T13:40:50+00:00\",\"description\":\"Esta semana en Voces por una Causa, la escritora Julia Navarro conversa con Alfredo Ferro SJ, fil\u00f3sofo, te\u00f3logo y soci\u00f3logo, adem\u00e1s de director del Santuario San Pedro Claver en Cartagena de Indias y secretario general de la Conferencia Eclesial de la Amazon\u00eda (CEAMA). Con \u00e9l nos acercamos a la Amazon\u00eda y a las distintas realidades y problem\u00e1ticas que se viven en ella, con motivo del D\u00eda Mundial de la Tierra, que se conmemora el pr\u00f3ximo 22 de abril.\u00a0\",\"breadcrumb\":{\"@id\":\"https:\\\/\\\/www.entreculturas.org\\\/gl\\\/podcast\\\/sin-la-amazonia-no-podemos-vivir\\\/#breadcrumb\"},\"inLanguage\":\"gl-ES\",\"potentialAction\":[{\"@type\":\"ReadAction\",\"target\":[\"https:\\\/\\\/www.entreculturas.org\\\/gl\\\/podcast\\\/sin-la-amazonia-no-podemos-vivir\\\/\"]}]},{\"@type\":\"ImageObject\",\"inLanguage\":\"gl-ES\",\"@id\":\"https:\\\/\\\/www.entreculturas.org\\\/gl\\\/podcast\\\/sin-la-amazonia-no-podemos-vivir\\\/#primaryimage\",\"url\":\"https:\\\/\\\/www.entreculturas.org\\\/wp-content\\\/uploads\\\/2024\\\/04\\\/Somos.jpg\",\"contentUrl\":\"https:\\\/\\\/www.entreculturas.org\\\/wp-content\\\/uploads\\\/2024\\\/04\\\/Somos.jpg\",\"width\":800,\"height\":533},{\"@type\":\"BreadcrumbList\",\"@id\":\"https:\\\/\\\/www.entreculturas.org\\\/gl\\\/podcast\\\/sin-la-amazonia-no-podemos-vivir\\\/#breadcrumb\",\"itemListElement\":[{\"@type\":\"ListItem\",\"position\":1,\"name\":\"Home\",\"item\":\"https:\\\/\\\/www.entreculturas.org\\\/gl\\\/\"},{\"@type\":\"ListItem\",\"position\":2,\"name\":\"Podcast Julia Navarro\",\"item\":\"https:\\\/\\\/www.entreculturas.org\\\/gl\\\/podcasts\\\/\"},{\"@type\":\"ListItem\",\"position\":3,\"name\":\"&#8220;Sin la Amazon\u00eda no podemos vivir&#8221;\"}]},{\"@type\":\"WebSite\",\"@id\":\"https:\\\/\\\/www.entreculturas.org\\\/gl\\\/#website\",\"url\":\"https:\\\/\\\/www.entreculturas.org\\\/gl\\\/\",\"name\":\"Entreculturas\",\"description\":\"\",\"publisher\":{\"@id\":\"https:\\\/\\\/www.entreculturas.org\\\/gl\\\/#organization\"},\"alternateName\":\"Entreculturas\",\"potentialAction\":[{\"@type\":\"SearchAction\",\"target\":{\"@type\":\"EntryPoint\",\"urlTemplate\":\"https:\\\/\\\/www.entreculturas.org\\\/gl\\\/?s={search_term_string}\"},\"query-input\":{\"@type\":\"PropertyValueSpecification\",\"valueRequired\":true,\"valueName\":\"search_term_string\"}}],\"inLanguage\":\"gl-ES\"},{\"@type\":\"Organization\",\"@id\":\"https:\\\/\\\/www.entreculturas.org\\\/gl\\\/#organization\",\"name\":\"Entreculturas\",\"url\":\"https:\\\/\\\/www.entreculturas.org\\\/gl\\\/\",\"logo\":{\"@type\":\"ImageObject\",\"inLanguage\":\"gl-ES\",\"@id\":\"https:\\\/\\\/www.entreculturas.org\\\/gl\\\/#\\\/schema\\\/logo\\\/image\\\/\",\"url\":\"https:\\\/\\\/www.entreculturas.org\\\/wp-content\\\/uploads\\\/2025\\\/10\\\/ESP.svg\",\"contentUrl\":\"https:\\\/\\\/www.entreculturas.org\\\/wp-content\\\/uploads\\\/2025\\\/10\\\/ESP.svg\",\"caption\":\"Entreculturas\"},\"image\":{\"@id\":\"https:\\\/\\\/www.entreculturas.org\\\/gl\\\/#\\\/schema\\\/logo\\\/image\\\/\"},\"sameAs\":[\"https:\\\/\\\/www.facebook.com\\\/entreculturas\",\"https:\\\/\\\/x.com\\\/Entreculturas\",\"https:\\\/\\\/www.instagram.com\\\/entreculturas\\\/\",\"https:\\\/\\\/www.youtube.com\\\/user\\\/entreculturasvideo\",\"https:\\\/\\\/www.linkedin.com\\\/company\\\/fundacion-entreculturas-ngdo\\\/\",\"https:\\\/\\\/www.flickr.com\\\/photos\\\/98455522@N04\\\/albums\\\/\"]}]}<\/script>\n<!-- \/ Yoast SEO Premium plugin. -->","yoast_head_json":{"title":"\"Sin la Amazon\u00eda no podemos vivir\" - Entreculturas","description":"Esta semana en Voces por una Causa, la escritora Julia Navarro conversa con Alfredo Ferro SJ, fil\u00f3sofo, te\u00f3logo y soci\u00f3logo, adem\u00e1s de director del Santuario San Pedro Claver en Cartagena de Indias y secretario general de la Conferencia Eclesial de la Amazon\u00eda (CEAMA). Con \u00e9l nos acercamos a la Amazon\u00eda y a las distintas realidades y problem\u00e1ticas que se viven en ella, con motivo del D\u00eda Mundial de la Tierra, que se conmemora el pr\u00f3ximo 22 de abril.\u00a0","robots":{"index":"index","follow":"follow","max-snippet":"max-snippet:-1","max-image-preview":"max-image-preview:large","max-video-preview":"max-video-preview:-1"},"canonical":"https:\/\/www.entreculturas.org\/gl\/podcast\/sin-la-amazonia-no-podemos-vivir\/","og_locale":"gl_ES","og_type":"article","og_title":"\"Sin la Amazon\u00eda no podemos vivir\"","og_description":"Esta semana en Voces por una Causa, la escritora Julia Navarro conversa con Alfredo Ferro SJ, fil\u00f3sofo, te\u00f3logo y soci\u00f3logo, adem\u00e1s de director del Santuario San Pedro Claver en Cartagena de Indias y secretario general de la Conferencia Eclesial de la Amazon\u00eda (CEAMA). Con \u00e9l nos acercamos a la Amazon\u00eda y a las distintas realidades y problem\u00e1ticas que se viven en ella, con motivo del D\u00eda Mundial de la Tierra, que se conmemora el pr\u00f3ximo 22 de abril.\u00a0","og_url":"https:\/\/www.entreculturas.org\/gl\/podcast\/sin-la-amazonia-no-podemos-vivir\/","og_site_name":"Entreculturas","article_publisher":"https:\/\/www.facebook.com\/entreculturas","article_modified_time":"2024-04-11T13:40:50+00:00","og_image":[{"width":800,"height":533,"url":"https:\/\/www.entreculturas.org\/wp-content\/uploads\/2024\/04\/Somos.jpg","type":"image\/jpeg"}],"twitter_card":"summary_large_image","twitter_site":"@Entreculturas","schema":{"@context":"https:\/\/schema.org","@graph":[{"@type":"WebPage","@id":"https:\/\/www.entreculturas.org\/gl\/podcast\/sin-la-amazonia-no-podemos-vivir\/","url":"https:\/\/www.entreculturas.org\/gl\/podcast\/sin-la-amazonia-no-podemos-vivir\/","name":"\"Sin la Amazon\u00eda no podemos vivir\" - Entreculturas","isPartOf":{"@id":"https:\/\/www.entreculturas.org\/gl\/#website"},"primaryImageOfPage":{"@id":"https:\/\/www.entreculturas.org\/gl\/podcast\/sin-la-amazonia-no-podemos-vivir\/#primaryimage"},"image":{"@id":"https:\/\/www.entreculturas.org\/gl\/podcast\/sin-la-amazonia-no-podemos-vivir\/#primaryimage"},"thumbnailUrl":"https:\/\/www.entreculturas.org\/wp-content\/uploads\/2024\/04\/Somos.jpg","datePublished":"2024-04-11T12:03:16+00:00","dateModified":"2024-04-11T13:40:50+00:00","description":"Esta semana en Voces por una Causa, la escritora Julia Navarro conversa con Alfredo Ferro SJ, fil\u00f3sofo, te\u00f3logo y soci\u00f3logo, adem\u00e1s de director del Santuario San Pedro Claver en Cartagena de Indias y secretario general de la Conferencia Eclesial de la Amazon\u00eda (CEAMA). Con \u00e9l nos acercamos a la Amazon\u00eda y a las distintas realidades y problem\u00e1ticas que se viven en ella, con motivo del D\u00eda Mundial de la Tierra, que se conmemora el pr\u00f3ximo 22 de abril.\u00a0","breadcrumb":{"@id":"https:\/\/www.entreculturas.org\/gl\/podcast\/sin-la-amazonia-no-podemos-vivir\/#breadcrumb"},"inLanguage":"gl-ES","potentialAction":[{"@type":"ReadAction","target":["https:\/\/www.entreculturas.org\/gl\/podcast\/sin-la-amazonia-no-podemos-vivir\/"]}]},{"@type":"ImageObject","inLanguage":"gl-ES","@id":"https:\/\/www.entreculturas.org\/gl\/podcast\/sin-la-amazonia-no-podemos-vivir\/#primaryimage","url":"https:\/\/www.entreculturas.org\/wp-content\/uploads\/2024\/04\/Somos.jpg","contentUrl":"https:\/\/www.entreculturas.org\/wp-content\/uploads\/2024\/04\/Somos.jpg","width":800,"height":533},{"@type":"BreadcrumbList","@id":"https:\/\/www.entreculturas.org\/gl\/podcast\/sin-la-amazonia-no-podemos-vivir\/#breadcrumb","itemListElement":[{"@type":"ListItem","position":1,"name":"Home","item":"https:\/\/www.entreculturas.org\/gl\/"},{"@type":"ListItem","position":2,"name":"Podcast Julia Navarro","item":"https:\/\/www.entreculturas.org\/gl\/podcasts\/"},{"@type":"ListItem","position":3,"name":"&#8220;Sin la Amazon\u00eda no podemos vivir&#8221;"}]},{"@type":"WebSite","@id":"https:\/\/www.entreculturas.org\/gl\/#website","url":"https:\/\/www.entreculturas.org\/gl\/","name":"Entreculturas","description":"","publisher":{"@id":"https:\/\/www.entreculturas.org\/gl\/#organization"},"alternateName":"Entreculturas","potentialAction":[{"@type":"SearchAction","target":{"@type":"EntryPoint","urlTemplate":"https:\/\/www.entreculturas.org\/gl\/?s={search_term_string}"},"query-input":{"@type":"PropertyValueSpecification","valueRequired":true,"valueName":"search_term_string"}}],"inLanguage":"gl-ES"},{"@type":"Organization","@id":"https:\/\/www.entreculturas.org\/gl\/#organization","name":"Entreculturas","url":"https:\/\/www.entreculturas.org\/gl\/","logo":{"@type":"ImageObject","inLanguage":"gl-ES","@id":"https:\/\/www.entreculturas.org\/gl\/#\/schema\/logo\/image\/","url":"https:\/\/www.entreculturas.org\/wp-content\/uploads\/2025\/10\/ESP.svg","contentUrl":"https:\/\/www.entreculturas.org\/wp-content\/uploads\/2025\/10\/ESP.svg","caption":"Entreculturas"},"image":{"@id":"https:\/\/www.entreculturas.org\/gl\/#\/schema\/logo\/image\/"},"sameAs":["https:\/\/www.facebook.com\/entreculturas","https:\/\/x.com\/Entreculturas","https:\/\/www.instagram.com\/entreculturas\/","https:\/\/www.youtube.com\/user\/entreculturasvideo","https:\/\/www.linkedin.com\/company\/fundacion-entreculturas-ngdo\/","https:\/\/www.flickr.com\/photos\/98455522@N04\/albums\/"]}]}},"_links":{"self":[{"href":"https:\/\/www.entreculturas.org\/gl\/wp-json\/wp\/v2\/podcast\/23734","targetHints":{"allow":["GET"]}}],"collection":[{"href":"https:\/\/www.entreculturas.org\/gl\/wp-json\/wp\/v2\/podcast"}],"about":[{"href":"https:\/\/www.entreculturas.org\/gl\/wp-json\/wp\/v2\/types\/podcast"}],"wp:featuredmedia":[{"embeddable":true,"href":"https:\/\/www.entreculturas.org\/gl\/wp-json\/wp\/v2\/media\/23740"}],"wp:attachment":[{"href":"https:\/\/www.entreculturas.org\/gl\/wp-json\/wp\/v2\/media?parent=23734"}],"wp:term":[{"taxonomy":"category","embeddable":true,"href":"https:\/\/www.entreculturas.org\/gl\/wp-json\/wp\/v2\/categories?post=23734"},{"taxonomy":"post_tag","embeddable":true,"href":"https:\/\/www.entreculturas.org\/gl\/wp-json\/wp\/v2\/tags?post=23734"}],"curies":[{"name":"wp","href":"https:\/\/api.w.org\/{rel}","templated":true}]}}