{"id":23383,"date":"2024-04-04T14:45:00","date_gmt":"2024-04-04T12:45:00","guid":{"rendered":"https:\/\/www.entreculturas.org\/?post_type=podcast&#038;p=23383"},"modified":"2024-04-04T15:02:41","modified_gmt":"2024-04-04T13:02:41","slug":"detras-de-cada-producto-ecologico-hay-una-historia-de-esfuerzo-y-superacion","status":"publish","type":"podcast","link":"https:\/\/www.entreculturas.org\/gl\/podcast\/detras-de-cada-producto-ecologico-hay-una-historia-de-esfuerzo-y-superacion\/","title":{"rendered":"&#8220;Detr\u00e1s de cada producto ecol\u00f3gico hay una historia de esfuerzo y superaci\u00f3n&#8221;"},"content":{"rendered":"\n<p>Esta semana en Voces por una Causa, la escritora <strong>Julia Navarro conversa con Pady Miranda Oca\u00f1a,\u00a0 t\u00e9cnica agr\u00edcola y socia fundadora de la cooperativa \u2018<\/strong><a href=\"https:\/\/comesanocomejusto.com\/\"><strong>Come sano come justo<\/strong><\/a><strong>\u2019, <\/strong>entidad con la que colaboramos a trav\u00e9s de <a href=\"https:\/\/regala.entreculturas.org\/tienda\/\">nuestra tienda solidaria<\/a>. Con ella nos acercamos al comercio justo y a su estrecha relaci\u00f3n con los productos ecol\u00f3gicos y los proyectos sociales.<\/p>\n\n\n\n<p>En este cap\u00edtulo Pady<strong> <\/strong>nos habla de \u2018Come sano, come justo\u2019, \u201cun proyecto de incidencia fundado en 2009 cuando pensamos 15 amigos que los productos ecol\u00f3gicos no estaban llegando a la poblaci\u00f3n de Valladolid\u201d. Pady cuenta que esta cooperativa va mucho m\u00e1s all\u00e1 y \u201cadem\u00e1s de ser una tienda, es un proyecto solidario que se apoya en tres patas: la sensibilizaci\u00f3n sobre la ecolog\u00eda, el apoyo a proyectos sociales de comercio justo y la promoci\u00f3n de la solidaridad y la justicia social\u201d.<\/p>\n\n\n\n<p>Adem\u00e1s, Pady recalca que \u201c<strong>detr\u00e1s de cada producto ecol\u00f3gico hay una historia de esfuerzo, riesgo y superaci\u00f3n<\/strong>. Productos que cuentan con historias muy potentes detr\u00e1s, en ocasiones historias de riesgo al poner proyectos en marcha que no saben c\u00f3mo van a terminar\u201d. Entre&nbsp; estos productos de comercio justo, Pady cuenta la historia de Capeltic, una cooperativa de 341 familias productoras de caf\u00e9 de Chiapas, M\u00e9xico, \u201cque se han juntado para vender su caf\u00e9 a precio justo\u201d y cuyo proyecto de emprendimiento apoyamos desde Entreculturas.&nbsp;<\/p>\n\n\n\n<p>Por \u00faltimo, Pady y Julia profundizan en los diferentes programas de voluntariado y hospitalidad de la <a href=\"https:\/\/www.ecoinea.org\/index.php\/elementor-2979\/\">Casa Ana Leal<\/a> que, en palabras de Pady,&nbsp; es \u201cuna comunidad de vida que surgi\u00f3 en 2020 como respuesta a un proceso de cambios y proyectos de cuidado que llev\u00e1bamos haciendo mucho tiempo en Valladolid\u201d. Una Casa donde tambi\u00e9n se hace acogida de dos maneras distintas: <strong>acogida de familias migrantes y acogida de grupos y personas que quieren hacer esa conversi\u00f3n ecol\u00f3gica<\/strong> que nos pide el Papa, un cambio de mirada hacia el cuidado de las personas y la creaci\u00f3n\u201d.&nbsp;&nbsp;<\/p>\n\n\n\n<p>\u2018<strong>Voces por una Causa\u2019 es el podcast semanal de Entreculturas<\/strong>. Los programas se emiten todos los jueves en nuestro canal de <a href=\"https:\/\/www.youtube.com\/c\/EntreculturasOrg915902672\">Youtube<\/a>, en <a href=\"https:\/\/open.spotify.com\/show\/6dS5JsqnsWrnHL1gwead1A\">Spotify<\/a>, en <a href=\"https:\/\/www.ivoox.com\/perfil-entreculturas_a8_listener_28185270_1.html\">Ivoox<\/a>, y en <a href=\"https:\/\/podcasts.apple.com\/us\/podcast\/entreculturas-voces-por-una-causa\/id1621485462\">Apple Podcast<\/a>.<\/p>\n","protected":false},"excerpt":{"rendered":"<p>Esta semana en Voces por una Causa, la escritora Julia Navarro conversa con Pady Miranda Oca\u00f1a,\u00a0 t\u00e9cnica agr\u00edcola y socia fundadora de la cooperativa \u2018Come sano come justo\u2019, entidad con la que colaboramos a trav\u00e9s de nuestra tienda solidaria. Con ella nos acercamos al comercio justo y a su estrecha relaci\u00f3n con los productos ecol\u00f3gicos y los proyectos sociales. En este cap\u00edtulo Pady nos habla de \u2018Come sano, come justo\u2019, \u201cun proyecto de incidencia fundado en 2009 cuando pensamos 15 amigos que los productos ecol\u00f3gicos no estaban llegando a la poblaci\u00f3n de Valladolid\u201d. Pady cuenta que esta cooperativa va mucho m\u00e1s all\u00e1 y \u201cadem\u00e1s de ser una tienda, es un proyecto solidario que se apoya en tres patas: la sensibilizaci\u00f3n sobre la ecolog\u00eda, el apoyo a proyectos sociales de comercio justo y la promoci\u00f3n de la solidaridad y la justicia social\u201d. Adem\u00e1s, Pady recalca que \u201cdetr\u00e1s de cada producto ecol\u00f3gico [&hellip;]<\/p>\n","protected":false},"featured_media":23385,"template":"","meta":{"_acf_changed":false},"categories":[],"tags":[],"class_list":["post-23383","podcast","type-podcast","status-publish","has-post-thumbnail","hentry"],"acf":[],"yoast_head":"<!-- This site is optimized with the Yoast SEO Premium plugin v21.6 (Yoast SEO v27.5) - https:\/\/yoast.com\/product\/yoast-seo-premium-wordpress\/ -->\n<title>&quot;Detr\u00e1s de cada producto ecol\u00f3gico hay una historia de esfuerzo y superaci\u00f3n&quot; - Entreculturas<\/title>\n<meta name=\"description\" content=\"Esta semana en Voces por una Causa, la escritora Julia Navarro conversa con Pady Miranda Oca\u00f1a,\u00a0 t\u00e9cnica agr\u00edcola y socia fundadora de la cooperativa \u2018Come sano come justo\u2019, entidad con la colaboramos a trav\u00e9s de nuestra tienda solidaria. Con ella nos acercamos al comercio justo y a su estrecha relaci\u00f3n con los productos ecol\u00f3gicos y los proyectos sociales.\" \/>\n<meta name=\"robots\" content=\"index, follow, max-snippet:-1, max-image-preview:large, max-video-preview:-1\" \/>\n<link rel=\"canonical\" href=\"https:\/\/www.entreculturas.org\/gl\/podcast\/detras-de-cada-producto-ecologico-hay-una-historia-de-esfuerzo-y-superacion\/\" \/>\n<meta property=\"og:locale\" content=\"gl_ES\" \/>\n<meta property=\"og:type\" content=\"article\" \/>\n<meta property=\"og:title\" content=\"&quot;Detr\u00e1s de cada producto ecol\u00f3gico hay una historia de esfuerzo y superaci\u00f3n&quot;\" \/>\n<meta property=\"og:description\" content=\"Esta semana en Voces por una Causa, la escritora Julia Navarro conversa con Pady Miranda Oca\u00f1a,\u00a0 t\u00e9cnica agr\u00edcola y socia fundadora de la cooperativa \u2018Come sano come justo\u2019, entidad con la colaboramos a trav\u00e9s de nuestra tienda solidaria. Con ella nos acercamos al comercio justo y a su estrecha relaci\u00f3n con los productos ecol\u00f3gicos y los proyectos sociales.\" \/>\n<meta property=\"og:url\" content=\"https:\/\/www.entreculturas.org\/gl\/podcast\/detras-de-cada-producto-ecologico-hay-una-historia-de-esfuerzo-y-superacion\/\" \/>\n<meta property=\"og:site_name\" content=\"Entreculturas\" \/>\n<meta property=\"article:publisher\" content=\"https:\/\/www.facebook.com\/entreculturas\" \/>\n<meta property=\"article:modified_time\" content=\"2024-04-04T13:02:41+00:00\" \/>\n<meta property=\"og:image\" content=\"https:\/\/www.entreculturas.org\/wp-content\/uploads\/2024\/04\/TW-scaled.jpg\" \/>\n\t<meta property=\"og:image:width\" content=\"2560\" \/>\n\t<meta property=\"og:image:height\" content=\"1707\" \/>\n\t<meta property=\"og:image:type\" content=\"image\/jpeg\" \/>\n<meta name=\"twitter:card\" content=\"summary_large_image\" \/>\n<meta name=\"twitter:site\" content=\"@Entreculturas\" \/>\n<script type=\"application\/ld+json\" class=\"yoast-schema-graph\">{\"@context\":\"https:\\\/\\\/schema.org\",\"@graph\":[{\"@type\":\"WebPage\",\"@id\":\"https:\\\/\\\/www.entreculturas.org\\\/gl\\\/podcast\\\/detras-de-cada-producto-ecologico-hay-una-historia-de-esfuerzo-y-superacion\\\/\",\"url\":\"https:\\\/\\\/www.entreculturas.org\\\/gl\\\/podcast\\\/detras-de-cada-producto-ecologico-hay-una-historia-de-esfuerzo-y-superacion\\\/\",\"name\":\"\\\"Detr\u00e1s de cada producto ecol\u00f3gico hay una historia de esfuerzo y superaci\u00f3n\\\" - Entreculturas\",\"isPartOf\":{\"@id\":\"https:\\\/\\\/www.entreculturas.org\\\/gl\\\/#website\"},\"primaryImageOfPage\":{\"@id\":\"https:\\\/\\\/www.entreculturas.org\\\/gl\\\/podcast\\\/detras-de-cada-producto-ecologico-hay-una-historia-de-esfuerzo-y-superacion\\\/#primaryimage\"},\"image\":{\"@id\":\"https:\\\/\\\/www.entreculturas.org\\\/gl\\\/podcast\\\/detras-de-cada-producto-ecologico-hay-una-historia-de-esfuerzo-y-superacion\\\/#primaryimage\"},\"thumbnailUrl\":\"https:\\\/\\\/www.entreculturas.org\\\/wp-content\\\/uploads\\\/2024\\\/04\\\/TW-scaled.jpg\",\"datePublished\":\"2024-04-04T12:45:00+00:00\",\"dateModified\":\"2024-04-04T13:02:41+00:00\",\"description\":\"Esta semana en Voces por una Causa, la escritora Julia Navarro conversa con Pady Miranda Oca\u00f1a,\u00a0 t\u00e9cnica agr\u00edcola y socia fundadora de la cooperativa \u2018Come sano come justo\u2019, entidad con la colaboramos a trav\u00e9s de nuestra tienda solidaria. Con ella nos acercamos al comercio justo y a su estrecha relaci\u00f3n con los productos ecol\u00f3gicos y los proyectos sociales.\",\"breadcrumb\":{\"@id\":\"https:\\\/\\\/www.entreculturas.org\\\/gl\\\/podcast\\\/detras-de-cada-producto-ecologico-hay-una-historia-de-esfuerzo-y-superacion\\\/#breadcrumb\"},\"inLanguage\":\"gl-ES\",\"potentialAction\":[{\"@type\":\"ReadAction\",\"target\":[\"https:\\\/\\\/www.entreculturas.org\\\/gl\\\/podcast\\\/detras-de-cada-producto-ecologico-hay-una-historia-de-esfuerzo-y-superacion\\\/\"]}]},{\"@type\":\"ImageObject\",\"inLanguage\":\"gl-ES\",\"@id\":\"https:\\\/\\\/www.entreculturas.org\\\/gl\\\/podcast\\\/detras-de-cada-producto-ecologico-hay-una-historia-de-esfuerzo-y-superacion\\\/#primaryimage\",\"url\":\"https:\\\/\\\/www.entreculturas.org\\\/wp-content\\\/uploads\\\/2024\\\/04\\\/TW-scaled.jpg\",\"contentUrl\":\"https:\\\/\\\/www.entreculturas.org\\\/wp-content\\\/uploads\\\/2024\\\/04\\\/TW-scaled.jpg\",\"width\":2560,\"height\":1707},{\"@type\":\"BreadcrumbList\",\"@id\":\"https:\\\/\\\/www.entreculturas.org\\\/gl\\\/podcast\\\/detras-de-cada-producto-ecologico-hay-una-historia-de-esfuerzo-y-superacion\\\/#breadcrumb\",\"itemListElement\":[{\"@type\":\"ListItem\",\"position\":1,\"name\":\"Home\",\"item\":\"https:\\\/\\\/www.entreculturas.org\\\/gl\\\/\"},{\"@type\":\"ListItem\",\"position\":2,\"name\":\"Podcast Julia Navarro\",\"item\":\"https:\\\/\\\/www.entreculturas.org\\\/gl\\\/podcasts\\\/\"},{\"@type\":\"ListItem\",\"position\":3,\"name\":\"&#8220;Detr\u00e1s de cada producto ecol\u00f3gico hay una historia de esfuerzo y superaci\u00f3n&#8221;\"}]},{\"@type\":\"WebSite\",\"@id\":\"https:\\\/\\\/www.entreculturas.org\\\/gl\\\/#website\",\"url\":\"https:\\\/\\\/www.entreculturas.org\\\/gl\\\/\",\"name\":\"Entreculturas\",\"description\":\"\",\"publisher\":{\"@id\":\"https:\\\/\\\/www.entreculturas.org\\\/gl\\\/#organization\"},\"alternateName\":\"Entreculturas\",\"potentialAction\":[{\"@type\":\"SearchAction\",\"target\":{\"@type\":\"EntryPoint\",\"urlTemplate\":\"https:\\\/\\\/www.entreculturas.org\\\/gl\\\/?s={search_term_string}\"},\"query-input\":{\"@type\":\"PropertyValueSpecification\",\"valueRequired\":true,\"valueName\":\"search_term_string\"}}],\"inLanguage\":\"gl-ES\"},{\"@type\":\"Organization\",\"@id\":\"https:\\\/\\\/www.entreculturas.org\\\/gl\\\/#organization\",\"name\":\"Entreculturas\",\"url\":\"https:\\\/\\\/www.entreculturas.org\\\/gl\\\/\",\"logo\":{\"@type\":\"ImageObject\",\"inLanguage\":\"gl-ES\",\"@id\":\"https:\\\/\\\/www.entreculturas.org\\\/gl\\\/#\\\/schema\\\/logo\\\/image\\\/\",\"url\":\"https:\\\/\\\/www.entreculturas.org\\\/wp-content\\\/uploads\\\/2025\\\/10\\\/ESP.svg\",\"contentUrl\":\"https:\\\/\\\/www.entreculturas.org\\\/wp-content\\\/uploads\\\/2025\\\/10\\\/ESP.svg\",\"caption\":\"Entreculturas\"},\"image\":{\"@id\":\"https:\\\/\\\/www.entreculturas.org\\\/gl\\\/#\\\/schema\\\/logo\\\/image\\\/\"},\"sameAs\":[\"https:\\\/\\\/www.facebook.com\\\/entreculturas\",\"https:\\\/\\\/x.com\\\/Entreculturas\",\"https:\\\/\\\/www.instagram.com\\\/entreculturas\\\/\",\"https:\\\/\\\/www.youtube.com\\\/user\\\/entreculturasvideo\",\"https:\\\/\\\/www.linkedin.com\\\/company\\\/fundacion-entreculturas-ngdo\\\/\",\"https:\\\/\\\/www.flickr.com\\\/photos\\\/98455522@N04\\\/albums\\\/\"]}]}<\/script>\n<!-- \/ Yoast SEO Premium plugin. -->","yoast_head_json":{"title":"\"Detr\u00e1s de cada producto ecol\u00f3gico hay una historia de esfuerzo y superaci\u00f3n\" - Entreculturas","description":"Esta semana en Voces por una Causa, la escritora Julia Navarro conversa con Pady Miranda Oca\u00f1a,\u00a0 t\u00e9cnica agr\u00edcola y socia fundadora de la cooperativa \u2018Come sano come justo\u2019, entidad con la colaboramos a trav\u00e9s de nuestra tienda solidaria. Con ella nos acercamos al comercio justo y a su estrecha relaci\u00f3n con los productos ecol\u00f3gicos y los proyectos sociales.","robots":{"index":"index","follow":"follow","max-snippet":"max-snippet:-1","max-image-preview":"max-image-preview:large","max-video-preview":"max-video-preview:-1"},"canonical":"https:\/\/www.entreculturas.org\/gl\/podcast\/detras-de-cada-producto-ecologico-hay-una-historia-de-esfuerzo-y-superacion\/","og_locale":"gl_ES","og_type":"article","og_title":"\"Detr\u00e1s de cada producto ecol\u00f3gico hay una historia de esfuerzo y superaci\u00f3n\"","og_description":"Esta semana en Voces por una Causa, la escritora Julia Navarro conversa con Pady Miranda Oca\u00f1a,\u00a0 t\u00e9cnica agr\u00edcola y socia fundadora de la cooperativa \u2018Come sano come justo\u2019, entidad con la colaboramos a trav\u00e9s de nuestra tienda solidaria. Con ella nos acercamos al comercio justo y a su estrecha relaci\u00f3n con los productos ecol\u00f3gicos y los proyectos sociales.","og_url":"https:\/\/www.entreculturas.org\/gl\/podcast\/detras-de-cada-producto-ecologico-hay-una-historia-de-esfuerzo-y-superacion\/","og_site_name":"Entreculturas","article_publisher":"https:\/\/www.facebook.com\/entreculturas","article_modified_time":"2024-04-04T13:02:41+00:00","og_image":[{"width":2560,"height":1707,"url":"https:\/\/www.entreculturas.org\/wp-content\/uploads\/2024\/04\/TW-scaled.jpg","type":"image\/jpeg"}],"twitter_card":"summary_large_image","twitter_site":"@Entreculturas","schema":{"@context":"https:\/\/schema.org","@graph":[{"@type":"WebPage","@id":"https:\/\/www.entreculturas.org\/gl\/podcast\/detras-de-cada-producto-ecologico-hay-una-historia-de-esfuerzo-y-superacion\/","url":"https:\/\/www.entreculturas.org\/gl\/podcast\/detras-de-cada-producto-ecologico-hay-una-historia-de-esfuerzo-y-superacion\/","name":"\"Detr\u00e1s de cada producto ecol\u00f3gico hay una historia de esfuerzo y superaci\u00f3n\" - Entreculturas","isPartOf":{"@id":"https:\/\/www.entreculturas.org\/gl\/#website"},"primaryImageOfPage":{"@id":"https:\/\/www.entreculturas.org\/gl\/podcast\/detras-de-cada-producto-ecologico-hay-una-historia-de-esfuerzo-y-superacion\/#primaryimage"},"image":{"@id":"https:\/\/www.entreculturas.org\/gl\/podcast\/detras-de-cada-producto-ecologico-hay-una-historia-de-esfuerzo-y-superacion\/#primaryimage"},"thumbnailUrl":"https:\/\/www.entreculturas.org\/wp-content\/uploads\/2024\/04\/TW-scaled.jpg","datePublished":"2024-04-04T12:45:00+00:00","dateModified":"2024-04-04T13:02:41+00:00","description":"Esta semana en Voces por una Causa, la escritora Julia Navarro conversa con Pady Miranda Oca\u00f1a,\u00a0 t\u00e9cnica agr\u00edcola y socia fundadora de la cooperativa \u2018Come sano come justo\u2019, entidad con la colaboramos a trav\u00e9s de nuestra tienda solidaria. Con ella nos acercamos al comercio justo y a su estrecha relaci\u00f3n con los productos ecol\u00f3gicos y los proyectos sociales.","breadcrumb":{"@id":"https:\/\/www.entreculturas.org\/gl\/podcast\/detras-de-cada-producto-ecologico-hay-una-historia-de-esfuerzo-y-superacion\/#breadcrumb"},"inLanguage":"gl-ES","potentialAction":[{"@type":"ReadAction","target":["https:\/\/www.entreculturas.org\/gl\/podcast\/detras-de-cada-producto-ecologico-hay-una-historia-de-esfuerzo-y-superacion\/"]}]},{"@type":"ImageObject","inLanguage":"gl-ES","@id":"https:\/\/www.entreculturas.org\/gl\/podcast\/detras-de-cada-producto-ecologico-hay-una-historia-de-esfuerzo-y-superacion\/#primaryimage","url":"https:\/\/www.entreculturas.org\/wp-content\/uploads\/2024\/04\/TW-scaled.jpg","contentUrl":"https:\/\/www.entreculturas.org\/wp-content\/uploads\/2024\/04\/TW-scaled.jpg","width":2560,"height":1707},{"@type":"BreadcrumbList","@id":"https:\/\/www.entreculturas.org\/gl\/podcast\/detras-de-cada-producto-ecologico-hay-una-historia-de-esfuerzo-y-superacion\/#breadcrumb","itemListElement":[{"@type":"ListItem","position":1,"name":"Home","item":"https:\/\/www.entreculturas.org\/gl\/"},{"@type":"ListItem","position":2,"name":"Podcast Julia Navarro","item":"https:\/\/www.entreculturas.org\/gl\/podcasts\/"},{"@type":"ListItem","position":3,"name":"&#8220;Detr\u00e1s de cada producto ecol\u00f3gico hay una historia de esfuerzo y superaci\u00f3n&#8221;"}]},{"@type":"WebSite","@id":"https:\/\/www.entreculturas.org\/gl\/#website","url":"https:\/\/www.entreculturas.org\/gl\/","name":"Entreculturas","description":"","publisher":{"@id":"https:\/\/www.entreculturas.org\/gl\/#organization"},"alternateName":"Entreculturas","potentialAction":[{"@type":"SearchAction","target":{"@type":"EntryPoint","urlTemplate":"https:\/\/www.entreculturas.org\/gl\/?s={search_term_string}"},"query-input":{"@type":"PropertyValueSpecification","valueRequired":true,"valueName":"search_term_string"}}],"inLanguage":"gl-ES"},{"@type":"Organization","@id":"https:\/\/www.entreculturas.org\/gl\/#organization","name":"Entreculturas","url":"https:\/\/www.entreculturas.org\/gl\/","logo":{"@type":"ImageObject","inLanguage":"gl-ES","@id":"https:\/\/www.entreculturas.org\/gl\/#\/schema\/logo\/image\/","url":"https:\/\/www.entreculturas.org\/wp-content\/uploads\/2025\/10\/ESP.svg","contentUrl":"https:\/\/www.entreculturas.org\/wp-content\/uploads\/2025\/10\/ESP.svg","caption":"Entreculturas"},"image":{"@id":"https:\/\/www.entreculturas.org\/gl\/#\/schema\/logo\/image\/"},"sameAs":["https:\/\/www.facebook.com\/entreculturas","https:\/\/x.com\/Entreculturas","https:\/\/www.instagram.com\/entreculturas\/","https:\/\/www.youtube.com\/user\/entreculturasvideo","https:\/\/www.linkedin.com\/company\/fundacion-entreculturas-ngdo\/","https:\/\/www.flickr.com\/photos\/98455522@N04\/albums\/"]}]}},"_links":{"self":[{"href":"https:\/\/www.entreculturas.org\/gl\/wp-json\/wp\/v2\/podcast\/23383","targetHints":{"allow":["GET"]}}],"collection":[{"href":"https:\/\/www.entreculturas.org\/gl\/wp-json\/wp\/v2\/podcast"}],"about":[{"href":"https:\/\/www.entreculturas.org\/gl\/wp-json\/wp\/v2\/types\/podcast"}],"wp:featuredmedia":[{"embeddable":true,"href":"https:\/\/www.entreculturas.org\/gl\/wp-json\/wp\/v2\/media\/23385"}],"wp:attachment":[{"href":"https:\/\/www.entreculturas.org\/gl\/wp-json\/wp\/v2\/media?parent=23383"}],"wp:term":[{"taxonomy":"category","embeddable":true,"href":"https:\/\/www.entreculturas.org\/gl\/wp-json\/wp\/v2\/categories?post=23383"},{"taxonomy":"post_tag","embeddable":true,"href":"https:\/\/www.entreculturas.org\/gl\/wp-json\/wp\/v2\/tags?post=23383"}],"curies":[{"name":"wp","href":"https:\/\/api.w.org\/{rel}","templated":true}]}}