{"id":22797,"date":"2024-03-21T10:44:42","date_gmt":"2024-03-21T09:44:42","guid":{"rendered":"https:\/\/www.entreculturas.org\/?post_type=podcast&#038;p=22797"},"modified":"2024-03-21T10:46:13","modified_gmt":"2024-03-21T09:46:13","slug":"los-talleres-de-slam-poetry-fueron-una-terapia-para-las-ninas-al-poder-reflexionar-y-expresar-sus-miedos","status":"publish","type":"podcast","link":"https:\/\/www.entreculturas.org\/gl\/podcast\/los-talleres-de-slam-poetry-fueron-una-terapia-para-las-ninas-al-poder-reflexionar-y-expresar-sus-miedos\/","title":{"rendered":"&#8220;Los talleres de slam poetry fueron una terapia para las ni\u00f1as al poder reflexionar y expresar sus miedos&#8221;\u00a0"},"content":{"rendered":"\n<p>Esta semana en Voces por una Causa, la escritora <strong>Julia Navarro conversa con Natalia Sep\u00falveda, Responsable de Comunicaci\u00f3n y Fundraising del Servicio Jesuita a Refugiados (JRS) en \u00c1frica del Oeste.<\/strong> Con ella, nos acercamos al trabajo que realiza en la campa\u00f1a <a href=\"https:\/\/www.laluzdelasninas.org\/\">La LUZ de las NI\u00d1AS<\/a> con ocasi\u00f3n del D\u00eda Internacional de la Poes\u00eda, que se celebra hoy, 21 de marzo.<\/p>\n\n\n\n<p><\/p>\n\n\n\n<p>En este cap\u00edtulo Natalia nos habla de c\u00f3mo esta regi\u00f3n es <strong>\u201cmuy rica en recursos naturales, pero a la vez est\u00e1 muy empobrecida por los conflictos y la crisis clim\u00e1tica\u201d<\/strong>. Una situaci\u00f3n, apunta Natalia, que nace de \u201cproblemas estructurales como la crisis clim\u00e1tica o la explotaci\u00f3n de sus recursos naturales que desde nuestras pol\u00edticas y acciones como sociedad europea podemos contribuir a cambiar. Por tanto, el reto como humanidad es darnos cuenta de que el mundo va m\u00e1s all\u00e1 de nosotros como sociedad privilegiada\u201d.\u00a0<\/p>\n\n\n\n<p><\/p>\n\n\n\n<p>Natalia se\u00f1ala la necesidad de una mayor financiaci\u00f3n para hacer frente a las <strong>diferentes crisis olvidadas que existen en la regi\u00f3n<\/strong>. Crisis como la de Chad, que est\u00e1 acogiendo a miles de personas que huyen de la guerra en Sud\u00e1n, desde donde \u201cest\u00e1n llegando much\u00edsimos ni\u00f1os y ni\u00f1as que han visto atrocidades y muchas ni\u00f1as y mujeres cuyos cuerpos, como siempre, han sido utilizados como un arma m\u00e1s de guerra\u201d.\u00a0<\/p>\n\n\n\n<p><\/p>\n\n\n\n<p>Natalia y Julia profundizan tambi\u00e9n en el trabajo que, desde la campa\u00f1a La LUZ de las NI\u00d1AS, realizamos junto a JRS en la regi\u00f3n, deteni\u00e9ndose en los<strong> talleres de <em>slam poetry<\/em><\/strong><em> <\/em>que se realizaron en Chad, con el fin de \u201csensibilizar sobre la violencia sexual y sobre la situaci\u00f3n que viven las ni\u00f1as en el pa\u00eds a trav\u00e9s de este tipo de poes\u00eda teatralizada tan com\u00fan en el pa\u00eds\u201d. Unos espacios, relata Natalia, \u201cque fueron como una terapia, porque las ni\u00f1as reflexionaron sobre su situaci\u00f3n y pudieron expresar sus miedos mediante la poes\u00eda\u201d.<\/p>\n\n\n\n<p><\/p>\n\n\n\n<p>\u2018<strong>Voces por una Causa\u2019 es el podcast semanal de Entreculturas<\/strong>. Los programas se emiten todos los jueves en nuestro canal de<a href=\"https:\/\/www.youtube.com\/c\/EntreculturasOrg915902672\"> Youtube<\/a>, en<a href=\"https:\/\/open.spotify.com\/show\/6dS5JsqnsWrnHL1gwead1A\"> Spotify<\/a>, en<a href=\"https:\/\/www.ivoox.com\/perfil-entreculturas_a8_listener_28185270_1.html\"> Ivoox<\/a>, y en<a href=\"https:\/\/podcasts.apple.com\/us\/podcast\/entreculturas-voces-por-una-causa\/id1621485462\"> Apple Podcast<\/a>.<\/p>\n","protected":false},"excerpt":{"rendered":"<p>Esta semana en Voces por una Causa, la escritora Julia Navarro conversa con Natalia Sep\u00falveda, Responsable de Comunicaci\u00f3n y Fundraising del Servicio Jesuita a Refugiados (JRS) en \u00c1frica del Oeste. Con ella, nos acercamos al trabajo que realiza en la campa\u00f1a La LUZ de las NI\u00d1AS con ocasi\u00f3n del D\u00eda Internacional de la Poes\u00eda, que se celebra hoy, 21 de marzo. En este cap\u00edtulo Natalia nos habla de c\u00f3mo esta regi\u00f3n es \u201cmuy rica en recursos naturales, pero a la vez est\u00e1 muy empobrecida por los conflictos y la crisis clim\u00e1tica\u201d. Una situaci\u00f3n, apunta Natalia, que nace de \u201cproblemas estructurales como la crisis clim\u00e1tica o la explotaci\u00f3n de sus recursos naturales que desde nuestras pol\u00edticas y acciones como sociedad europea podemos contribuir a cambiar. Por tanto, el reto como humanidad es darnos cuenta de que el mundo va m\u00e1s all\u00e1 de nosotros como sociedad privilegiada\u201d.\u00a0 Natalia se\u00f1ala la necesidad de [&hellip;]<\/p>\n","protected":false},"featured_media":22807,"template":"","meta":{"_acf_changed":false},"categories":[],"tags":[],"class_list":["post-22797","podcast","type-podcast","status-publish","has-post-thumbnail","hentry"],"acf":[],"yoast_head":"<!-- This site is optimized with the Yoast SEO Premium plugin v21.6 (Yoast SEO v27.5) - https:\/\/yoast.com\/product\/yoast-seo-premium-wordpress\/ -->\n<title>&quot;Los talleres de slam poetry fueron una terapia para las ni\u00f1as al poder reflexionar y expresar sus miedos&quot;\u00a0 - Entreculturas<\/title>\n<meta name=\"description\" content=\"Esta semana en el podcast Voces por una Causa, la escritora Julia Navarro conversa con Natalia Sep\u00falveda, Responsable de Comunicaci\u00f3n y Fundraising del Servicio Jesuita a Refugiados (JRS) en \u00c1frica del Oeste. Con ella, nos acercamos al trabajo que realiza en la campa\u00f1a La LUZ de las NI\u00d1AS con ocasi\u00f3n del D\u00eda Internacional de la Poes\u00eda, que se celebra hoy, 21 de marzo.\u00a0\" \/>\n<meta name=\"robots\" content=\"index, follow, max-snippet:-1, max-image-preview:large, max-video-preview:-1\" \/>\n<link rel=\"canonical\" href=\"https:\/\/www.entreculturas.org\/gl\/podcast\/los-talleres-de-slam-poetry-fueron-una-terapia-para-las-ninas-al-poder-reflexionar-y-expresar-sus-miedos\/\" \/>\n<meta property=\"og:locale\" content=\"gl_ES\" \/>\n<meta property=\"og:type\" content=\"article\" \/>\n<meta property=\"og:title\" content=\"&quot;Los talleres de slam poetry fueron una terapia para las ni\u00f1as al poder reflexionar y expresar sus miedos&quot;\u00a0\" \/>\n<meta property=\"og:description\" content=\"Esta semana en el podcast Voces por una Causa, la escritora Julia Navarro conversa con Natalia Sep\u00falveda, Responsable de Comunicaci\u00f3n y Fundraising del Servicio Jesuita a Refugiados (JRS) en \u00c1frica del Oeste. Con ella, nos acercamos al trabajo que realiza en la campa\u00f1a La LUZ de las NI\u00d1AS con ocasi\u00f3n del D\u00eda Internacional de la Poes\u00eda, que se celebra hoy, 21 de marzo.\u00a0\" \/>\n<meta property=\"og:url\" content=\"https:\/\/www.entreculturas.org\/gl\/podcast\/los-talleres-de-slam-poetry-fueron-una-terapia-para-las-ninas-al-poder-reflexionar-y-expresar-sus-miedos\/\" \/>\n<meta property=\"og:site_name\" content=\"Entreculturas\" \/>\n<meta property=\"article:publisher\" content=\"https:\/\/www.facebook.com\/entreculturas\" \/>\n<meta property=\"article:modified_time\" content=\"2024-03-21T09:46:13+00:00\" \/>\n<meta property=\"og:image\" content=\"https:\/\/www.entreculturas.org\/wp-content\/uploads\/2024\/03\/Imagenes.jpeg\" \/>\n\t<meta property=\"og:image:width\" content=\"1600\" \/>\n\t<meta property=\"og:image:height\" content=\"900\" \/>\n\t<meta property=\"og:image:type\" content=\"image\/jpeg\" \/>\n<meta name=\"twitter:card\" content=\"summary_large_image\" \/>\n<meta name=\"twitter:site\" content=\"@Entreculturas\" \/>\n<script type=\"application\/ld+json\" class=\"yoast-schema-graph\">{\"@context\":\"https:\\\/\\\/schema.org\",\"@graph\":[{\"@type\":\"WebPage\",\"@id\":\"https:\\\/\\\/www.entreculturas.org\\\/gl\\\/podcast\\\/los-talleres-de-slam-poetry-fueron-una-terapia-para-las-ninas-al-poder-reflexionar-y-expresar-sus-miedos\\\/\",\"url\":\"https:\\\/\\\/www.entreculturas.org\\\/gl\\\/podcast\\\/los-talleres-de-slam-poetry-fueron-una-terapia-para-las-ninas-al-poder-reflexionar-y-expresar-sus-miedos\\\/\",\"name\":\"\\\"Los talleres de slam poetry fueron una terapia para las ni\u00f1as al poder reflexionar y expresar sus miedos\\\"\u00a0 - Entreculturas\",\"isPartOf\":{\"@id\":\"https:\\\/\\\/www.entreculturas.org\\\/gl\\\/#website\"},\"primaryImageOfPage\":{\"@id\":\"https:\\\/\\\/www.entreculturas.org\\\/gl\\\/podcast\\\/los-talleres-de-slam-poetry-fueron-una-terapia-para-las-ninas-al-poder-reflexionar-y-expresar-sus-miedos\\\/#primaryimage\"},\"image\":{\"@id\":\"https:\\\/\\\/www.entreculturas.org\\\/gl\\\/podcast\\\/los-talleres-de-slam-poetry-fueron-una-terapia-para-las-ninas-al-poder-reflexionar-y-expresar-sus-miedos\\\/#primaryimage\"},\"thumbnailUrl\":\"https:\\\/\\\/www.entreculturas.org\\\/wp-content\\\/uploads\\\/2024\\\/03\\\/Imagenes.jpeg\",\"datePublished\":\"2024-03-21T09:44:42+00:00\",\"dateModified\":\"2024-03-21T09:46:13+00:00\",\"description\":\"Esta semana en el podcast Voces por una Causa, la escritora Julia Navarro conversa con Natalia Sep\u00falveda, Responsable de Comunicaci\u00f3n y Fundraising del Servicio Jesuita a Refugiados (JRS) en \u00c1frica del Oeste. Con ella, nos acercamos al trabajo que realiza en la campa\u00f1a La LUZ de las NI\u00d1AS con ocasi\u00f3n del D\u00eda Internacional de la Poes\u00eda, que se celebra hoy, 21 de marzo.\u00a0\",\"breadcrumb\":{\"@id\":\"https:\\\/\\\/www.entreculturas.org\\\/gl\\\/podcast\\\/los-talleres-de-slam-poetry-fueron-una-terapia-para-las-ninas-al-poder-reflexionar-y-expresar-sus-miedos\\\/#breadcrumb\"},\"inLanguage\":\"gl-ES\",\"potentialAction\":[{\"@type\":\"ReadAction\",\"target\":[\"https:\\\/\\\/www.entreculturas.org\\\/gl\\\/podcast\\\/los-talleres-de-slam-poetry-fueron-una-terapia-para-las-ninas-al-poder-reflexionar-y-expresar-sus-miedos\\\/\"]}]},{\"@type\":\"ImageObject\",\"inLanguage\":\"gl-ES\",\"@id\":\"https:\\\/\\\/www.entreculturas.org\\\/gl\\\/podcast\\\/los-talleres-de-slam-poetry-fueron-una-terapia-para-las-ninas-al-poder-reflexionar-y-expresar-sus-miedos\\\/#primaryimage\",\"url\":\"https:\\\/\\\/www.entreculturas.org\\\/wp-content\\\/uploads\\\/2024\\\/03\\\/Imagenes.jpeg\",\"contentUrl\":\"https:\\\/\\\/www.entreculturas.org\\\/wp-content\\\/uploads\\\/2024\\\/03\\\/Imagenes.jpeg\",\"width\":1600,\"height\":900},{\"@type\":\"BreadcrumbList\",\"@id\":\"https:\\\/\\\/www.entreculturas.org\\\/gl\\\/podcast\\\/los-talleres-de-slam-poetry-fueron-una-terapia-para-las-ninas-al-poder-reflexionar-y-expresar-sus-miedos\\\/#breadcrumb\",\"itemListElement\":[{\"@type\":\"ListItem\",\"position\":1,\"name\":\"Home\",\"item\":\"https:\\\/\\\/www.entreculturas.org\\\/gl\\\/\"},{\"@type\":\"ListItem\",\"position\":2,\"name\":\"Podcast Julia Navarro\",\"item\":\"https:\\\/\\\/www.entreculturas.org\\\/gl\\\/podcasts\\\/\"},{\"@type\":\"ListItem\",\"position\":3,\"name\":\"&#8220;Los talleres de slam poetry fueron una terapia para las ni\u00f1as al poder reflexionar y expresar sus miedos&#8221;\u00a0\"}]},{\"@type\":\"WebSite\",\"@id\":\"https:\\\/\\\/www.entreculturas.org\\\/gl\\\/#website\",\"url\":\"https:\\\/\\\/www.entreculturas.org\\\/gl\\\/\",\"name\":\"Entreculturas\",\"description\":\"\",\"publisher\":{\"@id\":\"https:\\\/\\\/www.entreculturas.org\\\/gl\\\/#organization\"},\"alternateName\":\"Entreculturas\",\"potentialAction\":[{\"@type\":\"SearchAction\",\"target\":{\"@type\":\"EntryPoint\",\"urlTemplate\":\"https:\\\/\\\/www.entreculturas.org\\\/gl\\\/?s={search_term_string}\"},\"query-input\":{\"@type\":\"PropertyValueSpecification\",\"valueRequired\":true,\"valueName\":\"search_term_string\"}}],\"inLanguage\":\"gl-ES\"},{\"@type\":\"Organization\",\"@id\":\"https:\\\/\\\/www.entreculturas.org\\\/gl\\\/#organization\",\"name\":\"Entreculturas\",\"url\":\"https:\\\/\\\/www.entreculturas.org\\\/gl\\\/\",\"logo\":{\"@type\":\"ImageObject\",\"inLanguage\":\"gl-ES\",\"@id\":\"https:\\\/\\\/www.entreculturas.org\\\/gl\\\/#\\\/schema\\\/logo\\\/image\\\/\",\"url\":\"https:\\\/\\\/www.entreculturas.org\\\/wp-content\\\/uploads\\\/2025\\\/10\\\/ESP.svg\",\"contentUrl\":\"https:\\\/\\\/www.entreculturas.org\\\/wp-content\\\/uploads\\\/2025\\\/10\\\/ESP.svg\",\"caption\":\"Entreculturas\"},\"image\":{\"@id\":\"https:\\\/\\\/www.entreculturas.org\\\/gl\\\/#\\\/schema\\\/logo\\\/image\\\/\"},\"sameAs\":[\"https:\\\/\\\/www.facebook.com\\\/entreculturas\",\"https:\\\/\\\/x.com\\\/Entreculturas\",\"https:\\\/\\\/www.instagram.com\\\/entreculturas\\\/\",\"https:\\\/\\\/www.youtube.com\\\/user\\\/entreculturasvideo\",\"https:\\\/\\\/www.linkedin.com\\\/company\\\/fundacion-entreculturas-ngdo\\\/\",\"https:\\\/\\\/www.flickr.com\\\/photos\\\/98455522@N04\\\/albums\\\/\"]}]}<\/script>\n<!-- \/ Yoast SEO Premium plugin. -->","yoast_head_json":{"title":"\"Los talleres de slam poetry fueron una terapia para las ni\u00f1as al poder reflexionar y expresar sus miedos\"\u00a0 - Entreculturas","description":"Esta semana en el podcast Voces por una Causa, la escritora Julia Navarro conversa con Natalia Sep\u00falveda, Responsable de Comunicaci\u00f3n y Fundraising del Servicio Jesuita a Refugiados (JRS) en \u00c1frica del Oeste. Con ella, nos acercamos al trabajo que realiza en la campa\u00f1a La LUZ de las NI\u00d1AS con ocasi\u00f3n del D\u00eda Internacional de la Poes\u00eda, que se celebra hoy, 21 de marzo.\u00a0","robots":{"index":"index","follow":"follow","max-snippet":"max-snippet:-1","max-image-preview":"max-image-preview:large","max-video-preview":"max-video-preview:-1"},"canonical":"https:\/\/www.entreculturas.org\/gl\/podcast\/los-talleres-de-slam-poetry-fueron-una-terapia-para-las-ninas-al-poder-reflexionar-y-expresar-sus-miedos\/","og_locale":"gl_ES","og_type":"article","og_title":"\"Los talleres de slam poetry fueron una terapia para las ni\u00f1as al poder reflexionar y expresar sus miedos\"\u00a0","og_description":"Esta semana en el podcast Voces por una Causa, la escritora Julia Navarro conversa con Natalia Sep\u00falveda, Responsable de Comunicaci\u00f3n y Fundraising del Servicio Jesuita a Refugiados (JRS) en \u00c1frica del Oeste. Con ella, nos acercamos al trabajo que realiza en la campa\u00f1a La LUZ de las NI\u00d1AS con ocasi\u00f3n del D\u00eda Internacional de la Poes\u00eda, que se celebra hoy, 21 de marzo.\u00a0","og_url":"https:\/\/www.entreculturas.org\/gl\/podcast\/los-talleres-de-slam-poetry-fueron-una-terapia-para-las-ninas-al-poder-reflexionar-y-expresar-sus-miedos\/","og_site_name":"Entreculturas","article_publisher":"https:\/\/www.facebook.com\/entreculturas","article_modified_time":"2024-03-21T09:46:13+00:00","og_image":[{"width":1600,"height":900,"url":"https:\/\/www.entreculturas.org\/wp-content\/uploads\/2024\/03\/Imagenes.jpeg","type":"image\/jpeg"}],"twitter_card":"summary_large_image","twitter_site":"@Entreculturas","schema":{"@context":"https:\/\/schema.org","@graph":[{"@type":"WebPage","@id":"https:\/\/www.entreculturas.org\/gl\/podcast\/los-talleres-de-slam-poetry-fueron-una-terapia-para-las-ninas-al-poder-reflexionar-y-expresar-sus-miedos\/","url":"https:\/\/www.entreculturas.org\/gl\/podcast\/los-talleres-de-slam-poetry-fueron-una-terapia-para-las-ninas-al-poder-reflexionar-y-expresar-sus-miedos\/","name":"\"Los talleres de slam poetry fueron una terapia para las ni\u00f1as al poder reflexionar y expresar sus miedos\"\u00a0 - Entreculturas","isPartOf":{"@id":"https:\/\/www.entreculturas.org\/gl\/#website"},"primaryImageOfPage":{"@id":"https:\/\/www.entreculturas.org\/gl\/podcast\/los-talleres-de-slam-poetry-fueron-una-terapia-para-las-ninas-al-poder-reflexionar-y-expresar-sus-miedos\/#primaryimage"},"image":{"@id":"https:\/\/www.entreculturas.org\/gl\/podcast\/los-talleres-de-slam-poetry-fueron-una-terapia-para-las-ninas-al-poder-reflexionar-y-expresar-sus-miedos\/#primaryimage"},"thumbnailUrl":"https:\/\/www.entreculturas.org\/wp-content\/uploads\/2024\/03\/Imagenes.jpeg","datePublished":"2024-03-21T09:44:42+00:00","dateModified":"2024-03-21T09:46:13+00:00","description":"Esta semana en el podcast Voces por una Causa, la escritora Julia Navarro conversa con Natalia Sep\u00falveda, Responsable de Comunicaci\u00f3n y Fundraising del Servicio Jesuita a Refugiados (JRS) en \u00c1frica del Oeste. Con ella, nos acercamos al trabajo que realiza en la campa\u00f1a La LUZ de las NI\u00d1AS con ocasi\u00f3n del D\u00eda Internacional de la Poes\u00eda, que se celebra hoy, 21 de marzo.\u00a0","breadcrumb":{"@id":"https:\/\/www.entreculturas.org\/gl\/podcast\/los-talleres-de-slam-poetry-fueron-una-terapia-para-las-ninas-al-poder-reflexionar-y-expresar-sus-miedos\/#breadcrumb"},"inLanguage":"gl-ES","potentialAction":[{"@type":"ReadAction","target":["https:\/\/www.entreculturas.org\/gl\/podcast\/los-talleres-de-slam-poetry-fueron-una-terapia-para-las-ninas-al-poder-reflexionar-y-expresar-sus-miedos\/"]}]},{"@type":"ImageObject","inLanguage":"gl-ES","@id":"https:\/\/www.entreculturas.org\/gl\/podcast\/los-talleres-de-slam-poetry-fueron-una-terapia-para-las-ninas-al-poder-reflexionar-y-expresar-sus-miedos\/#primaryimage","url":"https:\/\/www.entreculturas.org\/wp-content\/uploads\/2024\/03\/Imagenes.jpeg","contentUrl":"https:\/\/www.entreculturas.org\/wp-content\/uploads\/2024\/03\/Imagenes.jpeg","width":1600,"height":900},{"@type":"BreadcrumbList","@id":"https:\/\/www.entreculturas.org\/gl\/podcast\/los-talleres-de-slam-poetry-fueron-una-terapia-para-las-ninas-al-poder-reflexionar-y-expresar-sus-miedos\/#breadcrumb","itemListElement":[{"@type":"ListItem","position":1,"name":"Home","item":"https:\/\/www.entreculturas.org\/gl\/"},{"@type":"ListItem","position":2,"name":"Podcast Julia Navarro","item":"https:\/\/www.entreculturas.org\/gl\/podcasts\/"},{"@type":"ListItem","position":3,"name":"&#8220;Los talleres de slam poetry fueron una terapia para las ni\u00f1as al poder reflexionar y expresar sus miedos&#8221;\u00a0"}]},{"@type":"WebSite","@id":"https:\/\/www.entreculturas.org\/gl\/#website","url":"https:\/\/www.entreculturas.org\/gl\/","name":"Entreculturas","description":"","publisher":{"@id":"https:\/\/www.entreculturas.org\/gl\/#organization"},"alternateName":"Entreculturas","potentialAction":[{"@type":"SearchAction","target":{"@type":"EntryPoint","urlTemplate":"https:\/\/www.entreculturas.org\/gl\/?s={search_term_string}"},"query-input":{"@type":"PropertyValueSpecification","valueRequired":true,"valueName":"search_term_string"}}],"inLanguage":"gl-ES"},{"@type":"Organization","@id":"https:\/\/www.entreculturas.org\/gl\/#organization","name":"Entreculturas","url":"https:\/\/www.entreculturas.org\/gl\/","logo":{"@type":"ImageObject","inLanguage":"gl-ES","@id":"https:\/\/www.entreculturas.org\/gl\/#\/schema\/logo\/image\/","url":"https:\/\/www.entreculturas.org\/wp-content\/uploads\/2025\/10\/ESP.svg","contentUrl":"https:\/\/www.entreculturas.org\/wp-content\/uploads\/2025\/10\/ESP.svg","caption":"Entreculturas"},"image":{"@id":"https:\/\/www.entreculturas.org\/gl\/#\/schema\/logo\/image\/"},"sameAs":["https:\/\/www.facebook.com\/entreculturas","https:\/\/x.com\/Entreculturas","https:\/\/www.instagram.com\/entreculturas\/","https:\/\/www.youtube.com\/user\/entreculturasvideo","https:\/\/www.linkedin.com\/company\/fundacion-entreculturas-ngdo\/","https:\/\/www.flickr.com\/photos\/98455522@N04\/albums\/"]}]}},"_links":{"self":[{"href":"https:\/\/www.entreculturas.org\/gl\/wp-json\/wp\/v2\/podcast\/22797","targetHints":{"allow":["GET"]}}],"collection":[{"href":"https:\/\/www.entreculturas.org\/gl\/wp-json\/wp\/v2\/podcast"}],"about":[{"href":"https:\/\/www.entreculturas.org\/gl\/wp-json\/wp\/v2\/types\/podcast"}],"wp:featuredmedia":[{"embeddable":true,"href":"https:\/\/www.entreculturas.org\/gl\/wp-json\/wp\/v2\/media\/22807"}],"wp:attachment":[{"href":"https:\/\/www.entreculturas.org\/gl\/wp-json\/wp\/v2\/media?parent=22797"}],"wp:term":[{"taxonomy":"category","embeddable":true,"href":"https:\/\/www.entreculturas.org\/gl\/wp-json\/wp\/v2\/categories?post=22797"},{"taxonomy":"post_tag","embeddable":true,"href":"https:\/\/www.entreculturas.org\/gl\/wp-json\/wp\/v2\/tags?post=22797"}],"curies":[{"name":"wp","href":"https:\/\/api.w.org\/{rel}","templated":true}]}}