{"id":11564,"date":"2024-01-18T11:51:23","date_gmt":"2024-01-18T10:51:23","guid":{"rendered":"https:\/\/www.entreculturas.org\/?post_type=podcast&#038;p=11564"},"modified":"2024-11-08T14:59:05","modified_gmt":"2024-11-08T13:59:05","slug":"julia-navarro-podcast-ong-entreculturas-el-salvador","status":"publish","type":"podcast","link":"https:\/\/www.entreculturas.org\/gl\/podcast\/julia-navarro-podcast-ong-entreculturas-el-salvador\/","title":{"rendered":"Voces por una Causa: Memoria hist\u00f3rica en El Salvador"},"content":{"rendered":"\n<p>Esta semana en el <strong>podcast de <a href=\"https:\/\/www.entreculturas.org\/podcast\/\">Voces por una Causa<\/a><\/strong>, la escritora y periodsita <strong>Julia Navarro<\/strong> conversa con \u00d3scar Mel\u00e9ndez<strong>,<\/strong> Jefe del <a href=\"https:\/\/noticias.uca.edu.sv\/videos\/uca-es-acervo-historico\">Acervo Hist\u00f3rico<\/a> e investigador de la <a href=\"https:\/\/uca.edu.sv\/\">Universidad Centroamericana Jos\u00e9 Sime\u00f3n Ca\u00f1as<\/a>, m\u00e1s conocida como la UCA<strong>. <\/strong>Con \u00e9l, nos acercamos al importante papel que tiene el centro de memoria hist\u00f3rica sobre la Guerra Civil salvadore\u00f1a que tuvo lugar entre 1979 y 1992.<\/p>\n\n\n\n<p>\u00d3scar nos habla de este Archivo especializado en el conflicto armado salvadore\u00f1o que tiene treinta mil piezas documentales, recopiladas desde la d\u00e9cada de 1970 por iniciativa del jesuita Ignacio Ellacur\u00eda. En palabras de \u00d3scar, <strong>\u201cestos centros de memoria son importantes porque nos conducen a procesos de reconciliaci\u00f3n<\/strong>, de b\u00fasqueda de paz y de di\u00e1logo pol\u00edtico, tan necesarios en la sociedad salvadore\u00f1a y centroamericana actual\u201d.<\/p>\n\n\n\n<p>Adem\u00e1s, \u00d3scar y <strong>Julia Navarro<\/strong> tambi\u00e9n<strong> <\/strong>conversan sobre lo que debe <strong>aprender El Salvador de su historia para no repetir los mismos errores<\/strong>, enfatizando en la idea de que cualquier r\u00e9gimen totalitario<strong> <\/strong>\u201cs\u00f3lo conduce a potenciar distintas manifestaciones de violencia como la que vivi\u00f3 El Salvador al ir acompa\u00f1ados de crisis econ\u00f3micas y pol\u00edticas\u201d.\u00a0<\/p>\n\n\n\n<h2 class=\"wp-block-heading\" id=\"h-que-es-voces-por-una-causa-con-julia-navarro\"><strong>\u00bfQu\u00e9 es \u2018Voces por una Causa\u2019 con Julia Navarro?<\/strong><\/h2>\n\n\n\n<p>Presentado por la escritora y periodista <strong>Julia Navarro<\/strong>, <a href=\"https:\/\/www.entreculturas.org\/podcast\/\"><strong>\u2018Voces por una causa\u2019<\/strong><\/a><strong> es el podcast semanal de la <a href=\"https:\/\/www.entreculturas.org\/\">ONG Entreculturas<\/a><\/strong> que explora cuestiones sociales, medioambientales y culturales a trav\u00e9s de testimonios en primera persona. Una herramienta clave para abrir una ventana al exterior y reflexionar sobre distintas realidades y causas en las que trabajamos. Los programas se emiten todos los jueves en nuestro canal de <a href=\"https:\/\/www.youtube.com\/c\/EntreculturasOrg915902672\">Youtube<\/a>, en <a href=\"https:\/\/open.spotify.com\/show\/6dS5JsqnsWrnHL1gwead1A\">Spotify<\/a>, en <a href=\"https:\/\/www.ivoox.com\/perfil-entreculturas_a8_listener_28185270_1.html\">Ivoox<\/a>, y en <a href=\"https:\/\/podcasts.apple.com\/us\/podcast\/entreculturas-voces-por-una-causa\/id1621485462\">Apple Podcast<\/a>.<\/p>\n\n\n\n<iframe style=\"border-radius:12px\" src=\"https:\/\/open.spotify.com\/embed\/episode\/1ye1q51tWGkQdjPzmuLCfO?utm_source=generator\" width=\"100%\" height=\"352\" frameBorder=\"0\" allowfullscreen=\"\" allow=\"autoplay; clipboard-write; encrypted-media; fullscreen; picture-in-picture\" loading=\"lazy\"><\/iframe>\n","protected":false},"excerpt":{"rendered":"<p>Esta semana en Voces por una Causa, la escritora Julia Navarro conversa con \u00d3scar Mel\u00e9ndez, Jefe del Acervo Hist\u00f3rico e investigador de la Universidad Centroamericana Jos\u00e9 Sime\u00f3n Ca\u00f1as, m\u00e1s conocida como la UCA. Con \u00e9l, nos acercamos al importante papel que tiene el centro de memoria hist\u00f3rica sobre la Guerra Civil salvadore\u00f1a que tuvo lugar entre 1979 y 1992.<\/p>\n","protected":false},"featured_media":11567,"template":"","meta":{"_acf_changed":false},"categories":[],"tags":[],"class_list":["post-11564","podcast","type-podcast","status-publish","has-post-thumbnail","hentry"],"acf":[],"yoast_head":"<!-- This site is optimized with the Yoast SEO Premium plugin v21.6 (Yoast SEO v27.5) - https:\/\/yoast.com\/product\/yoast-seo-premium-wordpress\/ -->\n<title>Julia Navarro conversa sobre la guerra civil en El Salvador<\/title>\n<meta name=\"description\" content=\"Julia Navarro conversa el podcast con \u00d3scar Mel\u00e9ndez sobre la importancia de la memoria hist\u00f3rica en la Guerra Civil salvadore\u00f1a.\" \/>\n<meta name=\"robots\" content=\"index, follow, max-snippet:-1, max-image-preview:large, max-video-preview:-1\" \/>\n<link rel=\"canonical\" href=\"https:\/\/www.entreculturas.org\/gl\/podcast\/julia-navarro-podcast-ong-entreculturas-el-salvador\/\" \/>\n<meta property=\"og:locale\" content=\"gl_ES\" \/>\n<meta property=\"og:type\" content=\"article\" \/>\n<meta property=\"og:title\" content=\"Voces por una Causa: Memoria hist\u00f3rica en El Salvador\" \/>\n<meta property=\"og:description\" content=\"Julia Navarro conversa el podcast con \u00d3scar Mel\u00e9ndez sobre la importancia de la memoria hist\u00f3rica en la Guerra Civil salvadore\u00f1a.\" \/>\n<meta property=\"og:url\" content=\"https:\/\/www.entreculturas.org\/gl\/podcast\/julia-navarro-podcast-ong-entreculturas-el-salvador\/\" \/>\n<meta property=\"og:site_name\" content=\"Entreculturas\" \/>\n<meta property=\"article:publisher\" content=\"https:\/\/www.facebook.com\/entreculturas\" \/>\n<meta property=\"article:modified_time\" content=\"2024-11-08T13:59:05+00:00\" \/>\n<meta property=\"og:image\" content=\"https:\/\/www.entreculturas.org\/wp-content\/uploads\/2024\/01\/Oscar-Melendez-Editada-900-e1705575278279.jpg\" \/>\n\t<meta property=\"og:image:width\" content=\"898\" \/>\n\t<meta property=\"og:image:height\" content=\"553\" \/>\n\t<meta property=\"og:image:type\" content=\"image\/jpeg\" \/>\n<meta name=\"twitter:card\" content=\"summary_large_image\" \/>\n<meta name=\"twitter:site\" content=\"@Entreculturas\" \/>\n<script type=\"application\/ld+json\" class=\"yoast-schema-graph\">{\"@context\":\"https:\\\/\\\/schema.org\",\"@graph\":[{\"@type\":\"WebPage\",\"@id\":\"https:\\\/\\\/www.entreculturas.org\\\/gl\\\/podcast\\\/julia-navarro-podcast-ong-entreculturas-el-salvador\\\/\",\"url\":\"https:\\\/\\\/www.entreculturas.org\\\/gl\\\/podcast\\\/julia-navarro-podcast-ong-entreculturas-el-salvador\\\/\",\"name\":\"Julia Navarro conversa sobre la guerra civil en El Salvador\",\"isPartOf\":{\"@id\":\"https:\\\/\\\/www.entreculturas.org\\\/gl\\\/#website\"},\"primaryImageOfPage\":{\"@id\":\"https:\\\/\\\/www.entreculturas.org\\\/gl\\\/podcast\\\/julia-navarro-podcast-ong-entreculturas-el-salvador\\\/#primaryimage\"},\"image\":{\"@id\":\"https:\\\/\\\/www.entreculturas.org\\\/gl\\\/podcast\\\/julia-navarro-podcast-ong-entreculturas-el-salvador\\\/#primaryimage\"},\"thumbnailUrl\":\"https:\\\/\\\/www.entreculturas.org\\\/wp-content\\\/uploads\\\/2024\\\/01\\\/Oscar-Melendez-Editada-900-e1705575278279.jpg\",\"datePublished\":\"2024-01-18T10:51:23+00:00\",\"dateModified\":\"2024-11-08T13:59:05+00:00\",\"description\":\"Julia Navarro conversa el podcast con \u00d3scar Mel\u00e9ndez sobre la importancia de la memoria hist\u00f3rica en la Guerra Civil salvadore\u00f1a.\",\"breadcrumb\":{\"@id\":\"https:\\\/\\\/www.entreculturas.org\\\/gl\\\/podcast\\\/julia-navarro-podcast-ong-entreculturas-el-salvador\\\/#breadcrumb\"},\"inLanguage\":\"gl-ES\",\"potentialAction\":[{\"@type\":\"ReadAction\",\"target\":[\"https:\\\/\\\/www.entreculturas.org\\\/gl\\\/podcast\\\/julia-navarro-podcast-ong-entreculturas-el-salvador\\\/\"]}]},{\"@type\":\"ImageObject\",\"inLanguage\":\"gl-ES\",\"@id\":\"https:\\\/\\\/www.entreculturas.org\\\/gl\\\/podcast\\\/julia-navarro-podcast-ong-entreculturas-el-salvador\\\/#primaryimage\",\"url\":\"https:\\\/\\\/www.entreculturas.org\\\/wp-content\\\/uploads\\\/2024\\\/01\\\/Oscar-Melendez-Editada-900-e1705575278279.jpg\",\"contentUrl\":\"https:\\\/\\\/www.entreculturas.org\\\/wp-content\\\/uploads\\\/2024\\\/01\\\/Oscar-Melendez-Editada-900-e1705575278279.jpg\",\"width\":898,\"height\":553,\"caption\":\"Julia Navarro conversa el podcast con \u00d3scar Mel\u00e9ndez sobre la importancia de la memoria hist\u00f3rica en la Guerra Civil salvadore\u00f1a.\"},{\"@type\":\"BreadcrumbList\",\"@id\":\"https:\\\/\\\/www.entreculturas.org\\\/gl\\\/podcast\\\/julia-navarro-podcast-ong-entreculturas-el-salvador\\\/#breadcrumb\",\"itemListElement\":[{\"@type\":\"ListItem\",\"position\":1,\"name\":\"Home\",\"item\":\"https:\\\/\\\/www.entreculturas.org\\\/gl\\\/\"},{\"@type\":\"ListItem\",\"position\":2,\"name\":\"Podcast Julia Navarro\",\"item\":\"https:\\\/\\\/www.entreculturas.org\\\/gl\\\/podcasts\\\/\"},{\"@type\":\"ListItem\",\"position\":3,\"name\":\"Voces por una Causa: Memoria hist\u00f3rica en El Salvador\"}]},{\"@type\":\"WebSite\",\"@id\":\"https:\\\/\\\/www.entreculturas.org\\\/gl\\\/#website\",\"url\":\"https:\\\/\\\/www.entreculturas.org\\\/gl\\\/\",\"name\":\"Entreculturas\",\"description\":\"\",\"publisher\":{\"@id\":\"https:\\\/\\\/www.entreculturas.org\\\/gl\\\/#organization\"},\"alternateName\":\"Entreculturas\",\"potentialAction\":[{\"@type\":\"SearchAction\",\"target\":{\"@type\":\"EntryPoint\",\"urlTemplate\":\"https:\\\/\\\/www.entreculturas.org\\\/gl\\\/?s={search_term_string}\"},\"query-input\":{\"@type\":\"PropertyValueSpecification\",\"valueRequired\":true,\"valueName\":\"search_term_string\"}}],\"inLanguage\":\"gl-ES\"},{\"@type\":\"Organization\",\"@id\":\"https:\\\/\\\/www.entreculturas.org\\\/gl\\\/#organization\",\"name\":\"Entreculturas\",\"url\":\"https:\\\/\\\/www.entreculturas.org\\\/gl\\\/\",\"logo\":{\"@type\":\"ImageObject\",\"inLanguage\":\"gl-ES\",\"@id\":\"https:\\\/\\\/www.entreculturas.org\\\/gl\\\/#\\\/schema\\\/logo\\\/image\\\/\",\"url\":\"https:\\\/\\\/www.entreculturas.org\\\/wp-content\\\/uploads\\\/2025\\\/10\\\/ESP.svg\",\"contentUrl\":\"https:\\\/\\\/www.entreculturas.org\\\/wp-content\\\/uploads\\\/2025\\\/10\\\/ESP.svg\",\"caption\":\"Entreculturas\"},\"image\":{\"@id\":\"https:\\\/\\\/www.entreculturas.org\\\/gl\\\/#\\\/schema\\\/logo\\\/image\\\/\"},\"sameAs\":[\"https:\\\/\\\/www.facebook.com\\\/entreculturas\",\"https:\\\/\\\/x.com\\\/Entreculturas\",\"https:\\\/\\\/www.instagram.com\\\/entreculturas\\\/\",\"https:\\\/\\\/www.youtube.com\\\/user\\\/entreculturasvideo\",\"https:\\\/\\\/www.linkedin.com\\\/company\\\/fundacion-entreculturas-ngdo\\\/\",\"https:\\\/\\\/www.flickr.com\\\/photos\\\/98455522@N04\\\/albums\\\/\"]}]}<\/script>\n<!-- \/ Yoast SEO Premium plugin. -->","yoast_head_json":{"title":"Julia Navarro conversa sobre la guerra civil en El Salvador","description":"Julia Navarro conversa el podcast con \u00d3scar Mel\u00e9ndez sobre la importancia de la memoria hist\u00f3rica en la Guerra Civil salvadore\u00f1a.","robots":{"index":"index","follow":"follow","max-snippet":"max-snippet:-1","max-image-preview":"max-image-preview:large","max-video-preview":"max-video-preview:-1"},"canonical":"https:\/\/www.entreculturas.org\/gl\/podcast\/julia-navarro-podcast-ong-entreculturas-el-salvador\/","og_locale":"gl_ES","og_type":"article","og_title":"Voces por una Causa: Memoria hist\u00f3rica en El Salvador","og_description":"Julia Navarro conversa el podcast con \u00d3scar Mel\u00e9ndez sobre la importancia de la memoria hist\u00f3rica en la Guerra Civil salvadore\u00f1a.","og_url":"https:\/\/www.entreculturas.org\/gl\/podcast\/julia-navarro-podcast-ong-entreculturas-el-salvador\/","og_site_name":"Entreculturas","article_publisher":"https:\/\/www.facebook.com\/entreculturas","article_modified_time":"2024-11-08T13:59:05+00:00","og_image":[{"width":898,"height":553,"url":"https:\/\/www.entreculturas.org\/wp-content\/uploads\/2024\/01\/Oscar-Melendez-Editada-900-e1705575278279.jpg","type":"image\/jpeg"}],"twitter_card":"summary_large_image","twitter_site":"@Entreculturas","schema":{"@context":"https:\/\/schema.org","@graph":[{"@type":"WebPage","@id":"https:\/\/www.entreculturas.org\/gl\/podcast\/julia-navarro-podcast-ong-entreculturas-el-salvador\/","url":"https:\/\/www.entreculturas.org\/gl\/podcast\/julia-navarro-podcast-ong-entreculturas-el-salvador\/","name":"Julia Navarro conversa sobre la guerra civil en El Salvador","isPartOf":{"@id":"https:\/\/www.entreculturas.org\/gl\/#website"},"primaryImageOfPage":{"@id":"https:\/\/www.entreculturas.org\/gl\/podcast\/julia-navarro-podcast-ong-entreculturas-el-salvador\/#primaryimage"},"image":{"@id":"https:\/\/www.entreculturas.org\/gl\/podcast\/julia-navarro-podcast-ong-entreculturas-el-salvador\/#primaryimage"},"thumbnailUrl":"https:\/\/www.entreculturas.org\/wp-content\/uploads\/2024\/01\/Oscar-Melendez-Editada-900-e1705575278279.jpg","datePublished":"2024-01-18T10:51:23+00:00","dateModified":"2024-11-08T13:59:05+00:00","description":"Julia Navarro conversa el podcast con \u00d3scar Mel\u00e9ndez sobre la importancia de la memoria hist\u00f3rica en la Guerra Civil salvadore\u00f1a.","breadcrumb":{"@id":"https:\/\/www.entreculturas.org\/gl\/podcast\/julia-navarro-podcast-ong-entreculturas-el-salvador\/#breadcrumb"},"inLanguage":"gl-ES","potentialAction":[{"@type":"ReadAction","target":["https:\/\/www.entreculturas.org\/gl\/podcast\/julia-navarro-podcast-ong-entreculturas-el-salvador\/"]}]},{"@type":"ImageObject","inLanguage":"gl-ES","@id":"https:\/\/www.entreculturas.org\/gl\/podcast\/julia-navarro-podcast-ong-entreculturas-el-salvador\/#primaryimage","url":"https:\/\/www.entreculturas.org\/wp-content\/uploads\/2024\/01\/Oscar-Melendez-Editada-900-e1705575278279.jpg","contentUrl":"https:\/\/www.entreculturas.org\/wp-content\/uploads\/2024\/01\/Oscar-Melendez-Editada-900-e1705575278279.jpg","width":898,"height":553,"caption":"Julia Navarro conversa el podcast con \u00d3scar Mel\u00e9ndez sobre la importancia de la memoria hist\u00f3rica en la Guerra Civil salvadore\u00f1a."},{"@type":"BreadcrumbList","@id":"https:\/\/www.entreculturas.org\/gl\/podcast\/julia-navarro-podcast-ong-entreculturas-el-salvador\/#breadcrumb","itemListElement":[{"@type":"ListItem","position":1,"name":"Home","item":"https:\/\/www.entreculturas.org\/gl\/"},{"@type":"ListItem","position":2,"name":"Podcast Julia Navarro","item":"https:\/\/www.entreculturas.org\/gl\/podcasts\/"},{"@type":"ListItem","position":3,"name":"Voces por una Causa: Memoria hist\u00f3rica en El Salvador"}]},{"@type":"WebSite","@id":"https:\/\/www.entreculturas.org\/gl\/#website","url":"https:\/\/www.entreculturas.org\/gl\/","name":"Entreculturas","description":"","publisher":{"@id":"https:\/\/www.entreculturas.org\/gl\/#organization"},"alternateName":"Entreculturas","potentialAction":[{"@type":"SearchAction","target":{"@type":"EntryPoint","urlTemplate":"https:\/\/www.entreculturas.org\/gl\/?s={search_term_string}"},"query-input":{"@type":"PropertyValueSpecification","valueRequired":true,"valueName":"search_term_string"}}],"inLanguage":"gl-ES"},{"@type":"Organization","@id":"https:\/\/www.entreculturas.org\/gl\/#organization","name":"Entreculturas","url":"https:\/\/www.entreculturas.org\/gl\/","logo":{"@type":"ImageObject","inLanguage":"gl-ES","@id":"https:\/\/www.entreculturas.org\/gl\/#\/schema\/logo\/image\/","url":"https:\/\/www.entreculturas.org\/wp-content\/uploads\/2025\/10\/ESP.svg","contentUrl":"https:\/\/www.entreculturas.org\/wp-content\/uploads\/2025\/10\/ESP.svg","caption":"Entreculturas"},"image":{"@id":"https:\/\/www.entreculturas.org\/gl\/#\/schema\/logo\/image\/"},"sameAs":["https:\/\/www.facebook.com\/entreculturas","https:\/\/x.com\/Entreculturas","https:\/\/www.instagram.com\/entreculturas\/","https:\/\/www.youtube.com\/user\/entreculturasvideo","https:\/\/www.linkedin.com\/company\/fundacion-entreculturas-ngdo\/","https:\/\/www.flickr.com\/photos\/98455522@N04\/albums\/"]}]}},"_links":{"self":[{"href":"https:\/\/www.entreculturas.org\/gl\/wp-json\/wp\/v2\/podcast\/11564","targetHints":{"allow":["GET"]}}],"collection":[{"href":"https:\/\/www.entreculturas.org\/gl\/wp-json\/wp\/v2\/podcast"}],"about":[{"href":"https:\/\/www.entreculturas.org\/gl\/wp-json\/wp\/v2\/types\/podcast"}],"wp:featuredmedia":[{"embeddable":true,"href":"https:\/\/www.entreculturas.org\/gl\/wp-json\/wp\/v2\/media\/11567"}],"wp:attachment":[{"href":"https:\/\/www.entreculturas.org\/gl\/wp-json\/wp\/v2\/media?parent=11564"}],"wp:term":[{"taxonomy":"category","embeddable":true,"href":"https:\/\/www.entreculturas.org\/gl\/wp-json\/wp\/v2\/categories?post=11564"},{"taxonomy":"post_tag","embeddable":true,"href":"https:\/\/www.entreculturas.org\/gl\/wp-json\/wp\/v2\/tags?post=11564"}],"curies":[{"name":"wp","href":"https:\/\/api.w.org\/{rel}","templated":true}]}}