{"id":9956,"date":"2023-12-11T10:50:11","date_gmt":"2023-12-11T09:50:11","guid":{"rendered":"https:\/\/www.entreculturas.org\/?post_type=pais&#038;p=9956"},"modified":"2024-10-03T12:11:20","modified_gmt":"2024-10-03T10:11:20","slug":"republica-dominicana","status":"publish","type":"pais","link":"https:\/\/www.entreculturas.org\/gl\/pais\/republica-dominicana\/","title":{"rendered":"Rep\u00fablica Dominicana"},"content":{"rendered":"\n<div style=\"height:50px\" aria-hidden=\"true\" class=\"wp-block-spacer\"><\/div>\n\n\n\n<div class=\"wp-block-group has-white-background-color has-background has-global-padding is-layout-constrained wp-container-core-group-is-layout-f15d6688 wp-block-group-is-layout-constrained\" style=\"border-radius:25px;margin-top:0;margin-bottom:var(--wp--preset--spacing--60);padding-top:var(--wp--preset--spacing--40);padding-right:var(--wp--preset--spacing--40);padding-bottom:var(--wp--preset--spacing--70);padding-left:var(--wp--preset--spacing--40)\">\n<div class=\"wp-block-group has-global-padding is-layout-constrained wp-container-core-group-is-layout-819b9014 wp-block-group-is-layout-constrained\" style=\"padding-top:0;padding-bottom:0\">\n<div class=\"wp-block-group is-vertical is-content-justification-center is-layout-flex wp-container-core-group-is-layout-1cb8246b wp-block-group-is-layout-flex\" style=\"padding-top:var(--wp--preset--spacing--60);padding-right:0;padding-bottom:var(--wp--preset--spacing--40);padding-left:0\">\n<figure class=\"wp-block-image size-full\"><img decoding=\"async\" src=\"https:\/\/www.entreculturas.org\/wp-content\/uploads\/2023\/09\/heart.svg\" alt=\"\" class=\"wp-image-220\"\/><\/figure>\n\n\n\n<h2 class=\"wp-block-heading has-text-align-center text-wrap-balance nuestras-causas-portada has-red-color has-text-color\" id=\"h-entreculturas-en-republica-dominicana\" style=\"margin-top:var(--wp--preset--spacing--30);margin-bottom:var(--wp--preset--spacing--30);font-size:37px\">Entreculturas en Rep\u00fablica Dominicana<\/h2>\n<\/div>\n\n\n\n<p class=\"has-text-align-left\">Junto a Fe y Alegria Rep\u00fablica Dominicana trabajamos en 48 centros educativos donde brindamos formaci\u00f3n docente, mejoramos la calidad educativa y promovemos una educaci\u00f3n en valores e inclusiva. En los \u00faltimos 3 a\u00f1os se ha empezado a trabajar en la prevenci\u00f3n de violencia de g\u00e9nero y embarazo adolescente para mujeres entre 13 y 18 a\u00f1os. Con el proyecto &#8220;Mi escuela es bonita&#8221; realizan mejoras de la infraestructura ( espacios escolares) y cuidado del medio ambiente. <\/p>\n\n\n\n<div style=\"height:15px\" aria-hidden=\"true\" class=\"wp-block-spacer\"><\/div>\n\n\n\n<p class=\"has-text-align-left\">En Rep\u00fablica Dominicana trabajamos de la mano de Fe y Alegr\u00eda Rep\u00fablica Dominicana (FyA RD) y les acompa\u00f1amos en algunos de sus proyectos. Principalmente trabajamos apoyando la educaci\u00f3n regular en los centros educativos de FyA RD, que se encuentran en las comunidades m\u00e1s marginales y vulnerables del pa\u00eds. Brindamos promover un sistema educativo que permita a los alumnos ejercer su derecho de una vida libre de violencia, fomentando su participaci\u00f3n y liderazgo; al igual que contribuir a la inclusi\u00f3n educativa de personas con discapacidad y dificultades de aprendizaje, participando en la concreci\u00f3n de propuestas pr\u00e1cticas para proporcionar la atenci\u00f3n inclusiva tanto en los procesos del equipo de gesti\u00f3n como en el aula.<\/p>\n\n\n\n<ul class=\"red-marker\">\n\n\n\n<li>\n\n\n\n<p><strong>ORGANIZACIONES SOCIAS: <\/strong>Fe y Alegr\u00eda Rep\u00fablica Dominicana<\/p>\n\n\n\n<div style=\"height:31px\" aria-hidden=\"true\" class=\"wp-block-spacer\"><\/div>\n<\/div>\n<\/div>\n\n\n\n<div class=\"wp-block-group has-global-padding is-layout-constrained wp-container-core-group-is-layout-cc019cf6 wp-block-group-is-layout-constrained\" style=\"margin-bottom:var(--wp--preset--spacing--70);padding-right:20px;padding-left:20px\">\n<div class=\"wp-block-columns is-layout-flex wp-container-core-columns-is-layout-e524df8a wp-block-columns-is-layout-flex\">\n<div class=\"wp-block-column is-layout-flow wp-block-column-is-layout-flow\">\n<div class=\"wp-block-cover is-light hover-fondo-video\" style=\"min-height:334px;aspect-ratio:unset;\"><span aria-hidden=\"true\" class=\"wp-block-cover__background has-background-dim-0 has-background-dim\"><\/span><img decoding=\"async\" width=\"1280\" height=\"720\" class=\"wp-block-cover__image-background wp-image-11602\" alt=\"\" src=\"https:\/\/www.entreculturas.org\/wp-content\/uploads\/2024\/01\/DSC01532.jpg\" data-object-fit=\"cover\" srcset=\"https:\/\/www.entreculturas.org\/wp-content\/uploads\/2024\/01\/DSC01532.jpg 1280w, https:\/\/www.entreculturas.org\/wp-content\/uploads\/2024\/01\/DSC01532-300x169.jpg 300w, https:\/\/www.entreculturas.org\/wp-content\/uploads\/2024\/01\/DSC01532-1024x576.jpg 1024w, https:\/\/www.entreculturas.org\/wp-content\/uploads\/2024\/01\/DSC01532-768x432.jpg 768w\" sizes=\"(max-width: 1280px) 100vw, 1280px\" \/><div class=\"wp-block-cover__inner-container has-global-padding is-layout-constrained wp-block-cover-is-layout-constrained\">\n<p class=\"has-text-align-center has-large-font-size\"><\/p>\n<\/div><\/div>\n<\/div>\n\n\n\n<div class=\"wp-block-column is-layout-flow wp-block-column-is-layout-flow\">\n<div class=\"wp-block-cover is-light hover-fondo-video\" style=\"min-height:334px;aspect-ratio:unset;\"><span aria-hidden=\"true\" class=\"wp-block-cover__background has-background-dim-0 has-background-dim\"><\/span><img decoding=\"async\" width=\"1280\" height=\"720\" class=\"wp-block-cover__image-background wp-image-11600\" alt=\"\" src=\"https:\/\/www.entreculturas.org\/wp-content\/uploads\/2024\/01\/DSC01522.jpg\" style=\"object-position:51% 71%\" data-object-fit=\"cover\" data-object-position=\"51% 71%\" srcset=\"https:\/\/www.entreculturas.org\/wp-content\/uploads\/2024\/01\/DSC01522.jpg 1280w, https:\/\/www.entreculturas.org\/wp-content\/uploads\/2024\/01\/DSC01522-300x169.jpg 300w, https:\/\/www.entreculturas.org\/wp-content\/uploads\/2024\/01\/DSC01522-1024x576.jpg 1024w, https:\/\/www.entreculturas.org\/wp-content\/uploads\/2024\/01\/DSC01522-768x432.jpg 768w\" sizes=\"(max-width: 1280px) 100vw, 1280px\" \/><div class=\"wp-block-cover__inner-container has-global-padding is-layout-constrained wp-block-cover-is-layout-constrained\">\n<p class=\"has-text-align-center has-large-font-size\"><\/p>\n<\/div><\/div>\n<\/div>\n\n\n\n<div class=\"wp-block-column is-layout-flow wp-block-column-is-layout-flow\">\n<div class=\"wp-block-cover is-light hover-fondo-video\" style=\"min-height:334px;aspect-ratio:unset;\"><span aria-hidden=\"true\" class=\"wp-block-cover__background has-background-dim-0 has-background-dim\"><\/span><img decoding=\"async\" class=\"wp-block-cover__image-background wp-image-10147\" alt=\"\" src=\"https:\/\/www.entreculturas.org\/wp-content\/uploads\/2023\/12\/placeholder-ficha.png\" data-object-fit=\"cover\"\/><div class=\"wp-block-cover__inner-container has-global-padding is-layout-constrained wp-block-cover-is-layout-constrained\">\n<p class=\"has-text-align-center has-large-font-size\"><\/p>\n<\/div><\/div>\n<\/div>\n<\/div>\n<\/div>\n\n\n\n<div class=\"country-placeholder\"><div class=\"canvas-container\" data-countries=\"[27494,27003,26995,20567,9993,9991,9985,9976,9972,9968,9965,9961,9958,9956,9954,9952,9950,9949,9948,9947,9944,9943,9942,9940,9938,9937,9936,9934,9933,9932,9181,9176,9156,8657,8656,8655,8654,8653,8652,8651,8650,8649,8648,8647,8646,8645,8644,8643,1896,1694]\" data-map-image-url=\"https:\/\/www.entreculturas.org\/wp-content\/uploads\/2024\/09\/mapa-gris-1.svg\" data-point-image-url=\"https:\/\/www.entreculturas.org\/wp-content\/uploads\/2024\/09\/punto_activo.svg\" data-title=\"Explorar nuestros proyectos\" data-subtitle=\"En Entreculturas llevamos a cabo proyectos de cooperaci\u00f3n al desarrollo, acci\u00f3n humanitaria, ciudadan\u00eda y acci\u00f3n social vinculados a nuestras 5 causas.\" data-default-country=\"9956\" data-overlay-box=\"#E30600\" data-acf-data=\"{}\"><div id=\"loading-spinner\" class=\"loading-spinner\" style=\"display: none;\"><div class=\"spinner\"><\/div><\/div><div class=\"map-overlay\" style=\"background-color:;opacity:0.3\"><\/div><div id=\"map\"><\/div><\/div><\/div>\n","protected":false},"featured_media":11602,"template":"","partner_organizations":[287],"class_list":["post-9956","pais","type-pais","status-publish","has-post-thumbnail","hentry","partner_organizations-fe-y-alegria-republica-dominicana"],"acf":{"x":"377","y":"378","causes":["Educaci\u00f3n","G\u00e9nero","Justicia medioambiental","Migraci\u00f3n y refugio","Participaci\u00f3n y ciudadan\u00eda global"],"projects":"4","funding":"122236","accompanied_persons":"18845","partner_organizations":[{"term_id":287,"name":"Fe y Alegr\u00eda Rep\u00fablica Dominicana","slug":"fe-y-alegria-republica-dominicana","term_group":0,"term_taxonomy_id":287,"taxonomy":"partner_organizations","description":"","parent":0,"count":1,"filter":"raw"}],"imagen":"https:\/\/www.entreculturas.org\/wp-content\/uploads\/2024\/01\/DSC01532.jpg","ubicacion_campo":"top","margen_superior":"-30","margen_izquierda":"0","latitud":"20.735693","longitud":"-64.162651","ampliar_informacion":"Si"},"yoast_head":"<!-- This site is optimized with the Yoast SEO Premium plugin v21.6 (Yoast SEO v27.5) - https:\/\/yoast.com\/product\/yoast-seo-premium-wordpress\/ -->\n<title>Rep\u00fablica Dominicana - Entreculturas<\/title>\n<meta name=\"robots\" content=\"noindex, follow\" \/>\n<meta property=\"og:locale\" content=\"gl_ES\" \/>\n<meta property=\"og:type\" content=\"article\" \/>\n<meta property=\"og:title\" content=\"Rep\u00fablica Dominicana\" \/>\n<meta property=\"og:description\" content=\"Entreculturas en Rep\u00fablica Dominicana Junto a Fe y Alegria Rep\u00fablica Dominicana trabajamos en 48 centros educativos donde brindamos formaci\u00f3n docente, mejoramos la calidad educativa y promovemos una educaci\u00f3n en valores e inclusiva. En los \u00faltimos 3 a\u00f1os se ha empezado a trabajar en la prevenci\u00f3n de violencia de g\u00e9nero y embarazo adolescente para mujeres entre 13 y 18 a\u00f1os. Con el proyecto &#8220;Mi escuela es bonita&#8221; realizan mejoras de la infraestructura ( espacios escolares) y cuidado del medio ambiente. En Rep\u00fablica Dominicana trabajamos de la mano de Fe y Alegr\u00eda Rep\u00fablica Dominicana (FyA RD) y les acompa\u00f1amos en algunos de sus proyectos. Principalmente trabajamos apoyando la educaci\u00f3n regular en los centros educativos de FyA RD, que se encuentran en las comunidades m\u00e1s marginales y vulnerables del pa\u00eds. Brindamos promover un sistema educativo que permita a los alumnos ejercer su derecho de una vida libre de violencia, fomentando su participaci\u00f3n y [&hellip;]\" \/>\n<meta property=\"og:url\" content=\"https:\/\/www.entreculturas.org\/gl\/pais\/republica-dominicana\/\" \/>\n<meta property=\"og:site_name\" content=\"Entreculturas\" \/>\n<meta property=\"article:publisher\" content=\"https:\/\/www.facebook.com\/entreculturas\" \/>\n<meta property=\"article:modified_time\" content=\"2024-10-03T10:11:20+00:00\" \/>\n<meta property=\"og:image\" content=\"https:\/\/www.entreculturas.org\/wp-content\/uploads\/2024\/01\/DSC01532.jpg\" \/>\n\t<meta property=\"og:image:width\" content=\"1280\" \/>\n\t<meta property=\"og:image:height\" content=\"720\" \/>\n\t<meta property=\"og:image:type\" content=\"image\/jpeg\" \/>\n<meta name=\"twitter:card\" content=\"summary_large_image\" \/>\n<meta name=\"twitter:site\" content=\"@Entreculturas\" \/>\n<script type=\"application\/ld+json\" class=\"yoast-schema-graph\">{\"@context\":\"https:\\\/\\\/schema.org\",\"@graph\":[{\"@type\":\"WebPage\",\"@id\":\"https:\\\/\\\/www.entreculturas.org\\\/gl\\\/pais\\\/republica-dominicana\\\/\",\"url\":\"https:\\\/\\\/www.entreculturas.org\\\/gl\\\/pais\\\/republica-dominicana\\\/\",\"name\":\"Rep\u00fablica Dominicana - Entreculturas\",\"isPartOf\":{\"@id\":\"https:\\\/\\\/www.entreculturas.org\\\/gl\\\/#website\"},\"primaryImageOfPage\":{\"@id\":\"https:\\\/\\\/www.entreculturas.org\\\/gl\\\/pais\\\/republica-dominicana\\\/#primaryimage\"},\"image\":{\"@id\":\"https:\\\/\\\/www.entreculturas.org\\\/gl\\\/pais\\\/republica-dominicana\\\/#primaryimage\"},\"thumbnailUrl\":\"https:\\\/\\\/www.entreculturas.org\\\/wp-content\\\/uploads\\\/2024\\\/01\\\/DSC01532.jpg\",\"datePublished\":\"2023-12-11T09:50:11+00:00\",\"dateModified\":\"2024-10-03T10:11:20+00:00\",\"breadcrumb\":{\"@id\":\"https:\\\/\\\/www.entreculturas.org\\\/gl\\\/pais\\\/republica-dominicana\\\/#breadcrumb\"},\"inLanguage\":\"gl-ES\",\"potentialAction\":[{\"@type\":\"ReadAction\",\"target\":[\"https:\\\/\\\/www.entreculturas.org\\\/gl\\\/pais\\\/republica-dominicana\\\/\"]}]},{\"@type\":\"ImageObject\",\"inLanguage\":\"gl-ES\",\"@id\":\"https:\\\/\\\/www.entreculturas.org\\\/gl\\\/pais\\\/republica-dominicana\\\/#primaryimage\",\"url\":\"https:\\\/\\\/www.entreculturas.org\\\/wp-content\\\/uploads\\\/2024\\\/01\\\/DSC01532.jpg\",\"contentUrl\":\"https:\\\/\\\/www.entreculturas.org\\\/wp-content\\\/uploads\\\/2024\\\/01\\\/DSC01532.jpg\",\"width\":1280,\"height\":720},{\"@type\":\"BreadcrumbList\",\"@id\":\"https:\\\/\\\/www.entreculturas.org\\\/gl\\\/pais\\\/republica-dominicana\\\/#breadcrumb\",\"itemListElement\":[{\"@type\":\"ListItem\",\"position\":1,\"name\":\"Home\",\"item\":\"https:\\\/\\\/www.entreculturas.org\\\/gl\\\/\"},{\"@type\":\"ListItem\",\"position\":2,\"name\":\"Rep\u00fablica Dominicana\"}]},{\"@type\":\"WebSite\",\"@id\":\"https:\\\/\\\/www.entreculturas.org\\\/gl\\\/#website\",\"url\":\"https:\\\/\\\/www.entreculturas.org\\\/gl\\\/\",\"name\":\"Entreculturas\",\"description\":\"\",\"publisher\":{\"@id\":\"https:\\\/\\\/www.entreculturas.org\\\/gl\\\/#organization\"},\"alternateName\":\"Entreculturas\",\"potentialAction\":[{\"@type\":\"SearchAction\",\"target\":{\"@type\":\"EntryPoint\",\"urlTemplate\":\"https:\\\/\\\/www.entreculturas.org\\\/gl\\\/?s={search_term_string}\"},\"query-input\":{\"@type\":\"PropertyValueSpecification\",\"valueRequired\":true,\"valueName\":\"search_term_string\"}}],\"inLanguage\":\"gl-ES\"},{\"@type\":\"Organization\",\"@id\":\"https:\\\/\\\/www.entreculturas.org\\\/gl\\\/#organization\",\"name\":\"Entreculturas\",\"url\":\"https:\\\/\\\/www.entreculturas.org\\\/gl\\\/\",\"logo\":{\"@type\":\"ImageObject\",\"inLanguage\":\"gl-ES\",\"@id\":\"https:\\\/\\\/www.entreculturas.org\\\/gl\\\/#\\\/schema\\\/logo\\\/image\\\/\",\"url\":\"https:\\\/\\\/www.entreculturas.org\\\/wp-content\\\/uploads\\\/2025\\\/10\\\/ESP.svg\",\"contentUrl\":\"https:\\\/\\\/www.entreculturas.org\\\/wp-content\\\/uploads\\\/2025\\\/10\\\/ESP.svg\",\"caption\":\"Entreculturas\"},\"image\":{\"@id\":\"https:\\\/\\\/www.entreculturas.org\\\/gl\\\/#\\\/schema\\\/logo\\\/image\\\/\"},\"sameAs\":[\"https:\\\/\\\/www.facebook.com\\\/entreculturas\",\"https:\\\/\\\/x.com\\\/Entreculturas\",\"https:\\\/\\\/www.instagram.com\\\/entreculturas\\\/\",\"https:\\\/\\\/www.youtube.com\\\/user\\\/entreculturasvideo\",\"https:\\\/\\\/www.linkedin.com\\\/company\\\/fundacion-entreculturas-ngdo\\\/\",\"https:\\\/\\\/www.flickr.com\\\/photos\\\/98455522@N04\\\/albums\\\/\"]}]}<\/script>\n<!-- \/ Yoast SEO Premium plugin. -->","yoast_head_json":{"title":"Rep\u00fablica Dominicana - Entreculturas","robots":{"index":"noindex","follow":"follow"},"og_locale":"gl_ES","og_type":"article","og_title":"Rep\u00fablica Dominicana","og_description":"Entreculturas en Rep\u00fablica Dominicana Junto a Fe y Alegria Rep\u00fablica Dominicana trabajamos en 48 centros educativos donde brindamos formaci\u00f3n docente, mejoramos la calidad educativa y promovemos una educaci\u00f3n en valores e inclusiva. En los \u00faltimos 3 a\u00f1os se ha empezado a trabajar en la prevenci\u00f3n de violencia de g\u00e9nero y embarazo adolescente para mujeres entre 13 y 18 a\u00f1os. Con el proyecto &#8220;Mi escuela es bonita&#8221; realizan mejoras de la infraestructura ( espacios escolares) y cuidado del medio ambiente. En Rep\u00fablica Dominicana trabajamos de la mano de Fe y Alegr\u00eda Rep\u00fablica Dominicana (FyA RD) y les acompa\u00f1amos en algunos de sus proyectos. Principalmente trabajamos apoyando la educaci\u00f3n regular en los centros educativos de FyA RD, que se encuentran en las comunidades m\u00e1s marginales y vulnerables del pa\u00eds. Brindamos promover un sistema educativo que permita a los alumnos ejercer su derecho de una vida libre de violencia, fomentando su participaci\u00f3n y [&hellip;]","og_url":"https:\/\/www.entreculturas.org\/gl\/pais\/republica-dominicana\/","og_site_name":"Entreculturas","article_publisher":"https:\/\/www.facebook.com\/entreculturas","article_modified_time":"2024-10-03T10:11:20+00:00","og_image":[{"width":1280,"height":720,"url":"https:\/\/www.entreculturas.org\/wp-content\/uploads\/2024\/01\/DSC01532.jpg","type":"image\/jpeg"}],"twitter_card":"summary_large_image","twitter_site":"@Entreculturas","schema":{"@context":"https:\/\/schema.org","@graph":[{"@type":"WebPage","@id":"https:\/\/www.entreculturas.org\/gl\/pais\/republica-dominicana\/","url":"https:\/\/www.entreculturas.org\/gl\/pais\/republica-dominicana\/","name":"Rep\u00fablica Dominicana - Entreculturas","isPartOf":{"@id":"https:\/\/www.entreculturas.org\/gl\/#website"},"primaryImageOfPage":{"@id":"https:\/\/www.entreculturas.org\/gl\/pais\/republica-dominicana\/#primaryimage"},"image":{"@id":"https:\/\/www.entreculturas.org\/gl\/pais\/republica-dominicana\/#primaryimage"},"thumbnailUrl":"https:\/\/www.entreculturas.org\/wp-content\/uploads\/2024\/01\/DSC01532.jpg","datePublished":"2023-12-11T09:50:11+00:00","dateModified":"2024-10-03T10:11:20+00:00","breadcrumb":{"@id":"https:\/\/www.entreculturas.org\/gl\/pais\/republica-dominicana\/#breadcrumb"},"inLanguage":"gl-ES","potentialAction":[{"@type":"ReadAction","target":["https:\/\/www.entreculturas.org\/gl\/pais\/republica-dominicana\/"]}]},{"@type":"ImageObject","inLanguage":"gl-ES","@id":"https:\/\/www.entreculturas.org\/gl\/pais\/republica-dominicana\/#primaryimage","url":"https:\/\/www.entreculturas.org\/wp-content\/uploads\/2024\/01\/DSC01532.jpg","contentUrl":"https:\/\/www.entreculturas.org\/wp-content\/uploads\/2024\/01\/DSC01532.jpg","width":1280,"height":720},{"@type":"BreadcrumbList","@id":"https:\/\/www.entreculturas.org\/gl\/pais\/republica-dominicana\/#breadcrumb","itemListElement":[{"@type":"ListItem","position":1,"name":"Home","item":"https:\/\/www.entreculturas.org\/gl\/"},{"@type":"ListItem","position":2,"name":"Rep\u00fablica Dominicana"}]},{"@type":"WebSite","@id":"https:\/\/www.entreculturas.org\/gl\/#website","url":"https:\/\/www.entreculturas.org\/gl\/","name":"Entreculturas","description":"","publisher":{"@id":"https:\/\/www.entreculturas.org\/gl\/#organization"},"alternateName":"Entreculturas","potentialAction":[{"@type":"SearchAction","target":{"@type":"EntryPoint","urlTemplate":"https:\/\/www.entreculturas.org\/gl\/?s={search_term_string}"},"query-input":{"@type":"PropertyValueSpecification","valueRequired":true,"valueName":"search_term_string"}}],"inLanguage":"gl-ES"},{"@type":"Organization","@id":"https:\/\/www.entreculturas.org\/gl\/#organization","name":"Entreculturas","url":"https:\/\/www.entreculturas.org\/gl\/","logo":{"@type":"ImageObject","inLanguage":"gl-ES","@id":"https:\/\/www.entreculturas.org\/gl\/#\/schema\/logo\/image\/","url":"https:\/\/www.entreculturas.org\/wp-content\/uploads\/2025\/10\/ESP.svg","contentUrl":"https:\/\/www.entreculturas.org\/wp-content\/uploads\/2025\/10\/ESP.svg","caption":"Entreculturas"},"image":{"@id":"https:\/\/www.entreculturas.org\/gl\/#\/schema\/logo\/image\/"},"sameAs":["https:\/\/www.facebook.com\/entreculturas","https:\/\/x.com\/Entreculturas","https:\/\/www.instagram.com\/entreculturas\/","https:\/\/www.youtube.com\/user\/entreculturasvideo","https:\/\/www.linkedin.com\/company\/fundacion-entreculturas-ngdo\/","https:\/\/www.flickr.com\/photos\/98455522@N04\/albums\/"]}]}},"_links":{"self":[{"href":"https:\/\/www.entreculturas.org\/gl\/wp-json\/wp\/v2\/pais\/9956","targetHints":{"allow":["GET"]}}],"collection":[{"href":"https:\/\/www.entreculturas.org\/gl\/wp-json\/wp\/v2\/pais"}],"about":[{"href":"https:\/\/www.entreculturas.org\/gl\/wp-json\/wp\/v2\/types\/pais"}],"wp:featuredmedia":[{"embeddable":true,"href":"https:\/\/www.entreculturas.org\/gl\/wp-json\/wp\/v2\/media\/11602"}],"wp:attachment":[{"href":"https:\/\/www.entreculturas.org\/gl\/wp-json\/wp\/v2\/media?parent=9956"}],"wp:term":[{"taxonomy":"partner_organizations","embeddable":true,"href":"https:\/\/www.entreculturas.org\/gl\/wp-json\/wp\/v2\/partner_organizations?post=9956"}],"curies":[{"name":"wp","href":"https:\/\/api.w.org\/{rel}","templated":true}]}}