{"id":9949,"date":"2023-12-11T10:32:38","date_gmt":"2023-12-11T09:32:38","guid":{"rendered":"https:\/\/www.entreculturas.org\/?post_type=pais&#038;p=9949"},"modified":"2024-09-20T07:45:33","modified_gmt":"2024-09-20T05:45:33","slug":"paraguay","status":"publish","type":"pais","link":"https:\/\/www.entreculturas.org\/gl\/pais\/paraguay\/","title":{"rendered":"Paraguay"},"content":{"rendered":"\n<div style=\"height:50px\" aria-hidden=\"true\" class=\"wp-block-spacer\"><\/div>\n\n\n\n<div class=\"wp-block-group has-white-background-color has-background has-global-padding is-layout-constrained wp-container-core-group-is-layout-f15d6688 wp-block-group-is-layout-constrained\" style=\"border-radius:25px;margin-top:0;margin-bottom:var(--wp--preset--spacing--60);padding-top:var(--wp--preset--spacing--40);padding-right:var(--wp--preset--spacing--40);padding-bottom:var(--wp--preset--spacing--70);padding-left:var(--wp--preset--spacing--40)\">\n<div class=\"wp-block-group has-global-padding is-layout-constrained wp-container-core-group-is-layout-819b9014 wp-block-group-is-layout-constrained\" style=\"padding-top:0;padding-bottom:0\">\n<div class=\"wp-block-group is-vertical is-content-justification-center is-layout-flex wp-container-core-group-is-layout-1cb8246b wp-block-group-is-layout-flex\" style=\"padding-top:var(--wp--preset--spacing--60);padding-right:0;padding-bottom:var(--wp--preset--spacing--40);padding-left:0\">\n<figure class=\"wp-block-image size-full\"><img decoding=\"async\" src=\"https:\/\/www.entreculturas.org\/wp-content\/uploads\/2023\/09\/heart.svg\" alt=\"\" class=\"wp-image-220\"\/><\/figure>\n\n\n\n<h2 class=\"wp-block-heading has-text-align-center text-wrap-balance nuestras-causas-portada has-red-color has-text-color\" id=\"h-entreculturas-en-paraguay\" style=\"margin-top:var(--wp--preset--spacing--30);margin-bottom:var(--wp--preset--spacing--30);font-size:37px\">Entreculturas en Paraguay<\/h2>\n<\/div>\n\n\n\n<p class=\"has-text-align-left\">Junto al Centro de Estudios Paraguayos Antonio Guasch trabajamos para el empoderamiento econ\u00f3mico y desarrollo de habilidades que permitan incidir y participar en la vida p\u00fablica en temas que les afecta directamente como lo es la igualdad de g\u00e9nero o los efectos del cambio clim\u00e1tico. Los componentes en donde se interviene mayoritariamente es la Formaci\u00f3n para el Trabajo, con el fin de lograr la inserci\u00f3n en el mercado laboral o desarrollar y fortalecer el autoempleo, as\u00ed como la participaci\u00f3n, por medio de acciones de movilizaci\u00f3n e incidencia en diversos programas juveniles donde se trabaja el componente ambiental de forma prioritaria a trav\u00e9s de la agroecolog\u00eda. <\/p>\n\n\n\n<div style=\"height:15px\" aria-hidden=\"true\" class=\"wp-block-spacer\"><\/div>\n\n\n\n<p class=\"has-text-align-left\">Por su parte, junto a Fe y Alegr\u00eda Paraguay, se incide en la educaci\u00f3n en contexto de encierro a trav\u00e9s de su programa PREBIR que busca garantizar la educaci\u00f3n de calidad a personas en centros penitenciarios. Adem\u00e1s se est\u00e1 trabajando en estrategias pedag\u00f3gicas para la recuperaci\u00f3n del rezago educativo provocado por la pandemia, garantizando los centros educativos como espacios de protecci\u00f3n y, al mismo tiempo, dotando al equipo docente de herramientas y conocimientos para la prevenci\u00f3n de la violencia, acompa\u00f1amiento y formaci\u00f3n educativo en el uso de tecnolog\u00edas. <\/p>\n\n\n\n<div style=\"height:15px\" aria-hidden=\"true\" class=\"wp-block-spacer\"><\/div>\n\n\n\n<p class=\"has-text-align-left\">Tambi\u00e9n, y de la mano de CEPAG, se ha trabajado para el empoderamiento econ\u00f3mico y desarrollo de habilidades que permitan incidir y participar en la vida p\u00fablica en temas que les afecta directamente como lo es la igualdad de g\u00e9nero o los efectos del cambio clim\u00e1tico. A su vez, Entreculturas acompa\u00f1a con un programa de fortalecimiento por medio de un plan estrat\u00e9gico para la sostenibilidad institucional.<\/p>\n\n\n\n<div style=\"height:31px\" aria-hidden=\"true\" class=\"wp-block-spacer\"><\/div>\n\n\n\n<ul class=\"red-marker\">\n\n\n\n<li>\n\n\n\n<p><strong>ORGANIZACIONES SOCIAS:<\/strong> Fe y Alegr\u00eda Paraguay<\/p>\n<\/div>\n<\/div>\n\n\n\n<div class=\"wp-block-group has-global-padding is-layout-constrained wp-container-core-group-is-layout-cc019cf6 wp-block-group-is-layout-constrained\" style=\"margin-bottom:var(--wp--preset--spacing--70);padding-right:20px;padding-left:20px\">\n<div class=\"wp-block-columns is-layout-flex wp-container-core-columns-is-layout-e524df8a wp-block-columns-is-layout-flex\">\n<div class=\"wp-block-column is-layout-flow wp-block-column-is-layout-flow\">\n<div class=\"wp-block-cover hover-fondo-video\" style=\"min-height:334px;aspect-ratio:unset;\"><span aria-hidden=\"true\" class=\"wp-block-cover__background has-background-dim-0 has-background-dim\"><\/span><img decoding=\"async\" width=\"1280\" height=\"853\" class=\"wp-block-cover__image-background wp-image-11633\" alt=\"\" src=\"https:\/\/www.entreculturas.org\/wp-content\/uploads\/2024\/01\/SJA-61.jpg\" style=\"object-position:27% 59%\" data-object-fit=\"cover\" data-object-position=\"27% 59%\" srcset=\"https:\/\/www.entreculturas.org\/wp-content\/uploads\/2024\/01\/SJA-61.jpg 1280w, https:\/\/www.entreculturas.org\/wp-content\/uploads\/2024\/01\/SJA-61-300x200.jpg 300w, https:\/\/www.entreculturas.org\/wp-content\/uploads\/2024\/01\/SJA-61-1024x682.jpg 1024w, https:\/\/www.entreculturas.org\/wp-content\/uploads\/2024\/01\/SJA-61-768x512.jpg 768w\" sizes=\"(max-width: 1280px) 100vw, 1280px\" \/><div class=\"wp-block-cover__inner-container has-global-padding is-layout-constrained wp-block-cover-is-layout-constrained\">\n<p class=\"has-text-align-center has-large-font-size\"><\/p>\n<\/div><\/div>\n<\/div>\n\n\n\n<div class=\"wp-block-column is-layout-flow wp-block-column-is-layout-flow\">\n<div class=\"wp-block-cover is-light hover-fondo-video\" style=\"min-height:334px;aspect-ratio:unset;\"><span aria-hidden=\"true\" class=\"wp-block-cover__background has-background-dim-0 has-background-dim\"><\/span><img decoding=\"async\" width=\"1280\" height=\"853\" class=\"wp-block-cover__image-background wp-image-11632\" alt=\"\" src=\"https:\/\/www.entreculturas.org\/wp-content\/uploads\/2024\/01\/SJA-54.jpg\" style=\"object-position:71% 38%\" data-object-fit=\"cover\" data-object-position=\"71% 38%\" srcset=\"https:\/\/www.entreculturas.org\/wp-content\/uploads\/2024\/01\/SJA-54.jpg 1280w, https:\/\/www.entreculturas.org\/wp-content\/uploads\/2024\/01\/SJA-54-300x200.jpg 300w, https:\/\/www.entreculturas.org\/wp-content\/uploads\/2024\/01\/SJA-54-1024x682.jpg 1024w, https:\/\/www.entreculturas.org\/wp-content\/uploads\/2024\/01\/SJA-54-768x512.jpg 768w\" sizes=\"(max-width: 1280px) 100vw, 1280px\" \/><div class=\"wp-block-cover__inner-container has-global-padding is-layout-constrained wp-block-cover-is-layout-constrained\">\n<p class=\"has-text-align-center has-large-font-size\"><\/p>\n<\/div><\/div>\n<\/div>\n\n\n\n<div class=\"wp-block-column is-layout-flow wp-block-column-is-layout-flow\">\n<div class=\"wp-block-cover is-light hover-fondo-video\" style=\"min-height:334px;aspect-ratio:unset;\"><span aria-hidden=\"true\" class=\"wp-block-cover__background has-background-dim-0 has-background-dim\"><\/span><img decoding=\"async\" width=\"1280\" height=\"853\" class=\"wp-block-cover__image-background wp-image-11631\" alt=\"\" src=\"https:\/\/www.entreculturas.org\/wp-content\/uploads\/2024\/01\/SJA-32.jpg\" style=\"object-position:71% 43%\" data-object-fit=\"cover\" data-object-position=\"71% 43%\" srcset=\"https:\/\/www.entreculturas.org\/wp-content\/uploads\/2024\/01\/SJA-32.jpg 1280w, https:\/\/www.entreculturas.org\/wp-content\/uploads\/2024\/01\/SJA-32-300x200.jpg 300w, https:\/\/www.entreculturas.org\/wp-content\/uploads\/2024\/01\/SJA-32-1024x682.jpg 1024w, https:\/\/www.entreculturas.org\/wp-content\/uploads\/2024\/01\/SJA-32-768x512.jpg 768w\" sizes=\"(max-width: 1280px) 100vw, 1280px\" \/><div class=\"wp-block-cover__inner-container has-global-padding is-layout-constrained wp-block-cover-is-layout-constrained\">\n<p class=\"has-text-align-center has-large-font-size\"><\/p>\n<\/div><\/div>\n<\/div>\n<\/div>\n<\/div>\n\n\n\n<div class=\"country-placeholder\"><div class=\"canvas-container\" data-countries=\"[27494,27003,26995,20567,9993,9991,9985,9976,9972,9968,9965,9961,9958,9956,9954,9952,9950,9949,9948,9947,9944,9943,9942,9940,9938,9937,9936,9934,9933,9932,9181,9176,9156,8657,8656,8655,8654,8653,8652,8651,8650,8649,8648,8647,8646,8645,8644,8643,1896,1694]\" data-map-image-url=\"https:\/\/www.entreculturas.org\/wp-content\/uploads\/2024\/09\/mapa-gris-1.svg\" data-point-image-url=\"https:\/\/www.entreculturas.org\/wp-content\/uploads\/2024\/09\/punto_activo.svg\" data-title=\"Explorar nuestros proyectos\" data-subtitle=\"En Entreculturas llevamos a cabo proyectos de cooperaci\u00f3n al desarrollo, acci\u00f3n humanitaria, ciudadan\u00eda y acci\u00f3n social vinculados a nuestras 5 causas.\" data-default-country=\"9949\" data-overlay-box=\"#E30600\" data-acf-data=\"{}\"><div id=\"loading-spinner\" class=\"loading-spinner\" style=\"display: none;\"><div class=\"spinner\"><\/div><\/div><div class=\"map-overlay\" style=\"background-color:;opacity:0.3\"><\/div><div id=\"map\"><\/div><\/div><\/div>\n","protected":false},"featured_media":0,"template":"","partner_organizations":[279,278],"class_list":["post-9949","pais","type-pais","status-publish","hentry","partner_organizations-centro-de-estudios-paraguayos-antonio-guasch-cepag","partner_organizations-fe-y-alegria-paraguay"],"acf":{"x":"407","y":"562","causes":["Educaci\u00f3n","Justicia medioambiental","Participaci\u00f3n y ciudadan\u00eda global"],"projects":"5","funding":"178763","accompanied_persons":"3919","partner_organizations":[{"term_id":278,"name":"Fe y Alegr\u00eda Paraguay","slug":"fe-y-alegria-paraguay","term_group":0,"term_taxonomy_id":278,"taxonomy":"partner_organizations","description":"","parent":0,"count":1,"filter":"raw"},{"term_id":279,"name":"Centro de Estudios Paraguayos Antonio Guasch (CEPAG)","slug":"centro-de-estudios-paraguayos-antonio-guasch-cepag","term_group":0,"term_taxonomy_id":279,"taxonomy":"partner_organizations","description":"","parent":0,"count":1,"filter":"raw"}],"imagen":"https:\/\/www.entreculturas.org\/wp-content\/uploads\/2024\/01\/SJA-54.jpg","ubicacion_campo":"top","margen_superior":"-30","margen_izquierda":"0","latitud":"-17.182238","longitud":"-54","ampliar_informacion":"Si"},"yoast_head":"<!-- This site is optimized with the Yoast SEO Premium plugin v21.6 (Yoast SEO v27.5) - https:\/\/yoast.com\/product\/yoast-seo-premium-wordpress\/ -->\n<title>Paraguay - Entreculturas<\/title>\n<meta name=\"robots\" content=\"noindex, follow\" \/>\n<meta property=\"og:locale\" content=\"gl_ES\" \/>\n<meta property=\"og:type\" content=\"article\" \/>\n<meta property=\"og:title\" content=\"Paraguay\" \/>\n<meta property=\"og:description\" content=\"Entreculturas en Paraguay Junto al Centro de Estudios Paraguayos Antonio Guasch trabajamos para el empoderamiento econ\u00f3mico y desarrollo de habilidades que permitan incidir y participar en la vida p\u00fablica en temas que les afecta directamente como lo es la igualdad de g\u00e9nero o los efectos del cambio clim\u00e1tico. Los componentes en donde se interviene mayoritariamente es la Formaci\u00f3n para el Trabajo, con el fin de lograr la inserci\u00f3n en el mercado laboral o desarrollar y fortalecer el autoempleo, as\u00ed como la participaci\u00f3n, por medio de acciones de movilizaci\u00f3n e incidencia en diversos programas juveniles donde se trabaja el componente ambiental de forma prioritaria a trav\u00e9s de la agroecolog\u00eda. Por su parte, junto a Fe y Alegr\u00eda Paraguay, se incide en la educaci\u00f3n en contexto de encierro a trav\u00e9s de su programa PREBIR que busca garantizar la educaci\u00f3n de calidad a personas en centros penitenciarios. Adem\u00e1s se est\u00e1 trabajando en estrategias [&hellip;]\" \/>\n<meta property=\"og:url\" content=\"https:\/\/www.entreculturas.org\/gl\/pais\/paraguay\/\" \/>\n<meta property=\"og:site_name\" content=\"Entreculturas\" \/>\n<meta property=\"article:publisher\" content=\"https:\/\/www.facebook.com\/entreculturas\" \/>\n<meta property=\"article:modified_time\" content=\"2024-09-20T05:45:33+00:00\" \/>\n<meta property=\"og:image\" content=\"https:\/\/www.entreculturas.org\/wp-content\/uploads\/2023\/09\/heart.svg\" \/>\n<meta name=\"twitter:card\" content=\"summary_large_image\" \/>\n<meta name=\"twitter:site\" content=\"@Entreculturas\" \/>\n<script type=\"application\/ld+json\" class=\"yoast-schema-graph\">{\"@context\":\"https:\\\/\\\/schema.org\",\"@graph\":[{\"@type\":\"WebPage\",\"@id\":\"https:\\\/\\\/www.entreculturas.org\\\/gl\\\/pais\\\/paraguay\\\/\",\"url\":\"https:\\\/\\\/www.entreculturas.org\\\/gl\\\/pais\\\/paraguay\\\/\",\"name\":\"Paraguay - Entreculturas\",\"isPartOf\":{\"@id\":\"https:\\\/\\\/www.entreculturas.org\\\/gl\\\/#website\"},\"primaryImageOfPage\":{\"@id\":\"https:\\\/\\\/www.entreculturas.org\\\/gl\\\/pais\\\/paraguay\\\/#primaryimage\"},\"image\":{\"@id\":\"https:\\\/\\\/www.entreculturas.org\\\/gl\\\/pais\\\/paraguay\\\/#primaryimage\"},\"thumbnailUrl\":\"https:\\\/\\\/www.entreculturas.org\\\/wp-content\\\/uploads\\\/2023\\\/09\\\/heart.svg\",\"datePublished\":\"2023-12-11T09:32:38+00:00\",\"dateModified\":\"2024-09-20T05:45:33+00:00\",\"breadcrumb\":{\"@id\":\"https:\\\/\\\/www.entreculturas.org\\\/gl\\\/pais\\\/paraguay\\\/#breadcrumb\"},\"inLanguage\":\"gl-ES\",\"potentialAction\":[{\"@type\":\"ReadAction\",\"target\":[\"https:\\\/\\\/www.entreculturas.org\\\/gl\\\/pais\\\/paraguay\\\/\"]}]},{\"@type\":\"ImageObject\",\"inLanguage\":\"gl-ES\",\"@id\":\"https:\\\/\\\/www.entreculturas.org\\\/gl\\\/pais\\\/paraguay\\\/#primaryimage\",\"url\":\"https:\\\/\\\/www.entreculturas.org\\\/wp-content\\\/uploads\\\/2023\\\/09\\\/heart.svg\",\"contentUrl\":\"https:\\\/\\\/www.entreculturas.org\\\/wp-content\\\/uploads\\\/2023\\\/09\\\/heart.svg\"},{\"@type\":\"BreadcrumbList\",\"@id\":\"https:\\\/\\\/www.entreculturas.org\\\/gl\\\/pais\\\/paraguay\\\/#breadcrumb\",\"itemListElement\":[{\"@type\":\"ListItem\",\"position\":1,\"name\":\"Home\",\"item\":\"https:\\\/\\\/www.entreculturas.org\\\/gl\\\/\"},{\"@type\":\"ListItem\",\"position\":2,\"name\":\"Paraguay\"}]},{\"@type\":\"WebSite\",\"@id\":\"https:\\\/\\\/www.entreculturas.org\\\/gl\\\/#website\",\"url\":\"https:\\\/\\\/www.entreculturas.org\\\/gl\\\/\",\"name\":\"Entreculturas\",\"description\":\"\",\"publisher\":{\"@id\":\"https:\\\/\\\/www.entreculturas.org\\\/gl\\\/#organization\"},\"alternateName\":\"Entreculturas\",\"potentialAction\":[{\"@type\":\"SearchAction\",\"target\":{\"@type\":\"EntryPoint\",\"urlTemplate\":\"https:\\\/\\\/www.entreculturas.org\\\/gl\\\/?s={search_term_string}\"},\"query-input\":{\"@type\":\"PropertyValueSpecification\",\"valueRequired\":true,\"valueName\":\"search_term_string\"}}],\"inLanguage\":\"gl-ES\"},{\"@type\":\"Organization\",\"@id\":\"https:\\\/\\\/www.entreculturas.org\\\/gl\\\/#organization\",\"name\":\"Entreculturas\",\"url\":\"https:\\\/\\\/www.entreculturas.org\\\/gl\\\/\",\"logo\":{\"@type\":\"ImageObject\",\"inLanguage\":\"gl-ES\",\"@id\":\"https:\\\/\\\/www.entreculturas.org\\\/gl\\\/#\\\/schema\\\/logo\\\/image\\\/\",\"url\":\"https:\\\/\\\/www.entreculturas.org\\\/wp-content\\\/uploads\\\/2025\\\/10\\\/ESP.svg\",\"contentUrl\":\"https:\\\/\\\/www.entreculturas.org\\\/wp-content\\\/uploads\\\/2025\\\/10\\\/ESP.svg\",\"caption\":\"Entreculturas\"},\"image\":{\"@id\":\"https:\\\/\\\/www.entreculturas.org\\\/gl\\\/#\\\/schema\\\/logo\\\/image\\\/\"},\"sameAs\":[\"https:\\\/\\\/www.facebook.com\\\/entreculturas\",\"https:\\\/\\\/x.com\\\/Entreculturas\",\"https:\\\/\\\/www.instagram.com\\\/entreculturas\\\/\",\"https:\\\/\\\/www.youtube.com\\\/user\\\/entreculturasvideo\",\"https:\\\/\\\/www.linkedin.com\\\/company\\\/fundacion-entreculturas-ngdo\\\/\",\"https:\\\/\\\/www.flickr.com\\\/photos\\\/98455522@N04\\\/albums\\\/\"]}]}<\/script>\n<!-- \/ Yoast SEO Premium plugin. -->","yoast_head_json":{"title":"Paraguay - Entreculturas","robots":{"index":"noindex","follow":"follow"},"og_locale":"gl_ES","og_type":"article","og_title":"Paraguay","og_description":"Entreculturas en Paraguay Junto al Centro de Estudios Paraguayos Antonio Guasch trabajamos para el empoderamiento econ\u00f3mico y desarrollo de habilidades que permitan incidir y participar en la vida p\u00fablica en temas que les afecta directamente como lo es la igualdad de g\u00e9nero o los efectos del cambio clim\u00e1tico. Los componentes en donde se interviene mayoritariamente es la Formaci\u00f3n para el Trabajo, con el fin de lograr la inserci\u00f3n en el mercado laboral o desarrollar y fortalecer el autoempleo, as\u00ed como la participaci\u00f3n, por medio de acciones de movilizaci\u00f3n e incidencia en diversos programas juveniles donde se trabaja el componente ambiental de forma prioritaria a trav\u00e9s de la agroecolog\u00eda. Por su parte, junto a Fe y Alegr\u00eda Paraguay, se incide en la educaci\u00f3n en contexto de encierro a trav\u00e9s de su programa PREBIR que busca garantizar la educaci\u00f3n de calidad a personas en centros penitenciarios. Adem\u00e1s se est\u00e1 trabajando en estrategias [&hellip;]","og_url":"https:\/\/www.entreculturas.org\/gl\/pais\/paraguay\/","og_site_name":"Entreculturas","article_publisher":"https:\/\/www.facebook.com\/entreculturas","article_modified_time":"2024-09-20T05:45:33+00:00","og_image":[{"url":"https:\/\/www.entreculturas.org\/wp-content\/uploads\/2023\/09\/heart.svg","type":"","width":"","height":""}],"twitter_card":"summary_large_image","twitter_site":"@Entreculturas","schema":{"@context":"https:\/\/schema.org","@graph":[{"@type":"WebPage","@id":"https:\/\/www.entreculturas.org\/gl\/pais\/paraguay\/","url":"https:\/\/www.entreculturas.org\/gl\/pais\/paraguay\/","name":"Paraguay - Entreculturas","isPartOf":{"@id":"https:\/\/www.entreculturas.org\/gl\/#website"},"primaryImageOfPage":{"@id":"https:\/\/www.entreculturas.org\/gl\/pais\/paraguay\/#primaryimage"},"image":{"@id":"https:\/\/www.entreculturas.org\/gl\/pais\/paraguay\/#primaryimage"},"thumbnailUrl":"https:\/\/www.entreculturas.org\/wp-content\/uploads\/2023\/09\/heart.svg","datePublished":"2023-12-11T09:32:38+00:00","dateModified":"2024-09-20T05:45:33+00:00","breadcrumb":{"@id":"https:\/\/www.entreculturas.org\/gl\/pais\/paraguay\/#breadcrumb"},"inLanguage":"gl-ES","potentialAction":[{"@type":"ReadAction","target":["https:\/\/www.entreculturas.org\/gl\/pais\/paraguay\/"]}]},{"@type":"ImageObject","inLanguage":"gl-ES","@id":"https:\/\/www.entreculturas.org\/gl\/pais\/paraguay\/#primaryimage","url":"https:\/\/www.entreculturas.org\/wp-content\/uploads\/2023\/09\/heart.svg","contentUrl":"https:\/\/www.entreculturas.org\/wp-content\/uploads\/2023\/09\/heart.svg"},{"@type":"BreadcrumbList","@id":"https:\/\/www.entreculturas.org\/gl\/pais\/paraguay\/#breadcrumb","itemListElement":[{"@type":"ListItem","position":1,"name":"Home","item":"https:\/\/www.entreculturas.org\/gl\/"},{"@type":"ListItem","position":2,"name":"Paraguay"}]},{"@type":"WebSite","@id":"https:\/\/www.entreculturas.org\/gl\/#website","url":"https:\/\/www.entreculturas.org\/gl\/","name":"Entreculturas","description":"","publisher":{"@id":"https:\/\/www.entreculturas.org\/gl\/#organization"},"alternateName":"Entreculturas","potentialAction":[{"@type":"SearchAction","target":{"@type":"EntryPoint","urlTemplate":"https:\/\/www.entreculturas.org\/gl\/?s={search_term_string}"},"query-input":{"@type":"PropertyValueSpecification","valueRequired":true,"valueName":"search_term_string"}}],"inLanguage":"gl-ES"},{"@type":"Organization","@id":"https:\/\/www.entreculturas.org\/gl\/#organization","name":"Entreculturas","url":"https:\/\/www.entreculturas.org\/gl\/","logo":{"@type":"ImageObject","inLanguage":"gl-ES","@id":"https:\/\/www.entreculturas.org\/gl\/#\/schema\/logo\/image\/","url":"https:\/\/www.entreculturas.org\/wp-content\/uploads\/2025\/10\/ESP.svg","contentUrl":"https:\/\/www.entreculturas.org\/wp-content\/uploads\/2025\/10\/ESP.svg","caption":"Entreculturas"},"image":{"@id":"https:\/\/www.entreculturas.org\/gl\/#\/schema\/logo\/image\/"},"sameAs":["https:\/\/www.facebook.com\/entreculturas","https:\/\/x.com\/Entreculturas","https:\/\/www.instagram.com\/entreculturas\/","https:\/\/www.youtube.com\/user\/entreculturasvideo","https:\/\/www.linkedin.com\/company\/fundacion-entreculturas-ngdo\/","https:\/\/www.flickr.com\/photos\/98455522@N04\/albums\/"]}]}},"_links":{"self":[{"href":"https:\/\/www.entreculturas.org\/gl\/wp-json\/wp\/v2\/pais\/9949","targetHints":{"allow":["GET"]}}],"collection":[{"href":"https:\/\/www.entreculturas.org\/gl\/wp-json\/wp\/v2\/pais"}],"about":[{"href":"https:\/\/www.entreculturas.org\/gl\/wp-json\/wp\/v2\/types\/pais"}],"wp:attachment":[{"href":"https:\/\/www.entreculturas.org\/gl\/wp-json\/wp\/v2\/media?parent=9949"}],"wp:term":[{"taxonomy":"partner_organizations","embeddable":true,"href":"https:\/\/www.entreculturas.org\/gl\/wp-json\/wp\/v2\/partner_organizations?post=9949"}],"curies":[{"name":"wp","href":"https:\/\/api.w.org\/{rel}","templated":true}]}}