{"id":36128,"date":"2024-04-02T09:59:50","date_gmt":"2024-04-02T07:59:50","guid":{"rendered":"https:\/\/www.entreculturas.org\/?page_id=36128"},"modified":"2025-12-05T13:16:35","modified_gmt":"2025-12-05T12:16:35","slug":"nadal","status":"publish","type":"page","link":"https:\/\/www.entreculturas.org\/gl\/nadal\/","title":{"rendered":"Nadal"},"content":{"rendered":"\n<div class=\"wp-block-cover wp-block-hero block-hero-empresas\" style=\"padding-top:100px;padding-right:100px;padding-bottom:100px;padding-left:100px\"><img decoding=\"async\" width=\"1024\" height=\"745\" class=\"wp-block-cover__image-background wp-image-44747 size-large\" alt=\"\" src=\"https:\/\/www.entreculturas.org\/wp-content\/uploads\/2025\/11\/Camen-Moreno_retocada-copia_2-1024x745.jpg\" style=\"object-position:49% 68%\" data-object-fit=\"cover\" data-object-position=\"49% 68%\"\/><span aria-hidden=\"true\" class=\"wp-block-cover__background has-black-background-color has-background-dim-30 has-background-dim\"><\/span><div class=\"wp-block-cover__inner-container is-layout-flow wp-block-cover-is-layout-flow\">\n<div class=\"wp-block-group has-global-padding is-layout-constrained wp-container-core-group-is-layout-4dcaaabf wp-block-group-is-layout-constrained\">\n<div class=\"wp-block-group transicion-carga animacion-header has-global-padding is-content-justification-left is-layout-constrained wp-container-core-group-is-layout-ba129773 wp-block-group-is-layout-constrained\" style=\"margin-top:0px;padding-right:0;padding-left:0\">\n<h1 class=\"wp-block-heading has-white-color has-text-color has-link-color wp-elements-ca898063f45c7f73200336921f5ec3eb\" id=\"h-grazas-por-ser-humanidade\">Grazas por ser HUMANIDADE<\/h1>\n\n\n\n<div class=\"wp-block-group empresas-causa-btns has-global-padding is-layout-constrained wp-block-group-is-layout-constrained block-visibility-hide-medium-screen block-visibility-hide-small-screen\">\n<div class=\"wp-block-buttons is-content-justification-left is-layout-flex wp-container-core-buttons-is-layout-eeedef89 wp-block-buttons-is-layout-flex\" style=\"margin-top:15px\">\n<div class=\"wp-block-button\"><a class=\"wp-block-button__link has-border-color has-red-border-color wp-element-button\" href=\"https:\/\/colabora.entreculturas.org\/gl\/doa-nadal?utm_medium=web&amp;utm_source=landing&amp;utm_campaign=navidad\" style=\"border-width:2px\" target=\"_blank\" rel=\"noreferrer noopener\">QUERO DOAR  <img decoding=\"async\" class=\"donate-icon\" src=\"\/wp-content\/uploads\/2023\/10\/iconocta.svg\" alt=\"\u00cdcona\"><\/a><\/div>\n<\/div>\n<\/div>\n<\/div>\n<\/div>\n\n\n\n<p class=\"has-text-align-right has-white-color has-text-color has-link-color wp-elements-e7746447d3f1f25428abfbd43ba26f2b\" style=\"font-size:0.6rem\">\u00a9Carmen Moreno<\/p>\n<\/div><\/div>\n\n\n\n<div class=\"wp-block-group rounded-shadow has-white-background-color has-background has-global-padding is-layout-constrained wp-container-core-group-is-layout-e56de08d wp-block-group-is-layout-constrained\" style=\"margin-top:0;margin-bottom:var(--wp--preset--spacing--70);padding-top:var(--wp--preset--spacing--40);padding-right:var(--wp--preset--spacing--40);padding-bottom:var(--wp--preset--spacing--70);padding-left:var(--wp--preset--spacing--40)\">\n<div class=\"wp-block-group has-global-padding is-layout-constrained wp-container-core-group-is-layout-69ca767f wp-block-group-is-layout-constrained\">\n<p class=\"has-text-align-center has-purple-color has-text-color has-din-font-family\" style=\"margin-bottom:var(--wp--preset--spacing--40);font-size:54px;line-height:1.1\"><strong><strong>Este Nadal <strong>\u00e9 un tempo para conectar coa realidade<\/strong> , para seguir loitando pola paz e a solidariedade.<\/strong><\/strong><\/p>\n\n\n\n<ul class=\"wp-block-list\">\n<li><strong>Sementando xustiza<\/strong> ante a desigualdade que sofren mill\u00f3ns de nenos que se ven privados do seu dereito \u00e1 educaci\u00f3n.<\/li>\n<\/ul>\n\n\n\n<div style=\"height:25px\" aria-hidden=\"true\" class=\"wp-block-spacer\"><\/div>\n\n\n\n<ul class=\"wp-block-list\">\n<li><strong>Sentir que somos terra<\/strong> ante a degradaci\u00f3n ambiental que ameaza a sustentabilidade da vida.  <\/li>\n<\/ul>\n\n\n\n<div style=\"height:25px\" aria-hidden=\"true\" class=\"wp-block-spacer\"><\/div>\n\n\n\n<ul class=\"wp-block-list\">\n<li><strong>Acompa\u00f1ar na vulnerabilidade<\/strong> a tantas persoas que se ven obrigadas a fuxir dos seus fogares para salvar as s\u00faas vidas, que sofren en medio de emerxencias ou conflitos, que son exclu\u00eddas pola pobreza extrema.  <\/li>\n<\/ul>\n\n\n\n<div style=\"height:25px\" aria-hidden=\"true\" class=\"wp-block-spacer\"><\/div>\n\n\n\n<p class=\"has-text-align-left has-medium-font-size\">\u00c9 momento de <strong>volver ollar desde o coraz\u00f3n,<\/strong> de seguir ao car\u00f3n de quen m\u00e1is nos necesita.<\/p>\n<\/div>\n<\/div>\n\n\n\n<div class=\"wp-block-group has-global-padding is-layout-constrained wp-container-core-group-is-layout-c0657e1c wp-block-group-is-layout-constrained\">\n<div class=\"wp-block-cover\"><img decoding=\"async\" width=\"1500\" height=\"1092\" class=\"wp-block-cover__image-background wp-image-44747 size-full\" alt=\"\" src=\"https:\/\/www.entreculturas.org\/wp-content\/uploads\/2025\/11\/Camen-Moreno_retocada-copia_2-scaled-e1763552548463.jpg\" data-object-fit=\"cover\"\/><span aria-hidden=\"true\" class=\"wp-block-cover__background has-background-dim-0 has-background-dim\" style=\"background-color:#867c66\"><\/span><div class=\"wp-block-cover__inner-container has-global-padding is-layout-constrained wp-block-cover-is-layout-constrained\">\n<p class=\"has-text-align-center has-large-font-size\"><\/p>\n\n\n\n<div class=\"youtube-lightbox-trigger has-svg-background\" data-youtube-url=\"https:\/\/www.youtube.com\/watch?v=JCBR5tn0J4c\"><div class=\"youtube-svg-button has-svg-background\"><svg width=\"72\" height=\"72\" viewBox=\"0 0 72 72\" fill=\"none\" xmlns=\"http:\/\/www.w3.org\/2000\/svg\"><circle cx=\"36\" cy=\"36\" r=\"36\" fill=\"#E30600\"><\/circle><path d=\"M27.873 49.4328C27.5747 49.4328 27.2885 49.3143 27.0776 49.1033C26.8666 48.8923 26.748 48.6062 26.748 48.3078V23.5578C26.7481 23.3623 26.7991 23.1702 26.8959 23.0004C26.9928 22.8306 27.1323 22.689 27.3006 22.5895C27.4689 22.49 27.6602 22.4361 27.8557 22.4331C28.0511 22.4301 28.244 22.4781 28.4153 22.5723L50.9153 34.9473C51.0917 35.0444 51.2388 35.1871 51.3412 35.3604C51.4437 35.5338 51.4977 35.7314 51.4977 35.9328C51.4977 36.1341 51.4437 36.3318 51.3412 36.5052C51.2388 36.6785 51.0917 36.8212 50.9153 36.9183L28.4153 49.2933C28.2492 49.3847 28.0627 49.4327 27.873 49.4328ZM28.998 25.459V46.4065L48.0387 35.9328L28.998 25.459Z\" fill=\"white\"><\/path><\/svg><\/div><\/div>\n\n\n\n<p class=\"has-text-align-center has-large-font-size\"><\/p>\n<\/div><\/div>\n<\/div>\n\n\n\n<div style=\"height:25px\" aria-hidden=\"true\" class=\"wp-block-spacer\"><\/div>\n\n\n\n<div class=\"wp-block-group has-global-padding is-layout-constrained wp-block-group-is-layout-constrained\">\n<div class=\"wp-block-group heart-divider has-global-padding is-layout-constrained wp-container-core-group-is-layout-7db9d80f wp-block-group-is-layout-constrained\" style=\"padding-right:0;padding-left:0\">\n<figure class=\"wp-block-image aligncenter size-full\"><img decoding=\"async\" src=\"https:\/\/www.entreculturas.org\/wp-content\/uploads\/2023\/09\/heart.svg\" alt=\"\" class=\"wp-image-220\"\/><\/figure>\n<\/div>\n\n\n\n<div class=\"wp-block-group has-global-padding is-layout-constrained wp-container-core-group-is-layout-3b0f2f7d wp-block-group-is-layout-constrained\" style=\"padding-right:20px;padding-left:20px\">\n<h3 class=\"wp-block-heading has-text-align-center all-caps-text text-28 has-red-color has-text-color\" id=\"h-necesitamos-ser-humanidade\" style=\"padding-bottom:var(--wp--preset--spacing--50);font-size:4.3rem\"><strong>Necesitamos SER humanidade<\/strong><\/h3>\n\n\n\n<p class=\"has-text-align-center has-medium-font-size\">Grazas ao teu compromiso e solidariedade seguimos traballando para estar ao car\u00f3n de m\u00e1is de 400.000 persoas<\/p>\n\n\n\n<p class=\"has-text-align-center has-medium-font-size\">que viven en contextos de emerxencia, desprazamento ou exclusi\u00f3n.<\/p>\n\n\n\n<p class=\"has-text-align-center has-medium-font-size\">A trav\u00e9s dos nosos proxectos en 42 pa\u00edses de \u00c1frica, Am\u00e9rica Latina, Asia e Europa, facemos posible que<\/p>\n\n\n\n<p class=\"has-text-align-center has-medium-font-size\">miles de nenas e nenos te\u00f1an acceso a unha educaci\u00f3n que os protexe e lles ofrece oportunidades para un presente e un futuro dignos.<\/p>\n\n\n\n<p><\/p>\n\n\n\n<p class=\"has-text-align-center has-medium-font-size\"><\/p>\n\n\n\n<div style=\"height:25px\" aria-hidden=\"true\" class=\"wp-block-spacer\"><\/div>\n<\/div>\n\n\n\n<div class=\"wp-block-buttons is-content-justification-center is-layout-flex wp-container-core-buttons-is-layout-9587046d wp-block-buttons-is-layout-flex\" style=\"margin-top:0\">\n<div class=\"wp-block-button\"><a class=\"wp-block-button__link has-text-align-center wp-element-button\" href=\"https:\/\/colabora.entreculturas.org\/gl\/doa-nadal?utm_medium=web&amp;utm_source=landing&amp;utm_campaign=navidad\" target=\"_blank\" rel=\"noreferrer noopener\">\n  QUERO DOAR\n        <img decoding=\"async\" src=\"\/wp-content\/uploads\/2023\/10\/iconocta.svg\" alt=\"\u00cdcona\" class=\"donate-icon\">\n    <\/a><\/div>\n<\/div>\n<\/div>\n\n\n\n<div class=\"wp-block-group has-global-padding is-layout-constrained wp-block-group-is-layout-constrained\">\n<div class=\"wp-block-columns is-layout-flex wp-container-core-columns-is-layout-488e8b15 wp-block-columns-is-layout-flex\" style=\"margin-top:var(--wp--preset--spacing--50);margin-bottom:var(--wp--preset--spacing--50)\">\n<div class=\"wp-block-column is-layout-flow wp-block-column-is-layout-flow\" style=\"padding-right:var(--wp--preset--spacing--40);padding-left:var(--wp--preset--spacing--40)\">\n<div class=\"wp-block-group has-global-padding is-layout-constrained wp-container-core-group-is-layout-be04af43 wp-block-group-is-layout-constrained\" style=\"border-radius:20px;margin-top:0;margin-bottom:0\">\n<div class=\"wp-block-group has-global-padding is-layout-constrained wp-container-core-group-is-layout-c0657e1c wp-block-group-is-layout-constrained\">\n<div class=\"wp-block-cover\"><img decoding=\"async\" width=\"1024\" height=\"683\" class=\"wp-block-cover__image-background wp-image-44726 size-large\" alt=\"\" src=\"https:\/\/www.entreculturas.org\/wp-content\/uploads\/2025\/11\/Elisa_Garcia_Paleo_Ghana_color-1024x683.jpg\" style=\"object-position:40% 65%\" data-object-fit=\"cover\" data-object-position=\"40% 65%\" srcset=\"https:\/\/www.entreculturas.org\/wp-content\/uploads\/2025\/11\/Elisa_Garcia_Paleo_Ghana_color-1024x683.jpg 1024w, https:\/\/www.entreculturas.org\/wp-content\/uploads\/2025\/11\/Elisa_Garcia_Paleo_Ghana_color-300x200.jpg 300w, https:\/\/www.entreculturas.org\/wp-content\/uploads\/2025\/11\/Elisa_Garcia_Paleo_Ghana_color-768x512.jpg 768w, https:\/\/www.entreculturas.org\/wp-content\/uploads\/2025\/11\/Elisa_Garcia_Paleo_Ghana_color-1536x1024.jpg 1536w, https:\/\/www.entreculturas.org\/wp-content\/uploads\/2025\/11\/Elisa_Garcia_Paleo_Ghana_color-scaled.jpg 2048w\" sizes=\"(max-width: 1024px) 100vw, 1024px\" \/><span aria-hidden=\"true\" class=\"wp-block-cover__background has-background-dim-0 has-background-dim\" style=\"background-color:#867c66\"><\/span><div class=\"wp-block-cover__inner-container has-global-padding is-layout-constrained wp-block-cover-is-layout-constrained\">\n<p class=\"has-text-align-center has-large-font-size\"><\/p>\n<\/div><\/div>\n<\/div>\n\n\n\n<div class=\"wp-block-cover is-light\" style=\"border-bottom-left-radius:10px;border-bottom-right-radius:10px;min-height:51px;aspect-ratio:unset;\"><span aria-hidden=\"true\" class=\"wp-block-cover__background has-white-background-color has-background-dim-100 has-background-dim\"><\/span><div class=\"wp-block-cover__inner-container has-global-padding is-layout-constrained wp-container-core-cover-is-layout-12243e0f wp-block-cover-is-layout-constrained\">\n<p class=\"has-text-align-left has-gray-color has-text-color has-link-color has-open-sans-font-family wp-elements-ca3a813a6b05946307e333b85e56ba20\" style=\"font-size:12px;font-style:normal;font-weight:500\">\u00a9 Elisa Garc\u00eda<\/p>\n<\/div><\/div>\n<\/div>\n<\/div>\n\n\n\n<div class=\"wp-block-column is-layout-flow wp-block-column-is-layout-flow\" style=\"padding-right:var(--wp--preset--spacing--40);padding-left:var(--wp--preset--spacing--40)\">\n<div class=\"wp-block-group has-global-padding is-layout-constrained wp-container-core-group-is-layout-be04af43 wp-block-group-is-layout-constrained\" style=\"border-radius:20px;margin-top:0;margin-bottom:0\">\n<div class=\"wp-block-group has-global-padding is-layout-constrained wp-container-core-group-is-layout-c0657e1c wp-block-group-is-layout-constrained\">\n<div class=\"wp-block-cover is-light\"><img decoding=\"async\" width=\"1024\" height=\"683\" class=\"wp-block-cover__image-background wp-image-44728 size-large\" alt=\"\" src=\"https:\/\/www.entreculturas.org\/wp-content\/uploads\/2025\/11\/SJA-27-1024x683.jpg\" data-object-fit=\"cover\"\/><span aria-hidden=\"true\" class=\"wp-block-cover__background has-background-dim-0 has-background-dim\" style=\"background-color:#867c66\"><\/span><div class=\"wp-block-cover__inner-container has-global-padding is-layout-constrained wp-block-cover-is-layout-constrained\">\n<p class=\"has-text-align-center has-large-font-size\"><\/p>\n<\/div><\/div>\n<\/div>\n\n\n\n<div class=\"wp-block-cover is-light\" style=\"border-bottom-left-radius:10px;border-bottom-right-radius:10px;min-height:51px;aspect-ratio:unset;\"><span aria-hidden=\"true\" class=\"wp-block-cover__background has-white-background-color has-background-dim-100 has-background-dim\"><\/span><div class=\"wp-block-cover__inner-container has-global-padding is-layout-constrained wp-container-core-cover-is-layout-12243e0f wp-block-cover-is-layout-constrained\">\n<p class=\"has-text-align-left has-gray-color has-text-color has-link-color has-open-sans-font-family wp-elements-4b53a737a61d312c4ec093beaee760b1\" style=\"font-size:12px;font-style:normal;font-weight:500\">\u00a9 Monteser\u00edn Fotograf\u00eda<\/p>\n<\/div><\/div>\n<\/div>\n<\/div>\n\n\n\n<div class=\"wp-block-column is-layout-flow wp-block-column-is-layout-flow\" style=\"padding-right:var(--wp--preset--spacing--40);padding-left:var(--wp--preset--spacing--40)\">\n<div class=\"wp-block-group has-global-padding is-layout-constrained wp-container-core-group-is-layout-be04af43 wp-block-group-is-layout-constrained\" style=\"border-radius:20px;margin-top:0;margin-bottom:0\">\n<div class=\"wp-block-group has-global-padding is-layout-constrained wp-container-core-group-is-layout-c0657e1c wp-block-group-is-layout-constrained\">\n<div class=\"wp-block-cover is-light\"><img decoding=\"async\" width=\"1024\" height=\"683\" class=\"wp-block-cover__image-background wp-image-44727 size-large\" alt=\"\" src=\"https:\/\/www.entreculturas.org\/wp-content\/uploads\/2025\/11\/BNSA-29-1024x683.jpg\" style=\"object-position:25% 60%\" data-object-fit=\"cover\" data-object-position=\"25% 60%\" srcset=\"https:\/\/www.entreculturas.org\/wp-content\/uploads\/2025\/11\/BNSA-29-1024x683.jpg 1024w, https:\/\/www.entreculturas.org\/wp-content\/uploads\/2025\/11\/BNSA-29-300x200.jpg 300w, https:\/\/www.entreculturas.org\/wp-content\/uploads\/2025\/11\/BNSA-29-768x512.jpg 768w, https:\/\/www.entreculturas.org\/wp-content\/uploads\/2025\/11\/BNSA-29-1536x1024.jpg 1536w, https:\/\/www.entreculturas.org\/wp-content\/uploads\/2025\/11\/BNSA-29-scaled.jpg 2048w\" sizes=\"(max-width: 1024px) 100vw, 1024px\" \/><span aria-hidden=\"true\" class=\"wp-block-cover__background has-background-dim-0 has-background-dim\" style=\"background-color:#867c66\"><\/span><div class=\"wp-block-cover__inner-container has-global-padding is-layout-constrained wp-block-cover-is-layout-constrained\">\n<p class=\"has-text-align-center has-large-font-size\"><\/p>\n<\/div><\/div>\n<\/div>\n\n\n\n<div class=\"wp-block-cover is-light\" style=\"border-bottom-left-radius:10px;border-bottom-right-radius:10px;min-height:51px;aspect-ratio:unset;\"><span aria-hidden=\"true\" class=\"wp-block-cover__background has-white-background-color has-background-dim-100 has-background-dim\"><\/span><div class=\"wp-block-cover__inner-container has-global-padding is-layout-constrained wp-container-core-cover-is-layout-12243e0f wp-block-cover-is-layout-constrained\">\n<p class=\"has-text-align-left has-gray-color has-text-color has-link-color has-open-sans-font-family wp-elements-4b53a737a61d312c4ec093beaee760b1\" style=\"font-size:12px;font-style:normal;font-weight:500\">\u00a9 Monteser\u00edn Fotograf\u00eda<\/p>\n<\/div><\/div>\n<\/div>\n<\/div>\n<\/div>\n<\/div>\n\n\n\n<div class=\"wp-block-group has-global-padding is-layout-constrained wp-block-group-is-layout-constrained\">\n<h2 class=\"wp-block-heading has-text-align-center has-x-large-font-size\" id=\"h-entreculturas-en-cifras\" style=\"padding-right:20px;padding-left:20px\">Entreculturas en cifras<\/h2>\n\n\n\n<div class=\"wp-block-group has-global-padding is-layout-constrained wp-container-core-group-is-layout-eee0ce2b wp-block-group-is-layout-constrained\" style=\"margin-top:0;margin-bottom:var(--wp--preset--spacing--80);padding-right:20px;padding-left:20px\">\n<div class=\"wp-block-group padding-cifras-numero-bloque has-red-background-color has-background has-global-padding is-layout-constrained wp-container-core-group-is-layout-b4f26eae wp-block-group-is-layout-constrained\" style=\"border-radius:15px;margin-top:var(--wp--preset--spacing--30);padding-top:var(--wp--preset--spacing--30);padding-right:var(--wp--preset--spacing--60);padding-bottom:var(--wp--preset--spacing--30);padding-left:var(--wp--preset--spacing--60)\">\n<div class=\"wp-block-columns is-layout-flex wp-container-core-columns-is-layout-28f84493 wp-block-columns-is-layout-flex\">\n<div class=\"wp-block-column margen-cifras-numeros is-layout-flow wp-block-column-is-layout-flow\">\n<div class=\"wp-block-group is-vertical is-content-justification-center is-layout-flex wp-container-core-group-is-layout-ce155fab wp-block-group-is-layout-flex\">\n<p class=\"has-white-color has-text-color\" style=\"font-size:53px;font-style:normal;font-weight:900\"><\/p><p data-count=\"203\" class=\"bloque-cifras-numeros counter has-white-color has-text-color\" style=\"font-size:53px;font-style:normal;font-weight:900\">0<\/p>\n\n\n\n<p class=\"has-white-color has-text-color has-medium-font-size\" style=\"font-style:normal;font-weight:700\">Proxectos<\/p>\n<\/div>\n<\/div>\n\n\n\n<div class=\"wp-block-column margen-cifras-numeros is-layout-flow wp-block-column-is-layout-flow\">\n<div class=\"wp-block-group is-vertical is-content-justification-center is-layout-flex wp-container-core-group-is-layout-ce155fab wp-block-group-is-layout-flex\">\n<p class=\"has-white-color has-text-color\" style=\"font-size:53px;font-style:normal;font-weight:900\"><\/p><p data-count=\"401159\" class=\"bloque-cifras-numeros counter has-white-color has-text-color\" style=\"font-size:53px;font-style:normal;font-weight:900\">0<\/p>\n\n\n\n<p class=\"has-white-color has-text-color has-medium-font-size\" style=\"font-style:normal;font-weight:700\"><strong>Persoas acompa\u00f1adas<\/strong><\/p>\n<\/div>\n<\/div>\n\n\n\n<div class=\"wp-block-column margen-cifras-numeros is-layout-flow wp-block-column-is-layout-flow\">\n<div class=\"wp-block-group is-vertical is-content-justification-center is-layout-flex wp-container-core-group-is-layout-ce155fab wp-block-group-is-layout-flex\">\n<p class=\"has-white-color has-text-color\" style=\"font-size:53px;font-style:normal;font-weight:900\">\n    <\/p><p data-count=\"42\" class=\"bloque-cifras-numeros counter has-white-color has-text-color\" style=\"font-size:53px;font-style:normal;font-weight:900\">0<\/p>\n\n\n\n<p class=\"has-white-color has-text-color has-medium-font-size\" style=\"font-style:normal;font-weight:700\">Pa\u00edses<\/p>\n<\/div>\n<\/div>\n<\/div>\n\n\n\n<script>document.addEventListener('DOMContentLoaded', function() {\n    const counters = document.querySelectorAll('.counter');\n    const duration = 1500; \/\/ Duraci\u00f3n total de la animaci\u00f3n en milisegundos\n    const frameRate = 60; \/\/ FPS\n\n    const easeOutCubic = t => 1 - Math.pow(1 - t, 3);\n\n    const updateCount = (counter, startTime, initialCount) => {\n        const target = +counter.getAttribute('data-count');\n        const count = +counter.innerText.replace('.', '');\n        const elapsed = Date.now() - startTime;\n        const progress = Math.min(elapsed \/ duration, 1);\n        const easedProgress = easeOutCubic(progress);\n\n        \/\/ Ajustar el valor inicial de la cuenta\n        const nextCount = Math.floor(easedProgress * (target - initialCount)) + initialCount;\n\n        if (count < target) {\n            counter.innerText = nextCount.toLocaleString('es-ES').split(',').join('.');\n            requestAnimationFrame(() => updateCount(counter, startTime, initialCount));\n        } else {\n            counter.innerText = target.toLocaleString('es-ES').split(',').join('.');\n        }\n    };\n    \n    const observer = new IntersectionObserver((entries) => {\n        entries.forEach(entry => {\n            if (entry.isIntersecting) {\n                const initialCount = +entry.target.innerText.replace('.', '');\n                updateCount(entry.target, Date.now(), initialCount);\n                observer.unobserve(entry.target);  \n            }\n        });\n    });\n\n    counters.forEach(counter => {\n        observer.observe(counter);\n    });\n});\n<\/script>\n<\/div>\n<\/div>\n<\/div>\n\n\n\n<div class=\"wp-block-group js-scroll fade-in has-global-padding is-layout-constrained wp-block-group-is-layout-constrained\"><\/div>\n\n\n\n<h2 class=\"wp-block-heading has-text-align-center\" id=\"h-proxectos-que-son-humanidade\" style=\"margin-top:var(--wp--preset--spacing--70);margin-bottom:var(--wp--preset--spacing--70);font-size:1.7rem\">Proxectos que son humanidade.<\/h2>\n\n\n\n<div class=\"wp-block-group has-global-padding is-layout-constrained wp-block-group-is-layout-constrained\">\n<div class=\"wp-block-columns is-layout-flex wp-container-core-columns-is-layout-488e8b15 wp-block-columns-is-layout-flex\" style=\"margin-top:var(--wp--preset--spacing--50);margin-bottom:var(--wp--preset--spacing--50)\">\n<div class=\"wp-block-column is-layout-flow wp-block-column-is-layout-flow\" style=\"padding-right:var(--wp--preset--spacing--40);padding-left:var(--wp--preset--spacing--40)\">\n<div class=\"wp-block-group has-global-padding is-layout-constrained wp-container-core-group-is-layout-be04af43 wp-block-group-is-layout-constrained\" style=\"border-radius:20px;margin-top:0;margin-bottom:0\">\n<div class=\"wp-block-group has-global-padding is-layout-constrained wp-container-core-group-is-layout-c0657e1c wp-block-group-is-layout-constrained\">\n<div class=\"wp-block-cover\"><img decoding=\"async\" width=\"1024\" height=\"683\" class=\"wp-block-cover__image-background wp-image-44731 size-large\" alt=\"\" src=\"https:\/\/www.entreculturas.org\/wp-content\/uploads\/2025\/11\/LBN_2023_Baalbek_DarAlHanan-2-1024x683.jpg\" data-object-fit=\"cover\"\/><span aria-hidden=\"true\" class=\"wp-block-cover__background has-background-dim-0 has-background-dim\" style=\"background-color:#867c66\"><\/span><div class=\"wp-block-cover__inner-container has-global-padding is-layout-constrained wp-block-cover-is-layout-constrained\">\n<p class=\"has-text-align-center has-large-font-size\"><\/p>\n<\/div><\/div>\n<\/div>\n\n\n\n<div class=\"wp-block-cover is-light\" style=\"border-bottom-left-radius:10px;border-bottom-right-radius:10px;min-height:51px;aspect-ratio:unset;\"><span aria-hidden=\"true\" class=\"wp-block-cover__background has-white-background-color has-background-dim-100 has-background-dim\"><\/span><div class=\"wp-block-cover__inner-container has-global-padding is-layout-constrained wp-container-core-cover-is-layout-839c3b89 wp-block-cover-is-layout-constrained\">\n<p class=\"has-text-align-left has-gray-color has-text-color has-link-color has-open-sans-font-family wp-elements-b37ac0679c4f81dad3832aebc85225b7\" style=\"font-size:12px;font-style:normal;font-weight:500\">\u00a9 Carmen Moreno<\/p>\n\n\n\n<p><\/p>\n\n\n\n<p class=\"has-text-align-left nuestras-causas-portada has-din-font-family\" style=\"margin-bottom:var(--wp--preset--spacing--40);font-size:36px;font-style:normal;font-weight:700\">L\u00cdBANO<\/p>\n\n\n\n<p style=\"margin-bottom:var(--wp--preset--spacing--40)\">O L\u00edbano \u00e9 o pa\u00eds con maior n\u00famero de persoas refuxiadas per c\u00e1pita do mundo e acolle arredor de 2 mill\u00f3ns de persoas refuxiadas sirias. A\u00ednda hoxe, dos 700.000 nenos e nenas sirios en idade escolar que viven no L\u00edbano, s\u00f3 un terzo atopan praza nas escolas p\u00fablicas debido \u00e1 s\u00faa capacidade limitada.<\/p>\n\n\n\n<p style=\"margin-bottom:var(--wp--preset--spacing--40)\">Xunto a JRS, apoiamos a 3.000 nenos, nenas, mozos e persoas adultas nas zonas de Baalbek, Bar Elias e Burj Hammoud en 6 escolas de educaci\u00f3n formal, un centro de educaci\u00f3n non formal e ofrecendo apoio psicosocial a trav\u00e9s de 3 centros sociais.<\/p>\n\n\n\n<p><\/p>\n\n\n\n<div class=\"wp-block-buttons flex-button-voluntariado is-content-justification-center is-layout-flex wp-container-core-buttons-is-layout-a89b3969 wp-block-buttons-is-layout-flex\">\n<div class=\"wp-block-button\"><a class=\"wp-block-button__link wp-element-button\" href=\"https:\/\/www.entreculturas.org\/pais\/libano\/\" target=\"_blank\" rel=\"noreferrer noopener\">SABER M\u00c1IS<\/a><\/div>\n<\/div>\n<\/div><\/div>\n<\/div>\n<\/div>\n\n\n\n<div class=\"wp-block-column is-layout-flow wp-block-column-is-layout-flow\" style=\"padding-right:var(--wp--preset--spacing--40);padding-left:var(--wp--preset--spacing--40)\">\n<div class=\"wp-block-group has-global-padding is-layout-constrained wp-container-core-group-is-layout-be04af43 wp-block-group-is-layout-constrained\" style=\"border-radius:20px;margin-top:0;margin-bottom:0\">\n<div class=\"wp-block-group has-global-padding is-layout-constrained wp-container-core-group-is-layout-c0657e1c wp-block-group-is-layout-constrained\">\n<div class=\"wp-block-cover\"><img decoding=\"async\" width=\"372\" height=\"462\" class=\"wp-block-cover__image-background wp-image-44757 size-full\" alt=\"\" src=\"https:\/\/www.entreculturas.org\/wp-content\/uploads\/2025\/11\/Madagascar.png\" data-object-fit=\"cover\" srcset=\"https:\/\/www.entreculturas.org\/wp-content\/uploads\/2025\/11\/Madagascar.png 372w, https:\/\/www.entreculturas.org\/wp-content\/uploads\/2025\/11\/Madagascar-242x300.png 242w\" sizes=\"(max-width: 372px) 100vw, 372px\" \/><span aria-hidden=\"true\" class=\"wp-block-cover__background has-background-dim-0 has-background-dim\" style=\"background-color:#867c66\"><\/span><div class=\"wp-block-cover__inner-container has-global-padding is-layout-constrained wp-block-cover-is-layout-constrained\">\n<p class=\"has-text-align-center has-large-font-size\"><\/p>\n<\/div><\/div>\n<\/div>\n\n\n\n<div class=\"wp-block-cover is-light\" style=\"border-bottom-left-radius:10px;border-bottom-right-radius:10px;min-height:51px;aspect-ratio:unset;\"><span aria-hidden=\"true\" class=\"wp-block-cover__background has-white-background-color has-background-dim-100 has-background-dim\"><\/span><div class=\"wp-block-cover__inner-container has-global-padding is-layout-constrained wp-container-core-cover-is-layout-12243e0f wp-block-cover-is-layout-constrained\">\n<p class=\"has-text-align-left has-gray-color has-text-color has-link-color has-open-sans-font-family wp-elements-66d6df3c15bd685ad8452930052a4046\" style=\"font-size:12px;font-style:normal;font-weight:500\">\u00a9 Mar\u00eda Laiglesia<\/p>\n\n\n\n<p><\/p>\n\n\n\n<p class=\"has-text-align-left nuestras-causas-portada has-din-font-family\" style=\"margin-bottom:var(--wp--preset--spacing--40);font-size:36px;font-style:normal;font-weight:700\">MADAGASCAR<\/p>\n\n\n\n<p style=\"margin-bottom:var(--wp--preset--spacing--40)\">Na zona rural e perif\u00e9rica da rexi\u00f3n de Haute Matsiatra, a pobreza e a falta de oportunidades econ\u00f3micas provocan que moitos nenos e nenas abandonen a escola para axudar \u00e1s s\u00faas familias en labores agr\u00edcolas ou dom\u00e9sticas. Esta din\u00e1mica xera un ciclo de exclusi\u00f3n que perpet\u00faa a pobreza e limita as oportunidades futuras da infancia.<\/p>\n\n\n\n<p style=\"margin-bottom:var(--wp--preset--spacing--40)\">Traballamos en seis escolas primarias rurais, ofrecendo formaci\u00f3n e acompa\u00f1amento pedag\u00f3xico b\u00e1sico ao profesorado de primaria e fortalecendo as capacidades familiares e comunitarias para a sustentabilidade escolar e a permanencia dos nenos e nenas na escola.<\/p>\n\n\n\n<div class=\"wp-block-buttons flex-button-voluntariado is-content-justification-center is-layout-flex wp-container-core-buttons-is-layout-a89b3969 wp-block-buttons-is-layout-flex\">\n<div class=\"wp-block-button\"><a class=\"wp-block-button__link wp-element-button\" href=\"https:\/\/www.entreculturas.org\/noticia\/educacion-en-madagascar-nuevas-aulas-nuevas-oportunidades-de-aprender\/\" target=\"_blank\" rel=\"noreferrer noopener\">SABER M\u00c1IS<\/a><\/div>\n<\/div>\n<\/div><\/div>\n<\/div>\n<\/div>\n\n\n\n<div class=\"wp-block-column is-layout-flow wp-block-column-is-layout-flow\" style=\"padding-right:var(--wp--preset--spacing--40);padding-left:var(--wp--preset--spacing--40)\">\n<div class=\"wp-block-group has-global-padding is-layout-constrained wp-container-core-group-is-layout-be04af43 wp-block-group-is-layout-constrained\" style=\"border-radius:20px;margin-top:0;margin-bottom:0\">\n<div class=\"wp-block-group has-global-padding is-layout-constrained wp-container-core-group-is-layout-c0657e1c wp-block-group-is-layout-constrained\">\n<div class=\"wp-block-cover\"><img decoding=\"async\" width=\"1024\" height=\"683\" class=\"wp-block-cover__image-background wp-image-44737 size-large\" alt=\"\" src=\"https:\/\/www.entreculturas.org\/wp-content\/uploads\/2025\/11\/GraduacionCamareros_12-1024x683.jpg\" style=\"object-position:45% 50%\" data-object-fit=\"cover\" data-object-position=\"45% 50%\" srcset=\"https:\/\/www.entreculturas.org\/wp-content\/uploads\/2025\/11\/GraduacionCamareros_12-1024x683.jpg 1024w, https:\/\/www.entreculturas.org\/wp-content\/uploads\/2025\/11\/GraduacionCamareros_12-300x200.jpg 300w, https:\/\/www.entreculturas.org\/wp-content\/uploads\/2025\/11\/GraduacionCamareros_12-768x512.jpg 768w, https:\/\/www.entreculturas.org\/wp-content\/uploads\/2025\/11\/GraduacionCamareros_12-1536x1024.jpg 1536w, https:\/\/www.entreculturas.org\/wp-content\/uploads\/2025\/11\/GraduacionCamareros_12-scaled.jpg 2048w\" sizes=\"(max-width: 1024px) 100vw, 1024px\" \/><span aria-hidden=\"true\" class=\"wp-block-cover__background has-background-dim-0 has-background-dim\" style=\"background-color:#867c66\"><\/span><div class=\"wp-block-cover__inner-container has-global-padding is-layout-constrained wp-block-cover-is-layout-constrained\">\n<p class=\"has-text-align-center has-large-font-size\"><\/p>\n<\/div><\/div>\n<\/div>\n\n\n\n<div class=\"wp-block-cover is-light\" style=\"border-bottom-left-radius:10px;border-bottom-right-radius:10px;min-height:51px;aspect-ratio:unset;\"><span aria-hidden=\"true\" class=\"wp-block-cover__background has-white-background-color has-background-dim-100 has-background-dim\"><\/span><div class=\"wp-block-cover__inner-container has-global-padding is-layout-constrained wp-container-core-cover-is-layout-7a3688e9 wp-block-cover-is-layout-constrained\">\n<p class=\"has-text-align-left has-gray-color has-text-color has-link-color has-open-sans-font-family wp-elements-27dab3fb92f881135dd23479fb3b1249\" style=\"font-size:12px;font-style:normal;font-weight:500\">\u00a9 Paola G\u00f3mez<\/p>\n\n\n\n<p><\/p>\n\n\n\n<p class=\"has-text-align-left nuestras-causas-portada has-din-font-family\" style=\"margin-bottom:var(--wp--preset--spacing--40);font-size:36px;font-style:normal;font-weight:700\">SON ACOLLIDA<\/p>\n\n\n\n<p style=\"margin-bottom:var(--wp--preset--spacing--40)\">M\u00e1is de cen mill\u00f3ns de persoas v\u00edronse obrigadas a migrar na procura de mellores oportunidades, para escapar da pobreza, a exclusi\u00f3n ou a violencia. Non obstante, ao longo do cami\u00f1o, enfr\u00f3ntanse \u00e1 violencia, ao abuso, ao crime organizado e ao rexeitamento. As mulleres e os nenos, en particular, son os m\u00e1is vulnerables nestas situaci\u00f3ns.  <\/p>\n\n\n\n<p style=\"margin-bottom:var(--wp--preset--spacing--40)\">Dende Pueblos Unidos e Entreculturas, queremos promover unha cultura de acollida, hospitalidade, xustiza social, inclusi\u00f3n e solidariedade nos barrios de Madrid, a trav\u00e9s da campa\u00f1a SOY ACOGIDA.<\/p>\n\n\n\n<div class=\"wp-block-buttons flex-button-voluntariado is-content-justification-center is-layout-flex wp-container-core-buttons-is-layout-a89b3969 wp-block-buttons-is-layout-flex\">\n<div class=\"wp-block-button\"><a class=\"wp-block-button__link wp-element-button\" href=\"https:\/\/www.soyacogida.org\/\" target=\"_blank\" rel=\"noreferrer noopener\">SABER M\u00c1IS<\/a><\/div>\n<\/div>\n<\/div><\/div>\n<\/div>\n<\/div>\n<\/div>\n<\/div>\n\n\n\n<div class=\"wp-block-group has-global-padding is-layout-constrained wp-block-group-is-layout-constrained\">\n<div class=\"wp-block-group has-global-padding is-layout-constrained wp-container-core-group-is-layout-db053d1b wp-block-group-is-layout-constrained\" style=\"margin-top:0;margin-bottom:var(--wp--preset--spacing--60);padding-right:20px;padding-left:20px\">\n<div class=\"wp-block-buttons is-content-justification-center is-layout-flex wp-container-core-buttons-is-layout-d8c0be80 wp-block-buttons-is-layout-flex\" style=\"margin-top:var(--wp--preset--spacing--40)\">\n<div class=\"wp-block-button button-hover-gris\"><a class=\"wp-block-button__link has-redbright-color has-white-background-color has-text-color has-background wp-element-button\" href=\"https:\/\/www.entreculturas.org\/wp-content\/uploads\/2025\/12\/UNIDAD-DIDACTICA-NAVIDAD-ENTRECULTURAS-1.pdf\" style=\"border-width:2px\" target=\"_blank\" rel=\"noreferrer noopener\">descubre a gu\u00eda did\u00e1ctica de Nadal<\/a><\/div>\n<\/div>\n<\/div>\n<\/div>\n\n\n\n<figure class=\"wp-block-image aligncenter size-full is-resized\"><img decoding=\"async\" src=\"https:\/\/www.entreculturas.org\/wp-content\/uploads\/2023\/11\/Frame-350.svg\" alt=\"\" class=\"wp-image-1851\"\/><\/figure>\n\n\n\n<div class=\"wp-block-group our-campaign-title-bottom has-global-padding is-layout-constrained wp-container-core-group-is-layout-0770c243 wp-block-group-is-layout-constrained\" style=\"margin-top:0;margin-bottom:0\">\n<h2 class=\"wp-block-heading has-text-align-center text-lg-mobile has-din-font-family\" id=\"h-necesitamos-xente\" style=\"font-size:64px;line-height:1.2\">necesitamos xente<\/h2>\n\n\n\n<h2 class=\"wp-block-heading has-text-align-center text-lg-mobile has-din-font-family\" id=\"h-comprometido-coma-ti\" style=\"font-size:64px;line-height:1.2\">comprometido coma ti<\/h2>\n\n\n\n<div style=\"height:25px\" aria-hidden=\"true\" class=\"wp-block-spacer\"><\/div>\n\n\n\n<div class=\"wp-block-buttons is-content-justification-center is-layout-flex wp-container-core-buttons-is-layout-9587046d wp-block-buttons-is-layout-flex\" style=\"margin-top:0\">\n<div class=\"wp-block-button\"><a class=\"wp-block-button__link has-text-align-center wp-element-button\" href=\"https:\/\/colabora.entreculturas.org\/gl\/doa-nadal?utm_medium=web&amp;utm_source=landing&amp;utm_campaign=navidad\" target=\"_blank\" rel=\"noreferrer noopener\">\n  QUERO DOAR\n        <img decoding=\"async\" src=\"\/wp-content\/uploads\/2023\/10\/iconocta.svg\" alt=\"\u00cdcona\" class=\"donate-icon\">\n    <\/a><\/div>\n<\/div>\n\n\n\n<div style=\"height:100px\" aria-hidden=\"true\" class=\"wp-block-spacer\"><\/div>\n<\/div>\n\n\n\n<style>\n@media (min-width: 0px) and (max-width: 992px) {\n  .leaflet-popup {\n    height: auto !important;\n}\n<\/style>\n\n\n\n<div class=\"wp-block-buttons mobile-fixed-button is-layout-flex wp-block-buttons-is-layout-flex\">\n<div class=\"wp-block-button\"><a class=\"wp-block-button__link wp-element-button\" href=\"https:\/\/colabora.entreculturas.org\/gl\/doa-nadal?utm_medium=web&amp;utm_source=landing&amp;utm_campaign=navidadRP\" target=\"_blank\" rel=\"noreferrer noopener\">doa  <\/a><\/div>\n<\/div>\n\n\n\n<style>\n@media (max-width: 768px) {\n  .mobile-fixed-button a {\n    max-height: 50px;\n  }\n}\n<\/style>\n\n\n\n<p><\/p>\n","protected":false},"excerpt":{"rendered":"<p>Este Nadal \u00e9 un tempo para conectar coa realidade , para seguir loitando pola paz e a solidariedade. \u00c9 momento de volver ollar desde o coraz\u00f3n, de seguir ao car\u00f3n de quen m\u00e1is nos necesita. Necesitamos SER humanidade Grazas ao teu compromiso e solidariedade seguimos traballando para estar ao car\u00f3n de m\u00e1is de 400.000 persoas que viven en contextos de emerxencia, desprazamento ou exclusi\u00f3n. A trav\u00e9s dos nosos proxectos en 42 pa\u00edses de \u00c1frica, Am\u00e9rica Latina, Asia e Europa, facemos posible que miles de nenas e nenos te\u00f1an acceso a unha educaci\u00f3n que os protexe e lles ofrece oportunidades para un presente e un futuro dignos. Entreculturas en cifras 0 Proxectos 0 Persoas acompa\u00f1adas 0 Pa\u00edses Proxectos que son humanidade. necesitamos xente comprometido coma ti<\/p>\n","protected":false},"author":3,"featured_media":45960,"parent":0,"menu_order":0,"comment_status":"closed","ping_status":"closed","template":"page-no-cta","meta":{"_acf_changed":false,"footnotes":""},"class_list":["post-36128","page","type-page","status-publish","has-post-thumbnail","hentry"],"acf":[],"yoast_head":"<!-- This site is optimized with the Yoast SEO Premium plugin v21.6 (Yoast SEO v27.5) - https:\/\/yoast.com\/product\/yoast-seo-premium-wordpress\/ -->\n<title>Gracias por SER humanidad<\/title>\n<meta name=\"description\" content=\"Este Nadal \u00e9 un tempo para conectar coa realidade, para seguir loitando pola paz e a solidariedade.\" \/>\n<meta name=\"robots\" content=\"index, follow, max-snippet:-1, max-image-preview:large, max-video-preview:-1\" \/>\n<link rel=\"canonical\" href=\"https:\/\/www.entreculturas.org\/gl\/nadal\/\" \/>\n<meta property=\"og:locale\" content=\"gl_ES\" \/>\n<meta property=\"og:type\" content=\"article\" \/>\n<meta property=\"og:title\" content=\"Gracias por SER humanidad\" \/>\n<meta property=\"og:description\" content=\"Este Nadal \u00e9 un tempo para conectar coa realidade, para seguir loitando pola paz e a solidariedade.\" \/>\n<meta property=\"og:url\" content=\"https:\/\/www.entreculturas.org\/gl\/nadal\/\" \/>\n<meta property=\"og:site_name\" content=\"Entreculturas\" \/>\n<meta property=\"article:publisher\" content=\"https:\/\/www.facebook.com\/entreculturas\" \/>\n<meta property=\"article:modified_time\" content=\"2025-12-05T12:16:35+00:00\" \/>\n<meta property=\"og:image\" content=\"https:\/\/www.entreculturas.org\/wp-content\/uploads\/2025\/11\/Camen-Moreno_retocada-copia_2-scaled-e1763552548463.jpg\" \/>\n\t<meta property=\"og:image:width\" content=\"1500\" \/>\n\t<meta property=\"og:image:height\" content=\"1092\" \/>\n\t<meta property=\"og:image:type\" content=\"image\/jpeg\" \/>\n<meta name=\"twitter:card\" content=\"summary_large_image\" \/>\n<meta name=\"twitter:title\" content=\"Gracias por SER humanidad\" \/>\n<meta name=\"twitter:description\" content=\"Este Nadal \u00e9 un tempo para conectar coa realidade, para seguir loitando pola paz e a solidariedade.\" \/>\n<meta name=\"twitter:site\" content=\"@Entreculturas\" \/>\n<script type=\"application\/ld+json\" class=\"yoast-schema-graph\">{\"@context\":\"https:\\\/\\\/schema.org\",\"@graph\":[{\"@type\":\"WebPage\",\"@id\":\"https:\\\/\\\/www.entreculturas.org\\\/gl\\\/nadal\\\/\",\"url\":\"https:\\\/\\\/www.entreculturas.org\\\/gl\\\/nadal\\\/\",\"name\":\"Gracias por SER humanidad\",\"isPartOf\":{\"@id\":\"https:\\\/\\\/www.entreculturas.org\\\/gl\\\/#website\"},\"primaryImageOfPage\":{\"@id\":\"https:\\\/\\\/www.entreculturas.org\\\/gl\\\/nadal\\\/#primaryimage\"},\"image\":{\"@id\":\"https:\\\/\\\/www.entreculturas.org\\\/gl\\\/nadal\\\/#primaryimage\"},\"thumbnailUrl\":\"https:\\\/\\\/www.entreculturas.org\\\/wp-content\\\/uploads\\\/2025\\\/11\\\/Camen-Moreno_retocada-copia_2-scaled-e1763552548463.jpg\",\"datePublished\":\"2024-04-02T07:59:50+00:00\",\"dateModified\":\"2025-12-05T12:16:35+00:00\",\"description\":\"Este Nadal \u00e9 un tempo para conectar coa realidade, para seguir loitando pola paz e a solidariedade.\",\"breadcrumb\":{\"@id\":\"https:\\\/\\\/www.entreculturas.org\\\/gl\\\/nadal\\\/#breadcrumb\"},\"inLanguage\":\"gl-ES\",\"potentialAction\":[{\"@type\":\"ReadAction\",\"target\":[\"https:\\\/\\\/www.entreculturas.org\\\/gl\\\/nadal\\\/\"]}]},{\"@type\":\"ImageObject\",\"inLanguage\":\"gl-ES\",\"@id\":\"https:\\\/\\\/www.entreculturas.org\\\/gl\\\/nadal\\\/#primaryimage\",\"url\":\"https:\\\/\\\/www.entreculturas.org\\\/wp-content\\\/uploads\\\/2025\\\/11\\\/Camen-Moreno_retocada-copia_2-scaled-e1763552548463.jpg\",\"contentUrl\":\"https:\\\/\\\/www.entreculturas.org\\\/wp-content\\\/uploads\\\/2025\\\/11\\\/Camen-Moreno_retocada-copia_2-scaled-e1763552548463.jpg\",\"width\":1500,\"height\":1092},{\"@type\":\"BreadcrumbList\",\"@id\":\"https:\\\/\\\/www.entreculturas.org\\\/gl\\\/nadal\\\/#breadcrumb\",\"itemListElement\":[{\"@type\":\"ListItem\",\"position\":1,\"name\":\"Home\",\"item\":\"https:\\\/\\\/www.entreculturas.org\\\/gl\\\/\"},{\"@type\":\"ListItem\",\"position\":2,\"name\":\"Nadal\"}]},{\"@type\":\"WebSite\",\"@id\":\"https:\\\/\\\/www.entreculturas.org\\\/gl\\\/#website\",\"url\":\"https:\\\/\\\/www.entreculturas.org\\\/gl\\\/\",\"name\":\"Entreculturas\",\"description\":\"\",\"publisher\":{\"@id\":\"https:\\\/\\\/www.entreculturas.org\\\/gl\\\/#organization\"},\"alternateName\":\"Entreculturas\",\"potentialAction\":[{\"@type\":\"SearchAction\",\"target\":{\"@type\":\"EntryPoint\",\"urlTemplate\":\"https:\\\/\\\/www.entreculturas.org\\\/gl\\\/?s={search_term_string}\"},\"query-input\":{\"@type\":\"PropertyValueSpecification\",\"valueRequired\":true,\"valueName\":\"search_term_string\"}}],\"inLanguage\":\"gl-ES\"},{\"@type\":\"Organization\",\"@id\":\"https:\\\/\\\/www.entreculturas.org\\\/gl\\\/#organization\",\"name\":\"Entreculturas\",\"url\":\"https:\\\/\\\/www.entreculturas.org\\\/gl\\\/\",\"logo\":{\"@type\":\"ImageObject\",\"inLanguage\":\"gl-ES\",\"@id\":\"https:\\\/\\\/www.entreculturas.org\\\/gl\\\/#\\\/schema\\\/logo\\\/image\\\/\",\"url\":\"https:\\\/\\\/www.entreculturas.org\\\/wp-content\\\/uploads\\\/2025\\\/10\\\/ESP.svg\",\"contentUrl\":\"https:\\\/\\\/www.entreculturas.org\\\/wp-content\\\/uploads\\\/2025\\\/10\\\/ESP.svg\",\"caption\":\"Entreculturas\"},\"image\":{\"@id\":\"https:\\\/\\\/www.entreculturas.org\\\/gl\\\/#\\\/schema\\\/logo\\\/image\\\/\"},\"sameAs\":[\"https:\\\/\\\/www.facebook.com\\\/entreculturas\",\"https:\\\/\\\/x.com\\\/Entreculturas\",\"https:\\\/\\\/www.instagram.com\\\/entreculturas\\\/\",\"https:\\\/\\\/www.youtube.com\\\/user\\\/entreculturasvideo\",\"https:\\\/\\\/www.linkedin.com\\\/company\\\/fundacion-entreculturas-ngdo\\\/\",\"https:\\\/\\\/www.flickr.com\\\/photos\\\/98455522@N04\\\/albums\\\/\"]}]}<\/script>\n<!-- \/ Yoast SEO Premium plugin. -->","yoast_head_json":{"title":"Gracias por SER humanidad","description":"Este Nadal \u00e9 un tempo para conectar coa realidade, para seguir loitando pola paz e a solidariedade.","robots":{"index":"index","follow":"follow","max-snippet":"max-snippet:-1","max-image-preview":"max-image-preview:large","max-video-preview":"max-video-preview:-1"},"canonical":"https:\/\/www.entreculturas.org\/gl\/nadal\/","og_locale":"gl_ES","og_type":"article","og_title":"Gracias por SER humanidad","og_description":"Este Nadal \u00e9 un tempo para conectar coa realidade, para seguir loitando pola paz e a solidariedade.","og_url":"https:\/\/www.entreculturas.org\/gl\/nadal\/","og_site_name":"Entreculturas","article_publisher":"https:\/\/www.facebook.com\/entreculturas","article_modified_time":"2025-12-05T12:16:35+00:00","og_image":[{"width":1500,"height":1092,"url":"https:\/\/www.entreculturas.org\/wp-content\/uploads\/2025\/11\/Camen-Moreno_retocada-copia_2-scaled-e1763552548463.jpg","type":"image\/jpeg"}],"twitter_card":"summary_large_image","twitter_title":"Gracias por SER humanidad","twitter_description":"Este Nadal \u00e9 un tempo para conectar coa realidade, para seguir loitando pola paz e a solidariedade.","twitter_site":"@Entreculturas","schema":{"@context":"https:\/\/schema.org","@graph":[{"@type":"WebPage","@id":"https:\/\/www.entreculturas.org\/gl\/nadal\/","url":"https:\/\/www.entreculturas.org\/gl\/nadal\/","name":"Gracias por SER humanidad","isPartOf":{"@id":"https:\/\/www.entreculturas.org\/gl\/#website"},"primaryImageOfPage":{"@id":"https:\/\/www.entreculturas.org\/gl\/nadal\/#primaryimage"},"image":{"@id":"https:\/\/www.entreculturas.org\/gl\/nadal\/#primaryimage"},"thumbnailUrl":"https:\/\/www.entreculturas.org\/wp-content\/uploads\/2025\/11\/Camen-Moreno_retocada-copia_2-scaled-e1763552548463.jpg","datePublished":"2024-04-02T07:59:50+00:00","dateModified":"2025-12-05T12:16:35+00:00","description":"Este Nadal \u00e9 un tempo para conectar coa realidade, para seguir loitando pola paz e a solidariedade.","breadcrumb":{"@id":"https:\/\/www.entreculturas.org\/gl\/nadal\/#breadcrumb"},"inLanguage":"gl-ES","potentialAction":[{"@type":"ReadAction","target":["https:\/\/www.entreculturas.org\/gl\/nadal\/"]}]},{"@type":"ImageObject","inLanguage":"gl-ES","@id":"https:\/\/www.entreculturas.org\/gl\/nadal\/#primaryimage","url":"https:\/\/www.entreculturas.org\/wp-content\/uploads\/2025\/11\/Camen-Moreno_retocada-copia_2-scaled-e1763552548463.jpg","contentUrl":"https:\/\/www.entreculturas.org\/wp-content\/uploads\/2025\/11\/Camen-Moreno_retocada-copia_2-scaled-e1763552548463.jpg","width":1500,"height":1092},{"@type":"BreadcrumbList","@id":"https:\/\/www.entreculturas.org\/gl\/nadal\/#breadcrumb","itemListElement":[{"@type":"ListItem","position":1,"name":"Home","item":"https:\/\/www.entreculturas.org\/gl\/"},{"@type":"ListItem","position":2,"name":"Nadal"}]},{"@type":"WebSite","@id":"https:\/\/www.entreculturas.org\/gl\/#website","url":"https:\/\/www.entreculturas.org\/gl\/","name":"Entreculturas","description":"","publisher":{"@id":"https:\/\/www.entreculturas.org\/gl\/#organization"},"alternateName":"Entreculturas","potentialAction":[{"@type":"SearchAction","target":{"@type":"EntryPoint","urlTemplate":"https:\/\/www.entreculturas.org\/gl\/?s={search_term_string}"},"query-input":{"@type":"PropertyValueSpecification","valueRequired":true,"valueName":"search_term_string"}}],"inLanguage":"gl-ES"},{"@type":"Organization","@id":"https:\/\/www.entreculturas.org\/gl\/#organization","name":"Entreculturas","url":"https:\/\/www.entreculturas.org\/gl\/","logo":{"@type":"ImageObject","inLanguage":"gl-ES","@id":"https:\/\/www.entreculturas.org\/gl\/#\/schema\/logo\/image\/","url":"https:\/\/www.entreculturas.org\/wp-content\/uploads\/2025\/10\/ESP.svg","contentUrl":"https:\/\/www.entreculturas.org\/wp-content\/uploads\/2025\/10\/ESP.svg","caption":"Entreculturas"},"image":{"@id":"https:\/\/www.entreculturas.org\/gl\/#\/schema\/logo\/image\/"},"sameAs":["https:\/\/www.facebook.com\/entreculturas","https:\/\/x.com\/Entreculturas","https:\/\/www.instagram.com\/entreculturas\/","https:\/\/www.youtube.com\/user\/entreculturasvideo","https:\/\/www.linkedin.com\/company\/fundacion-entreculturas-ngdo\/","https:\/\/www.flickr.com\/photos\/98455522@N04\/albums\/"]}]}},"_links":{"self":[{"href":"https:\/\/www.entreculturas.org\/gl\/wp-json\/wp\/v2\/pages\/36128","targetHints":{"allow":["GET"]}}],"collection":[{"href":"https:\/\/www.entreculturas.org\/gl\/wp-json\/wp\/v2\/pages"}],"about":[{"href":"https:\/\/www.entreculturas.org\/gl\/wp-json\/wp\/v2\/types\/page"}],"author":[{"embeddable":true,"href":"https:\/\/www.entreculturas.org\/gl\/wp-json\/wp\/v2\/users\/3"}],"replies":[{"embeddable":true,"href":"https:\/\/www.entreculturas.org\/gl\/wp-json\/wp\/v2\/comments?post=36128"}],"version-history":[{"count":23,"href":"https:\/\/www.entreculturas.org\/gl\/wp-json\/wp\/v2\/pages\/36128\/revisions"}],"predecessor-version":[{"id":45179,"href":"https:\/\/www.entreculturas.org\/gl\/wp-json\/wp\/v2\/pages\/36128\/revisions\/45179"}],"wp:featuredmedia":[{"embeddable":true,"href":"https:\/\/www.entreculturas.org\/gl\/wp-json\/wp\/v2\/media\/45960"}],"wp:attachment":[{"href":"https:\/\/www.entreculturas.org\/gl\/wp-json\/wp\/v2\/media?parent=36128"}],"curies":[{"name":"wp","href":"https:\/\/api.w.org\/{rel}","templated":true}]}}